{"id":248,"date":"2018-04-16T23:25:02","date_gmt":"2018-04-16T21:25:02","guid":{"rendered":"https:\/\/www.tribunj.biz\/?page_id=248"},"modified":"2025-02-17T01:20:39","modified_gmt":"2025-02-17T00:20:39","slug":"apartments-in-tribunj-croatia","status":"publish","type":"page","link":"https:\/\/www.tribunj.biz\/es_es\/","title":{"rendered":"Reserva tu apartamento en Tribunj, Croacia \u2013 Dalmacia"},"content":{"rendered":"<p><strong><a href=\"https:\/\/www.tribunj.biz\/es_es\/galeria\/\">Regi\u00f3n de \u0160ibenik<\/a>:<br \/><\/strong>\u00c1rea con <strong>2<\/strong> Parques nacionales, <strong>14<\/strong> fortalezas medievales, <strong>230<\/strong> monumentos culturales, <strong>300<\/strong> islas y\u00a0<strong>600<\/strong> localidades arqueol\u00f3gicas.<strong><br \/><\/strong>Parque Nacional Krka (<a href=\"https:\/\/www.tribunj.biz\/es_es\/ocupaciones\/parque-nacional-krka\/\">Cascadas de Krka<\/a>) y\u00a0<a href=\"https:\/\/www.tribunj.biz\/es_es\/ocupaciones\/parque-nacional-de-kornati\/\">Parque Nacional de Kornati<\/a>, parques naturales del lago Vrana y Velebit del Sur; ciudades y peque\u00f1os destinos tur\u00edsticos mediterr\u00e1neos: Skradin, <a href=\"https:\/\/www.tribunj.biz\/es_es\/ocupaciones\/vodice\/\">Vodice<\/a>, Primo\u0161ten, Rogoznica, <a href=\"https:\/\/www.tribunj.biz\/es_es\/tribunj\/\">Tribunj<\/a>, Asesinato\u2026<br \/>Peque\u00f1as islas y pueblos d\u00e1lmatas: <a href=\"https:\/\/www.tribunj.biz\/es_es\/ocupaciones\/isla-prvic\/\">Prvi\u0107<\/a>, Zlarin, Krapanj, <a href=\"https:\/\/www.tribunj.biz\/es_es\/ocupaciones\/isla-kaprije\/\">Caprije<\/a>, \u017dirje<\/p>\n\n\n<div class=\"mphb_sc_search-wrapper\">\n<form method=\"GET\" class=\"mphb_sc_search-form\" action=\"https:\/\/www.tribunj.biz\/es_es\/search-results\/\" data-first_available_check_in_date=\"2026-05-03\" data-trp-original-action=\"https:\/\/www.tribunj.biz\/es_es\/search-results\/\">\n\n\t<p class = \"mphb-required-fields-tip\">\n\t<small>\n\t\tLos campos obligatorios son seguidos por\t\t<abbr title=\"requerido\">*<\/abbr>\n\t<\/small>\n<\/p>\n\n\t<p class=\"mphb_sc_search-check-in-date\">\n\t\t<label for=\"mphb_check_in_date-mphb-search-form-69f47f83d5e2c\">\n\t\t\tDia de llegada\t\t\t<abbr title=\"Formato dd.mm.yyyy\">*<\/abbr>\n\t\t<\/label>\n\t\t<br \/>\n\t\t<input\n\t\t\tid=\"mphb_check_in_date-mphb-search-form-69f47f83d5e2c\"\n\t\t\tdata-datepick-group=\"mphb-search-form-69f47f83d5e2c\"\n\t\t\tvalue=\"\"\n\t\t\tplaceholder=\"Fecha de llegada\"\n\t\t\trequired=\"required\"\n\t\t\ttype=\"text\"\n\t\t\tinputmode=\"none\"\n\t\t\tname=\"mphb_check_in_date\"\n\t\t\tclass=\"mphb-datepick\"\n\t\t\tautocomplete=\"off\"\n\t\t\t\/>\n\t<\/p>\n\n\t<p class=\"mphb_sc_search-check-out-date\">\n\t\t<label for=\"mphb_check_out_date-mphb-search-form-69f47f83d5e2c\">\n\t\t\tD\u00eda de salida\t\t\t<abbr title=\"Formato dd.mm.yyyy\">*<\/abbr>\n\t\t<\/label>\n\t\t<br \/>\n\t\t<input\n\t\t\tid=\"mphb_check_out_date-mphb-search-form-69f47f83d5e2c\"\n\t\t\tdata-datepick-group=\"mphb-search-form-69f47f83d5e2c\"\n\t\t\tvalue=\"\"\n\t\t\tplaceholder=\"Fecha de salida\"\n\t\t\trequired=\"required\"\n\t\t\ttype=\"text\"\n\t\t\tinputmode=\"none\"\n\t\t\tname=\"mphb_check_out_date\"\n\t\t\tclass=\"mphb-datepick\"\n\t\t\tautocomplete=\"off\"\n\t\t\t\/>\n\t<\/p>\n\n\t\t\t<p class=\"mphb_sc_search-adults\">\n\t\t\t<label for=\"mphb_adults-mphb-search-form-69f47f83d5e2c\">\n\t\t\t\tAdultos\t\t\t<\/label>\n\t\t\t<br \/>\n\t\t\t<select id=\"mphb_adults-mphb-search-form-69f47f83d5e2c\" name=\"mphb_adults\" >\n\t\t\t\t\t\t\t\t\t<option value=\"1\"  selected='selected'>1<\/option>\n\t\t\t\t\t\t\t\t\t<option value=\"2\" >2<\/option>\n\t\t\t\t\t\t\t\t\t<option value=\"3\" >3<\/option>\n\t\t\t\t\t\t\t\t\t<option value=\"4\" >4<\/option>\n\t\t\t\t\t\t\t\t\t<option value=\"5\" >5<\/option>\n\t\t\t\t\t\t\t\t\t<option value=\"6\" >6<\/option>\n\t\t\t\t\t\t\t\t\t<option value=\"7\" >7<\/option>\n\t\t\t\t\t\t\t\t\t<option value=\"8\" >8<\/option>\n\t\t\t\t\t\t\t\t\t<option value=\"9\" >9<\/option>\n\t\t\t\t\t\t\t\t\t<option value=\"10\" >10<\/option>\n\t\t\t\t\t\t\t\t\t<option value=\"11\" >11<\/option>\n\t\t\t\t\t\t\t\t\t<option value=\"12\" >12<\/option>\n\t\t\t\t\t\t\t\t\t<option value=\"13\" >13<\/option>\n\t\t\t\t\t\t\t\t\t<option value=\"14\" >14<\/option>\n\t\t\t\t\t\t\t<\/select>\n\t\t<\/p>\n\t\n\t\t\t<p class=\"mphb_sc_search-children\">\n\t\t\t<label for=\"mphb_children-mphb-search-form-69f47f83d5e2c\">\n\t\t\t\tNi\u00f1os 0-12\t\t\t<\/label>\n\t\t\t<br \/>\n\t\t\t<select id=\"mphb_children-mphb-search-form-69f47f83d5e2c\" name=\"mphb_children\">\n\t\t\t\t\t\t\t\t\t<option value=\"0\"  selected='selected'>0<\/option>\n\t\t\t\t\t\t\t\t\t<option value=\"1\" >1<\/option>\n\t\t\t\t\t\t\t\t\t<option value=\"2\" >2<\/option>\n\t\t\t\t\t\t\t\t\t<option value=\"3\" >3<\/option>\n\t\t\t\t\t\t\t\t\t<option value=\"4\" >4<\/option>\n\t\t\t\t\t\t\t\t\t<option value=\"5\" >5<\/option>\n\t\t\t\t\t\t\t\t\t<option value=\"6\" >6<\/option>\n\t\t\t\t\t\t\t\t\t<option value=\"7\" >7<\/option>\n\t\t\t\t\t\t\t\t\t<option value=\"8\" >8<\/option>\n\t\t\t\t\t\t\t\t\t<option value=\"9\" >9<\/option>\n\t\t\t\t\t\t\t\t\t<option value=\"10\" >10<\/option>\n\t\t\t\t\t\t\t<\/select>\n\t\t<\/p>\n\t\n\t\n\t\n\t<input id=\"mphb_check_in_date-mphb-search-form-69f47f83d5e2c-hidden\" value=\"\" type=\"hidden\" name=\"mphb_check_in_date\" \/><input id=\"mphb_check_out_date-mphb-search-form-69f47f83d5e2c-hidden\" value=\"\" type=\"hidden\" name=\"mphb_check_out_date\" \/>\n\t<p class=\"mphb_sc_search-submit-button-wrapper\">\n\t\t<input type=\"submit\" class=\"button\" value=\"Buscar\"\/>\n\t<\/p>\n\n\t\n<input type=\"hidden\" name=\"trp-form-language\" value=\"es_es\"\/><\/form>\n<\/div>\n<div class=\"mphb_sc_rooms-wrapper mphb-room-types\">\n<div class=\"mphb-room-type post-321 mphb_room_type type-mphb_room_type status-publish mphb_room_type_category-category-accommodation-tribunj mphb_room_type_category-two-bedroom-tribunj mphb_room_type_tag-accommodation mphb_room_type_tag-apartment mphb_room_type_tag-double-room mphb_room_type_tag-tribunj mphb_room_type_tag-two-rooms mphb_room_type_tag-view-at-sea mphb_room_type_facility-air-conditioning mphb_room_type_facility-bathroom mphb_room_type_facility-bedroom mphb_room_type_facility-bidet mphb_room_type_facility-central-heating mphb_room_type_facility-cleaning-products mphb_room_type_facility-clothes-rack mphb_room_type_facility-coffee-machine mphb_room_type_facility-dining-area mphb_room_type_facility-drying-rack-for-clothing mphb_room_type_facility-electric-kettle mphb_room_type_facility-flat-screen-tv mphb_room_type_facility-free-parking mphb_room_type_facility-barbecue mphb_room_type_facility-free-wifi mphb_room_type_facility-hairdryer mphb_room_type_facility-kitchen mphb_room_type_facility-kitchenware mphb_room_type_facility-linens mphb_room_type_facility-microwave mphb_room_type_facility-outdoor-furniture mphb_room_type_facility-patio mphb_room_type_facility-refrigerator mphb_room_type_facility-satellite-channels mphb_room_type_facility-shower mphb_room_type_facility-sitting-area mphb_room_type_facility-smoking-allowed mphb_room_type_facility-sofa mphb_room_type_facility-stovetop mphb_room_type_facility-terrace mphb_room_type_facility-toilet mphb_room_type_facility-toilet-paper mphb_room_type_facility-towels mphb_room_type_facility-upper-floors-accessible-by-stairs-only mphb_room_type_facility-vakuum-cleaner mphb_room_type_facility-wardrobe-closet mphb-room-type-adults-4 mphb-room-type-children-3\">\n\n\t\n\t\n\n\t<div class=\"mphb-room-type-images\">\n\t<span class=\"mphb_room_type_featured_image_wrapper\"><div id='mphb-flexslider-gallery-1' class='gallery-columns-1 gallery-size-villagio-thumb-small-x2 mphb-gallery-main-slider mphb-flexslider-gallery-wrapper mphb-room-type-gallery-wrapper mphb-gallery-main-slider-69f47f83dde4f' data-flexslider-atts='{\"animation\":\"slide\",\"controlNav\":false,\"animationLoop\":true,\"smoothHeight\":true,\"slideshow\":false}' data-group='69f47f83dde4f'><ul class=\"slides\"><li class='gallery-item'><span class='gallery-icon landscape'>\n\t\t\t\t<a href=\"https:\/\/www.tribunj.biz\/es_es\/accommodation\/apartment-a4-4\/\"><img loading=\"lazy\" decoding=\"async\" width=\"1434\" height=\"1080\" src=\"https:\/\/www.tribunj.biz\/wp-content\/uploads\/2018\/04\/IMG_20200701_123618-1434x1080.jpg\" class=\"attachment-villagio-thumb-small-x2 size-villagio-thumb-small-x2\" alt=\"Apartamento A4 (Tiho y Marija): vista desde la terraza al mar y a Tribunj\" aria-describedby=\"mphb-flexslider-gallery-1-13575\" srcset=\"https:\/\/www.tribunj.biz\/wp-content\/uploads\/2018\/04\/IMG_20200701_123618-1434x1080.jpg 1434w, https:\/\/www.tribunj.biz\/wp-content\/uploads\/2018\/04\/IMG_20200701_123618-300x225.jpg 300w, https:\/\/www.tribunj.biz\/wp-content\/uploads\/2018\/04\/IMG_20200701_123618-16x12.jpg 16w, https:\/\/www.tribunj.biz\/wp-content\/uploads\/2018\/04\/IMG_20200701_123618-717x540.jpg 717w\" sizes=\"auto, (max-width: 1434px) 100vw, 1434px\" data-attachment-id=\"13575\" data-permalink=\"https:\/\/www.tribunj.biz\/es_es\/accommodation\/apartment-a4-4\/img_20200701_123618\/\" data-orig-file=\"https:\/\/www.tribunj.biz\/wp-content\/uploads\/2018\/04\/IMG_20200701_123618-scaled.jpg\" data-orig-size=\"2560,1920\" data-comments-opened=\"1\" data-image-meta=\"{&quot;aperture&quot;:&quot;1.8&quot;,&quot;credit&quot;:&quot;&quot;,&quot;camera&quot;:&quot;STK-LX1&quot;,&quot;caption&quot;:&quot;&quot;,&quot;created_timestamp&quot;:&quot;1593606979&quot;,&quot;copyright&quot;:&quot;&quot;,&quot;focal_length&quot;:&quot;3.96&quot;,&quot;iso&quot;:&quot;50&quot;,&quot;shutter_speed&quot;:&quot;0.000254&quot;,&quot;title&quot;:&quot;&quot;,&quot;orientation&quot;:&quot;1&quot;}\" data-image-title=\"IMG_20200701_123618\" data-image-description=\"&lt;p&gt;Apartment A4 (Tiho &amp;#038; Marija) &amp;#8211; view from terrace at sea and Tribunj&lt;\/p&gt;\" data-image-caption=\"&lt;p&gt;Apartment A4 (Tiho &amp;#038; Marija) &amp;#8211; view from terrace at sea and Tribunj&lt;\/p&gt;\" data-large-file=\"https:\/\/www.tribunj.biz\/wp-content\/uploads\/2018\/04\/IMG_20200701_123618-1024x768.jpg\" \/><\/a>\n\t\t\t<\/span><\/li><li class='gallery-item'><span class='gallery-icon landscape'>\n\t\t\t\t<a href=\"https:\/\/www.tribunj.biz\/es_es\/accommodation\/apartment-a4-4\/\"><img loading=\"lazy\" decoding=\"async\" width=\"1434\" height=\"1080\" src=\"https:\/\/www.tribunj.biz\/wp-content\/uploads\/2018\/04\/2015-07-23-12.38-1-1434x1080.jpg\" class=\"attachment-villagio-thumb-small-x2 size-villagio-thumb-small-x2\" alt=\"Apartamento A4 (Tiho y Marija): vista desde la terraza al mar y a Tribunj\" aria-describedby=\"mphb-flexslider-gallery-1-13559\" srcset=\"https:\/\/www.tribunj.biz\/wp-content\/uploads\/2018\/04\/2015-07-23-12.38-1-1434x1080.jpg 1434w, https:\/\/www.tribunj.biz\/wp-content\/uploads\/2018\/04\/2015-07-23-12.38-1-300x225.jpg 300w, https:\/\/www.tribunj.biz\/wp-content\/uploads\/2018\/04\/2015-07-23-12.38-1-16x12.jpg 16w, https:\/\/www.tribunj.biz\/wp-content\/uploads\/2018\/04\/2015-07-23-12.38-1-717x540.jpg 717w\" sizes=\"auto, (max-width: 1434px) 100vw, 1434px\" data-attachment-id=\"13559\" data-permalink=\"https:\/\/www.tribunj.biz\/es_es\/accommodation\/apartment-a4-4\/2015-07-23-12-38-2\/\" data-orig-file=\"https:\/\/www.tribunj.biz\/wp-content\/uploads\/2018\/04\/2015-07-23-12.38-1-scaled.jpg\" data-orig-size=\"2560,1920\" data-comments-opened=\"1\" data-image-meta=\"{&quot;aperture&quot;:&quot;2.4&quot;,&quot;credit&quot;:&quot;&quot;,&quot;camera&quot;:&quot;LG-D802&quot;,&quot;caption&quot;:&quot;&quot;,&quot;created_timestamp&quot;:&quot;1437655104&quot;,&quot;copyright&quot;:&quot;&quot;,&quot;focal_length&quot;:&quot;3.97&quot;,&quot;iso&quot;:&quot;50&quot;,&quot;shutter_speed&quot;:&quot;0.00038008361839605&quot;,&quot;title&quot;:&quot;&quot;,&quot;orientation&quot;:&quot;1&quot;}\" data-image-title=\"2015-07-23 12.38\" data-image-description=\"&lt;p&gt;Apartment A4 (Tiho &amp;#038; Marija) &amp;#8211; view from terrace at sea and Tribunj&lt;\/p&gt;\" data-image-caption=\"&lt;p&gt;Apartment A4 (Tiho &amp;#038; Marija) &amp;#8211; view from terrace at sea and Tribunj&lt;\/p&gt;\" data-large-file=\"https:\/\/www.tribunj.biz\/wp-content\/uploads\/2018\/04\/2015-07-23-12.38-1-1024x768.jpg\" \/><\/a>\n\t\t\t<\/span><\/li><li class='gallery-item'><span class='gallery-icon landscape'>\n\t\t\t\t<a href=\"https:\/\/www.tribunj.biz\/es_es\/accommodation\/apartment-a4-4\/\"><img loading=\"lazy\" decoding=\"async\" width=\"1434\" height=\"1080\" src=\"https:\/\/www.tribunj.biz\/wp-content\/uploads\/2018\/04\/IMG_20220523_150213-1434x1080.jpg\" class=\"attachment-villagio-thumb-small-x2 size-villagio-thumb-small-x2\" alt=\"Apartamentos Tiho y Marija - casa\" aria-describedby=\"mphb-flexslider-gallery-1-13588\" srcset=\"https:\/\/www.tribunj.biz\/wp-content\/uploads\/2018\/04\/IMG_20220523_150213-1434x1080.jpg 1434w, https:\/\/www.tribunj.biz\/wp-content\/uploads\/2018\/04\/IMG_20220523_150213-300x225.jpg 300w, https:\/\/www.tribunj.biz\/wp-content\/uploads\/2018\/04\/IMG_20220523_150213-16x12.jpg 16w, https:\/\/www.tribunj.biz\/wp-content\/uploads\/2018\/04\/IMG_20220523_150213-717x540.jpg 717w\" sizes=\"auto, (max-width: 1434px) 100vw, 1434px\" data-attachment-id=\"13588\" data-permalink=\"https:\/\/www.tribunj.biz\/es_es\/accommodation\/apartment-a4-4\/img_20220523_150213\/\" data-orig-file=\"https:\/\/www.tribunj.biz\/wp-content\/uploads\/2018\/04\/IMG_20220523_150213-scaled.jpg\" data-orig-size=\"2560,1920\" data-comments-opened=\"1\" data-image-meta=\"{&quot;aperture&quot;:&quot;1.8&quot;,&quot;credit&quot;:&quot;&quot;,&quot;camera&quot;:&quot;STK-LX1&quot;,&quot;caption&quot;:&quot;&quot;,&quot;created_timestamp&quot;:&quot;1653318134&quot;,&quot;copyright&quot;:&quot;&quot;,&quot;focal_length&quot;:&quot;3.96&quot;,&quot;iso&quot;:&quot;50&quot;,&quot;shutter_speed&quot;:&quot;0.000495&quot;,&quot;title&quot;:&quot;&quot;,&quot;orientation&quot;:&quot;1&quot;}\" data-image-title=\"IMG_20220523_150213\" data-image-description=\"&lt;p&gt;Apartments Tiho &amp;#038; Marija &amp;#8211; house&lt;\/p&gt;\" data-image-caption=\"&lt;p&gt;Apartments Tiho &amp;#038; Marija &amp;#8211; house&lt;\/p&gt;\" data-large-file=\"https:\/\/www.tribunj.biz\/wp-content\/uploads\/2018\/04\/IMG_20220523_150213-1024x768.jpg\" \/><\/a>\n\t\t\t<\/span><\/li><li class='gallery-item'><span class='gallery-icon landscape'>\n\t\t\t\t<a href=\"https:\/\/www.tribunj.biz\/es_es\/accommodation\/apartment-a4-4\/\"><img loading=\"lazy\" decoding=\"async\" width=\"1434\" height=\"1080\" src=\"https:\/\/www.tribunj.biz\/wp-content\/uploads\/2018\/04\/20210701_121216-1434x1080.jpg\" class=\"attachment-villagio-thumb-small-x2 size-villagio-thumb-small-x2\" alt=\"Apartamento A4 (Tiho y Marija) - dormitorio 1\" aria-describedby=\"mphb-flexslider-gallery-1-13563\" srcset=\"https:\/\/www.tribunj.biz\/wp-content\/uploads\/2018\/04\/20210701_121216-1434x1080.jpg 1434w, https:\/\/www.tribunj.biz\/wp-content\/uploads\/2018\/04\/20210701_121216-300x225.jpg 300w, https:\/\/www.tribunj.biz\/wp-content\/uploads\/2018\/04\/20210701_121216-16x12.jpg 16w, https:\/\/www.tribunj.biz\/wp-content\/uploads\/2018\/04\/20210701_121216-717x540.jpg 717w\" sizes=\"auto, (max-width: 1434px) 100vw, 1434px\" data-attachment-id=\"13563\" data-permalink=\"https:\/\/www.tribunj.biz\/es_es\/accommodation\/apartment-a4-4\/20210701_121216\/\" data-orig-file=\"https:\/\/www.tribunj.biz\/wp-content\/uploads\/2018\/04\/20210701_121216-scaled.jpg\" data-orig-size=\"2560,1920\" data-comments-opened=\"1\" data-image-meta=\"{&quot;aperture&quot;:&quot;1.7&quot;,&quot;credit&quot;:&quot;&quot;,&quot;camera&quot;:&quot;SM-J730F&quot;,&quot;caption&quot;:&quot;&quot;,&quot;created_timestamp&quot;:&quot;1625141536&quot;,&quot;copyright&quot;:&quot;&quot;,&quot;focal_length&quot;:&quot;3.71&quot;,&quot;iso&quot;:&quot;40&quot;,&quot;shutter_speed&quot;:&quot;0.02&quot;,&quot;title&quot;:&quot;&quot;,&quot;orientation&quot;:&quot;1&quot;}\" data-image-title=\"20210701_121216\" data-image-description=\"&lt;p&gt;Apartment A4 (Tiho &amp;#038; Marija) &amp;#8211; bedroom 1&lt;\/p&gt;\" data-image-caption=\"&lt;p&gt;Apartment A4 (Tiho &amp;#038; Marija) &amp;#8211; bedroom 1&lt;\/p&gt;\" data-large-file=\"https:\/\/www.tribunj.biz\/wp-content\/uploads\/2018\/04\/20210701_121216-1024x768.jpg\" \/><\/a>\n\t\t\t<\/span><\/li><li class='gallery-item'><span class='gallery-icon landscape'>\n\t\t\t\t<a href=\"https:\/\/www.tribunj.biz\/es_es\/accommodation\/apartment-a4-4\/\"><img loading=\"lazy\" decoding=\"async\" width=\"1434\" height=\"1080\" src=\"https:\/\/www.tribunj.biz\/wp-content\/uploads\/2018\/04\/20220519_134613-1434x1080.jpg\" class=\"attachment-villagio-thumb-small-x2 size-villagio-thumb-small-x2\" alt=\"Apartamento A4 (Tiho y Marija) - dormitorio 1\" aria-describedby=\"mphb-flexslider-gallery-1-13566\" srcset=\"https:\/\/www.tribunj.biz\/wp-content\/uploads\/2018\/04\/20220519_134613-1434x1080.jpg 1434w, https:\/\/www.tribunj.biz\/wp-content\/uploads\/2018\/04\/20220519_134613-300x225.jpg 300w, https:\/\/www.tribunj.biz\/wp-content\/uploads\/2018\/04\/20220519_134613-16x12.jpg 16w, https:\/\/www.tribunj.biz\/wp-content\/uploads\/2018\/04\/20220519_134613-717x540.jpg 717w\" sizes=\"auto, (max-width: 1434px) 100vw, 1434px\" data-attachment-id=\"13566\" data-permalink=\"https:\/\/www.tribunj.biz\/es_es\/accommodation\/apartment-a4-4\/20220519_134613\/\" data-orig-file=\"https:\/\/www.tribunj.biz\/wp-content\/uploads\/2018\/04\/20220519_134613-scaled.jpg\" data-orig-size=\"2560,1920\" data-comments-opened=\"1\" data-image-meta=\"{&quot;aperture&quot;:&quot;2&quot;,&quot;credit&quot;:&quot;&quot;,&quot;camera&quot;:&quot;SM-A127F&quot;,&quot;caption&quot;:&quot;&quot;,&quot;created_timestamp&quot;:&quot;1652967971&quot;,&quot;copyright&quot;:&quot;&quot;,&quot;focal_length&quot;:&quot;4.6&quot;,&quot;iso&quot;:&quot;25&quot;,&quot;shutter_speed&quot;:&quot;0.02&quot;,&quot;title&quot;:&quot;&quot;,&quot;orientation&quot;:&quot;1&quot;}\" data-image-title=\"20220519_134613\" data-image-description=\"&lt;p&gt;Apartment A4 (Tiho &amp;#038; Marija) &amp;#8211; bedroom 1&lt;\/p&gt;\" data-image-caption=\"&lt;p&gt;Apartment A4 (Tiho &amp;#038; Marija) &amp;#8211; bedroom 1&lt;\/p&gt;\" data-large-file=\"https:\/\/www.tribunj.biz\/wp-content\/uploads\/2018\/04\/20220519_134613-1024x768.jpg\" \/><\/a>\n\t\t\t<\/span><\/li><li class='gallery-item'><span class='gallery-icon landscape'>\n\t\t\t\t<a href=\"https:\/\/www.tribunj.biz\/es_es\/accommodation\/apartment-a4-4\/\"><img loading=\"lazy\" decoding=\"async\" width=\"1434\" height=\"1080\" src=\"https:\/\/www.tribunj.biz\/wp-content\/uploads\/2018\/04\/IMG_20200701_123557-1434x1080.jpg\" class=\"attachment-villagio-thumb-small-x2 size-villagio-thumb-small-x2\" alt=\"Apartamento A4 (Tiho y Marija) - dormitorio 1\" aria-describedby=\"mphb-flexslider-gallery-1-13574\" srcset=\"https:\/\/www.tribunj.biz\/wp-content\/uploads\/2018\/04\/IMG_20200701_123557-1434x1080.jpg 1434w, https:\/\/www.tribunj.biz\/wp-content\/uploads\/2018\/04\/IMG_20200701_123557-300x225.jpg 300w, https:\/\/www.tribunj.biz\/wp-content\/uploads\/2018\/04\/IMG_20200701_123557-16x12.jpg 16w, https:\/\/www.tribunj.biz\/wp-content\/uploads\/2018\/04\/IMG_20200701_123557-717x540.jpg 717w\" sizes=\"auto, (max-width: 1434px) 100vw, 1434px\" data-attachment-id=\"13574\" data-permalink=\"https:\/\/www.tribunj.biz\/es_es\/accommodation\/apartment-a4-4\/img_20200701_123557\/\" data-orig-file=\"https:\/\/www.tribunj.biz\/wp-content\/uploads\/2018\/04\/IMG_20200701_123557-scaled.jpg\" data-orig-size=\"2560,1920\" data-comments-opened=\"1\" data-image-meta=\"{&quot;aperture&quot;:&quot;1.8&quot;,&quot;credit&quot;:&quot;&quot;,&quot;camera&quot;:&quot;STK-LX1&quot;,&quot;caption&quot;:&quot;&quot;,&quot;created_timestamp&quot;:&quot;1593606958&quot;,&quot;copyright&quot;:&quot;&quot;,&quot;focal_length&quot;:&quot;3.96&quot;,&quot;iso&quot;:&quot;50&quot;,&quot;shutter_speed&quot;:&quot;0.000835&quot;,&quot;title&quot;:&quot;&quot;,&quot;orientation&quot;:&quot;1&quot;}\" data-image-title=\"IMG_20200701_123557\" data-image-description=\"&lt;p&gt;Apartment A4 (Tiho &amp;#038; Marija) &amp;#8211; bedroom 1&lt;\/p&gt;\" data-image-caption=\"&lt;p&gt;Apartment A4 (Tiho &amp;#038; Marija) &amp;#8211; bedroom 1&lt;\/p&gt;\" data-large-file=\"https:\/\/www.tribunj.biz\/wp-content\/uploads\/2018\/04\/IMG_20200701_123557-1024x768.jpg\" \/><\/a>\n\t\t\t<\/span><\/li><li class='gallery-item'><span class='gallery-icon landscape'>\n\t\t\t\t<a href=\"https:\/\/www.tribunj.biz\/es_es\/accommodation\/apartment-a4-4\/\"><img loading=\"lazy\" decoding=\"async\" width=\"1434\" height=\"1080\" src=\"https:\/\/www.tribunj.biz\/wp-content\/uploads\/2018\/04\/20210701_121016-1434x1080.jpg\" class=\"attachment-villagio-thumb-small-x2 size-villagio-thumb-small-x2\" alt=\"Apartamento A4 (Tiho y Marija) - dormitorio 2\" aria-describedby=\"mphb-flexslider-gallery-1-13562\" srcset=\"https:\/\/www.tribunj.biz\/wp-content\/uploads\/2018\/04\/20210701_121016-1434x1080.jpg 1434w, https:\/\/www.tribunj.biz\/wp-content\/uploads\/2018\/04\/20210701_121016-300x225.jpg 300w, https:\/\/www.tribunj.biz\/wp-content\/uploads\/2018\/04\/20210701_121016-16x12.jpg 16w, https:\/\/www.tribunj.biz\/wp-content\/uploads\/2018\/04\/20210701_121016-717x540.jpg 717w\" sizes=\"auto, (max-width: 1434px) 100vw, 1434px\" data-attachment-id=\"13562\" data-permalink=\"https:\/\/www.tribunj.biz\/es_es\/accommodation\/apartment-a4-4\/20210701_121016\/\" data-orig-file=\"https:\/\/www.tribunj.biz\/wp-content\/uploads\/2018\/04\/20210701_121016-scaled.jpg\" data-orig-size=\"2560,1920\" data-comments-opened=\"1\" data-image-meta=\"{&quot;aperture&quot;:&quot;1.7&quot;,&quot;credit&quot;:&quot;&quot;,&quot;camera&quot;:&quot;SM-J730F&quot;,&quot;caption&quot;:&quot;&quot;,&quot;created_timestamp&quot;:&quot;1625141416&quot;,&quot;copyright&quot;:&quot;&quot;,&quot;focal_length&quot;:&quot;3.71&quot;,&quot;iso&quot;:&quot;200&quot;,&quot;shutter_speed&quot;:&quot;0.02&quot;,&quot;title&quot;:&quot;&quot;,&quot;orientation&quot;:&quot;1&quot;}\" data-image-title=\"20210701_121016\" data-image-description=\"&lt;p&gt;Apartment A4 (Tiho &amp;#038; Marija) &amp;#8211; bedroom 2&lt;\/p&gt;\" data-image-caption=\"&lt;p&gt;Apartment A4 (Tiho &amp;#038; Marija) &amp;#8211; bedroom 2&lt;\/p&gt;\" data-large-file=\"https:\/\/www.tribunj.biz\/wp-content\/uploads\/2018\/04\/20210701_121016-1024x768.jpg\" \/><\/a>\n\t\t\t<\/span><\/li><li class='gallery-item'><span class='gallery-icon landscape'>\n\t\t\t\t<a href=\"https:\/\/www.tribunj.biz\/es_es\/accommodation\/apartment-a4-4\/\"><img loading=\"lazy\" decoding=\"async\" width=\"1434\" height=\"1080\" src=\"https:\/\/www.tribunj.biz\/wp-content\/uploads\/2018\/04\/20220519_134937-1434x1080.jpg\" class=\"attachment-villagio-thumb-small-x2 size-villagio-thumb-small-x2\" alt=\"Apartamento A4 (Tiho y Marija) - dormitorio 2\" aria-describedby=\"mphb-flexslider-gallery-1-13568\" srcset=\"https:\/\/www.tribunj.biz\/wp-content\/uploads\/2018\/04\/20220519_134937-1434x1080.jpg 1434w, https:\/\/www.tribunj.biz\/wp-content\/uploads\/2018\/04\/20220519_134937-300x225.jpg 300w, https:\/\/www.tribunj.biz\/wp-content\/uploads\/2018\/04\/20220519_134937-16x12.jpg 16w, https:\/\/www.tribunj.biz\/wp-content\/uploads\/2018\/04\/20220519_134937-717x540.jpg 717w\" sizes=\"auto, (max-width: 1434px) 100vw, 1434px\" data-attachment-id=\"13568\" data-permalink=\"https:\/\/www.tribunj.biz\/es_es\/accommodation\/apartment-a4-4\/20220519_134937\/\" data-orig-file=\"https:\/\/www.tribunj.biz\/wp-content\/uploads\/2018\/04\/20220519_134937-scaled.jpg\" data-orig-size=\"2560,1920\" data-comments-opened=\"1\" data-image-meta=\"{&quot;aperture&quot;:&quot;2&quot;,&quot;credit&quot;:&quot;&quot;,&quot;camera&quot;:&quot;SM-A127F&quot;,&quot;caption&quot;:&quot;&quot;,&quot;created_timestamp&quot;:&quot;1652968176&quot;,&quot;copyright&quot;:&quot;&quot;,&quot;focal_length&quot;:&quot;4.6&quot;,&quot;iso&quot;:&quot;100&quot;,&quot;shutter_speed&quot;:&quot;0.02&quot;,&quot;title&quot;:&quot;&quot;,&quot;orientation&quot;:&quot;1&quot;}\" data-image-title=\"20220519_134937\" data-image-description=\"&lt;p&gt;Apartment A4 (Tiho &amp;#038; Marija) &amp;#8211; bedroom 2&lt;\/p&gt;\" data-image-caption=\"&lt;p&gt;Apartment A4 (Tiho &amp;#038; Marija) &amp;#8211; bedroom 2&lt;\/p&gt;\" data-large-file=\"https:\/\/www.tribunj.biz\/wp-content\/uploads\/2018\/04\/20220519_134937-1024x768.jpg\" \/><\/a>\n\t\t\t<\/span><\/li><li class='gallery-item'><span class='gallery-icon landscape'>\n\t\t\t\t<a href=\"https:\/\/www.tribunj.biz\/es_es\/accommodation\/apartment-a4-4\/\"><img loading=\"lazy\" decoding=\"async\" width=\"1434\" height=\"1080\" src=\"https:\/\/www.tribunj.biz\/wp-content\/uploads\/2018\/04\/20220519_134917-1434x1080.jpg\" class=\"attachment-villagio-thumb-small-x2 size-villagio-thumb-small-x2\" alt=\"Apartamento A4 (Tiho y Marija) - dormitorio 2\" aria-describedby=\"mphb-flexslider-gallery-1-13567\" srcset=\"https:\/\/www.tribunj.biz\/wp-content\/uploads\/2018\/04\/20220519_134917-1434x1080.jpg 1434w, https:\/\/www.tribunj.biz\/wp-content\/uploads\/2018\/04\/20220519_134917-300x225.jpg 300w, https:\/\/www.tribunj.biz\/wp-content\/uploads\/2018\/04\/20220519_134917-16x12.jpg 16w, https:\/\/www.tribunj.biz\/wp-content\/uploads\/2018\/04\/20220519_134917-717x540.jpg 717w\" sizes=\"auto, (max-width: 1434px) 100vw, 1434px\" data-attachment-id=\"13567\" data-permalink=\"https:\/\/www.tribunj.biz\/es_es\/accommodation\/apartment-a4-4\/20220519_134917\/\" data-orig-file=\"https:\/\/www.tribunj.biz\/wp-content\/uploads\/2018\/04\/20220519_134917-scaled.jpg\" data-orig-size=\"2560,1920\" data-comments-opened=\"1\" data-image-meta=\"{&quot;aperture&quot;:&quot;2&quot;,&quot;credit&quot;:&quot;&quot;,&quot;camera&quot;:&quot;SM-A127F&quot;,&quot;caption&quot;:&quot;&quot;,&quot;created_timestamp&quot;:&quot;1652968155&quot;,&quot;copyright&quot;:&quot;&quot;,&quot;focal_length&quot;:&quot;4.6&quot;,&quot;iso&quot;:&quot;100&quot;,&quot;shutter_speed&quot;:&quot;0.02&quot;,&quot;title&quot;:&quot;&quot;,&quot;orientation&quot;:&quot;1&quot;}\" data-image-title=\"20220519_134917\" data-image-description=\"&lt;p&gt;Apartment A4 (Tiho &amp;#038; Marija) &amp;#8211; bedroom 2&lt;\/p&gt;\" data-image-caption=\"&lt;p&gt;Apartment A4 (Tiho &amp;#038; Marija) &amp;#8211; bedroom 2&lt;\/p&gt;\" data-large-file=\"https:\/\/www.tribunj.biz\/wp-content\/uploads\/2018\/04\/20220519_134917-1024x768.jpg\" \/><\/a>\n\t\t\t<\/span><\/li><li class='gallery-item'><span class='gallery-icon portrait'>\n\t\t\t\t<a href=\"https:\/\/www.tribunj.biz\/es_es\/accommodation\/apartment-a4-4\/\"><img loading=\"lazy\" decoding=\"async\" width=\"1434\" height=\"1080\" src=\"https:\/\/www.tribunj.biz\/wp-content\/uploads\/2018\/04\/20210701_121358-1434x1080.jpg\" class=\"attachment-villagio-thumb-small-x2 size-villagio-thumb-small-x2\" alt=\"Apartamento A4 (Tiho y Marija) - ba\u00f1o\" aria-describedby=\"mphb-flexslider-gallery-1-13565\" srcset=\"https:\/\/www.tribunj.biz\/wp-content\/uploads\/2018\/04\/20210701_121358-1434x1080.jpg 1434w, https:\/\/www.tribunj.biz\/wp-content\/uploads\/2018\/04\/20210701_121358-717x540.jpg 717w\" sizes=\"auto, (max-width: 1434px) 100vw, 1434px\" data-attachment-id=\"13565\" data-permalink=\"https:\/\/www.tribunj.biz\/es_es\/accommodation\/apartment-a4-4\/20210701_121358\/\" data-orig-file=\"https:\/\/www.tribunj.biz\/wp-content\/uploads\/2018\/04\/20210701_121358-scaled.jpg\" data-orig-size=\"1920,2560\" data-comments-opened=\"1\" data-image-meta=\"{&quot;aperture&quot;:&quot;1.7&quot;,&quot;credit&quot;:&quot;&quot;,&quot;camera&quot;:&quot;SM-J730F&quot;,&quot;caption&quot;:&quot;&quot;,&quot;created_timestamp&quot;:&quot;1625141638&quot;,&quot;copyright&quot;:&quot;&quot;,&quot;focal_length&quot;:&quot;3.71&quot;,&quot;iso&quot;:&quot;64&quot;,&quot;shutter_speed&quot;:&quot;0.025&quot;,&quot;title&quot;:&quot;&quot;,&quot;orientation&quot;:&quot;1&quot;}\" data-image-title=\"20210701_121358\" data-image-description=\"&lt;p&gt;Apartment A4 (Tiho &amp;#038; Marija) &amp;#8211; bathroom&lt;\/p&gt;\" data-image-caption=\"&lt;p&gt;Apartment A4 (Tiho &amp;#038; Marija) &amp;#8211; bathroom&lt;\/p&gt;\" data-large-file=\"https:\/\/www.tribunj.biz\/wp-content\/uploads\/2018\/04\/20210701_121358-768x1024.jpg\" \/><\/a>\n\t\t\t<\/span><\/li><li class='gallery-item'><span class='gallery-icon landscape'>\n\t\t\t\t<a href=\"https:\/\/www.tribunj.biz\/es_es\/accommodation\/apartment-a4-4\/\"><img loading=\"lazy\" decoding=\"async\" width=\"1434\" height=\"1080\" src=\"https:\/\/www.tribunj.biz\/wp-content\/uploads\/2018\/04\/IMG_20200701_124020-1434x1080.jpg\" class=\"attachment-villagio-thumb-small-x2 size-villagio-thumb-small-x2\" alt=\"Apartamento A4 (Tiho y Marija) - ba\u00f1o\" aria-describedby=\"mphb-flexslider-gallery-1-13577\" srcset=\"https:\/\/www.tribunj.biz\/wp-content\/uploads\/2018\/04\/IMG_20200701_124020-1434x1080.jpg 1434w, https:\/\/www.tribunj.biz\/wp-content\/uploads\/2018\/04\/IMG_20200701_124020-300x225.jpg 300w, https:\/\/www.tribunj.biz\/wp-content\/uploads\/2018\/04\/IMG_20200701_124020-16x12.jpg 16w, https:\/\/www.tribunj.biz\/wp-content\/uploads\/2018\/04\/IMG_20200701_124020-717x540.jpg 717w\" sizes=\"auto, (max-width: 1434px) 100vw, 1434px\" data-attachment-id=\"13577\" data-permalink=\"https:\/\/www.tribunj.biz\/es_es\/accommodation\/apartment-a4-4\/img_20200701_124020\/\" data-orig-file=\"https:\/\/www.tribunj.biz\/wp-content\/uploads\/2018\/04\/IMG_20200701_124020-scaled.jpg\" data-orig-size=\"2560,1920\" data-comments-opened=\"1\" data-image-meta=\"{&quot;aperture&quot;:&quot;1.8&quot;,&quot;credit&quot;:&quot;&quot;,&quot;camera&quot;:&quot;STK-LX1&quot;,&quot;caption&quot;:&quot;&quot;,&quot;created_timestamp&quot;:&quot;1593607221&quot;,&quot;copyright&quot;:&quot;&quot;,&quot;focal_length&quot;:&quot;3.96&quot;,&quot;iso&quot;:&quot;64&quot;,&quot;shutter_speed&quot;:&quot;0.02&quot;,&quot;title&quot;:&quot;&quot;,&quot;orientation&quot;:&quot;1&quot;}\" data-image-title=\"IMG_20200701_124020\" data-image-description=\"&lt;p&gt;Apartment A4 (Tiho &amp;#038; Marija) &amp;#8211; bathroom&lt;\/p&gt;\" data-image-caption=\"&lt;p&gt;Apartment A4 (Tiho &amp;#038; Marija) &amp;#8211; bathroom&lt;\/p&gt;\" data-large-file=\"https:\/\/www.tribunj.biz\/wp-content\/uploads\/2018\/04\/IMG_20200701_124020-1024x768.jpg\" \/><\/a>\n\t\t\t<\/span><\/li><li class='gallery-item'><span class='gallery-icon landscape'>\n\t\t\t\t<a href=\"https:\/\/www.tribunj.biz\/es_es\/accommodation\/apartment-a4-4\/\"><img loading=\"lazy\" decoding=\"async\" width=\"1434\" height=\"1080\" src=\"https:\/\/www.tribunj.biz\/wp-content\/uploads\/2018\/04\/IMG_20200701_123938-1434x1080.jpg\" class=\"attachment-villagio-thumb-small-x2 size-villagio-thumb-small-x2\" alt=\"Apartamento A4 (Tiho y Marija) - ba\u00f1o\" aria-describedby=\"mphb-flexslider-gallery-1-13576\" srcset=\"https:\/\/www.tribunj.biz\/wp-content\/uploads\/2018\/04\/IMG_20200701_123938-1434x1080.jpg 1434w, https:\/\/www.tribunj.biz\/wp-content\/uploads\/2018\/04\/IMG_20200701_123938-300x225.jpg 300w, https:\/\/www.tribunj.biz\/wp-content\/uploads\/2018\/04\/IMG_20200701_123938-16x12.jpg 16w, https:\/\/www.tribunj.biz\/wp-content\/uploads\/2018\/04\/IMG_20200701_123938-717x540.jpg 717w\" sizes=\"auto, (max-width: 1434px) 100vw, 1434px\" data-attachment-id=\"13576\" data-permalink=\"https:\/\/www.tribunj.biz\/es_es\/accommodation\/apartment-a4-4\/img_20200701_123938\/\" data-orig-file=\"https:\/\/www.tribunj.biz\/wp-content\/uploads\/2018\/04\/IMG_20200701_123938-scaled.jpg\" data-orig-size=\"2560,1920\" data-comments-opened=\"1\" data-image-meta=\"{&quot;aperture&quot;:&quot;1.8&quot;,&quot;credit&quot;:&quot;&quot;,&quot;camera&quot;:&quot;STK-LX1&quot;,&quot;caption&quot;:&quot;&quot;,&quot;created_timestamp&quot;:&quot;1593607179&quot;,&quot;copyright&quot;:&quot;&quot;,&quot;focal_length&quot;:&quot;3.96&quot;,&quot;iso&quot;:&quot;50&quot;,&quot;shutter_speed&quot;:&quot;0.006865&quot;,&quot;title&quot;:&quot;&quot;,&quot;orientation&quot;:&quot;1&quot;}\" data-image-title=\"IMG_20200701_123938\" data-image-description=\"&lt;p&gt;Apartment A4 (Tiho &amp;#038; Marija) &amp;#8211; bathroom&lt;\/p&gt;\" data-image-caption=\"&lt;p&gt;Apartment A4 (Tiho &amp;#038; Marija) &amp;#8211; bathroom&lt;\/p&gt;\" data-large-file=\"https:\/\/www.tribunj.biz\/wp-content\/uploads\/2018\/04\/IMG_20200701_123938-1024x768.jpg\" \/><\/a>\n\t\t\t<\/span><\/li><li class='gallery-item'><span class='gallery-icon landscape'>\n\t\t\t\t<a href=\"https:\/\/www.tribunj.biz\/es_es\/accommodation\/apartment-a4-4\/\"><img loading=\"lazy\" decoding=\"async\" width=\"1434\" height=\"1080\" src=\"https:\/\/www.tribunj.biz\/wp-content\/uploads\/2018\/04\/IMG_20200701_124114-1434x1080.jpg\" class=\"attachment-villagio-thumb-small-x2 size-villagio-thumb-small-x2\" alt=\"Apartamento A4 (Tiho y Marija) - ba\u00f1o\" aria-describedby=\"mphb-flexslider-gallery-1-13578\" srcset=\"https:\/\/www.tribunj.biz\/wp-content\/uploads\/2018\/04\/IMG_20200701_124114-1434x1080.jpg 1434w, https:\/\/www.tribunj.biz\/wp-content\/uploads\/2018\/04\/IMG_20200701_124114-300x225.jpg 300w, https:\/\/www.tribunj.biz\/wp-content\/uploads\/2018\/04\/IMG_20200701_124114-16x12.jpg 16w, https:\/\/www.tribunj.biz\/wp-content\/uploads\/2018\/04\/IMG_20200701_124114-717x540.jpg 717w\" sizes=\"auto, (max-width: 1434px) 100vw, 1434px\" data-attachment-id=\"13578\" data-permalink=\"https:\/\/www.tribunj.biz\/es_es\/accommodation\/apartment-a4-4\/img_20200701_124114\/\" data-orig-file=\"https:\/\/www.tribunj.biz\/wp-content\/uploads\/2018\/04\/IMG_20200701_124114-scaled.jpg\" data-orig-size=\"2560,1920\" data-comments-opened=\"1\" data-image-meta=\"{&quot;aperture&quot;:&quot;1.8&quot;,&quot;credit&quot;:&quot;&quot;,&quot;camera&quot;:&quot;STK-LX1&quot;,&quot;caption&quot;:&quot;&quot;,&quot;created_timestamp&quot;:&quot;1593607275&quot;,&quot;copyright&quot;:&quot;&quot;,&quot;focal_length&quot;:&quot;3.96&quot;,&quot;iso&quot;:&quot;64&quot;,&quot;shutter_speed&quot;:&quot;0.01&quot;,&quot;title&quot;:&quot;&quot;,&quot;orientation&quot;:&quot;1&quot;}\" data-image-title=\"IMG_20200701_124114\" data-image-description=\"&lt;p&gt;Apartment A4 (Tiho &amp;#038; Marija) &amp;#8211; bathroom&lt;\/p&gt;\" data-image-caption=\"&lt;p&gt;Apartment A4 (Tiho &amp;#038; Marija) &amp;#8211; bathroom&lt;\/p&gt;\" data-large-file=\"https:\/\/www.tribunj.biz\/wp-content\/uploads\/2018\/04\/IMG_20200701_124114-1024x768.jpg\" \/><\/a>\n\t\t\t<\/span><\/li><li class='gallery-item'><span class='gallery-icon landscape'>\n\t\t\t\t<a href=\"https:\/\/www.tribunj.biz\/es_es\/accommodation\/apartment-a4-4\/\"><img loading=\"lazy\" decoding=\"async\" width=\"1434\" height=\"1080\" src=\"https:\/\/www.tribunj.biz\/wp-content\/uploads\/2018\/04\/20210701_121338-1434x1080.jpg\" class=\"attachment-villagio-thumb-small-x2 size-villagio-thumb-small-x2\" alt=\"Apartamento A4 (Tiho y Marija) - ba\u00f1o\" aria-describedby=\"mphb-flexslider-gallery-1-13564\" srcset=\"https:\/\/www.tribunj.biz\/wp-content\/uploads\/2018\/04\/20210701_121338-1434x1080.jpg 1434w, https:\/\/www.tribunj.biz\/wp-content\/uploads\/2018\/04\/20210701_121338-300x225.jpg 300w, https:\/\/www.tribunj.biz\/wp-content\/uploads\/2018\/04\/20210701_121338-16x12.jpg 16w, https:\/\/www.tribunj.biz\/wp-content\/uploads\/2018\/04\/20210701_121338-717x540.jpg 717w\" sizes=\"auto, (max-width: 1434px) 100vw, 1434px\" data-attachment-id=\"13564\" data-permalink=\"https:\/\/www.tribunj.biz\/es_es\/accommodation\/apartment-a4-4\/20210701_121338\/\" data-orig-file=\"https:\/\/www.tribunj.biz\/wp-content\/uploads\/2018\/04\/20210701_121338-scaled.jpg\" data-orig-size=\"2560,1920\" data-comments-opened=\"1\" data-image-meta=\"{&quot;aperture&quot;:&quot;1.7&quot;,&quot;credit&quot;:&quot;&quot;,&quot;camera&quot;:&quot;SM-J730F&quot;,&quot;caption&quot;:&quot;&quot;,&quot;created_timestamp&quot;:&quot;1625141618&quot;,&quot;copyright&quot;:&quot;&quot;,&quot;focal_length&quot;:&quot;3.71&quot;,&quot;iso&quot;:&quot;40&quot;,&quot;shutter_speed&quot;:&quot;0.02&quot;,&quot;title&quot;:&quot;&quot;,&quot;orientation&quot;:&quot;1&quot;}\" data-image-title=\"20210701_121338\" data-image-description=\"&lt;p&gt;Apartment A4 (Tiho &amp;#038; Marija) &amp;#8211; bathroom&lt;\/p&gt;\" data-image-caption=\"&lt;p&gt;Apartment A4 (Tiho &amp;#038; Marija) &amp;#8211; bathroom&lt;\/p&gt;\" data-large-file=\"https:\/\/www.tribunj.biz\/wp-content\/uploads\/2018\/04\/20210701_121338-1024x768.jpg\" \/><\/a>\n\t\t\t<\/span><\/li><li class='gallery-item'><span class='gallery-icon landscape'>\n\t\t\t\t<a href=\"https:\/\/www.tribunj.biz\/es_es\/accommodation\/apartment-a4-4\/\"><img loading=\"lazy\" decoding=\"async\" width=\"1434\" height=\"1080\" src=\"https:\/\/www.tribunj.biz\/wp-content\/uploads\/2018\/04\/IMG_2066-1434x1080.jpg\" class=\"attachment-villagio-thumb-small-x2 size-villagio-thumb-small-x2\" alt=\"Apartamento A4 (Tiho y Marija): vista desde la terraza al mar y a Tribunj\" aria-describedby=\"mphb-flexslider-gallery-1-13569\" srcset=\"https:\/\/www.tribunj.biz\/wp-content\/uploads\/2018\/04\/IMG_2066-1434x1080.jpg 1434w, https:\/\/www.tribunj.biz\/wp-content\/uploads\/2018\/04\/IMG_2066-300x225.jpg 300w, https:\/\/www.tribunj.biz\/wp-content\/uploads\/2018\/04\/IMG_2066-16x12.jpg 16w, https:\/\/www.tribunj.biz\/wp-content\/uploads\/2018\/04\/IMG_2066-717x540.jpg 717w\" sizes=\"auto, (max-width: 1434px) 100vw, 1434px\" data-attachment-id=\"13569\" data-permalink=\"https:\/\/www.tribunj.biz\/es_es\/accommodation\/apartment-a4-4\/img_2066\/\" data-orig-file=\"https:\/\/www.tribunj.biz\/wp-content\/uploads\/2018\/04\/IMG_2066-scaled.jpg\" data-orig-size=\"2560,1920\" data-comments-opened=\"1\" data-image-meta=\"{&quot;aperture&quot;:&quot;8&quot;,&quot;credit&quot;:&quot;&quot;,&quot;camera&quot;:&quot;Canon DIGITAL IXUS 80 IS&quot;,&quot;caption&quot;:&quot;&quot;,&quot;created_timestamp&quot;:&quot;1404565504&quot;,&quot;copyright&quot;:&quot;&quot;,&quot;focal_length&quot;:&quot;6.2&quot;,&quot;iso&quot;:&quot;80&quot;,&quot;shutter_speed&quot;:&quot;0.003125&quot;,&quot;title&quot;:&quot;&quot;,&quot;orientation&quot;:&quot;1&quot;}\" data-image-title=\"IMG_2066\" data-image-description=\"&lt;p&gt;Apartment A4 (Tiho &amp;#038; Marija) &amp;#8211; view from terrace at sea and Tribunj&lt;\/p&gt;\" data-image-caption=\"&lt;p&gt;Apartment A4 (Tiho &amp;#038; Marija) &amp;#8211; view from terrace at sea and Tribunj&lt;\/p&gt;\" data-large-file=\"https:\/\/www.tribunj.biz\/wp-content\/uploads\/2018\/04\/IMG_2066-1024x768.jpg\" \/><\/a>\n\t\t\t<\/span><\/li><li class='gallery-item'><span class='gallery-icon landscape'>\n\t\t\t\t<a href=\"https:\/\/www.tribunj.biz\/es_es\/accommodation\/apartment-a4-4\/\"><img loading=\"lazy\" decoding=\"async\" width=\"1434\" height=\"1080\" src=\"https:\/\/www.tribunj.biz\/wp-content\/uploads\/2018\/04\/IMG_2068-1434x1080.jpg\" class=\"attachment-villagio-thumb-small-x2 size-villagio-thumb-small-x2\" alt=\"Apartamento A4 (Tiho y Marija): vista desde la terraza al mar y a Tribunj\" aria-describedby=\"mphb-flexslider-gallery-1-13570\" srcset=\"https:\/\/www.tribunj.biz\/wp-content\/uploads\/2018\/04\/IMG_2068-1434x1080.jpg 1434w, https:\/\/www.tribunj.biz\/wp-content\/uploads\/2018\/04\/IMG_2068-300x225.jpg 300w, https:\/\/www.tribunj.biz\/wp-content\/uploads\/2018\/04\/IMG_2068-16x12.jpg 16w, https:\/\/www.tribunj.biz\/wp-content\/uploads\/2018\/04\/IMG_2068-717x540.jpg 717w\" sizes=\"auto, (max-width: 1434px) 100vw, 1434px\" data-attachment-id=\"13570\" data-permalink=\"https:\/\/www.tribunj.biz\/es_es\/accommodation\/apartment-a4-4\/img_2068\/\" data-orig-file=\"https:\/\/www.tribunj.biz\/wp-content\/uploads\/2018\/04\/IMG_2068-scaled.jpg\" data-orig-size=\"2560,1920\" data-comments-opened=\"1\" data-image-meta=\"{&quot;aperture&quot;:&quot;8&quot;,&quot;credit&quot;:&quot;&quot;,&quot;camera&quot;:&quot;Canon DIGITAL IXUS 80 IS&quot;,&quot;caption&quot;:&quot;&quot;,&quot;created_timestamp&quot;:&quot;1404565527&quot;,&quot;copyright&quot;:&quot;&quot;,&quot;focal_length&quot;:&quot;6.2&quot;,&quot;iso&quot;:&quot;80&quot;,&quot;shutter_speed&quot;:&quot;0.0025&quot;,&quot;title&quot;:&quot;&quot;,&quot;orientation&quot;:&quot;1&quot;}\" data-image-title=\"IMG_2068\" data-image-description=\"&lt;p&gt;Apartment A4 (Tiho &amp;#038; Marija) &amp;#8211; view from terrace at sea and Tribunj&lt;\/p&gt;\" data-image-caption=\"&lt;p&gt;Apartment A4 (Tiho &amp;#038; Marija) &amp;#8211; view from terrace at sea and Tribunj&lt;\/p&gt;\" data-large-file=\"https:\/\/www.tribunj.biz\/wp-content\/uploads\/2018\/04\/IMG_2068-1024x768.jpg\" \/><\/a>\n\t\t\t<\/span><\/li><li class='gallery-item'><span class='gallery-icon landscape'>\n\t\t\t\t<a href=\"https:\/\/www.tribunj.biz\/es_es\/accommodation\/apartment-a4-4\/\"><img loading=\"lazy\" decoding=\"async\" width=\"1434\" height=\"1080\" src=\"https:\/\/www.tribunj.biz\/wp-content\/uploads\/2018\/04\/IMG_5587-1434x1080.jpg\" class=\"attachment-villagio-thumb-small-x2 size-villagio-thumb-small-x2\" alt=\"Apartamento A4 (Tiho y Marija) - cocina\" aria-describedby=\"mphb-flexslider-gallery-1-13571\" srcset=\"https:\/\/www.tribunj.biz\/wp-content\/uploads\/2018\/04\/IMG_5587-1434x1080.jpg 1434w, https:\/\/www.tribunj.biz\/wp-content\/uploads\/2018\/04\/IMG_5587-300x225.jpg 300w, https:\/\/www.tribunj.biz\/wp-content\/uploads\/2018\/04\/IMG_5587-16x12.jpg 16w, https:\/\/www.tribunj.biz\/wp-content\/uploads\/2018\/04\/IMG_5587-717x540.jpg 717w\" sizes=\"auto, (max-width: 1434px) 100vw, 1434px\" data-attachment-id=\"13571\" data-permalink=\"https:\/\/www.tribunj.biz\/es_es\/accommodation\/apartment-a4-4\/img_5587\/\" data-orig-file=\"https:\/\/www.tribunj.biz\/wp-content\/uploads\/2018\/04\/IMG_5587-scaled.jpg\" data-orig-size=\"2560,1920\" data-comments-opened=\"1\" data-image-meta=\"{&quot;aperture&quot;:&quot;2.8&quot;,&quot;credit&quot;:&quot;&quot;,&quot;camera&quot;:&quot;Canon DIGITAL IXUS 80 IS&quot;,&quot;caption&quot;:&quot;&quot;,&quot;created_timestamp&quot;:&quot;1467374087&quot;,&quot;copyright&quot;:&quot;&quot;,&quot;focal_length&quot;:&quot;6.2&quot;,&quot;iso&quot;:&quot;100&quot;,&quot;shutter_speed&quot;:&quot;0.002&quot;,&quot;title&quot;:&quot;&quot;,&quot;orientation&quot;:&quot;1&quot;}\" data-image-title=\"IMG_5587\" data-image-description=\"&lt;p&gt;Apartment A4 (Tiho &amp;#038; Marija) &amp;#8211; kitchen&lt;\/p&gt;\" data-image-caption=\"&lt;p&gt;Apartment A4 (Tiho &amp;#038; Marija) &amp;#8211; kitchen&lt;\/p&gt;\" data-large-file=\"https:\/\/www.tribunj.biz\/wp-content\/uploads\/2018\/04\/IMG_5587-1024x768.jpg\" \/><\/a>\n\t\t\t<\/span><\/li><li class='gallery-item'><span class='gallery-icon landscape'>\n\t\t\t\t<a href=\"https:\/\/www.tribunj.biz\/es_es\/accommodation\/apartment-a4-4\/\"><img loading=\"lazy\" decoding=\"async\" width=\"1434\" height=\"1080\" src=\"https:\/\/www.tribunj.biz\/wp-content\/uploads\/2018\/04\/IMG_7562-1434x1080.jpg\" class=\"attachment-villagio-thumb-small-x2 size-villagio-thumb-small-x2\" alt=\"Apartamento A4 (Tiho y Marija) - cocina\" aria-describedby=\"mphb-flexslider-gallery-1-13572\" srcset=\"https:\/\/www.tribunj.biz\/wp-content\/uploads\/2018\/04\/IMG_7562-1434x1080.jpg 1434w, https:\/\/www.tribunj.biz\/wp-content\/uploads\/2018\/04\/IMG_7562-300x225.jpg 300w, https:\/\/www.tribunj.biz\/wp-content\/uploads\/2018\/04\/IMG_7562-16x12.jpg 16w, https:\/\/www.tribunj.biz\/wp-content\/uploads\/2018\/04\/IMG_7562-717x540.jpg 717w\" sizes=\"auto, (max-width: 1434px) 100vw, 1434px\" data-attachment-id=\"13572\" data-permalink=\"https:\/\/www.tribunj.biz\/es_es\/accommodation\/apartment-a4-4\/img_7562\/\" data-orig-file=\"https:\/\/www.tribunj.biz\/wp-content\/uploads\/2018\/04\/IMG_7562-scaled.jpg\" data-orig-size=\"2560,1920\" data-comments-opened=\"1\" data-image-meta=\"{&quot;aperture&quot;:&quot;2.8&quot;,&quot;credit&quot;:&quot;&quot;,&quot;camera&quot;:&quot;Canon DIGITAL IXUS 80 IS&quot;,&quot;caption&quot;:&quot;&quot;,&quot;created_timestamp&quot;:&quot;1491319568&quot;,&quot;copyright&quot;:&quot;&quot;,&quot;focal_length&quot;:&quot;6.2&quot;,&quot;iso&quot;:&quot;125&quot;,&quot;shutter_speed&quot;:&quot;0.016666666666667&quot;,&quot;title&quot;:&quot;&quot;,&quot;orientation&quot;:&quot;1&quot;}\" data-image-title=\"IMG_7562\" data-image-description=\"&lt;p&gt;Apartment A4 (Tiho &amp;#038; Marija) &amp;#8211; kitchen&lt;\/p&gt;\" data-image-caption=\"&lt;p&gt;Apartment A4 (Tiho &amp;#038; Marija) &amp;#8211; kitchen&lt;\/p&gt;\" data-large-file=\"https:\/\/www.tribunj.biz\/wp-content\/uploads\/2018\/04\/IMG_7562-1024x768.jpg\" \/><\/a>\n\t\t\t<\/span><\/li><li class='gallery-item'><span class='gallery-icon landscape'>\n\t\t\t\t<a href=\"https:\/\/www.tribunj.biz\/es_es\/accommodation\/apartment-a4-4\/\"><img loading=\"lazy\" decoding=\"async\" width=\"1434\" height=\"1080\" src=\"https:\/\/www.tribunj.biz\/wp-content\/uploads\/2018\/04\/IMG_20200701_122942-1434x1080.jpg\" class=\"attachment-villagio-thumb-small-x2 size-villagio-thumb-small-x2\" alt=\"Apartamento A4 (Tiho y Marija) - cocina\" aria-describedby=\"mphb-flexslider-gallery-1-13573\" srcset=\"https:\/\/www.tribunj.biz\/wp-content\/uploads\/2018\/04\/IMG_20200701_122942-1434x1080.jpg 1434w, https:\/\/www.tribunj.biz\/wp-content\/uploads\/2018\/04\/IMG_20200701_122942-300x225.jpg 300w, https:\/\/www.tribunj.biz\/wp-content\/uploads\/2018\/04\/IMG_20200701_122942-16x12.jpg 16w, https:\/\/www.tribunj.biz\/wp-content\/uploads\/2018\/04\/IMG_20200701_122942-717x540.jpg 717w\" sizes=\"auto, (max-width: 1434px) 100vw, 1434px\" data-attachment-id=\"13573\" data-permalink=\"https:\/\/www.tribunj.biz\/es_es\/accommodation\/apartment-a4-4\/img_20200701_122942\/\" data-orig-file=\"https:\/\/www.tribunj.biz\/wp-content\/uploads\/2018\/04\/IMG_20200701_122942-scaled.jpg\" data-orig-size=\"2560,1920\" data-comments-opened=\"1\" data-image-meta=\"{&quot;aperture&quot;:&quot;1.8&quot;,&quot;credit&quot;:&quot;&quot;,&quot;camera&quot;:&quot;STK-LX1&quot;,&quot;caption&quot;:&quot;&quot;,&quot;created_timestamp&quot;:&quot;1593606583&quot;,&quot;copyright&quot;:&quot;&quot;,&quot;focal_length&quot;:&quot;3.96&quot;,&quot;iso&quot;:&quot;50&quot;,&quot;shutter_speed&quot;:&quot;0.002694&quot;,&quot;title&quot;:&quot;&quot;,&quot;orientation&quot;:&quot;1&quot;}\" data-image-title=\"IMG_20200701_122942\" data-image-description=\"&lt;p&gt;Apartment A4 (Tiho &amp;#038; Marija) &amp;#8211; kitchen&lt;\/p&gt;\" data-image-caption=\"&lt;p&gt;Apartment A4 (Tiho &amp;#038; Marija) &amp;#8211; kitchen&lt;\/p&gt;\" data-large-file=\"https:\/\/www.tribunj.biz\/wp-content\/uploads\/2018\/04\/IMG_20200701_122942-1024x768.jpg\" \/><\/a>\n\t\t\t<\/span><\/li><li class='gallery-item'><span class='gallery-icon landscape'>\n\t\t\t\t<a href=\"https:\/\/www.tribunj.biz\/es_es\/accommodation\/apartment-a4-4\/\"><img loading=\"lazy\" decoding=\"async\" width=\"1280\" height=\"960\" src=\"https:\/\/www.tribunj.biz\/wp-content\/uploads\/2018\/04\/hodnik.jpg\" class=\"attachment-villagio-thumb-small-x2 size-villagio-thumb-small-x2\" alt=\"Apartamentos Tiho y Marija - escaleras\" aria-describedby=\"mphb-flexslider-gallery-1-13582\" srcset=\"https:\/\/www.tribunj.biz\/wp-content\/uploads\/2018\/04\/hodnik.jpg 1280w, https:\/\/www.tribunj.biz\/wp-content\/uploads\/2018\/04\/hodnik-300x225.jpg 300w, https:\/\/www.tribunj.biz\/wp-content\/uploads\/2018\/04\/hodnik-1024x768.jpg 1024w, https:\/\/www.tribunj.biz\/wp-content\/uploads\/2018\/04\/hodnik-768x576.jpg 768w, https:\/\/www.tribunj.biz\/wp-content\/uploads\/2018\/04\/hodnik-16x12.jpg 16w, https:\/\/www.tribunj.biz\/wp-content\/uploads\/2018\/04\/hodnik-824x618.jpg 824w\" sizes=\"auto, (max-width: 1280px) 100vw, 1280px\" data-attachment-id=\"13582\" data-permalink=\"https:\/\/www.tribunj.biz\/es_es\/accommodation\/apartment-a4-4\/hodnik\/\" data-orig-file=\"https:\/\/www.tribunj.biz\/wp-content\/uploads\/2018\/04\/hodnik.jpg\" data-orig-size=\"1280,960\" data-comments-opened=\"1\" data-image-meta=\"{&quot;aperture&quot;:&quot;2.8&quot;,&quot;credit&quot;:&quot;&quot;,&quot;camera&quot;:&quot;DSC-W5&quot;,&quot;caption&quot;:&quot;&quot;,&quot;created_timestamp&quot;:&quot;1114365765&quot;,&quot;copyright&quot;:&quot;&quot;,&quot;focal_length&quot;:&quot;7.9&quot;,&quot;iso&quot;:&quot;125&quot;,&quot;shutter_speed&quot;:&quot;0.025&quot;,&quot;title&quot;:&quot;&quot;,&quot;orientation&quot;:&quot;1&quot;}\" data-image-title=\"Apartments Tiho &amp;#038; Marija &amp;#8211; stairs\" data-image-description=\"&lt;p&gt;Apartments Tiho &amp;#038; Marija &amp;#8211; stairs&lt;\/p&gt;\" data-image-caption=\"&lt;p&gt;Apartments Tiho &amp;#038; Marija &amp;#8211; stairs&lt;\/p&gt;\" data-large-file=\"https:\/\/www.tribunj.biz\/wp-content\/uploads\/2018\/04\/hodnik-1024x768.jpg\" \/><\/a>\n\t\t\t<\/span><\/li><li class='gallery-item'><span class='gallery-icon landscape'>\n\t\t\t\t<a href=\"https:\/\/www.tribunj.biz\/es_es\/accommodation\/apartment-a4-4\/\"><img loading=\"lazy\" decoding=\"async\" width=\"1434\" height=\"1080\" src=\"https:\/\/www.tribunj.biz\/wp-content\/uploads\/2018\/04\/IMG_0910-1-1434x1080.jpg\" class=\"attachment-villagio-thumb-small-x2 size-villagio-thumb-small-x2\" alt=\"Apartamentos Tiho &amp; Marija - zona de barbacoa compartida\" aria-describedby=\"mphb-flexslider-gallery-1-13583\" srcset=\"https:\/\/www.tribunj.biz\/wp-content\/uploads\/2018\/04\/IMG_0910-1-1434x1080.jpg 1434w, https:\/\/www.tribunj.biz\/wp-content\/uploads\/2018\/04\/IMG_0910-1-300x225.jpg 300w, https:\/\/www.tribunj.biz\/wp-content\/uploads\/2018\/04\/IMG_0910-1-16x12.jpg 16w, https:\/\/www.tribunj.biz\/wp-content\/uploads\/2018\/04\/IMG_0910-1-717x540.jpg 717w\" sizes=\"auto, (max-width: 1434px) 100vw, 1434px\" data-attachment-id=\"13583\" data-permalink=\"https:\/\/www.tribunj.biz\/es_es\/accommodation\/apartment-a4-4\/img_0910-2\/\" data-orig-file=\"https:\/\/www.tribunj.biz\/wp-content\/uploads\/2018\/04\/IMG_0910-1-scaled.jpg\" data-orig-size=\"2560,1920\" data-comments-opened=\"1\" data-image-meta=\"{&quot;aperture&quot;:&quot;3&quot;,&quot;credit&quot;:&quot;&quot;,&quot;camera&quot;:&quot;Canon PowerShot A470&quot;,&quot;caption&quot;:&quot;&quot;,&quot;created_timestamp&quot;:&quot;1374332901&quot;,&quot;copyright&quot;:&quot;&quot;,&quot;focal_length&quot;:&quot;6.3&quot;,&quot;iso&quot;:&quot;80&quot;,&quot;shutter_speed&quot;:&quot;0.002&quot;,&quot;title&quot;:&quot;&quot;,&quot;orientation&quot;:&quot;1&quot;}\" data-image-title=\"IMG_0910\" data-image-description=\"&lt;p&gt;Apartments Tiho &amp;#038; Marija &amp;#8211; shared barbecue area&lt;\/p&gt;\" data-image-caption=\"&lt;p&gt;Apartments Tiho &amp;#038; Marija &amp;#8211; shared barbecue area&lt;\/p&gt;\" data-large-file=\"https:\/\/www.tribunj.biz\/wp-content\/uploads\/2018\/04\/IMG_0910-1-1024x768.jpg\" \/><\/a>\n\t\t\t<\/span><\/li><li class='gallery-item'><span class='gallery-icon landscape'>\n\t\t\t\t<a href=\"https:\/\/www.tribunj.biz\/es_es\/accommodation\/apartment-a4-4\/\"><img loading=\"lazy\" decoding=\"async\" width=\"1434\" height=\"1080\" src=\"https:\/\/www.tribunj.biz\/wp-content\/uploads\/2018\/04\/IMG_0916-1-1434x1080.jpg\" class=\"attachment-villagio-thumb-small-x2 size-villagio-thumb-small-x2\" alt=\"Apartamentos Tiho &amp; Marija - zona de barbacoa compartida\" aria-describedby=\"mphb-flexslider-gallery-1-13584\" srcset=\"https:\/\/www.tribunj.biz\/wp-content\/uploads\/2018\/04\/IMG_0916-1-1434x1080.jpg 1434w, https:\/\/www.tribunj.biz\/wp-content\/uploads\/2018\/04\/IMG_0916-1-300x225.jpg 300w, https:\/\/www.tribunj.biz\/wp-content\/uploads\/2018\/04\/IMG_0916-1-16x12.jpg 16w, https:\/\/www.tribunj.biz\/wp-content\/uploads\/2018\/04\/IMG_0916-1-717x540.jpg 717w\" sizes=\"auto, (max-width: 1434px) 100vw, 1434px\" data-attachment-id=\"13584\" data-permalink=\"https:\/\/www.tribunj.biz\/es_es\/accommodation\/apartment-a4-4\/img_0916-2\/\" data-orig-file=\"https:\/\/www.tribunj.biz\/wp-content\/uploads\/2018\/04\/IMG_0916-1-scaled.jpg\" data-orig-size=\"2560,1920\" data-comments-opened=\"1\" data-image-meta=\"{&quot;aperture&quot;:&quot;3&quot;,&quot;credit&quot;:&quot;&quot;,&quot;camera&quot;:&quot;Canon PowerShot A470&quot;,&quot;caption&quot;:&quot;&quot;,&quot;created_timestamp&quot;:&quot;1374332956&quot;,&quot;copyright&quot;:&quot;&quot;,&quot;focal_length&quot;:&quot;6.3&quot;,&quot;iso&quot;:&quot;80&quot;,&quot;shutter_speed&quot;:&quot;0.004&quot;,&quot;title&quot;:&quot;&quot;,&quot;orientation&quot;:&quot;1&quot;}\" data-image-title=\"IMG_0916\" data-image-description=\"&lt;p&gt;Apartments Tiho &amp;#038; Marija &amp;#8211; shared barbecue area&lt;\/p&gt;\" data-image-caption=\"&lt;p&gt;Apartments Tiho &amp;#038; Marija &amp;#8211; shared barbecue area&lt;\/p&gt;\" data-large-file=\"https:\/\/www.tribunj.biz\/wp-content\/uploads\/2018\/04\/IMG_0916-1-1024x768.jpg\" \/><\/a>\n\t\t\t<\/span><\/li><li class='gallery-item'><span class='gallery-icon landscape'>\n\t\t\t\t<a href=\"https:\/\/www.tribunj.biz\/es_es\/accommodation\/apartment-a4-4\/\"><img loading=\"lazy\" decoding=\"async\" width=\"1434\" height=\"1080\" src=\"https:\/\/www.tribunj.biz\/wp-content\/uploads\/2018\/04\/IMG_20220523_150240-1434x1080.jpg\" class=\"attachment-villagio-thumb-small-x2 size-villagio-thumb-small-x2\" alt=\"Apartamentos Tiho y Marija - casa\" aria-describedby=\"mphb-flexslider-gallery-1-13589\" srcset=\"https:\/\/www.tribunj.biz\/wp-content\/uploads\/2018\/04\/IMG_20220523_150240-1434x1080.jpg 1434w, https:\/\/www.tribunj.biz\/wp-content\/uploads\/2018\/04\/IMG_20220523_150240-300x225.jpg 300w, https:\/\/www.tribunj.biz\/wp-content\/uploads\/2018\/04\/IMG_20220523_150240-16x12.jpg 16w, https:\/\/www.tribunj.biz\/wp-content\/uploads\/2018\/04\/IMG_20220523_150240-717x540.jpg 717w\" sizes=\"auto, (max-width: 1434px) 100vw, 1434px\" data-attachment-id=\"13589\" data-permalink=\"https:\/\/www.tribunj.biz\/es_es\/accommodation\/apartment-a4-4\/img_20220523_150240\/\" data-orig-file=\"https:\/\/www.tribunj.biz\/wp-content\/uploads\/2018\/04\/IMG_20220523_150240-scaled.jpg\" data-orig-size=\"2560,1920\" data-comments-opened=\"1\" data-image-meta=\"{&quot;aperture&quot;:&quot;1.8&quot;,&quot;credit&quot;:&quot;&quot;,&quot;camera&quot;:&quot;STK-LX1&quot;,&quot;caption&quot;:&quot;&quot;,&quot;created_timestamp&quot;:&quot;1653318161&quot;,&quot;copyright&quot;:&quot;&quot;,&quot;focal_length&quot;:&quot;3.96&quot;,&quot;iso&quot;:&quot;50&quot;,&quot;shutter_speed&quot;:&quot;0.000459&quot;,&quot;title&quot;:&quot;&quot;,&quot;orientation&quot;:&quot;1&quot;}\" data-image-title=\"IMG_20220523_150240\" data-image-description=\"&lt;p&gt;Apartments Tiho &amp;#038; Marija &amp;#8211; house&lt;\/p&gt;\" data-image-caption=\"&lt;p&gt;Apartments Tiho &amp;#038; Marija &amp;#8211; house&lt;\/p&gt;\" data-large-file=\"https:\/\/www.tribunj.biz\/wp-content\/uploads\/2018\/04\/IMG_20220523_150240-1024x768.jpg\" \/><\/a>\n\t\t\t<\/span><\/li><li class='gallery-item'><span class='gallery-icon landscape'>\n\t\t\t\t<a href=\"https:\/\/www.tribunj.biz\/es_es\/accommodation\/apartment-a4-4\/\"><img loading=\"lazy\" decoding=\"async\" width=\"1434\" height=\"1080\" src=\"https:\/\/www.tribunj.biz\/wp-content\/uploads\/2018\/04\/IMG_20220523_152117-1434x1080.jpg\" class=\"attachment-villagio-thumb-small-x2 size-villagio-thumb-small-x2\" alt=\"Apartamentos Tiho &amp; Marija - aparcamiento, jard\u00edn\" aria-describedby=\"mphb-flexslider-gallery-1-13595\" srcset=\"https:\/\/www.tribunj.biz\/wp-content\/uploads\/2018\/04\/IMG_20220523_152117-1434x1080.jpg 1434w, https:\/\/www.tribunj.biz\/wp-content\/uploads\/2018\/04\/IMG_20220523_152117-300x225.jpg 300w, https:\/\/www.tribunj.biz\/wp-content\/uploads\/2018\/04\/IMG_20220523_152117-16x12.jpg 16w, https:\/\/www.tribunj.biz\/wp-content\/uploads\/2018\/04\/IMG_20220523_152117-717x540.jpg 717w\" sizes=\"auto, (max-width: 1434px) 100vw, 1434px\" data-attachment-id=\"13595\" data-permalink=\"https:\/\/www.tribunj.biz\/es_es\/accommodation\/apartment-a4-4\/img_20220523_152117\/\" data-orig-file=\"https:\/\/www.tribunj.biz\/wp-content\/uploads\/2018\/04\/IMG_20220523_152117-scaled.jpg\" data-orig-size=\"2560,1920\" data-comments-opened=\"1\" data-image-meta=\"{&quot;aperture&quot;:&quot;1.8&quot;,&quot;credit&quot;:&quot;&quot;,&quot;camera&quot;:&quot;STK-LX1&quot;,&quot;caption&quot;:&quot;&quot;,&quot;created_timestamp&quot;:&quot;1653319277&quot;,&quot;copyright&quot;:&quot;&quot;,&quot;focal_length&quot;:&quot;3.96&quot;,&quot;iso&quot;:&quot;50&quot;,&quot;shutter_speed&quot;:&quot;0.000515&quot;,&quot;title&quot;:&quot;&quot;,&quot;orientation&quot;:&quot;1&quot;}\" data-image-title=\"IMG_20220523_152117\" data-image-description=\"&lt;p&gt;Apartments Tiho &amp;#038; Marija &amp;#8211; parking, garden&lt;\/p&gt;\" data-image-caption=\"&lt;p&gt;Apartments Tiho &amp;#038; Marija &amp;#8211; parking, garden&lt;\/p&gt;\" data-large-file=\"https:\/\/www.tribunj.biz\/wp-content\/uploads\/2018\/04\/IMG_20220523_152117-1024x768.jpg\" \/><\/a>\n\t\t\t<\/span><\/li><li class='gallery-item'><span class='gallery-icon landscape'>\n\t\t\t\t<a href=\"https:\/\/www.tribunj.biz\/es_es\/accommodation\/apartment-a4-4\/\"><img loading=\"lazy\" decoding=\"async\" width=\"1434\" height=\"1080\" src=\"https:\/\/www.tribunj.biz\/wp-content\/uploads\/2018\/04\/IMG_20220523_151133-1434x1080.jpg\" class=\"attachment-villagio-thumb-small-x2 size-villagio-thumb-small-x2\" alt=\"Apartamentos Tiho &amp; Marija - aparcamiento, jard\u00edn\" aria-describedby=\"mphb-flexslider-gallery-1-13592\" srcset=\"https:\/\/www.tribunj.biz\/wp-content\/uploads\/2018\/04\/IMG_20220523_151133-1434x1080.jpg 1434w, https:\/\/www.tribunj.biz\/wp-content\/uploads\/2018\/04\/IMG_20220523_151133-300x225.jpg 300w, https:\/\/www.tribunj.biz\/wp-content\/uploads\/2018\/04\/IMG_20220523_151133-16x12.jpg 16w, https:\/\/www.tribunj.biz\/wp-content\/uploads\/2018\/04\/IMG_20220523_151133-717x540.jpg 717w\" sizes=\"auto, (max-width: 1434px) 100vw, 1434px\" data-attachment-id=\"13592\" data-permalink=\"https:\/\/www.tribunj.biz\/es_es\/accommodation\/apartment-a4-4\/img_20220523_151133\/\" data-orig-file=\"https:\/\/www.tribunj.biz\/wp-content\/uploads\/2018\/04\/IMG_20220523_151133-scaled.jpg\" data-orig-size=\"2560,1920\" data-comments-opened=\"1\" data-image-meta=\"{&quot;aperture&quot;:&quot;1.8&quot;,&quot;credit&quot;:&quot;&quot;,&quot;camera&quot;:&quot;STK-LX1&quot;,&quot;caption&quot;:&quot;&quot;,&quot;created_timestamp&quot;:&quot;1653318693&quot;,&quot;copyright&quot;:&quot;&quot;,&quot;focal_length&quot;:&quot;3.96&quot;,&quot;iso&quot;:&quot;50&quot;,&quot;shutter_speed&quot;:&quot;0.000471&quot;,&quot;title&quot;:&quot;&quot;,&quot;orientation&quot;:&quot;1&quot;}\" data-image-title=\"IMG_20220523_151133\" data-image-description=\"&lt;p&gt;Apartments Tiho &amp;#038; Marija &amp;#8211; parking, garden&lt;\/p&gt;\" data-image-caption=\"&lt;p&gt;Apartments Tiho &amp;#038; Marija &amp;#8211; parking, garden&lt;\/p&gt;\" data-large-file=\"https:\/\/www.tribunj.biz\/wp-content\/uploads\/2018\/04\/IMG_20220523_151133-1024x768.jpg\" \/><\/a>\n\t\t\t<\/span><\/li><\/ul>\n\t\t<\/div>\n<span class=\"mphb_room_type_categories_header_wrapper\"><a href=\"https:\/\/www.tribunj.biz\/es_es\/accommodation-category\/category-accommodation-tribunj\/\" rel=\"tag\">Alojamiento Tribunj<\/a> <a href=\"https:\/\/www.tribunj.biz\/es_es\/accommodation-category\/category-accommodation-tribunj\/two-bedroom-tribunj\/\" rel=\"tag\">Apartamento de dos habitaciones<\/a><\/span><\/span><!-- .mphb_room_type_featured_image_wrapper --><div id='mphb-flexslider-gallery-2' class='gallery-columns-4 gallery-size-thumbnail mphb-gallery-thumbnail-slider mphb-flexslider-gallery-wrapper mphb-room-type-gallery-wrapper mphb-gallery-thumbnail-slider-69f47f83dde4f' data-flexslider-atts='{\"animation\":\"slide\",\"controlNav\":false,\"animationLoop\":true,\"slideshow\":false,\"itemMargin\":5}' data-group='69f47f83dde4f'><ul class=\"slides\"><li class='gallery-item'><span class='gallery-icon landscape'>\n\t\t\t\t<a href='https:\/\/www.tribunj.biz\/es_es\/accommodation\/apartment-a4-4\/img_20200701_123618\/'><img loading=\"lazy\" decoding=\"async\" width=\"150\" height=\"150\" src=\"https:\/\/www.tribunj.biz\/wp-content\/uploads\/2018\/04\/IMG_20200701_123618-150x150.jpg\" class=\"attachment-thumbnail size-thumbnail\" alt=\"Apartamento A4 (Tiho y Marija): vista desde la terraza al mar y a Tribunj\" aria-describedby=\"mphb-flexslider-gallery-2-13575\" data-attachment-id=\"13575\" data-permalink=\"https:\/\/www.tribunj.biz\/es_es\/accommodation\/apartment-a4-4\/img_20200701_123618\/\" data-orig-file=\"https:\/\/www.tribunj.biz\/wp-content\/uploads\/2018\/04\/IMG_20200701_123618-scaled.jpg\" data-orig-size=\"2560,1920\" data-comments-opened=\"1\" data-image-meta=\"{&quot;aperture&quot;:&quot;1.8&quot;,&quot;credit&quot;:&quot;&quot;,&quot;camera&quot;:&quot;STK-LX1&quot;,&quot;caption&quot;:&quot;&quot;,&quot;created_timestamp&quot;:&quot;1593606979&quot;,&quot;copyright&quot;:&quot;&quot;,&quot;focal_length&quot;:&quot;3.96&quot;,&quot;iso&quot;:&quot;50&quot;,&quot;shutter_speed&quot;:&quot;0.000254&quot;,&quot;title&quot;:&quot;&quot;,&quot;orientation&quot;:&quot;1&quot;}\" data-image-title=\"IMG_20200701_123618\" data-image-description=\"&lt;p&gt;Apartment A4 (Tiho &amp;#038; Marija) &amp;#8211; view from terrace at sea and Tribunj&lt;\/p&gt;\" data-image-caption=\"&lt;p&gt;Apartment A4 (Tiho &amp;#038; Marija) &amp;#8211; view from terrace at sea and Tribunj&lt;\/p&gt;\" data-large-file=\"https:\/\/www.tribunj.biz\/wp-content\/uploads\/2018\/04\/IMG_20200701_123618-1024x768.jpg\" \/><\/a>\n\t\t\t<\/span><\/li><li class='gallery-item'><span class='gallery-icon landscape'>\n\t\t\t\t<a href='https:\/\/www.tribunj.biz\/es_es\/accommodation\/apartment-a4-4\/2015-07-23-12-38-2\/'><img loading=\"lazy\" decoding=\"async\" width=\"150\" height=\"150\" src=\"https:\/\/www.tribunj.biz\/wp-content\/uploads\/2018\/04\/2015-07-23-12.38-1-150x150.jpg\" class=\"attachment-thumbnail size-thumbnail\" alt=\"Apartamento A4 (Tiho y Marija): vista desde la terraza al mar y a Tribunj\" aria-describedby=\"mphb-flexslider-gallery-2-13559\" data-attachment-id=\"13559\" data-permalink=\"https:\/\/www.tribunj.biz\/es_es\/accommodation\/apartment-a4-4\/2015-07-23-12-38-2\/\" data-orig-file=\"https:\/\/www.tribunj.biz\/wp-content\/uploads\/2018\/04\/2015-07-23-12.38-1-scaled.jpg\" data-orig-size=\"2560,1920\" data-comments-opened=\"1\" data-image-meta=\"{&quot;aperture&quot;:&quot;2.4&quot;,&quot;credit&quot;:&quot;&quot;,&quot;camera&quot;:&quot;LG-D802&quot;,&quot;caption&quot;:&quot;&quot;,&quot;created_timestamp&quot;:&quot;1437655104&quot;,&quot;copyright&quot;:&quot;&quot;,&quot;focal_length&quot;:&quot;3.97&quot;,&quot;iso&quot;:&quot;50&quot;,&quot;shutter_speed&quot;:&quot;0.00038008361839605&quot;,&quot;title&quot;:&quot;&quot;,&quot;orientation&quot;:&quot;1&quot;}\" data-image-title=\"2015-07-23 12.38\" data-image-description=\"&lt;p&gt;Apartment A4 (Tiho &amp;#038; Marija) &amp;#8211; view from terrace at sea and Tribunj&lt;\/p&gt;\" data-image-caption=\"&lt;p&gt;Apartment A4 (Tiho &amp;#038; Marija) &amp;#8211; view from terrace at sea and Tribunj&lt;\/p&gt;\" data-large-file=\"https:\/\/www.tribunj.biz\/wp-content\/uploads\/2018\/04\/2015-07-23-12.38-1-1024x768.jpg\" \/><\/a>\n\t\t\t<\/span><\/li><li class='gallery-item'><span class='gallery-icon landscape'>\n\t\t\t\t<a href='https:\/\/www.tribunj.biz\/es_es\/accommodation\/apartment-a4-4\/img_20220523_150213\/'><img loading=\"lazy\" decoding=\"async\" width=\"150\" height=\"150\" src=\"https:\/\/www.tribunj.biz\/wp-content\/uploads\/2018\/04\/IMG_20220523_150213-150x150.jpg\" class=\"attachment-thumbnail size-thumbnail\" alt=\"Apartamentos Tiho y Marija - casa\" aria-describedby=\"mphb-flexslider-gallery-2-13588\" data-attachment-id=\"13588\" data-permalink=\"https:\/\/www.tribunj.biz\/es_es\/accommodation\/apartment-a4-4\/img_20220523_150213\/\" data-orig-file=\"https:\/\/www.tribunj.biz\/wp-content\/uploads\/2018\/04\/IMG_20220523_150213-scaled.jpg\" data-orig-size=\"2560,1920\" data-comments-opened=\"1\" data-image-meta=\"{&quot;aperture&quot;:&quot;1.8&quot;,&quot;credit&quot;:&quot;&quot;,&quot;camera&quot;:&quot;STK-LX1&quot;,&quot;caption&quot;:&quot;&quot;,&quot;created_timestamp&quot;:&quot;1653318134&quot;,&quot;copyright&quot;:&quot;&quot;,&quot;focal_length&quot;:&quot;3.96&quot;,&quot;iso&quot;:&quot;50&quot;,&quot;shutter_speed&quot;:&quot;0.000495&quot;,&quot;title&quot;:&quot;&quot;,&quot;orientation&quot;:&quot;1&quot;}\" data-image-title=\"IMG_20220523_150213\" data-image-description=\"&lt;p&gt;Apartments Tiho &amp;#038; Marija &amp;#8211; house&lt;\/p&gt;\" data-image-caption=\"&lt;p&gt;Apartments Tiho &amp;#038; Marija &amp;#8211; house&lt;\/p&gt;\" data-large-file=\"https:\/\/www.tribunj.biz\/wp-content\/uploads\/2018\/04\/IMG_20220523_150213-1024x768.jpg\" \/><\/a>\n\t\t\t<\/span><\/li><li class='gallery-item'><span class='gallery-icon landscape'>\n\t\t\t\t<a href='https:\/\/www.tribunj.biz\/es_es\/accommodation\/apartment-a4-4\/20210701_121216\/'><img loading=\"lazy\" decoding=\"async\" width=\"150\" height=\"150\" src=\"https:\/\/www.tribunj.biz\/wp-content\/uploads\/2018\/04\/20210701_121216-150x150.jpg\" class=\"attachment-thumbnail size-thumbnail\" alt=\"Apartamento A4 (Tiho y Marija) - dormitorio 1\" aria-describedby=\"mphb-flexslider-gallery-2-13563\" data-attachment-id=\"13563\" data-permalink=\"https:\/\/www.tribunj.biz\/es_es\/accommodation\/apartment-a4-4\/20210701_121216\/\" data-orig-file=\"https:\/\/www.tribunj.biz\/wp-content\/uploads\/2018\/04\/20210701_121216-scaled.jpg\" data-orig-size=\"2560,1920\" data-comments-opened=\"1\" data-image-meta=\"{&quot;aperture&quot;:&quot;1.7&quot;,&quot;credit&quot;:&quot;&quot;,&quot;camera&quot;:&quot;SM-J730F&quot;,&quot;caption&quot;:&quot;&quot;,&quot;created_timestamp&quot;:&quot;1625141536&quot;,&quot;copyright&quot;:&quot;&quot;,&quot;focal_length&quot;:&quot;3.71&quot;,&quot;iso&quot;:&quot;40&quot;,&quot;shutter_speed&quot;:&quot;0.02&quot;,&quot;title&quot;:&quot;&quot;,&quot;orientation&quot;:&quot;1&quot;}\" data-image-title=\"20210701_121216\" data-image-description=\"&lt;p&gt;Apartment A4 (Tiho &amp;#038; Marija) &amp;#8211; bedroom 1&lt;\/p&gt;\" data-image-caption=\"&lt;p&gt;Apartment A4 (Tiho &amp;#038; Marija) &amp;#8211; bedroom 1&lt;\/p&gt;\" data-large-file=\"https:\/\/www.tribunj.biz\/wp-content\/uploads\/2018\/04\/20210701_121216-1024x768.jpg\" \/><\/a>\n\t\t\t<\/span><\/li><li class='gallery-item'><span class='gallery-icon landscape'>\n\t\t\t\t<a href='https:\/\/www.tribunj.biz\/es_es\/accommodation\/apartment-a4-4\/20220519_134613\/'><img loading=\"lazy\" decoding=\"async\" width=\"150\" height=\"150\" src=\"https:\/\/www.tribunj.biz\/wp-content\/uploads\/2018\/04\/20220519_134613-150x150.jpg\" class=\"attachment-thumbnail size-thumbnail\" alt=\"Apartamento A4 (Tiho y Marija) - dormitorio 1\" aria-describedby=\"mphb-flexslider-gallery-2-13566\" data-attachment-id=\"13566\" data-permalink=\"https:\/\/www.tribunj.biz\/es_es\/accommodation\/apartment-a4-4\/20220519_134613\/\" data-orig-file=\"https:\/\/www.tribunj.biz\/wp-content\/uploads\/2018\/04\/20220519_134613-scaled.jpg\" data-orig-size=\"2560,1920\" data-comments-opened=\"1\" data-image-meta=\"{&quot;aperture&quot;:&quot;2&quot;,&quot;credit&quot;:&quot;&quot;,&quot;camera&quot;:&quot;SM-A127F&quot;,&quot;caption&quot;:&quot;&quot;,&quot;created_timestamp&quot;:&quot;1652967971&quot;,&quot;copyright&quot;:&quot;&quot;,&quot;focal_length&quot;:&quot;4.6&quot;,&quot;iso&quot;:&quot;25&quot;,&quot;shutter_speed&quot;:&quot;0.02&quot;,&quot;title&quot;:&quot;&quot;,&quot;orientation&quot;:&quot;1&quot;}\" data-image-title=\"20220519_134613\" data-image-description=\"&lt;p&gt;Apartment A4 (Tiho &amp;#038; Marija) &amp;#8211; bedroom 1&lt;\/p&gt;\" data-image-caption=\"&lt;p&gt;Apartment A4 (Tiho &amp;#038; Marija) &amp;#8211; bedroom 1&lt;\/p&gt;\" data-large-file=\"https:\/\/www.tribunj.biz\/wp-content\/uploads\/2018\/04\/20220519_134613-1024x768.jpg\" \/><\/a>\n\t\t\t<\/span><\/li><li class='gallery-item'><span class='gallery-icon landscape'>\n\t\t\t\t<a href='https:\/\/www.tribunj.biz\/es_es\/accommodation\/apartment-a4-4\/img_20200701_123557\/'><img loading=\"lazy\" decoding=\"async\" width=\"150\" height=\"150\" src=\"https:\/\/www.tribunj.biz\/wp-content\/uploads\/2018\/04\/IMG_20200701_123557-150x150.jpg\" class=\"attachment-thumbnail size-thumbnail\" alt=\"Apartamento A4 (Tiho y Marija) - dormitorio 1\" aria-describedby=\"mphb-flexslider-gallery-2-13574\" data-attachment-id=\"13574\" data-permalink=\"https:\/\/www.tribunj.biz\/es_es\/accommodation\/apartment-a4-4\/img_20200701_123557\/\" data-orig-file=\"https:\/\/www.tribunj.biz\/wp-content\/uploads\/2018\/04\/IMG_20200701_123557-scaled.jpg\" data-orig-size=\"2560,1920\" data-comments-opened=\"1\" data-image-meta=\"{&quot;aperture&quot;:&quot;1.8&quot;,&quot;credit&quot;:&quot;&quot;,&quot;camera&quot;:&quot;STK-LX1&quot;,&quot;caption&quot;:&quot;&quot;,&quot;created_timestamp&quot;:&quot;1593606958&quot;,&quot;copyright&quot;:&quot;&quot;,&quot;focal_length&quot;:&quot;3.96&quot;,&quot;iso&quot;:&quot;50&quot;,&quot;shutter_speed&quot;:&quot;0.000835&quot;,&quot;title&quot;:&quot;&quot;,&quot;orientation&quot;:&quot;1&quot;}\" data-image-title=\"IMG_20200701_123557\" data-image-description=\"&lt;p&gt;Apartment A4 (Tiho &amp;#038; Marija) &amp;#8211; bedroom 1&lt;\/p&gt;\" data-image-caption=\"&lt;p&gt;Apartment A4 (Tiho &amp;#038; Marija) &amp;#8211; bedroom 1&lt;\/p&gt;\" data-large-file=\"https:\/\/www.tribunj.biz\/wp-content\/uploads\/2018\/04\/IMG_20200701_123557-1024x768.jpg\" \/><\/a>\n\t\t\t<\/span><\/li><li class='gallery-item'><span class='gallery-icon landscape'>\n\t\t\t\t<a href='https:\/\/www.tribunj.biz\/es_es\/accommodation\/apartment-a4-4\/20210701_121016\/'><img loading=\"lazy\" decoding=\"async\" width=\"150\" height=\"150\" src=\"https:\/\/www.tribunj.biz\/wp-content\/uploads\/2018\/04\/20210701_121016-150x150.jpg\" class=\"attachment-thumbnail size-thumbnail\" alt=\"Apartamento A4 (Tiho y Marija) - dormitorio 2\" aria-describedby=\"mphb-flexslider-gallery-2-13562\" data-attachment-id=\"13562\" data-permalink=\"https:\/\/www.tribunj.biz\/es_es\/accommodation\/apartment-a4-4\/20210701_121016\/\" data-orig-file=\"https:\/\/www.tribunj.biz\/wp-content\/uploads\/2018\/04\/20210701_121016-scaled.jpg\" data-orig-size=\"2560,1920\" data-comments-opened=\"1\" data-image-meta=\"{&quot;aperture&quot;:&quot;1.7&quot;,&quot;credit&quot;:&quot;&quot;,&quot;camera&quot;:&quot;SM-J730F&quot;,&quot;caption&quot;:&quot;&quot;,&quot;created_timestamp&quot;:&quot;1625141416&quot;,&quot;copyright&quot;:&quot;&quot;,&quot;focal_length&quot;:&quot;3.71&quot;,&quot;iso&quot;:&quot;200&quot;,&quot;shutter_speed&quot;:&quot;0.02&quot;,&quot;title&quot;:&quot;&quot;,&quot;orientation&quot;:&quot;1&quot;}\" data-image-title=\"20210701_121016\" data-image-description=\"&lt;p&gt;Apartment A4 (Tiho &amp;#038; Marija) &amp;#8211; bedroom 2&lt;\/p&gt;\" data-image-caption=\"&lt;p&gt;Apartment A4 (Tiho &amp;#038; Marija) &amp;#8211; bedroom 2&lt;\/p&gt;\" data-large-file=\"https:\/\/www.tribunj.biz\/wp-content\/uploads\/2018\/04\/20210701_121016-1024x768.jpg\" \/><\/a>\n\t\t\t<\/span><\/li><li class='gallery-item'><span class='gallery-icon landscape'>\n\t\t\t\t<a href='https:\/\/www.tribunj.biz\/es_es\/accommodation\/apartment-a4-4\/20220519_134937\/'><img loading=\"lazy\" decoding=\"async\" width=\"150\" height=\"150\" src=\"https:\/\/www.tribunj.biz\/wp-content\/uploads\/2018\/04\/20220519_134937-150x150.jpg\" class=\"attachment-thumbnail size-thumbnail\" alt=\"Apartamento A4 (Tiho y Marija) - dormitorio 2\" aria-describedby=\"mphb-flexslider-gallery-2-13568\" data-attachment-id=\"13568\" data-permalink=\"https:\/\/www.tribunj.biz\/es_es\/accommodation\/apartment-a4-4\/20220519_134937\/\" data-orig-file=\"https:\/\/www.tribunj.biz\/wp-content\/uploads\/2018\/04\/20220519_134937-scaled.jpg\" data-orig-size=\"2560,1920\" data-comments-opened=\"1\" data-image-meta=\"{&quot;aperture&quot;:&quot;2&quot;,&quot;credit&quot;:&quot;&quot;,&quot;camera&quot;:&quot;SM-A127F&quot;,&quot;caption&quot;:&quot;&quot;,&quot;created_timestamp&quot;:&quot;1652968176&quot;,&quot;copyright&quot;:&quot;&quot;,&quot;focal_length&quot;:&quot;4.6&quot;,&quot;iso&quot;:&quot;100&quot;,&quot;shutter_speed&quot;:&quot;0.02&quot;,&quot;title&quot;:&quot;&quot;,&quot;orientation&quot;:&quot;1&quot;}\" data-image-title=\"20220519_134937\" data-image-description=\"&lt;p&gt;Apartment A4 (Tiho &amp;#038; Marija) &amp;#8211; bedroom 2&lt;\/p&gt;\" data-image-caption=\"&lt;p&gt;Apartment A4 (Tiho &amp;#038; Marija) &amp;#8211; bedroom 2&lt;\/p&gt;\" data-large-file=\"https:\/\/www.tribunj.biz\/wp-content\/uploads\/2018\/04\/20220519_134937-1024x768.jpg\" \/><\/a>\n\t\t\t<\/span><\/li><li class='gallery-item'><span class='gallery-icon landscape'>\n\t\t\t\t<a href='https:\/\/www.tribunj.biz\/es_es\/accommodation\/apartment-a4-4\/20220519_134917\/'><img loading=\"lazy\" decoding=\"async\" width=\"150\" height=\"150\" src=\"https:\/\/www.tribunj.biz\/wp-content\/uploads\/2018\/04\/20220519_134917-150x150.jpg\" class=\"attachment-thumbnail size-thumbnail\" alt=\"Apartamento A4 (Tiho y Marija) - dormitorio 2\" aria-describedby=\"mphb-flexslider-gallery-2-13567\" data-attachment-id=\"13567\" data-permalink=\"https:\/\/www.tribunj.biz\/es_es\/accommodation\/apartment-a4-4\/20220519_134917\/\" data-orig-file=\"https:\/\/www.tribunj.biz\/wp-content\/uploads\/2018\/04\/20220519_134917-scaled.jpg\" data-orig-size=\"2560,1920\" data-comments-opened=\"1\" data-image-meta=\"{&quot;aperture&quot;:&quot;2&quot;,&quot;credit&quot;:&quot;&quot;,&quot;camera&quot;:&quot;SM-A127F&quot;,&quot;caption&quot;:&quot;&quot;,&quot;created_timestamp&quot;:&quot;1652968155&quot;,&quot;copyright&quot;:&quot;&quot;,&quot;focal_length&quot;:&quot;4.6&quot;,&quot;iso&quot;:&quot;100&quot;,&quot;shutter_speed&quot;:&quot;0.02&quot;,&quot;title&quot;:&quot;&quot;,&quot;orientation&quot;:&quot;1&quot;}\" data-image-title=\"20220519_134917\" data-image-description=\"&lt;p&gt;Apartment A4 (Tiho &amp;#038; Marija) &amp;#8211; bedroom 2&lt;\/p&gt;\" data-image-caption=\"&lt;p&gt;Apartment A4 (Tiho &amp;#038; Marija) &amp;#8211; bedroom 2&lt;\/p&gt;\" data-large-file=\"https:\/\/www.tribunj.biz\/wp-content\/uploads\/2018\/04\/20220519_134917-1024x768.jpg\" \/><\/a>\n\t\t\t<\/span><\/li><li class='gallery-item'><span class='gallery-icon portrait'>\n\t\t\t\t<a href='https:\/\/www.tribunj.biz\/es_es\/accommodation\/apartment-a4-4\/20210701_121358\/'><img loading=\"lazy\" decoding=\"async\" width=\"150\" height=\"150\" src=\"https:\/\/www.tribunj.biz\/wp-content\/uploads\/2018\/04\/20210701_121358-150x150.jpg\" class=\"attachment-thumbnail size-thumbnail\" alt=\"Apartamento A4 (Tiho y Marija) - ba\u00f1o\" aria-describedby=\"mphb-flexslider-gallery-2-13565\" data-attachment-id=\"13565\" data-permalink=\"https:\/\/www.tribunj.biz\/es_es\/accommodation\/apartment-a4-4\/20210701_121358\/\" data-orig-file=\"https:\/\/www.tribunj.biz\/wp-content\/uploads\/2018\/04\/20210701_121358-scaled.jpg\" data-orig-size=\"1920,2560\" data-comments-opened=\"1\" data-image-meta=\"{&quot;aperture&quot;:&quot;1.7&quot;,&quot;credit&quot;:&quot;&quot;,&quot;camera&quot;:&quot;SM-J730F&quot;,&quot;caption&quot;:&quot;&quot;,&quot;created_timestamp&quot;:&quot;1625141638&quot;,&quot;copyright&quot;:&quot;&quot;,&quot;focal_length&quot;:&quot;3.71&quot;,&quot;iso&quot;:&quot;64&quot;,&quot;shutter_speed&quot;:&quot;0.025&quot;,&quot;title&quot;:&quot;&quot;,&quot;orientation&quot;:&quot;1&quot;}\" data-image-title=\"20210701_121358\" data-image-description=\"&lt;p&gt;Apartment A4 (Tiho &amp;#038; Marija) &amp;#8211; bathroom&lt;\/p&gt;\" data-image-caption=\"&lt;p&gt;Apartment A4 (Tiho &amp;#038; Marija) &amp;#8211; bathroom&lt;\/p&gt;\" data-large-file=\"https:\/\/www.tribunj.biz\/wp-content\/uploads\/2018\/04\/20210701_121358-768x1024.jpg\" \/><\/a>\n\t\t\t<\/span><\/li><li class='gallery-item'><span class='gallery-icon landscape'>\n\t\t\t\t<a href='https:\/\/www.tribunj.biz\/es_es\/accommodation\/apartment-a4-4\/img_20200701_124020\/'><img loading=\"lazy\" decoding=\"async\" width=\"150\" height=\"150\" src=\"https:\/\/www.tribunj.biz\/wp-content\/uploads\/2018\/04\/IMG_20200701_124020-150x150.jpg\" class=\"attachment-thumbnail size-thumbnail\" alt=\"Apartamento A4 (Tiho y Marija) - ba\u00f1o\" aria-describedby=\"mphb-flexslider-gallery-2-13577\" data-attachment-id=\"13577\" data-permalink=\"https:\/\/www.tribunj.biz\/es_es\/accommodation\/apartment-a4-4\/img_20200701_124020\/\" data-orig-file=\"https:\/\/www.tribunj.biz\/wp-content\/uploads\/2018\/04\/IMG_20200701_124020-scaled.jpg\" data-orig-size=\"2560,1920\" data-comments-opened=\"1\" data-image-meta=\"{&quot;aperture&quot;:&quot;1.8&quot;,&quot;credit&quot;:&quot;&quot;,&quot;camera&quot;:&quot;STK-LX1&quot;,&quot;caption&quot;:&quot;&quot;,&quot;created_timestamp&quot;:&quot;1593607221&quot;,&quot;copyright&quot;:&quot;&quot;,&quot;focal_length&quot;:&quot;3.96&quot;,&quot;iso&quot;:&quot;64&quot;,&quot;shutter_speed&quot;:&quot;0.02&quot;,&quot;title&quot;:&quot;&quot;,&quot;orientation&quot;:&quot;1&quot;}\" data-image-title=\"IMG_20200701_124020\" data-image-description=\"&lt;p&gt;Apartment A4 (Tiho &amp;#038; Marija) &amp;#8211; bathroom&lt;\/p&gt;\" data-image-caption=\"&lt;p&gt;Apartment A4 (Tiho &amp;#038; Marija) &amp;#8211; bathroom&lt;\/p&gt;\" data-large-file=\"https:\/\/www.tribunj.biz\/wp-content\/uploads\/2018\/04\/IMG_20200701_124020-1024x768.jpg\" \/><\/a>\n\t\t\t<\/span><\/li><li class='gallery-item'><span class='gallery-icon landscape'>\n\t\t\t\t<a href='https:\/\/www.tribunj.biz\/es_es\/accommodation\/apartment-a4-4\/img_20200701_123938\/'><img loading=\"lazy\" decoding=\"async\" width=\"150\" height=\"150\" src=\"https:\/\/www.tribunj.biz\/wp-content\/uploads\/2018\/04\/IMG_20200701_123938-150x150.jpg\" class=\"attachment-thumbnail size-thumbnail\" alt=\"Apartamento A4 (Tiho y Marija) - ba\u00f1o\" aria-describedby=\"mphb-flexslider-gallery-2-13576\" data-attachment-id=\"13576\" data-permalink=\"https:\/\/www.tribunj.biz\/es_es\/accommodation\/apartment-a4-4\/img_20200701_123938\/\" data-orig-file=\"https:\/\/www.tribunj.biz\/wp-content\/uploads\/2018\/04\/IMG_20200701_123938-scaled.jpg\" data-orig-size=\"2560,1920\" data-comments-opened=\"1\" data-image-meta=\"{&quot;aperture&quot;:&quot;1.8&quot;,&quot;credit&quot;:&quot;&quot;,&quot;camera&quot;:&quot;STK-LX1&quot;,&quot;caption&quot;:&quot;&quot;,&quot;created_timestamp&quot;:&quot;1593607179&quot;,&quot;copyright&quot;:&quot;&quot;,&quot;focal_length&quot;:&quot;3.96&quot;,&quot;iso&quot;:&quot;50&quot;,&quot;shutter_speed&quot;:&quot;0.006865&quot;,&quot;title&quot;:&quot;&quot;,&quot;orientation&quot;:&quot;1&quot;}\" data-image-title=\"IMG_20200701_123938\" data-image-description=\"&lt;p&gt;Apartment A4 (Tiho &amp;#038; Marija) &amp;#8211; bathroom&lt;\/p&gt;\" data-image-caption=\"&lt;p&gt;Apartment A4 (Tiho &amp;#038; Marija) &amp;#8211; bathroom&lt;\/p&gt;\" data-large-file=\"https:\/\/www.tribunj.biz\/wp-content\/uploads\/2018\/04\/IMG_20200701_123938-1024x768.jpg\" \/><\/a>\n\t\t\t<\/span><\/li><li class='gallery-item'><span class='gallery-icon landscape'>\n\t\t\t\t<a href='https:\/\/www.tribunj.biz\/es_es\/accommodation\/apartment-a4-4\/img_20200701_124114\/'><img loading=\"lazy\" decoding=\"async\" width=\"150\" height=\"150\" src=\"https:\/\/www.tribunj.biz\/wp-content\/uploads\/2018\/04\/IMG_20200701_124114-150x150.jpg\" class=\"attachment-thumbnail size-thumbnail\" alt=\"Apartamento A4 (Tiho y Marija) - ba\u00f1o\" aria-describedby=\"mphb-flexslider-gallery-2-13578\" data-attachment-id=\"13578\" data-permalink=\"https:\/\/www.tribunj.biz\/es_es\/accommodation\/apartment-a4-4\/img_20200701_124114\/\" data-orig-file=\"https:\/\/www.tribunj.biz\/wp-content\/uploads\/2018\/04\/IMG_20200701_124114-scaled.jpg\" data-orig-size=\"2560,1920\" data-comments-opened=\"1\" data-image-meta=\"{&quot;aperture&quot;:&quot;1.8&quot;,&quot;credit&quot;:&quot;&quot;,&quot;camera&quot;:&quot;STK-LX1&quot;,&quot;caption&quot;:&quot;&quot;,&quot;created_timestamp&quot;:&quot;1593607275&quot;,&quot;copyright&quot;:&quot;&quot;,&quot;focal_length&quot;:&quot;3.96&quot;,&quot;iso&quot;:&quot;64&quot;,&quot;shutter_speed&quot;:&quot;0.01&quot;,&quot;title&quot;:&quot;&quot;,&quot;orientation&quot;:&quot;1&quot;}\" data-image-title=\"IMG_20200701_124114\" data-image-description=\"&lt;p&gt;Apartment A4 (Tiho &amp;#038; Marija) &amp;#8211; bathroom&lt;\/p&gt;\" data-image-caption=\"&lt;p&gt;Apartment A4 (Tiho &amp;#038; Marija) &amp;#8211; bathroom&lt;\/p&gt;\" data-large-file=\"https:\/\/www.tribunj.biz\/wp-content\/uploads\/2018\/04\/IMG_20200701_124114-1024x768.jpg\" \/><\/a>\n\t\t\t<\/span><\/li><li class='gallery-item'><span class='gallery-icon landscape'>\n\t\t\t\t<a href='https:\/\/www.tribunj.biz\/es_es\/accommodation\/apartment-a4-4\/20210701_121338\/'><img loading=\"lazy\" decoding=\"async\" width=\"150\" height=\"150\" src=\"https:\/\/www.tribunj.biz\/wp-content\/uploads\/2018\/04\/20210701_121338-150x150.jpg\" class=\"attachment-thumbnail size-thumbnail\" alt=\"Apartamento A4 (Tiho y Marija) - ba\u00f1o\" aria-describedby=\"mphb-flexslider-gallery-2-13564\" data-attachment-id=\"13564\" data-permalink=\"https:\/\/www.tribunj.biz\/es_es\/accommodation\/apartment-a4-4\/20210701_121338\/\" data-orig-file=\"https:\/\/www.tribunj.biz\/wp-content\/uploads\/2018\/04\/20210701_121338-scaled.jpg\" data-orig-size=\"2560,1920\" data-comments-opened=\"1\" data-image-meta=\"{&quot;aperture&quot;:&quot;1.7&quot;,&quot;credit&quot;:&quot;&quot;,&quot;camera&quot;:&quot;SM-J730F&quot;,&quot;caption&quot;:&quot;&quot;,&quot;created_timestamp&quot;:&quot;1625141618&quot;,&quot;copyright&quot;:&quot;&quot;,&quot;focal_length&quot;:&quot;3.71&quot;,&quot;iso&quot;:&quot;40&quot;,&quot;shutter_speed&quot;:&quot;0.02&quot;,&quot;title&quot;:&quot;&quot;,&quot;orientation&quot;:&quot;1&quot;}\" data-image-title=\"20210701_121338\" data-image-description=\"&lt;p&gt;Apartment A4 (Tiho &amp;#038; Marija) &amp;#8211; bathroom&lt;\/p&gt;\" data-image-caption=\"&lt;p&gt;Apartment A4 (Tiho &amp;#038; Marija) &amp;#8211; bathroom&lt;\/p&gt;\" data-large-file=\"https:\/\/www.tribunj.biz\/wp-content\/uploads\/2018\/04\/20210701_121338-1024x768.jpg\" \/><\/a>\n\t\t\t<\/span><\/li><li class='gallery-item'><span class='gallery-icon landscape'>\n\t\t\t\t<a href='https:\/\/www.tribunj.biz\/es_es\/accommodation\/apartment-a4-4\/img_2066\/'><img loading=\"lazy\" decoding=\"async\" width=\"150\" height=\"150\" src=\"https:\/\/www.tribunj.biz\/wp-content\/uploads\/2018\/04\/IMG_2066-150x150.jpg\" class=\"attachment-thumbnail size-thumbnail\" alt=\"Apartamento A4 (Tiho y Marija): vista desde la terraza al mar y a Tribunj\" aria-describedby=\"mphb-flexslider-gallery-2-13569\" data-attachment-id=\"13569\" data-permalink=\"https:\/\/www.tribunj.biz\/es_es\/accommodation\/apartment-a4-4\/img_2066\/\" data-orig-file=\"https:\/\/www.tribunj.biz\/wp-content\/uploads\/2018\/04\/IMG_2066-scaled.jpg\" data-orig-size=\"2560,1920\" data-comments-opened=\"1\" data-image-meta=\"{&quot;aperture&quot;:&quot;8&quot;,&quot;credit&quot;:&quot;&quot;,&quot;camera&quot;:&quot;Canon DIGITAL IXUS 80 IS&quot;,&quot;caption&quot;:&quot;&quot;,&quot;created_timestamp&quot;:&quot;1404565504&quot;,&quot;copyright&quot;:&quot;&quot;,&quot;focal_length&quot;:&quot;6.2&quot;,&quot;iso&quot;:&quot;80&quot;,&quot;shutter_speed&quot;:&quot;0.003125&quot;,&quot;title&quot;:&quot;&quot;,&quot;orientation&quot;:&quot;1&quot;}\" data-image-title=\"IMG_2066\" data-image-description=\"&lt;p&gt;Apartment A4 (Tiho &amp;#038; Marija) &amp;#8211; view from terrace at sea and Tribunj&lt;\/p&gt;\" data-image-caption=\"&lt;p&gt;Apartment A4 (Tiho &amp;#038; Marija) &amp;#8211; view from terrace at sea and Tribunj&lt;\/p&gt;\" data-large-file=\"https:\/\/www.tribunj.biz\/wp-content\/uploads\/2018\/04\/IMG_2066-1024x768.jpg\" \/><\/a>\n\t\t\t<\/span><\/li><li class='gallery-item'><span class='gallery-icon landscape'>\n\t\t\t\t<a href='https:\/\/www.tribunj.biz\/es_es\/accommodation\/apartment-a4-4\/img_2068\/'><img loading=\"lazy\" decoding=\"async\" width=\"150\" height=\"150\" src=\"https:\/\/www.tribunj.biz\/wp-content\/uploads\/2018\/04\/IMG_2068-150x150.jpg\" class=\"attachment-thumbnail size-thumbnail\" alt=\"Apartamento A4 (Tiho y Marija): vista desde la terraza al mar y a Tribunj\" aria-describedby=\"mphb-flexslider-gallery-2-13570\" data-attachment-id=\"13570\" data-permalink=\"https:\/\/www.tribunj.biz\/es_es\/accommodation\/apartment-a4-4\/img_2068\/\" data-orig-file=\"https:\/\/www.tribunj.biz\/wp-content\/uploads\/2018\/04\/IMG_2068-scaled.jpg\" data-orig-size=\"2560,1920\" data-comments-opened=\"1\" data-image-meta=\"{&quot;aperture&quot;:&quot;8&quot;,&quot;credit&quot;:&quot;&quot;,&quot;camera&quot;:&quot;Canon DIGITAL IXUS 80 IS&quot;,&quot;caption&quot;:&quot;&quot;,&quot;created_timestamp&quot;:&quot;1404565527&quot;,&quot;copyright&quot;:&quot;&quot;,&quot;focal_length&quot;:&quot;6.2&quot;,&quot;iso&quot;:&quot;80&quot;,&quot;shutter_speed&quot;:&quot;0.0025&quot;,&quot;title&quot;:&quot;&quot;,&quot;orientation&quot;:&quot;1&quot;}\" data-image-title=\"IMG_2068\" data-image-description=\"&lt;p&gt;Apartment A4 (Tiho &amp;#038; Marija) &amp;#8211; view from terrace at sea and Tribunj&lt;\/p&gt;\" data-image-caption=\"&lt;p&gt;Apartment A4 (Tiho &amp;#038; Marija) &amp;#8211; view from terrace at sea and Tribunj&lt;\/p&gt;\" data-large-file=\"https:\/\/www.tribunj.biz\/wp-content\/uploads\/2018\/04\/IMG_2068-1024x768.jpg\" \/><\/a>\n\t\t\t<\/span><\/li><li class='gallery-item'><span class='gallery-icon landscape'>\n\t\t\t\t<a href='https:\/\/www.tribunj.biz\/es_es\/accommodation\/apartment-a4-4\/img_5587\/'><img loading=\"lazy\" decoding=\"async\" width=\"150\" height=\"150\" src=\"https:\/\/www.tribunj.biz\/wp-content\/uploads\/2018\/04\/IMG_5587-150x150.jpg\" class=\"attachment-thumbnail size-thumbnail\" alt=\"Apartamento A4 (Tiho y Marija) - cocina\" aria-describedby=\"mphb-flexslider-gallery-2-13571\" data-attachment-id=\"13571\" data-permalink=\"https:\/\/www.tribunj.biz\/es_es\/accommodation\/apartment-a4-4\/img_5587\/\" data-orig-file=\"https:\/\/www.tribunj.biz\/wp-content\/uploads\/2018\/04\/IMG_5587-scaled.jpg\" data-orig-size=\"2560,1920\" data-comments-opened=\"1\" data-image-meta=\"{&quot;aperture&quot;:&quot;2.8&quot;,&quot;credit&quot;:&quot;&quot;,&quot;camera&quot;:&quot;Canon DIGITAL IXUS 80 IS&quot;,&quot;caption&quot;:&quot;&quot;,&quot;created_timestamp&quot;:&quot;1467374087&quot;,&quot;copyright&quot;:&quot;&quot;,&quot;focal_length&quot;:&quot;6.2&quot;,&quot;iso&quot;:&quot;100&quot;,&quot;shutter_speed&quot;:&quot;0.002&quot;,&quot;title&quot;:&quot;&quot;,&quot;orientation&quot;:&quot;1&quot;}\" data-image-title=\"IMG_5587\" data-image-description=\"&lt;p&gt;Apartment A4 (Tiho &amp;#038; Marija) &amp;#8211; kitchen&lt;\/p&gt;\" data-image-caption=\"&lt;p&gt;Apartment A4 (Tiho &amp;#038; Marija) &amp;#8211; kitchen&lt;\/p&gt;\" data-large-file=\"https:\/\/www.tribunj.biz\/wp-content\/uploads\/2018\/04\/IMG_5587-1024x768.jpg\" \/><\/a>\n\t\t\t<\/span><\/li><li class='gallery-item'><span class='gallery-icon landscape'>\n\t\t\t\t<a href='https:\/\/www.tribunj.biz\/es_es\/accommodation\/apartment-a4-4\/img_7562\/'><img loading=\"lazy\" decoding=\"async\" width=\"150\" height=\"150\" src=\"https:\/\/www.tribunj.biz\/wp-content\/uploads\/2018\/04\/IMG_7562-150x150.jpg\" class=\"attachment-thumbnail size-thumbnail\" alt=\"Apartamento A4 (Tiho y Marija) - cocina\" aria-describedby=\"mphb-flexslider-gallery-2-13572\" data-attachment-id=\"13572\" data-permalink=\"https:\/\/www.tribunj.biz\/es_es\/accommodation\/apartment-a4-4\/img_7562\/\" data-orig-file=\"https:\/\/www.tribunj.biz\/wp-content\/uploads\/2018\/04\/IMG_7562-scaled.jpg\" data-orig-size=\"2560,1920\" data-comments-opened=\"1\" data-image-meta=\"{&quot;aperture&quot;:&quot;2.8&quot;,&quot;credit&quot;:&quot;&quot;,&quot;camera&quot;:&quot;Canon DIGITAL IXUS 80 IS&quot;,&quot;caption&quot;:&quot;&quot;,&quot;created_timestamp&quot;:&quot;1491319568&quot;,&quot;copyright&quot;:&quot;&quot;,&quot;focal_length&quot;:&quot;6.2&quot;,&quot;iso&quot;:&quot;125&quot;,&quot;shutter_speed&quot;:&quot;0.016666666666667&quot;,&quot;title&quot;:&quot;&quot;,&quot;orientation&quot;:&quot;1&quot;}\" data-image-title=\"IMG_7562\" data-image-description=\"&lt;p&gt;Apartment A4 (Tiho &amp;#038; Marija) &amp;#8211; kitchen&lt;\/p&gt;\" data-image-caption=\"&lt;p&gt;Apartment A4 (Tiho &amp;#038; Marija) &amp;#8211; kitchen&lt;\/p&gt;\" data-large-file=\"https:\/\/www.tribunj.biz\/wp-content\/uploads\/2018\/04\/IMG_7562-1024x768.jpg\" \/><\/a>\n\t\t\t<\/span><\/li><li class='gallery-item'><span class='gallery-icon landscape'>\n\t\t\t\t<a href='https:\/\/www.tribunj.biz\/es_es\/accommodation\/apartment-a4-4\/img_20200701_122942\/'><img loading=\"lazy\" decoding=\"async\" width=\"150\" height=\"150\" src=\"https:\/\/www.tribunj.biz\/wp-content\/uploads\/2018\/04\/IMG_20200701_122942-150x150.jpg\" class=\"attachment-thumbnail size-thumbnail\" alt=\"Apartamento A4 (Tiho y Marija) - cocina\" aria-describedby=\"mphb-flexslider-gallery-2-13573\" data-attachment-id=\"13573\" data-permalink=\"https:\/\/www.tribunj.biz\/es_es\/accommodation\/apartment-a4-4\/img_20200701_122942\/\" data-orig-file=\"https:\/\/www.tribunj.biz\/wp-content\/uploads\/2018\/04\/IMG_20200701_122942-scaled.jpg\" data-orig-size=\"2560,1920\" data-comments-opened=\"1\" data-image-meta=\"{&quot;aperture&quot;:&quot;1.8&quot;,&quot;credit&quot;:&quot;&quot;,&quot;camera&quot;:&quot;STK-LX1&quot;,&quot;caption&quot;:&quot;&quot;,&quot;created_timestamp&quot;:&quot;1593606583&quot;,&quot;copyright&quot;:&quot;&quot;,&quot;focal_length&quot;:&quot;3.96&quot;,&quot;iso&quot;:&quot;50&quot;,&quot;shutter_speed&quot;:&quot;0.002694&quot;,&quot;title&quot;:&quot;&quot;,&quot;orientation&quot;:&quot;1&quot;}\" data-image-title=\"IMG_20200701_122942\" data-image-description=\"&lt;p&gt;Apartment A4 (Tiho &amp;#038; Marija) &amp;#8211; kitchen&lt;\/p&gt;\" data-image-caption=\"&lt;p&gt;Apartment A4 (Tiho &amp;#038; Marija) &amp;#8211; kitchen&lt;\/p&gt;\" data-large-file=\"https:\/\/www.tribunj.biz\/wp-content\/uploads\/2018\/04\/IMG_20200701_122942-1024x768.jpg\" \/><\/a>\n\t\t\t<\/span><\/li><li class='gallery-item'><span class='gallery-icon landscape'>\n\t\t\t\t<a href='https:\/\/www.tribunj.biz\/es_es\/accommodation\/apartment-a4-4\/hodnik\/'><img loading=\"lazy\" decoding=\"async\" width=\"150\" height=\"150\" src=\"https:\/\/www.tribunj.biz\/wp-content\/uploads\/2018\/04\/hodnik-150x150.jpg\" class=\"attachment-thumbnail size-thumbnail\" alt=\"Apartamentos Tiho y Marija - escaleras\" aria-describedby=\"mphb-flexslider-gallery-2-13582\" data-attachment-id=\"13582\" data-permalink=\"https:\/\/www.tribunj.biz\/es_es\/accommodation\/apartment-a4-4\/hodnik\/\" data-orig-file=\"https:\/\/www.tribunj.biz\/wp-content\/uploads\/2018\/04\/hodnik.jpg\" data-orig-size=\"1280,960\" data-comments-opened=\"1\" data-image-meta=\"{&quot;aperture&quot;:&quot;2.8&quot;,&quot;credit&quot;:&quot;&quot;,&quot;camera&quot;:&quot;DSC-W5&quot;,&quot;caption&quot;:&quot;&quot;,&quot;created_timestamp&quot;:&quot;1114365765&quot;,&quot;copyright&quot;:&quot;&quot;,&quot;focal_length&quot;:&quot;7.9&quot;,&quot;iso&quot;:&quot;125&quot;,&quot;shutter_speed&quot;:&quot;0.025&quot;,&quot;title&quot;:&quot;&quot;,&quot;orientation&quot;:&quot;1&quot;}\" data-image-title=\"Apartments Tiho &amp;#038; Marija &amp;#8211; stairs\" data-image-description=\"&lt;p&gt;Apartments Tiho &amp;#038; Marija &amp;#8211; stairs&lt;\/p&gt;\" data-image-caption=\"&lt;p&gt;Apartments Tiho &amp;#038; Marija &amp;#8211; stairs&lt;\/p&gt;\" data-large-file=\"https:\/\/www.tribunj.biz\/wp-content\/uploads\/2018\/04\/hodnik-1024x768.jpg\" \/><\/a>\n\t\t\t<\/span><\/li><li class='gallery-item'><span class='gallery-icon landscape'>\n\t\t\t\t<a href='https:\/\/www.tribunj.biz\/es_es\/accommodation\/apartment-a4-4\/img_0910-2\/'><img loading=\"lazy\" decoding=\"async\" width=\"150\" height=\"150\" src=\"https:\/\/www.tribunj.biz\/wp-content\/uploads\/2018\/04\/IMG_0910-1-150x150.jpg\" class=\"attachment-thumbnail size-thumbnail\" alt=\"Apartamentos Tiho &amp; Marija - zona de barbacoa compartida\" aria-describedby=\"mphb-flexslider-gallery-2-13583\" data-attachment-id=\"13583\" data-permalink=\"https:\/\/www.tribunj.biz\/es_es\/accommodation\/apartment-a4-4\/img_0910-2\/\" data-orig-file=\"https:\/\/www.tribunj.biz\/wp-content\/uploads\/2018\/04\/IMG_0910-1-scaled.jpg\" data-orig-size=\"2560,1920\" data-comments-opened=\"1\" data-image-meta=\"{&quot;aperture&quot;:&quot;3&quot;,&quot;credit&quot;:&quot;&quot;,&quot;camera&quot;:&quot;Canon PowerShot A470&quot;,&quot;caption&quot;:&quot;&quot;,&quot;created_timestamp&quot;:&quot;1374332901&quot;,&quot;copyright&quot;:&quot;&quot;,&quot;focal_length&quot;:&quot;6.3&quot;,&quot;iso&quot;:&quot;80&quot;,&quot;shutter_speed&quot;:&quot;0.002&quot;,&quot;title&quot;:&quot;&quot;,&quot;orientation&quot;:&quot;1&quot;}\" data-image-title=\"IMG_0910\" data-image-description=\"&lt;p&gt;Apartments Tiho &amp;#038; Marija &amp;#8211; shared barbecue area&lt;\/p&gt;\" data-image-caption=\"&lt;p&gt;Apartments Tiho &amp;#038; Marija &amp;#8211; shared barbecue area&lt;\/p&gt;\" data-large-file=\"https:\/\/www.tribunj.biz\/wp-content\/uploads\/2018\/04\/IMG_0910-1-1024x768.jpg\" \/><\/a>\n\t\t\t<\/span><\/li><li class='gallery-item'><span class='gallery-icon landscape'>\n\t\t\t\t<a href='https:\/\/www.tribunj.biz\/es_es\/accommodation\/apartment-a4-4\/img_0916-2\/'><img loading=\"lazy\" decoding=\"async\" width=\"150\" height=\"150\" src=\"https:\/\/www.tribunj.biz\/wp-content\/uploads\/2018\/04\/IMG_0916-1-150x150.jpg\" class=\"attachment-thumbnail size-thumbnail\" alt=\"Apartamentos Tiho &amp; Marija - zona de barbacoa compartida\" aria-describedby=\"mphb-flexslider-gallery-2-13584\" data-attachment-id=\"13584\" data-permalink=\"https:\/\/www.tribunj.biz\/es_es\/accommodation\/apartment-a4-4\/img_0916-2\/\" data-orig-file=\"https:\/\/www.tribunj.biz\/wp-content\/uploads\/2018\/04\/IMG_0916-1-scaled.jpg\" data-orig-size=\"2560,1920\" data-comments-opened=\"1\" data-image-meta=\"{&quot;aperture&quot;:&quot;3&quot;,&quot;credit&quot;:&quot;&quot;,&quot;camera&quot;:&quot;Canon PowerShot A470&quot;,&quot;caption&quot;:&quot;&quot;,&quot;created_timestamp&quot;:&quot;1374332956&quot;,&quot;copyright&quot;:&quot;&quot;,&quot;focal_length&quot;:&quot;6.3&quot;,&quot;iso&quot;:&quot;80&quot;,&quot;shutter_speed&quot;:&quot;0.004&quot;,&quot;title&quot;:&quot;&quot;,&quot;orientation&quot;:&quot;1&quot;}\" data-image-title=\"IMG_0916\" data-image-description=\"&lt;p&gt;Apartments Tiho &amp;#038; Marija &amp;#8211; shared barbecue area&lt;\/p&gt;\" data-image-caption=\"&lt;p&gt;Apartments Tiho &amp;#038; Marija &amp;#8211; shared barbecue area&lt;\/p&gt;\" data-large-file=\"https:\/\/www.tribunj.biz\/wp-content\/uploads\/2018\/04\/IMG_0916-1-1024x768.jpg\" \/><\/a>\n\t\t\t<\/span><\/li><li class='gallery-item'><span class='gallery-icon landscape'>\n\t\t\t\t<a href='https:\/\/www.tribunj.biz\/es_es\/accommodation\/apartment-a4-4\/img_20220523_150240\/'><img loading=\"lazy\" decoding=\"async\" width=\"150\" height=\"150\" src=\"https:\/\/www.tribunj.biz\/wp-content\/uploads\/2018\/04\/IMG_20220523_150240-150x150.jpg\" class=\"attachment-thumbnail size-thumbnail\" alt=\"Apartamentos Tiho y Marija - casa\" aria-describedby=\"mphb-flexslider-gallery-2-13589\" data-attachment-id=\"13589\" data-permalink=\"https:\/\/www.tribunj.biz\/es_es\/accommodation\/apartment-a4-4\/img_20220523_150240\/\" data-orig-file=\"https:\/\/www.tribunj.biz\/wp-content\/uploads\/2018\/04\/IMG_20220523_150240-scaled.jpg\" data-orig-size=\"2560,1920\" data-comments-opened=\"1\" data-image-meta=\"{&quot;aperture&quot;:&quot;1.8&quot;,&quot;credit&quot;:&quot;&quot;,&quot;camera&quot;:&quot;STK-LX1&quot;,&quot;caption&quot;:&quot;&quot;,&quot;created_timestamp&quot;:&quot;1653318161&quot;,&quot;copyright&quot;:&quot;&quot;,&quot;focal_length&quot;:&quot;3.96&quot;,&quot;iso&quot;:&quot;50&quot;,&quot;shutter_speed&quot;:&quot;0.000459&quot;,&quot;title&quot;:&quot;&quot;,&quot;orientation&quot;:&quot;1&quot;}\" data-image-title=\"IMG_20220523_150240\" data-image-description=\"&lt;p&gt;Apartments Tiho &amp;#038; Marija &amp;#8211; house&lt;\/p&gt;\" data-image-caption=\"&lt;p&gt;Apartments Tiho &amp;#038; Marija &amp;#8211; house&lt;\/p&gt;\" data-large-file=\"https:\/\/www.tribunj.biz\/wp-content\/uploads\/2018\/04\/IMG_20220523_150240-1024x768.jpg\" \/><\/a>\n\t\t\t<\/span><\/li><li class='gallery-item'><span class='gallery-icon landscape'>\n\t\t\t\t<a href='https:\/\/www.tribunj.biz\/es_es\/accommodation\/apartment-a4-4\/img_20220523_152117\/'><img loading=\"lazy\" decoding=\"async\" width=\"150\" height=\"150\" src=\"https:\/\/www.tribunj.biz\/wp-content\/uploads\/2018\/04\/IMG_20220523_152117-150x150.jpg\" class=\"attachment-thumbnail size-thumbnail\" alt=\"Apartamentos Tiho &amp; Marija - aparcamiento, jard\u00edn\" aria-describedby=\"mphb-flexslider-gallery-2-13595\" data-attachment-id=\"13595\" data-permalink=\"https:\/\/www.tribunj.biz\/es_es\/accommodation\/apartment-a4-4\/img_20220523_152117\/\" data-orig-file=\"https:\/\/www.tribunj.biz\/wp-content\/uploads\/2018\/04\/IMG_20220523_152117-scaled.jpg\" data-orig-size=\"2560,1920\" data-comments-opened=\"1\" data-image-meta=\"{&quot;aperture&quot;:&quot;1.8&quot;,&quot;credit&quot;:&quot;&quot;,&quot;camera&quot;:&quot;STK-LX1&quot;,&quot;caption&quot;:&quot;&quot;,&quot;created_timestamp&quot;:&quot;1653319277&quot;,&quot;copyright&quot;:&quot;&quot;,&quot;focal_length&quot;:&quot;3.96&quot;,&quot;iso&quot;:&quot;50&quot;,&quot;shutter_speed&quot;:&quot;0.000515&quot;,&quot;title&quot;:&quot;&quot;,&quot;orientation&quot;:&quot;1&quot;}\" data-image-title=\"IMG_20220523_152117\" data-image-description=\"&lt;p&gt;Apartments Tiho &amp;#038; Marija &amp;#8211; parking, garden&lt;\/p&gt;\" data-image-caption=\"&lt;p&gt;Apartments Tiho &amp;#038; Marija &amp;#8211; parking, garden&lt;\/p&gt;\" data-large-file=\"https:\/\/www.tribunj.biz\/wp-content\/uploads\/2018\/04\/IMG_20220523_152117-1024x768.jpg\" \/><\/a>\n\t\t\t<\/span><\/li><li class='gallery-item'><span class='gallery-icon landscape'>\n\t\t\t\t<a href='https:\/\/www.tribunj.biz\/es_es\/accommodation\/apartment-a4-4\/img_20220523_151133\/'><img loading=\"lazy\" decoding=\"async\" width=\"150\" height=\"150\" src=\"https:\/\/www.tribunj.biz\/wp-content\/uploads\/2018\/04\/IMG_20220523_151133-150x150.jpg\" class=\"attachment-thumbnail size-thumbnail\" alt=\"Apartamentos Tiho &amp; Marija - aparcamiento, jard\u00edn\" aria-describedby=\"mphb-flexslider-gallery-2-13592\" data-attachment-id=\"13592\" data-permalink=\"https:\/\/www.tribunj.biz\/es_es\/accommodation\/apartment-a4-4\/img_20220523_151133\/\" data-orig-file=\"https:\/\/www.tribunj.biz\/wp-content\/uploads\/2018\/04\/IMG_20220523_151133-scaled.jpg\" data-orig-size=\"2560,1920\" data-comments-opened=\"1\" data-image-meta=\"{&quot;aperture&quot;:&quot;1.8&quot;,&quot;credit&quot;:&quot;&quot;,&quot;camera&quot;:&quot;STK-LX1&quot;,&quot;caption&quot;:&quot;&quot;,&quot;created_timestamp&quot;:&quot;1653318693&quot;,&quot;copyright&quot;:&quot;&quot;,&quot;focal_length&quot;:&quot;3.96&quot;,&quot;iso&quot;:&quot;50&quot;,&quot;shutter_speed&quot;:&quot;0.000471&quot;,&quot;title&quot;:&quot;&quot;,&quot;orientation&quot;:&quot;1&quot;}\" data-image-title=\"IMG_20220523_151133\" data-image-description=\"&lt;p&gt;Apartments Tiho &amp;#038; Marija &amp;#8211; parking, garden&lt;\/p&gt;\" data-image-caption=\"&lt;p&gt;Apartments Tiho &amp;#038; Marija &amp;#8211; parking, garden&lt;\/p&gt;\" data-large-file=\"https:\/\/www.tribunj.biz\/wp-content\/uploads\/2018\/04\/IMG_20220523_151133-1024x768.jpg\" \/><\/a>\n\t\t\t<\/span><\/li><\/ul>\n\t\t<\/div>\n\n\t<\/div>\n\t\n<h2 class=\"mphb-room-type-title entry-title\">\n\n<a class=\"mphb-room-type-title\" href=\"https:\/\/www.tribunj.biz\/es_es\/accommodation\/apartment-a4-4\/\">Apartamento A4 (4)<\/a>\n\n<\/h2>\n\n<p>El apartamento est\u00e1 totalmente equipado para 4 personas.<br \/>\n60 m2, 4 camas, segundo piso, cocina con comedor, dormitorio 1 (cama doble), dormitorio 2 (cama doble, 1 sof\u00e1 a un lado), ba\u00f1o con inodoro, terraza (18 m2), el apartamento tiene vista al jard\u00edn, mar, puerto deportivo y Tribunj.<\/p>\n\n\n\n\t<p class=\"mphb-regular-price\"><strong>Precio desde:<\/strong>\n\t<span class=\"mphb-price\">110<span class=\"mphb-currency\">\u20ac<\/span><\/span> <span class=\"mphb-price-period\" title=\"Establezca las fechas para ver los precios adecuados\">por noche<\/span>\n\t<\/p>\n\t\n<p class=\"mphb-view-details-button-wrapper\">\n<a class=\"button mphb-view-details-button\" href=\"https:\/\/www.tribunj.biz\/es_es\/accommodation\/apartment-a4-4\/\" >Ver detalles<\/a>\n<\/p>\n<div class=\"mphb-to-book-btn-wrapper\">\n<form action=\"https:\/\/www.tribunj.biz\/es_es\/alojamiento\/apartamento-a4-4\/#booking-form-321\" method=\"get\" data-trp-original-action=\"https:\/\/www.tribunj.biz\/es_es\/accommodation\/apartment-a4-4\/#booking-form-321\" ><button type=\"submit\" class=\"button mphb-book-button\" >Hacer reserva<\/button><input type=\"hidden\" name=\"trp-form-language\" value=\"es_es\"\/><\/form>\n<br\/><\/div>\n\t\n<\/div>\n\n<div class=\"mphb-room-type post-316 mphb_room_type type-mphb_room_type status-publish mphb_room_type_category-category-accommodation-tribunj mphb_room_type_category-one-bedroom-tribunj mphb_room_type_tag-accommodation mphb_room_type_tag-apartment mphb_room_type_tag-one-room-apartment mphb_room_type_tag-tribunj mphb_room_type_tag-view-at-sea mphb_room_type_facility-air-conditioning mphb_room_type_facility-bathroom mphb_room_type_facility-bedroom mphb_room_type_facility-central-heating mphb_room_type_facility-cleaning-products mphb_room_type_facility-clothes-rack mphb_room_type_facility-coffee-machine mphb_room_type_facility-couch mphb_room_type_facility-dining-area mphb_room_type_facility-drying-rack-for-clothing mphb_room_type_facility-electric-kettle mphb_room_type_facility-flat-screen-tv mphb_room_type_facility-free-parking mphb_room_type_facility-barbecue mphb_room_type_facility-free-wifi mphb_room_type_facility-hairdryer mphb_room_type_facility-kitchen mphb_room_type_facility-kitchenware mphb_room_type_facility-linens mphb_room_type_facility-microwave mphb_room_type_facility-outdoor-furniture mphb_room_type_facility-patio mphb_room_type_facility-refrigerator mphb_room_type_facility-satellite-channels mphb_room_type_facility-shower mphb_room_type_facility-sitting-area mphb_room_type_facility-smoking-allowed mphb_room_type_facility-stovetop mphb_room_type_facility-terrace mphb_room_type_facility-toilet mphb_room_type_facility-toilet-paper mphb_room_type_facility-towels mphb_room_type_facility-upper-floors-accessible-by-stairs-only mphb_room_type_facility-vakuum-cleaner mphb_room_type_facility-wardrobe-closet mphb-room-type-adults-2 mphb-room-type-children-1\">\n\n\t\n\t\n\n\t<div class=\"mphb-room-type-images\">\n\t<span class=\"mphb_room_type_featured_image_wrapper\"><div id='mphb-flexslider-gallery-3' class='gallery-columns-1 gallery-size-villagio-thumb-small-x2 mphb-gallery-main-slider mphb-flexslider-gallery-wrapper mphb-room-type-gallery-wrapper mphb-gallery-main-slider-69f47f83e7da7' data-flexslider-atts='{\"animation\":\"slide\",\"controlNav\":false,\"animationLoop\":true,\"smoothHeight\":true,\"slideshow\":false}' data-group='69f47f83e7da7'><ul class=\"slides\"><li class='gallery-item'><span class='gallery-icon landscape'>\n\t\t\t\t<a href=\"https:\/\/www.tribunj.biz\/es_es\/accommodation\/apartment-a3-2\/\"><img loading=\"lazy\" decoding=\"async\" width=\"1434\" height=\"1080\" src=\"https:\/\/www.tribunj.biz\/wp-content\/uploads\/2018\/04\/2018-06-03-11.10.42-1434x1080.jpg\" class=\"attachment-villagio-thumb-small-x2 size-villagio-thumb-small-x2\" alt=\"Apartamento A3 (Tiho y Marija): vista desde la terraza al mar, al puerto deportivo y a Tribunj\" aria-describedby=\"mphb-flexslider-gallery-3-13607\" srcset=\"https:\/\/www.tribunj.biz\/wp-content\/uploads\/2018\/04\/2018-06-03-11.10.42-1434x1080.jpg 1434w, https:\/\/www.tribunj.biz\/wp-content\/uploads\/2018\/04\/2018-06-03-11.10.42-300x225.jpg 300w, https:\/\/www.tribunj.biz\/wp-content\/uploads\/2018\/04\/2018-06-03-11.10.42-16x12.jpg 16w, https:\/\/www.tribunj.biz\/wp-content\/uploads\/2018\/04\/2018-06-03-11.10.42-717x540.jpg 717w\" sizes=\"auto, (max-width: 1434px) 100vw, 1434px\" data-attachment-id=\"13607\" data-permalink=\"https:\/\/www.tribunj.biz\/es_es\/accommodation\/apartment-a3-2\/2018-06-03-11-10-42\/\" data-orig-file=\"https:\/\/www.tribunj.biz\/wp-content\/uploads\/2018\/04\/2018-06-03-11.10.42.jpg\" data-orig-size=\"2400,1800\" data-comments-opened=\"1\" data-image-meta=\"{&quot;aperture&quot;:&quot;0&quot;,&quot;credit&quot;:&quot;&quot;,&quot;camera&quot;:&quot;&quot;,&quot;caption&quot;:&quot;&quot;,&quot;created_timestamp&quot;:&quot;0&quot;,&quot;copyright&quot;:&quot;&quot;,&quot;focal_length&quot;:&quot;0&quot;,&quot;iso&quot;:&quot;0&quot;,&quot;shutter_speed&quot;:&quot;0&quot;,&quot;title&quot;:&quot;&quot;,&quot;orientation&quot;:&quot;0&quot;}\" data-image-title=\"2018-06-03-11.10.42\" data-image-description=\"&lt;p&gt;Apartment A3 (Tiho &amp;#038; Marija) &amp;#8211; view from terrace at sea, marina and Tribunj&lt;\/p&gt;\" data-image-caption=\"&lt;p&gt;Apartment A3 (Tiho &amp;#038; Marija) &amp;#8211; view from terrace at sea, marina and Tribunj&lt;\/p&gt;\" data-large-file=\"https:\/\/www.tribunj.biz\/wp-content\/uploads\/2018\/04\/2018-06-03-11.10.42-1024x768.jpg\" \/><\/a>\n\t\t\t<\/span><\/li><li class='gallery-item'><span class='gallery-icon landscape'>\n\t\t\t\t<a href=\"https:\/\/www.tribunj.biz\/es_es\/accommodation\/apartment-a3-2\/\"><img loading=\"lazy\" decoding=\"async\" width=\"1434\" height=\"1080\" src=\"https:\/\/www.tribunj.biz\/wp-content\/uploads\/2018\/04\/IMG_20220523_150213-1434x1080.jpg\" class=\"attachment-villagio-thumb-small-x2 size-villagio-thumb-small-x2\" alt=\"Apartamentos Tiho y Marija - casa\" aria-describedby=\"mphb-flexslider-gallery-3-13588\" srcset=\"https:\/\/www.tribunj.biz\/wp-content\/uploads\/2018\/04\/IMG_20220523_150213-1434x1080.jpg 1434w, https:\/\/www.tribunj.biz\/wp-content\/uploads\/2018\/04\/IMG_20220523_150213-300x225.jpg 300w, https:\/\/www.tribunj.biz\/wp-content\/uploads\/2018\/04\/IMG_20220523_150213-16x12.jpg 16w, https:\/\/www.tribunj.biz\/wp-content\/uploads\/2018\/04\/IMG_20220523_150213-717x540.jpg 717w\" sizes=\"auto, (max-width: 1434px) 100vw, 1434px\" data-attachment-id=\"13588\" data-permalink=\"https:\/\/www.tribunj.biz\/es_es\/accommodation\/apartment-a4-4\/img_20220523_150213\/\" data-orig-file=\"https:\/\/www.tribunj.biz\/wp-content\/uploads\/2018\/04\/IMG_20220523_150213-scaled.jpg\" data-orig-size=\"2560,1920\" data-comments-opened=\"1\" data-image-meta=\"{&quot;aperture&quot;:&quot;1.8&quot;,&quot;credit&quot;:&quot;&quot;,&quot;camera&quot;:&quot;STK-LX1&quot;,&quot;caption&quot;:&quot;&quot;,&quot;created_timestamp&quot;:&quot;1653318134&quot;,&quot;copyright&quot;:&quot;&quot;,&quot;focal_length&quot;:&quot;3.96&quot;,&quot;iso&quot;:&quot;50&quot;,&quot;shutter_speed&quot;:&quot;0.000495&quot;,&quot;title&quot;:&quot;&quot;,&quot;orientation&quot;:&quot;1&quot;}\" data-image-title=\"IMG_20220523_150213\" data-image-description=\"&lt;p&gt;Apartments Tiho &amp;#038; Marija &amp;#8211; house&lt;\/p&gt;\" data-image-caption=\"&lt;p&gt;Apartments Tiho &amp;#038; Marija &amp;#8211; house&lt;\/p&gt;\" data-large-file=\"https:\/\/www.tribunj.biz\/wp-content\/uploads\/2018\/04\/IMG_20220523_150213-1024x768.jpg\" \/><\/a>\n\t\t\t<\/span><\/li><li class='gallery-item'><span class='gallery-icon landscape'>\n\t\t\t\t<a href=\"https:\/\/www.tribunj.biz\/es_es\/accommodation\/apartment-a3-2\/\"><img loading=\"lazy\" decoding=\"async\" width=\"1434\" height=\"1080\" src=\"https:\/\/www.tribunj.biz\/wp-content\/uploads\/2018\/04\/2017-04-20-17.50-2-1434x1080.jpg\" class=\"attachment-villagio-thumb-small-x2 size-villagio-thumb-small-x2\" alt=\"Apartamento A3 (Tiho y Marija) - sof\u00e1 peque\u00f1o\" aria-describedby=\"mphb-flexslider-gallery-3-13604\" srcset=\"https:\/\/www.tribunj.biz\/wp-content\/uploads\/2018\/04\/2017-04-20-17.50-2-1434x1080.jpg 1434w, https:\/\/www.tribunj.biz\/wp-content\/uploads\/2018\/04\/2017-04-20-17.50-2-300x225.jpg 300w, https:\/\/www.tribunj.biz\/wp-content\/uploads\/2018\/04\/2017-04-20-17.50-2-16x12.jpg 16w, https:\/\/www.tribunj.biz\/wp-content\/uploads\/2018\/04\/2017-04-20-17.50-2-717x540.jpg 717w\" sizes=\"auto, (max-width: 1434px) 100vw, 1434px\" data-attachment-id=\"13604\" data-permalink=\"https:\/\/www.tribunj.biz\/es_es\/accommodation\/apartment-a3-2\/2017-04-20-17-50-2\/\" data-orig-file=\"https:\/\/www.tribunj.biz\/wp-content\/uploads\/2018\/04\/2017-04-20-17.50-2-scaled.jpg\" data-orig-size=\"2560,1920\" data-comments-opened=\"1\" data-image-meta=\"{&quot;aperture&quot;:&quot;2.4&quot;,&quot;credit&quot;:&quot;&quot;,&quot;camera&quot;:&quot;LG-D802&quot;,&quot;caption&quot;:&quot;&quot;,&quot;created_timestamp&quot;:&quot;1492710604&quot;,&quot;copyright&quot;:&quot;&quot;,&quot;focal_length&quot;:&quot;3.97&quot;,&quot;iso&quot;:&quot;50&quot;,&quot;shutter_speed&quot;:&quot;0.0010905125408942&quot;,&quot;title&quot;:&quot;&quot;,&quot;orientation&quot;:&quot;1&quot;}\" data-image-title=\"2017-04-20 17.50 (2)\" data-image-description=\"&lt;p&gt;Apartment A3 (Tiho &amp;#038; Marija) &amp;#8211; small couch &lt;\/p&gt;\" data-image-caption=\"&lt;p&gt;Apartment A3 (Tiho &amp;#038; Marija) &amp;#8211; small couch &lt;\/p&gt;\" data-large-file=\"https:\/\/www.tribunj.biz\/wp-content\/uploads\/2018\/04\/2017-04-20-17.50-2-1024x768.jpg\" \/><\/a>\n\t\t\t<\/span><\/li><li class='gallery-item'><span class='gallery-icon landscape'>\n\t\t\t\t<a href=\"https:\/\/www.tribunj.biz\/es_es\/accommodation\/apartment-a3-2\/\"><img loading=\"lazy\" decoding=\"async\" width=\"1434\" height=\"1080\" src=\"https:\/\/www.tribunj.biz\/wp-content\/uploads\/2018\/04\/2018-06-03-11.11.36-2-1434x1080.jpg\" class=\"attachment-villagio-thumb-small-x2 size-villagio-thumb-small-x2\" alt=\"Apartamento A3 (Tiho y Marija) - cocina\/comedor\" aria-describedby=\"mphb-flexslider-gallery-3-13605\" srcset=\"https:\/\/www.tribunj.biz\/wp-content\/uploads\/2018\/04\/2018-06-03-11.11.36-2-1434x1080.jpg 1434w, https:\/\/www.tribunj.biz\/wp-content\/uploads\/2018\/04\/2018-06-03-11.11.36-2-300x225.jpg 300w, https:\/\/www.tribunj.biz\/wp-content\/uploads\/2018\/04\/2018-06-03-11.11.36-2-16x12.jpg 16w, https:\/\/www.tribunj.biz\/wp-content\/uploads\/2018\/04\/2018-06-03-11.11.36-2-717x540.jpg 717w\" sizes=\"auto, (max-width: 1434px) 100vw, 1434px\" data-attachment-id=\"13605\" data-permalink=\"https:\/\/www.tribunj.biz\/es_es\/accommodation\/apartment-a3-2\/2018-06-03-11-11-36-2\/\" data-orig-file=\"https:\/\/www.tribunj.biz\/wp-content\/uploads\/2018\/04\/2018-06-03-11.11.36-2-scaled.jpg\" data-orig-size=\"2560,1920\" data-comments-opened=\"1\" data-image-meta=\"{&quot;aperture&quot;:&quot;1.9&quot;,&quot;credit&quot;:&quot;&quot;,&quot;camera&quot;:&quot;SM-J330F&quot;,&quot;caption&quot;:&quot;&quot;,&quot;created_timestamp&quot;:&quot;1528024296&quot;,&quot;copyright&quot;:&quot;&quot;,&quot;focal_length&quot;:&quot;3.6&quot;,&quot;iso&quot;:&quot;64&quot;,&quot;shutter_speed&quot;:&quot;0.01&quot;,&quot;title&quot;:&quot;&quot;,&quot;orientation&quot;:&quot;1&quot;}\" data-image-title=\"2018-06-03 11.11.36 (2)\" data-image-description=\"&lt;p&gt;Apartment A3 (Tiho &amp;#038; Marija) &amp;#8211; kitchen\/dining room&lt;\/p&gt;\" data-image-caption=\"&lt;p&gt;Apartment A3 (Tiho &amp;#038; Marija) &amp;#8211; kitchen\/dining room&lt;\/p&gt;\" data-large-file=\"https:\/\/www.tribunj.biz\/wp-content\/uploads\/2018\/04\/2018-06-03-11.11.36-2-1024x768.jpg\" \/><\/a>\n\t\t\t<\/span><\/li><li class='gallery-item'><span class='gallery-icon landscape'>\n\t\t\t\t<a href=\"https:\/\/www.tribunj.biz\/es_es\/accommodation\/apartment-a3-2\/\"><img loading=\"lazy\" decoding=\"async\" width=\"1434\" height=\"1080\" src=\"https:\/\/www.tribunj.biz\/wp-content\/uploads\/2018\/04\/2018-06-03-11.11.55-2-1434x1080.jpg\" class=\"attachment-villagio-thumb-small-x2 size-villagio-thumb-small-x2\" alt=\"Apartamento A3 (Tiho y Marija) - cocina\/comedor\" aria-describedby=\"mphb-flexslider-gallery-3-13606\" srcset=\"https:\/\/www.tribunj.biz\/wp-content\/uploads\/2018\/04\/2018-06-03-11.11.55-2-1434x1080.jpg 1434w, https:\/\/www.tribunj.biz\/wp-content\/uploads\/2018\/04\/2018-06-03-11.11.55-2-300x225.jpg 300w, https:\/\/www.tribunj.biz\/wp-content\/uploads\/2018\/04\/2018-06-03-11.11.55-2-16x12.jpg 16w, https:\/\/www.tribunj.biz\/wp-content\/uploads\/2018\/04\/2018-06-03-11.11.55-2-717x540.jpg 717w\" sizes=\"auto, (max-width: 1434px) 100vw, 1434px\" data-attachment-id=\"13606\" data-permalink=\"https:\/\/www.tribunj.biz\/es_es\/accommodation\/apartment-a3-2\/2018-06-03-11-11-55-2\/\" data-orig-file=\"https:\/\/www.tribunj.biz\/wp-content\/uploads\/2018\/04\/2018-06-03-11.11.55-2-scaled.jpg\" data-orig-size=\"2560,1920\" data-comments-opened=\"1\" data-image-meta=\"{&quot;aperture&quot;:&quot;1.9&quot;,&quot;credit&quot;:&quot;&quot;,&quot;camera&quot;:&quot;SM-J330F&quot;,&quot;caption&quot;:&quot;&quot;,&quot;created_timestamp&quot;:&quot;1528024315&quot;,&quot;copyright&quot;:&quot;&quot;,&quot;focal_length&quot;:&quot;3.6&quot;,&quot;iso&quot;:&quot;40&quot;,&quot;shutter_speed&quot;:&quot;0.02&quot;,&quot;title&quot;:&quot;&quot;,&quot;orientation&quot;:&quot;1&quot;}\" data-image-title=\"2018-06-03 11.11.55 (2)\" data-image-description=\"&lt;p&gt;Apartment A3 (Tiho &amp;#038; Marija) &amp;#8211; kitchen\/dining room&lt;\/p&gt;\" data-image-caption=\"&lt;p&gt;Apartment A3 (Tiho &amp;#038; Marija) &amp;#8211; kitchen\/dining room&lt;\/p&gt;\" data-large-file=\"https:\/\/www.tribunj.biz\/wp-content\/uploads\/2018\/04\/2018-06-03-11.11.55-2-1024x768.jpg\" \/><\/a>\n\t\t\t<\/span><\/li><li class='gallery-item'><span class='gallery-icon landscape'>\n\t\t\t\t<a href=\"https:\/\/www.tribunj.biz\/es_es\/accommodation\/apartment-a3-2\/\"><img loading=\"lazy\" decoding=\"async\" width=\"1434\" height=\"1080\" src=\"https:\/\/www.tribunj.biz\/wp-content\/uploads\/2018\/04\/2018-06-03-11.12.52-1434x1080.jpg\" class=\"attachment-villagio-thumb-small-x2 size-villagio-thumb-small-x2\" alt=\"Apartamento A3 (Tiho y Marija): vista desde la terraza al mar, al puerto deportivo y a Tribunj\" aria-describedby=\"mphb-flexslider-gallery-3-13608\" srcset=\"https:\/\/www.tribunj.biz\/wp-content\/uploads\/2018\/04\/2018-06-03-11.12.52-1434x1080.jpg 1434w, https:\/\/www.tribunj.biz\/wp-content\/uploads\/2018\/04\/2018-06-03-11.12.52-300x225.jpg 300w, https:\/\/www.tribunj.biz\/wp-content\/uploads\/2018\/04\/2018-06-03-11.12.52-16x12.jpg 16w, https:\/\/www.tribunj.biz\/wp-content\/uploads\/2018\/04\/2018-06-03-11.12.52-717x540.jpg 717w\" sizes=\"auto, (max-width: 1434px) 100vw, 1434px\" data-attachment-id=\"13608\" data-permalink=\"https:\/\/www.tribunj.biz\/es_es\/accommodation\/apartment-a3-2\/2018-06-03-11-12-52\/\" data-orig-file=\"https:\/\/www.tribunj.biz\/wp-content\/uploads\/2018\/04\/2018-06-03-11.12.52.jpg\" data-orig-size=\"2400,1800\" data-comments-opened=\"1\" data-image-meta=\"{&quot;aperture&quot;:&quot;0&quot;,&quot;credit&quot;:&quot;&quot;,&quot;camera&quot;:&quot;&quot;,&quot;caption&quot;:&quot;&quot;,&quot;created_timestamp&quot;:&quot;0&quot;,&quot;copyright&quot;:&quot;&quot;,&quot;focal_length&quot;:&quot;0&quot;,&quot;iso&quot;:&quot;0&quot;,&quot;shutter_speed&quot;:&quot;0&quot;,&quot;title&quot;:&quot;&quot;,&quot;orientation&quot;:&quot;0&quot;}\" data-image-title=\"2018-06-03-11.12.52\" data-image-description=\"&lt;p&gt;Apartment A3 (Tiho &amp;#038; Marija) &amp;#8211; view from terrace at sea, marina and Tribunj&lt;\/p&gt;\" data-image-caption=\"&lt;p&gt;Apartment A3 (Tiho &amp;#038; Marija) &amp;#8211; view from terrace at sea, marina and Tribunj&lt;\/p&gt;\" data-large-file=\"https:\/\/www.tribunj.biz\/wp-content\/uploads\/2018\/04\/2018-06-03-11.12.52-1024x768.jpg\" \/><\/a>\n\t\t\t<\/span><\/li><li class='gallery-item'><span class='gallery-icon landscape'>\n\t\t\t\t<a href=\"https:\/\/www.tribunj.biz\/es_es\/accommodation\/apartment-a3-2\/\"><img loading=\"lazy\" decoding=\"async\" width=\"1434\" height=\"1080\" src=\"https:\/\/www.tribunj.biz\/wp-content\/uploads\/2018\/04\/20140804_102540-1-1434x1080.jpg\" class=\"attachment-villagio-thumb-small-x2 size-villagio-thumb-small-x2\" alt=\"Apartamento A3 (Tiho y Marija): vista desde la terraza al mar, al puerto deportivo y a Tribunj\" aria-describedby=\"mphb-flexslider-gallery-3-13610\" srcset=\"https:\/\/www.tribunj.biz\/wp-content\/uploads\/2018\/04\/20140804_102540-1-1434x1080.jpg 1434w, https:\/\/www.tribunj.biz\/wp-content\/uploads\/2018\/04\/20140804_102540-1-300x225.jpg 300w, https:\/\/www.tribunj.biz\/wp-content\/uploads\/2018\/04\/20140804_102540-1-16x12.jpg 16w, https:\/\/www.tribunj.biz\/wp-content\/uploads\/2018\/04\/20140804_102540-1-717x540.jpg 717w\" sizes=\"auto, (max-width: 1434px) 100vw, 1434px\" data-attachment-id=\"13610\" data-permalink=\"https:\/\/www.tribunj.biz\/es_es\/accommodation\/apartment-a3-2\/20140804_102540-2\/\" data-orig-file=\"https:\/\/www.tribunj.biz\/wp-content\/uploads\/2018\/04\/20140804_102540-1-scaled.jpg\" data-orig-size=\"2560,1920\" data-comments-opened=\"1\" data-image-meta=\"{&quot;aperture&quot;:&quot;2.4&quot;,&quot;credit&quot;:&quot;&quot;,&quot;camera&quot;:&quot;LG-D802&quot;,&quot;caption&quot;:&quot;&quot;,&quot;created_timestamp&quot;:&quot;1407147940&quot;,&quot;copyright&quot;:&quot;&quot;,&quot;focal_length&quot;:&quot;3.97&quot;,&quot;iso&quot;:&quot;50&quot;,&quot;shutter_speed&quot;:&quot;0.00051020408163265&quot;,&quot;title&quot;:&quot;&quot;,&quot;orientation&quot;:&quot;1&quot;}\" data-image-title=\"20140804_102540\" data-image-description=\"&lt;p&gt;Apartment A3 (Tiho &amp;#038; Marija) &amp;#8211; view from terrace at sea, marina and Tribunj&lt;\/p&gt;\" data-image-caption=\"&lt;p&gt;Apartment A3 (Tiho &amp;#038; Marija) &amp;#8211; view from terrace at sea, marina and Tribunj&lt;\/p&gt;\" data-large-file=\"https:\/\/www.tribunj.biz\/wp-content\/uploads\/2018\/04\/20140804_102540-1-1024x768.jpg\" \/><\/a>\n\t\t\t<\/span><\/li><li class='gallery-item'><span class='gallery-icon landscape'>\n\t\t\t\t<a href=\"https:\/\/www.tribunj.biz\/es_es\/accommodation\/apartment-a3-2\/\"><img loading=\"lazy\" decoding=\"async\" width=\"1434\" height=\"1080\" src=\"https:\/\/www.tribunj.biz\/wp-content\/uploads\/2018\/04\/20220525_160227-1434x1080.jpg\" class=\"attachment-villagio-thumb-small-x2 size-villagio-thumb-small-x2\" alt=\"Apartamento A3 (Tiho y Marija) - dormitorio\" aria-describedby=\"mphb-flexslider-gallery-3-13615\" srcset=\"https:\/\/www.tribunj.biz\/wp-content\/uploads\/2018\/04\/20220525_160227-1434x1080.jpg 1434w, https:\/\/www.tribunj.biz\/wp-content\/uploads\/2018\/04\/20220525_160227-300x225.jpg 300w, https:\/\/www.tribunj.biz\/wp-content\/uploads\/2018\/04\/20220525_160227-16x12.jpg 16w, https:\/\/www.tribunj.biz\/wp-content\/uploads\/2018\/04\/20220525_160227-717x540.jpg 717w\" sizes=\"auto, (max-width: 1434px) 100vw, 1434px\" data-attachment-id=\"13615\" data-permalink=\"https:\/\/www.tribunj.biz\/es_es\/accommodation\/apartment-a3-2\/20220525_160227\/\" data-orig-file=\"https:\/\/www.tribunj.biz\/wp-content\/uploads\/2018\/04\/20220525_160227-scaled.jpg\" data-orig-size=\"2560,1920\" data-comments-opened=\"1\" data-image-meta=\"{&quot;aperture&quot;:&quot;2&quot;,&quot;credit&quot;:&quot;&quot;,&quot;camera&quot;:&quot;SM-A127F&quot;,&quot;caption&quot;:&quot;&quot;,&quot;created_timestamp&quot;:&quot;1653494545&quot;,&quot;copyright&quot;:&quot;&quot;,&quot;focal_length&quot;:&quot;4.6&quot;,&quot;iso&quot;:&quot;25&quot;,&quot;shutter_speed&quot;:&quot;0.0083333333333333&quot;,&quot;title&quot;:&quot;&quot;,&quot;orientation&quot;:&quot;1&quot;}\" data-image-title=\"20220525_160227\" data-image-description=\"&lt;p&gt;Apartment A3 (Tiho &amp;#038; Marija) &amp;#8211; bedroom&lt;\/p&gt;\" data-image-caption=\"&lt;p&gt;Apartment A3 (Tiho &amp;#038; Marija) &amp;#8211; bedroom&lt;\/p&gt;\" data-large-file=\"https:\/\/www.tribunj.biz\/wp-content\/uploads\/2018\/04\/20220525_160227-1024x768.jpg\" \/><\/a>\n\t\t\t<\/span><\/li><li class='gallery-item'><span class='gallery-icon landscape'>\n\t\t\t\t<a href=\"https:\/\/www.tribunj.biz\/es_es\/accommodation\/apartment-a3-2\/\"><img loading=\"lazy\" decoding=\"async\" width=\"1434\" height=\"1080\" src=\"https:\/\/www.tribunj.biz\/wp-content\/uploads\/2018\/04\/20220525_160235-1434x1080.jpg\" class=\"attachment-villagio-thumb-small-x2 size-villagio-thumb-small-x2\" alt=\"Apartamento A3 (Tiho y Marija) - dormitorio\" aria-describedby=\"mphb-flexslider-gallery-3-13616\" srcset=\"https:\/\/www.tribunj.biz\/wp-content\/uploads\/2018\/04\/20220525_160235-1434x1080.jpg 1434w, https:\/\/www.tribunj.biz\/wp-content\/uploads\/2018\/04\/20220525_160235-300x225.jpg 300w, https:\/\/www.tribunj.biz\/wp-content\/uploads\/2018\/04\/20220525_160235-16x12.jpg 16w, https:\/\/www.tribunj.biz\/wp-content\/uploads\/2018\/04\/20220525_160235-717x540.jpg 717w\" sizes=\"auto, (max-width: 1434px) 100vw, 1434px\" data-attachment-id=\"13616\" data-permalink=\"https:\/\/www.tribunj.biz\/es_es\/accommodation\/apartment-a3-2\/20220525_160235\/\" data-orig-file=\"https:\/\/www.tribunj.biz\/wp-content\/uploads\/2018\/04\/20220525_160235-scaled.jpg\" data-orig-size=\"2560,1920\" data-comments-opened=\"1\" data-image-meta=\"{&quot;aperture&quot;:&quot;2&quot;,&quot;credit&quot;:&quot;&quot;,&quot;camera&quot;:&quot;SM-A127F&quot;,&quot;caption&quot;:&quot;&quot;,&quot;created_timestamp&quot;:&quot;1653494554&quot;,&quot;copyright&quot;:&quot;&quot;,&quot;focal_length&quot;:&quot;4.6&quot;,&quot;iso&quot;:&quot;32&quot;,&quot;shutter_speed&quot;:&quot;0.0083333333333333&quot;,&quot;title&quot;:&quot;&quot;,&quot;orientation&quot;:&quot;1&quot;}\" data-image-title=\"20220525_160235\" data-image-description=\"&lt;p&gt;Apartment A3 (Tiho &amp;#038; Marija) &amp;#8211; bedroom&lt;\/p&gt;\" data-image-caption=\"&lt;p&gt;Apartment A3 (Tiho &amp;#038; Marija) &amp;#8211; bedroom&lt;\/p&gt;\" data-large-file=\"https:\/\/www.tribunj.biz\/wp-content\/uploads\/2018\/04\/20220525_160235-1024x768.jpg\" \/><\/a>\n\t\t\t<\/span><\/li><li class='gallery-item'><span class='gallery-icon landscape'>\n\t\t\t\t<a href=\"https:\/\/www.tribunj.biz\/es_es\/accommodation\/apartment-a3-2\/\"><img loading=\"lazy\" decoding=\"async\" width=\"1434\" height=\"1080\" src=\"https:\/\/www.tribunj.biz\/wp-content\/uploads\/2018\/04\/20220525_104227-2-1434x1080.jpg\" class=\"attachment-villagio-thumb-small-x2 size-villagio-thumb-small-x2\" alt=\"\" srcset=\"https:\/\/www.tribunj.biz\/wp-content\/uploads\/2018\/04\/20220525_104227-2-1434x1080.jpg 1434w, https:\/\/www.tribunj.biz\/wp-content\/uploads\/2018\/04\/20220525_104227-2-300x225.jpg 300w, https:\/\/www.tribunj.biz\/wp-content\/uploads\/2018\/04\/20220525_104227-2-16x12.jpg 16w, https:\/\/www.tribunj.biz\/wp-content\/uploads\/2018\/04\/20220525_104227-2-717x540.jpg 717w\" sizes=\"auto, (max-width: 1434px) 100vw, 1434px\" data-attachment-id=\"13611\" data-permalink=\"https:\/\/www.tribunj.biz\/es_es\/accommodation\/apartment-a3-2\/20220525_104227-2\/\" data-orig-file=\"https:\/\/www.tribunj.biz\/wp-content\/uploads\/2018\/04\/20220525_104227-2-scaled.jpg\" data-orig-size=\"2560,1920\" data-comments-opened=\"1\" data-image-meta=\"{&quot;aperture&quot;:&quot;2&quot;,&quot;credit&quot;:&quot;&quot;,&quot;camera&quot;:&quot;SM-A127F&quot;,&quot;caption&quot;:&quot;&quot;,&quot;created_timestamp&quot;:&quot;1653475346&quot;,&quot;copyright&quot;:&quot;&quot;,&quot;focal_length&quot;:&quot;4.6&quot;,&quot;iso&quot;:&quot;32&quot;,&quot;shutter_speed&quot;:&quot;0.016666666666667&quot;,&quot;title&quot;:&quot;&quot;,&quot;orientation&quot;:&quot;1&quot;}\" data-image-title=\"20220525_104227 (2)\" data-image-description=\"\" data-image-caption=\"\" data-large-file=\"https:\/\/www.tribunj.biz\/wp-content\/uploads\/2018\/04\/20220525_104227-2-1024x768.jpg\" \/><\/a>\n\t\t\t<\/span><\/li><li class='gallery-item'><span class='gallery-icon portrait'>\n\t\t\t\t<a href=\"https:\/\/www.tribunj.biz\/es_es\/accommodation\/apartment-a3-2\/\"><img loading=\"lazy\" decoding=\"async\" width=\"1434\" height=\"1080\" src=\"https:\/\/www.tribunj.biz\/wp-content\/uploads\/2018\/04\/20220525_104527-1434x1080.jpg\" class=\"attachment-villagio-thumb-small-x2 size-villagio-thumb-small-x2\" alt=\"Apartamento A3 (Tiho y Marija) - ba\u00f1o\" aria-describedby=\"mphb-flexslider-gallery-3-13612\" srcset=\"https:\/\/www.tribunj.biz\/wp-content\/uploads\/2018\/04\/20220525_104527-1434x1080.jpg 1434w, https:\/\/www.tribunj.biz\/wp-content\/uploads\/2018\/04\/20220525_104527-717x540.jpg 717w\" sizes=\"auto, (max-width: 1434px) 100vw, 1434px\" data-attachment-id=\"13612\" data-permalink=\"https:\/\/www.tribunj.biz\/es_es\/accommodation\/apartment-a3-2\/20220525_104527\/\" data-orig-file=\"https:\/\/www.tribunj.biz\/wp-content\/uploads\/2018\/04\/20220525_104527-scaled.jpg\" data-orig-size=\"1920,2560\" data-comments-opened=\"1\" data-image-meta=\"{&quot;aperture&quot;:&quot;2&quot;,&quot;credit&quot;:&quot;&quot;,&quot;camera&quot;:&quot;SM-A127F&quot;,&quot;caption&quot;:&quot;&quot;,&quot;created_timestamp&quot;:&quot;1653475525&quot;,&quot;copyright&quot;:&quot;&quot;,&quot;focal_length&quot;:&quot;4.6&quot;,&quot;iso&quot;:&quot;125&quot;,&quot;shutter_speed&quot;:&quot;0.02&quot;,&quot;title&quot;:&quot;&quot;,&quot;orientation&quot;:&quot;1&quot;}\" data-image-title=\"20220525_104527\" data-image-description=\"&lt;p&gt;Apartment A3 (Tiho &amp;#038; Marija) &amp;#8211; bathroom&lt;\/p&gt;\" data-image-caption=\"&lt;p&gt;Apartment A3 (Tiho &amp;#038; Marija) &amp;#8211; bathroom&lt;\/p&gt;\" data-large-file=\"https:\/\/www.tribunj.biz\/wp-content\/uploads\/2018\/04\/20220525_104527-768x1024.jpg\" \/><\/a>\n\t\t\t<\/span><\/li><li class='gallery-item'><span class='gallery-icon landscape'>\n\t\t\t\t<a href=\"https:\/\/www.tribunj.biz\/es_es\/accommodation\/apartment-a3-2\/\"><img loading=\"lazy\" decoding=\"async\" width=\"1434\" height=\"1080\" src=\"https:\/\/www.tribunj.biz\/wp-content\/uploads\/2018\/04\/20220525_104601-1434x1080.jpg\" class=\"attachment-villagio-thumb-small-x2 size-villagio-thumb-small-x2\" alt=\"Apartamento A3 (Tiho y Marija) - ba\u00f1o\" aria-describedby=\"mphb-flexslider-gallery-3-13614\" srcset=\"https:\/\/www.tribunj.biz\/wp-content\/uploads\/2018\/04\/20220525_104601-1434x1080.jpg 1434w, https:\/\/www.tribunj.biz\/wp-content\/uploads\/2018\/04\/20220525_104601-300x225.jpg 300w, https:\/\/www.tribunj.biz\/wp-content\/uploads\/2018\/04\/20220525_104601-16x12.jpg 16w, https:\/\/www.tribunj.biz\/wp-content\/uploads\/2018\/04\/20220525_104601-717x540.jpg 717w\" sizes=\"auto, (max-width: 1434px) 100vw, 1434px\" data-attachment-id=\"13614\" data-permalink=\"https:\/\/www.tribunj.biz\/es_es\/accommodation\/apartment-a3-2\/20220525_104601\/\" data-orig-file=\"https:\/\/www.tribunj.biz\/wp-content\/uploads\/2018\/04\/20220525_104601-scaled.jpg\" data-orig-size=\"2560,1920\" data-comments-opened=\"1\" data-image-meta=\"{&quot;aperture&quot;:&quot;2&quot;,&quot;credit&quot;:&quot;&quot;,&quot;camera&quot;:&quot;SM-A127F&quot;,&quot;caption&quot;:&quot;&quot;,&quot;created_timestamp&quot;:&quot;1653475559&quot;,&quot;copyright&quot;:&quot;&quot;,&quot;focal_length&quot;:&quot;4.6&quot;,&quot;iso&quot;:&quot;125&quot;,&quot;shutter_speed&quot;:&quot;0.02&quot;,&quot;title&quot;:&quot;&quot;,&quot;orientation&quot;:&quot;1&quot;}\" data-image-title=\"20220525_104601\" data-image-description=\"&lt;p&gt;Apartment A3 (Tiho &amp;#038; Marija) &amp;#8211; bathroom&lt;\/p&gt;\" data-image-caption=\"&lt;p&gt;Apartment A3 (Tiho &amp;#038; Marija) &amp;#8211; bathroom&lt;\/p&gt;\" data-large-file=\"https:\/\/www.tribunj.biz\/wp-content\/uploads\/2018\/04\/20220525_104601-1024x768.jpg\" \/><\/a>\n\t\t\t<\/span><\/li><li class='gallery-item'><span class='gallery-icon landscape'>\n\t\t\t\t<a href=\"https:\/\/www.tribunj.biz\/es_es\/accommodation\/apartment-a3-2\/\"><img loading=\"lazy\" decoding=\"async\" width=\"1434\" height=\"1080\" src=\"https:\/\/www.tribunj.biz\/wp-content\/uploads\/2018\/04\/20220525_104552-1434x1080.jpg\" class=\"attachment-villagio-thumb-small-x2 size-villagio-thumb-small-x2\" alt=\"Apartamento A3 (Tiho y Marija) - ba\u00f1o\" aria-describedby=\"mphb-flexslider-gallery-3-13613\" srcset=\"https:\/\/www.tribunj.biz\/wp-content\/uploads\/2018\/04\/20220525_104552-1434x1080.jpg 1434w, https:\/\/www.tribunj.biz\/wp-content\/uploads\/2018\/04\/20220525_104552-300x225.jpg 300w, https:\/\/www.tribunj.biz\/wp-content\/uploads\/2018\/04\/20220525_104552-16x12.jpg 16w, https:\/\/www.tribunj.biz\/wp-content\/uploads\/2018\/04\/20220525_104552-717x540.jpg 717w\" sizes=\"auto, (max-width: 1434px) 100vw, 1434px\" data-attachment-id=\"13613\" data-permalink=\"https:\/\/www.tribunj.biz\/es_es\/accommodation\/apartment-a3-2\/20220525_104552\/\" data-orig-file=\"https:\/\/www.tribunj.biz\/wp-content\/uploads\/2018\/04\/20220525_104552-scaled.jpg\" data-orig-size=\"2560,1920\" data-comments-opened=\"1\" data-image-meta=\"{&quot;aperture&quot;:&quot;2&quot;,&quot;credit&quot;:&quot;&quot;,&quot;camera&quot;:&quot;SM-A127F&quot;,&quot;caption&quot;:&quot;&quot;,&quot;created_timestamp&quot;:&quot;1653475552&quot;,&quot;copyright&quot;:&quot;&quot;,&quot;focal_length&quot;:&quot;4.6&quot;,&quot;iso&quot;:&quot;160&quot;,&quot;shutter_speed&quot;:&quot;0.02&quot;,&quot;title&quot;:&quot;&quot;,&quot;orientation&quot;:&quot;1&quot;}\" data-image-title=\"20220525_104552\" data-image-description=\"&lt;p&gt;Apartment A3 (Tiho &amp;#038; Marija) &amp;#8211; bathroom&lt;\/p&gt;\" data-image-caption=\"&lt;p&gt;Apartment A3 (Tiho &amp;#038; Marija) &amp;#8211; bathroom&lt;\/p&gt;\" data-large-file=\"https:\/\/www.tribunj.biz\/wp-content\/uploads\/2018\/04\/20220525_104552-1024x768.jpg\" \/><\/a>\n\t\t\t<\/span><\/li><li class='gallery-item'><span class='gallery-icon landscape'>\n\t\t\t\t<a href=\"https:\/\/www.tribunj.biz\/es_es\/accommodation\/apartment-a3-2\/\"><img loading=\"lazy\" decoding=\"async\" width=\"1434\" height=\"1080\" src=\"https:\/\/www.tribunj.biz\/wp-content\/uploads\/2018\/04\/IMG_2068-2-1434x1080.jpg\" class=\"attachment-villagio-thumb-small-x2 size-villagio-thumb-small-x2\" alt=\"Apartamento A3 (Tiho y Marija): vista desde la terraza al mar, al puerto deportivo y a Tribunj\" aria-describedby=\"mphb-flexslider-gallery-3-13617\" srcset=\"https:\/\/www.tribunj.biz\/wp-content\/uploads\/2018\/04\/IMG_2068-2-1434x1080.jpg 1434w, https:\/\/www.tribunj.biz\/wp-content\/uploads\/2018\/04\/IMG_2068-2-300x225.jpg 300w, https:\/\/www.tribunj.biz\/wp-content\/uploads\/2018\/04\/IMG_2068-2-16x12.jpg 16w, https:\/\/www.tribunj.biz\/wp-content\/uploads\/2018\/04\/IMG_2068-2-717x540.jpg 717w\" sizes=\"auto, (max-width: 1434px) 100vw, 1434px\" data-attachment-id=\"13617\" data-permalink=\"https:\/\/www.tribunj.biz\/es_es\/accommodation\/apartment-a3-2\/img_2068-3\/\" data-orig-file=\"https:\/\/www.tribunj.biz\/wp-content\/uploads\/2018\/04\/IMG_2068-2-scaled.jpg\" data-orig-size=\"2560,1920\" data-comments-opened=\"1\" data-image-meta=\"{&quot;aperture&quot;:&quot;8&quot;,&quot;credit&quot;:&quot;&quot;,&quot;camera&quot;:&quot;Canon DIGITAL IXUS 80 IS&quot;,&quot;caption&quot;:&quot;&quot;,&quot;created_timestamp&quot;:&quot;1404565527&quot;,&quot;copyright&quot;:&quot;&quot;,&quot;focal_length&quot;:&quot;6.2&quot;,&quot;iso&quot;:&quot;80&quot;,&quot;shutter_speed&quot;:&quot;0.0025&quot;,&quot;title&quot;:&quot;&quot;,&quot;orientation&quot;:&quot;1&quot;}\" data-image-title=\"IMG_2068\" data-image-description=\"&lt;p&gt;Apartment A3 (Tiho &amp;#038; Marija) &amp;#8211; view from terrace at sea, marina and Tribunj&lt;\/p&gt;\" data-image-caption=\"&lt;p&gt;Apartment A3 (Tiho &amp;#038; Marija) &amp;#8211; view from terrace at sea, marina and Tribunj&lt;\/p&gt;\" data-large-file=\"https:\/\/www.tribunj.biz\/wp-content\/uploads\/2018\/04\/IMG_2068-2-1024x768.jpg\" \/><\/a>\n\t\t\t<\/span><\/li><li class='gallery-item'><span class='gallery-icon landscape'>\n\t\t\t\t<a href=\"https:\/\/www.tribunj.biz\/es_es\/accommodation\/apartment-a3-2\/\"><img loading=\"lazy\" decoding=\"async\" width=\"1434\" height=\"1080\" src=\"https:\/\/www.tribunj.biz\/wp-content\/uploads\/2018\/04\/IMG_2069-1-1434x1080.jpg\" class=\"attachment-villagio-thumb-small-x2 size-villagio-thumb-small-x2\" alt=\"Apartamento A3 (Tiho y Marija): vista desde la terraza al mar, al puerto deportivo y a Tribunj\" aria-describedby=\"mphb-flexslider-gallery-3-13618\" srcset=\"https:\/\/www.tribunj.biz\/wp-content\/uploads\/2018\/04\/IMG_2069-1-1434x1080.jpg 1434w, https:\/\/www.tribunj.biz\/wp-content\/uploads\/2018\/04\/IMG_2069-1-300x225.jpg 300w, https:\/\/www.tribunj.biz\/wp-content\/uploads\/2018\/04\/IMG_2069-1-16x12.jpg 16w, https:\/\/www.tribunj.biz\/wp-content\/uploads\/2018\/04\/IMG_2069-1-717x540.jpg 717w\" sizes=\"auto, (max-width: 1434px) 100vw, 1434px\" data-attachment-id=\"13618\" data-permalink=\"https:\/\/www.tribunj.biz\/es_es\/accommodation\/apartment-a3-2\/img_2069-2\/\" data-orig-file=\"https:\/\/www.tribunj.biz\/wp-content\/uploads\/2018\/04\/IMG_2069-1-scaled.jpg\" data-orig-size=\"2560,1920\" data-comments-opened=\"1\" data-image-meta=\"{&quot;aperture&quot;:&quot;8&quot;,&quot;credit&quot;:&quot;&quot;,&quot;camera&quot;:&quot;Canon DIGITAL IXUS 80 IS&quot;,&quot;caption&quot;:&quot;&quot;,&quot;created_timestamp&quot;:&quot;1404565533&quot;,&quot;copyright&quot;:&quot;&quot;,&quot;focal_length&quot;:&quot;6.2&quot;,&quot;iso&quot;:&quot;80&quot;,&quot;shutter_speed&quot;:&quot;0.003125&quot;,&quot;title&quot;:&quot;&quot;,&quot;orientation&quot;:&quot;1&quot;}\" data-image-title=\"IMG_2069\" data-image-description=\"&lt;p&gt;Apartment A3 (Tiho &amp;#038; Marija) &amp;#8211; view from terrace at sea, marina and Tribunj&lt;\/p&gt;\" data-image-caption=\"&lt;p&gt;Apartment A3 (Tiho &amp;#038; Marija) &amp;#8211; view from terrace at sea, marina and Tribunj&lt;\/p&gt;\" data-large-file=\"https:\/\/www.tribunj.biz\/wp-content\/uploads\/2018\/04\/IMG_2069-1-1024x768.jpg\" \/><\/a>\n\t\t\t<\/span><\/li><li class='gallery-item'><span class='gallery-icon landscape'>\n\t\t\t\t<a href=\"https:\/\/www.tribunj.biz\/es_es\/accommodation\/apartment-a3-2\/\"><img loading=\"lazy\" decoding=\"async\" width=\"1434\" height=\"1080\" src=\"https:\/\/www.tribunj.biz\/wp-content\/uploads\/2018\/04\/IMG_20210815_161700-1434x1080.jpg\" class=\"attachment-villagio-thumb-small-x2 size-villagio-thumb-small-x2\" alt=\"Apartamento A3 (Tiho y Marija): vista desde la terraza al mar, al puerto deportivo y a Tribunj\" aria-describedby=\"mphb-flexslider-gallery-3-13619\" srcset=\"https:\/\/www.tribunj.biz\/wp-content\/uploads\/2018\/04\/IMG_20210815_161700-1434x1080.jpg 1434w, https:\/\/www.tribunj.biz\/wp-content\/uploads\/2018\/04\/IMG_20210815_161700-300x225.jpg 300w, https:\/\/www.tribunj.biz\/wp-content\/uploads\/2018\/04\/IMG_20210815_161700-16x12.jpg 16w, https:\/\/www.tribunj.biz\/wp-content\/uploads\/2018\/04\/IMG_20210815_161700-717x540.jpg 717w\" sizes=\"auto, (max-width: 1434px) 100vw, 1434px\" data-attachment-id=\"13619\" data-permalink=\"https:\/\/www.tribunj.biz\/es_es\/accommodation\/apartment-a3-2\/img_20210815_161700\/\" data-orig-file=\"https:\/\/www.tribunj.biz\/wp-content\/uploads\/2018\/04\/IMG_20210815_161700-scaled.jpg\" data-orig-size=\"2560,1920\" data-comments-opened=\"1\" data-image-meta=\"{&quot;aperture&quot;:&quot;1.8&quot;,&quot;credit&quot;:&quot;&quot;,&quot;camera&quot;:&quot;STK-LX1&quot;,&quot;caption&quot;:&quot;&quot;,&quot;created_timestamp&quot;:&quot;1629044222&quot;,&quot;copyright&quot;:&quot;&quot;,&quot;focal_length&quot;:&quot;3.96&quot;,&quot;iso&quot;:&quot;50&quot;,&quot;shutter_speed&quot;:&quot;0.000331&quot;,&quot;title&quot;:&quot;&quot;,&quot;orientation&quot;:&quot;1&quot;}\" data-image-title=\"IMG_20210815_161700\" data-image-description=\"&lt;p&gt;Apartment A3 (Tiho &amp;#038; Marija) &amp;#8211; view from terrace at sea, marina and Tribunj&lt;\/p&gt;\" data-image-caption=\"&lt;p&gt;Apartment A3 (Tiho &amp;#038; Marija) &amp;#8211; view from terrace at sea, marina and Tribunj&lt;\/p&gt;\" data-large-file=\"https:\/\/www.tribunj.biz\/wp-content\/uploads\/2018\/04\/IMG_20210815_161700-1024x768.jpg\" \/><\/a>\n\t\t\t<\/span><\/li><li class='gallery-item'><span class='gallery-icon landscape'>\n\t\t\t\t<a href=\"https:\/\/www.tribunj.biz\/es_es\/accommodation\/apartment-a3-2\/\"><img loading=\"lazy\" decoding=\"async\" width=\"1434\" height=\"1080\" src=\"https:\/\/www.tribunj.biz\/wp-content\/uploads\/2018\/04\/IMG_20210815_161702-1434x1080.jpg\" class=\"attachment-villagio-thumb-small-x2 size-villagio-thumb-small-x2\" alt=\"Apartamento A3 (Tiho y Marija): vista desde la terraza al mar, al puerto deportivo y a Tribunj\" aria-describedby=\"mphb-flexslider-gallery-3-13620\" srcset=\"https:\/\/www.tribunj.biz\/wp-content\/uploads\/2018\/04\/IMG_20210815_161702-1434x1080.jpg 1434w, https:\/\/www.tribunj.biz\/wp-content\/uploads\/2018\/04\/IMG_20210815_161702-300x225.jpg 300w, https:\/\/www.tribunj.biz\/wp-content\/uploads\/2018\/04\/IMG_20210815_161702-16x12.jpg 16w, https:\/\/www.tribunj.biz\/wp-content\/uploads\/2018\/04\/IMG_20210815_161702-717x540.jpg 717w\" sizes=\"auto, (max-width: 1434px) 100vw, 1434px\" data-attachment-id=\"13620\" data-permalink=\"https:\/\/www.tribunj.biz\/es_es\/accommodation\/apartment-a3-2\/img_20210815_161702\/\" data-orig-file=\"https:\/\/www.tribunj.biz\/wp-content\/uploads\/2018\/04\/IMG_20210815_161702-scaled.jpg\" data-orig-size=\"2560,1920\" data-comments-opened=\"1\" data-image-meta=\"{&quot;aperture&quot;:&quot;1.8&quot;,&quot;credit&quot;:&quot;&quot;,&quot;camera&quot;:&quot;STK-LX1&quot;,&quot;caption&quot;:&quot;&quot;,&quot;created_timestamp&quot;:&quot;1629044224&quot;,&quot;copyright&quot;:&quot;&quot;,&quot;focal_length&quot;:&quot;3.96&quot;,&quot;iso&quot;:&quot;50&quot;,&quot;shutter_speed&quot;:&quot;0.000307&quot;,&quot;title&quot;:&quot;&quot;,&quot;orientation&quot;:&quot;1&quot;}\" data-image-title=\"IMG_20210815_161702\" data-image-description=\"&lt;p&gt;Apartment A3 (Tiho &amp;#038; Marija) &amp;#8211; view from terrace at sea, marina and Tribunj&lt;\/p&gt;\" data-image-caption=\"&lt;p&gt;Apartment A3 (Tiho &amp;#038; Marija) &amp;#8211; view from terrace at sea, marina and Tribunj&lt;\/p&gt;\" data-large-file=\"https:\/\/www.tribunj.biz\/wp-content\/uploads\/2018\/04\/IMG_20210815_161702-1024x768.jpg\" \/><\/a>\n\t\t\t<\/span><\/li><li class='gallery-item'><span class='gallery-icon landscape'>\n\t\t\t\t<a href=\"https:\/\/www.tribunj.biz\/es_es\/accommodation\/apartment-a3-2\/\"><img loading=\"lazy\" decoding=\"async\" width=\"1434\" height=\"1080\" src=\"https:\/\/www.tribunj.biz\/wp-content\/uploads\/2018\/04\/IMG_20210815_161711-1434x1080.jpg\" class=\"attachment-villagio-thumb-small-x2 size-villagio-thumb-small-x2\" alt=\"Apartamento A3 (Tiho y Marija): vista desde la terraza al mar, al puerto deportivo y a Tribunj\" aria-describedby=\"mphb-flexslider-gallery-3-13621\" srcset=\"https:\/\/www.tribunj.biz\/wp-content\/uploads\/2018\/04\/IMG_20210815_161711-1434x1080.jpg 1434w, https:\/\/www.tribunj.biz\/wp-content\/uploads\/2018\/04\/IMG_20210815_161711-300x225.jpg 300w, https:\/\/www.tribunj.biz\/wp-content\/uploads\/2018\/04\/IMG_20210815_161711-16x12.jpg 16w, https:\/\/www.tribunj.biz\/wp-content\/uploads\/2018\/04\/IMG_20210815_161711-717x540.jpg 717w\" sizes=\"auto, (max-width: 1434px) 100vw, 1434px\" data-attachment-id=\"13621\" data-permalink=\"https:\/\/www.tribunj.biz\/es_es\/accommodation\/apartment-a3-2\/img_20210815_161711\/\" data-orig-file=\"https:\/\/www.tribunj.biz\/wp-content\/uploads\/2018\/04\/IMG_20210815_161711-scaled.jpg\" data-orig-size=\"2560,1920\" data-comments-opened=\"1\" data-image-meta=\"{&quot;aperture&quot;:&quot;1.8&quot;,&quot;credit&quot;:&quot;&quot;,&quot;camera&quot;:&quot;STK-LX1&quot;,&quot;caption&quot;:&quot;&quot;,&quot;created_timestamp&quot;:&quot;1629044231&quot;,&quot;copyright&quot;:&quot;&quot;,&quot;focal_length&quot;:&quot;3.96&quot;,&quot;iso&quot;:&quot;50&quot;,&quot;shutter_speed&quot;:&quot;0.000304&quot;,&quot;title&quot;:&quot;&quot;,&quot;orientation&quot;:&quot;1&quot;}\" data-image-title=\"IMG_20210815_161711\" data-image-description=\"&lt;p&gt;Apartment A3 (Tiho &amp;#038; Marija) &amp;#8211; view from terrace at sea, marina and Tribunj&lt;\/p&gt;\" data-image-caption=\"&lt;p&gt;Apartment A3 (Tiho &amp;#038; Marija) &amp;#8211; view from terrace at sea, marina and Tribunj&lt;\/p&gt;\" data-large-file=\"https:\/\/www.tribunj.biz\/wp-content\/uploads\/2018\/04\/IMG_20210815_161711-1024x768.jpg\" \/><\/a>\n\t\t\t<\/span><\/li><li class='gallery-item'><span class='gallery-icon landscape'>\n\t\t\t\t<a href=\"https:\/\/www.tribunj.biz\/es_es\/accommodation\/apartment-a3-2\/\"><img loading=\"lazy\" decoding=\"async\" width=\"1434\" height=\"1080\" src=\"https:\/\/www.tribunj.biz\/wp-content\/uploads\/2018\/04\/photo3-1434x1080.jpg\" class=\"attachment-villagio-thumb-small-x2 size-villagio-thumb-small-x2\" alt=\"Apartamento A3 (Tiho y Marija): vista desde la terraza al mar, al puerto deportivo y a Tribunj\" aria-describedby=\"mphb-flexslider-gallery-3-13622\" srcset=\"https:\/\/www.tribunj.biz\/wp-content\/uploads\/2018\/04\/photo3-1434x1080.jpg 1434w, https:\/\/www.tribunj.biz\/wp-content\/uploads\/2018\/04\/photo3-300x225.jpg 300w, https:\/\/www.tribunj.biz\/wp-content\/uploads\/2018\/04\/photo3-16x12.jpg 16w, https:\/\/www.tribunj.biz\/wp-content\/uploads\/2018\/04\/photo3-717x540.jpg 717w\" sizes=\"auto, (max-width: 1434px) 100vw, 1434px\" data-attachment-id=\"13622\" data-permalink=\"https:\/\/www.tribunj.biz\/es_es\/accommodation\/apartment-a3-2\/olympus-digital-camera-2\/\" data-orig-file=\"https:\/\/www.tribunj.biz\/wp-content\/uploads\/2018\/04\/photo3.jpg\" data-orig-size=\"2048,1536\" data-comments-opened=\"1\" data-image-meta=\"{&quot;aperture&quot;:&quot;5&quot;,&quot;credit&quot;:&quot;&quot;,&quot;camera&quot;:&quot;u1040,S1040&quot;,&quot;caption&quot;:&quot;OLYMPUS DIGITAL CAMERA&quot;,&quot;created_timestamp&quot;:&quot;1249731459&quot;,&quot;copyright&quot;:&quot;&quot;,&quot;focal_length&quot;:&quot;20.1&quot;,&quot;iso&quot;:&quot;50&quot;,&quot;shutter_speed&quot;:&quot;0.0025&quot;,&quot;title&quot;:&quot;OLYMPUS DIGITAL CAMERA&quot;,&quot;orientation&quot;:&quot;1&quot;}\" data-image-title=\"OLYMPUS DIGITAL CAMERA\" data-image-description=\"&lt;p&gt;Apartment A3 (Tiho &amp;#038; Marija) &amp;#8211; view from terrace at sea, marina and Tribunj&lt;\/p&gt;\" data-image-caption=\"&lt;p&gt;Apartment A3 (Tiho &amp;#038; Marija) &amp;#8211; view from terrace at sea, marina and Tribunj&lt;\/p&gt;\" data-large-file=\"https:\/\/www.tribunj.biz\/wp-content\/uploads\/2018\/04\/photo3-1024x768.jpg\" \/><\/a>\n\t\t\t<\/span><\/li><li class='gallery-item'><span class='gallery-icon landscape'>\n\t\t\t\t<a href=\"https:\/\/www.tribunj.biz\/es_es\/accommodation\/apartment-a3-2\/\"><img loading=\"lazy\" decoding=\"async\" width=\"1434\" height=\"1080\" src=\"https:\/\/www.tribunj.biz\/wp-content\/uploads\/2018\/04\/IMG_20220523_150240-1434x1080.jpg\" class=\"attachment-villagio-thumb-small-x2 size-villagio-thumb-small-x2\" alt=\"Apartamentos Tiho y Marija - casa\" aria-describedby=\"mphb-flexslider-gallery-3-13589\" srcset=\"https:\/\/www.tribunj.biz\/wp-content\/uploads\/2018\/04\/IMG_20220523_150240-1434x1080.jpg 1434w, https:\/\/www.tribunj.biz\/wp-content\/uploads\/2018\/04\/IMG_20220523_150240-300x225.jpg 300w, https:\/\/www.tribunj.biz\/wp-content\/uploads\/2018\/04\/IMG_20220523_150240-16x12.jpg 16w, https:\/\/www.tribunj.biz\/wp-content\/uploads\/2018\/04\/IMG_20220523_150240-717x540.jpg 717w\" sizes=\"auto, (max-width: 1434px) 100vw, 1434px\" data-attachment-id=\"13589\" data-permalink=\"https:\/\/www.tribunj.biz\/es_es\/accommodation\/apartment-a4-4\/img_20220523_150240\/\" data-orig-file=\"https:\/\/www.tribunj.biz\/wp-content\/uploads\/2018\/04\/IMG_20220523_150240-scaled.jpg\" data-orig-size=\"2560,1920\" data-comments-opened=\"1\" data-image-meta=\"{&quot;aperture&quot;:&quot;1.8&quot;,&quot;credit&quot;:&quot;&quot;,&quot;camera&quot;:&quot;STK-LX1&quot;,&quot;caption&quot;:&quot;&quot;,&quot;created_timestamp&quot;:&quot;1653318161&quot;,&quot;copyright&quot;:&quot;&quot;,&quot;focal_length&quot;:&quot;3.96&quot;,&quot;iso&quot;:&quot;50&quot;,&quot;shutter_speed&quot;:&quot;0.000459&quot;,&quot;title&quot;:&quot;&quot;,&quot;orientation&quot;:&quot;1&quot;}\" data-image-title=\"IMG_20220523_150240\" data-image-description=\"&lt;p&gt;Apartments Tiho &amp;#038; Marija &amp;#8211; house&lt;\/p&gt;\" data-image-caption=\"&lt;p&gt;Apartments Tiho &amp;#038; Marija &amp;#8211; house&lt;\/p&gt;\" data-large-file=\"https:\/\/www.tribunj.biz\/wp-content\/uploads\/2018\/04\/IMG_20220523_150240-1024x768.jpg\" \/><\/a>\n\t\t\t<\/span><\/li><li class='gallery-item'><span class='gallery-icon landscape'>\n\t\t\t\t<a href=\"https:\/\/www.tribunj.biz\/es_es\/accommodation\/apartment-a3-2\/\"><img loading=\"lazy\" decoding=\"async\" width=\"1434\" height=\"1080\" src=\"https:\/\/www.tribunj.biz\/wp-content\/uploads\/2018\/04\/IMG_20220523_152130-1434x1080.jpg\" class=\"attachment-villagio-thumb-small-x2 size-villagio-thumb-small-x2\" alt=\"\" srcset=\"https:\/\/www.tribunj.biz\/wp-content\/uploads\/2018\/04\/IMG_20220523_152130-1434x1080.jpg 1434w, https:\/\/www.tribunj.biz\/wp-content\/uploads\/2018\/04\/IMG_20220523_152130-300x225.jpg 300w, https:\/\/www.tribunj.biz\/wp-content\/uploads\/2018\/04\/IMG_20220523_152130-16x12.jpg 16w, https:\/\/www.tribunj.biz\/wp-content\/uploads\/2018\/04\/IMG_20220523_152130-717x540.jpg 717w\" sizes=\"auto, (max-width: 1434px) 100vw, 1434px\" data-attachment-id=\"13596\" data-permalink=\"https:\/\/www.tribunj.biz\/es_es\/accommodation\/apartment-a4-4\/img_20220523_152130\/\" data-orig-file=\"https:\/\/www.tribunj.biz\/wp-content\/uploads\/2018\/04\/IMG_20220523_152130-scaled.jpg\" data-orig-size=\"2560,1920\" data-comments-opened=\"1\" data-image-meta=\"{&quot;aperture&quot;:&quot;1.8&quot;,&quot;credit&quot;:&quot;&quot;,&quot;camera&quot;:&quot;STK-LX1&quot;,&quot;caption&quot;:&quot;&quot;,&quot;created_timestamp&quot;:&quot;1653319290&quot;,&quot;copyright&quot;:&quot;&quot;,&quot;focal_length&quot;:&quot;3.96&quot;,&quot;iso&quot;:&quot;50&quot;,&quot;shutter_speed&quot;:&quot;0.000719&quot;,&quot;title&quot;:&quot;&quot;,&quot;orientation&quot;:&quot;1&quot;}\" data-image-title=\"IMG_20220523_152130\" data-image-description=\"\" data-image-caption=\"\" data-large-file=\"https:\/\/www.tribunj.biz\/wp-content\/uploads\/2018\/04\/IMG_20220523_152130-1024x768.jpg\" \/><\/a>\n\t\t\t<\/span><\/li><li class='gallery-item'><span class='gallery-icon landscape'>\n\t\t\t\t<a href=\"https:\/\/www.tribunj.biz\/es_es\/accommodation\/apartment-a3-2\/\"><img loading=\"lazy\" decoding=\"async\" width=\"1434\" height=\"1080\" src=\"https:\/\/www.tribunj.biz\/wp-content\/uploads\/2018\/04\/IMG_20220523_151133-1434x1080.jpg\" class=\"attachment-villagio-thumb-small-x2 size-villagio-thumb-small-x2\" alt=\"Apartamentos Tiho &amp; Marija - aparcamiento, jard\u00edn\" aria-describedby=\"mphb-flexslider-gallery-3-13592\" srcset=\"https:\/\/www.tribunj.biz\/wp-content\/uploads\/2018\/04\/IMG_20220523_151133-1434x1080.jpg 1434w, https:\/\/www.tribunj.biz\/wp-content\/uploads\/2018\/04\/IMG_20220523_151133-300x225.jpg 300w, https:\/\/www.tribunj.biz\/wp-content\/uploads\/2018\/04\/IMG_20220523_151133-16x12.jpg 16w, https:\/\/www.tribunj.biz\/wp-content\/uploads\/2018\/04\/IMG_20220523_151133-717x540.jpg 717w\" sizes=\"auto, (max-width: 1434px) 100vw, 1434px\" data-attachment-id=\"13592\" data-permalink=\"https:\/\/www.tribunj.biz\/es_es\/accommodation\/apartment-a4-4\/img_20220523_151133\/\" data-orig-file=\"https:\/\/www.tribunj.biz\/wp-content\/uploads\/2018\/04\/IMG_20220523_151133-scaled.jpg\" data-orig-size=\"2560,1920\" data-comments-opened=\"1\" data-image-meta=\"{&quot;aperture&quot;:&quot;1.8&quot;,&quot;credit&quot;:&quot;&quot;,&quot;camera&quot;:&quot;STK-LX1&quot;,&quot;caption&quot;:&quot;&quot;,&quot;created_timestamp&quot;:&quot;1653318693&quot;,&quot;copyright&quot;:&quot;&quot;,&quot;focal_length&quot;:&quot;3.96&quot;,&quot;iso&quot;:&quot;50&quot;,&quot;shutter_speed&quot;:&quot;0.000471&quot;,&quot;title&quot;:&quot;&quot;,&quot;orientation&quot;:&quot;1&quot;}\" data-image-title=\"IMG_20220523_151133\" data-image-description=\"&lt;p&gt;Apartments Tiho &amp;#038; Marija &amp;#8211; parking, garden&lt;\/p&gt;\" data-image-caption=\"&lt;p&gt;Apartments Tiho &amp;#038; Marija &amp;#8211; parking, garden&lt;\/p&gt;\" data-large-file=\"https:\/\/www.tribunj.biz\/wp-content\/uploads\/2018\/04\/IMG_20220523_151133-1024x768.jpg\" \/><\/a>\n\t\t\t<\/span><\/li><li class='gallery-item'><span class='gallery-icon landscape'>\n\t\t\t\t<a href=\"https:\/\/www.tribunj.biz\/es_es\/accommodation\/apartment-a3-2\/\"><img loading=\"lazy\" decoding=\"async\" width=\"1434\" height=\"1080\" src=\"https:\/\/www.tribunj.biz\/wp-content\/uploads\/2018\/04\/IMG_0916-1-1434x1080.jpg\" class=\"attachment-villagio-thumb-small-x2 size-villagio-thumb-small-x2\" alt=\"Apartamentos Tiho &amp; Marija - zona de barbacoa compartida\" aria-describedby=\"mphb-flexslider-gallery-3-13584\" srcset=\"https:\/\/www.tribunj.biz\/wp-content\/uploads\/2018\/04\/IMG_0916-1-1434x1080.jpg 1434w, https:\/\/www.tribunj.biz\/wp-content\/uploads\/2018\/04\/IMG_0916-1-300x225.jpg 300w, https:\/\/www.tribunj.biz\/wp-content\/uploads\/2018\/04\/IMG_0916-1-16x12.jpg 16w, https:\/\/www.tribunj.biz\/wp-content\/uploads\/2018\/04\/IMG_0916-1-717x540.jpg 717w\" sizes=\"auto, (max-width: 1434px) 100vw, 1434px\" data-attachment-id=\"13584\" data-permalink=\"https:\/\/www.tribunj.biz\/es_es\/accommodation\/apartment-a4-4\/img_0916-2\/\" data-orig-file=\"https:\/\/www.tribunj.biz\/wp-content\/uploads\/2018\/04\/IMG_0916-1-scaled.jpg\" data-orig-size=\"2560,1920\" data-comments-opened=\"1\" data-image-meta=\"{&quot;aperture&quot;:&quot;3&quot;,&quot;credit&quot;:&quot;&quot;,&quot;camera&quot;:&quot;Canon PowerShot A470&quot;,&quot;caption&quot;:&quot;&quot;,&quot;created_timestamp&quot;:&quot;1374332956&quot;,&quot;copyright&quot;:&quot;&quot;,&quot;focal_length&quot;:&quot;6.3&quot;,&quot;iso&quot;:&quot;80&quot;,&quot;shutter_speed&quot;:&quot;0.004&quot;,&quot;title&quot;:&quot;&quot;,&quot;orientation&quot;:&quot;1&quot;}\" data-image-title=\"IMG_0916\" data-image-description=\"&lt;p&gt;Apartments Tiho &amp;#038; Marija &amp;#8211; shared barbecue area&lt;\/p&gt;\" data-image-caption=\"&lt;p&gt;Apartments Tiho &amp;#038; Marija &amp;#8211; shared barbecue area&lt;\/p&gt;\" data-large-file=\"https:\/\/www.tribunj.biz\/wp-content\/uploads\/2018\/04\/IMG_0916-1-1024x768.jpg\" \/><\/a>\n\t\t\t<\/span><\/li><li class='gallery-item'><span class='gallery-icon landscape'>\n\t\t\t\t<a href=\"https:\/\/www.tribunj.biz\/es_es\/accommodation\/apartment-a3-2\/\"><img loading=\"lazy\" decoding=\"async\" width=\"1434\" height=\"1080\" src=\"https:\/\/www.tribunj.biz\/wp-content\/uploads\/2018\/04\/IMG_0910-1-1434x1080.jpg\" class=\"attachment-villagio-thumb-small-x2 size-villagio-thumb-small-x2\" alt=\"Apartamentos Tiho &amp; Marija - zona de barbacoa compartida\" aria-describedby=\"mphb-flexslider-gallery-3-13583\" srcset=\"https:\/\/www.tribunj.biz\/wp-content\/uploads\/2018\/04\/IMG_0910-1-1434x1080.jpg 1434w, https:\/\/www.tribunj.biz\/wp-content\/uploads\/2018\/04\/IMG_0910-1-300x225.jpg 300w, https:\/\/www.tribunj.biz\/wp-content\/uploads\/2018\/04\/IMG_0910-1-16x12.jpg 16w, https:\/\/www.tribunj.biz\/wp-content\/uploads\/2018\/04\/IMG_0910-1-717x540.jpg 717w\" sizes=\"auto, (max-width: 1434px) 100vw, 1434px\" data-attachment-id=\"13583\" data-permalink=\"https:\/\/www.tribunj.biz\/es_es\/accommodation\/apartment-a4-4\/img_0910-2\/\" data-orig-file=\"https:\/\/www.tribunj.biz\/wp-content\/uploads\/2018\/04\/IMG_0910-1-scaled.jpg\" data-orig-size=\"2560,1920\" data-comments-opened=\"1\" data-image-meta=\"{&quot;aperture&quot;:&quot;3&quot;,&quot;credit&quot;:&quot;&quot;,&quot;camera&quot;:&quot;Canon PowerShot A470&quot;,&quot;caption&quot;:&quot;&quot;,&quot;created_timestamp&quot;:&quot;1374332901&quot;,&quot;copyright&quot;:&quot;&quot;,&quot;focal_length&quot;:&quot;6.3&quot;,&quot;iso&quot;:&quot;80&quot;,&quot;shutter_speed&quot;:&quot;0.002&quot;,&quot;title&quot;:&quot;&quot;,&quot;orientation&quot;:&quot;1&quot;}\" data-image-title=\"IMG_0910\" data-image-description=\"&lt;p&gt;Apartments Tiho &amp;#038; Marija &amp;#8211; shared barbecue area&lt;\/p&gt;\" data-image-caption=\"&lt;p&gt;Apartments Tiho &amp;#038; Marija &amp;#8211; shared barbecue area&lt;\/p&gt;\" data-large-file=\"https:\/\/www.tribunj.biz\/wp-content\/uploads\/2018\/04\/IMG_0910-1-1024x768.jpg\" \/><\/a>\n\t\t\t<\/span><\/li><li class='gallery-item'><span class='gallery-icon landscape'>\n\t\t\t\t<a href=\"https:\/\/www.tribunj.biz\/es_es\/accommodation\/apartment-a3-2\/\"><img loading=\"lazy\" decoding=\"async\" width=\"1280\" height=\"960\" src=\"https:\/\/www.tribunj.biz\/wp-content\/uploads\/2018\/04\/hodnik.jpg\" class=\"attachment-villagio-thumb-small-x2 size-villagio-thumb-small-x2\" alt=\"Apartamentos Tiho y Marija - escaleras\" aria-describedby=\"mphb-flexslider-gallery-3-13582\" srcset=\"https:\/\/www.tribunj.biz\/wp-content\/uploads\/2018\/04\/hodnik.jpg 1280w, https:\/\/www.tribunj.biz\/wp-content\/uploads\/2018\/04\/hodnik-300x225.jpg 300w, https:\/\/www.tribunj.biz\/wp-content\/uploads\/2018\/04\/hodnik-1024x768.jpg 1024w, https:\/\/www.tribunj.biz\/wp-content\/uploads\/2018\/04\/hodnik-768x576.jpg 768w, https:\/\/www.tribunj.biz\/wp-content\/uploads\/2018\/04\/hodnik-16x12.jpg 16w, https:\/\/www.tribunj.biz\/wp-content\/uploads\/2018\/04\/hodnik-824x618.jpg 824w\" sizes=\"auto, (max-width: 1280px) 100vw, 1280px\" data-attachment-id=\"13582\" data-permalink=\"https:\/\/www.tribunj.biz\/es_es\/accommodation\/apartment-a4-4\/hodnik\/\" data-orig-file=\"https:\/\/www.tribunj.biz\/wp-content\/uploads\/2018\/04\/hodnik.jpg\" data-orig-size=\"1280,960\" data-comments-opened=\"1\" data-image-meta=\"{&quot;aperture&quot;:&quot;2.8&quot;,&quot;credit&quot;:&quot;&quot;,&quot;camera&quot;:&quot;DSC-W5&quot;,&quot;caption&quot;:&quot;&quot;,&quot;created_timestamp&quot;:&quot;1114365765&quot;,&quot;copyright&quot;:&quot;&quot;,&quot;focal_length&quot;:&quot;7.9&quot;,&quot;iso&quot;:&quot;125&quot;,&quot;shutter_speed&quot;:&quot;0.025&quot;,&quot;title&quot;:&quot;&quot;,&quot;orientation&quot;:&quot;1&quot;}\" data-image-title=\"Apartments Tiho &amp;#038; Marija &amp;#8211; stairs\" data-image-description=\"&lt;p&gt;Apartments Tiho &amp;#038; Marija &amp;#8211; stairs&lt;\/p&gt;\" data-image-caption=\"&lt;p&gt;Apartments Tiho &amp;#038; Marija &amp;#8211; stairs&lt;\/p&gt;\" data-large-file=\"https:\/\/www.tribunj.biz\/wp-content\/uploads\/2018\/04\/hodnik-1024x768.jpg\" \/><\/a>\n\t\t\t<\/span><\/li><\/ul>\n\t\t<\/div>\n<span class=\"mphb_room_type_categories_header_wrapper\"><a href=\"https:\/\/www.tribunj.biz\/es_es\/accommodation-category\/category-accommodation-tribunj\/\" rel=\"tag\">Alojamiento Tribunj<\/a> <a href=\"https:\/\/www.tribunj.biz\/es_es\/accommodation-category\/category-accommodation-tribunj\/one-bedroom-tribunj\/\" rel=\"tag\">Apartamento de un dormitorio<\/a><\/span><\/span><!-- .mphb_room_type_featured_image_wrapper --><div id='mphb-flexslider-gallery-4' class='gallery-columns-4 gallery-size-thumbnail mphb-gallery-thumbnail-slider mphb-flexslider-gallery-wrapper mphb-room-type-gallery-wrapper mphb-gallery-thumbnail-slider-69f47f83e7da7' data-flexslider-atts='{\"animation\":\"slide\",\"controlNav\":false,\"animationLoop\":true,\"slideshow\":false,\"itemMargin\":5}' data-group='69f47f83e7da7'><ul class=\"slides\"><li class='gallery-item'><span class='gallery-icon landscape'>\n\t\t\t\t<a href='https:\/\/www.tribunj.biz\/es_es\/accommodation\/apartment-a3-2\/2018-06-03-11-10-42\/'><img loading=\"lazy\" decoding=\"async\" width=\"150\" height=\"150\" src=\"https:\/\/www.tribunj.biz\/wp-content\/uploads\/2018\/04\/2018-06-03-11.10.42-150x150.jpg\" class=\"attachment-thumbnail size-thumbnail\" alt=\"Apartamento A3 (Tiho y Marija): vista desde la terraza al mar, al puerto deportivo y a Tribunj\" aria-describedby=\"mphb-flexslider-gallery-4-13607\" data-attachment-id=\"13607\" data-permalink=\"https:\/\/www.tribunj.biz\/es_es\/accommodation\/apartment-a3-2\/2018-06-03-11-10-42\/\" data-orig-file=\"https:\/\/www.tribunj.biz\/wp-content\/uploads\/2018\/04\/2018-06-03-11.10.42.jpg\" data-orig-size=\"2400,1800\" data-comments-opened=\"1\" data-image-meta=\"{&quot;aperture&quot;:&quot;0&quot;,&quot;credit&quot;:&quot;&quot;,&quot;camera&quot;:&quot;&quot;,&quot;caption&quot;:&quot;&quot;,&quot;created_timestamp&quot;:&quot;0&quot;,&quot;copyright&quot;:&quot;&quot;,&quot;focal_length&quot;:&quot;0&quot;,&quot;iso&quot;:&quot;0&quot;,&quot;shutter_speed&quot;:&quot;0&quot;,&quot;title&quot;:&quot;&quot;,&quot;orientation&quot;:&quot;0&quot;}\" data-image-title=\"2018-06-03-11.10.42\" data-image-description=\"&lt;p&gt;Apartment A3 (Tiho &amp;#038; Marija) &amp;#8211; view from terrace at sea, marina and Tribunj&lt;\/p&gt;\" data-image-caption=\"&lt;p&gt;Apartment A3 (Tiho &amp;#038; Marija) &amp;#8211; view from terrace at sea, marina and Tribunj&lt;\/p&gt;\" data-large-file=\"https:\/\/www.tribunj.biz\/wp-content\/uploads\/2018\/04\/2018-06-03-11.10.42-1024x768.jpg\" \/><\/a>\n\t\t\t<\/span><\/li><li class='gallery-item'><span class='gallery-icon landscape'>\n\t\t\t\t<a href='https:\/\/www.tribunj.biz\/es_es\/accommodation\/apartment-a4-4\/img_20220523_150213\/'><img loading=\"lazy\" decoding=\"async\" width=\"150\" height=\"150\" src=\"https:\/\/www.tribunj.biz\/wp-content\/uploads\/2018\/04\/IMG_20220523_150213-150x150.jpg\" class=\"attachment-thumbnail size-thumbnail\" alt=\"Apartamentos Tiho y Marija - casa\" aria-describedby=\"mphb-flexslider-gallery-4-13588\" data-attachment-id=\"13588\" data-permalink=\"https:\/\/www.tribunj.biz\/es_es\/accommodation\/apartment-a4-4\/img_20220523_150213\/\" data-orig-file=\"https:\/\/www.tribunj.biz\/wp-content\/uploads\/2018\/04\/IMG_20220523_150213-scaled.jpg\" data-orig-size=\"2560,1920\" data-comments-opened=\"1\" data-image-meta=\"{&quot;aperture&quot;:&quot;1.8&quot;,&quot;credit&quot;:&quot;&quot;,&quot;camera&quot;:&quot;STK-LX1&quot;,&quot;caption&quot;:&quot;&quot;,&quot;created_timestamp&quot;:&quot;1653318134&quot;,&quot;copyright&quot;:&quot;&quot;,&quot;focal_length&quot;:&quot;3.96&quot;,&quot;iso&quot;:&quot;50&quot;,&quot;shutter_speed&quot;:&quot;0.000495&quot;,&quot;title&quot;:&quot;&quot;,&quot;orientation&quot;:&quot;1&quot;}\" data-image-title=\"IMG_20220523_150213\" data-image-description=\"&lt;p&gt;Apartments Tiho &amp;#038; Marija &amp;#8211; house&lt;\/p&gt;\" data-image-caption=\"&lt;p&gt;Apartments Tiho &amp;#038; Marija &amp;#8211; house&lt;\/p&gt;\" data-large-file=\"https:\/\/www.tribunj.biz\/wp-content\/uploads\/2018\/04\/IMG_20220523_150213-1024x768.jpg\" \/><\/a>\n\t\t\t<\/span><\/li><li class='gallery-item'><span class='gallery-icon landscape'>\n\t\t\t\t<a href='https:\/\/www.tribunj.biz\/es_es\/accommodation\/apartment-a3-2\/2017-04-20-17-50-2\/'><img loading=\"lazy\" decoding=\"async\" width=\"150\" height=\"150\" src=\"https:\/\/www.tribunj.biz\/wp-content\/uploads\/2018\/04\/2017-04-20-17.50-2-150x150.jpg\" class=\"attachment-thumbnail size-thumbnail\" alt=\"Apartamento A3 (Tiho y Marija) - sof\u00e1 peque\u00f1o\" aria-describedby=\"mphb-flexslider-gallery-4-13604\" data-attachment-id=\"13604\" data-permalink=\"https:\/\/www.tribunj.biz\/es_es\/accommodation\/apartment-a3-2\/2017-04-20-17-50-2\/\" data-orig-file=\"https:\/\/www.tribunj.biz\/wp-content\/uploads\/2018\/04\/2017-04-20-17.50-2-scaled.jpg\" data-orig-size=\"2560,1920\" data-comments-opened=\"1\" data-image-meta=\"{&quot;aperture&quot;:&quot;2.4&quot;,&quot;credit&quot;:&quot;&quot;,&quot;camera&quot;:&quot;LG-D802&quot;,&quot;caption&quot;:&quot;&quot;,&quot;created_timestamp&quot;:&quot;1492710604&quot;,&quot;copyright&quot;:&quot;&quot;,&quot;focal_length&quot;:&quot;3.97&quot;,&quot;iso&quot;:&quot;50&quot;,&quot;shutter_speed&quot;:&quot;0.0010905125408942&quot;,&quot;title&quot;:&quot;&quot;,&quot;orientation&quot;:&quot;1&quot;}\" data-image-title=\"2017-04-20 17.50 (2)\" data-image-description=\"&lt;p&gt;Apartment A3 (Tiho &amp;#038; Marija) &amp;#8211; small couch &lt;\/p&gt;\" data-image-caption=\"&lt;p&gt;Apartment A3 (Tiho &amp;#038; Marija) &amp;#8211; small couch &lt;\/p&gt;\" data-large-file=\"https:\/\/www.tribunj.biz\/wp-content\/uploads\/2018\/04\/2017-04-20-17.50-2-1024x768.jpg\" \/><\/a>\n\t\t\t<\/span><\/li><li class='gallery-item'><span class='gallery-icon landscape'>\n\t\t\t\t<a href='https:\/\/www.tribunj.biz\/es_es\/accommodation\/apartment-a3-2\/2018-06-03-11-11-36-2\/'><img loading=\"lazy\" decoding=\"async\" width=\"150\" height=\"150\" src=\"https:\/\/www.tribunj.biz\/wp-content\/uploads\/2018\/04\/2018-06-03-11.11.36-2-150x150.jpg\" class=\"attachment-thumbnail size-thumbnail\" alt=\"Apartamento A3 (Tiho y Marija) - cocina\/comedor\" aria-describedby=\"mphb-flexslider-gallery-4-13605\" data-attachment-id=\"13605\" data-permalink=\"https:\/\/www.tribunj.biz\/es_es\/accommodation\/apartment-a3-2\/2018-06-03-11-11-36-2\/\" data-orig-file=\"https:\/\/www.tribunj.biz\/wp-content\/uploads\/2018\/04\/2018-06-03-11.11.36-2-scaled.jpg\" data-orig-size=\"2560,1920\" data-comments-opened=\"1\" data-image-meta=\"{&quot;aperture&quot;:&quot;1.9&quot;,&quot;credit&quot;:&quot;&quot;,&quot;camera&quot;:&quot;SM-J330F&quot;,&quot;caption&quot;:&quot;&quot;,&quot;created_timestamp&quot;:&quot;1528024296&quot;,&quot;copyright&quot;:&quot;&quot;,&quot;focal_length&quot;:&quot;3.6&quot;,&quot;iso&quot;:&quot;64&quot;,&quot;shutter_speed&quot;:&quot;0.01&quot;,&quot;title&quot;:&quot;&quot;,&quot;orientation&quot;:&quot;1&quot;}\" data-image-title=\"2018-06-03 11.11.36 (2)\" data-image-description=\"&lt;p&gt;Apartment A3 (Tiho &amp;#038; Marija) &amp;#8211; kitchen\/dining room&lt;\/p&gt;\" data-image-caption=\"&lt;p&gt;Apartment A3 (Tiho &amp;#038; Marija) &amp;#8211; kitchen\/dining room&lt;\/p&gt;\" data-large-file=\"https:\/\/www.tribunj.biz\/wp-content\/uploads\/2018\/04\/2018-06-03-11.11.36-2-1024x768.jpg\" \/><\/a>\n\t\t\t<\/span><\/li><li class='gallery-item'><span class='gallery-icon landscape'>\n\t\t\t\t<a href='https:\/\/www.tribunj.biz\/es_es\/accommodation\/apartment-a3-2\/2018-06-03-11-11-55-2\/'><img loading=\"lazy\" decoding=\"async\" width=\"150\" height=\"150\" src=\"https:\/\/www.tribunj.biz\/wp-content\/uploads\/2018\/04\/2018-06-03-11.11.55-2-150x150.jpg\" class=\"attachment-thumbnail size-thumbnail\" alt=\"Apartamento A3 (Tiho y Marija) - cocina\/comedor\" aria-describedby=\"mphb-flexslider-gallery-4-13606\" data-attachment-id=\"13606\" data-permalink=\"https:\/\/www.tribunj.biz\/es_es\/accommodation\/apartment-a3-2\/2018-06-03-11-11-55-2\/\" data-orig-file=\"https:\/\/www.tribunj.biz\/wp-content\/uploads\/2018\/04\/2018-06-03-11.11.55-2-scaled.jpg\" data-orig-size=\"2560,1920\" data-comments-opened=\"1\" data-image-meta=\"{&quot;aperture&quot;:&quot;1.9&quot;,&quot;credit&quot;:&quot;&quot;,&quot;camera&quot;:&quot;SM-J330F&quot;,&quot;caption&quot;:&quot;&quot;,&quot;created_timestamp&quot;:&quot;1528024315&quot;,&quot;copyright&quot;:&quot;&quot;,&quot;focal_length&quot;:&quot;3.6&quot;,&quot;iso&quot;:&quot;40&quot;,&quot;shutter_speed&quot;:&quot;0.02&quot;,&quot;title&quot;:&quot;&quot;,&quot;orientation&quot;:&quot;1&quot;}\" data-image-title=\"2018-06-03 11.11.55 (2)\" data-image-description=\"&lt;p&gt;Apartment A3 (Tiho &amp;#038; Marija) &amp;#8211; kitchen\/dining room&lt;\/p&gt;\" data-image-caption=\"&lt;p&gt;Apartment A3 (Tiho &amp;#038; Marija) &amp;#8211; kitchen\/dining room&lt;\/p&gt;\" data-large-file=\"https:\/\/www.tribunj.biz\/wp-content\/uploads\/2018\/04\/2018-06-03-11.11.55-2-1024x768.jpg\" \/><\/a>\n\t\t\t<\/span><\/li><li class='gallery-item'><span class='gallery-icon landscape'>\n\t\t\t\t<a href='https:\/\/www.tribunj.biz\/es_es\/accommodation\/apartment-a3-2\/2018-06-03-11-12-52\/'><img loading=\"lazy\" decoding=\"async\" width=\"150\" height=\"150\" src=\"https:\/\/www.tribunj.biz\/wp-content\/uploads\/2018\/04\/2018-06-03-11.12.52-150x150.jpg\" class=\"attachment-thumbnail size-thumbnail\" alt=\"Apartamento A3 (Tiho y Marija): vista desde la terraza al mar, al puerto deportivo y a Tribunj\" aria-describedby=\"mphb-flexslider-gallery-4-13608\" data-attachment-id=\"13608\" data-permalink=\"https:\/\/www.tribunj.biz\/es_es\/accommodation\/apartment-a3-2\/2018-06-03-11-12-52\/\" data-orig-file=\"https:\/\/www.tribunj.biz\/wp-content\/uploads\/2018\/04\/2018-06-03-11.12.52.jpg\" data-orig-size=\"2400,1800\" data-comments-opened=\"1\" data-image-meta=\"{&quot;aperture&quot;:&quot;0&quot;,&quot;credit&quot;:&quot;&quot;,&quot;camera&quot;:&quot;&quot;,&quot;caption&quot;:&quot;&quot;,&quot;created_timestamp&quot;:&quot;0&quot;,&quot;copyright&quot;:&quot;&quot;,&quot;focal_length&quot;:&quot;0&quot;,&quot;iso&quot;:&quot;0&quot;,&quot;shutter_speed&quot;:&quot;0&quot;,&quot;title&quot;:&quot;&quot;,&quot;orientation&quot;:&quot;0&quot;}\" data-image-title=\"2018-06-03-11.12.52\" data-image-description=\"&lt;p&gt;Apartment A3 (Tiho &amp;#038; Marija) &amp;#8211; view from terrace at sea, marina and Tribunj&lt;\/p&gt;\" data-image-caption=\"&lt;p&gt;Apartment A3 (Tiho &amp;#038; Marija) &amp;#8211; view from terrace at sea, marina and Tribunj&lt;\/p&gt;\" data-large-file=\"https:\/\/www.tribunj.biz\/wp-content\/uploads\/2018\/04\/2018-06-03-11.12.52-1024x768.jpg\" \/><\/a>\n\t\t\t<\/span><\/li><li class='gallery-item'><span class='gallery-icon landscape'>\n\t\t\t\t<a href='https:\/\/www.tribunj.biz\/es_es\/accommodation\/apartment-a3-2\/20140804_102540-2\/'><img loading=\"lazy\" decoding=\"async\" width=\"150\" height=\"150\" src=\"https:\/\/www.tribunj.biz\/wp-content\/uploads\/2018\/04\/20140804_102540-1-150x150.jpg\" class=\"attachment-thumbnail size-thumbnail\" alt=\"Apartamento A3 (Tiho y Marija): vista desde la terraza al mar, al puerto deportivo y a Tribunj\" aria-describedby=\"mphb-flexslider-gallery-4-13610\" data-attachment-id=\"13610\" data-permalink=\"https:\/\/www.tribunj.biz\/es_es\/accommodation\/apartment-a3-2\/20140804_102540-2\/\" data-orig-file=\"https:\/\/www.tribunj.biz\/wp-content\/uploads\/2018\/04\/20140804_102540-1-scaled.jpg\" data-orig-size=\"2560,1920\" data-comments-opened=\"1\" data-image-meta=\"{&quot;aperture&quot;:&quot;2.4&quot;,&quot;credit&quot;:&quot;&quot;,&quot;camera&quot;:&quot;LG-D802&quot;,&quot;caption&quot;:&quot;&quot;,&quot;created_timestamp&quot;:&quot;1407147940&quot;,&quot;copyright&quot;:&quot;&quot;,&quot;focal_length&quot;:&quot;3.97&quot;,&quot;iso&quot;:&quot;50&quot;,&quot;shutter_speed&quot;:&quot;0.00051020408163265&quot;,&quot;title&quot;:&quot;&quot;,&quot;orientation&quot;:&quot;1&quot;}\" data-image-title=\"20140804_102540\" data-image-description=\"&lt;p&gt;Apartment A3 (Tiho &amp;#038; Marija) &amp;#8211; view from terrace at sea, marina and Tribunj&lt;\/p&gt;\" data-image-caption=\"&lt;p&gt;Apartment A3 (Tiho &amp;#038; Marija) &amp;#8211; view from terrace at sea, marina and Tribunj&lt;\/p&gt;\" data-large-file=\"https:\/\/www.tribunj.biz\/wp-content\/uploads\/2018\/04\/20140804_102540-1-1024x768.jpg\" \/><\/a>\n\t\t\t<\/span><\/li><li class='gallery-item'><span class='gallery-icon landscape'>\n\t\t\t\t<a href='https:\/\/www.tribunj.biz\/es_es\/accommodation\/apartment-a3-2\/20220525_160227\/'><img loading=\"lazy\" decoding=\"async\" width=\"150\" height=\"150\" src=\"https:\/\/www.tribunj.biz\/wp-content\/uploads\/2018\/04\/20220525_160227-150x150.jpg\" class=\"attachment-thumbnail size-thumbnail\" alt=\"Apartamento A3 (Tiho y Marija) - dormitorio\" aria-describedby=\"mphb-flexslider-gallery-4-13615\" data-attachment-id=\"13615\" data-permalink=\"https:\/\/www.tribunj.biz\/es_es\/accommodation\/apartment-a3-2\/20220525_160227\/\" data-orig-file=\"https:\/\/www.tribunj.biz\/wp-content\/uploads\/2018\/04\/20220525_160227-scaled.jpg\" data-orig-size=\"2560,1920\" data-comments-opened=\"1\" data-image-meta=\"{&quot;aperture&quot;:&quot;2&quot;,&quot;credit&quot;:&quot;&quot;,&quot;camera&quot;:&quot;SM-A127F&quot;,&quot;caption&quot;:&quot;&quot;,&quot;created_timestamp&quot;:&quot;1653494545&quot;,&quot;copyright&quot;:&quot;&quot;,&quot;focal_length&quot;:&quot;4.6&quot;,&quot;iso&quot;:&quot;25&quot;,&quot;shutter_speed&quot;:&quot;0.0083333333333333&quot;,&quot;title&quot;:&quot;&quot;,&quot;orientation&quot;:&quot;1&quot;}\" data-image-title=\"20220525_160227\" data-image-description=\"&lt;p&gt;Apartment A3 (Tiho &amp;#038; Marija) &amp;#8211; bedroom&lt;\/p&gt;\" data-image-caption=\"&lt;p&gt;Apartment A3 (Tiho &amp;#038; Marija) &amp;#8211; bedroom&lt;\/p&gt;\" data-large-file=\"https:\/\/www.tribunj.biz\/wp-content\/uploads\/2018\/04\/20220525_160227-1024x768.jpg\" \/><\/a>\n\t\t\t<\/span><\/li><li class='gallery-item'><span class='gallery-icon landscape'>\n\t\t\t\t<a href='https:\/\/www.tribunj.biz\/es_es\/accommodation\/apartment-a3-2\/20220525_160235\/'><img loading=\"lazy\" decoding=\"async\" width=\"150\" height=\"150\" src=\"https:\/\/www.tribunj.biz\/wp-content\/uploads\/2018\/04\/20220525_160235-150x150.jpg\" class=\"attachment-thumbnail size-thumbnail\" alt=\"Apartamento A3 (Tiho y Marija) - dormitorio\" aria-describedby=\"mphb-flexslider-gallery-4-13616\" data-attachment-id=\"13616\" data-permalink=\"https:\/\/www.tribunj.biz\/es_es\/accommodation\/apartment-a3-2\/20220525_160235\/\" data-orig-file=\"https:\/\/www.tribunj.biz\/wp-content\/uploads\/2018\/04\/20220525_160235-scaled.jpg\" data-orig-size=\"2560,1920\" data-comments-opened=\"1\" data-image-meta=\"{&quot;aperture&quot;:&quot;2&quot;,&quot;credit&quot;:&quot;&quot;,&quot;camera&quot;:&quot;SM-A127F&quot;,&quot;caption&quot;:&quot;&quot;,&quot;created_timestamp&quot;:&quot;1653494554&quot;,&quot;copyright&quot;:&quot;&quot;,&quot;focal_length&quot;:&quot;4.6&quot;,&quot;iso&quot;:&quot;32&quot;,&quot;shutter_speed&quot;:&quot;0.0083333333333333&quot;,&quot;title&quot;:&quot;&quot;,&quot;orientation&quot;:&quot;1&quot;}\" data-image-title=\"20220525_160235\" data-image-description=\"&lt;p&gt;Apartment A3 (Tiho &amp;#038; Marija) &amp;#8211; bedroom&lt;\/p&gt;\" data-image-caption=\"&lt;p&gt;Apartment A3 (Tiho &amp;#038; Marija) &amp;#8211; bedroom&lt;\/p&gt;\" data-large-file=\"https:\/\/www.tribunj.biz\/wp-content\/uploads\/2018\/04\/20220525_160235-1024x768.jpg\" \/><\/a>\n\t\t\t<\/span><\/li><li class='gallery-item'><span class='gallery-icon landscape'>\n\t\t\t\t<a href='https:\/\/www.tribunj.biz\/es_es\/accommodation\/apartment-a3-2\/20220525_104227-2\/'><img loading=\"lazy\" decoding=\"async\" width=\"150\" height=\"150\" src=\"https:\/\/www.tribunj.biz\/wp-content\/uploads\/2018\/04\/20220525_104227-2-150x150.jpg\" class=\"attachment-thumbnail size-thumbnail\" alt=\"\" data-attachment-id=\"13611\" data-permalink=\"https:\/\/www.tribunj.biz\/es_es\/accommodation\/apartment-a3-2\/20220525_104227-2\/\" data-orig-file=\"https:\/\/www.tribunj.biz\/wp-content\/uploads\/2018\/04\/20220525_104227-2-scaled.jpg\" data-orig-size=\"2560,1920\" data-comments-opened=\"1\" data-image-meta=\"{&quot;aperture&quot;:&quot;2&quot;,&quot;credit&quot;:&quot;&quot;,&quot;camera&quot;:&quot;SM-A127F&quot;,&quot;caption&quot;:&quot;&quot;,&quot;created_timestamp&quot;:&quot;1653475346&quot;,&quot;copyright&quot;:&quot;&quot;,&quot;focal_length&quot;:&quot;4.6&quot;,&quot;iso&quot;:&quot;32&quot;,&quot;shutter_speed&quot;:&quot;0.016666666666667&quot;,&quot;title&quot;:&quot;&quot;,&quot;orientation&quot;:&quot;1&quot;}\" data-image-title=\"20220525_104227 (2)\" data-image-description=\"\" data-image-caption=\"\" data-large-file=\"https:\/\/www.tribunj.biz\/wp-content\/uploads\/2018\/04\/20220525_104227-2-1024x768.jpg\" \/><\/a>\n\t\t\t<\/span><\/li><li class='gallery-item'><span class='gallery-icon portrait'>\n\t\t\t\t<a href='https:\/\/www.tribunj.biz\/es_es\/accommodation\/apartment-a3-2\/20220525_104527\/'><img loading=\"lazy\" decoding=\"async\" width=\"150\" height=\"150\" src=\"https:\/\/www.tribunj.biz\/wp-content\/uploads\/2018\/04\/20220525_104527-150x150.jpg\" class=\"attachment-thumbnail size-thumbnail\" alt=\"Apartamento A3 (Tiho y Marija) - ba\u00f1o\" aria-describedby=\"mphb-flexslider-gallery-4-13612\" data-attachment-id=\"13612\" data-permalink=\"https:\/\/www.tribunj.biz\/es_es\/accommodation\/apartment-a3-2\/20220525_104527\/\" data-orig-file=\"https:\/\/www.tribunj.biz\/wp-content\/uploads\/2018\/04\/20220525_104527-scaled.jpg\" data-orig-size=\"1920,2560\" data-comments-opened=\"1\" data-image-meta=\"{&quot;aperture&quot;:&quot;2&quot;,&quot;credit&quot;:&quot;&quot;,&quot;camera&quot;:&quot;SM-A127F&quot;,&quot;caption&quot;:&quot;&quot;,&quot;created_timestamp&quot;:&quot;1653475525&quot;,&quot;copyright&quot;:&quot;&quot;,&quot;focal_length&quot;:&quot;4.6&quot;,&quot;iso&quot;:&quot;125&quot;,&quot;shutter_speed&quot;:&quot;0.02&quot;,&quot;title&quot;:&quot;&quot;,&quot;orientation&quot;:&quot;1&quot;}\" data-image-title=\"20220525_104527\" data-image-description=\"&lt;p&gt;Apartment A3 (Tiho &amp;#038; Marija) &amp;#8211; bathroom&lt;\/p&gt;\" data-image-caption=\"&lt;p&gt;Apartment A3 (Tiho &amp;#038; Marija) &amp;#8211; bathroom&lt;\/p&gt;\" data-large-file=\"https:\/\/www.tribunj.biz\/wp-content\/uploads\/2018\/04\/20220525_104527-768x1024.jpg\" \/><\/a>\n\t\t\t<\/span><\/li><li class='gallery-item'><span class='gallery-icon landscape'>\n\t\t\t\t<a href='https:\/\/www.tribunj.biz\/es_es\/accommodation\/apartment-a3-2\/20220525_104601\/'><img loading=\"lazy\" decoding=\"async\" width=\"150\" height=\"150\" src=\"https:\/\/www.tribunj.biz\/wp-content\/uploads\/2018\/04\/20220525_104601-150x150.jpg\" class=\"attachment-thumbnail size-thumbnail\" alt=\"Apartamento A3 (Tiho y Marija) - ba\u00f1o\" aria-describedby=\"mphb-flexslider-gallery-4-13614\" data-attachment-id=\"13614\" data-permalink=\"https:\/\/www.tribunj.biz\/es_es\/accommodation\/apartment-a3-2\/20220525_104601\/\" data-orig-file=\"https:\/\/www.tribunj.biz\/wp-content\/uploads\/2018\/04\/20220525_104601-scaled.jpg\" data-orig-size=\"2560,1920\" data-comments-opened=\"1\" data-image-meta=\"{&quot;aperture&quot;:&quot;2&quot;,&quot;credit&quot;:&quot;&quot;,&quot;camera&quot;:&quot;SM-A127F&quot;,&quot;caption&quot;:&quot;&quot;,&quot;created_timestamp&quot;:&quot;1653475559&quot;,&quot;copyright&quot;:&quot;&quot;,&quot;focal_length&quot;:&quot;4.6&quot;,&quot;iso&quot;:&quot;125&quot;,&quot;shutter_speed&quot;:&quot;0.02&quot;,&quot;title&quot;:&quot;&quot;,&quot;orientation&quot;:&quot;1&quot;}\" data-image-title=\"20220525_104601\" data-image-description=\"&lt;p&gt;Apartment A3 (Tiho &amp;#038; Marija) &amp;#8211; bathroom&lt;\/p&gt;\" data-image-caption=\"&lt;p&gt;Apartment A3 (Tiho &amp;#038; Marija) &amp;#8211; bathroom&lt;\/p&gt;\" data-large-file=\"https:\/\/www.tribunj.biz\/wp-content\/uploads\/2018\/04\/20220525_104601-1024x768.jpg\" \/><\/a>\n\t\t\t<\/span><\/li><li class='gallery-item'><span class='gallery-icon landscape'>\n\t\t\t\t<a href='https:\/\/www.tribunj.biz\/es_es\/accommodation\/apartment-a3-2\/20220525_104552\/'><img loading=\"lazy\" decoding=\"async\" width=\"150\" height=\"150\" src=\"https:\/\/www.tribunj.biz\/wp-content\/uploads\/2018\/04\/20220525_104552-150x150.jpg\" class=\"attachment-thumbnail size-thumbnail\" alt=\"Apartamento A3 (Tiho y Marija) - ba\u00f1o\" aria-describedby=\"mphb-flexslider-gallery-4-13613\" data-attachment-id=\"13613\" data-permalink=\"https:\/\/www.tribunj.biz\/es_es\/accommodation\/apartment-a3-2\/20220525_104552\/\" data-orig-file=\"https:\/\/www.tribunj.biz\/wp-content\/uploads\/2018\/04\/20220525_104552-scaled.jpg\" data-orig-size=\"2560,1920\" data-comments-opened=\"1\" data-image-meta=\"{&quot;aperture&quot;:&quot;2&quot;,&quot;credit&quot;:&quot;&quot;,&quot;camera&quot;:&quot;SM-A127F&quot;,&quot;caption&quot;:&quot;&quot;,&quot;created_timestamp&quot;:&quot;1653475552&quot;,&quot;copyright&quot;:&quot;&quot;,&quot;focal_length&quot;:&quot;4.6&quot;,&quot;iso&quot;:&quot;160&quot;,&quot;shutter_speed&quot;:&quot;0.02&quot;,&quot;title&quot;:&quot;&quot;,&quot;orientation&quot;:&quot;1&quot;}\" data-image-title=\"20220525_104552\" data-image-description=\"&lt;p&gt;Apartment A3 (Tiho &amp;#038; Marija) &amp;#8211; bathroom&lt;\/p&gt;\" data-image-caption=\"&lt;p&gt;Apartment A3 (Tiho &amp;#038; Marija) &amp;#8211; bathroom&lt;\/p&gt;\" data-large-file=\"https:\/\/www.tribunj.biz\/wp-content\/uploads\/2018\/04\/20220525_104552-1024x768.jpg\" \/><\/a>\n\t\t\t<\/span><\/li><li class='gallery-item'><span class='gallery-icon landscape'>\n\t\t\t\t<a href='https:\/\/www.tribunj.biz\/es_es\/accommodation\/apartment-a3-2\/img_2068-3\/'><img loading=\"lazy\" decoding=\"async\" width=\"150\" height=\"150\" src=\"https:\/\/www.tribunj.biz\/wp-content\/uploads\/2018\/04\/IMG_2068-2-150x150.jpg\" class=\"attachment-thumbnail size-thumbnail\" alt=\"Apartamento A3 (Tiho y Marija): vista desde la terraza al mar, al puerto deportivo y a Tribunj\" aria-describedby=\"mphb-flexslider-gallery-4-13617\" data-attachment-id=\"13617\" data-permalink=\"https:\/\/www.tribunj.biz\/es_es\/accommodation\/apartment-a3-2\/img_2068-3\/\" data-orig-file=\"https:\/\/www.tribunj.biz\/wp-content\/uploads\/2018\/04\/IMG_2068-2-scaled.jpg\" data-orig-size=\"2560,1920\" data-comments-opened=\"1\" data-image-meta=\"{&quot;aperture&quot;:&quot;8&quot;,&quot;credit&quot;:&quot;&quot;,&quot;camera&quot;:&quot;Canon DIGITAL IXUS 80 IS&quot;,&quot;caption&quot;:&quot;&quot;,&quot;created_timestamp&quot;:&quot;1404565527&quot;,&quot;copyright&quot;:&quot;&quot;,&quot;focal_length&quot;:&quot;6.2&quot;,&quot;iso&quot;:&quot;80&quot;,&quot;shutter_speed&quot;:&quot;0.0025&quot;,&quot;title&quot;:&quot;&quot;,&quot;orientation&quot;:&quot;1&quot;}\" data-image-title=\"IMG_2068\" data-image-description=\"&lt;p&gt;Apartment A3 (Tiho &amp;#038; Marija) &amp;#8211; view from terrace at sea, marina and Tribunj&lt;\/p&gt;\" data-image-caption=\"&lt;p&gt;Apartment A3 (Tiho &amp;#038; Marija) &amp;#8211; view from terrace at sea, marina and Tribunj&lt;\/p&gt;\" data-large-file=\"https:\/\/www.tribunj.biz\/wp-content\/uploads\/2018\/04\/IMG_2068-2-1024x768.jpg\" \/><\/a>\n\t\t\t<\/span><\/li><li class='gallery-item'><span class='gallery-icon landscape'>\n\t\t\t\t<a href='https:\/\/www.tribunj.biz\/es_es\/accommodation\/apartment-a3-2\/img_2069-2\/'><img loading=\"lazy\" decoding=\"async\" width=\"150\" height=\"150\" src=\"https:\/\/www.tribunj.biz\/wp-content\/uploads\/2018\/04\/IMG_2069-1-150x150.jpg\" class=\"attachment-thumbnail size-thumbnail\" alt=\"Apartamento A3 (Tiho y Marija): vista desde la terraza al mar, al puerto deportivo y a Tribunj\" aria-describedby=\"mphb-flexslider-gallery-4-13618\" data-attachment-id=\"13618\" data-permalink=\"https:\/\/www.tribunj.biz\/es_es\/accommodation\/apartment-a3-2\/img_2069-2\/\" data-orig-file=\"https:\/\/www.tribunj.biz\/wp-content\/uploads\/2018\/04\/IMG_2069-1-scaled.jpg\" data-orig-size=\"2560,1920\" data-comments-opened=\"1\" data-image-meta=\"{&quot;aperture&quot;:&quot;8&quot;,&quot;credit&quot;:&quot;&quot;,&quot;camera&quot;:&quot;Canon DIGITAL IXUS 80 IS&quot;,&quot;caption&quot;:&quot;&quot;,&quot;created_timestamp&quot;:&quot;1404565533&quot;,&quot;copyright&quot;:&quot;&quot;,&quot;focal_length&quot;:&quot;6.2&quot;,&quot;iso&quot;:&quot;80&quot;,&quot;shutter_speed&quot;:&quot;0.003125&quot;,&quot;title&quot;:&quot;&quot;,&quot;orientation&quot;:&quot;1&quot;}\" data-image-title=\"IMG_2069\" data-image-description=\"&lt;p&gt;Apartment A3 (Tiho &amp;#038; Marija) &amp;#8211; view from terrace at sea, marina and Tribunj&lt;\/p&gt;\" data-image-caption=\"&lt;p&gt;Apartment A3 (Tiho &amp;#038; Marija) &amp;#8211; view from terrace at sea, marina and Tribunj&lt;\/p&gt;\" data-large-file=\"https:\/\/www.tribunj.biz\/wp-content\/uploads\/2018\/04\/IMG_2069-1-1024x768.jpg\" \/><\/a>\n\t\t\t<\/span><\/li><li class='gallery-item'><span class='gallery-icon landscape'>\n\t\t\t\t<a href='https:\/\/www.tribunj.biz\/es_es\/accommodation\/apartment-a3-2\/img_20210815_161700\/'><img loading=\"lazy\" decoding=\"async\" width=\"150\" height=\"150\" src=\"https:\/\/www.tribunj.biz\/wp-content\/uploads\/2018\/04\/IMG_20210815_161700-150x150.jpg\" class=\"attachment-thumbnail size-thumbnail\" alt=\"Apartamento A3 (Tiho y Marija): vista desde la terraza al mar, al puerto deportivo y a Tribunj\" aria-describedby=\"mphb-flexslider-gallery-4-13619\" data-attachment-id=\"13619\" data-permalink=\"https:\/\/www.tribunj.biz\/es_es\/accommodation\/apartment-a3-2\/img_20210815_161700\/\" data-orig-file=\"https:\/\/www.tribunj.biz\/wp-content\/uploads\/2018\/04\/IMG_20210815_161700-scaled.jpg\" data-orig-size=\"2560,1920\" data-comments-opened=\"1\" data-image-meta=\"{&quot;aperture&quot;:&quot;1.8&quot;,&quot;credit&quot;:&quot;&quot;,&quot;camera&quot;:&quot;STK-LX1&quot;,&quot;caption&quot;:&quot;&quot;,&quot;created_timestamp&quot;:&quot;1629044222&quot;,&quot;copyright&quot;:&quot;&quot;,&quot;focal_length&quot;:&quot;3.96&quot;,&quot;iso&quot;:&quot;50&quot;,&quot;shutter_speed&quot;:&quot;0.000331&quot;,&quot;title&quot;:&quot;&quot;,&quot;orientation&quot;:&quot;1&quot;}\" data-image-title=\"IMG_20210815_161700\" data-image-description=\"&lt;p&gt;Apartment A3 (Tiho &amp;#038; Marija) &amp;#8211; view from terrace at sea, marina and Tribunj&lt;\/p&gt;\" data-image-caption=\"&lt;p&gt;Apartment A3 (Tiho &amp;#038; Marija) &amp;#8211; view from terrace at sea, marina and Tribunj&lt;\/p&gt;\" data-large-file=\"https:\/\/www.tribunj.biz\/wp-content\/uploads\/2018\/04\/IMG_20210815_161700-1024x768.jpg\" \/><\/a>\n\t\t\t<\/span><\/li><li class='gallery-item'><span class='gallery-icon landscape'>\n\t\t\t\t<a href='https:\/\/www.tribunj.biz\/es_es\/accommodation\/apartment-a3-2\/img_20210815_161702\/'><img loading=\"lazy\" decoding=\"async\" width=\"150\" height=\"150\" src=\"https:\/\/www.tribunj.biz\/wp-content\/uploads\/2018\/04\/IMG_20210815_161702-150x150.jpg\" class=\"attachment-thumbnail size-thumbnail\" alt=\"Apartamento A3 (Tiho y Marija): vista desde la terraza al mar, al puerto deportivo y a Tribunj\" aria-describedby=\"mphb-flexslider-gallery-4-13620\" data-attachment-id=\"13620\" data-permalink=\"https:\/\/www.tribunj.biz\/es_es\/accommodation\/apartment-a3-2\/img_20210815_161702\/\" data-orig-file=\"https:\/\/www.tribunj.biz\/wp-content\/uploads\/2018\/04\/IMG_20210815_161702-scaled.jpg\" data-orig-size=\"2560,1920\" data-comments-opened=\"1\" data-image-meta=\"{&quot;aperture&quot;:&quot;1.8&quot;,&quot;credit&quot;:&quot;&quot;,&quot;camera&quot;:&quot;STK-LX1&quot;,&quot;caption&quot;:&quot;&quot;,&quot;created_timestamp&quot;:&quot;1629044224&quot;,&quot;copyright&quot;:&quot;&quot;,&quot;focal_length&quot;:&quot;3.96&quot;,&quot;iso&quot;:&quot;50&quot;,&quot;shutter_speed&quot;:&quot;0.000307&quot;,&quot;title&quot;:&quot;&quot;,&quot;orientation&quot;:&quot;1&quot;}\" data-image-title=\"IMG_20210815_161702\" data-image-description=\"&lt;p&gt;Apartment A3 (Tiho &amp;#038; Marija) &amp;#8211; view from terrace at sea, marina and Tribunj&lt;\/p&gt;\" data-image-caption=\"&lt;p&gt;Apartment A3 (Tiho &amp;#038; Marija) &amp;#8211; view from terrace at sea, marina and Tribunj&lt;\/p&gt;\" data-large-file=\"https:\/\/www.tribunj.biz\/wp-content\/uploads\/2018\/04\/IMG_20210815_161702-1024x768.jpg\" \/><\/a>\n\t\t\t<\/span><\/li><li class='gallery-item'><span class='gallery-icon landscape'>\n\t\t\t\t<a href='https:\/\/www.tribunj.biz\/es_es\/accommodation\/apartment-a3-2\/img_20210815_161711\/'><img loading=\"lazy\" decoding=\"async\" width=\"150\" height=\"150\" src=\"https:\/\/www.tribunj.biz\/wp-content\/uploads\/2018\/04\/IMG_20210815_161711-150x150.jpg\" class=\"attachment-thumbnail size-thumbnail\" alt=\"Apartamento A3 (Tiho y Marija): vista desde la terraza al mar, al puerto deportivo y a Tribunj\" aria-describedby=\"mphb-flexslider-gallery-4-13621\" data-attachment-id=\"13621\" data-permalink=\"https:\/\/www.tribunj.biz\/es_es\/accommodation\/apartment-a3-2\/img_20210815_161711\/\" data-orig-file=\"https:\/\/www.tribunj.biz\/wp-content\/uploads\/2018\/04\/IMG_20210815_161711-scaled.jpg\" data-orig-size=\"2560,1920\" data-comments-opened=\"1\" data-image-meta=\"{&quot;aperture&quot;:&quot;1.8&quot;,&quot;credit&quot;:&quot;&quot;,&quot;camera&quot;:&quot;STK-LX1&quot;,&quot;caption&quot;:&quot;&quot;,&quot;created_timestamp&quot;:&quot;1629044231&quot;,&quot;copyright&quot;:&quot;&quot;,&quot;focal_length&quot;:&quot;3.96&quot;,&quot;iso&quot;:&quot;50&quot;,&quot;shutter_speed&quot;:&quot;0.000304&quot;,&quot;title&quot;:&quot;&quot;,&quot;orientation&quot;:&quot;1&quot;}\" data-image-title=\"IMG_20210815_161711\" data-image-description=\"&lt;p&gt;Apartment A3 (Tiho &amp;#038; Marija) &amp;#8211; view from terrace at sea, marina and Tribunj&lt;\/p&gt;\" data-image-caption=\"&lt;p&gt;Apartment A3 (Tiho &amp;#038; Marija) &amp;#8211; view from terrace at sea, marina and Tribunj&lt;\/p&gt;\" data-large-file=\"https:\/\/www.tribunj.biz\/wp-content\/uploads\/2018\/04\/IMG_20210815_161711-1024x768.jpg\" \/><\/a>\n\t\t\t<\/span><\/li><li class='gallery-item'><span class='gallery-icon landscape'>\n\t\t\t\t<a href='https:\/\/www.tribunj.biz\/es_es\/accommodation\/apartment-a3-2\/olympus-digital-camera-2\/'><img loading=\"lazy\" decoding=\"async\" width=\"150\" height=\"150\" src=\"https:\/\/www.tribunj.biz\/wp-content\/uploads\/2018\/04\/photo3-150x150.jpg\" class=\"attachment-thumbnail size-thumbnail\" alt=\"Apartamento A3 (Tiho y Marija): vista desde la terraza al mar, al puerto deportivo y a Tribunj\" aria-describedby=\"mphb-flexslider-gallery-4-13622\" data-attachment-id=\"13622\" data-permalink=\"https:\/\/www.tribunj.biz\/es_es\/accommodation\/apartment-a3-2\/olympus-digital-camera-2\/\" data-orig-file=\"https:\/\/www.tribunj.biz\/wp-content\/uploads\/2018\/04\/photo3.jpg\" data-orig-size=\"2048,1536\" data-comments-opened=\"1\" data-image-meta=\"{&quot;aperture&quot;:&quot;5&quot;,&quot;credit&quot;:&quot;&quot;,&quot;camera&quot;:&quot;u1040,S1040&quot;,&quot;caption&quot;:&quot;OLYMPUS DIGITAL CAMERA&quot;,&quot;created_timestamp&quot;:&quot;1249731459&quot;,&quot;copyright&quot;:&quot;&quot;,&quot;focal_length&quot;:&quot;20.1&quot;,&quot;iso&quot;:&quot;50&quot;,&quot;shutter_speed&quot;:&quot;0.0025&quot;,&quot;title&quot;:&quot;OLYMPUS DIGITAL CAMERA&quot;,&quot;orientation&quot;:&quot;1&quot;}\" data-image-title=\"OLYMPUS DIGITAL CAMERA\" data-image-description=\"&lt;p&gt;Apartment A3 (Tiho &amp;#038; Marija) &amp;#8211; view from terrace at sea, marina and Tribunj&lt;\/p&gt;\" data-image-caption=\"&lt;p&gt;Apartment A3 (Tiho &amp;#038; Marija) &amp;#8211; view from terrace at sea, marina and Tribunj&lt;\/p&gt;\" data-large-file=\"https:\/\/www.tribunj.biz\/wp-content\/uploads\/2018\/04\/photo3-1024x768.jpg\" \/><\/a>\n\t\t\t<\/span><\/li><li class='gallery-item'><span class='gallery-icon landscape'>\n\t\t\t\t<a href='https:\/\/www.tribunj.biz\/es_es\/accommodation\/apartment-a4-4\/img_20220523_150240\/'><img loading=\"lazy\" decoding=\"async\" width=\"150\" height=\"150\" src=\"https:\/\/www.tribunj.biz\/wp-content\/uploads\/2018\/04\/IMG_20220523_150240-150x150.jpg\" class=\"attachment-thumbnail size-thumbnail\" alt=\"Apartamentos Tiho y Marija - casa\" aria-describedby=\"mphb-flexslider-gallery-4-13589\" data-attachment-id=\"13589\" data-permalink=\"https:\/\/www.tribunj.biz\/es_es\/accommodation\/apartment-a4-4\/img_20220523_150240\/\" data-orig-file=\"https:\/\/www.tribunj.biz\/wp-content\/uploads\/2018\/04\/IMG_20220523_150240-scaled.jpg\" data-orig-size=\"2560,1920\" data-comments-opened=\"1\" data-image-meta=\"{&quot;aperture&quot;:&quot;1.8&quot;,&quot;credit&quot;:&quot;&quot;,&quot;camera&quot;:&quot;STK-LX1&quot;,&quot;caption&quot;:&quot;&quot;,&quot;created_timestamp&quot;:&quot;1653318161&quot;,&quot;copyright&quot;:&quot;&quot;,&quot;focal_length&quot;:&quot;3.96&quot;,&quot;iso&quot;:&quot;50&quot;,&quot;shutter_speed&quot;:&quot;0.000459&quot;,&quot;title&quot;:&quot;&quot;,&quot;orientation&quot;:&quot;1&quot;}\" data-image-title=\"IMG_20220523_150240\" data-image-description=\"&lt;p&gt;Apartments Tiho &amp;#038; Marija &amp;#8211; house&lt;\/p&gt;\" data-image-caption=\"&lt;p&gt;Apartments Tiho &amp;#038; Marija &amp;#8211; house&lt;\/p&gt;\" data-large-file=\"https:\/\/www.tribunj.biz\/wp-content\/uploads\/2018\/04\/IMG_20220523_150240-1024x768.jpg\" \/><\/a>\n\t\t\t<\/span><\/li><li class='gallery-item'><span class='gallery-icon landscape'>\n\t\t\t\t<a href='https:\/\/www.tribunj.biz\/es_es\/accommodation\/apartment-a4-4\/img_20220523_152130\/'><img loading=\"lazy\" decoding=\"async\" width=\"150\" height=\"150\" src=\"https:\/\/www.tribunj.biz\/wp-content\/uploads\/2018\/04\/IMG_20220523_152130-150x150.jpg\" class=\"attachment-thumbnail size-thumbnail\" alt=\"\" data-attachment-id=\"13596\" data-permalink=\"https:\/\/www.tribunj.biz\/es_es\/accommodation\/apartment-a4-4\/img_20220523_152130\/\" data-orig-file=\"https:\/\/www.tribunj.biz\/wp-content\/uploads\/2018\/04\/IMG_20220523_152130-scaled.jpg\" data-orig-size=\"2560,1920\" data-comments-opened=\"1\" data-image-meta=\"{&quot;aperture&quot;:&quot;1.8&quot;,&quot;credit&quot;:&quot;&quot;,&quot;camera&quot;:&quot;STK-LX1&quot;,&quot;caption&quot;:&quot;&quot;,&quot;created_timestamp&quot;:&quot;1653319290&quot;,&quot;copyright&quot;:&quot;&quot;,&quot;focal_length&quot;:&quot;3.96&quot;,&quot;iso&quot;:&quot;50&quot;,&quot;shutter_speed&quot;:&quot;0.000719&quot;,&quot;title&quot;:&quot;&quot;,&quot;orientation&quot;:&quot;1&quot;}\" data-image-title=\"IMG_20220523_152130\" data-image-description=\"\" data-image-caption=\"\" data-large-file=\"https:\/\/www.tribunj.biz\/wp-content\/uploads\/2018\/04\/IMG_20220523_152130-1024x768.jpg\" \/><\/a>\n\t\t\t<\/span><\/li><li class='gallery-item'><span class='gallery-icon landscape'>\n\t\t\t\t<a href='https:\/\/www.tribunj.biz\/es_es\/accommodation\/apartment-a4-4\/img_20220523_151133\/'><img loading=\"lazy\" decoding=\"async\" width=\"150\" height=\"150\" src=\"https:\/\/www.tribunj.biz\/wp-content\/uploads\/2018\/04\/IMG_20220523_151133-150x150.jpg\" class=\"attachment-thumbnail size-thumbnail\" alt=\"Apartamentos Tiho &amp; Marija - aparcamiento, jard\u00edn\" aria-describedby=\"mphb-flexslider-gallery-4-13592\" data-attachment-id=\"13592\" data-permalink=\"https:\/\/www.tribunj.biz\/es_es\/accommodation\/apartment-a4-4\/img_20220523_151133\/\" data-orig-file=\"https:\/\/www.tribunj.biz\/wp-content\/uploads\/2018\/04\/IMG_20220523_151133-scaled.jpg\" data-orig-size=\"2560,1920\" data-comments-opened=\"1\" data-image-meta=\"{&quot;aperture&quot;:&quot;1.8&quot;,&quot;credit&quot;:&quot;&quot;,&quot;camera&quot;:&quot;STK-LX1&quot;,&quot;caption&quot;:&quot;&quot;,&quot;created_timestamp&quot;:&quot;1653318693&quot;,&quot;copyright&quot;:&quot;&quot;,&quot;focal_length&quot;:&quot;3.96&quot;,&quot;iso&quot;:&quot;50&quot;,&quot;shutter_speed&quot;:&quot;0.000471&quot;,&quot;title&quot;:&quot;&quot;,&quot;orientation&quot;:&quot;1&quot;}\" data-image-title=\"IMG_20220523_151133\" data-image-description=\"&lt;p&gt;Apartments Tiho &amp;#038; Marija &amp;#8211; parking, garden&lt;\/p&gt;\" data-image-caption=\"&lt;p&gt;Apartments Tiho &amp;#038; Marija &amp;#8211; parking, garden&lt;\/p&gt;\" data-large-file=\"https:\/\/www.tribunj.biz\/wp-content\/uploads\/2018\/04\/IMG_20220523_151133-1024x768.jpg\" \/><\/a>\n\t\t\t<\/span><\/li><li class='gallery-item'><span class='gallery-icon landscape'>\n\t\t\t\t<a href='https:\/\/www.tribunj.biz\/es_es\/accommodation\/apartment-a4-4\/img_0916-2\/'><img loading=\"lazy\" decoding=\"async\" width=\"150\" height=\"150\" src=\"https:\/\/www.tribunj.biz\/wp-content\/uploads\/2018\/04\/IMG_0916-1-150x150.jpg\" class=\"attachment-thumbnail size-thumbnail\" alt=\"Apartamentos Tiho &amp; Marija - zona de barbacoa compartida\" aria-describedby=\"mphb-flexslider-gallery-4-13584\" data-attachment-id=\"13584\" data-permalink=\"https:\/\/www.tribunj.biz\/es_es\/accommodation\/apartment-a4-4\/img_0916-2\/\" data-orig-file=\"https:\/\/www.tribunj.biz\/wp-content\/uploads\/2018\/04\/IMG_0916-1-scaled.jpg\" data-orig-size=\"2560,1920\" data-comments-opened=\"1\" data-image-meta=\"{&quot;aperture&quot;:&quot;3&quot;,&quot;credit&quot;:&quot;&quot;,&quot;camera&quot;:&quot;Canon PowerShot A470&quot;,&quot;caption&quot;:&quot;&quot;,&quot;created_timestamp&quot;:&quot;1374332956&quot;,&quot;copyright&quot;:&quot;&quot;,&quot;focal_length&quot;:&quot;6.3&quot;,&quot;iso&quot;:&quot;80&quot;,&quot;shutter_speed&quot;:&quot;0.004&quot;,&quot;title&quot;:&quot;&quot;,&quot;orientation&quot;:&quot;1&quot;}\" data-image-title=\"IMG_0916\" data-image-description=\"&lt;p&gt;Apartments Tiho &amp;#038; Marija &amp;#8211; shared barbecue area&lt;\/p&gt;\" data-image-caption=\"&lt;p&gt;Apartments Tiho &amp;#038; Marija &amp;#8211; shared barbecue area&lt;\/p&gt;\" data-large-file=\"https:\/\/www.tribunj.biz\/wp-content\/uploads\/2018\/04\/IMG_0916-1-1024x768.jpg\" \/><\/a>\n\t\t\t<\/span><\/li><li class='gallery-item'><span class='gallery-icon landscape'>\n\t\t\t\t<a href='https:\/\/www.tribunj.biz\/es_es\/accommodation\/apartment-a4-4\/img_0910-2\/'><img loading=\"lazy\" decoding=\"async\" width=\"150\" height=\"150\" src=\"https:\/\/www.tribunj.biz\/wp-content\/uploads\/2018\/04\/IMG_0910-1-150x150.jpg\" class=\"attachment-thumbnail size-thumbnail\" alt=\"Apartamentos Tiho &amp; Marija - zona de barbacoa compartida\" aria-describedby=\"mphb-flexslider-gallery-4-13583\" data-attachment-id=\"13583\" data-permalink=\"https:\/\/www.tribunj.biz\/es_es\/accommodation\/apartment-a4-4\/img_0910-2\/\" data-orig-file=\"https:\/\/www.tribunj.biz\/wp-content\/uploads\/2018\/04\/IMG_0910-1-scaled.jpg\" data-orig-size=\"2560,1920\" data-comments-opened=\"1\" data-image-meta=\"{&quot;aperture&quot;:&quot;3&quot;,&quot;credit&quot;:&quot;&quot;,&quot;camera&quot;:&quot;Canon PowerShot A470&quot;,&quot;caption&quot;:&quot;&quot;,&quot;created_timestamp&quot;:&quot;1374332901&quot;,&quot;copyright&quot;:&quot;&quot;,&quot;focal_length&quot;:&quot;6.3&quot;,&quot;iso&quot;:&quot;80&quot;,&quot;shutter_speed&quot;:&quot;0.002&quot;,&quot;title&quot;:&quot;&quot;,&quot;orientation&quot;:&quot;1&quot;}\" data-image-title=\"IMG_0910\" data-image-description=\"&lt;p&gt;Apartments Tiho &amp;#038; Marija &amp;#8211; shared barbecue area&lt;\/p&gt;\" data-image-caption=\"&lt;p&gt;Apartments Tiho &amp;#038; Marija &amp;#8211; shared barbecue area&lt;\/p&gt;\" data-large-file=\"https:\/\/www.tribunj.biz\/wp-content\/uploads\/2018\/04\/IMG_0910-1-1024x768.jpg\" \/><\/a>\n\t\t\t<\/span><\/li><li class='gallery-item'><span class='gallery-icon landscape'>\n\t\t\t\t<a href='https:\/\/www.tribunj.biz\/es_es\/accommodation\/apartment-a4-4\/hodnik\/'><img loading=\"lazy\" decoding=\"async\" width=\"150\" height=\"150\" src=\"https:\/\/www.tribunj.biz\/wp-content\/uploads\/2018\/04\/hodnik-150x150.jpg\" class=\"attachment-thumbnail size-thumbnail\" alt=\"Apartamentos Tiho y Marija - escaleras\" aria-describedby=\"mphb-flexslider-gallery-4-13582\" data-attachment-id=\"13582\" data-permalink=\"https:\/\/www.tribunj.biz\/es_es\/accommodation\/apartment-a4-4\/hodnik\/\" data-orig-file=\"https:\/\/www.tribunj.biz\/wp-content\/uploads\/2018\/04\/hodnik.jpg\" data-orig-size=\"1280,960\" data-comments-opened=\"1\" data-image-meta=\"{&quot;aperture&quot;:&quot;2.8&quot;,&quot;credit&quot;:&quot;&quot;,&quot;camera&quot;:&quot;DSC-W5&quot;,&quot;caption&quot;:&quot;&quot;,&quot;created_timestamp&quot;:&quot;1114365765&quot;,&quot;copyright&quot;:&quot;&quot;,&quot;focal_length&quot;:&quot;7.9&quot;,&quot;iso&quot;:&quot;125&quot;,&quot;shutter_speed&quot;:&quot;0.025&quot;,&quot;title&quot;:&quot;&quot;,&quot;orientation&quot;:&quot;1&quot;}\" data-image-title=\"Apartments Tiho &amp;#038; Marija &amp;#8211; stairs\" data-image-description=\"&lt;p&gt;Apartments Tiho &amp;#038; Marija &amp;#8211; stairs&lt;\/p&gt;\" data-image-caption=\"&lt;p&gt;Apartments Tiho &amp;#038; Marija &amp;#8211; stairs&lt;\/p&gt;\" data-large-file=\"https:\/\/www.tribunj.biz\/wp-content\/uploads\/2018\/04\/hodnik-1024x768.jpg\" \/><\/a>\n\t\t\t<\/span><\/li><\/ul>\n\t\t<\/div>\n\n\t<\/div>\n\t\n<h2 class=\"mphb-room-type-title entry-title\">\n\n<a class=\"mphb-room-type-title\" href=\"https:\/\/www.tribunj.biz\/es_es\/accommodation\/apartment-a3-2\/\">Apartamento A3 (2)<\/a>\n\n<\/h2>\n\n<p>Apartamento totalmente equipado para 2 personas.<br \/>\n46 m2, 2 camas, sof\u00e1 en el comedor, segundo piso, cocina con comedor, un dormitorio (cama doble), ba\u00f1o con WC, terraza (25 m2), el apartamento tiene vista al jard\u00edn, al mar, al puerto deportivo y a Tribunj.<\/p>\n\n\n\n\t<p class=\"mphb-regular-price\"><strong>Precio desde:<\/strong>\n\t<span class=\"mphb-price\">80<span class=\"mphb-currency\">\u20ac<\/span><\/span> <span class=\"mphb-price-period\" title=\"Establezca las fechas para ver los precios adecuados\">por noche<\/span>\n\t<\/p>\n\t\n<p class=\"mphb-view-details-button-wrapper\">\n<a class=\"button mphb-view-details-button\" href=\"https:\/\/www.tribunj.biz\/es_es\/accommodation\/apartment-a3-2\/\" >Ver detalles<\/a>\n<\/p>\n<div class=\"mphb-to-book-btn-wrapper\">\n<form action=\"https:\/\/www.tribunj.biz\/es_es\/alojamiento\/apartamento-a3-2\/#booking-form-316\" method=\"get\" data-trp-original-action=\"https:\/\/www.tribunj.biz\/es_es\/accommodation\/apartment-a3-2\/#booking-form-316\" ><button type=\"submit\" class=\"button mphb-book-button\" >Hacer reserva<\/button><input type=\"hidden\" name=\"trp-form-language\" value=\"es_es\"\/><\/form>\n<br\/><\/div>\n\t\n<\/div>\n\n<div class=\"mphb-room-type post-307 mphb_room_type type-mphb_room_type status-publish mphb_room_type_category-category-accommodation-tribunj mphb_room_type_category-two-bedroom-tribunj mphb_room_type_tag-accommodation mphb_room_type_tag-apartment mphb_room_type_tag-double-room mphb_room_type_tag-tribunj mphb_room_type_tag-two-rooms mphb_room_type_tag-view-at-sea mphb_room_type_facility-air-conditioning mphb_room_type_facility-balcony mphb_room_type_facility-bathroom mphb_room_type_facility-bathtub mphb_room_type_facility-bedroom mphb_room_type_facility-central-heating mphb_room_type_facility-cleaning-products mphb_room_type_facility-clothes-rack mphb_room_type_facility-coffee-machine mphb_room_type_facility-couch mphb_room_type_facility-dining-area mphb_room_type_facility-drying-rack-for-clothing mphb_room_type_facility-electric-kettle mphb_room_type_facility-flat-screen-tv mphb_room_type_facility-free-parking mphb_room_type_facility-barbecue mphb_room_type_facility-free-wifi mphb_room_type_facility-hairdryer mphb_room_type_facility-kitchen mphb_room_type_facility-kitchenware mphb_room_type_facility-linens mphb_room_type_facility-outdoor-furniture mphb_room_type_facility-patio mphb_room_type_facility-pet-friendly mphb_room_type_facility-refrigerator mphb_room_type_facility-satellite-channels mphb_room_type_facility-sitting-area mphb_room_type_facility-smoking-allowed mphb_room_type_facility-stovetop mphb_room_type_facility-toilet mphb_room_type_facility-toilet-paper mphb_room_type_facility-towels mphb_room_type_facility-upper-floors-accessible-by-stairs-only mphb_room_type_facility-vakuum-cleaner mphb_room_type_facility-wardrobe-closet mphb-room-type-adults-4 mphb-room-type-children-3\">\n\n\t\n\t\n\n\t<div class=\"mphb-room-type-images\">\n\t<span class=\"mphb_room_type_featured_image_wrapper\"><div id='mphb-flexslider-gallery-5' class='gallery-columns-1 gallery-size-villagio-thumb-small-x2 mphb-gallery-main-slider mphb-flexslider-gallery-wrapper mphb-room-type-gallery-wrapper mphb-gallery-main-slider-69f47f83f39ec' data-flexslider-atts='{\"animation\":\"slide\",\"controlNav\":false,\"animationLoop\":true,\"smoothHeight\":true,\"slideshow\":false}' data-group='69f47f83f39ec'><ul class=\"slides\"><li class='gallery-item'><span class='gallery-icon landscape'>\n\t\t\t\t<a href=\"https:\/\/www.tribunj.biz\/es_es\/accommodation\/apartment-a2-4\/\"><img loading=\"lazy\" decoding=\"async\" width=\"1434\" height=\"1080\" src=\"https:\/\/www.tribunj.biz\/wp-content\/uploads\/2018\/04\/20220525_160449-1434x1080.jpg\" class=\"attachment-villagio-thumb-small-x2 size-villagio-thumb-small-x2\" alt=\"Apartamento A2 (Tiho y Marija) - dormitorio 1\" aria-describedby=\"mphb-flexslider-gallery-5-13639\" srcset=\"https:\/\/www.tribunj.biz\/wp-content\/uploads\/2018\/04\/20220525_160449-1434x1080.jpg 1434w, https:\/\/www.tribunj.biz\/wp-content\/uploads\/2018\/04\/20220525_160449-300x225.jpg 300w, https:\/\/www.tribunj.biz\/wp-content\/uploads\/2018\/04\/20220525_160449-16x12.jpg 16w, https:\/\/www.tribunj.biz\/wp-content\/uploads\/2018\/04\/20220525_160449-717x540.jpg 717w\" sizes=\"auto, (max-width: 1434px) 100vw, 1434px\" data-attachment-id=\"13639\" data-permalink=\"https:\/\/www.tribunj.biz\/es_es\/accommodation\/apartment-a2-4\/20220525_160449\/\" data-orig-file=\"https:\/\/www.tribunj.biz\/wp-content\/uploads\/2018\/04\/20220525_160449-scaled.jpg\" data-orig-size=\"2560,1920\" data-comments-opened=\"1\" data-image-meta=\"{&quot;aperture&quot;:&quot;2&quot;,&quot;credit&quot;:&quot;&quot;,&quot;camera&quot;:&quot;SM-A127F&quot;,&quot;caption&quot;:&quot;&quot;,&quot;created_timestamp&quot;:&quot;1653494687&quot;,&quot;copyright&quot;:&quot;&quot;,&quot;focal_length&quot;:&quot;4.6&quot;,&quot;iso&quot;:&quot;20&quot;,&quot;shutter_speed&quot;:&quot;0.0096153846153846&quot;,&quot;title&quot;:&quot;&quot;,&quot;orientation&quot;:&quot;1&quot;}\" data-image-title=\"20220525_160449\" data-image-description=\"&lt;p&gt;Apartment A2 (Tiho &amp;#038; Marija) &amp;#8211; bedroom 1&lt;\/p&gt;\" data-image-caption=\"&lt;p&gt;Apartment A2 (Tiho &amp;#038; Marija) &amp;#8211; bedroom 1&lt;\/p&gt;\" data-large-file=\"https:\/\/www.tribunj.biz\/wp-content\/uploads\/2018\/04\/20220525_160449-1024x768.jpg\" \/><\/a>\n\t\t\t<\/span><\/li><li class='gallery-item'><span class='gallery-icon landscape'>\n\t\t\t\t<a href=\"https:\/\/www.tribunj.biz\/es_es\/accommodation\/apartment-a2-4\/\"><img loading=\"lazy\" decoding=\"async\" width=\"1434\" height=\"1080\" src=\"https:\/\/www.tribunj.biz\/wp-content\/uploads\/2018\/04\/20220525_115403-1434x1080.jpg\" class=\"attachment-villagio-thumb-small-x2 size-villagio-thumb-small-x2\" alt=\"Apartamento A2 (Tiho y Marija) - dormitorio 2\" aria-describedby=\"mphb-flexslider-gallery-5-13637\" srcset=\"https:\/\/www.tribunj.biz\/wp-content\/uploads\/2018\/04\/20220525_115403-1434x1080.jpg 1434w, https:\/\/www.tribunj.biz\/wp-content\/uploads\/2018\/04\/20220525_115403-300x225.jpg 300w, https:\/\/www.tribunj.biz\/wp-content\/uploads\/2018\/04\/20220525_115403-16x12.jpg 16w, https:\/\/www.tribunj.biz\/wp-content\/uploads\/2018\/04\/20220525_115403-717x540.jpg 717w\" sizes=\"auto, (max-width: 1434px) 100vw, 1434px\" data-attachment-id=\"13637\" data-permalink=\"https:\/\/www.tribunj.biz\/es_es\/accommodation\/apartment-a2-4\/20220525_115403\/\" data-orig-file=\"https:\/\/www.tribunj.biz\/wp-content\/uploads\/2018\/04\/20220525_115403-scaled.jpg\" data-orig-size=\"2560,1920\" data-comments-opened=\"1\" data-image-meta=\"{&quot;aperture&quot;:&quot;2&quot;,&quot;credit&quot;:&quot;&quot;,&quot;camera&quot;:&quot;SM-A127F&quot;,&quot;caption&quot;:&quot;&quot;,&quot;created_timestamp&quot;:&quot;1653479643&quot;,&quot;copyright&quot;:&quot;&quot;,&quot;focal_length&quot;:&quot;4.6&quot;,&quot;iso&quot;:&quot;40&quot;,&quot;shutter_speed&quot;:&quot;0.02&quot;,&quot;title&quot;:&quot;&quot;,&quot;orientation&quot;:&quot;1&quot;}\" data-image-title=\"20220525_115403\" data-image-description=\"&lt;p&gt;Apartment A2 (Tiho &amp;#038; Marija) &amp;#8211; bedroom 2&lt;\/p&gt;\" data-image-caption=\"&lt;p&gt;Apartment A2 (Tiho &amp;#038; Marija) &amp;#8211; bedroom 2&lt;\/p&gt;\" data-large-file=\"https:\/\/www.tribunj.biz\/wp-content\/uploads\/2018\/04\/20220525_115403-1024x768.jpg\" \/><\/a>\n\t\t\t<\/span><\/li><li class='gallery-item'><span class='gallery-icon landscape'>\n\t\t\t\t<a href=\"https:\/\/www.tribunj.biz\/es_es\/accommodation\/apartment-a2-4\/\"><img loading=\"lazy\" decoding=\"async\" width=\"1434\" height=\"1080\" src=\"https:\/\/www.tribunj.biz\/wp-content\/uploads\/2018\/04\/20220525_115338-1434x1080.jpg\" class=\"attachment-villagio-thumb-small-x2 size-villagio-thumb-small-x2\" alt=\"Apartamento A2 (Tiho y Marija) - dormitorio 2\" aria-describedby=\"mphb-flexslider-gallery-5-13636\" srcset=\"https:\/\/www.tribunj.biz\/wp-content\/uploads\/2018\/04\/20220525_115338-1434x1080.jpg 1434w, https:\/\/www.tribunj.biz\/wp-content\/uploads\/2018\/04\/20220525_115338-300x225.jpg 300w, https:\/\/www.tribunj.biz\/wp-content\/uploads\/2018\/04\/20220525_115338-16x12.jpg 16w, https:\/\/www.tribunj.biz\/wp-content\/uploads\/2018\/04\/20220525_115338-717x540.jpg 717w\" sizes=\"auto, (max-width: 1434px) 100vw, 1434px\" data-attachment-id=\"13636\" data-permalink=\"https:\/\/www.tribunj.biz\/es_es\/accommodation\/apartment-a2-4\/20220525_115338\/\" data-orig-file=\"https:\/\/www.tribunj.biz\/wp-content\/uploads\/2018\/04\/20220525_115338-scaled.jpg\" data-orig-size=\"2560,1920\" data-comments-opened=\"1\" data-image-meta=\"{&quot;aperture&quot;:&quot;2&quot;,&quot;credit&quot;:&quot;&quot;,&quot;camera&quot;:&quot;SM-A127F&quot;,&quot;caption&quot;:&quot;&quot;,&quot;created_timestamp&quot;:&quot;1653479616&quot;,&quot;copyright&quot;:&quot;&quot;,&quot;focal_length&quot;:&quot;4.6&quot;,&quot;iso&quot;:&quot;32&quot;,&quot;shutter_speed&quot;:&quot;0.02&quot;,&quot;title&quot;:&quot;&quot;,&quot;orientation&quot;:&quot;1&quot;}\" data-image-title=\"20220525_115338\" data-image-description=\"&lt;p&gt;Apartment A2 (Tiho &amp;#038; Marija) &amp;#8211; bedroom 2&lt;\/p&gt;\" data-image-caption=\"&lt;p&gt;Apartment A2 (Tiho &amp;#038; Marija) &amp;#8211; bedroom 2&lt;\/p&gt;\" data-large-file=\"https:\/\/www.tribunj.biz\/wp-content\/uploads\/2018\/04\/20220525_115338-1024x768.jpg\" \/><\/a>\n\t\t\t<\/span><\/li><li class='gallery-item'><span class='gallery-icon landscape'>\n\t\t\t\t<a href=\"https:\/\/www.tribunj.biz\/es_es\/accommodation\/apartment-a2-4\/\"><img loading=\"lazy\" decoding=\"async\" width=\"1434\" height=\"1080\" src=\"https:\/\/www.tribunj.biz\/wp-content\/uploads\/2018\/04\/20220525_113330-1434x1080.jpg\" class=\"attachment-villagio-thumb-small-x2 size-villagio-thumb-small-x2\" alt=\"Apartamento A2 (Tiho y Marija) - dormitorio 1\" aria-describedby=\"mphb-flexslider-gallery-5-13635\" srcset=\"https:\/\/www.tribunj.biz\/wp-content\/uploads\/2018\/04\/20220525_113330-1434x1080.jpg 1434w, https:\/\/www.tribunj.biz\/wp-content\/uploads\/2018\/04\/20220525_113330-300x225.jpg 300w, https:\/\/www.tribunj.biz\/wp-content\/uploads\/2018\/04\/20220525_113330-16x12.jpg 16w, https:\/\/www.tribunj.biz\/wp-content\/uploads\/2018\/04\/20220525_113330-717x540.jpg 717w\" sizes=\"auto, (max-width: 1434px) 100vw, 1434px\" data-attachment-id=\"13635\" data-permalink=\"https:\/\/www.tribunj.biz\/es_es\/accommodation\/apartment-a2-4\/20220525_113330\/\" data-orig-file=\"https:\/\/www.tribunj.biz\/wp-content\/uploads\/2018\/04\/20220525_113330-scaled.jpg\" data-orig-size=\"2560,1920\" data-comments-opened=\"1\" data-image-meta=\"{&quot;aperture&quot;:&quot;2&quot;,&quot;credit&quot;:&quot;&quot;,&quot;camera&quot;:&quot;SM-A127F&quot;,&quot;caption&quot;:&quot;&quot;,&quot;created_timestamp&quot;:&quot;1653478408&quot;,&quot;copyright&quot;:&quot;&quot;,&quot;focal_length&quot;:&quot;4.6&quot;,&quot;iso&quot;:&quot;32&quot;,&quot;shutter_speed&quot;:&quot;0.01&quot;,&quot;title&quot;:&quot;&quot;,&quot;orientation&quot;:&quot;1&quot;}\" data-image-title=\"20220525_113330\" data-image-description=\"&lt;p&gt;Apartment A2 (Tiho &amp;#038; Marija) &amp;#8211; bedroom 1&lt;\/p&gt;\" data-image-caption=\"&lt;p&gt;Apartment A2 (Tiho &amp;#038; Marija) &amp;#8211; bedroom 1&lt;\/p&gt;\" data-large-file=\"https:\/\/www.tribunj.biz\/wp-content\/uploads\/2018\/04\/20220525_113330-1024x768.jpg\" \/><\/a>\n\t\t\t<\/span><\/li><li class='gallery-item'><span class='gallery-icon landscape'>\n\t\t\t\t<a href=\"https:\/\/www.tribunj.biz\/es_es\/accommodation\/apartment-a2-4\/\"><img loading=\"lazy\" decoding=\"async\" width=\"1434\" height=\"1080\" src=\"https:\/\/www.tribunj.biz\/wp-content\/uploads\/2018\/04\/apartman-A2-tribunj-1434x1080.jpg\" class=\"attachment-villagio-thumb-small-x2 size-villagio-thumb-small-x2\" alt=\"Apartamento A2 (Tiho y Marija) - balc\u00f3n\" aria-describedby=\"mphb-flexslider-gallery-5-13640\" srcset=\"https:\/\/www.tribunj.biz\/wp-content\/uploads\/2018\/04\/apartman-A2-tribunj-1434x1080.jpg 1434w, https:\/\/www.tribunj.biz\/wp-content\/uploads\/2018\/04\/apartman-A2-tribunj-300x225.jpg 300w, https:\/\/www.tribunj.biz\/wp-content\/uploads\/2018\/04\/apartman-A2-tribunj-16x12.jpg 16w, https:\/\/www.tribunj.biz\/wp-content\/uploads\/2018\/04\/apartman-A2-tribunj-717x540.jpg 717w\" sizes=\"auto, (max-width: 1434px) 100vw, 1434px\" data-attachment-id=\"13640\" data-permalink=\"https:\/\/www.tribunj.biz\/es_es\/accommodation\/apartment-a2-4\/apartman-a2-tribunj\/\" data-orig-file=\"https:\/\/www.tribunj.biz\/wp-content\/uploads\/2018\/04\/apartman-A2-tribunj-scaled.jpg\" data-orig-size=\"2560,1920\" data-comments-opened=\"1\" data-image-meta=\"{&quot;aperture&quot;:&quot;1.7&quot;,&quot;credit&quot;:&quot;&quot;,&quot;camera&quot;:&quot;SM-J730F&quot;,&quot;caption&quot;:&quot;&quot;,&quot;created_timestamp&quot;:&quot;1560185825&quot;,&quot;copyright&quot;:&quot;&quot;,&quot;focal_length&quot;:&quot;3.71&quot;,&quot;iso&quot;:&quot;40&quot;,&quot;shutter_speed&quot;:&quot;0.0011074197120709&quot;,&quot;title&quot;:&quot;&quot;,&quot;orientation&quot;:&quot;1&quot;}\" data-image-title=\"apartman A2 tribunj\" data-image-description=\"&lt;p&gt;Apartment A2 (Tiho &amp;#038; Marija) &amp;#8211; balcony&lt;\/p&gt;\" data-image-caption=\"&lt;p&gt;Apartment A2 (Tiho &amp;#038; Marija) &amp;#8211; balcony&lt;\/p&gt;\" data-large-file=\"https:\/\/www.tribunj.biz\/wp-content\/uploads\/2018\/04\/apartman-A2-tribunj-1024x768.jpg\" \/><\/a>\n\t\t\t<\/span><\/li><li class='gallery-item'><span class='gallery-icon landscape'>\n\t\t\t\t<a href=\"https:\/\/www.tribunj.biz\/es_es\/accommodation\/apartment-a2-4\/\"><img loading=\"lazy\" decoding=\"async\" width=\"1434\" height=\"1080\" src=\"https:\/\/www.tribunj.biz\/wp-content\/uploads\/2018\/04\/apartment-A2-tribunj-4-1434x1080.jpg\" class=\"attachment-villagio-thumb-small-x2 size-villagio-thumb-small-x2\" alt=\"Apartamento A2 (Tiho y Marija) - cocina\/comedor\" aria-describedby=\"mphb-flexslider-gallery-5-13643\" srcset=\"https:\/\/www.tribunj.biz\/wp-content\/uploads\/2018\/04\/apartment-A2-tribunj-4-1434x1080.jpg 1434w, https:\/\/www.tribunj.biz\/wp-content\/uploads\/2018\/04\/apartment-A2-tribunj-4-300x225.jpg 300w, https:\/\/www.tribunj.biz\/wp-content\/uploads\/2018\/04\/apartment-A2-tribunj-4-16x12.jpg 16w, https:\/\/www.tribunj.biz\/wp-content\/uploads\/2018\/04\/apartment-A2-tribunj-4-717x540.jpg 717w\" sizes=\"auto, (max-width: 1434px) 100vw, 1434px\" data-attachment-id=\"13643\" data-permalink=\"https:\/\/www.tribunj.biz\/es_es\/accommodation\/apartment-a2-4\/apartment-a2-tribunj-4\/\" data-orig-file=\"https:\/\/www.tribunj.biz\/wp-content\/uploads\/2018\/04\/apartment-A2-tribunj-4-scaled.jpg\" data-orig-size=\"2560,1920\" data-comments-opened=\"1\" data-image-meta=\"{&quot;aperture&quot;:&quot;1.9&quot;,&quot;credit&quot;:&quot;&quot;,&quot;camera&quot;:&quot;SM-J330F&quot;,&quot;caption&quot;:&quot;&quot;,&quot;created_timestamp&quot;:&quot;1546076135&quot;,&quot;copyright&quot;:&quot;&quot;,&quot;focal_length&quot;:&quot;3.6&quot;,&quot;iso&quot;:&quot;40&quot;,&quot;shutter_speed&quot;:&quot;0.008130081300813&quot;,&quot;title&quot;:&quot;&quot;,&quot;orientation&quot;:&quot;1&quot;}\" data-image-title=\"apartment A2 tribunj (4)\" data-image-description=\"&lt;p&gt;Apartment A2 (Tiho &amp;#038; Marija) &amp;#8211; kitchen\/dining room&lt;\/p&gt;\" data-image-caption=\"&lt;p&gt;Apartment A2 (Tiho &amp;#038; Marija) &amp;#8211; kitchen\/dining room&lt;\/p&gt;\" data-large-file=\"https:\/\/www.tribunj.biz\/wp-content\/uploads\/2018\/04\/apartment-A2-tribunj-4-1024x768.jpg\" \/><\/a>\n\t\t\t<\/span><\/li><li class='gallery-item'><span class='gallery-icon landscape'>\n\t\t\t\t<a href=\"https:\/\/www.tribunj.biz\/es_es\/accommodation\/apartment-a2-4\/\"><img loading=\"lazy\" decoding=\"async\" width=\"1434\" height=\"1080\" src=\"https:\/\/www.tribunj.biz\/wp-content\/uploads\/2018\/04\/apartment-A2-tribunj-3-1434x1080.jpg\" class=\"attachment-villagio-thumb-small-x2 size-villagio-thumb-small-x2\" alt=\"Apartamento A2 (Tiho y Marija) - cocina\/comedor\" aria-describedby=\"mphb-flexslider-gallery-5-13642\" srcset=\"https:\/\/www.tribunj.biz\/wp-content\/uploads\/2018\/04\/apartment-A2-tribunj-3-1434x1080.jpg 1434w, https:\/\/www.tribunj.biz\/wp-content\/uploads\/2018\/04\/apartment-A2-tribunj-3-300x225.jpg 300w, https:\/\/www.tribunj.biz\/wp-content\/uploads\/2018\/04\/apartment-A2-tribunj-3-16x12.jpg 16w, https:\/\/www.tribunj.biz\/wp-content\/uploads\/2018\/04\/apartment-A2-tribunj-3-717x540.jpg 717w\" sizes=\"auto, (max-width: 1434px) 100vw, 1434px\" data-attachment-id=\"13642\" data-permalink=\"https:\/\/www.tribunj.biz\/es_es\/accommodation\/apartment-a2-4\/apartment-a2-tribunj-3\/\" data-orig-file=\"https:\/\/www.tribunj.biz\/wp-content\/uploads\/2018\/04\/apartment-A2-tribunj-3-scaled.jpg\" data-orig-size=\"2560,1920\" data-comments-opened=\"1\" data-image-meta=\"{&quot;aperture&quot;:&quot;1.9&quot;,&quot;credit&quot;:&quot;&quot;,&quot;camera&quot;:&quot;SM-J330F&quot;,&quot;caption&quot;:&quot;&quot;,&quot;created_timestamp&quot;:&quot;1546076083&quot;,&quot;copyright&quot;:&quot;&quot;,&quot;focal_length&quot;:&quot;3.6&quot;,&quot;iso&quot;:&quot;40&quot;,&quot;shutter_speed&quot;:&quot;0.0024691358024691&quot;,&quot;title&quot;:&quot;&quot;,&quot;orientation&quot;:&quot;1&quot;}\" data-image-title=\"apartment A2 tribunj (3)\" data-image-description=\"&lt;p&gt;Apartment A2 (Tiho &amp;#038; Marija) &amp;#8211; kitchen\/dining room&lt;\/p&gt;\" data-image-caption=\"&lt;p&gt;Apartment A2 (Tiho &amp;#038; Marija) &amp;#8211; kitchen\/dining room&lt;\/p&gt;\" data-large-file=\"https:\/\/www.tribunj.biz\/wp-content\/uploads\/2018\/04\/apartment-A2-tribunj-3-1024x768.jpg\" \/><\/a>\n\t\t\t<\/span><\/li><li class='gallery-item'><span class='gallery-icon landscape'>\n\t\t\t\t<a href=\"https:\/\/www.tribunj.biz\/es_es\/accommodation\/apartment-a2-4\/\"><img loading=\"lazy\" decoding=\"async\" width=\"1434\" height=\"1080\" src=\"https:\/\/www.tribunj.biz\/wp-content\/uploads\/2018\/04\/apartment-A2-tribunj-2-1434x1080.jpg\" class=\"attachment-villagio-thumb-small-x2 size-villagio-thumb-small-x2\" alt=\"Apartamento A2 (Tiho y Marija) - cocina\/comedor\" aria-describedby=\"mphb-flexslider-gallery-5-13641\" srcset=\"https:\/\/www.tribunj.biz\/wp-content\/uploads\/2018\/04\/apartment-A2-tribunj-2-1434x1080.jpg 1434w, https:\/\/www.tribunj.biz\/wp-content\/uploads\/2018\/04\/apartment-A2-tribunj-2-300x225.jpg 300w, https:\/\/www.tribunj.biz\/wp-content\/uploads\/2018\/04\/apartment-A2-tribunj-2-16x12.jpg 16w, https:\/\/www.tribunj.biz\/wp-content\/uploads\/2018\/04\/apartment-A2-tribunj-2-717x540.jpg 717w\" sizes=\"auto, (max-width: 1434px) 100vw, 1434px\" data-attachment-id=\"13641\" data-permalink=\"https:\/\/www.tribunj.biz\/es_es\/accommodation\/apartment-a2-4\/apartment-a2-tribunj-2\/\" data-orig-file=\"https:\/\/www.tribunj.biz\/wp-content\/uploads\/2018\/04\/apartment-A2-tribunj-2-scaled.jpg\" data-orig-size=\"2560,1920\" data-comments-opened=\"1\" data-image-meta=\"{&quot;aperture&quot;:&quot;1.9&quot;,&quot;credit&quot;:&quot;&quot;,&quot;camera&quot;:&quot;SM-J330F&quot;,&quot;caption&quot;:&quot;&quot;,&quot;created_timestamp&quot;:&quot;1546076057&quot;,&quot;copyright&quot;:&quot;&quot;,&quot;focal_length&quot;:&quot;3.6&quot;,&quot;iso&quot;:&quot;40&quot;,&quot;shutter_speed&quot;:&quot;0.0051020408163265&quot;,&quot;title&quot;:&quot;&quot;,&quot;orientation&quot;:&quot;1&quot;}\" data-image-title=\"apartment A2 tribunj (2)\" data-image-description=\"&lt;p&gt;Apartment A2 (Tiho &amp;#038; Marija) &amp;#8211; kitchen\/dining room&lt;\/p&gt;\" data-image-caption=\"&lt;p&gt;Apartment A2 (Tiho &amp;#038; Marija) &amp;#8211; kitchen\/dining room&lt;\/p&gt;\" data-large-file=\"https:\/\/www.tribunj.biz\/wp-content\/uploads\/2018\/04\/apartment-A2-tribunj-2-1024x768.jpg\" \/><\/a>\n\t\t\t<\/span><\/li><li class='gallery-item'><span class='gallery-icon portrait'>\n\t\t\t\t<a href=\"https:\/\/www.tribunj.biz\/es_es\/accommodation\/apartment-a2-4\/\"><img loading=\"lazy\" decoding=\"async\" width=\"1434\" height=\"1080\" src=\"https:\/\/www.tribunj.biz\/wp-content\/uploads\/2018\/04\/20220525_115907-1434x1080.jpg\" class=\"attachment-villagio-thumb-small-x2 size-villagio-thumb-small-x2\" alt=\"Apartamento A2 (Tiho y Marija) - ba\u00f1o\" aria-describedby=\"mphb-flexslider-gallery-5-13638\" srcset=\"https:\/\/www.tribunj.biz\/wp-content\/uploads\/2018\/04\/20220525_115907-1434x1080.jpg 1434w, https:\/\/www.tribunj.biz\/wp-content\/uploads\/2018\/04\/20220525_115907-717x540.jpg 717w\" sizes=\"auto, (max-width: 1434px) 100vw, 1434px\" data-attachment-id=\"13638\" data-permalink=\"https:\/\/www.tribunj.biz\/es_es\/accommodation\/apartment-a2-4\/20220525_115907\/\" data-orig-file=\"https:\/\/www.tribunj.biz\/wp-content\/uploads\/2018\/04\/20220525_115907-scaled.jpg\" data-orig-size=\"1920,2560\" data-comments-opened=\"1\" data-image-meta=\"{&quot;aperture&quot;:&quot;2&quot;,&quot;credit&quot;:&quot;&quot;,&quot;camera&quot;:&quot;SM-A127F&quot;,&quot;caption&quot;:&quot;&quot;,&quot;created_timestamp&quot;:&quot;1653479946&quot;,&quot;copyright&quot;:&quot;&quot;,&quot;focal_length&quot;:&quot;4.6&quot;,&quot;iso&quot;:&quot;100&quot;,&quot;shutter_speed&quot;:&quot;0.02&quot;,&quot;title&quot;:&quot;&quot;,&quot;orientation&quot;:&quot;1&quot;}\" data-image-title=\"20220525_115907\" data-image-description=\"&lt;p&gt;Apartment A2 (Tiho &amp;#038; Marija) &amp;#8211; bathroom&lt;\/p&gt;\" data-image-caption=\"&lt;p&gt;Apartment A2 (Tiho &amp;#038; Marija) &amp;#8211; bathroom&lt;\/p&gt;\" data-large-file=\"https:\/\/www.tribunj.biz\/wp-content\/uploads\/2018\/04\/20220525_115907-768x1024.jpg\" \/><\/a>\n\t\t\t<\/span><\/li><li class='gallery-item'><span class='gallery-icon landscape'>\n\t\t\t\t<a href=\"https:\/\/www.tribunj.biz\/es_es\/accommodation\/apartment-a2-4\/\"><img loading=\"lazy\" decoding=\"async\" width=\"1434\" height=\"1080\" src=\"https:\/\/www.tribunj.biz\/wp-content\/uploads\/2018\/04\/IMG_20220523_152130-1434x1080.jpg\" class=\"attachment-villagio-thumb-small-x2 size-villagio-thumb-small-x2\" alt=\"\" srcset=\"https:\/\/www.tribunj.biz\/wp-content\/uploads\/2018\/04\/IMG_20220523_152130-1434x1080.jpg 1434w, https:\/\/www.tribunj.biz\/wp-content\/uploads\/2018\/04\/IMG_20220523_152130-300x225.jpg 300w, https:\/\/www.tribunj.biz\/wp-content\/uploads\/2018\/04\/IMG_20220523_152130-16x12.jpg 16w, https:\/\/www.tribunj.biz\/wp-content\/uploads\/2018\/04\/IMG_20220523_152130-717x540.jpg 717w\" sizes=\"auto, (max-width: 1434px) 100vw, 1434px\" data-attachment-id=\"13596\" data-permalink=\"https:\/\/www.tribunj.biz\/es_es\/accommodation\/apartment-a4-4\/img_20220523_152130\/\" data-orig-file=\"https:\/\/www.tribunj.biz\/wp-content\/uploads\/2018\/04\/IMG_20220523_152130-scaled.jpg\" data-orig-size=\"2560,1920\" data-comments-opened=\"1\" data-image-meta=\"{&quot;aperture&quot;:&quot;1.8&quot;,&quot;credit&quot;:&quot;&quot;,&quot;camera&quot;:&quot;STK-LX1&quot;,&quot;caption&quot;:&quot;&quot;,&quot;created_timestamp&quot;:&quot;1653319290&quot;,&quot;copyright&quot;:&quot;&quot;,&quot;focal_length&quot;:&quot;3.96&quot;,&quot;iso&quot;:&quot;50&quot;,&quot;shutter_speed&quot;:&quot;0.000719&quot;,&quot;title&quot;:&quot;&quot;,&quot;orientation&quot;:&quot;1&quot;}\" data-image-title=\"IMG_20220523_152130\" data-image-description=\"\" data-image-caption=\"\" data-large-file=\"https:\/\/www.tribunj.biz\/wp-content\/uploads\/2018\/04\/IMG_20220523_152130-1024x768.jpg\" \/><\/a>\n\t\t\t<\/span><\/li><li class='gallery-item'><span class='gallery-icon landscape'>\n\t\t\t\t<a href=\"https:\/\/www.tribunj.biz\/es_es\/accommodation\/apartment-a2-4\/\"><img loading=\"lazy\" decoding=\"async\" width=\"1434\" height=\"1080\" src=\"https:\/\/www.tribunj.biz\/wp-content\/uploads\/2018\/04\/IMG_20220523_152117-1434x1080.jpg\" class=\"attachment-villagio-thumb-small-x2 size-villagio-thumb-small-x2\" alt=\"Apartamentos Tiho &amp; Marija - aparcamiento, jard\u00edn\" aria-describedby=\"mphb-flexslider-gallery-5-13595\" srcset=\"https:\/\/www.tribunj.biz\/wp-content\/uploads\/2018\/04\/IMG_20220523_152117-1434x1080.jpg 1434w, https:\/\/www.tribunj.biz\/wp-content\/uploads\/2018\/04\/IMG_20220523_152117-300x225.jpg 300w, https:\/\/www.tribunj.biz\/wp-content\/uploads\/2018\/04\/IMG_20220523_152117-16x12.jpg 16w, https:\/\/www.tribunj.biz\/wp-content\/uploads\/2018\/04\/IMG_20220523_152117-717x540.jpg 717w\" sizes=\"auto, (max-width: 1434px) 100vw, 1434px\" data-attachment-id=\"13595\" data-permalink=\"https:\/\/www.tribunj.biz\/es_es\/accommodation\/apartment-a4-4\/img_20220523_152117\/\" data-orig-file=\"https:\/\/www.tribunj.biz\/wp-content\/uploads\/2018\/04\/IMG_20220523_152117-scaled.jpg\" data-orig-size=\"2560,1920\" data-comments-opened=\"1\" data-image-meta=\"{&quot;aperture&quot;:&quot;1.8&quot;,&quot;credit&quot;:&quot;&quot;,&quot;camera&quot;:&quot;STK-LX1&quot;,&quot;caption&quot;:&quot;&quot;,&quot;created_timestamp&quot;:&quot;1653319277&quot;,&quot;copyright&quot;:&quot;&quot;,&quot;focal_length&quot;:&quot;3.96&quot;,&quot;iso&quot;:&quot;50&quot;,&quot;shutter_speed&quot;:&quot;0.000515&quot;,&quot;title&quot;:&quot;&quot;,&quot;orientation&quot;:&quot;1&quot;}\" data-image-title=\"IMG_20220523_152117\" data-image-description=\"&lt;p&gt;Apartments Tiho &amp;#038; Marija &amp;#8211; parking, garden&lt;\/p&gt;\" data-image-caption=\"&lt;p&gt;Apartments Tiho &amp;#038; Marija &amp;#8211; parking, garden&lt;\/p&gt;\" data-large-file=\"https:\/\/www.tribunj.biz\/wp-content\/uploads\/2018\/04\/IMG_20220523_152117-1024x768.jpg\" \/><\/a>\n\t\t\t<\/span><\/li><li class='gallery-item'><span class='gallery-icon landscape'>\n\t\t\t\t<a href=\"https:\/\/www.tribunj.biz\/es_es\/accommodation\/apartment-a2-4\/\"><img loading=\"lazy\" decoding=\"async\" width=\"1434\" height=\"1080\" src=\"https:\/\/www.tribunj.biz\/wp-content\/uploads\/2018\/04\/IMG_20220523_151133-1434x1080.jpg\" class=\"attachment-villagio-thumb-small-x2 size-villagio-thumb-small-x2\" alt=\"Apartamentos Tiho &amp; Marija - aparcamiento, jard\u00edn\" aria-describedby=\"mphb-flexslider-gallery-5-13592\" srcset=\"https:\/\/www.tribunj.biz\/wp-content\/uploads\/2018\/04\/IMG_20220523_151133-1434x1080.jpg 1434w, https:\/\/www.tribunj.biz\/wp-content\/uploads\/2018\/04\/IMG_20220523_151133-300x225.jpg 300w, https:\/\/www.tribunj.biz\/wp-content\/uploads\/2018\/04\/IMG_20220523_151133-16x12.jpg 16w, https:\/\/www.tribunj.biz\/wp-content\/uploads\/2018\/04\/IMG_20220523_151133-717x540.jpg 717w\" sizes=\"auto, (max-width: 1434px) 100vw, 1434px\" data-attachment-id=\"13592\" data-permalink=\"https:\/\/www.tribunj.biz\/es_es\/accommodation\/apartment-a4-4\/img_20220523_151133\/\" data-orig-file=\"https:\/\/www.tribunj.biz\/wp-content\/uploads\/2018\/04\/IMG_20220523_151133-scaled.jpg\" data-orig-size=\"2560,1920\" data-comments-opened=\"1\" data-image-meta=\"{&quot;aperture&quot;:&quot;1.8&quot;,&quot;credit&quot;:&quot;&quot;,&quot;camera&quot;:&quot;STK-LX1&quot;,&quot;caption&quot;:&quot;&quot;,&quot;created_timestamp&quot;:&quot;1653318693&quot;,&quot;copyright&quot;:&quot;&quot;,&quot;focal_length&quot;:&quot;3.96&quot;,&quot;iso&quot;:&quot;50&quot;,&quot;shutter_speed&quot;:&quot;0.000471&quot;,&quot;title&quot;:&quot;&quot;,&quot;orientation&quot;:&quot;1&quot;}\" data-image-title=\"IMG_20220523_151133\" data-image-description=\"&lt;p&gt;Apartments Tiho &amp;#038; Marija &amp;#8211; parking, garden&lt;\/p&gt;\" data-image-caption=\"&lt;p&gt;Apartments Tiho &amp;#038; Marija &amp;#8211; parking, garden&lt;\/p&gt;\" data-large-file=\"https:\/\/www.tribunj.biz\/wp-content\/uploads\/2018\/04\/IMG_20220523_151133-1024x768.jpg\" \/><\/a>\n\t\t\t<\/span><\/li><li class='gallery-item'><span class='gallery-icon landscape'>\n\t\t\t\t<a href=\"https:\/\/www.tribunj.biz\/es_es\/accommodation\/apartment-a2-4\/\"><img loading=\"lazy\" decoding=\"async\" width=\"1434\" height=\"1080\" src=\"https:\/\/www.tribunj.biz\/wp-content\/uploads\/2018\/04\/IMG_20220523_150240-1434x1080.jpg\" class=\"attachment-villagio-thumb-small-x2 size-villagio-thumb-small-x2\" alt=\"Apartamentos Tiho y Marija - casa\" aria-describedby=\"mphb-flexslider-gallery-5-13589\" srcset=\"https:\/\/www.tribunj.biz\/wp-content\/uploads\/2018\/04\/IMG_20220523_150240-1434x1080.jpg 1434w, https:\/\/www.tribunj.biz\/wp-content\/uploads\/2018\/04\/IMG_20220523_150240-300x225.jpg 300w, https:\/\/www.tribunj.biz\/wp-content\/uploads\/2018\/04\/IMG_20220523_150240-16x12.jpg 16w, https:\/\/www.tribunj.biz\/wp-content\/uploads\/2018\/04\/IMG_20220523_150240-717x540.jpg 717w\" sizes=\"auto, (max-width: 1434px) 100vw, 1434px\" data-attachment-id=\"13589\" data-permalink=\"https:\/\/www.tribunj.biz\/es_es\/accommodation\/apartment-a4-4\/img_20220523_150240\/\" data-orig-file=\"https:\/\/www.tribunj.biz\/wp-content\/uploads\/2018\/04\/IMG_20220523_150240-scaled.jpg\" data-orig-size=\"2560,1920\" data-comments-opened=\"1\" data-image-meta=\"{&quot;aperture&quot;:&quot;1.8&quot;,&quot;credit&quot;:&quot;&quot;,&quot;camera&quot;:&quot;STK-LX1&quot;,&quot;caption&quot;:&quot;&quot;,&quot;created_timestamp&quot;:&quot;1653318161&quot;,&quot;copyright&quot;:&quot;&quot;,&quot;focal_length&quot;:&quot;3.96&quot;,&quot;iso&quot;:&quot;50&quot;,&quot;shutter_speed&quot;:&quot;0.000459&quot;,&quot;title&quot;:&quot;&quot;,&quot;orientation&quot;:&quot;1&quot;}\" data-image-title=\"IMG_20220523_150240\" data-image-description=\"&lt;p&gt;Apartments Tiho &amp;#038; Marija &amp;#8211; house&lt;\/p&gt;\" data-image-caption=\"&lt;p&gt;Apartments Tiho &amp;#038; Marija &amp;#8211; house&lt;\/p&gt;\" data-large-file=\"https:\/\/www.tribunj.biz\/wp-content\/uploads\/2018\/04\/IMG_20220523_150240-1024x768.jpg\" \/><\/a>\n\t\t\t<\/span><\/li><li class='gallery-item'><span class='gallery-icon landscape'>\n\t\t\t\t<a href=\"https:\/\/www.tribunj.biz\/es_es\/accommodation\/apartment-a2-4\/\"><img loading=\"lazy\" decoding=\"async\" width=\"1434\" height=\"1080\" src=\"https:\/\/www.tribunj.biz\/wp-content\/uploads\/2018\/04\/IMG_20220523_150213-1434x1080.jpg\" class=\"attachment-villagio-thumb-small-x2 size-villagio-thumb-small-x2\" alt=\"Apartamentos Tiho y Marija - casa\" aria-describedby=\"mphb-flexslider-gallery-5-13588\" srcset=\"https:\/\/www.tribunj.biz\/wp-content\/uploads\/2018\/04\/IMG_20220523_150213-1434x1080.jpg 1434w, https:\/\/www.tribunj.biz\/wp-content\/uploads\/2018\/04\/IMG_20220523_150213-300x225.jpg 300w, https:\/\/www.tribunj.biz\/wp-content\/uploads\/2018\/04\/IMG_20220523_150213-16x12.jpg 16w, https:\/\/www.tribunj.biz\/wp-content\/uploads\/2018\/04\/IMG_20220523_150213-717x540.jpg 717w\" sizes=\"auto, (max-width: 1434px) 100vw, 1434px\" data-attachment-id=\"13588\" data-permalink=\"https:\/\/www.tribunj.biz\/es_es\/accommodation\/apartment-a4-4\/img_20220523_150213\/\" data-orig-file=\"https:\/\/www.tribunj.biz\/wp-content\/uploads\/2018\/04\/IMG_20220523_150213-scaled.jpg\" data-orig-size=\"2560,1920\" data-comments-opened=\"1\" data-image-meta=\"{&quot;aperture&quot;:&quot;1.8&quot;,&quot;credit&quot;:&quot;&quot;,&quot;camera&quot;:&quot;STK-LX1&quot;,&quot;caption&quot;:&quot;&quot;,&quot;created_timestamp&quot;:&quot;1653318134&quot;,&quot;copyright&quot;:&quot;&quot;,&quot;focal_length&quot;:&quot;3.96&quot;,&quot;iso&quot;:&quot;50&quot;,&quot;shutter_speed&quot;:&quot;0.000495&quot;,&quot;title&quot;:&quot;&quot;,&quot;orientation&quot;:&quot;1&quot;}\" data-image-title=\"IMG_20220523_150213\" data-image-description=\"&lt;p&gt;Apartments Tiho &amp;#038; Marija &amp;#8211; house&lt;\/p&gt;\" data-image-caption=\"&lt;p&gt;Apartments Tiho &amp;#038; Marija &amp;#8211; house&lt;\/p&gt;\" data-large-file=\"https:\/\/www.tribunj.biz\/wp-content\/uploads\/2018\/04\/IMG_20220523_150213-1024x768.jpg\" \/><\/a>\n\t\t\t<\/span><\/li><li class='gallery-item'><span class='gallery-icon landscape'>\n\t\t\t\t<a href=\"https:\/\/www.tribunj.biz\/es_es\/accommodation\/apartment-a2-4\/\"><img loading=\"lazy\" decoding=\"async\" width=\"1434\" height=\"1080\" src=\"https:\/\/www.tribunj.biz\/wp-content\/uploads\/2018\/04\/IMG_0916-1-1434x1080.jpg\" class=\"attachment-villagio-thumb-small-x2 size-villagio-thumb-small-x2\" alt=\"Apartamentos Tiho &amp; Marija - zona de barbacoa compartida\" aria-describedby=\"mphb-flexslider-gallery-5-13584\" srcset=\"https:\/\/www.tribunj.biz\/wp-content\/uploads\/2018\/04\/IMG_0916-1-1434x1080.jpg 1434w, https:\/\/www.tribunj.biz\/wp-content\/uploads\/2018\/04\/IMG_0916-1-300x225.jpg 300w, https:\/\/www.tribunj.biz\/wp-content\/uploads\/2018\/04\/IMG_0916-1-16x12.jpg 16w, https:\/\/www.tribunj.biz\/wp-content\/uploads\/2018\/04\/IMG_0916-1-717x540.jpg 717w\" sizes=\"auto, (max-width: 1434px) 100vw, 1434px\" data-attachment-id=\"13584\" data-permalink=\"https:\/\/www.tribunj.biz\/es_es\/accommodation\/apartment-a4-4\/img_0916-2\/\" data-orig-file=\"https:\/\/www.tribunj.biz\/wp-content\/uploads\/2018\/04\/IMG_0916-1-scaled.jpg\" data-orig-size=\"2560,1920\" data-comments-opened=\"1\" data-image-meta=\"{&quot;aperture&quot;:&quot;3&quot;,&quot;credit&quot;:&quot;&quot;,&quot;camera&quot;:&quot;Canon PowerShot A470&quot;,&quot;caption&quot;:&quot;&quot;,&quot;created_timestamp&quot;:&quot;1374332956&quot;,&quot;copyright&quot;:&quot;&quot;,&quot;focal_length&quot;:&quot;6.3&quot;,&quot;iso&quot;:&quot;80&quot;,&quot;shutter_speed&quot;:&quot;0.004&quot;,&quot;title&quot;:&quot;&quot;,&quot;orientation&quot;:&quot;1&quot;}\" data-image-title=\"IMG_0916\" data-image-description=\"&lt;p&gt;Apartments Tiho &amp;#038; Marija &amp;#8211; shared barbecue area&lt;\/p&gt;\" data-image-caption=\"&lt;p&gt;Apartments Tiho &amp;#038; Marija &amp;#8211; shared barbecue area&lt;\/p&gt;\" data-large-file=\"https:\/\/www.tribunj.biz\/wp-content\/uploads\/2018\/04\/IMG_0916-1-1024x768.jpg\" \/><\/a>\n\t\t\t<\/span><\/li><li class='gallery-item'><span class='gallery-icon landscape'>\n\t\t\t\t<a href=\"https:\/\/www.tribunj.biz\/es_es\/accommodation\/apartment-a2-4\/\"><img loading=\"lazy\" decoding=\"async\" width=\"1434\" height=\"1080\" src=\"https:\/\/www.tribunj.biz\/wp-content\/uploads\/2018\/04\/IMG_0910-1-1434x1080.jpg\" class=\"attachment-villagio-thumb-small-x2 size-villagio-thumb-small-x2\" alt=\"Apartamentos Tiho &amp; Marija - zona de barbacoa compartida\" aria-describedby=\"mphb-flexslider-gallery-5-13583\" srcset=\"https:\/\/www.tribunj.biz\/wp-content\/uploads\/2018\/04\/IMG_0910-1-1434x1080.jpg 1434w, https:\/\/www.tribunj.biz\/wp-content\/uploads\/2018\/04\/IMG_0910-1-300x225.jpg 300w, https:\/\/www.tribunj.biz\/wp-content\/uploads\/2018\/04\/IMG_0910-1-16x12.jpg 16w, https:\/\/www.tribunj.biz\/wp-content\/uploads\/2018\/04\/IMG_0910-1-717x540.jpg 717w\" sizes=\"auto, (max-width: 1434px) 100vw, 1434px\" data-attachment-id=\"13583\" data-permalink=\"https:\/\/www.tribunj.biz\/es_es\/accommodation\/apartment-a4-4\/img_0910-2\/\" data-orig-file=\"https:\/\/www.tribunj.biz\/wp-content\/uploads\/2018\/04\/IMG_0910-1-scaled.jpg\" data-orig-size=\"2560,1920\" data-comments-opened=\"1\" data-image-meta=\"{&quot;aperture&quot;:&quot;3&quot;,&quot;credit&quot;:&quot;&quot;,&quot;camera&quot;:&quot;Canon PowerShot A470&quot;,&quot;caption&quot;:&quot;&quot;,&quot;created_timestamp&quot;:&quot;1374332901&quot;,&quot;copyright&quot;:&quot;&quot;,&quot;focal_length&quot;:&quot;6.3&quot;,&quot;iso&quot;:&quot;80&quot;,&quot;shutter_speed&quot;:&quot;0.002&quot;,&quot;title&quot;:&quot;&quot;,&quot;orientation&quot;:&quot;1&quot;}\" data-image-title=\"IMG_0910\" data-image-description=\"&lt;p&gt;Apartments Tiho &amp;#038; Marija &amp;#8211; shared barbecue area&lt;\/p&gt;\" data-image-caption=\"&lt;p&gt;Apartments Tiho &amp;#038; Marija &amp;#8211; shared barbecue area&lt;\/p&gt;\" data-large-file=\"https:\/\/www.tribunj.biz\/wp-content\/uploads\/2018\/04\/IMG_0910-1-1024x768.jpg\" \/><\/a>\n\t\t\t<\/span><\/li><li class='gallery-item'><span class='gallery-icon landscape'>\n\t\t\t\t<a href=\"https:\/\/www.tribunj.biz\/es_es\/accommodation\/apartment-a2-4\/\"><img loading=\"lazy\" decoding=\"async\" width=\"1280\" height=\"960\" src=\"https:\/\/www.tribunj.biz\/wp-content\/uploads\/2018\/04\/hodnik.jpg\" class=\"attachment-villagio-thumb-small-x2 size-villagio-thumb-small-x2\" alt=\"Apartamentos Tiho y Marija - escaleras\" aria-describedby=\"mphb-flexslider-gallery-5-13582\" srcset=\"https:\/\/www.tribunj.biz\/wp-content\/uploads\/2018\/04\/hodnik.jpg 1280w, https:\/\/www.tribunj.biz\/wp-content\/uploads\/2018\/04\/hodnik-300x225.jpg 300w, https:\/\/www.tribunj.biz\/wp-content\/uploads\/2018\/04\/hodnik-1024x768.jpg 1024w, https:\/\/www.tribunj.biz\/wp-content\/uploads\/2018\/04\/hodnik-768x576.jpg 768w, https:\/\/www.tribunj.biz\/wp-content\/uploads\/2018\/04\/hodnik-16x12.jpg 16w, https:\/\/www.tribunj.biz\/wp-content\/uploads\/2018\/04\/hodnik-824x618.jpg 824w\" sizes=\"auto, (max-width: 1280px) 100vw, 1280px\" data-attachment-id=\"13582\" data-permalink=\"https:\/\/www.tribunj.biz\/es_es\/accommodation\/apartment-a4-4\/hodnik\/\" data-orig-file=\"https:\/\/www.tribunj.biz\/wp-content\/uploads\/2018\/04\/hodnik.jpg\" data-orig-size=\"1280,960\" data-comments-opened=\"1\" data-image-meta=\"{&quot;aperture&quot;:&quot;2.8&quot;,&quot;credit&quot;:&quot;&quot;,&quot;camera&quot;:&quot;DSC-W5&quot;,&quot;caption&quot;:&quot;&quot;,&quot;created_timestamp&quot;:&quot;1114365765&quot;,&quot;copyright&quot;:&quot;&quot;,&quot;focal_length&quot;:&quot;7.9&quot;,&quot;iso&quot;:&quot;125&quot;,&quot;shutter_speed&quot;:&quot;0.025&quot;,&quot;title&quot;:&quot;&quot;,&quot;orientation&quot;:&quot;1&quot;}\" data-image-title=\"Apartments Tiho &amp;#038; Marija &amp;#8211; stairs\" data-image-description=\"&lt;p&gt;Apartments Tiho &amp;#038; Marija &amp;#8211; stairs&lt;\/p&gt;\" data-image-caption=\"&lt;p&gt;Apartments Tiho &amp;#038; Marija &amp;#8211; stairs&lt;\/p&gt;\" data-large-file=\"https:\/\/www.tribunj.biz\/wp-content\/uploads\/2018\/04\/hodnik-1024x768.jpg\" \/><\/a>\n\t\t\t<\/span><\/li><\/ul>\n\t\t<\/div>\n<span class=\"mphb_room_type_categories_header_wrapper\"><a href=\"https:\/\/www.tribunj.biz\/es_es\/accommodation-category\/category-accommodation-tribunj\/\" rel=\"tag\">Alojamiento Tribunj<\/a> <a href=\"https:\/\/www.tribunj.biz\/es_es\/accommodation-category\/category-accommodation-tribunj\/two-bedroom-tribunj\/\" rel=\"tag\">Apartamento de dos habitaciones<\/a><\/span><\/span><!-- .mphb_room_type_featured_image_wrapper --><div id='mphb-flexslider-gallery-6' class='gallery-columns-4 gallery-size-thumbnail mphb-gallery-thumbnail-slider mphb-flexslider-gallery-wrapper mphb-room-type-gallery-wrapper mphb-gallery-thumbnail-slider-69f47f83f39ec' data-flexslider-atts='{\"animation\":\"slide\",\"controlNav\":false,\"animationLoop\":true,\"slideshow\":false,\"itemMargin\":5}' data-group='69f47f83f39ec'><ul class=\"slides\"><li class='gallery-item'><span class='gallery-icon landscape'>\n\t\t\t\t<a href='https:\/\/www.tribunj.biz\/es_es\/accommodation\/apartment-a2-4\/20220525_160449\/'><img loading=\"lazy\" decoding=\"async\" width=\"150\" height=\"150\" src=\"https:\/\/www.tribunj.biz\/wp-content\/uploads\/2018\/04\/20220525_160449-150x150.jpg\" class=\"attachment-thumbnail size-thumbnail\" alt=\"Apartamento A2 (Tiho y Marija) - dormitorio 1\" aria-describedby=\"mphb-flexslider-gallery-6-13639\" data-attachment-id=\"13639\" data-permalink=\"https:\/\/www.tribunj.biz\/es_es\/accommodation\/apartment-a2-4\/20220525_160449\/\" data-orig-file=\"https:\/\/www.tribunj.biz\/wp-content\/uploads\/2018\/04\/20220525_160449-scaled.jpg\" data-orig-size=\"2560,1920\" data-comments-opened=\"1\" data-image-meta=\"{&quot;aperture&quot;:&quot;2&quot;,&quot;credit&quot;:&quot;&quot;,&quot;camera&quot;:&quot;SM-A127F&quot;,&quot;caption&quot;:&quot;&quot;,&quot;created_timestamp&quot;:&quot;1653494687&quot;,&quot;copyright&quot;:&quot;&quot;,&quot;focal_length&quot;:&quot;4.6&quot;,&quot;iso&quot;:&quot;20&quot;,&quot;shutter_speed&quot;:&quot;0.0096153846153846&quot;,&quot;title&quot;:&quot;&quot;,&quot;orientation&quot;:&quot;1&quot;}\" data-image-title=\"20220525_160449\" data-image-description=\"&lt;p&gt;Apartment A2 (Tiho &amp;#038; Marija) &amp;#8211; bedroom 1&lt;\/p&gt;\" data-image-caption=\"&lt;p&gt;Apartment A2 (Tiho &amp;#038; Marija) &amp;#8211; bedroom 1&lt;\/p&gt;\" data-large-file=\"https:\/\/www.tribunj.biz\/wp-content\/uploads\/2018\/04\/20220525_160449-1024x768.jpg\" \/><\/a>\n\t\t\t<\/span><\/li><li class='gallery-item'><span class='gallery-icon landscape'>\n\t\t\t\t<a href='https:\/\/www.tribunj.biz\/es_es\/accommodation\/apartment-a2-4\/20220525_115403\/'><img loading=\"lazy\" decoding=\"async\" width=\"150\" height=\"150\" src=\"https:\/\/www.tribunj.biz\/wp-content\/uploads\/2018\/04\/20220525_115403-150x150.jpg\" class=\"attachment-thumbnail size-thumbnail\" alt=\"Apartamento A2 (Tiho y Marija) - dormitorio 2\" aria-describedby=\"mphb-flexslider-gallery-6-13637\" data-attachment-id=\"13637\" data-permalink=\"https:\/\/www.tribunj.biz\/es_es\/accommodation\/apartment-a2-4\/20220525_115403\/\" data-orig-file=\"https:\/\/www.tribunj.biz\/wp-content\/uploads\/2018\/04\/20220525_115403-scaled.jpg\" data-orig-size=\"2560,1920\" data-comments-opened=\"1\" data-image-meta=\"{&quot;aperture&quot;:&quot;2&quot;,&quot;credit&quot;:&quot;&quot;,&quot;camera&quot;:&quot;SM-A127F&quot;,&quot;caption&quot;:&quot;&quot;,&quot;created_timestamp&quot;:&quot;1653479643&quot;,&quot;copyright&quot;:&quot;&quot;,&quot;focal_length&quot;:&quot;4.6&quot;,&quot;iso&quot;:&quot;40&quot;,&quot;shutter_speed&quot;:&quot;0.02&quot;,&quot;title&quot;:&quot;&quot;,&quot;orientation&quot;:&quot;1&quot;}\" data-image-title=\"20220525_115403\" data-image-description=\"&lt;p&gt;Apartment A2 (Tiho &amp;#038; Marija) &amp;#8211; bedroom 2&lt;\/p&gt;\" data-image-caption=\"&lt;p&gt;Apartment A2 (Tiho &amp;#038; Marija) &amp;#8211; bedroom 2&lt;\/p&gt;\" data-large-file=\"https:\/\/www.tribunj.biz\/wp-content\/uploads\/2018\/04\/20220525_115403-1024x768.jpg\" \/><\/a>\n\t\t\t<\/span><\/li><li class='gallery-item'><span class='gallery-icon landscape'>\n\t\t\t\t<a href='https:\/\/www.tribunj.biz\/es_es\/accommodation\/apartment-a2-4\/20220525_115338\/'><img loading=\"lazy\" decoding=\"async\" width=\"150\" height=\"150\" src=\"https:\/\/www.tribunj.biz\/wp-content\/uploads\/2018\/04\/20220525_115338-150x150.jpg\" class=\"attachment-thumbnail size-thumbnail\" alt=\"Apartamento A2 (Tiho y Marija) - dormitorio 2\" aria-describedby=\"mphb-flexslider-gallery-6-13636\" data-attachment-id=\"13636\" data-permalink=\"https:\/\/www.tribunj.biz\/es_es\/accommodation\/apartment-a2-4\/20220525_115338\/\" data-orig-file=\"https:\/\/www.tribunj.biz\/wp-content\/uploads\/2018\/04\/20220525_115338-scaled.jpg\" data-orig-size=\"2560,1920\" data-comments-opened=\"1\" data-image-meta=\"{&quot;aperture&quot;:&quot;2&quot;,&quot;credit&quot;:&quot;&quot;,&quot;camera&quot;:&quot;SM-A127F&quot;,&quot;caption&quot;:&quot;&quot;,&quot;created_timestamp&quot;:&quot;1653479616&quot;,&quot;copyright&quot;:&quot;&quot;,&quot;focal_length&quot;:&quot;4.6&quot;,&quot;iso&quot;:&quot;32&quot;,&quot;shutter_speed&quot;:&quot;0.02&quot;,&quot;title&quot;:&quot;&quot;,&quot;orientation&quot;:&quot;1&quot;}\" data-image-title=\"20220525_115338\" data-image-description=\"&lt;p&gt;Apartment A2 (Tiho &amp;#038; Marija) &amp;#8211; bedroom 2&lt;\/p&gt;\" data-image-caption=\"&lt;p&gt;Apartment A2 (Tiho &amp;#038; Marija) &amp;#8211; bedroom 2&lt;\/p&gt;\" data-large-file=\"https:\/\/www.tribunj.biz\/wp-content\/uploads\/2018\/04\/20220525_115338-1024x768.jpg\" \/><\/a>\n\t\t\t<\/span><\/li><li class='gallery-item'><span class='gallery-icon landscape'>\n\t\t\t\t<a href='https:\/\/www.tribunj.biz\/es_es\/accommodation\/apartment-a2-4\/20220525_113330\/'><img loading=\"lazy\" decoding=\"async\" width=\"150\" height=\"150\" src=\"https:\/\/www.tribunj.biz\/wp-content\/uploads\/2018\/04\/20220525_113330-150x150.jpg\" class=\"attachment-thumbnail size-thumbnail\" alt=\"Apartamento A2 (Tiho y Marija) - dormitorio 1\" aria-describedby=\"mphb-flexslider-gallery-6-13635\" data-attachment-id=\"13635\" data-permalink=\"https:\/\/www.tribunj.biz\/es_es\/accommodation\/apartment-a2-4\/20220525_113330\/\" data-orig-file=\"https:\/\/www.tribunj.biz\/wp-content\/uploads\/2018\/04\/20220525_113330-scaled.jpg\" data-orig-size=\"2560,1920\" data-comments-opened=\"1\" data-image-meta=\"{&quot;aperture&quot;:&quot;2&quot;,&quot;credit&quot;:&quot;&quot;,&quot;camera&quot;:&quot;SM-A127F&quot;,&quot;caption&quot;:&quot;&quot;,&quot;created_timestamp&quot;:&quot;1653478408&quot;,&quot;copyright&quot;:&quot;&quot;,&quot;focal_length&quot;:&quot;4.6&quot;,&quot;iso&quot;:&quot;32&quot;,&quot;shutter_speed&quot;:&quot;0.01&quot;,&quot;title&quot;:&quot;&quot;,&quot;orientation&quot;:&quot;1&quot;}\" data-image-title=\"20220525_113330\" data-image-description=\"&lt;p&gt;Apartment A2 (Tiho &amp;#038; Marija) &amp;#8211; bedroom 1&lt;\/p&gt;\" data-image-caption=\"&lt;p&gt;Apartment A2 (Tiho &amp;#038; Marija) &amp;#8211; bedroom 1&lt;\/p&gt;\" data-large-file=\"https:\/\/www.tribunj.biz\/wp-content\/uploads\/2018\/04\/20220525_113330-1024x768.jpg\" \/><\/a>\n\t\t\t<\/span><\/li><li class='gallery-item'><span class='gallery-icon landscape'>\n\t\t\t\t<a href='https:\/\/www.tribunj.biz\/es_es\/accommodation\/apartment-a2-4\/apartman-a2-tribunj\/'><img loading=\"lazy\" decoding=\"async\" width=\"150\" height=\"150\" src=\"https:\/\/www.tribunj.biz\/wp-content\/uploads\/2018\/04\/apartman-A2-tribunj-150x150.jpg\" class=\"attachment-thumbnail size-thumbnail\" alt=\"Apartamento A2 (Tiho y Marija) - balc\u00f3n\" aria-describedby=\"mphb-flexslider-gallery-6-13640\" data-attachment-id=\"13640\" data-permalink=\"https:\/\/www.tribunj.biz\/es_es\/accommodation\/apartment-a2-4\/apartman-a2-tribunj\/\" data-orig-file=\"https:\/\/www.tribunj.biz\/wp-content\/uploads\/2018\/04\/apartman-A2-tribunj-scaled.jpg\" data-orig-size=\"2560,1920\" data-comments-opened=\"1\" data-image-meta=\"{&quot;aperture&quot;:&quot;1.7&quot;,&quot;credit&quot;:&quot;&quot;,&quot;camera&quot;:&quot;SM-J730F&quot;,&quot;caption&quot;:&quot;&quot;,&quot;created_timestamp&quot;:&quot;1560185825&quot;,&quot;copyright&quot;:&quot;&quot;,&quot;focal_length&quot;:&quot;3.71&quot;,&quot;iso&quot;:&quot;40&quot;,&quot;shutter_speed&quot;:&quot;0.0011074197120709&quot;,&quot;title&quot;:&quot;&quot;,&quot;orientation&quot;:&quot;1&quot;}\" data-image-title=\"apartman A2 tribunj\" data-image-description=\"&lt;p&gt;Apartment A2 (Tiho &amp;#038; Marija) &amp;#8211; balcony&lt;\/p&gt;\" data-image-caption=\"&lt;p&gt;Apartment A2 (Tiho &amp;#038; Marija) &amp;#8211; balcony&lt;\/p&gt;\" data-large-file=\"https:\/\/www.tribunj.biz\/wp-content\/uploads\/2018\/04\/apartman-A2-tribunj-1024x768.jpg\" \/><\/a>\n\t\t\t<\/span><\/li><li class='gallery-item'><span class='gallery-icon landscape'>\n\t\t\t\t<a href='https:\/\/www.tribunj.biz\/es_es\/accommodation\/apartment-a2-4\/apartment-a2-tribunj-4\/'><img loading=\"lazy\" decoding=\"async\" width=\"150\" height=\"150\" src=\"https:\/\/www.tribunj.biz\/wp-content\/uploads\/2018\/04\/apartment-A2-tribunj-4-150x150.jpg\" class=\"attachment-thumbnail size-thumbnail\" alt=\"Apartamento A2 (Tiho y Marija) - cocina\/comedor\" aria-describedby=\"mphb-flexslider-gallery-6-13643\" data-attachment-id=\"13643\" data-permalink=\"https:\/\/www.tribunj.biz\/es_es\/accommodation\/apartment-a2-4\/apartment-a2-tribunj-4\/\" data-orig-file=\"https:\/\/www.tribunj.biz\/wp-content\/uploads\/2018\/04\/apartment-A2-tribunj-4-scaled.jpg\" data-orig-size=\"2560,1920\" data-comments-opened=\"1\" data-image-meta=\"{&quot;aperture&quot;:&quot;1.9&quot;,&quot;credit&quot;:&quot;&quot;,&quot;camera&quot;:&quot;SM-J330F&quot;,&quot;caption&quot;:&quot;&quot;,&quot;created_timestamp&quot;:&quot;1546076135&quot;,&quot;copyright&quot;:&quot;&quot;,&quot;focal_length&quot;:&quot;3.6&quot;,&quot;iso&quot;:&quot;40&quot;,&quot;shutter_speed&quot;:&quot;0.008130081300813&quot;,&quot;title&quot;:&quot;&quot;,&quot;orientation&quot;:&quot;1&quot;}\" data-image-title=\"apartment A2 tribunj (4)\" data-image-description=\"&lt;p&gt;Apartment A2 (Tiho &amp;#038; Marija) &amp;#8211; kitchen\/dining room&lt;\/p&gt;\" data-image-caption=\"&lt;p&gt;Apartment A2 (Tiho &amp;#038; Marija) &amp;#8211; kitchen\/dining room&lt;\/p&gt;\" data-large-file=\"https:\/\/www.tribunj.biz\/wp-content\/uploads\/2018\/04\/apartment-A2-tribunj-4-1024x768.jpg\" \/><\/a>\n\t\t\t<\/span><\/li><li class='gallery-item'><span class='gallery-icon landscape'>\n\t\t\t\t<a href='https:\/\/www.tribunj.biz\/es_es\/accommodation\/apartment-a2-4\/apartment-a2-tribunj-3\/'><img loading=\"lazy\" decoding=\"async\" width=\"150\" height=\"150\" src=\"https:\/\/www.tribunj.biz\/wp-content\/uploads\/2018\/04\/apartment-A2-tribunj-3-150x150.jpg\" class=\"attachment-thumbnail size-thumbnail\" alt=\"Apartamento A2 (Tiho y Marija) - cocina\/comedor\" aria-describedby=\"mphb-flexslider-gallery-6-13642\" data-attachment-id=\"13642\" data-permalink=\"https:\/\/www.tribunj.biz\/es_es\/accommodation\/apartment-a2-4\/apartment-a2-tribunj-3\/\" data-orig-file=\"https:\/\/www.tribunj.biz\/wp-content\/uploads\/2018\/04\/apartment-A2-tribunj-3-scaled.jpg\" data-orig-size=\"2560,1920\" data-comments-opened=\"1\" data-image-meta=\"{&quot;aperture&quot;:&quot;1.9&quot;,&quot;credit&quot;:&quot;&quot;,&quot;camera&quot;:&quot;SM-J330F&quot;,&quot;caption&quot;:&quot;&quot;,&quot;created_timestamp&quot;:&quot;1546076083&quot;,&quot;copyright&quot;:&quot;&quot;,&quot;focal_length&quot;:&quot;3.6&quot;,&quot;iso&quot;:&quot;40&quot;,&quot;shutter_speed&quot;:&quot;0.0024691358024691&quot;,&quot;title&quot;:&quot;&quot;,&quot;orientation&quot;:&quot;1&quot;}\" data-image-title=\"apartment A2 tribunj (3)\" data-image-description=\"&lt;p&gt;Apartment A2 (Tiho &amp;#038; Marija) &amp;#8211; kitchen\/dining room&lt;\/p&gt;\" data-image-caption=\"&lt;p&gt;Apartment A2 (Tiho &amp;#038; Marija) &amp;#8211; kitchen\/dining room&lt;\/p&gt;\" data-large-file=\"https:\/\/www.tribunj.biz\/wp-content\/uploads\/2018\/04\/apartment-A2-tribunj-3-1024x768.jpg\" \/><\/a>\n\t\t\t<\/span><\/li><li class='gallery-item'><span class='gallery-icon landscape'>\n\t\t\t\t<a href='https:\/\/www.tribunj.biz\/es_es\/accommodation\/apartment-a2-4\/apartment-a2-tribunj-2\/'><img loading=\"lazy\" decoding=\"async\" width=\"150\" height=\"150\" src=\"https:\/\/www.tribunj.biz\/wp-content\/uploads\/2018\/04\/apartment-A2-tribunj-2-150x150.jpg\" class=\"attachment-thumbnail size-thumbnail\" alt=\"Apartamento A2 (Tiho y Marija) - cocina\/comedor\" aria-describedby=\"mphb-flexslider-gallery-6-13641\" data-attachment-id=\"13641\" data-permalink=\"https:\/\/www.tribunj.biz\/es_es\/accommodation\/apartment-a2-4\/apartment-a2-tribunj-2\/\" data-orig-file=\"https:\/\/www.tribunj.biz\/wp-content\/uploads\/2018\/04\/apartment-A2-tribunj-2-scaled.jpg\" data-orig-size=\"2560,1920\" data-comments-opened=\"1\" data-image-meta=\"{&quot;aperture&quot;:&quot;1.9&quot;,&quot;credit&quot;:&quot;&quot;,&quot;camera&quot;:&quot;SM-J330F&quot;,&quot;caption&quot;:&quot;&quot;,&quot;created_timestamp&quot;:&quot;1546076057&quot;,&quot;copyright&quot;:&quot;&quot;,&quot;focal_length&quot;:&quot;3.6&quot;,&quot;iso&quot;:&quot;40&quot;,&quot;shutter_speed&quot;:&quot;0.0051020408163265&quot;,&quot;title&quot;:&quot;&quot;,&quot;orientation&quot;:&quot;1&quot;}\" data-image-title=\"apartment A2 tribunj (2)\" data-image-description=\"&lt;p&gt;Apartment A2 (Tiho &amp;#038; Marija) &amp;#8211; kitchen\/dining room&lt;\/p&gt;\" data-image-caption=\"&lt;p&gt;Apartment A2 (Tiho &amp;#038; Marija) &amp;#8211; kitchen\/dining room&lt;\/p&gt;\" data-large-file=\"https:\/\/www.tribunj.biz\/wp-content\/uploads\/2018\/04\/apartment-A2-tribunj-2-1024x768.jpg\" \/><\/a>\n\t\t\t<\/span><\/li><li class='gallery-item'><span class='gallery-icon portrait'>\n\t\t\t\t<a href='https:\/\/www.tribunj.biz\/es_es\/accommodation\/apartment-a2-4\/20220525_115907\/'><img loading=\"lazy\" decoding=\"async\" width=\"150\" height=\"150\" src=\"https:\/\/www.tribunj.biz\/wp-content\/uploads\/2018\/04\/20220525_115907-150x150.jpg\" class=\"attachment-thumbnail size-thumbnail\" alt=\"Apartamento A2 (Tiho y Marija) - ba\u00f1o\" aria-describedby=\"mphb-flexslider-gallery-6-13638\" data-attachment-id=\"13638\" data-permalink=\"https:\/\/www.tribunj.biz\/es_es\/accommodation\/apartment-a2-4\/20220525_115907\/\" data-orig-file=\"https:\/\/www.tribunj.biz\/wp-content\/uploads\/2018\/04\/20220525_115907-scaled.jpg\" data-orig-size=\"1920,2560\" data-comments-opened=\"1\" data-image-meta=\"{&quot;aperture&quot;:&quot;2&quot;,&quot;credit&quot;:&quot;&quot;,&quot;camera&quot;:&quot;SM-A127F&quot;,&quot;caption&quot;:&quot;&quot;,&quot;created_timestamp&quot;:&quot;1653479946&quot;,&quot;copyright&quot;:&quot;&quot;,&quot;focal_length&quot;:&quot;4.6&quot;,&quot;iso&quot;:&quot;100&quot;,&quot;shutter_speed&quot;:&quot;0.02&quot;,&quot;title&quot;:&quot;&quot;,&quot;orientation&quot;:&quot;1&quot;}\" data-image-title=\"20220525_115907\" data-image-description=\"&lt;p&gt;Apartment A2 (Tiho &amp;#038; Marija) &amp;#8211; bathroom&lt;\/p&gt;\" data-image-caption=\"&lt;p&gt;Apartment A2 (Tiho &amp;#038; Marija) &amp;#8211; bathroom&lt;\/p&gt;\" data-large-file=\"https:\/\/www.tribunj.biz\/wp-content\/uploads\/2018\/04\/20220525_115907-768x1024.jpg\" \/><\/a>\n\t\t\t<\/span><\/li><li class='gallery-item'><span class='gallery-icon landscape'>\n\t\t\t\t<a href='https:\/\/www.tribunj.biz\/es_es\/accommodation\/apartment-a4-4\/img_20220523_152130\/'><img loading=\"lazy\" decoding=\"async\" width=\"150\" height=\"150\" src=\"https:\/\/www.tribunj.biz\/wp-content\/uploads\/2018\/04\/IMG_20220523_152130-150x150.jpg\" class=\"attachment-thumbnail size-thumbnail\" alt=\"\" data-attachment-id=\"13596\" data-permalink=\"https:\/\/www.tribunj.biz\/es_es\/accommodation\/apartment-a4-4\/img_20220523_152130\/\" data-orig-file=\"https:\/\/www.tribunj.biz\/wp-content\/uploads\/2018\/04\/IMG_20220523_152130-scaled.jpg\" data-orig-size=\"2560,1920\" data-comments-opened=\"1\" data-image-meta=\"{&quot;aperture&quot;:&quot;1.8&quot;,&quot;credit&quot;:&quot;&quot;,&quot;camera&quot;:&quot;STK-LX1&quot;,&quot;caption&quot;:&quot;&quot;,&quot;created_timestamp&quot;:&quot;1653319290&quot;,&quot;copyright&quot;:&quot;&quot;,&quot;focal_length&quot;:&quot;3.96&quot;,&quot;iso&quot;:&quot;50&quot;,&quot;shutter_speed&quot;:&quot;0.000719&quot;,&quot;title&quot;:&quot;&quot;,&quot;orientation&quot;:&quot;1&quot;}\" data-image-title=\"IMG_20220523_152130\" data-image-description=\"\" data-image-caption=\"\" data-large-file=\"https:\/\/www.tribunj.biz\/wp-content\/uploads\/2018\/04\/IMG_20220523_152130-1024x768.jpg\" \/><\/a>\n\t\t\t<\/span><\/li><li class='gallery-item'><span class='gallery-icon landscape'>\n\t\t\t\t<a href='https:\/\/www.tribunj.biz\/es_es\/accommodation\/apartment-a4-4\/img_20220523_152117\/'><img loading=\"lazy\" decoding=\"async\" width=\"150\" height=\"150\" src=\"https:\/\/www.tribunj.biz\/wp-content\/uploads\/2018\/04\/IMG_20220523_152117-150x150.jpg\" class=\"attachment-thumbnail size-thumbnail\" alt=\"Apartamentos Tiho &amp; Marija - aparcamiento, jard\u00edn\" aria-describedby=\"mphb-flexslider-gallery-6-13595\" data-attachment-id=\"13595\" data-permalink=\"https:\/\/www.tribunj.biz\/es_es\/accommodation\/apartment-a4-4\/img_20220523_152117\/\" data-orig-file=\"https:\/\/www.tribunj.biz\/wp-content\/uploads\/2018\/04\/IMG_20220523_152117-scaled.jpg\" data-orig-size=\"2560,1920\" data-comments-opened=\"1\" data-image-meta=\"{&quot;aperture&quot;:&quot;1.8&quot;,&quot;credit&quot;:&quot;&quot;,&quot;camera&quot;:&quot;STK-LX1&quot;,&quot;caption&quot;:&quot;&quot;,&quot;created_timestamp&quot;:&quot;1653319277&quot;,&quot;copyright&quot;:&quot;&quot;,&quot;focal_length&quot;:&quot;3.96&quot;,&quot;iso&quot;:&quot;50&quot;,&quot;shutter_speed&quot;:&quot;0.000515&quot;,&quot;title&quot;:&quot;&quot;,&quot;orientation&quot;:&quot;1&quot;}\" data-image-title=\"IMG_20220523_152117\" data-image-description=\"&lt;p&gt;Apartments Tiho &amp;#038; Marija &amp;#8211; parking, garden&lt;\/p&gt;\" data-image-caption=\"&lt;p&gt;Apartments Tiho &amp;#038; Marija &amp;#8211; parking, garden&lt;\/p&gt;\" data-large-file=\"https:\/\/www.tribunj.biz\/wp-content\/uploads\/2018\/04\/IMG_20220523_152117-1024x768.jpg\" \/><\/a>\n\t\t\t<\/span><\/li><li class='gallery-item'><span class='gallery-icon landscape'>\n\t\t\t\t<a href='https:\/\/www.tribunj.biz\/es_es\/accommodation\/apartment-a4-4\/img_20220523_151133\/'><img loading=\"lazy\" decoding=\"async\" width=\"150\" height=\"150\" src=\"https:\/\/www.tribunj.biz\/wp-content\/uploads\/2018\/04\/IMG_20220523_151133-150x150.jpg\" class=\"attachment-thumbnail size-thumbnail\" alt=\"Apartamentos Tiho &amp; Marija - aparcamiento, jard\u00edn\" aria-describedby=\"mphb-flexslider-gallery-6-13592\" data-attachment-id=\"13592\" data-permalink=\"https:\/\/www.tribunj.biz\/es_es\/accommodation\/apartment-a4-4\/img_20220523_151133\/\" data-orig-file=\"https:\/\/www.tribunj.biz\/wp-content\/uploads\/2018\/04\/IMG_20220523_151133-scaled.jpg\" data-orig-size=\"2560,1920\" data-comments-opened=\"1\" data-image-meta=\"{&quot;aperture&quot;:&quot;1.8&quot;,&quot;credit&quot;:&quot;&quot;,&quot;camera&quot;:&quot;STK-LX1&quot;,&quot;caption&quot;:&quot;&quot;,&quot;created_timestamp&quot;:&quot;1653318693&quot;,&quot;copyright&quot;:&quot;&quot;,&quot;focal_length&quot;:&quot;3.96&quot;,&quot;iso&quot;:&quot;50&quot;,&quot;shutter_speed&quot;:&quot;0.000471&quot;,&quot;title&quot;:&quot;&quot;,&quot;orientation&quot;:&quot;1&quot;}\" data-image-title=\"IMG_20220523_151133\" data-image-description=\"&lt;p&gt;Apartments Tiho &amp;#038; Marija &amp;#8211; parking, garden&lt;\/p&gt;\" data-image-caption=\"&lt;p&gt;Apartments Tiho &amp;#038; Marija &amp;#8211; parking, garden&lt;\/p&gt;\" data-large-file=\"https:\/\/www.tribunj.biz\/wp-content\/uploads\/2018\/04\/IMG_20220523_151133-1024x768.jpg\" \/><\/a>\n\t\t\t<\/span><\/li><li class='gallery-item'><span class='gallery-icon landscape'>\n\t\t\t\t<a href='https:\/\/www.tribunj.biz\/es_es\/accommodation\/apartment-a4-4\/img_20220523_150240\/'><img loading=\"lazy\" decoding=\"async\" width=\"150\" height=\"150\" src=\"https:\/\/www.tribunj.biz\/wp-content\/uploads\/2018\/04\/IMG_20220523_150240-150x150.jpg\" class=\"attachment-thumbnail size-thumbnail\" alt=\"Apartamentos Tiho y Marija - casa\" aria-describedby=\"mphb-flexslider-gallery-6-13589\" data-attachment-id=\"13589\" data-permalink=\"https:\/\/www.tribunj.biz\/es_es\/accommodation\/apartment-a4-4\/img_20220523_150240\/\" data-orig-file=\"https:\/\/www.tribunj.biz\/wp-content\/uploads\/2018\/04\/IMG_20220523_150240-scaled.jpg\" data-orig-size=\"2560,1920\" data-comments-opened=\"1\" data-image-meta=\"{&quot;aperture&quot;:&quot;1.8&quot;,&quot;credit&quot;:&quot;&quot;,&quot;camera&quot;:&quot;STK-LX1&quot;,&quot;caption&quot;:&quot;&quot;,&quot;created_timestamp&quot;:&quot;1653318161&quot;,&quot;copyright&quot;:&quot;&quot;,&quot;focal_length&quot;:&quot;3.96&quot;,&quot;iso&quot;:&quot;50&quot;,&quot;shutter_speed&quot;:&quot;0.000459&quot;,&quot;title&quot;:&quot;&quot;,&quot;orientation&quot;:&quot;1&quot;}\" data-image-title=\"IMG_20220523_150240\" data-image-description=\"&lt;p&gt;Apartments Tiho &amp;#038; Marija &amp;#8211; house&lt;\/p&gt;\" data-image-caption=\"&lt;p&gt;Apartments Tiho &amp;#038; Marija &amp;#8211; house&lt;\/p&gt;\" data-large-file=\"https:\/\/www.tribunj.biz\/wp-content\/uploads\/2018\/04\/IMG_20220523_150240-1024x768.jpg\" \/><\/a>\n\t\t\t<\/span><\/li><li class='gallery-item'><span class='gallery-icon landscape'>\n\t\t\t\t<a href='https:\/\/www.tribunj.biz\/es_es\/accommodation\/apartment-a4-4\/img_20220523_150213\/'><img loading=\"lazy\" decoding=\"async\" width=\"150\" height=\"150\" src=\"https:\/\/www.tribunj.biz\/wp-content\/uploads\/2018\/04\/IMG_20220523_150213-150x150.jpg\" class=\"attachment-thumbnail size-thumbnail\" alt=\"Apartamentos Tiho y Marija - casa\" aria-describedby=\"mphb-flexslider-gallery-6-13588\" data-attachment-id=\"13588\" data-permalink=\"https:\/\/www.tribunj.biz\/es_es\/accommodation\/apartment-a4-4\/img_20220523_150213\/\" data-orig-file=\"https:\/\/www.tribunj.biz\/wp-content\/uploads\/2018\/04\/IMG_20220523_150213-scaled.jpg\" data-orig-size=\"2560,1920\" data-comments-opened=\"1\" data-image-meta=\"{&quot;aperture&quot;:&quot;1.8&quot;,&quot;credit&quot;:&quot;&quot;,&quot;camera&quot;:&quot;STK-LX1&quot;,&quot;caption&quot;:&quot;&quot;,&quot;created_timestamp&quot;:&quot;1653318134&quot;,&quot;copyright&quot;:&quot;&quot;,&quot;focal_length&quot;:&quot;3.96&quot;,&quot;iso&quot;:&quot;50&quot;,&quot;shutter_speed&quot;:&quot;0.000495&quot;,&quot;title&quot;:&quot;&quot;,&quot;orientation&quot;:&quot;1&quot;}\" data-image-title=\"IMG_20220523_150213\" data-image-description=\"&lt;p&gt;Apartments Tiho &amp;#038; Marija &amp;#8211; house&lt;\/p&gt;\" data-image-caption=\"&lt;p&gt;Apartments Tiho &amp;#038; Marija &amp;#8211; house&lt;\/p&gt;\" data-large-file=\"https:\/\/www.tribunj.biz\/wp-content\/uploads\/2018\/04\/IMG_20220523_150213-1024x768.jpg\" \/><\/a>\n\t\t\t<\/span><\/li><li class='gallery-item'><span class='gallery-icon landscape'>\n\t\t\t\t<a href='https:\/\/www.tribunj.biz\/es_es\/accommodation\/apartment-a4-4\/img_0916-2\/'><img loading=\"lazy\" decoding=\"async\" width=\"150\" height=\"150\" src=\"https:\/\/www.tribunj.biz\/wp-content\/uploads\/2018\/04\/IMG_0916-1-150x150.jpg\" class=\"attachment-thumbnail size-thumbnail\" alt=\"Apartamentos Tiho &amp; Marija - zona de barbacoa compartida\" aria-describedby=\"mphb-flexslider-gallery-6-13584\" data-attachment-id=\"13584\" data-permalink=\"https:\/\/www.tribunj.biz\/es_es\/accommodation\/apartment-a4-4\/img_0916-2\/\" data-orig-file=\"https:\/\/www.tribunj.biz\/wp-content\/uploads\/2018\/04\/IMG_0916-1-scaled.jpg\" data-orig-size=\"2560,1920\" data-comments-opened=\"1\" data-image-meta=\"{&quot;aperture&quot;:&quot;3&quot;,&quot;credit&quot;:&quot;&quot;,&quot;camera&quot;:&quot;Canon PowerShot A470&quot;,&quot;caption&quot;:&quot;&quot;,&quot;created_timestamp&quot;:&quot;1374332956&quot;,&quot;copyright&quot;:&quot;&quot;,&quot;focal_length&quot;:&quot;6.3&quot;,&quot;iso&quot;:&quot;80&quot;,&quot;shutter_speed&quot;:&quot;0.004&quot;,&quot;title&quot;:&quot;&quot;,&quot;orientation&quot;:&quot;1&quot;}\" data-image-title=\"IMG_0916\" data-image-description=\"&lt;p&gt;Apartments Tiho &amp;#038; Marija &amp;#8211; shared barbecue area&lt;\/p&gt;\" data-image-caption=\"&lt;p&gt;Apartments Tiho &amp;#038; Marija &amp;#8211; shared barbecue area&lt;\/p&gt;\" data-large-file=\"https:\/\/www.tribunj.biz\/wp-content\/uploads\/2018\/04\/IMG_0916-1-1024x768.jpg\" \/><\/a>\n\t\t\t<\/span><\/li><li class='gallery-item'><span class='gallery-icon landscape'>\n\t\t\t\t<a href='https:\/\/www.tribunj.biz\/es_es\/accommodation\/apartment-a4-4\/img_0910-2\/'><img loading=\"lazy\" decoding=\"async\" width=\"150\" height=\"150\" src=\"https:\/\/www.tribunj.biz\/wp-content\/uploads\/2018\/04\/IMG_0910-1-150x150.jpg\" class=\"attachment-thumbnail size-thumbnail\" alt=\"Apartamentos Tiho &amp; Marija - zona de barbacoa compartida\" aria-describedby=\"mphb-flexslider-gallery-6-13583\" data-attachment-id=\"13583\" data-permalink=\"https:\/\/www.tribunj.biz\/es_es\/accommodation\/apartment-a4-4\/img_0910-2\/\" data-orig-file=\"https:\/\/www.tribunj.biz\/wp-content\/uploads\/2018\/04\/IMG_0910-1-scaled.jpg\" data-orig-size=\"2560,1920\" data-comments-opened=\"1\" data-image-meta=\"{&quot;aperture&quot;:&quot;3&quot;,&quot;credit&quot;:&quot;&quot;,&quot;camera&quot;:&quot;Canon PowerShot A470&quot;,&quot;caption&quot;:&quot;&quot;,&quot;created_timestamp&quot;:&quot;1374332901&quot;,&quot;copyright&quot;:&quot;&quot;,&quot;focal_length&quot;:&quot;6.3&quot;,&quot;iso&quot;:&quot;80&quot;,&quot;shutter_speed&quot;:&quot;0.002&quot;,&quot;title&quot;:&quot;&quot;,&quot;orientation&quot;:&quot;1&quot;}\" data-image-title=\"IMG_0910\" data-image-description=\"&lt;p&gt;Apartments Tiho &amp;#038; Marija &amp;#8211; shared barbecue area&lt;\/p&gt;\" data-image-caption=\"&lt;p&gt;Apartments Tiho &amp;#038; Marija &amp;#8211; shared barbecue area&lt;\/p&gt;\" data-large-file=\"https:\/\/www.tribunj.biz\/wp-content\/uploads\/2018\/04\/IMG_0910-1-1024x768.jpg\" \/><\/a>\n\t\t\t<\/span><\/li><li class='gallery-item'><span class='gallery-icon landscape'>\n\t\t\t\t<a href='https:\/\/www.tribunj.biz\/es_es\/accommodation\/apartment-a4-4\/hodnik\/'><img loading=\"lazy\" decoding=\"async\" width=\"150\" height=\"150\" src=\"https:\/\/www.tribunj.biz\/wp-content\/uploads\/2018\/04\/hodnik-150x150.jpg\" class=\"attachment-thumbnail size-thumbnail\" alt=\"Apartamentos Tiho y Marija - escaleras\" aria-describedby=\"mphb-flexslider-gallery-6-13582\" data-attachment-id=\"13582\" data-permalink=\"https:\/\/www.tribunj.biz\/es_es\/accommodation\/apartment-a4-4\/hodnik\/\" data-orig-file=\"https:\/\/www.tribunj.biz\/wp-content\/uploads\/2018\/04\/hodnik.jpg\" data-orig-size=\"1280,960\" data-comments-opened=\"1\" data-image-meta=\"{&quot;aperture&quot;:&quot;2.8&quot;,&quot;credit&quot;:&quot;&quot;,&quot;camera&quot;:&quot;DSC-W5&quot;,&quot;caption&quot;:&quot;&quot;,&quot;created_timestamp&quot;:&quot;1114365765&quot;,&quot;copyright&quot;:&quot;&quot;,&quot;focal_length&quot;:&quot;7.9&quot;,&quot;iso&quot;:&quot;125&quot;,&quot;shutter_speed&quot;:&quot;0.025&quot;,&quot;title&quot;:&quot;&quot;,&quot;orientation&quot;:&quot;1&quot;}\" data-image-title=\"Apartments Tiho &amp;#038; Marija &amp;#8211; stairs\" data-image-description=\"&lt;p&gt;Apartments Tiho &amp;#038; Marija &amp;#8211; stairs&lt;\/p&gt;\" data-image-caption=\"&lt;p&gt;Apartments Tiho &amp;#038; Marija &amp;#8211; stairs&lt;\/p&gt;\" data-large-file=\"https:\/\/www.tribunj.biz\/wp-content\/uploads\/2018\/04\/hodnik-1024x768.jpg\" \/><\/a>\n\t\t\t<\/span><\/li><\/ul>\n\t\t<\/div>\n\n\t<\/div>\n\t\n<h2 class=\"mphb-room-type-title entry-title\">\n\n<a class=\"mphb-room-type-title\" href=\"https:\/\/www.tribunj.biz\/es_es\/accommodation\/apartment-a2-4\/\">Apartamento A2 (4)<\/a>\n\n<\/h2>\n\n<p>El apartamento est\u00e1 totalmente equipado para 4 personas.<br \/>\n50 m2, 4 camas, primer piso, cocina con comedor, un dormitorio (cama doble), segundo dormitorio (2 camas separadas pero con posibilidad de conectarse como cama doble), ba\u00f1o con inodoro, balc\u00f3n cubierto (8 m2), apartamento Tiene vista al jard\u00edn, al mar, al puerto deportivo y a Tribunj.<\/p>\n\n\n\n\t<p class=\"mphb-regular-price\"><strong>Precio desde:<\/strong>\n\t<span class=\"mphb-price\">110<span class=\"mphb-currency\">\u20ac<\/span><\/span> <span class=\"mphb-price-period\" title=\"Establezca las fechas para ver los precios adecuados\">por noche<\/span>\n\t<\/p>\n\t\n<p class=\"mphb-view-details-button-wrapper\">\n<a class=\"button mphb-view-details-button\" href=\"https:\/\/www.tribunj.biz\/es_es\/accommodation\/apartment-a2-4\/\" >Ver detalles<\/a>\n<\/p>\n<div class=\"mphb-to-book-btn-wrapper\">\n<form action=\"https:\/\/www.tribunj.biz\/es_es\/alojamiento\/apartamento-a2-4\/#booking-form-307\" method=\"get\" data-trp-original-action=\"https:\/\/www.tribunj.biz\/es_es\/accommodation\/apartment-a2-4\/#booking-form-307\" ><button type=\"submit\" class=\"button mphb-book-button\" >Hacer reserva<\/button><input type=\"hidden\" name=\"trp-form-language\" value=\"es_es\"\/><\/form>\n<br\/><\/div>\n\t\n<\/div>\n\n<div class=\"mphb-room-type post-295 mphb_room_type type-mphb_room_type status-publish mphb_room_type_category-category-accommodation-tribunj mphb_room_type_category-one-bedroom-tribunj mphb_room_type_tag-accommodation mphb_room_type_tag-apartment mphb_room_type_tag-one-room-apartment mphb_room_type_tag-tribunj mphb_room_type_tag-view-at-sea mphb_room_type_facility-air-conditioning mphb_room_type_facility-balcony mphb_room_type_facility-bathroom mphb_room_type_facility-bathtub mphb_room_type_facility-bedroom mphb_room_type_facility-central-heating mphb_room_type_facility-cleaning-products mphb_room_type_facility-clothes-rack mphb_room_type_facility-coffee-machine mphb_room_type_facility-dining-area mphb_room_type_facility-drying-rack-for-clothing mphb_room_type_facility-electric-kettle mphb_room_type_facility-flat-screen-tv mphb_room_type_facility-free-parking mphb_room_type_facility-barbecue mphb_room_type_facility-free-wifi mphb_room_type_facility-hairdryer mphb_room_type_facility-kitchen mphb_room_type_facility-kitchenware mphb_room_type_facility-linens mphb_room_type_facility-microwave mphb_room_type_facility-outdoor-furniture mphb_room_type_facility-patio mphb_room_type_facility-pet-friendly mphb_room_type_facility-refrigerator mphb_room_type_facility-satellite-channels mphb_room_type_facility-sitting-area mphb_room_type_facility-smoking-allowed mphb_room_type_facility-stovetop mphb_room_type_facility-toilet mphb_room_type_facility-toilet-paper mphb_room_type_facility-towels mphb_room_type_facility-upper-floors-accessible-by-stairs-only mphb_room_type_facility-vakuum-cleaner mphb_room_type_facility-wardrobe-closet mphb-room-type-adults-2 mphb-room-type-children-1\">\n\n\t\n\t\n\n\t<div class=\"mphb-room-type-images\">\n\t<span class=\"mphb_room_type_featured_image_wrapper\"><div id='mphb-flexslider-gallery-7' class='gallery-columns-1 gallery-size-villagio-thumb-small-x2 mphb-gallery-main-slider mphb-flexslider-gallery-wrapper mphb-room-type-gallery-wrapper mphb-gallery-main-slider-69f47f8407303' data-flexslider-atts='{\"animation\":\"slide\",\"controlNav\":false,\"animationLoop\":true,\"smoothHeight\":true,\"slideshow\":false}' data-group='69f47f8407303'><ul class=\"slides\"><li class='gallery-item'><span class='gallery-icon landscape'>\n\t\t\t\t<a href=\"https:\/\/www.tribunj.biz\/es_es\/accommodation\/apartment-a1-2\/\"><img loading=\"lazy\" decoding=\"async\" width=\"1434\" height=\"1080\" src=\"https:\/\/www.tribunj.biz\/wp-content\/uploads\/2018\/04\/20180604_150455-1434x1080.jpg\" class=\"attachment-villagio-thumb-small-x2 size-villagio-thumb-small-x2\" alt=\"Apartamento A1 (Tiho y Marija) - dormitorio\" aria-describedby=\"mphb-flexslider-gallery-7-13647\" srcset=\"https:\/\/www.tribunj.biz\/wp-content\/uploads\/2018\/04\/20180604_150455-1434x1080.jpg 1434w, https:\/\/www.tribunj.biz\/wp-content\/uploads\/2018\/04\/20180604_150455-300x225.jpg 300w, https:\/\/www.tribunj.biz\/wp-content\/uploads\/2018\/04\/20180604_150455-16x12.jpg 16w, https:\/\/www.tribunj.biz\/wp-content\/uploads\/2018\/04\/20180604_150455-717x540.jpg 717w\" sizes=\"auto, (max-width: 1434px) 100vw, 1434px\" data-attachment-id=\"13647\" data-permalink=\"https:\/\/www.tribunj.biz\/es_es\/accommodation\/apartment-a1-2\/20180604_150455\/\" data-orig-file=\"https:\/\/www.tribunj.biz\/wp-content\/uploads\/2018\/04\/20180604_150455-scaled.jpg\" data-orig-size=\"2560,1920\" data-comments-opened=\"1\" data-image-meta=\"{&quot;aperture&quot;:&quot;1.9&quot;,&quot;credit&quot;:&quot;&quot;,&quot;camera&quot;:&quot;SM-J330F&quot;,&quot;caption&quot;:&quot;&quot;,&quot;created_timestamp&quot;:&quot;1528124695&quot;,&quot;copyright&quot;:&quot;&quot;,&quot;focal_length&quot;:&quot;3.6&quot;,&quot;iso&quot;:&quot;40&quot;,&quot;shutter_speed&quot;:&quot;0.0016722408026756&quot;,&quot;title&quot;:&quot;&quot;,&quot;orientation&quot;:&quot;1&quot;}\" data-image-title=\"20180604_150455\" data-image-description=\"&lt;p&gt;Apartment A1 (Tiho &amp;#038; Marija) &amp;#8211; bedroom&lt;\/p&gt;\" data-image-caption=\"&lt;p&gt;Apartment A1 (Tiho &amp;#038; Marija) &amp;#8211; bedroom&lt;\/p&gt;\" data-large-file=\"https:\/\/www.tribunj.biz\/wp-content\/uploads\/2018\/04\/20180604_150455-1024x768.jpg\" \/><\/a>\n\t\t\t<\/span><\/li><li class='gallery-item'><span class='gallery-icon landscape'>\n\t\t\t\t<a href=\"https:\/\/www.tribunj.biz\/es_es\/accommodation\/apartment-a1-2\/\"><img loading=\"lazy\" decoding=\"async\" width=\"1434\" height=\"1080\" src=\"https:\/\/www.tribunj.biz\/wp-content\/uploads\/2018\/04\/2015-07-23-12.35.36-1434x1080.jpg\" class=\"attachment-villagio-thumb-small-x2 size-villagio-thumb-small-x2\" alt=\"Apartamento A1 (Tiho y Marija) - vista\" aria-describedby=\"mphb-flexslider-gallery-7-13644\" srcset=\"https:\/\/www.tribunj.biz\/wp-content\/uploads\/2018\/04\/2015-07-23-12.35.36-1434x1080.jpg 1434w, https:\/\/www.tribunj.biz\/wp-content\/uploads\/2018\/04\/2015-07-23-12.35.36-300x225.jpg 300w, https:\/\/www.tribunj.biz\/wp-content\/uploads\/2018\/04\/2015-07-23-12.35.36-16x12.jpg 16w, https:\/\/www.tribunj.biz\/wp-content\/uploads\/2018\/04\/2015-07-23-12.35.36-717x540.jpg 717w\" sizes=\"auto, (max-width: 1434px) 100vw, 1434px\" data-attachment-id=\"13644\" data-permalink=\"https:\/\/www.tribunj.biz\/es_es\/accommodation\/apartment-a1-2\/2015-07-23-12-35-36\/\" data-orig-file=\"https:\/\/www.tribunj.biz\/wp-content\/uploads\/2018\/04\/2015-07-23-12.35.36-scaled.jpg\" data-orig-size=\"2560,1920\" data-comments-opened=\"1\" data-image-meta=\"{&quot;aperture&quot;:&quot;0&quot;,&quot;credit&quot;:&quot;&quot;,&quot;camera&quot;:&quot;&quot;,&quot;caption&quot;:&quot;&quot;,&quot;created_timestamp&quot;:&quot;0&quot;,&quot;copyright&quot;:&quot;&quot;,&quot;focal_length&quot;:&quot;0&quot;,&quot;iso&quot;:&quot;0&quot;,&quot;shutter_speed&quot;:&quot;0&quot;,&quot;title&quot;:&quot;&quot;,&quot;orientation&quot;:&quot;1&quot;}\" data-image-title=\"2015-07-23-12.35.36\" data-image-description=\"&lt;p&gt;Apartment A1 (Tiho &amp;#038; Marija) &amp;#8211; view&lt;\/p&gt;\" data-image-caption=\"&lt;p&gt;Apartment A1 (Tiho &amp;#038; Marija) &amp;#8211; view&lt;\/p&gt;\" data-large-file=\"https:\/\/www.tribunj.biz\/wp-content\/uploads\/2018\/04\/2015-07-23-12.35.36-1024x768.jpg\" \/><\/a>\n\t\t\t<\/span><\/li><li class='gallery-item'><span class='gallery-icon landscape'>\n\t\t\t\t<a href=\"https:\/\/www.tribunj.biz\/es_es\/accommodation\/apartment-a1-2\/\"><img loading=\"lazy\" decoding=\"async\" width=\"1434\" height=\"1080\" src=\"https:\/\/www.tribunj.biz\/wp-content\/uploads\/2018\/04\/20180604_1505070-1434x1080.jpg\" class=\"attachment-villagio-thumb-small-x2 size-villagio-thumb-small-x2\" alt=\"Apartamento A1 (Tiho y Marija) - vista al balc\u00f3n\" aria-describedby=\"mphb-flexslider-gallery-7-13648\" srcset=\"https:\/\/www.tribunj.biz\/wp-content\/uploads\/2018\/04\/20180604_1505070-1434x1080.jpg 1434w, https:\/\/www.tribunj.biz\/wp-content\/uploads\/2018\/04\/20180604_1505070-300x225.jpg 300w, https:\/\/www.tribunj.biz\/wp-content\/uploads\/2018\/04\/20180604_1505070-16x12.jpg 16w, https:\/\/www.tribunj.biz\/wp-content\/uploads\/2018\/04\/20180604_1505070-717x540.jpg 717w\" sizes=\"auto, (max-width: 1434px) 100vw, 1434px\" data-attachment-id=\"13648\" data-permalink=\"https:\/\/www.tribunj.biz\/es_es\/accommodation\/apartment-a1-2\/20180604_1505070\/\" data-orig-file=\"https:\/\/www.tribunj.biz\/wp-content\/uploads\/2018\/04\/20180604_1505070-scaled.jpg\" data-orig-size=\"2560,1920\" data-comments-opened=\"1\" data-image-meta=\"{&quot;aperture&quot;:&quot;1.9&quot;,&quot;credit&quot;:&quot;&quot;,&quot;camera&quot;:&quot;SM-J330F&quot;,&quot;caption&quot;:&quot;&quot;,&quot;created_timestamp&quot;:&quot;1528124707&quot;,&quot;copyright&quot;:&quot;&quot;,&quot;focal_length&quot;:&quot;3.6&quot;,&quot;iso&quot;:&quot;40&quot;,&quot;shutter_speed&quot;:&quot;0.0004269854824936&quot;,&quot;title&quot;:&quot;&quot;,&quot;orientation&quot;:&quot;1&quot;}\" data-image-title=\"20180604_150507(0)\" data-image-description=\"&lt;p&gt;Apartment A1 (Tiho &amp;#038; Marija) &amp;#8211; balcony view&lt;\/p&gt;\" data-image-caption=\"&lt;p&gt;Apartment A1 (Tiho &amp;#038; Marija) &amp;#8211; balcony view&lt;\/p&gt;\" data-large-file=\"https:\/\/www.tribunj.biz\/wp-content\/uploads\/2018\/04\/20180604_1505070-1024x768.jpg\" \/><\/a>\n\t\t\t<\/span><\/li><li class='gallery-item'><span class='gallery-icon landscape'>\n\t\t\t\t<a href=\"https:\/\/www.tribunj.biz\/es_es\/accommodation\/apartment-a1-2\/\"><img loading=\"lazy\" decoding=\"async\" width=\"1434\" height=\"1080\" src=\"https:\/\/www.tribunj.biz\/wp-content\/uploads\/2018\/04\/2017-12-21-10.46.23-1434x1080.jpg\" class=\"attachment-villagio-thumb-small-x2 size-villagio-thumb-small-x2\" alt=\"Apartamento A1 (Tiho y Marija) - dormitorio\" aria-describedby=\"mphb-flexslider-gallery-7-13646\" srcset=\"https:\/\/www.tribunj.biz\/wp-content\/uploads\/2018\/04\/2017-12-21-10.46.23-1434x1080.jpg 1434w, https:\/\/www.tribunj.biz\/wp-content\/uploads\/2018\/04\/2017-12-21-10.46.23-300x225.jpg 300w, https:\/\/www.tribunj.biz\/wp-content\/uploads\/2018\/04\/2017-12-21-10.46.23-16x12.jpg 16w, https:\/\/www.tribunj.biz\/wp-content\/uploads\/2018\/04\/2017-12-21-10.46.23-717x540.jpg 717w\" sizes=\"auto, (max-width: 1434px) 100vw, 1434px\" data-attachment-id=\"13646\" data-permalink=\"https:\/\/www.tribunj.biz\/es_es\/accommodation\/apartment-a1-2\/2017-12-21-10-46-23\/\" data-orig-file=\"https:\/\/www.tribunj.biz\/wp-content\/uploads\/2018\/04\/2017-12-21-10.46.23-scaled.jpg\" data-orig-size=\"2560,1920\" data-comments-opened=\"1\" data-image-meta=\"{&quot;aperture&quot;:&quot;0&quot;,&quot;credit&quot;:&quot;&quot;,&quot;camera&quot;:&quot;&quot;,&quot;caption&quot;:&quot;&quot;,&quot;created_timestamp&quot;:&quot;0&quot;,&quot;copyright&quot;:&quot;&quot;,&quot;focal_length&quot;:&quot;0&quot;,&quot;iso&quot;:&quot;0&quot;,&quot;shutter_speed&quot;:&quot;0&quot;,&quot;title&quot;:&quot;&quot;,&quot;orientation&quot;:&quot;1&quot;}\" data-image-title=\"2017-12-21-10.46.23\" data-image-description=\"&lt;p&gt;Apartment A1 (Tiho &amp;#038; Marija) &amp;#8211; bedroom&lt;\/p&gt;\" data-image-caption=\"&lt;p&gt;Apartment A1 (Tiho &amp;#038; Marija) &amp;#8211; bedroom&lt;\/p&gt;\" data-large-file=\"https:\/\/www.tribunj.biz\/wp-content\/uploads\/2018\/04\/2017-12-21-10.46.23-1024x768.jpg\" \/><\/a>\n\t\t\t<\/span><\/li><li class='gallery-item'><span class='gallery-icon landscape'>\n\t\t\t\t<a href=\"https:\/\/www.tribunj.biz\/es_es\/accommodation\/apartment-a1-2\/\"><img loading=\"lazy\" decoding=\"async\" width=\"1434\" height=\"1080\" src=\"https:\/\/www.tribunj.biz\/wp-content\/uploads\/2018\/04\/2017-12-21-09.58.54-1-1434x1080.jpg\" class=\"attachment-villagio-thumb-small-x2 size-villagio-thumb-small-x2\" alt=\"Apartamento A1 (Tiho y Marija) - dormitorio\" aria-describedby=\"mphb-flexslider-gallery-7-13645\" srcset=\"https:\/\/www.tribunj.biz\/wp-content\/uploads\/2018\/04\/2017-12-21-09.58.54-1-1434x1080.jpg 1434w, https:\/\/www.tribunj.biz\/wp-content\/uploads\/2018\/04\/2017-12-21-09.58.54-1-300x225.jpg 300w, https:\/\/www.tribunj.biz\/wp-content\/uploads\/2018\/04\/2017-12-21-09.58.54-1-16x12.jpg 16w, https:\/\/www.tribunj.biz\/wp-content\/uploads\/2018\/04\/2017-12-21-09.58.54-1-717x540.jpg 717w\" sizes=\"auto, (max-width: 1434px) 100vw, 1434px\" data-attachment-id=\"13645\" data-permalink=\"https:\/\/www.tribunj.biz\/es_es\/accommodation\/apartment-a1-2\/2017-12-21-09-58-54-2\/\" data-orig-file=\"https:\/\/www.tribunj.biz\/wp-content\/uploads\/2018\/04\/2017-12-21-09.58.54-1-scaled.jpg\" data-orig-size=\"2560,1920\" data-comments-opened=\"1\" data-image-meta=\"{&quot;aperture&quot;:&quot;0&quot;,&quot;credit&quot;:&quot;&quot;,&quot;camera&quot;:&quot;&quot;,&quot;caption&quot;:&quot;&quot;,&quot;created_timestamp&quot;:&quot;0&quot;,&quot;copyright&quot;:&quot;&quot;,&quot;focal_length&quot;:&quot;0&quot;,&quot;iso&quot;:&quot;0&quot;,&quot;shutter_speed&quot;:&quot;0&quot;,&quot;title&quot;:&quot;&quot;,&quot;orientation&quot;:&quot;1&quot;}\" data-image-title=\"2017-12-21-09.58.54\" data-image-description=\"&lt;p&gt;Apartment A1 (Tiho &amp;#038; Marija) &amp;#8211; bedroom&lt;\/p&gt;\" data-image-caption=\"&lt;p&gt;Apartment A1 (Tiho &amp;#038; Marija) &amp;#8211; bedroom&lt;\/p&gt;\" data-large-file=\"https:\/\/www.tribunj.biz\/wp-content\/uploads\/2018\/04\/2017-12-21-09.58.54-1-1024x768.jpg\" \/><\/a>\n\t\t\t<\/span><\/li><li class='gallery-item'><span class='gallery-icon landscape'>\n\t\t\t\t<a href=\"https:\/\/www.tribunj.biz\/es_es\/accommodation\/apartment-a1-2\/\"><img loading=\"lazy\" decoding=\"async\" width=\"1434\" height=\"1080\" src=\"https:\/\/www.tribunj.biz\/wp-content\/uploads\/2018\/04\/20180604_150642-1434x1080.jpg\" class=\"attachment-villagio-thumb-small-x2 size-villagio-thumb-small-x2\" alt=\"Apartamento A1 (Tiho y Marija) - dormitorio\" aria-describedby=\"mphb-flexslider-gallery-7-13649\" srcset=\"https:\/\/www.tribunj.biz\/wp-content\/uploads\/2018\/04\/20180604_150642-1434x1080.jpg 1434w, https:\/\/www.tribunj.biz\/wp-content\/uploads\/2018\/04\/20180604_150642-300x225.jpg 300w, https:\/\/www.tribunj.biz\/wp-content\/uploads\/2018\/04\/20180604_150642-16x12.jpg 16w, https:\/\/www.tribunj.biz\/wp-content\/uploads\/2018\/04\/20180604_150642-717x540.jpg 717w\" sizes=\"auto, (max-width: 1434px) 100vw, 1434px\" data-attachment-id=\"13649\" data-permalink=\"https:\/\/www.tribunj.biz\/es_es\/accommodation\/apartment-a1-2\/20180604_150642\/\" data-orig-file=\"https:\/\/www.tribunj.biz\/wp-content\/uploads\/2018\/04\/20180604_150642-scaled.jpg\" data-orig-size=\"2560,1920\" data-comments-opened=\"1\" data-image-meta=\"{&quot;aperture&quot;:&quot;1.9&quot;,&quot;credit&quot;:&quot;&quot;,&quot;camera&quot;:&quot;SM-J330F&quot;,&quot;caption&quot;:&quot;&quot;,&quot;created_timestamp&quot;:&quot;1528124802&quot;,&quot;copyright&quot;:&quot;&quot;,&quot;focal_length&quot;:&quot;3.6&quot;,&quot;iso&quot;:&quot;64&quot;,&quot;shutter_speed&quot;:&quot;0.01&quot;,&quot;title&quot;:&quot;&quot;,&quot;orientation&quot;:&quot;1&quot;}\" data-image-title=\"20180604_150642\" data-image-description=\"&lt;p&gt;Apartment A1 (Tiho &amp;#038; Marija) &amp;#8211; bedroom&lt;\/p&gt;\" data-image-caption=\"&lt;p&gt;Apartment A1 (Tiho &amp;#038; Marija) &amp;#8211; bedroom&lt;\/p&gt;\" data-large-file=\"https:\/\/www.tribunj.biz\/wp-content\/uploads\/2018\/04\/20180604_150642-1024x768.jpg\" \/><\/a>\n\t\t\t<\/span><\/li><li class='gallery-item'><span class='gallery-icon portrait'>\n\t\t\t\t<a href=\"https:\/\/www.tribunj.biz\/es_es\/accommodation\/apartment-a1-2\/\"><img loading=\"lazy\" decoding=\"async\" width=\"1434\" height=\"1080\" src=\"https:\/\/www.tribunj.biz\/wp-content\/uploads\/2018\/04\/20180604_150808-1434x1080.jpg\" class=\"attachment-villagio-thumb-small-x2 size-villagio-thumb-small-x2\" alt=\"Apartamento A1 (Tiho y Marija) - mesa de comedor\" aria-describedby=\"mphb-flexslider-gallery-7-13650\" srcset=\"https:\/\/www.tribunj.biz\/wp-content\/uploads\/2018\/04\/20180604_150808-1434x1080.jpg 1434w, https:\/\/www.tribunj.biz\/wp-content\/uploads\/2018\/04\/20180604_150808-717x540.jpg 717w\" sizes=\"auto, (max-width: 1434px) 100vw, 1434px\" data-attachment-id=\"13650\" data-permalink=\"https:\/\/www.tribunj.biz\/es_es\/accommodation\/apartment-a1-2\/20180604_150808\/\" data-orig-file=\"https:\/\/www.tribunj.biz\/wp-content\/uploads\/2018\/04\/20180604_150808-scaled.jpg\" data-orig-size=\"1920,2560\" data-comments-opened=\"1\" data-image-meta=\"{&quot;aperture&quot;:&quot;1.9&quot;,&quot;credit&quot;:&quot;&quot;,&quot;camera&quot;:&quot;SM-J330F&quot;,&quot;caption&quot;:&quot;&quot;,&quot;created_timestamp&quot;:&quot;1528124887&quot;,&quot;copyright&quot;:&quot;&quot;,&quot;focal_length&quot;:&quot;3.6&quot;,&quot;iso&quot;:&quot;80&quot;,&quot;shutter_speed&quot;:&quot;0.02&quot;,&quot;title&quot;:&quot;&quot;,&quot;orientation&quot;:&quot;1&quot;}\" data-image-title=\"20180604_150808\" data-image-description=\"&lt;p&gt;Apartment A1 (Tiho &amp;#038; Marija) &amp;#8211; dining table&lt;\/p&gt;\" data-image-caption=\"&lt;p&gt;Apartment A1 (Tiho &amp;#038; Marija) &amp;#8211; dining table&lt;\/p&gt;\" data-large-file=\"https:\/\/www.tribunj.biz\/wp-content\/uploads\/2018\/04\/20180604_150808-768x1024.jpg\" \/><\/a>\n\t\t\t<\/span><\/li><li class='gallery-item'><span class='gallery-icon landscape'>\n\t\t\t\t<a href=\"https:\/\/www.tribunj.biz\/es_es\/accommodation\/apartment-a1-2\/\"><img loading=\"lazy\" decoding=\"async\" width=\"1434\" height=\"1080\" src=\"https:\/\/www.tribunj.biz\/wp-content\/uploads\/2018\/04\/20180604_150859-1434x1080.jpg\" class=\"attachment-villagio-thumb-small-x2 size-villagio-thumb-small-x2\" alt=\"Apartamento A1 (Tiho y Marija) - cocina\" aria-describedby=\"mphb-flexslider-gallery-7-13651\" srcset=\"https:\/\/www.tribunj.biz\/wp-content\/uploads\/2018\/04\/20180604_150859-1434x1080.jpg 1434w, https:\/\/www.tribunj.biz\/wp-content\/uploads\/2018\/04\/20180604_150859-300x225.jpg 300w, https:\/\/www.tribunj.biz\/wp-content\/uploads\/2018\/04\/20180604_150859-16x12.jpg 16w, https:\/\/www.tribunj.biz\/wp-content\/uploads\/2018\/04\/20180604_150859-717x540.jpg 717w\" sizes=\"auto, (max-width: 1434px) 100vw, 1434px\" data-attachment-id=\"13651\" data-permalink=\"https:\/\/www.tribunj.biz\/es_es\/accommodation\/apartment-a1-2\/20180604_150859\/\" data-orig-file=\"https:\/\/www.tribunj.biz\/wp-content\/uploads\/2018\/04\/20180604_150859-scaled.jpg\" data-orig-size=\"2560,1920\" data-comments-opened=\"1\" data-image-meta=\"{&quot;aperture&quot;:&quot;1.9&quot;,&quot;credit&quot;:&quot;&quot;,&quot;camera&quot;:&quot;SM-J330F&quot;,&quot;caption&quot;:&quot;&quot;,&quot;created_timestamp&quot;:&quot;1528124939&quot;,&quot;copyright&quot;:&quot;&quot;,&quot;focal_length&quot;:&quot;3.6&quot;,&quot;iso&quot;:&quot;64&quot;,&quot;shutter_speed&quot;:&quot;0.02&quot;,&quot;title&quot;:&quot;&quot;,&quot;orientation&quot;:&quot;1&quot;}\" data-image-title=\"20180604_150859\" data-image-description=\"&lt;p&gt;Apartment A1 (Tiho &amp;#038; Marija) &amp;#8211; kitchen&lt;\/p&gt;\" data-image-caption=\"&lt;p&gt;Apartment A1 (Tiho &amp;#038; Marija) &amp;#8211; kitchen&lt;\/p&gt;\" data-large-file=\"https:\/\/www.tribunj.biz\/wp-content\/uploads\/2018\/04\/20180604_150859-1024x768.jpg\" \/><\/a>\n\t\t\t<\/span><\/li><li class='gallery-item'><span class='gallery-icon landscape'>\n\t\t\t\t<a href=\"https:\/\/www.tribunj.biz\/es_es\/accommodation\/apartment-a1-2\/\"><img loading=\"lazy\" decoding=\"async\" width=\"1434\" height=\"1080\" src=\"https:\/\/www.tribunj.biz\/wp-content\/uploads\/2018\/04\/IMG_0924o-1434x1080.jpg\" class=\"attachment-villagio-thumb-small-x2 size-villagio-thumb-small-x2\" alt=\"Apartamento A1 (Tiho y Marija) - cocina\" aria-describedby=\"mphb-flexslider-gallery-7-13652\" srcset=\"https:\/\/www.tribunj.biz\/wp-content\/uploads\/2018\/04\/IMG_0924o-1434x1080.jpg 1434w, https:\/\/www.tribunj.biz\/wp-content\/uploads\/2018\/04\/IMG_0924o-300x225.jpg 300w, https:\/\/www.tribunj.biz\/wp-content\/uploads\/2018\/04\/IMG_0924o-16x12.jpg 16w, https:\/\/www.tribunj.biz\/wp-content\/uploads\/2018\/04\/IMG_0924o-717x540.jpg 717w\" sizes=\"auto, (max-width: 1434px) 100vw, 1434px\" data-attachment-id=\"13652\" data-permalink=\"https:\/\/www.tribunj.biz\/es_es\/accommodation\/apartment-a1-2\/img_0924o\/\" data-orig-file=\"https:\/\/www.tribunj.biz\/wp-content\/uploads\/2018\/04\/IMG_0924o-scaled.jpg\" data-orig-size=\"2560,1920\" data-comments-opened=\"1\" data-image-meta=\"{&quot;aperture&quot;:&quot;0&quot;,&quot;credit&quot;:&quot;&quot;,&quot;camera&quot;:&quot;&quot;,&quot;caption&quot;:&quot;&quot;,&quot;created_timestamp&quot;:&quot;0&quot;,&quot;copyright&quot;:&quot;&quot;,&quot;focal_length&quot;:&quot;0&quot;,&quot;iso&quot;:&quot;0&quot;,&quot;shutter_speed&quot;:&quot;0&quot;,&quot;title&quot;:&quot;&quot;,&quot;orientation&quot;:&quot;1&quot;}\" data-image-title=\"IMG_0924o\" data-image-description=\"&lt;p&gt;Apartment A1 (Tiho &amp;#038; Marija) &amp;#8211; kitchen&lt;\/p&gt;\" data-image-caption=\"&lt;p&gt;Apartment A1 (Tiho &amp;#038; Marija) &amp;#8211; kitchen&lt;\/p&gt;\" data-large-file=\"https:\/\/www.tribunj.biz\/wp-content\/uploads\/2018\/04\/IMG_0924o-1024x768.jpg\" \/><\/a>\n\t\t\t<\/span><\/li><li class='gallery-item'><span class='gallery-icon landscape'>\n\t\t\t\t<a href=\"https:\/\/www.tribunj.biz\/es_es\/accommodation\/apartment-a1-2\/\"><img loading=\"lazy\" decoding=\"async\" width=\"1434\" height=\"1080\" src=\"https:\/\/www.tribunj.biz\/wp-content\/uploads\/2018\/04\/IMG_20200701_124731-1434x1080.jpg\" class=\"attachment-villagio-thumb-small-x2 size-villagio-thumb-small-x2\" alt=\"Apartamento A1 (Tiho y Marija) - ba\u00f1o\" aria-describedby=\"mphb-flexslider-gallery-7-13653\" srcset=\"https:\/\/www.tribunj.biz\/wp-content\/uploads\/2018\/04\/IMG_20200701_124731-1434x1080.jpg 1434w, https:\/\/www.tribunj.biz\/wp-content\/uploads\/2018\/04\/IMG_20200701_124731-300x225.jpg 300w, https:\/\/www.tribunj.biz\/wp-content\/uploads\/2018\/04\/IMG_20200701_124731-16x12.jpg 16w, https:\/\/www.tribunj.biz\/wp-content\/uploads\/2018\/04\/IMG_20200701_124731-717x540.jpg 717w\" sizes=\"auto, (max-width: 1434px) 100vw, 1434px\" data-attachment-id=\"13653\" data-permalink=\"https:\/\/www.tribunj.biz\/es_es\/accommodation\/apartment-a1-2\/img_20200701_124731\/\" data-orig-file=\"https:\/\/www.tribunj.biz\/wp-content\/uploads\/2018\/04\/IMG_20200701_124731-scaled.jpg\" data-orig-size=\"2560,1920\" data-comments-opened=\"1\" data-image-meta=\"{&quot;aperture&quot;:&quot;1.8&quot;,&quot;credit&quot;:&quot;&quot;,&quot;camera&quot;:&quot;STK-LX1&quot;,&quot;caption&quot;:&quot;&quot;,&quot;created_timestamp&quot;:&quot;1593607652&quot;,&quot;copyright&quot;:&quot;&quot;,&quot;focal_length&quot;:&quot;3.96&quot;,&quot;iso&quot;:&quot;125&quot;,&quot;shutter_speed&quot;:&quot;0.03&quot;,&quot;title&quot;:&quot;&quot;,&quot;orientation&quot;:&quot;1&quot;}\" data-image-title=\"IMG_20200701_124731\" data-image-description=\"&lt;p&gt;Apartment A1 (Tiho &amp;#038; Marija) &amp;#8211; bathroom&lt;\/p&gt;\" data-image-caption=\"&lt;p&gt;Apartment A1 (Tiho &amp;#038; Marija) &amp;#8211; bathroom&lt;\/p&gt;\" data-large-file=\"https:\/\/www.tribunj.biz\/wp-content\/uploads\/2018\/04\/IMG_20200701_124731-1024x768.jpg\" \/><\/a>\n\t\t\t<\/span><\/li><li class='gallery-item'><span class='gallery-icon landscape'>\n\t\t\t\t<a href=\"https:\/\/www.tribunj.biz\/es_es\/accommodation\/apartment-a1-2\/\"><img loading=\"lazy\" decoding=\"async\" width=\"1434\" height=\"1080\" src=\"https:\/\/www.tribunj.biz\/wp-content\/uploads\/2018\/04\/IMG_20200701_125002-1434x1080.jpg\" class=\"attachment-villagio-thumb-small-x2 size-villagio-thumb-small-x2\" alt=\"Apartamento A1 (Tiho y Marija)\" aria-describedby=\"mphb-flexslider-gallery-7-13654\" srcset=\"https:\/\/www.tribunj.biz\/wp-content\/uploads\/2018\/04\/IMG_20200701_125002-1434x1080.jpg 1434w, https:\/\/www.tribunj.biz\/wp-content\/uploads\/2018\/04\/IMG_20200701_125002-300x225.jpg 300w, https:\/\/www.tribunj.biz\/wp-content\/uploads\/2018\/04\/IMG_20200701_125002-16x12.jpg 16w, https:\/\/www.tribunj.biz\/wp-content\/uploads\/2018\/04\/IMG_20200701_125002-717x540.jpg 717w\" sizes=\"auto, (max-width: 1434px) 100vw, 1434px\" data-attachment-id=\"13654\" data-permalink=\"https:\/\/www.tribunj.biz\/es_es\/accommodation\/apartment-a1-2\/img_20200701_125002\/\" data-orig-file=\"https:\/\/www.tribunj.biz\/wp-content\/uploads\/2018\/04\/IMG_20200701_125002-scaled.jpg\" data-orig-size=\"2560,1920\" data-comments-opened=\"1\" data-image-meta=\"{&quot;aperture&quot;:&quot;1.8&quot;,&quot;credit&quot;:&quot;&quot;,&quot;camera&quot;:&quot;STK-LX1&quot;,&quot;caption&quot;:&quot;&quot;,&quot;created_timestamp&quot;:&quot;1593607803&quot;,&quot;copyright&quot;:&quot;&quot;,&quot;focal_length&quot;:&quot;3.96&quot;,&quot;iso&quot;:&quot;80&quot;,&quot;shutter_speed&quot;:&quot;0.01&quot;,&quot;title&quot;:&quot;&quot;,&quot;orientation&quot;:&quot;1&quot;}\" data-image-title=\"IMG_20200701_125002\" data-image-description=\"&lt;p&gt;Apartment A1 (Tiho &amp;#038; Marija)&lt;\/p&gt;\" data-image-caption=\"&lt;p&gt;Apartment A1 (Tiho &amp;#038; Marija)&lt;\/p&gt;\" data-large-file=\"https:\/\/www.tribunj.biz\/wp-content\/uploads\/2018\/04\/IMG_20200701_125002-1024x768.jpg\" \/><\/a>\n\t\t\t<\/span><\/li><li class='gallery-item'><span class='gallery-icon landscape'>\n\t\t\t\t<a href=\"https:\/\/www.tribunj.biz\/es_es\/accommodation\/apartment-a1-2\/\"><img loading=\"lazy\" decoding=\"async\" width=\"1434\" height=\"1080\" src=\"https:\/\/www.tribunj.biz\/wp-content\/uploads\/2018\/04\/IMG_20220523_151504-1434x1080.jpg\" class=\"attachment-villagio-thumb-small-x2 size-villagio-thumb-small-x2\" alt=\"Apartamentos Tiho y Marija - jard\u00edn\" aria-describedby=\"mphb-flexslider-gallery-7-13594\" srcset=\"https:\/\/www.tribunj.biz\/wp-content\/uploads\/2018\/04\/IMG_20220523_151504-1434x1080.jpg 1434w, https:\/\/www.tribunj.biz\/wp-content\/uploads\/2018\/04\/IMG_20220523_151504-300x225.jpg 300w, https:\/\/www.tribunj.biz\/wp-content\/uploads\/2018\/04\/IMG_20220523_151504-16x12.jpg 16w, https:\/\/www.tribunj.biz\/wp-content\/uploads\/2018\/04\/IMG_20220523_151504-717x540.jpg 717w\" sizes=\"auto, (max-width: 1434px) 100vw, 1434px\" data-attachment-id=\"13594\" data-permalink=\"https:\/\/www.tribunj.biz\/es_es\/accommodation\/apartment-a4-4\/img_20220523_151504\/\" data-orig-file=\"https:\/\/www.tribunj.biz\/wp-content\/uploads\/2018\/04\/IMG_20220523_151504-scaled.jpg\" data-orig-size=\"2560,1920\" data-comments-opened=\"1\" data-image-meta=\"{&quot;aperture&quot;:&quot;1.8&quot;,&quot;credit&quot;:&quot;&quot;,&quot;camera&quot;:&quot;STK-LX1&quot;,&quot;caption&quot;:&quot;&quot;,&quot;created_timestamp&quot;:&quot;1653318906&quot;,&quot;copyright&quot;:&quot;&quot;,&quot;focal_length&quot;:&quot;3.96&quot;,&quot;iso&quot;:&quot;50&quot;,&quot;shutter_speed&quot;:&quot;0.002283&quot;,&quot;title&quot;:&quot;&quot;,&quot;orientation&quot;:&quot;1&quot;}\" data-image-title=\"IMG_20220523_151504\" data-image-description=\"&lt;p&gt;Apartments Tiho &amp;#038; Marija &amp;#8211; garden&lt;\/p&gt;\" data-image-caption=\"&lt;p&gt;Apartments Tiho &amp;#038; Marija &amp;#8211; garden&lt;\/p&gt;\" data-large-file=\"https:\/\/www.tribunj.biz\/wp-content\/uploads\/2018\/04\/IMG_20220523_151504-1024x768.jpg\" \/><\/a>\n\t\t\t<\/span><\/li><li class='gallery-item'><span class='gallery-icon landscape'>\n\t\t\t\t<a href=\"https:\/\/www.tribunj.biz\/es_es\/accommodation\/apartment-a1-2\/\"><img loading=\"lazy\" decoding=\"async\" width=\"1434\" height=\"1080\" src=\"https:\/\/www.tribunj.biz\/wp-content\/uploads\/2018\/04\/IMG_20220523_151401-1434x1080.jpg\" class=\"attachment-villagio-thumb-small-x2 size-villagio-thumb-small-x2\" alt=\"Apartamentos Tiho y Marija - jard\u00edn\" aria-describedby=\"mphb-flexslider-gallery-7-13593\" srcset=\"https:\/\/www.tribunj.biz\/wp-content\/uploads\/2018\/04\/IMG_20220523_151401-1434x1080.jpg 1434w, https:\/\/www.tribunj.biz\/wp-content\/uploads\/2018\/04\/IMG_20220523_151401-300x225.jpg 300w, https:\/\/www.tribunj.biz\/wp-content\/uploads\/2018\/04\/IMG_20220523_151401-16x12.jpg 16w, https:\/\/www.tribunj.biz\/wp-content\/uploads\/2018\/04\/IMG_20220523_151401-717x540.jpg 717w\" sizes=\"auto, (max-width: 1434px) 100vw, 1434px\" data-attachment-id=\"13593\" data-permalink=\"https:\/\/www.tribunj.biz\/es_es\/accommodation\/apartment-a4-4\/img_20220523_151401\/\" data-orig-file=\"https:\/\/www.tribunj.biz\/wp-content\/uploads\/2018\/04\/IMG_20220523_151401-scaled.jpg\" data-orig-size=\"2560,1920\" data-comments-opened=\"1\" data-image-meta=\"{&quot;aperture&quot;:&quot;1.8&quot;,&quot;credit&quot;:&quot;&quot;,&quot;camera&quot;:&quot;STK-LX1&quot;,&quot;caption&quot;:&quot;&quot;,&quot;created_timestamp&quot;:&quot;1653318841&quot;,&quot;copyright&quot;:&quot;&quot;,&quot;focal_length&quot;:&quot;3.96&quot;,&quot;iso&quot;:&quot;50&quot;,&quot;shutter_speed&quot;:&quot;0.000799&quot;,&quot;title&quot;:&quot;&quot;,&quot;orientation&quot;:&quot;1&quot;}\" data-image-title=\"IMG_20220523_151401\" data-image-description=\"&lt;p&gt;Apartments Tiho &amp;#038; Marija &amp;#8211; garden&lt;\/p&gt;\" data-image-caption=\"&lt;p&gt;Apartments Tiho &amp;#038; Marija &amp;#8211; garden&lt;\/p&gt;\" data-large-file=\"https:\/\/www.tribunj.biz\/wp-content\/uploads\/2018\/04\/IMG_20220523_151401-1024x768.jpg\" \/><\/a>\n\t\t\t<\/span><\/li><li class='gallery-item'><span class='gallery-icon landscape'>\n\t\t\t\t<a href=\"https:\/\/www.tribunj.biz\/es_es\/accommodation\/apartment-a1-2\/\"><img loading=\"lazy\" decoding=\"async\" width=\"1434\" height=\"1080\" src=\"https:\/\/www.tribunj.biz\/wp-content\/uploads\/2018\/04\/IMG_20220523_151133-1434x1080.jpg\" class=\"attachment-villagio-thumb-small-x2 size-villagio-thumb-small-x2\" alt=\"Apartamentos Tiho &amp; Marija - aparcamiento, jard\u00edn\" aria-describedby=\"mphb-flexslider-gallery-7-13592\" srcset=\"https:\/\/www.tribunj.biz\/wp-content\/uploads\/2018\/04\/IMG_20220523_151133-1434x1080.jpg 1434w, https:\/\/www.tribunj.biz\/wp-content\/uploads\/2018\/04\/IMG_20220523_151133-300x225.jpg 300w, https:\/\/www.tribunj.biz\/wp-content\/uploads\/2018\/04\/IMG_20220523_151133-16x12.jpg 16w, https:\/\/www.tribunj.biz\/wp-content\/uploads\/2018\/04\/IMG_20220523_151133-717x540.jpg 717w\" sizes=\"auto, (max-width: 1434px) 100vw, 1434px\" data-attachment-id=\"13592\" data-permalink=\"https:\/\/www.tribunj.biz\/es_es\/accommodation\/apartment-a4-4\/img_20220523_151133\/\" data-orig-file=\"https:\/\/www.tribunj.biz\/wp-content\/uploads\/2018\/04\/IMG_20220523_151133-scaled.jpg\" data-orig-size=\"2560,1920\" data-comments-opened=\"1\" data-image-meta=\"{&quot;aperture&quot;:&quot;1.8&quot;,&quot;credit&quot;:&quot;&quot;,&quot;camera&quot;:&quot;STK-LX1&quot;,&quot;caption&quot;:&quot;&quot;,&quot;created_timestamp&quot;:&quot;1653318693&quot;,&quot;copyright&quot;:&quot;&quot;,&quot;focal_length&quot;:&quot;3.96&quot;,&quot;iso&quot;:&quot;50&quot;,&quot;shutter_speed&quot;:&quot;0.000471&quot;,&quot;title&quot;:&quot;&quot;,&quot;orientation&quot;:&quot;1&quot;}\" data-image-title=\"IMG_20220523_151133\" data-image-description=\"&lt;p&gt;Apartments Tiho &amp;#038; Marija &amp;#8211; parking, garden&lt;\/p&gt;\" data-image-caption=\"&lt;p&gt;Apartments Tiho &amp;#038; Marija &amp;#8211; parking, garden&lt;\/p&gt;\" data-large-file=\"https:\/\/www.tribunj.biz\/wp-content\/uploads\/2018\/04\/IMG_20220523_151133-1024x768.jpg\" \/><\/a>\n\t\t\t<\/span><\/li><li class='gallery-item'><span class='gallery-icon landscape'>\n\t\t\t\t<a href=\"https:\/\/www.tribunj.biz\/es_es\/accommodation\/apartment-a1-2\/\"><img loading=\"lazy\" decoding=\"async\" width=\"1434\" height=\"1080\" src=\"https:\/\/www.tribunj.biz\/wp-content\/uploads\/2018\/04\/IMG_20220523_150213-1434x1080.jpg\" class=\"attachment-villagio-thumb-small-x2 size-villagio-thumb-small-x2\" alt=\"Apartamentos Tiho y Marija - casa\" aria-describedby=\"mphb-flexslider-gallery-7-13588\" srcset=\"https:\/\/www.tribunj.biz\/wp-content\/uploads\/2018\/04\/IMG_20220523_150213-1434x1080.jpg 1434w, https:\/\/www.tribunj.biz\/wp-content\/uploads\/2018\/04\/IMG_20220523_150213-300x225.jpg 300w, https:\/\/www.tribunj.biz\/wp-content\/uploads\/2018\/04\/IMG_20220523_150213-16x12.jpg 16w, https:\/\/www.tribunj.biz\/wp-content\/uploads\/2018\/04\/IMG_20220523_150213-717x540.jpg 717w\" sizes=\"auto, (max-width: 1434px) 100vw, 1434px\" data-attachment-id=\"13588\" data-permalink=\"https:\/\/www.tribunj.biz\/es_es\/accommodation\/apartment-a4-4\/img_20220523_150213\/\" data-orig-file=\"https:\/\/www.tribunj.biz\/wp-content\/uploads\/2018\/04\/IMG_20220523_150213-scaled.jpg\" data-orig-size=\"2560,1920\" data-comments-opened=\"1\" data-image-meta=\"{&quot;aperture&quot;:&quot;1.8&quot;,&quot;credit&quot;:&quot;&quot;,&quot;camera&quot;:&quot;STK-LX1&quot;,&quot;caption&quot;:&quot;&quot;,&quot;created_timestamp&quot;:&quot;1653318134&quot;,&quot;copyright&quot;:&quot;&quot;,&quot;focal_length&quot;:&quot;3.96&quot;,&quot;iso&quot;:&quot;50&quot;,&quot;shutter_speed&quot;:&quot;0.000495&quot;,&quot;title&quot;:&quot;&quot;,&quot;orientation&quot;:&quot;1&quot;}\" data-image-title=\"IMG_20220523_150213\" data-image-description=\"&lt;p&gt;Apartments Tiho &amp;#038; Marija &amp;#8211; house&lt;\/p&gt;\" data-image-caption=\"&lt;p&gt;Apartments Tiho &amp;#038; Marija &amp;#8211; house&lt;\/p&gt;\" data-large-file=\"https:\/\/www.tribunj.biz\/wp-content\/uploads\/2018\/04\/IMG_20220523_150213-1024x768.jpg\" \/><\/a>\n\t\t\t<\/span><\/li><li class='gallery-item'><span class='gallery-icon landscape'>\n\t\t\t\t<a href=\"https:\/\/www.tribunj.biz\/es_es\/accommodation\/apartment-a1-2\/\"><img loading=\"lazy\" decoding=\"async\" width=\"1434\" height=\"1080\" src=\"https:\/\/www.tribunj.biz\/wp-content\/uploads\/2018\/04\/IMG_20220523_150240-1434x1080.jpg\" class=\"attachment-villagio-thumb-small-x2 size-villagio-thumb-small-x2\" alt=\"Apartamentos Tiho y Marija - casa\" aria-describedby=\"mphb-flexslider-gallery-7-13589\" srcset=\"https:\/\/www.tribunj.biz\/wp-content\/uploads\/2018\/04\/IMG_20220523_150240-1434x1080.jpg 1434w, https:\/\/www.tribunj.biz\/wp-content\/uploads\/2018\/04\/IMG_20220523_150240-300x225.jpg 300w, https:\/\/www.tribunj.biz\/wp-content\/uploads\/2018\/04\/IMG_20220523_150240-16x12.jpg 16w, https:\/\/www.tribunj.biz\/wp-content\/uploads\/2018\/04\/IMG_20220523_150240-717x540.jpg 717w\" sizes=\"auto, (max-width: 1434px) 100vw, 1434px\" data-attachment-id=\"13589\" data-permalink=\"https:\/\/www.tribunj.biz\/es_es\/accommodation\/apartment-a4-4\/img_20220523_150240\/\" data-orig-file=\"https:\/\/www.tribunj.biz\/wp-content\/uploads\/2018\/04\/IMG_20220523_150240-scaled.jpg\" data-orig-size=\"2560,1920\" data-comments-opened=\"1\" data-image-meta=\"{&quot;aperture&quot;:&quot;1.8&quot;,&quot;credit&quot;:&quot;&quot;,&quot;camera&quot;:&quot;STK-LX1&quot;,&quot;caption&quot;:&quot;&quot;,&quot;created_timestamp&quot;:&quot;1653318161&quot;,&quot;copyright&quot;:&quot;&quot;,&quot;focal_length&quot;:&quot;3.96&quot;,&quot;iso&quot;:&quot;50&quot;,&quot;shutter_speed&quot;:&quot;0.000459&quot;,&quot;title&quot;:&quot;&quot;,&quot;orientation&quot;:&quot;1&quot;}\" data-image-title=\"IMG_20220523_150240\" data-image-description=\"&lt;p&gt;Apartments Tiho &amp;#038; Marija &amp;#8211; house&lt;\/p&gt;\" data-image-caption=\"&lt;p&gt;Apartments Tiho &amp;#038; Marija &amp;#8211; house&lt;\/p&gt;\" data-large-file=\"https:\/\/www.tribunj.biz\/wp-content\/uploads\/2018\/04\/IMG_20220523_150240-1024x768.jpg\" \/><\/a>\n\t\t\t<\/span><\/li><li class='gallery-item'><span class='gallery-icon landscape'>\n\t\t\t\t<a href=\"https:\/\/www.tribunj.biz\/es_es\/accommodation\/apartment-a1-2\/\"><img loading=\"lazy\" decoding=\"async\" width=\"1434\" height=\"1080\" src=\"https:\/\/www.tribunj.biz\/wp-content\/uploads\/2018\/04\/IMG_0916-1-1434x1080.jpg\" class=\"attachment-villagio-thumb-small-x2 size-villagio-thumb-small-x2\" alt=\"Apartamentos Tiho &amp; Marija - zona de barbacoa compartida\" aria-describedby=\"mphb-flexslider-gallery-7-13584\" srcset=\"https:\/\/www.tribunj.biz\/wp-content\/uploads\/2018\/04\/IMG_0916-1-1434x1080.jpg 1434w, https:\/\/www.tribunj.biz\/wp-content\/uploads\/2018\/04\/IMG_0916-1-300x225.jpg 300w, https:\/\/www.tribunj.biz\/wp-content\/uploads\/2018\/04\/IMG_0916-1-16x12.jpg 16w, https:\/\/www.tribunj.biz\/wp-content\/uploads\/2018\/04\/IMG_0916-1-717x540.jpg 717w\" sizes=\"auto, (max-width: 1434px) 100vw, 1434px\" data-attachment-id=\"13584\" data-permalink=\"https:\/\/www.tribunj.biz\/es_es\/accommodation\/apartment-a4-4\/img_0916-2\/\" data-orig-file=\"https:\/\/www.tribunj.biz\/wp-content\/uploads\/2018\/04\/IMG_0916-1-scaled.jpg\" data-orig-size=\"2560,1920\" data-comments-opened=\"1\" data-image-meta=\"{&quot;aperture&quot;:&quot;3&quot;,&quot;credit&quot;:&quot;&quot;,&quot;camera&quot;:&quot;Canon PowerShot A470&quot;,&quot;caption&quot;:&quot;&quot;,&quot;created_timestamp&quot;:&quot;1374332956&quot;,&quot;copyright&quot;:&quot;&quot;,&quot;focal_length&quot;:&quot;6.3&quot;,&quot;iso&quot;:&quot;80&quot;,&quot;shutter_speed&quot;:&quot;0.004&quot;,&quot;title&quot;:&quot;&quot;,&quot;orientation&quot;:&quot;1&quot;}\" data-image-title=\"IMG_0916\" data-image-description=\"&lt;p&gt;Apartments Tiho &amp;#038; Marija &amp;#8211; shared barbecue area&lt;\/p&gt;\" data-image-caption=\"&lt;p&gt;Apartments Tiho &amp;#038; Marija &amp;#8211; shared barbecue area&lt;\/p&gt;\" data-large-file=\"https:\/\/www.tribunj.biz\/wp-content\/uploads\/2018\/04\/IMG_0916-1-1024x768.jpg\" \/><\/a>\n\t\t\t<\/span><\/li><li class='gallery-item'><span class='gallery-icon landscape'>\n\t\t\t\t<a href=\"https:\/\/www.tribunj.biz\/es_es\/accommodation\/apartment-a1-2\/\"><img loading=\"lazy\" decoding=\"async\" width=\"1434\" height=\"1080\" src=\"https:\/\/www.tribunj.biz\/wp-content\/uploads\/2018\/04\/IMG_0910-1-1434x1080.jpg\" class=\"attachment-villagio-thumb-small-x2 size-villagio-thumb-small-x2\" alt=\"Apartamentos Tiho &amp; Marija - zona de barbacoa compartida\" aria-describedby=\"mphb-flexslider-gallery-7-13583\" srcset=\"https:\/\/www.tribunj.biz\/wp-content\/uploads\/2018\/04\/IMG_0910-1-1434x1080.jpg 1434w, https:\/\/www.tribunj.biz\/wp-content\/uploads\/2018\/04\/IMG_0910-1-300x225.jpg 300w, https:\/\/www.tribunj.biz\/wp-content\/uploads\/2018\/04\/IMG_0910-1-16x12.jpg 16w, https:\/\/www.tribunj.biz\/wp-content\/uploads\/2018\/04\/IMG_0910-1-717x540.jpg 717w\" sizes=\"auto, (max-width: 1434px) 100vw, 1434px\" data-attachment-id=\"13583\" data-permalink=\"https:\/\/www.tribunj.biz\/es_es\/accommodation\/apartment-a4-4\/img_0910-2\/\" data-orig-file=\"https:\/\/www.tribunj.biz\/wp-content\/uploads\/2018\/04\/IMG_0910-1-scaled.jpg\" data-orig-size=\"2560,1920\" data-comments-opened=\"1\" data-image-meta=\"{&quot;aperture&quot;:&quot;3&quot;,&quot;credit&quot;:&quot;&quot;,&quot;camera&quot;:&quot;Canon PowerShot A470&quot;,&quot;caption&quot;:&quot;&quot;,&quot;created_timestamp&quot;:&quot;1374332901&quot;,&quot;copyright&quot;:&quot;&quot;,&quot;focal_length&quot;:&quot;6.3&quot;,&quot;iso&quot;:&quot;80&quot;,&quot;shutter_speed&quot;:&quot;0.002&quot;,&quot;title&quot;:&quot;&quot;,&quot;orientation&quot;:&quot;1&quot;}\" data-image-title=\"IMG_0910\" data-image-description=\"&lt;p&gt;Apartments Tiho &amp;#038; Marija &amp;#8211; shared barbecue area&lt;\/p&gt;\" data-image-caption=\"&lt;p&gt;Apartments Tiho &amp;#038; Marija &amp;#8211; shared barbecue area&lt;\/p&gt;\" data-large-file=\"https:\/\/www.tribunj.biz\/wp-content\/uploads\/2018\/04\/IMG_0910-1-1024x768.jpg\" \/><\/a>\n\t\t\t<\/span><\/li><li class='gallery-item'><span class='gallery-icon landscape'>\n\t\t\t\t<a href=\"https:\/\/www.tribunj.biz\/es_es\/accommodation\/apartment-a1-2\/\"><img loading=\"lazy\" decoding=\"async\" width=\"1280\" height=\"960\" src=\"https:\/\/www.tribunj.biz\/wp-content\/uploads\/2018\/04\/hodnik.jpg\" class=\"attachment-villagio-thumb-small-x2 size-villagio-thumb-small-x2\" alt=\"Apartamentos Tiho y Marija - escaleras\" aria-describedby=\"mphb-flexslider-gallery-7-13582\" srcset=\"https:\/\/www.tribunj.biz\/wp-content\/uploads\/2018\/04\/hodnik.jpg 1280w, https:\/\/www.tribunj.biz\/wp-content\/uploads\/2018\/04\/hodnik-300x225.jpg 300w, https:\/\/www.tribunj.biz\/wp-content\/uploads\/2018\/04\/hodnik-1024x768.jpg 1024w, https:\/\/www.tribunj.biz\/wp-content\/uploads\/2018\/04\/hodnik-768x576.jpg 768w, https:\/\/www.tribunj.biz\/wp-content\/uploads\/2018\/04\/hodnik-16x12.jpg 16w, https:\/\/www.tribunj.biz\/wp-content\/uploads\/2018\/04\/hodnik-824x618.jpg 824w\" sizes=\"auto, (max-width: 1280px) 100vw, 1280px\" data-attachment-id=\"13582\" data-permalink=\"https:\/\/www.tribunj.biz\/es_es\/accommodation\/apartment-a4-4\/hodnik\/\" data-orig-file=\"https:\/\/www.tribunj.biz\/wp-content\/uploads\/2018\/04\/hodnik.jpg\" data-orig-size=\"1280,960\" data-comments-opened=\"1\" data-image-meta=\"{&quot;aperture&quot;:&quot;2.8&quot;,&quot;credit&quot;:&quot;&quot;,&quot;camera&quot;:&quot;DSC-W5&quot;,&quot;caption&quot;:&quot;&quot;,&quot;created_timestamp&quot;:&quot;1114365765&quot;,&quot;copyright&quot;:&quot;&quot;,&quot;focal_length&quot;:&quot;7.9&quot;,&quot;iso&quot;:&quot;125&quot;,&quot;shutter_speed&quot;:&quot;0.025&quot;,&quot;title&quot;:&quot;&quot;,&quot;orientation&quot;:&quot;1&quot;}\" data-image-title=\"Apartments Tiho &amp;#038; Marija &amp;#8211; stairs\" data-image-description=\"&lt;p&gt;Apartments Tiho &amp;#038; Marija &amp;#8211; stairs&lt;\/p&gt;\" data-image-caption=\"&lt;p&gt;Apartments Tiho &amp;#038; Marija &amp;#8211; stairs&lt;\/p&gt;\" data-large-file=\"https:\/\/www.tribunj.biz\/wp-content\/uploads\/2018\/04\/hodnik-1024x768.jpg\" \/><\/a>\n\t\t\t<\/span><\/li><\/ul>\n\t\t<\/div>\n<span class=\"mphb_room_type_categories_header_wrapper\"><a href=\"https:\/\/www.tribunj.biz\/es_es\/accommodation-category\/category-accommodation-tribunj\/\" rel=\"tag\">Alojamiento Tribunj<\/a> <a href=\"https:\/\/www.tribunj.biz\/es_es\/accommodation-category\/category-accommodation-tribunj\/one-bedroom-tribunj\/\" rel=\"tag\">Apartamento de un dormitorio<\/a><\/span><\/span><!-- .mphb_room_type_featured_image_wrapper --><div id='mphb-flexslider-gallery-8' class='gallery-columns-4 gallery-size-thumbnail mphb-gallery-thumbnail-slider mphb-flexslider-gallery-wrapper mphb-room-type-gallery-wrapper mphb-gallery-thumbnail-slider-69f47f8407303' data-flexslider-atts='{\"animation\":\"slide\",\"controlNav\":false,\"animationLoop\":true,\"slideshow\":false,\"itemMargin\":5}' data-group='69f47f8407303'><ul class=\"slides\"><li class='gallery-item'><span class='gallery-icon landscape'>\n\t\t\t\t<a href='https:\/\/www.tribunj.biz\/es_es\/accommodation\/apartment-a1-2\/20180604_150455\/'><img loading=\"lazy\" decoding=\"async\" width=\"150\" height=\"150\" src=\"https:\/\/www.tribunj.biz\/wp-content\/uploads\/2018\/04\/20180604_150455-150x150.jpg\" class=\"attachment-thumbnail size-thumbnail\" alt=\"Apartamento A1 (Tiho y Marija) - dormitorio\" aria-describedby=\"mphb-flexslider-gallery-8-13647\" data-attachment-id=\"13647\" data-permalink=\"https:\/\/www.tribunj.biz\/es_es\/accommodation\/apartment-a1-2\/20180604_150455\/\" data-orig-file=\"https:\/\/www.tribunj.biz\/wp-content\/uploads\/2018\/04\/20180604_150455-scaled.jpg\" data-orig-size=\"2560,1920\" data-comments-opened=\"1\" data-image-meta=\"{&quot;aperture&quot;:&quot;1.9&quot;,&quot;credit&quot;:&quot;&quot;,&quot;camera&quot;:&quot;SM-J330F&quot;,&quot;caption&quot;:&quot;&quot;,&quot;created_timestamp&quot;:&quot;1528124695&quot;,&quot;copyright&quot;:&quot;&quot;,&quot;focal_length&quot;:&quot;3.6&quot;,&quot;iso&quot;:&quot;40&quot;,&quot;shutter_speed&quot;:&quot;0.0016722408026756&quot;,&quot;title&quot;:&quot;&quot;,&quot;orientation&quot;:&quot;1&quot;}\" data-image-title=\"20180604_150455\" data-image-description=\"&lt;p&gt;Apartment A1 (Tiho &amp;#038; Marija) &amp;#8211; bedroom&lt;\/p&gt;\" data-image-caption=\"&lt;p&gt;Apartment A1 (Tiho &amp;#038; Marija) &amp;#8211; bedroom&lt;\/p&gt;\" data-large-file=\"https:\/\/www.tribunj.biz\/wp-content\/uploads\/2018\/04\/20180604_150455-1024x768.jpg\" \/><\/a>\n\t\t\t<\/span><\/li><li class='gallery-item'><span class='gallery-icon landscape'>\n\t\t\t\t<a href='https:\/\/www.tribunj.biz\/es_es\/accommodation\/apartment-a1-2\/2015-07-23-12-35-36\/'><img loading=\"lazy\" decoding=\"async\" width=\"150\" height=\"150\" src=\"https:\/\/www.tribunj.biz\/wp-content\/uploads\/2018\/04\/2015-07-23-12.35.36-150x150.jpg\" class=\"attachment-thumbnail size-thumbnail\" alt=\"Apartamento A1 (Tiho y Marija) - vista\" aria-describedby=\"mphb-flexslider-gallery-8-13644\" data-attachment-id=\"13644\" data-permalink=\"https:\/\/www.tribunj.biz\/es_es\/accommodation\/apartment-a1-2\/2015-07-23-12-35-36\/\" data-orig-file=\"https:\/\/www.tribunj.biz\/wp-content\/uploads\/2018\/04\/2015-07-23-12.35.36-scaled.jpg\" data-orig-size=\"2560,1920\" data-comments-opened=\"1\" data-image-meta=\"{&quot;aperture&quot;:&quot;0&quot;,&quot;credit&quot;:&quot;&quot;,&quot;camera&quot;:&quot;&quot;,&quot;caption&quot;:&quot;&quot;,&quot;created_timestamp&quot;:&quot;0&quot;,&quot;copyright&quot;:&quot;&quot;,&quot;focal_length&quot;:&quot;0&quot;,&quot;iso&quot;:&quot;0&quot;,&quot;shutter_speed&quot;:&quot;0&quot;,&quot;title&quot;:&quot;&quot;,&quot;orientation&quot;:&quot;1&quot;}\" data-image-title=\"2015-07-23-12.35.36\" data-image-description=\"&lt;p&gt;Apartment A1 (Tiho &amp;#038; Marija) &amp;#8211; view&lt;\/p&gt;\" data-image-caption=\"&lt;p&gt;Apartment A1 (Tiho &amp;#038; Marija) &amp;#8211; view&lt;\/p&gt;\" data-large-file=\"https:\/\/www.tribunj.biz\/wp-content\/uploads\/2018\/04\/2015-07-23-12.35.36-1024x768.jpg\" \/><\/a>\n\t\t\t<\/span><\/li><li class='gallery-item'><span class='gallery-icon landscape'>\n\t\t\t\t<a href='https:\/\/www.tribunj.biz\/es_es\/accommodation\/apartment-a1-2\/20180604_1505070\/'><img loading=\"lazy\" decoding=\"async\" width=\"150\" height=\"150\" src=\"https:\/\/www.tribunj.biz\/wp-content\/uploads\/2018\/04\/20180604_1505070-150x150.jpg\" class=\"attachment-thumbnail size-thumbnail\" alt=\"Apartamento A1 (Tiho y Marija) - vista al balc\u00f3n\" aria-describedby=\"mphb-flexslider-gallery-8-13648\" data-attachment-id=\"13648\" data-permalink=\"https:\/\/www.tribunj.biz\/es_es\/accommodation\/apartment-a1-2\/20180604_1505070\/\" data-orig-file=\"https:\/\/www.tribunj.biz\/wp-content\/uploads\/2018\/04\/20180604_1505070-scaled.jpg\" data-orig-size=\"2560,1920\" data-comments-opened=\"1\" data-image-meta=\"{&quot;aperture&quot;:&quot;1.9&quot;,&quot;credit&quot;:&quot;&quot;,&quot;camera&quot;:&quot;SM-J330F&quot;,&quot;caption&quot;:&quot;&quot;,&quot;created_timestamp&quot;:&quot;1528124707&quot;,&quot;copyright&quot;:&quot;&quot;,&quot;focal_length&quot;:&quot;3.6&quot;,&quot;iso&quot;:&quot;40&quot;,&quot;shutter_speed&quot;:&quot;0.0004269854824936&quot;,&quot;title&quot;:&quot;&quot;,&quot;orientation&quot;:&quot;1&quot;}\" data-image-title=\"20180604_150507(0)\" data-image-description=\"&lt;p&gt;Apartment A1 (Tiho &amp;#038; Marija) &amp;#8211; balcony view&lt;\/p&gt;\" data-image-caption=\"&lt;p&gt;Apartment A1 (Tiho &amp;#038; Marija) &amp;#8211; balcony view&lt;\/p&gt;\" data-large-file=\"https:\/\/www.tribunj.biz\/wp-content\/uploads\/2018\/04\/20180604_1505070-1024x768.jpg\" \/><\/a>\n\t\t\t<\/span><\/li><li class='gallery-item'><span class='gallery-icon landscape'>\n\t\t\t\t<a href='https:\/\/www.tribunj.biz\/es_es\/accommodation\/apartment-a1-2\/2017-12-21-10-46-23\/'><img loading=\"lazy\" decoding=\"async\" width=\"150\" height=\"150\" src=\"https:\/\/www.tribunj.biz\/wp-content\/uploads\/2018\/04\/2017-12-21-10.46.23-150x150.jpg\" class=\"attachment-thumbnail size-thumbnail\" alt=\"Apartamento A1 (Tiho y Marija) - dormitorio\" aria-describedby=\"mphb-flexslider-gallery-8-13646\" data-attachment-id=\"13646\" data-permalink=\"https:\/\/www.tribunj.biz\/es_es\/accommodation\/apartment-a1-2\/2017-12-21-10-46-23\/\" data-orig-file=\"https:\/\/www.tribunj.biz\/wp-content\/uploads\/2018\/04\/2017-12-21-10.46.23-scaled.jpg\" data-orig-size=\"2560,1920\" data-comments-opened=\"1\" data-image-meta=\"{&quot;aperture&quot;:&quot;0&quot;,&quot;credit&quot;:&quot;&quot;,&quot;camera&quot;:&quot;&quot;,&quot;caption&quot;:&quot;&quot;,&quot;created_timestamp&quot;:&quot;0&quot;,&quot;copyright&quot;:&quot;&quot;,&quot;focal_length&quot;:&quot;0&quot;,&quot;iso&quot;:&quot;0&quot;,&quot;shutter_speed&quot;:&quot;0&quot;,&quot;title&quot;:&quot;&quot;,&quot;orientation&quot;:&quot;1&quot;}\" data-image-title=\"2017-12-21-10.46.23\" data-image-description=\"&lt;p&gt;Apartment A1 (Tiho &amp;#038; Marija) &amp;#8211; bedroom&lt;\/p&gt;\" data-image-caption=\"&lt;p&gt;Apartment A1 (Tiho &amp;#038; Marija) &amp;#8211; bedroom&lt;\/p&gt;\" data-large-file=\"https:\/\/www.tribunj.biz\/wp-content\/uploads\/2018\/04\/2017-12-21-10.46.23-1024x768.jpg\" \/><\/a>\n\t\t\t<\/span><\/li><li class='gallery-item'><span class='gallery-icon landscape'>\n\t\t\t\t<a href='https:\/\/www.tribunj.biz\/es_es\/accommodation\/apartment-a1-2\/2017-12-21-09-58-54-2\/'><img loading=\"lazy\" decoding=\"async\" width=\"150\" height=\"150\" src=\"https:\/\/www.tribunj.biz\/wp-content\/uploads\/2018\/04\/2017-12-21-09.58.54-1-150x150.jpg\" class=\"attachment-thumbnail size-thumbnail\" alt=\"Apartamento A1 (Tiho y Marija) - dormitorio\" aria-describedby=\"mphb-flexslider-gallery-8-13645\" data-attachment-id=\"13645\" data-permalink=\"https:\/\/www.tribunj.biz\/es_es\/accommodation\/apartment-a1-2\/2017-12-21-09-58-54-2\/\" data-orig-file=\"https:\/\/www.tribunj.biz\/wp-content\/uploads\/2018\/04\/2017-12-21-09.58.54-1-scaled.jpg\" data-orig-size=\"2560,1920\" data-comments-opened=\"1\" data-image-meta=\"{&quot;aperture&quot;:&quot;0&quot;,&quot;credit&quot;:&quot;&quot;,&quot;camera&quot;:&quot;&quot;,&quot;caption&quot;:&quot;&quot;,&quot;created_timestamp&quot;:&quot;0&quot;,&quot;copyright&quot;:&quot;&quot;,&quot;focal_length&quot;:&quot;0&quot;,&quot;iso&quot;:&quot;0&quot;,&quot;shutter_speed&quot;:&quot;0&quot;,&quot;title&quot;:&quot;&quot;,&quot;orientation&quot;:&quot;1&quot;}\" data-image-title=\"2017-12-21-09.58.54\" data-image-description=\"&lt;p&gt;Apartment A1 (Tiho &amp;#038; Marija) &amp;#8211; bedroom&lt;\/p&gt;\" data-image-caption=\"&lt;p&gt;Apartment A1 (Tiho &amp;#038; Marija) &amp;#8211; bedroom&lt;\/p&gt;\" data-large-file=\"https:\/\/www.tribunj.biz\/wp-content\/uploads\/2018\/04\/2017-12-21-09.58.54-1-1024x768.jpg\" \/><\/a>\n\t\t\t<\/span><\/li><li class='gallery-item'><span class='gallery-icon landscape'>\n\t\t\t\t<a href='https:\/\/www.tribunj.biz\/es_es\/accommodation\/apartment-a1-2\/20180604_150642\/'><img loading=\"lazy\" decoding=\"async\" width=\"150\" height=\"150\" src=\"https:\/\/www.tribunj.biz\/wp-content\/uploads\/2018\/04\/20180604_150642-150x150.jpg\" class=\"attachment-thumbnail size-thumbnail\" alt=\"Apartamento A1 (Tiho y Marija) - dormitorio\" aria-describedby=\"mphb-flexslider-gallery-8-13649\" data-attachment-id=\"13649\" data-permalink=\"https:\/\/www.tribunj.biz\/es_es\/accommodation\/apartment-a1-2\/20180604_150642\/\" data-orig-file=\"https:\/\/www.tribunj.biz\/wp-content\/uploads\/2018\/04\/20180604_150642-scaled.jpg\" data-orig-size=\"2560,1920\" data-comments-opened=\"1\" data-image-meta=\"{&quot;aperture&quot;:&quot;1.9&quot;,&quot;credit&quot;:&quot;&quot;,&quot;camera&quot;:&quot;SM-J330F&quot;,&quot;caption&quot;:&quot;&quot;,&quot;created_timestamp&quot;:&quot;1528124802&quot;,&quot;copyright&quot;:&quot;&quot;,&quot;focal_length&quot;:&quot;3.6&quot;,&quot;iso&quot;:&quot;64&quot;,&quot;shutter_speed&quot;:&quot;0.01&quot;,&quot;title&quot;:&quot;&quot;,&quot;orientation&quot;:&quot;1&quot;}\" data-image-title=\"20180604_150642\" data-image-description=\"&lt;p&gt;Apartment A1 (Tiho &amp;#038; Marija) &amp;#8211; bedroom&lt;\/p&gt;\" data-image-caption=\"&lt;p&gt;Apartment A1 (Tiho &amp;#038; Marija) &amp;#8211; bedroom&lt;\/p&gt;\" data-large-file=\"https:\/\/www.tribunj.biz\/wp-content\/uploads\/2018\/04\/20180604_150642-1024x768.jpg\" \/><\/a>\n\t\t\t<\/span><\/li><li class='gallery-item'><span class='gallery-icon portrait'>\n\t\t\t\t<a href='https:\/\/www.tribunj.biz\/es_es\/accommodation\/apartment-a1-2\/20180604_150808\/'><img loading=\"lazy\" decoding=\"async\" width=\"150\" height=\"150\" src=\"https:\/\/www.tribunj.biz\/wp-content\/uploads\/2018\/04\/20180604_150808-150x150.jpg\" class=\"attachment-thumbnail size-thumbnail\" alt=\"Apartamento A1 (Tiho y Marija) - mesa de comedor\" aria-describedby=\"mphb-flexslider-gallery-8-13650\" data-attachment-id=\"13650\" data-permalink=\"https:\/\/www.tribunj.biz\/es_es\/accommodation\/apartment-a1-2\/20180604_150808\/\" data-orig-file=\"https:\/\/www.tribunj.biz\/wp-content\/uploads\/2018\/04\/20180604_150808-scaled.jpg\" data-orig-size=\"1920,2560\" data-comments-opened=\"1\" data-image-meta=\"{&quot;aperture&quot;:&quot;1.9&quot;,&quot;credit&quot;:&quot;&quot;,&quot;camera&quot;:&quot;SM-J330F&quot;,&quot;caption&quot;:&quot;&quot;,&quot;created_timestamp&quot;:&quot;1528124887&quot;,&quot;copyright&quot;:&quot;&quot;,&quot;focal_length&quot;:&quot;3.6&quot;,&quot;iso&quot;:&quot;80&quot;,&quot;shutter_speed&quot;:&quot;0.02&quot;,&quot;title&quot;:&quot;&quot;,&quot;orientation&quot;:&quot;1&quot;}\" data-image-title=\"20180604_150808\" data-image-description=\"&lt;p&gt;Apartment A1 (Tiho &amp;#038; Marija) &amp;#8211; dining table&lt;\/p&gt;\" data-image-caption=\"&lt;p&gt;Apartment A1 (Tiho &amp;#038; Marija) &amp;#8211; dining table&lt;\/p&gt;\" data-large-file=\"https:\/\/www.tribunj.biz\/wp-content\/uploads\/2018\/04\/20180604_150808-768x1024.jpg\" \/><\/a>\n\t\t\t<\/span><\/li><li class='gallery-item'><span class='gallery-icon landscape'>\n\t\t\t\t<a href='https:\/\/www.tribunj.biz\/es_es\/accommodation\/apartment-a1-2\/20180604_150859\/'><img loading=\"lazy\" decoding=\"async\" width=\"150\" height=\"150\" src=\"https:\/\/www.tribunj.biz\/wp-content\/uploads\/2018\/04\/20180604_150859-150x150.jpg\" class=\"attachment-thumbnail size-thumbnail\" alt=\"Apartamento A1 (Tiho y Marija) - cocina\" aria-describedby=\"mphb-flexslider-gallery-8-13651\" data-attachment-id=\"13651\" data-permalink=\"https:\/\/www.tribunj.biz\/es_es\/accommodation\/apartment-a1-2\/20180604_150859\/\" data-orig-file=\"https:\/\/www.tribunj.biz\/wp-content\/uploads\/2018\/04\/20180604_150859-scaled.jpg\" data-orig-size=\"2560,1920\" data-comments-opened=\"1\" data-image-meta=\"{&quot;aperture&quot;:&quot;1.9&quot;,&quot;credit&quot;:&quot;&quot;,&quot;camera&quot;:&quot;SM-J330F&quot;,&quot;caption&quot;:&quot;&quot;,&quot;created_timestamp&quot;:&quot;1528124939&quot;,&quot;copyright&quot;:&quot;&quot;,&quot;focal_length&quot;:&quot;3.6&quot;,&quot;iso&quot;:&quot;64&quot;,&quot;shutter_speed&quot;:&quot;0.02&quot;,&quot;title&quot;:&quot;&quot;,&quot;orientation&quot;:&quot;1&quot;}\" data-image-title=\"20180604_150859\" data-image-description=\"&lt;p&gt;Apartment A1 (Tiho &amp;#038; Marija) &amp;#8211; kitchen&lt;\/p&gt;\" data-image-caption=\"&lt;p&gt;Apartment A1 (Tiho &amp;#038; Marija) &amp;#8211; kitchen&lt;\/p&gt;\" data-large-file=\"https:\/\/www.tribunj.biz\/wp-content\/uploads\/2018\/04\/20180604_150859-1024x768.jpg\" \/><\/a>\n\t\t\t<\/span><\/li><li class='gallery-item'><span class='gallery-icon landscape'>\n\t\t\t\t<a href='https:\/\/www.tribunj.biz\/es_es\/accommodation\/apartment-a1-2\/img_0924o\/'><img loading=\"lazy\" decoding=\"async\" width=\"150\" height=\"150\" src=\"https:\/\/www.tribunj.biz\/wp-content\/uploads\/2018\/04\/IMG_0924o-150x150.jpg\" class=\"attachment-thumbnail size-thumbnail\" alt=\"Apartamento A1 (Tiho y Marija) - cocina\" aria-describedby=\"mphb-flexslider-gallery-8-13652\" data-attachment-id=\"13652\" data-permalink=\"https:\/\/www.tribunj.biz\/es_es\/accommodation\/apartment-a1-2\/img_0924o\/\" data-orig-file=\"https:\/\/www.tribunj.biz\/wp-content\/uploads\/2018\/04\/IMG_0924o-scaled.jpg\" data-orig-size=\"2560,1920\" data-comments-opened=\"1\" data-image-meta=\"{&quot;aperture&quot;:&quot;0&quot;,&quot;credit&quot;:&quot;&quot;,&quot;camera&quot;:&quot;&quot;,&quot;caption&quot;:&quot;&quot;,&quot;created_timestamp&quot;:&quot;0&quot;,&quot;copyright&quot;:&quot;&quot;,&quot;focal_length&quot;:&quot;0&quot;,&quot;iso&quot;:&quot;0&quot;,&quot;shutter_speed&quot;:&quot;0&quot;,&quot;title&quot;:&quot;&quot;,&quot;orientation&quot;:&quot;1&quot;}\" data-image-title=\"IMG_0924o\" data-image-description=\"&lt;p&gt;Apartment A1 (Tiho &amp;#038; Marija) &amp;#8211; kitchen&lt;\/p&gt;\" data-image-caption=\"&lt;p&gt;Apartment A1 (Tiho &amp;#038; Marija) &amp;#8211; kitchen&lt;\/p&gt;\" data-large-file=\"https:\/\/www.tribunj.biz\/wp-content\/uploads\/2018\/04\/IMG_0924o-1024x768.jpg\" \/><\/a>\n\t\t\t<\/span><\/li><li class='gallery-item'><span class='gallery-icon landscape'>\n\t\t\t\t<a href='https:\/\/www.tribunj.biz\/es_es\/accommodation\/apartment-a1-2\/img_20200701_124731\/'><img loading=\"lazy\" decoding=\"async\" width=\"150\" height=\"150\" src=\"https:\/\/www.tribunj.biz\/wp-content\/uploads\/2018\/04\/IMG_20200701_124731-150x150.jpg\" class=\"attachment-thumbnail size-thumbnail\" alt=\"Apartamento A1 (Tiho y Marija) - ba\u00f1o\" aria-describedby=\"mphb-flexslider-gallery-8-13653\" data-attachment-id=\"13653\" data-permalink=\"https:\/\/www.tribunj.biz\/es_es\/accommodation\/apartment-a1-2\/img_20200701_124731\/\" data-orig-file=\"https:\/\/www.tribunj.biz\/wp-content\/uploads\/2018\/04\/IMG_20200701_124731-scaled.jpg\" data-orig-size=\"2560,1920\" data-comments-opened=\"1\" data-image-meta=\"{&quot;aperture&quot;:&quot;1.8&quot;,&quot;credit&quot;:&quot;&quot;,&quot;camera&quot;:&quot;STK-LX1&quot;,&quot;caption&quot;:&quot;&quot;,&quot;created_timestamp&quot;:&quot;1593607652&quot;,&quot;copyright&quot;:&quot;&quot;,&quot;focal_length&quot;:&quot;3.96&quot;,&quot;iso&quot;:&quot;125&quot;,&quot;shutter_speed&quot;:&quot;0.03&quot;,&quot;title&quot;:&quot;&quot;,&quot;orientation&quot;:&quot;1&quot;}\" data-image-title=\"IMG_20200701_124731\" data-image-description=\"&lt;p&gt;Apartment A1 (Tiho &amp;#038; Marija) &amp;#8211; bathroom&lt;\/p&gt;\" data-image-caption=\"&lt;p&gt;Apartment A1 (Tiho &amp;#038; Marija) &amp;#8211; bathroom&lt;\/p&gt;\" data-large-file=\"https:\/\/www.tribunj.biz\/wp-content\/uploads\/2018\/04\/IMG_20200701_124731-1024x768.jpg\" \/><\/a>\n\t\t\t<\/span><\/li><li class='gallery-item'><span class='gallery-icon landscape'>\n\t\t\t\t<a href='https:\/\/www.tribunj.biz\/es_es\/accommodation\/apartment-a1-2\/img_20200701_125002\/'><img loading=\"lazy\" decoding=\"async\" width=\"150\" height=\"150\" src=\"https:\/\/www.tribunj.biz\/wp-content\/uploads\/2018\/04\/IMG_20200701_125002-150x150.jpg\" class=\"attachment-thumbnail size-thumbnail\" alt=\"Apartamento A1 (Tiho y Marija)\" aria-describedby=\"mphb-flexslider-gallery-8-13654\" data-attachment-id=\"13654\" data-permalink=\"https:\/\/www.tribunj.biz\/es_es\/accommodation\/apartment-a1-2\/img_20200701_125002\/\" data-orig-file=\"https:\/\/www.tribunj.biz\/wp-content\/uploads\/2018\/04\/IMG_20200701_125002-scaled.jpg\" data-orig-size=\"2560,1920\" data-comments-opened=\"1\" data-image-meta=\"{&quot;aperture&quot;:&quot;1.8&quot;,&quot;credit&quot;:&quot;&quot;,&quot;camera&quot;:&quot;STK-LX1&quot;,&quot;caption&quot;:&quot;&quot;,&quot;created_timestamp&quot;:&quot;1593607803&quot;,&quot;copyright&quot;:&quot;&quot;,&quot;focal_length&quot;:&quot;3.96&quot;,&quot;iso&quot;:&quot;80&quot;,&quot;shutter_speed&quot;:&quot;0.01&quot;,&quot;title&quot;:&quot;&quot;,&quot;orientation&quot;:&quot;1&quot;}\" data-image-title=\"IMG_20200701_125002\" data-image-description=\"&lt;p&gt;Apartment A1 (Tiho &amp;#038; Marija)&lt;\/p&gt;\" data-image-caption=\"&lt;p&gt;Apartment A1 (Tiho &amp;#038; Marija)&lt;\/p&gt;\" data-large-file=\"https:\/\/www.tribunj.biz\/wp-content\/uploads\/2018\/04\/IMG_20200701_125002-1024x768.jpg\" \/><\/a>\n\t\t\t<\/span><\/li><li class='gallery-item'><span class='gallery-icon landscape'>\n\t\t\t\t<a href='https:\/\/www.tribunj.biz\/es_es\/accommodation\/apartment-a4-4\/img_20220523_151504\/'><img loading=\"lazy\" decoding=\"async\" width=\"150\" height=\"150\" src=\"https:\/\/www.tribunj.biz\/wp-content\/uploads\/2018\/04\/IMG_20220523_151504-150x150.jpg\" class=\"attachment-thumbnail size-thumbnail\" alt=\"Apartamentos Tiho y Marija - jard\u00edn\" aria-describedby=\"mphb-flexslider-gallery-8-13594\" data-attachment-id=\"13594\" data-permalink=\"https:\/\/www.tribunj.biz\/es_es\/accommodation\/apartment-a4-4\/img_20220523_151504\/\" data-orig-file=\"https:\/\/www.tribunj.biz\/wp-content\/uploads\/2018\/04\/IMG_20220523_151504-scaled.jpg\" data-orig-size=\"2560,1920\" data-comments-opened=\"1\" data-image-meta=\"{&quot;aperture&quot;:&quot;1.8&quot;,&quot;credit&quot;:&quot;&quot;,&quot;camera&quot;:&quot;STK-LX1&quot;,&quot;caption&quot;:&quot;&quot;,&quot;created_timestamp&quot;:&quot;1653318906&quot;,&quot;copyright&quot;:&quot;&quot;,&quot;focal_length&quot;:&quot;3.96&quot;,&quot;iso&quot;:&quot;50&quot;,&quot;shutter_speed&quot;:&quot;0.002283&quot;,&quot;title&quot;:&quot;&quot;,&quot;orientation&quot;:&quot;1&quot;}\" data-image-title=\"IMG_20220523_151504\" data-image-description=\"&lt;p&gt;Apartments Tiho &amp;#038; Marija &amp;#8211; garden&lt;\/p&gt;\" data-image-caption=\"&lt;p&gt;Apartments Tiho &amp;#038; Marija &amp;#8211; garden&lt;\/p&gt;\" data-large-file=\"https:\/\/www.tribunj.biz\/wp-content\/uploads\/2018\/04\/IMG_20220523_151504-1024x768.jpg\" \/><\/a>\n\t\t\t<\/span><\/li><li class='gallery-item'><span class='gallery-icon landscape'>\n\t\t\t\t<a href='https:\/\/www.tribunj.biz\/es_es\/accommodation\/apartment-a4-4\/img_20220523_151401\/'><img loading=\"lazy\" decoding=\"async\" width=\"150\" height=\"150\" src=\"https:\/\/www.tribunj.biz\/wp-content\/uploads\/2018\/04\/IMG_20220523_151401-150x150.jpg\" class=\"attachment-thumbnail size-thumbnail\" alt=\"Apartamentos Tiho y Marija - jard\u00edn\" aria-describedby=\"mphb-flexslider-gallery-8-13593\" data-attachment-id=\"13593\" data-permalink=\"https:\/\/www.tribunj.biz\/es_es\/accommodation\/apartment-a4-4\/img_20220523_151401\/\" data-orig-file=\"https:\/\/www.tribunj.biz\/wp-content\/uploads\/2018\/04\/IMG_20220523_151401-scaled.jpg\" data-orig-size=\"2560,1920\" data-comments-opened=\"1\" data-image-meta=\"{&quot;aperture&quot;:&quot;1.8&quot;,&quot;credit&quot;:&quot;&quot;,&quot;camera&quot;:&quot;STK-LX1&quot;,&quot;caption&quot;:&quot;&quot;,&quot;created_timestamp&quot;:&quot;1653318841&quot;,&quot;copyright&quot;:&quot;&quot;,&quot;focal_length&quot;:&quot;3.96&quot;,&quot;iso&quot;:&quot;50&quot;,&quot;shutter_speed&quot;:&quot;0.000799&quot;,&quot;title&quot;:&quot;&quot;,&quot;orientation&quot;:&quot;1&quot;}\" data-image-title=\"IMG_20220523_151401\" data-image-description=\"&lt;p&gt;Apartments Tiho &amp;#038; Marija &amp;#8211; garden&lt;\/p&gt;\" data-image-caption=\"&lt;p&gt;Apartments Tiho &amp;#038; Marija &amp;#8211; garden&lt;\/p&gt;\" data-large-file=\"https:\/\/www.tribunj.biz\/wp-content\/uploads\/2018\/04\/IMG_20220523_151401-1024x768.jpg\" \/><\/a>\n\t\t\t<\/span><\/li><li class='gallery-item'><span class='gallery-icon landscape'>\n\t\t\t\t<a href='https:\/\/www.tribunj.biz\/es_es\/accommodation\/apartment-a4-4\/img_20220523_151133\/'><img loading=\"lazy\" decoding=\"async\" width=\"150\" height=\"150\" src=\"https:\/\/www.tribunj.biz\/wp-content\/uploads\/2018\/04\/IMG_20220523_151133-150x150.jpg\" class=\"attachment-thumbnail size-thumbnail\" alt=\"Apartamentos Tiho &amp; Marija - aparcamiento, jard\u00edn\" aria-describedby=\"mphb-flexslider-gallery-8-13592\" data-attachment-id=\"13592\" data-permalink=\"https:\/\/www.tribunj.biz\/es_es\/accommodation\/apartment-a4-4\/img_20220523_151133\/\" data-orig-file=\"https:\/\/www.tribunj.biz\/wp-content\/uploads\/2018\/04\/IMG_20220523_151133-scaled.jpg\" data-orig-size=\"2560,1920\" data-comments-opened=\"1\" data-image-meta=\"{&quot;aperture&quot;:&quot;1.8&quot;,&quot;credit&quot;:&quot;&quot;,&quot;camera&quot;:&quot;STK-LX1&quot;,&quot;caption&quot;:&quot;&quot;,&quot;created_timestamp&quot;:&quot;1653318693&quot;,&quot;copyright&quot;:&quot;&quot;,&quot;focal_length&quot;:&quot;3.96&quot;,&quot;iso&quot;:&quot;50&quot;,&quot;shutter_speed&quot;:&quot;0.000471&quot;,&quot;title&quot;:&quot;&quot;,&quot;orientation&quot;:&quot;1&quot;}\" data-image-title=\"IMG_20220523_151133\" data-image-description=\"&lt;p&gt;Apartments Tiho &amp;#038; Marija &amp;#8211; parking, garden&lt;\/p&gt;\" data-image-caption=\"&lt;p&gt;Apartments Tiho &amp;#038; Marija &amp;#8211; parking, garden&lt;\/p&gt;\" data-large-file=\"https:\/\/www.tribunj.biz\/wp-content\/uploads\/2018\/04\/IMG_20220523_151133-1024x768.jpg\" \/><\/a>\n\t\t\t<\/span><\/li><li class='gallery-item'><span class='gallery-icon landscape'>\n\t\t\t\t<a href='https:\/\/www.tribunj.biz\/es_es\/accommodation\/apartment-a4-4\/img_20220523_150213\/'><img loading=\"lazy\" decoding=\"async\" width=\"150\" height=\"150\" src=\"https:\/\/www.tribunj.biz\/wp-content\/uploads\/2018\/04\/IMG_20220523_150213-150x150.jpg\" class=\"attachment-thumbnail size-thumbnail\" alt=\"Apartamentos Tiho y Marija - casa\" aria-describedby=\"mphb-flexslider-gallery-8-13588\" data-attachment-id=\"13588\" data-permalink=\"https:\/\/www.tribunj.biz\/es_es\/accommodation\/apartment-a4-4\/img_20220523_150213\/\" data-orig-file=\"https:\/\/www.tribunj.biz\/wp-content\/uploads\/2018\/04\/IMG_20220523_150213-scaled.jpg\" data-orig-size=\"2560,1920\" data-comments-opened=\"1\" data-image-meta=\"{&quot;aperture&quot;:&quot;1.8&quot;,&quot;credit&quot;:&quot;&quot;,&quot;camera&quot;:&quot;STK-LX1&quot;,&quot;caption&quot;:&quot;&quot;,&quot;created_timestamp&quot;:&quot;1653318134&quot;,&quot;copyright&quot;:&quot;&quot;,&quot;focal_length&quot;:&quot;3.96&quot;,&quot;iso&quot;:&quot;50&quot;,&quot;shutter_speed&quot;:&quot;0.000495&quot;,&quot;title&quot;:&quot;&quot;,&quot;orientation&quot;:&quot;1&quot;}\" data-image-title=\"IMG_20220523_150213\" data-image-description=\"&lt;p&gt;Apartments Tiho &amp;#038; Marija &amp;#8211; house&lt;\/p&gt;\" data-image-caption=\"&lt;p&gt;Apartments Tiho &amp;#038; Marija &amp;#8211; house&lt;\/p&gt;\" data-large-file=\"https:\/\/www.tribunj.biz\/wp-content\/uploads\/2018\/04\/IMG_20220523_150213-1024x768.jpg\" \/><\/a>\n\t\t\t<\/span><\/li><li class='gallery-item'><span class='gallery-icon landscape'>\n\t\t\t\t<a href='https:\/\/www.tribunj.biz\/es_es\/accommodation\/apartment-a4-4\/img_20220523_150240\/'><img loading=\"lazy\" decoding=\"async\" width=\"150\" height=\"150\" src=\"https:\/\/www.tribunj.biz\/wp-content\/uploads\/2018\/04\/IMG_20220523_150240-150x150.jpg\" class=\"attachment-thumbnail size-thumbnail\" alt=\"Apartamentos Tiho y Marija - casa\" aria-describedby=\"mphb-flexslider-gallery-8-13589\" data-attachment-id=\"13589\" data-permalink=\"https:\/\/www.tribunj.biz\/es_es\/accommodation\/apartment-a4-4\/img_20220523_150240\/\" data-orig-file=\"https:\/\/www.tribunj.biz\/wp-content\/uploads\/2018\/04\/IMG_20220523_150240-scaled.jpg\" data-orig-size=\"2560,1920\" data-comments-opened=\"1\" data-image-meta=\"{&quot;aperture&quot;:&quot;1.8&quot;,&quot;credit&quot;:&quot;&quot;,&quot;camera&quot;:&quot;STK-LX1&quot;,&quot;caption&quot;:&quot;&quot;,&quot;created_timestamp&quot;:&quot;1653318161&quot;,&quot;copyright&quot;:&quot;&quot;,&quot;focal_length&quot;:&quot;3.96&quot;,&quot;iso&quot;:&quot;50&quot;,&quot;shutter_speed&quot;:&quot;0.000459&quot;,&quot;title&quot;:&quot;&quot;,&quot;orientation&quot;:&quot;1&quot;}\" data-image-title=\"IMG_20220523_150240\" data-image-description=\"&lt;p&gt;Apartments Tiho &amp;#038; Marija &amp;#8211; house&lt;\/p&gt;\" data-image-caption=\"&lt;p&gt;Apartments Tiho &amp;#038; Marija &amp;#8211; house&lt;\/p&gt;\" data-large-file=\"https:\/\/www.tribunj.biz\/wp-content\/uploads\/2018\/04\/IMG_20220523_150240-1024x768.jpg\" \/><\/a>\n\t\t\t<\/span><\/li><li class='gallery-item'><span class='gallery-icon landscape'>\n\t\t\t\t<a href='https:\/\/www.tribunj.biz\/es_es\/accommodation\/apartment-a4-4\/img_0916-2\/'><img loading=\"lazy\" decoding=\"async\" width=\"150\" height=\"150\" src=\"https:\/\/www.tribunj.biz\/wp-content\/uploads\/2018\/04\/IMG_0916-1-150x150.jpg\" class=\"attachment-thumbnail size-thumbnail\" alt=\"Apartamentos Tiho &amp; Marija - zona de barbacoa compartida\" aria-describedby=\"mphb-flexslider-gallery-8-13584\" data-attachment-id=\"13584\" data-permalink=\"https:\/\/www.tribunj.biz\/es_es\/accommodation\/apartment-a4-4\/img_0916-2\/\" data-orig-file=\"https:\/\/www.tribunj.biz\/wp-content\/uploads\/2018\/04\/IMG_0916-1-scaled.jpg\" data-orig-size=\"2560,1920\" data-comments-opened=\"1\" data-image-meta=\"{&quot;aperture&quot;:&quot;3&quot;,&quot;credit&quot;:&quot;&quot;,&quot;camera&quot;:&quot;Canon PowerShot A470&quot;,&quot;caption&quot;:&quot;&quot;,&quot;created_timestamp&quot;:&quot;1374332956&quot;,&quot;copyright&quot;:&quot;&quot;,&quot;focal_length&quot;:&quot;6.3&quot;,&quot;iso&quot;:&quot;80&quot;,&quot;shutter_speed&quot;:&quot;0.004&quot;,&quot;title&quot;:&quot;&quot;,&quot;orientation&quot;:&quot;1&quot;}\" data-image-title=\"IMG_0916\" data-image-description=\"&lt;p&gt;Apartments Tiho &amp;#038; Marija &amp;#8211; shared barbecue area&lt;\/p&gt;\" data-image-caption=\"&lt;p&gt;Apartments Tiho &amp;#038; Marija &amp;#8211; shared barbecue area&lt;\/p&gt;\" data-large-file=\"https:\/\/www.tribunj.biz\/wp-content\/uploads\/2018\/04\/IMG_0916-1-1024x768.jpg\" \/><\/a>\n\t\t\t<\/span><\/li><li class='gallery-item'><span class='gallery-icon landscape'>\n\t\t\t\t<a href='https:\/\/www.tribunj.biz\/es_es\/accommodation\/apartment-a4-4\/img_0910-2\/'><img loading=\"lazy\" decoding=\"async\" width=\"150\" height=\"150\" src=\"https:\/\/www.tribunj.biz\/wp-content\/uploads\/2018\/04\/IMG_0910-1-150x150.jpg\" class=\"attachment-thumbnail size-thumbnail\" alt=\"Apartamentos Tiho &amp; Marija - zona de barbacoa compartida\" aria-describedby=\"mphb-flexslider-gallery-8-13583\" data-attachment-id=\"13583\" data-permalink=\"https:\/\/www.tribunj.biz\/es_es\/accommodation\/apartment-a4-4\/img_0910-2\/\" data-orig-file=\"https:\/\/www.tribunj.biz\/wp-content\/uploads\/2018\/04\/IMG_0910-1-scaled.jpg\" data-orig-size=\"2560,1920\" data-comments-opened=\"1\" data-image-meta=\"{&quot;aperture&quot;:&quot;3&quot;,&quot;credit&quot;:&quot;&quot;,&quot;camera&quot;:&quot;Canon PowerShot A470&quot;,&quot;caption&quot;:&quot;&quot;,&quot;created_timestamp&quot;:&quot;1374332901&quot;,&quot;copyright&quot;:&quot;&quot;,&quot;focal_length&quot;:&quot;6.3&quot;,&quot;iso&quot;:&quot;80&quot;,&quot;shutter_speed&quot;:&quot;0.002&quot;,&quot;title&quot;:&quot;&quot;,&quot;orientation&quot;:&quot;1&quot;}\" data-image-title=\"IMG_0910\" data-image-description=\"&lt;p&gt;Apartments Tiho &amp;#038; Marija &amp;#8211; shared barbecue area&lt;\/p&gt;\" data-image-caption=\"&lt;p&gt;Apartments Tiho &amp;#038; Marija &amp;#8211; shared barbecue area&lt;\/p&gt;\" data-large-file=\"https:\/\/www.tribunj.biz\/wp-content\/uploads\/2018\/04\/IMG_0910-1-1024x768.jpg\" \/><\/a>\n\t\t\t<\/span><\/li><li class='gallery-item'><span class='gallery-icon landscape'>\n\t\t\t\t<a href='https:\/\/www.tribunj.biz\/es_es\/accommodation\/apartment-a4-4\/hodnik\/'><img loading=\"lazy\" decoding=\"async\" width=\"150\" height=\"150\" src=\"https:\/\/www.tribunj.biz\/wp-content\/uploads\/2018\/04\/hodnik-150x150.jpg\" class=\"attachment-thumbnail size-thumbnail\" alt=\"Apartamentos Tiho y Marija - escaleras\" aria-describedby=\"mphb-flexslider-gallery-8-13582\" data-attachment-id=\"13582\" data-permalink=\"https:\/\/www.tribunj.biz\/es_es\/accommodation\/apartment-a4-4\/hodnik\/\" data-orig-file=\"https:\/\/www.tribunj.biz\/wp-content\/uploads\/2018\/04\/hodnik.jpg\" data-orig-size=\"1280,960\" data-comments-opened=\"1\" data-image-meta=\"{&quot;aperture&quot;:&quot;2.8&quot;,&quot;credit&quot;:&quot;&quot;,&quot;camera&quot;:&quot;DSC-W5&quot;,&quot;caption&quot;:&quot;&quot;,&quot;created_timestamp&quot;:&quot;1114365765&quot;,&quot;copyright&quot;:&quot;&quot;,&quot;focal_length&quot;:&quot;7.9&quot;,&quot;iso&quot;:&quot;125&quot;,&quot;shutter_speed&quot;:&quot;0.025&quot;,&quot;title&quot;:&quot;&quot;,&quot;orientation&quot;:&quot;1&quot;}\" data-image-title=\"Apartments Tiho &amp;#038; Marija &amp;#8211; stairs\" data-image-description=\"&lt;p&gt;Apartments Tiho &amp;#038; Marija &amp;#8211; stairs&lt;\/p&gt;\" data-image-caption=\"&lt;p&gt;Apartments Tiho &amp;#038; Marija &amp;#8211; stairs&lt;\/p&gt;\" data-large-file=\"https:\/\/www.tribunj.biz\/wp-content\/uploads\/2018\/04\/hodnik-1024x768.jpg\" \/><\/a>\n\t\t\t<\/span><\/li><\/ul>\n\t\t<\/div>\n\n\t<\/div>\n\t\n<h2 class=\"mphb-room-type-title entry-title\">\n\n<a class=\"mphb-room-type-title\" href=\"https:\/\/www.tribunj.biz\/es_es\/accommodation\/apartment-a1-2\/\">Apartamento A1 (2)<\/a>\n\n<\/h2>\n\n<p>El apartamento est\u00e1 completamente equipado para dos personas.<br \/>\n36 m2, 2 camas, primer piso, cocina con comedor, dormitorio (cama doble), ba\u00f1o con inodoro, balc\u00f3n cubierto (8 m2), apartamento tiene vista al jard\u00edn, mar, puerto deportivo y Tribunj.<\/p>\n\n\n\n\t<p class=\"mphb-regular-price\"><strong>Precio desde:<\/strong>\n\t<span class=\"mphb-price\">80<span class=\"mphb-currency\">\u20ac<\/span><\/span> <span class=\"mphb-price-period\" title=\"Establezca las fechas para ver los precios adecuados\">por noche<\/span>\n\t<\/p>\n\t\n<p class=\"mphb-view-details-button-wrapper\">\n<a class=\"button mphb-view-details-button\" href=\"https:\/\/www.tribunj.biz\/es_es\/accommodation\/apartment-a1-2\/\" >Ver detalles<\/a>\n<\/p>\n<div class=\"mphb-to-book-btn-wrapper\">\n<form action=\"https:\/\/www.tribunj.biz\/es_es\/alojamiento\/apartamento-a1-2\/#booking-form-295\" method=\"get\" data-trp-original-action=\"https:\/\/www.tribunj.biz\/es_es\/accommodation\/apartment-a1-2\/#booking-form-295\" ><button type=\"submit\" class=\"button mphb-book-button\" >Hacer reserva<\/button><input type=\"hidden\" name=\"trp-form-language\" value=\"es_es\"\/><\/form>\n<br\/><\/div>\n\t\n<\/div>\n<\/div>\n<div class=\"wprevpro-shortcode-wrapper\"><div style=\"display:none;\" class=\"wprevpro wprev-slider\"   id=\"wprev-slider-1\" data-revsameheight=\"yes\" data-slideprops='{\"autoplay\": true,\"delay\": 3750,\"animation\": \"fade\",\"sliderspeed\": 750,\"arrows\": true,\"animateHeight\": false,\"forceheight\": \"yes\",\"sliderarrowheight\": \"yes\",\"loadmorersli\": \"yes\",\"totalreviewsarray\": 412,\"reviewsperpage\": 1,\"checkfloatdelay\": 0,\"sliderid\":1,\"iswidget\":false}'><ul><li>\t\t\t<div class=\"wprevpro_t1_outer_div w3_wprs-row wprevprodiv\">\r\n\t\t\t\t\t<div class=\"wprevpro_t1_DIV_1 w3_wprs-col l12 outerrevdiv\">\r\n\t\t\t<div class=\"indrevdiv wprevpro_t1_DIV_2 wprev_preview_bg1_T1 wprev_preview_bradius_T1\">\r\n\t\t\t\t<div class=\"indrevtxt wprevpro_t1_P_3 wprev_preview_tcolor1_T1\"><div class='readmoretextdiv indrevlineclamp' data-lines='3' data-revid='581'>\t\t\t\t\t<span class=\"wprevpro_star_imgs_T1\"><span class=\"starloc1 wprevpro_star_imgs wprevpro_star_imgsloc1\"><span class=\"svgicons svg-wprsp-star\"><\/span><span class=\"svgicons svg-wprsp-star\"><\/span><span class=\"svgicons svg-wprsp-star\"><\/span><span class=\"svgicons svg-wprsp-star\"><\/span><span class=\"svgicons svg-wprsp-star\"><\/span><\/span><\/span>Fant\u00e1sticas vistas al puerto deportivo y un dormitorio a estrenar... TOP y aprobado....<\/div><div class='divwprsrdmore' style='opacity:0;'><span class='wprs_rd_more'>Lee mas<\/span><span class='wprs_rd_less' style='display:none;'>Leer menos<\/span><\/div>\t\t\t\t<\/div>\r\n\t\t\t\t\t\t\t\t\t\t\t\t\t\t\t\t<a href=\"https:\/\/www.airbnb.com\/rooms\/8825408\" target=\"_blank\" rel=\"nofollow noreferrer\" class=\"wprevpro_t1_site_logo_a\"><img decoding=\"async\" width=\"30\" height=\"32\" src=\"https:\/\/www.tribunj.biz\/wp-content\/plugins\/wp-review-slider-pro-premium\/public\/partials\/imgs\/airbnb_small_icon.svg?id=1\" alt=\"logo de airbnb\" class=\"wprevpro_t1_site_logo wprevsiteicon\"><\/a>\t\t\t<\/div><span class=\"wprevpro_t1_A_8\"><a href=\"https:\/\/www.airbnb.com\/users\/show\/\" target=\"_blank\" rel=\"nofollow noreferrer\"><img decoding=\"async\" loading=\"lazy\" src=\"https:\/\/s3-media0.fl.yelpcdn.com\/assets\/srv0\/yelp_styleguide\/514f6997a318\/assets\/img\/default_avatars\/user_60_square.png\" alt=\"Sascha Avatar\" class=\"wprevpro_t1_IMG_4 wprevpro_avatarimg\" \/><\/a><\/span> <div class=\"wprevpro_t1_SPAN_5 wprev_preview_tcolor2_T1\"><div class=\"wprevpro_t1_rname wprevname\" >Sascha<\/div><div class=\"wprev_showdate_T1 wprevdate\">12\/01\/2017<\/div> <\/div>\r\n\t\t\t\r\n\t\t<\/div>\r\n\t\t\r\n\t\t<\/div>\r\n\t<\/li><li>\t\t\t<div class=\"wprevpro_t1_outer_div w3_wprs-row wprevprodiv\">\r\n\t\t\t\t\t<div class=\"wprevpro_t1_DIV_1 w3_wprs-col l12 outerrevdiv\">\r\n\t\t\t<div class=\"indrevdiv wprevpro_t1_DIV_2 wprev_preview_bg1_T1 wprev_preview_bradius_T1\">\r\n\t\t\t\t<div class=\"indrevtxt wprevpro_t1_P_3 wprev_preview_tcolor1_T1\"><div class='readmoretextdiv indrevlineclamp' data-lines='3' data-revid='247'>\t\t\t\t\t<span class=\"wprevpro_star_imgs_T1\"><span class=\"starloc1 wprevpro_star_imgs wprevpro_star_imgsloc1\"><span class=\"svgicons svg-wprsp-star\"><\/span><span class=\"svgicons svg-wprsp-star\"><\/span><span class=\"svgicons svg-wprsp-star\"><\/span><span class=\"svgicons svg-wprsp-star\"><\/span><span class=\"svgicons svg-wprsp-star\"><\/span><\/span><\/span>Un lugar y unas vistas incre\u00edbles. La habitaci\u00f3n huele muy bien y todo, incluido el ba\u00f1o, estaba muy limpio. La comunicaci\u00f3n tambi\u00e9n fue muy f\u00e1cil \ud83d\ude42<\/div><div class='divwprsrdmore' style='opacity:0;'><span class='wprs_rd_more'>Lee mas<\/span><span class='wprs_rd_less' style='display:none;'>Leer menos<\/span><\/div>\t\t\t\t<\/div>\r\n\t\t\t\t\t\t\t\t\t\t\t\t\t\t\t\t<a href=\"https:\/\/www.airbnb.com\/rooms\/16732667\" target=\"_blank\" rel=\"nofollow noreferrer\" class=\"wprevpro_t1_site_logo_a\"><img decoding=\"async\" width=\"30\" height=\"32\" src=\"https:\/\/www.tribunj.biz\/wp-content\/plugins\/wp-review-slider-pro-premium\/public\/partials\/imgs\/airbnb_small_icon.svg?id=1\" alt=\"logo de airbnb\" class=\"wprevpro_t1_site_logo wprevsiteicon\"><\/a>\t\t\t<\/div><span class=\"wprevpro_t1_A_8\"><a href=\"https:\/\/www.airbnb.com\/users\/show\/\" target=\"_blank\" rel=\"nofollow noreferrer\"><img decoding=\"async\" loading=\"lazy\" src=\"https:\/\/a0.muscache.com\/im\/pictures\/user\/12f60619-7850-4d68-821b-a6ae60db7123.jpg?aki_policy=profile_x_medium\" alt=\"P\u00e2mella Avatar\" class=\"wprevpro_t1_IMG_4 wprevpro_avatarimg\" \/><\/a><\/span> <div class=\"wprevpro_t1_SPAN_5 wprev_preview_tcolor2_T1\"><div class=\"wprevpro_t1_rname wprevname\" >P\u00e1mella<\/div><div class=\"wprev_showdate_T1 wprevdate\">10\/08\/2022<\/div> <\/div>\r\n\t\t\t\r\n\t\t<\/div>\r\n\t\t\r\n\t\t<\/div>\r\n\t<\/li><li>\t\t\t<div class=\"wprevpro_t1_outer_div w3_wprs-row wprevprodiv\">\r\n\t\t\t\t\t<div class=\"wprevpro_t1_DIV_1 w3_wprs-col l12 outerrevdiv\">\r\n\t\t\t<div class=\"indrevdiv wprevpro_t1_DIV_2 wprev_preview_bg1_T1 wprev_preview_bradius_T1\">\r\n\t\t\t\t<div class=\"indrevtxt wprevpro_t1_P_3 wprev_preview_tcolor1_T1\"><div class='readmoretextdiv indrevlineclamp' data-lines='3' data-revid='441'>\t\t\t\t\t<span class=\"wprevpro_star_imgs_T1\"><span class=\"starloc1 wprevpro_star_imgs wprevpro_star_imgsloc1\"><span class=\"svgicons svg-wprsp-star\"><\/span><span class=\"svgicons svg-wprsp-star\"><\/span><span class=\"svgicons svg-wprsp-star\"><\/span><span class=\"svgicons svg-wprsp-star\"><\/span><span class=\"svgicons svg-wprsp-star\"><\/span><\/span><\/span>Ideal para pasar la noche.<\/div><div class='divwprsrdmore' style='opacity:0;'><span class='wprs_rd_more'>Lee mas<\/span><span class='wprs_rd_less' style='display:none;'>Leer menos<\/span><\/div>\t\t\t\t<\/div>\r\n\t\t\t\t\t\t\t\t\t\t\t\t\t\t\t\t<a href=\"https:\/\/www.airbnb.com\/rooms\/16732667\" target=\"_blank\" rel=\"nofollow noreferrer\" class=\"wprevpro_t1_site_logo_a\"><img decoding=\"async\" width=\"30\" height=\"32\" src=\"https:\/\/www.tribunj.biz\/wp-content\/plugins\/wp-review-slider-pro-premium\/public\/partials\/imgs\/airbnb_small_icon.svg?id=1\" alt=\"logo de airbnb\" class=\"wprevpro_t1_site_logo wprevsiteicon\"><\/a>\t\t\t<\/div><span class=\"wprevpro_t1_A_8\"><a href=\"https:\/\/www.airbnb.com\/users\/show\/\" target=\"_blank\" rel=\"nofollow noreferrer\"><img decoding=\"async\" loading=\"lazy\" src=\"https:\/\/a0.muscache.com\/im\/pictures\/user\/User-138424937\/original\/792a3852-6e5b-4fe6-8a2e-b2faa24e8b2e.jpeg?aki_policy=profile_x_medium\" alt=\"Avatar de Gunar\" class=\"wprevpro_t1_IMG_4 wprevpro_avatarimg\" \/><\/a><\/span> <div class=\"wprevpro_t1_SPAN_5 wprev_preview_tcolor2_T1\"><div class=\"wprevpro_t1_rname wprevname\" >Gunar<\/div><div class=\"wprev_showdate_T1 wprevdate\">4\/29\/2024<\/div> <\/div>\r\n\t\t\t\r\n\t\t<\/div>\r\n\t\t\r\n\t\t<\/div>\r\n\t<\/li><li>\t\t\t<div class=\"wprevpro_t1_outer_div w3_wprs-row wprevprodiv\">\r\n\t\t\t\t\t<div class=\"wprevpro_t1_DIV_1 w3_wprs-col l12 outerrevdiv\">\r\n\t\t\t<div class=\"indrevdiv wprevpro_t1_DIV_2 wprev_preview_bg1_T1 wprev_preview_bradius_T1\">\r\n\t\t\t\t<div class=\"indrevtxt wprevpro_t1_P_3 wprev_preview_tcolor1_T1\"><div class='readmoretextdiv indrevlineclamp' data-lines='3' data-revid='163'>\t\t\t\t\t<span class=\"wprevpro_star_imgs_T1\"><span class=\"starloc1 wprevpro_star_imgs wprevpro_star_imgsloc1\"><span class=\"svgicons svg-wprsp-star\"><\/span><span class=\"svgicons svg-wprsp-star\"><\/span><span class=\"svgicons svg-wprsp-star\"><\/span><span class=\"svgicons svg-wprsp-star\"><\/span><span class=\"svgicons svg-wprsp-star-o\"><\/span><\/span><\/span>Bonito lugar con muebles antiguos, pero con una vista incre\u00edble. Si quieres ver la televisi\u00f3n, mejor habla alem\u00e1n (o franc\u00e9s).<\/div><div class='divwprsrdmore' style='opacity:0;'><span class='wprs_rd_more'>Lee mas<\/span><span class='wprs_rd_less' style='display:none;'>Leer menos<\/span><\/div>\t\t\t\t<\/div>\r\n\t\t\t\t\t\t\t\t\t\t\t\t\t\t\t\t<a href=\"https:\/\/www.airbnb.com\/rooms\/16732667\" target=\"_blank\" rel=\"nofollow noreferrer\" class=\"wprevpro_t1_site_logo_a\"><img decoding=\"async\" width=\"30\" height=\"32\" src=\"https:\/\/www.tribunj.biz\/wp-content\/plugins\/wp-review-slider-pro-premium\/public\/partials\/imgs\/airbnb_small_icon.svg?id=1\" alt=\"logo de airbnb\" class=\"wprevpro_t1_site_logo wprevsiteicon\"><\/a>\t\t\t<\/div><span class=\"wprevpro_t1_A_8\"><a href=\"https:\/\/www.airbnb.com\/users\/show\/144094472\" target=\"_blank\" rel=\"nofollow noreferrer\"><img decoding=\"async\" loading=\"lazy\" src=\"https:\/\/a0.muscache.com\/im\/pictures\/user\/8b212ba5-51be-4fb6-8abd-949013a0c7f6.jpg?aki_policy=profile_x_medium\" alt=\"Valentina Avatar\" class=\"wprevpro_t1_IMG_4 wprevpro_avatarimg\" \/><\/a><\/span> <div class=\"wprevpro_t1_SPAN_5 wprev_preview_tcolor2_T1\"><div class=\"wprevpro_t1_rname wprevname\" >Valentina<\/div><div class=\"wprev_showdate_T1 wprevdate\">7\/18\/2019<\/div> <\/div>\r\n\t\t\t\r\n\t\t<\/div>\r\n\t\t\r\n\t\t<\/div>\r\n\t<\/li><li>\t\t\t<div class=\"wprevpro_t1_outer_div w3_wprs-row wprevprodiv\">\r\n\t\t\t\t\t<div class=\"wprevpro_t1_DIV_1 w3_wprs-col l12 outerrevdiv\">\r\n\t\t\t<div class=\"indrevdiv wprevpro_t1_DIV_2 wprev_preview_bg1_T1 wprev_preview_bradius_T1\">\r\n\t\t\t\t<div class=\"indrevtxt wprevpro_t1_P_3 wprev_preview_tcolor1_T1\"><div class='readmoretextdiv indrevlineclamp' data-lines='3' data-revid='226'>\t\t\t\t\t<span class=\"wprevpro_star_imgs_T1\"><span class=\"starloc1 wprevpro_star_imgs wprevpro_star_imgsloc1\"><span class=\"svgicons svg-wprsp-star\"><\/span><span class=\"svgicons svg-wprsp-star\"><\/span><span class=\"svgicons svg-wprsp-star\"><\/span><span class=\"svgicons svg-wprsp-star\"><\/span><span class=\"svgicons svg-wprsp-star\"><\/span><\/span><\/span>Wspaniali gospodarze, bezproblemowy contact oraz zameldowanie. Miejsce bardzo urocze, widok na port wspania\u0142y. Okolica cicha i spokojna, blisko domu znajduje si\u0119 market i piekarnia co bardzo u\u0142atwia zakupy. Pok\u00f3j czysty i przytulny, serdecznie polecam!<\/div><div class='divwprsrdmore' style='opacity:0;'><span class='wprs_rd_more'>Lee mas<\/span><span class='wprs_rd_less' style='display:none;'>Leer menos<\/span><\/div>\t\t\t\t<\/div>\r\n\t\t\t\t\t\t\t\t\t\t\t\t\t\t\t\t<a href=\"https:\/\/www.airbnb.com\/rooms\/16732667\" target=\"_blank\" rel=\"nofollow noreferrer\" class=\"wprevpro_t1_site_logo_a\"><img decoding=\"async\" width=\"30\" height=\"32\" src=\"https:\/\/www.tribunj.biz\/wp-content\/plugins\/wp-review-slider-pro-premium\/public\/partials\/imgs\/airbnb_small_icon.svg?id=1\" alt=\"logo de airbnb\" class=\"wprevpro_t1_site_logo wprevsiteicon\"><\/a>\t\t\t<\/div><span class=\"wprevpro_t1_A_8\"><a href=\"https:\/\/www.airbnb.com\/users\/show\/156630314\" target=\"_blank\" rel=\"nofollow noreferrer\"><img decoding=\"async\" loading=\"lazy\" src=\"https:\/\/a0.muscache.com\/im\/pictures\/user\/b79b2b91-ef23-4a7d-a955-3a3a972348f2.jpg?aki_policy=profile_x_medium\" alt=\"Avatar de piotr\" class=\"wprevpro_t1_IMG_4 wprevpro_avatarimg\" \/><\/a><\/span> <div class=\"wprevpro_t1_SPAN_5 wprev_preview_tcolor2_T1\"><div class=\"wprevpro_t1_rname wprevname\" >Piotr<\/div><div class=\"wprev_showdate_T1 wprevdate\">5\/22\/2022<\/div> <\/div>\r\n\t\t\t\r\n\t\t<\/div>\r\n\t\t\r\n\t\t<\/div>\r\n\t<\/li><li>\t\t\t<div class=\"wprevpro_t1_outer_div w3_wprs-row wprevprodiv\">\r\n\t\t\t\t\t<div class=\"wprevpro_t1_DIV_1 w3_wprs-col l12 outerrevdiv\">\r\n\t\t\t<div class=\"indrevdiv wprevpro_t1_DIV_2 wprev_preview_bg1_T1 wprev_preview_bradius_T1\">\r\n\t\t\t\t<div class=\"indrevtxt wprevpro_t1_P_3 wprev_preview_tcolor1_T1\"><div class='readmoretextdiv indrevlineclamp' data-lines='3' data-revid='542'>\t\t\t\t\t<span class=\"wprevpro_star_imgs_T1\"><span class=\"starloc1 wprevpro_star_imgs wprevpro_star_imgsloc1\"><span class=\"svgicons svg-wprsp-star\"><\/span><span class=\"svgicons svg-wprsp-star\"><\/span><span class=\"svgicons svg-wprsp-star\"><\/span><span class=\"svgicons svg-wprsp-star\"><\/span><span class=\"svgicons svg-wprsp-star-o\"><\/span><\/span><\/span>Wir wollten auf der Durchreise nur kurz in Tribunj halten. Uns hat die Unterkunft und der Ort dann aber so gut gefallen, dass wir um 2 weitere N\u00e4chte verl\u00e4ngert haben. Vielen Dank f\u00fcr den sch\u00f6nen Aufenthalt, die Flexibilit\u00e4t und die super freundliche Kommunikation. Wir kommen gerne wieder.<\/div><div class='divwprsrdmore' style='opacity:0;'><span class='wprs_rd_more'>Lee mas<\/span><span class='wprs_rd_less' style='display:none;'>Leer menos<\/span><\/div>\t\t\t\t<\/div>\r\n\t\t\t\t\t\t\t\t\t\t\t\t\t\t\t\t<a href=\"https:\/\/www.airbnb.com\/rooms\/16732667\" target=\"_blank\" rel=\"nofollow noreferrer\" class=\"wprevpro_t1_site_logo_a\"><img decoding=\"async\" width=\"30\" height=\"32\" src=\"https:\/\/www.tribunj.biz\/wp-content\/plugins\/wp-review-slider-pro-premium\/public\/partials\/imgs\/airbnb_small_icon.svg?id=1\" alt=\"logo de airbnb\" class=\"wprevpro_t1_site_logo wprevsiteicon\"><\/a>\t\t\t<\/div><span class=\"wprevpro_t1_A_8\"><a href=\"https:\/\/www.airbnb.com\/users\/show\/\" target=\"_blank\" rel=\"nofollow noreferrer\"><img decoding=\"async\" loading=\"lazy\" src=\"https:\/\/a0.muscache.com\/im\/pictures\/user\/af49891e-ad21-480c-8534-b98db45a330d.jpg?aki_policy=profile_x_medium\" alt=\"Selina Avatar\" class=\"wprevpro_t1_IMG_4 wprevpro_avatarimg\" \/><\/a><\/span> <div class=\"wprevpro_t1_SPAN_5 wprev_preview_tcolor2_T1\"><div class=\"wprevpro_t1_rname wprevname\" >Selina<\/div><div class=\"wprev_showdate_T1 wprevdate\">9\/15\/2024<\/div> <\/div>\r\n\t\t\t\r\n\t\t<\/div>\r\n\t\t\r\n\t\t<\/div>\r\n\t<\/li><li>\t\t\t<div class=\"wprevpro_t1_outer_div w3_wprs-row wprevprodiv\">\r\n\t\t\t\t\t<div class=\"wprevpro_t1_DIV_1 w3_wprs-col l12 outerrevdiv\">\r\n\t\t\t<div class=\"indrevdiv wprevpro_t1_DIV_2 wprev_preview_bg1_T1 wprev_preview_bradius_T1\">\r\n\t\t\t\t<div class=\"indrevtxt wprevpro_t1_P_3 wprev_preview_tcolor1_T1\"><div class='readmoretextdiv indrevlineclamp' data-lines='3' data-revid='167'>\t\t\t\t\t<span class=\"wprevpro_star_imgs_T1\"><span class=\"starloc1 wprevpro_star_imgs wprevpro_star_imgsloc1\"><span class=\"svgicons svg-wprsp-star\"><\/span><span class=\"svgicons svg-wprsp-star\"><\/span><span class=\"svgicons svg-wprsp-star\"><\/span><span class=\"svgicons svg-wprsp-star\"><\/span><span class=\"svgicons svg-wprsp-star\"><\/span><\/span><\/span>S\u00faper<\/div><div class='divwprsrdmore' style='opacity:0;'><span class='wprs_rd_more'>Lee mas<\/span><span class='wprs_rd_less' style='display:none;'>Leer menos<\/span><\/div>\t\t\t\t<\/div>\r\n\t\t\t\t\t\t\t\t\t\t\t\t\t\t\t\t<a href=\"https:\/\/www.airbnb.com\/rooms\/16732667\" target=\"_blank\" rel=\"nofollow noreferrer\" class=\"wprevpro_t1_site_logo_a\"><img decoding=\"async\" width=\"30\" height=\"32\" src=\"https:\/\/www.tribunj.biz\/wp-content\/plugins\/wp-review-slider-pro-premium\/public\/partials\/imgs\/airbnb_small_icon.svg?id=1\" alt=\"logo de airbnb\" class=\"wprevpro_t1_site_logo wprevsiteicon\"><\/a>\t\t\t<\/div><span class=\"wprevpro_t1_A_8\"><a href=\"https:\/\/www.airbnb.com\/users\/show\/256651107\" target=\"_blank\" rel=\"nofollow noreferrer\"><img decoding=\"async\" loading=\"lazy\" src=\"https:\/\/a0.muscache.com\/im\/pictures\/user\/f1122c7c-87a6-4179-ba13-fae539f29c72.jpg?aki_policy=profile_x_medium\" alt=\"Avatar de Diaconu\" class=\"wprevpro_t1_IMG_4 wprevpro_avatarimg\" \/><\/a><\/span> <div class=\"wprevpro_t1_SPAN_5 wprev_preview_tcolor2_T1\"><div class=\"wprevpro_t1_rname wprevname\" >Di\u00e1cono<\/div><div class=\"wprev_showdate_T1 wprevdate\">7\/06\/2019<\/div> <\/div>\r\n\t\t\t\r\n\t\t<\/div>\r\n\t\t\r\n\t\t<\/div>\r\n\t<\/li><li>\t\t\t<div class=\"wprevpro_t1_outer_div w3_wprs-row wprevprodiv\">\r\n\t\t\t\t\t<div class=\"wprevpro_t1_DIV_1 w3_wprs-col l12 outerrevdiv\">\r\n\t\t\t<div class=\"indrevdiv wprevpro_t1_DIV_2 wprev_preview_bg1_T1 wprev_preview_bradius_T1\">\r\n\t\t\t\t<div class=\"indrevtxt wprevpro_t1_P_3 wprev_preview_tcolor1_T1\"><div class='readmoretextdiv indrevlineclamp' data-lines='3' data-revid='13'>\t\t\t\t\t<span class=\"wprevpro_star_imgs_T1\"><span class=\"starloc1 wprevpro_star_imgs wprevpro_star_imgsloc1\"><span class=\"svgicons svg-wprsp-star\"><\/span><span class=\"svgicons svg-wprsp-star\"><\/span><span class=\"svgicons svg-wprsp-star\"><\/span><span class=\"svgicons svg-wprsp-star\"><\/span><span class=\"svgicons svg-wprsp-star-o\"><\/span><\/span><\/span>Tribunj sme si zamilovali \u2764 ve\u013emi radi sa tam vraciame je tam prekr\u00e1sne \ud83d\ude42<\/div><div class='divwprsrdmore' style='opacity:0;'><span class='wprs_rd_more'>Lee mas<\/span><span class='wprs_rd_less' style='display:none;'>Leer menos<\/span><\/div>\t\t\t\t<\/div>\r\n\t\t\t\t\t\t\t\t\t\t\t\t\t\t\t\t<a href=\"https:\/\/www.facebook.com\/pg\/451509874913315\/reviews\/\" target=\"_blank\" rel=\"nofollow noreferrer\" class=\"wprevpro_t1_site_logo_a\"><img decoding=\"async\" width=\"32\" height=\"32\" src=\"https:\/\/www.tribunj.biz\/wp-content\/plugins\/wp-review-slider-pro-premium\/public\/partials\/imgs\/facebook_small_icon.svg\" alt=\"Logo de Facebook\" class=\"wprevpro_t1_site_logo wprevsiteicon\"><\/a>\t\t\t<\/div><span class=\"wprevpro_t1_A_8\"><a href=\"https:\/\/www.facebook.com\/search\/top\/?q=Dana+Gajdo%26scaron%3Bov%26aacute%3B\" target=\"_blank\" rel=\"nofollow noreferrer\"><img decoding=\"async\" loading=\"lazy\" src=\"https:\/\/scontent-frx5-1.xx.fbcdn.net\/v\/t1.0-1\/p50x50\/11896173_10204232678451735_7428610231637456112_n.jpg?_nc_cat=0&amp;oh=31c1237b998797212af5f73ffbacffe6&amp;oe=5BB2C5DF\" alt=\"Dana Gajdo\u0161ov\u00e1 Avatar\" class=\"wprevpro_t1_IMG_4 wprevpro_avatarimg\" \/><\/a><\/span> <div class=\"wprevpro_t1_SPAN_5 wprev_preview_tcolor2_T1\"><div class=\"wprevpro_t1_rname wprevname\" >Dana Gajdo\u0161ov\u00e1<\/div><div class=\"wprev_showdate_T1 wprevdate\">5\/28\/2017<\/div> <\/div>\r\n\t\t\t\r\n\t\t<\/div>\r\n\t\t\r\n\t\t<\/div>\r\n\t<\/li><li>\t\t\t<div class=\"wprevpro_t1_outer_div w3_wprs-row wprevprodiv\">\r\n\t\t\t\t\t<div class=\"wprevpro_t1_DIV_1 w3_wprs-col l12 outerrevdiv\">\r\n\t\t\t<div class=\"indrevdiv wprevpro_t1_DIV_2 wprev_preview_bg1_T1 wprev_preview_bradius_T1\">\r\n\t\t\t\t<div class=\"indrevtxt wprevpro_t1_P_3 wprev_preview_tcolor1_T1\"><div class='readmoretextdiv indrevlineclamp' data-lines='3' data-revid='403'>\t\t\t\t\t<span class=\"wprevpro_star_imgs_T1\"><span class=\"starloc1 wprevpro_star_imgs wprevpro_star_imgsloc1\"><span class=\"svgicons svg-wprsp-star\"><\/span><span class=\"svgicons svg-wprsp-star\"><\/span><span class=\"svgicons svg-wprsp-star\"><\/span><span class=\"svgicons svg-wprsp-star\"><\/span><span class=\"svgicons svg-wprsp-star\"><\/span><\/span><\/span>\u010cista soba z balkonom in pogledom na marino. Opremljena z vsem potrebnim za kraj\u0161e bivanje v obmorski vasici. Gostiteljica je bila prijazna, odzivna in z njo je bilo prijetno komunicirati. V apartma sva prispela bolj pozno in to ni predstavljalo nobene ovire. \u00a1Toplo priporo\u010dava!<\/div><div class='divwprsrdmore' style='opacity:0;'><span class='wprs_rd_more'>Lee mas<\/span><span class='wprs_rd_less' style='display:none;'>Leer menos<\/span><\/div>\t\t\t\t<\/div>\r\n\t\t\t\t\t\t\t\t\t\t\t\t\t\t\t\t<a href=\"https:\/\/www.airbnb.com\/rooms\/16732667\" target=\"_blank\" rel=\"nofollow noreferrer\" class=\"wprevpro_t1_site_logo_a\"><img decoding=\"async\" width=\"30\" height=\"32\" src=\"https:\/\/www.tribunj.biz\/wp-content\/plugins\/wp-review-slider-pro-premium\/public\/partials\/imgs\/airbnb_small_icon.svg?id=1\" alt=\"logo de airbnb\" class=\"wprevpro_t1_site_logo wprevsiteicon\"><\/a>\t\t\t<\/div><span class=\"wprevpro_t1_A_8\"><a href=\"https:\/\/www.airbnb.com\/users\/show\/\" target=\"_blank\" rel=\"nofollow noreferrer\"><img decoding=\"async\" loading=\"lazy\" src=\"https:\/\/a0.muscache.com\/im\/pictures\/user\/d948160c-ff43-410c-897c-4e4c76bc9dbf.jpg?aki_policy=profile_x_medium\" alt=\"Avatar de Rasto\" class=\"wprevpro_t1_IMG_4 wprevpro_avatarimg\" \/><\/a><\/span> <div class=\"wprevpro_t1_SPAN_5 wprev_preview_tcolor2_T1\"><div class=\"wprevpro_t1_rname wprevname\" >Rasto<\/div><div class=\"wprev_showdate_T1 wprevdate\">5\/21\/2023<\/div> <\/div>\r\n\t\t\t\r\n\t\t<\/div>\r\n\t\t\r\n\t\t<\/div>\r\n\t<\/li><li>\t\t\t<div class=\"wprevpro_t1_outer_div w3_wprs-row wprevprodiv\">\r\n\t\t\t\t\t<div class=\"wprevpro_t1_DIV_1 w3_wprs-col l12 outerrevdiv\">\r\n\t\t\t<div class=\"indrevdiv wprevpro_t1_DIV_2 wprev_preview_bg1_T1 wprev_preview_bradius_T1\">\r\n\t\t\t\t<div class=\"indrevtxt wprevpro_t1_P_3 wprev_preview_tcolor1_T1\"><div class='readmoretextdiv indrevlineclamp' data-lines='3' data-revid='45'>\t\t\t\t\t<span class=\"wprevpro_star_imgs_T1\"><span class=\"starloc1 wprevpro_star_imgs wprevpro_star_imgsloc1\"><span class=\"svgicons svg-wprsp-star\"><\/span><span class=\"svgicons svg-wprsp-star\"><\/span><span class=\"svgicons svg-wprsp-star\"><\/span><span class=\"svgicons svg-wprsp-star\"><\/span><span class=\"svgicons svg-wprsp-star\"><\/span><\/span><\/span>Parte superior ! Emplacement magnifique tr\u00e8s propre les propri\u00e9taires sont tr\u00e8s sympa r\u00e9actif et serviable. <br>\nJe recommande vivement allez y les yeux ferm\u00e9s!<\/div><div class='divwprsrdmore' style='opacity:0;'><span class='wprs_rd_more'>Lee mas<\/span><span class='wprs_rd_less' style='display:none;'>Leer menos<\/span><\/div>\t\t\t\t<\/div>\r\n\t\t\t\t\t\t\t\t\t\t\t\t\t\t\t\t<a href=\"https:\/\/www.airbnb.com\/rooms\/8836313\" target=\"_blank\" rel=\"nofollow noreferrer\" class=\"wprevpro_t1_site_logo_a\"><img decoding=\"async\" width=\"30\" height=\"32\" src=\"https:\/\/www.tribunj.biz\/wp-content\/plugins\/wp-review-slider-pro-premium\/public\/partials\/imgs\/airbnb_small_icon.svg?id=1\" alt=\"logo de airbnb\" class=\"wprevpro_t1_site_logo wprevsiteicon\"><\/a>\t\t\t<\/div><span class=\"wprevpro_t1_A_8\"><a href=\"https:\/\/www.airbnb.com\/users\/show\/54009151\" target=\"_blank\" rel=\"nofollow noreferrer\"><img decoding=\"async\" loading=\"lazy\" src=\"https:\/\/a0.muscache.com\/im\/pictures\/0f4653ef-c90f-4cdb-99ee-1d8c9591183a.jpg?aki_policy=profile_x_medium\" alt=\"\u00c9ric avatar\" class=\"wprevpro_t1_IMG_4 wprevpro_avatarimg\" \/><\/a><\/span> <div class=\"wprevpro_t1_SPAN_5 wprev_preview_tcolor2_T1\"><div class=\"wprevpro_t1_rname wprevname\" >\u00c9ric<\/div><div class=\"wprev_showdate_T1 wprevdate\">4\/15\/2018<\/div> <\/div>\r\n\t\t\t\r\n\t\t<\/div>\r\n\t\t\r\n\t\t<\/div>\r\n\t<\/li><li>\t\t\t<div class=\"wprevpro_t1_outer_div w3_wprs-row wprevprodiv\">\r\n\t\t\t\t\t<div class=\"wprevpro_t1_DIV_1 w3_wprs-col l12 outerrevdiv\">\r\n\t\t\t<div class=\"indrevdiv wprevpro_t1_DIV_2 wprev_preview_bg1_T1 wprev_preview_bradius_T1\">\r\n\t\t\t\t<div class=\"indrevtxt wprevpro_t1_P_3 wprev_preview_tcolor1_T1\"><div class='readmoretextdiv indrevlineclamp' data-lines='3' data-revid='230'>\t\t\t\t\t<span class=\"wprevpro_star_imgs_T1\"><span class=\"starloc1 wprevpro_star_imgs wprevpro_star_imgsloc1\"><span class=\"svgicons svg-wprsp-star\"><\/span><span class=\"svgicons svg-wprsp-star\"><\/span><span class=\"svgicons svg-wprsp-star\"><\/span><span class=\"svgicons svg-wprsp-star\"><\/span><span class=\"svgicons svg-wprsp-star\"><\/span><\/span><\/span>Die Lage der Unterkunft mitten in Tribunj, direkt am Hafen ist traumhaft. Gro\u00dfer Parkplatz auf dem Grundst\u00fcck directamente vor dem Haus und sehr nette Gastgeber. Es ist alles sauber und der Balkon ist spitze.<\/div><div class='divwprsrdmore' style='opacity:0;'><span class='wprs_rd_more'>Lee mas<\/span><span class='wprs_rd_less' style='display:none;'>Leer menos<\/span><\/div>\t\t\t\t<\/div>\r\n\t\t\t\t\t\t\t\t\t\t\t\t\t\t\t\t<a href=\"https:\/\/www.airbnb.com\/rooms\/16732667\" target=\"_blank\" rel=\"nofollow noreferrer\" class=\"wprevpro_t1_site_logo_a\"><img decoding=\"async\" width=\"30\" height=\"32\" src=\"https:\/\/www.tribunj.biz\/wp-content\/plugins\/wp-review-slider-pro-premium\/public\/partials\/imgs\/airbnb_small_icon.svg?id=1\" alt=\"logo de airbnb\" class=\"wprevpro_t1_site_logo wprevsiteicon\"><\/a>\t\t\t<\/div><span class=\"wprevpro_t1_A_8\"><a href=\"https:\/\/www.airbnb.com\/users\/show\/409504843\" target=\"_blank\" rel=\"nofollow noreferrer\"><img decoding=\"async\" loading=\"lazy\" src=\"https:\/\/a0.muscache.com\/im\/pictures\/user\/f54c95c0-537a-426b-8535-c326f434410f.jpg?aki_policy=profile_x_medium\" alt=\"Juan Avatar\" class=\"wprevpro_t1_IMG_4 wprevpro_avatarimg\" \/><\/a><\/span> <div class=\"wprevpro_t1_SPAN_5 wprev_preview_tcolor2_T1\"><div class=\"wprevpro_t1_rname wprevname\" >Juan<\/div><div class=\"wprev_showdate_T1 wprevdate\">8\/18\/2021<\/div> <\/div>\r\n\t\t\t\r\n\t\t<\/div>\r\n\t\t\r\n\t\t<\/div>\r\n\t<\/li><li>\t\t\t<div class=\"wprevpro_t1_outer_div w3_wprs-row wprevprodiv\">\r\n\t\t\t\t\t<div class=\"wprevpro_t1_DIV_1 w3_wprs-col l12 outerrevdiv\">\r\n\t\t\t<div class=\"indrevdiv wprevpro_t1_DIV_2 wprev_preview_bg1_T1 wprev_preview_bradius_T1\">\r\n\t\t\t\t<div class=\"indrevtxt wprevpro_t1_P_3 wprev_preview_tcolor1_T1\"><div class='readmoretextdiv indrevlineclamp' data-lines='3' data-revid='126'>\t\t\t\t\t<span class=\"wprevpro_star_imgs_T1\"><span class=\"starloc1 wprevpro_star_imgs wprevpro_star_imgsloc1\"><span class=\"svgicons svg-wprsp-star\"><\/span><span class=\"svgicons svg-wprsp-star\"><\/span><span class=\"svgicons svg-wprsp-star\"><\/span><span class=\"svgicons svg-wprsp-star\"><\/span><span class=\"svgicons svg-wprsp-star\"><\/span><\/span><\/span><\/div><div class='divwprsrdmore' style='opacity:0;'><span class='wprs_rd_more'>Lee mas<\/span><span class='wprs_rd_less' style='display:none;'>Leer menos<\/span><\/div>\t\t\t\t<\/div>\r\n\t\t\t\t\t\t\t\t\t\t\t\t\t\t\t\t<a href=\"https:\/\/www.facebook.com\/pg\/451509874913315\/reviews\/\" target=\"_blank\" rel=\"nofollow noreferrer\" class=\"wprevpro_t1_site_logo_a\"><img decoding=\"async\" width=\"32\" height=\"32\" src=\"https:\/\/www.tribunj.biz\/wp-content\/plugins\/wp-review-slider-pro-premium\/public\/partials\/imgs\/facebook_small_icon.svg\" alt=\"Logo de Facebook\" class=\"wprevpro_t1_site_logo wprevsiteicon\"><\/a>\t\t\t<\/div><span class=\"wprevpro_t1_A_8\"><a href=\"https:\/\/www.facebook.com\/search\/top\/?q=Marko+H.\" target=\"_blank\" rel=\"nofollow noreferrer\"><img decoding=\"async\" loading=\"lazy\" src=\"https:\/\/platform-lookaside.fbsbx.com\/platform\/profilepic\/?psid=2097006813692662&height=100&width=100&ext=1549327174&hash=AeQuryqZLy5HJb4a\" alt=\"Marko h. Avatar\" class=\"wprevpro_t1_IMG_4 wprevpro_avatarimg\" \/><\/a><\/span> <div class=\"wprevpro_t1_SPAN_5 wprev_preview_tcolor2_T1\"><div class=\"wprevpro_t1_rname wprevname\" >Marko H.<\/div><div class=\"wprev_showdate_T1 wprevdate\">7\/10\/2014<\/div> <\/div>\r\n\t\t\t\r\n\t\t<\/div>\r\n\t\t\r\n\t\t<\/div>\r\n\t<\/li><li>\t\t\t<div class=\"wprevpro_t1_outer_div w3_wprs-row wprevprodiv\">\r\n\t\t\t\t\t<div class=\"wprevpro_t1_DIV_1 w3_wprs-col l12 outerrevdiv\">\r\n\t\t\t<div class=\"indrevdiv wprevpro_t1_DIV_2 wprev_preview_bg1_T1 wprev_preview_bradius_T1\">\r\n\t\t\t\t<div class=\"indrevtxt wprevpro_t1_P_3 wprev_preview_tcolor1_T1\"><div class='readmoretextdiv indrevlineclamp' data-lines='3' data-revid='444'>\t\t\t\t\t<span class=\"wprevpro_star_imgs_T1\"><span class=\"starloc1 wprevpro_star_imgs wprevpro_star_imgsloc1\"><span class=\"svgicons svg-wprsp-star\"><\/span><span class=\"svgicons svg-wprsp-star\"><\/span><span class=\"svgicons svg-wprsp-star\"><\/span><span class=\"svgicons svg-wprsp-star\"><\/span><span class=\"svgicons svg-wprsp-star-o\"><\/span><\/span><\/span>S\u00e9 que est\u00e1 escrito en el anuncio, pero este Airbnb es una habitaci\u00f3n dentro de una casa sin cocina, no un piso entero como imagino.<br>\nLa habitaci\u00f3n era agradable, con balc\u00f3n y unas vistas preciosas al puerto deportivo. Se puede llegar al centro de Tribunj a pie. \u00a1Los anfitriones fueron muy amables! Ideal para una noche.<\/div><div class='divwprsrdmore' style='opacity:0;'><span class='wprs_rd_more'>Lee mas<\/span><span class='wprs_rd_less' style='display:none;'>Leer menos<\/span><\/div>\t\t\t\t<\/div>\r\n\t\t\t\t\t\t\t\t\t\t\t\t\t\t\t\t<a href=\"https:\/\/www.airbnb.com\/rooms\/16732667\" target=\"_blank\" rel=\"nofollow noreferrer\" class=\"wprevpro_t1_site_logo_a\"><img decoding=\"async\" width=\"30\" height=\"32\" src=\"https:\/\/www.tribunj.biz\/wp-content\/plugins\/wp-review-slider-pro-premium\/public\/partials\/imgs\/airbnb_small_icon.svg?id=1\" alt=\"logo de airbnb\" class=\"wprevpro_t1_site_logo wprevsiteicon\"><\/a>\t\t\t<\/div><span class=\"wprevpro_t1_A_8\"><a href=\"https:\/\/www.airbnb.com\/users\/show\/\" target=\"_blank\" rel=\"nofollow noreferrer\"><img decoding=\"async\" loading=\"lazy\" src=\"https:\/\/a0.muscache.com\/im\/pictures\/user\/77f78ce4-a713-4516-a053-66f4b2cb93dc.jpg?aki_policy=profile_x_medium\" alt=\"Chlo\u00e9 Avatar\" class=\"wprevpro_t1_IMG_4 wprevpro_avatarimg\" \/><\/a><\/span> <div class=\"wprevpro_t1_SPAN_5 wprev_preview_tcolor2_T1\"><div class=\"wprevpro_t1_rname wprevname\" >Chlo\u00e9<\/div><div class=\"wprev_showdate_T1 wprevdate\">3\/18\/2024<\/div> <\/div>\r\n\t\t\t\r\n\t\t<\/div>\r\n\t\t\r\n\t\t<\/div>\r\n\t<\/li><li>\t\t\t<div class=\"wprevpro_t1_outer_div w3_wprs-row wprevprodiv\">\r\n\t\t\t\t\t<div class=\"wprevpro_t1_DIV_1 w3_wprs-col l12 outerrevdiv\">\r\n\t\t\t<div class=\"indrevdiv wprevpro_t1_DIV_2 wprev_preview_bg1_T1 wprev_preview_bradius_T1\">\r\n\t\t\t\t<div class=\"indrevtxt wprevpro_t1_P_3 wprev_preview_tcolor1_T1\"><div class='readmoretextdiv indrevlineclamp' data-lines='3' data-revid='107'>\t\t\t\t\t<span class=\"wprevpro_star_imgs_T1\"><span class=\"starloc1 wprevpro_star_imgs wprevpro_star_imgsloc1\"><span class=\"svgicons svg-wprsp-star\"><\/span><span class=\"svgicons svg-wprsp-star\"><\/span><span class=\"svgicons svg-wprsp-star\"><\/span><span class=\"svgicons svg-wprsp-star\"><\/span><span class=\"svgicons svg-wprsp-star\"><\/span><\/span><\/span>Traumhaft. Immer Wieder ein Erlebnis. Bis n\u00e4chstes Jahr.<\/div><div class='divwprsrdmore' style='opacity:0;'><span class='wprs_rd_more'>Lee mas<\/span><span class='wprs_rd_less' style='display:none;'>Leer menos<\/span><\/div>\t\t\t\t<\/div>\r\n\t\t\t\t\t\t\t\t\t\t\t\t\t\t\t\t<a href=\"https:\/\/www.facebook.com\/pg\/451509874913315\/reviews\/\" target=\"_blank\" rel=\"nofollow noreferrer\" class=\"wprevpro_t1_site_logo_a\"><img decoding=\"async\" width=\"32\" height=\"32\" src=\"https:\/\/www.tribunj.biz\/wp-content\/plugins\/wp-review-slider-pro-premium\/public\/partials\/imgs\/facebook_small_icon.svg\" alt=\"Logo de Facebook\" class=\"wprevpro_t1_site_logo wprevsiteicon\"><\/a>\t\t\t<\/div><span class=\"wprevpro_t1_A_8\"><a href=\"https:\/\/www.facebook.com\/search\/top\/?q=Stefanie+W.\" target=\"_blank\" rel=\"nofollow noreferrer\"><img decoding=\"async\" loading=\"lazy\" src=\"https:\/\/platform-lookaside.fbsbx.com\/platform\/profilepic\/?psid=3015060501853357&height=100&width=100&ext=1549327169&hash=AeSc6eio1Cu4RunE\" alt=\"Stefanie W. Avatar\" class=\"wprevpro_t1_IMG_4 wprevpro_avatarimg\" \/><\/a><\/span> <div class=\"wprevpro_t1_SPAN_5 wprev_preview_tcolor2_T1\"><div class=\"wprevpro_t1_rname wprevname\" >Stefanie W.<\/div><div class=\"wprev_showdate_T1 wprevdate\">8\/23\/2016<\/div> <\/div>\r\n\t\t\t\r\n\t\t<\/div>\r\n\t\t\r\n\t\t<\/div>\r\n\t<\/li><li>\t\t\t<div class=\"wprevpro_t1_outer_div w3_wprs-row wprevprodiv\">\r\n\t\t\t\t\t<div class=\"wprevpro_t1_DIV_1 w3_wprs-col l12 outerrevdiv\">\r\n\t\t\t<div class=\"indrevdiv wprevpro_t1_DIV_2 wprev_preview_bg1_T1 wprev_preview_bradius_T1\">\r\n\t\t\t\t<div class=\"indrevtxt wprevpro_t1_P_3 wprev_preview_tcolor1_T1\"><div class='readmoretextdiv indrevlineclamp' data-lines='3' data-revid='580'>\t\t\t\t\t<span class=\"wprevpro_star_imgs_T1\"><span class=\"starloc1 wprevpro_star_imgs wprevpro_star_imgsloc1\"><span class=\"svgicons svg-wprsp-star\"><\/span><span class=\"svgicons svg-wprsp-star\"><\/span><span class=\"svgicons svg-wprsp-star\"><\/span><span class=\"svgicons svg-wprsp-star\"><\/span><span class=\"svgicons svg-wprsp-star\"><\/span><\/span><\/span>Buena ubicaci\u00f3n y buen apartamento, amueblado de forma sencilla, pero tiene todo lo necesario.<\/div><div class='divwprsrdmore' style='opacity:0;'><span class='wprs_rd_more'>Lee mas<\/span><span class='wprs_rd_less' style='display:none;'>Leer menos<\/span><\/div>\t\t\t\t<\/div>\r\n\t\t\t\t\t\t\t\t\t\t\t\t\t\t\t\t<a href=\"https:\/\/www.airbnb.com\/rooms\/8836313\" target=\"_blank\" rel=\"nofollow noreferrer\" class=\"wprevpro_t1_site_logo_a\"><img decoding=\"async\" width=\"30\" height=\"32\" src=\"https:\/\/www.tribunj.biz\/wp-content\/plugins\/wp-review-slider-pro-premium\/public\/partials\/imgs\/airbnb_small_icon.svg?id=1\" alt=\"logo de airbnb\" class=\"wprevpro_t1_site_logo wprevsiteicon\"><\/a>\t\t\t<\/div><span class=\"wprevpro_t1_A_8\"><a href=\"https:\/\/www.airbnb.com\/users\/show\/\" target=\"_blank\" rel=\"nofollow noreferrer\"><img decoding=\"async\" loading=\"lazy\" src=\"https:\/\/s3-media0.fl.yelpcdn.com\/assets\/srv0\/yelp_styleguide\/514f6997a318\/assets\/img\/default_avatars\/user_60_square.png\" alt=\"Franziska Avatar\" class=\"wprevpro_t1_IMG_4 wprevpro_avatarimg\" \/><\/a><\/span> <div class=\"wprevpro_t1_SPAN_5 wprev_preview_tcolor2_T1\"><div class=\"wprevpro_t1_rname wprevname\" >Franziska<\/div><div class=\"wprev_showdate_T1 wprevdate\">5\/01\/2022<\/div> <\/div>\r\n\t\t\t\r\n\t\t<\/div>\r\n\t\t\r\n\t\t<\/div>\r\n\t<\/li><li>\t\t\t<div class=\"wprevpro_t1_outer_div w3_wprs-row wprevprodiv\">\r\n\t\t\t\t\t<div class=\"wprevpro_t1_DIV_1 w3_wprs-col l12 outerrevdiv\">\r\n\t\t\t<div class=\"indrevdiv wprevpro_t1_DIV_2 wprev_preview_bg1_T1 wprev_preview_bradius_T1\">\r\n\t\t\t\t<div class=\"indrevtxt wprevpro_t1_P_3 wprev_preview_tcolor1_T1\"><div class='readmoretextdiv indrevlineclamp' data-lines='3' data-revid='549'>\t\t\t\t\t<span class=\"wprevpro_star_imgs_T1\"><span class=\"starloc1 wprevpro_star_imgs wprevpro_star_imgsloc1\"><span class=\"svgicons svg-wprsp-star\"><\/span><span class=\"svgicons svg-wprsp-star\"><\/span><span class=\"svgicons svg-wprsp-star\"><\/span><span class=\"svgicons svg-wprsp-star\"><\/span><span class=\"svgicons svg-wprsp-star\"><\/span><\/span><\/span>\u00a1Pasamos unos d\u00edas estupendos en Tribunj! Disfruten de un buen ba\u00f1o y de la deliciosa comida. Pueden dar divertidos paseos nocturnos por la costa. Ivana y Ante siempre estuvieron disponibles. Gracias por la agradable estancia.<\/div><div class='divwprsrdmore' style='opacity:0;'><span class='wprs_rd_more'>Lee mas<\/span><span class='wprs_rd_less' style='display:none;'>Leer menos<\/span><\/div>\t\t\t\t<\/div>\r\n\t\t\t\t\t\t\t\t\t\t\t\t\t\t\t\t<a href=\"https:\/\/www.airbnb.com\/rooms\/16732667\" target=\"_blank\" rel=\"nofollow noreferrer\" class=\"wprevpro_t1_site_logo_a\"><img decoding=\"async\" width=\"30\" height=\"32\" src=\"https:\/\/www.tribunj.biz\/wp-content\/plugins\/wp-review-slider-pro-premium\/public\/partials\/imgs\/airbnb_small_icon.svg?id=1\" alt=\"logo de airbnb\" class=\"wprevpro_t1_site_logo wprevsiteicon\"><\/a>\t\t\t<\/div><span class=\"wprevpro_t1_A_8\"><a href=\"https:\/\/www.airbnb.com\/users\/show\/\" target=\"_blank\" rel=\"nofollow noreferrer\"><img decoding=\"async\" loading=\"lazy\" src=\"https:\/\/s3-media0.fl.yelpcdn.com\/assets\/srv0\/yelp_styleguide\/514f6997a318\/assets\/img\/default_avatars\/user_60_square.png\" alt=\"Avatar de Mischa\" class=\"wprevpro_t1_IMG_4 wprevpro_avatarimg\" \/><\/a><\/span> <div class=\"wprevpro_t1_SPAN_5 wprev_preview_tcolor2_T1\"><div class=\"wprevpro_t1_rname wprevname\" >Mischa<\/div><div class=\"wprev_showdate_T1 wprevdate\">9\/01\/2024<\/div> <\/div>\r\n\t\t\t\r\n\t\t<\/div>\r\n\t\t\r\n\t\t<\/div>\r\n\t<\/li><li>\t\t\t<div class=\"wprevpro_t1_outer_div w3_wprs-row wprevprodiv\">\r\n\t\t\t\t\t<div class=\"wprevpro_t1_DIV_1 w3_wprs-col l12 outerrevdiv\">\r\n\t\t\t<div class=\"indrevdiv wprevpro_t1_DIV_2 wprev_preview_bg1_T1 wprev_preview_bradius_T1\">\r\n\t\t\t\t<div class=\"indrevtxt wprevpro_t1_P_3 wprev_preview_tcolor1_T1\"><div class='readmoretextdiv indrevlineclamp' data-lines='3' data-revid='41'>\t\t\t\t\t<span class=\"wprevpro_star_imgs_T1\"><span class=\"starloc1 wprevpro_star_imgs wprevpro_star_imgsloc1\"><span class=\"svgicons svg-wprsp-star\"><\/span><span class=\"svgicons svg-wprsp-star\"><\/span><span class=\"svgicons svg-wprsp-star\"><\/span><span class=\"svgicons svg-wprsp-star\"><\/span><span class=\"svgicons svg-wprsp-star\"><\/span><\/span><\/span>Pasamos un tiempo de calidad en un entorno estupendo. Me aloj\u00e9 con mi esposa y mis dos hijos peque\u00f1os. Los anfitriones fueron muy amables y nos comunicaron con facilidad. Como era invierno, el apartamento ten\u00eda calefacci\u00f3n de gas todo el tiempo, lo cual era importante para nosotros por el ni\u00f1o. \u00a1Lo recomendamos encarecidamente a todos los futuros hu\u00e9spedes y sin duda volveremos! \ud83d\ude42<\/div><div class='divwprsrdmore' style='opacity:0;'><span class='wprs_rd_more'>Lee mas<\/span><span class='wprs_rd_less' style='display:none;'>Leer menos<\/span><\/div>\t\t\t\t<\/div>\r\n\t\t\t\t\t\t\t\t\t\t\t\t\t\t\t\t<a href=\"https:\/\/www.airbnb.com\/rooms\/8834417\" target=\"_blank\" rel=\"nofollow noreferrer\" class=\"wprevpro_t1_site_logo_a\"><img decoding=\"async\" width=\"30\" height=\"32\" src=\"https:\/\/www.tribunj.biz\/wp-content\/plugins\/wp-review-slider-pro-premium\/public\/partials\/imgs\/airbnb_small_icon.svg?id=1\" alt=\"logo de airbnb\" class=\"wprevpro_t1_site_logo wprevsiteicon\"><\/a>\t\t\t<\/div><span class=\"wprevpro_t1_A_8\"><a href=\"https:\/\/www.airbnb.com\/users\/show\/52572931\" target=\"_blank\" rel=\"nofollow noreferrer\"><img decoding=\"async\" loading=\"lazy\" src=\"https:\/\/a0.muscache.com\/im\/pictures\/f42dc464-2ac2-4e46-a7ca-bae36f7ffb94.jpg?aki_policy=profile_x_medium\" alt=\"Robert avatar\" class=\"wprevpro_t1_IMG_4 wprevpro_avatarimg\" \/><\/a><\/span> <div class=\"wprevpro_t1_SPAN_5 wprev_preview_tcolor2_T1\"><div class=\"wprevpro_t1_rname wprevname\" >Robert<\/div><div class=\"wprev_showdate_T1 wprevdate\">1\/30\/2018<\/div> <\/div>\r\n\t\t\t\r\n\t\t<\/div>\r\n\t\t\r\n\t\t<\/div>\r\n\t<\/li><li>\t\t\t<div class=\"wprevpro_t1_outer_div w3_wprs-row wprevprodiv\">\r\n\t\t\t\t\t<div class=\"wprevpro_t1_DIV_1 w3_wprs-col l12 outerrevdiv\">\r\n\t\t\t<div class=\"indrevdiv wprevpro_t1_DIV_2 wprev_preview_bg1_T1 wprev_preview_bradius_T1\">\r\n\t\t\t\t<div class=\"indrevtxt wprevpro_t1_P_3 wprev_preview_tcolor1_T1\"><div class='readmoretextdiv indrevlineclamp' data-lines='3' data-revid='421'>\t\t\t\t\t<span class=\"wprevpro_star_imgs_T1\"><span class=\"starloc1 wprevpro_star_imgs wprevpro_star_imgsloc1\"><span class=\"svgicons svg-wprsp-star\"><\/span><span class=\"svgicons svg-wprsp-star\"><\/span><span class=\"svgicons svg-wprsp-star\"><\/span><span class=\"svgicons svg-wprsp-star\"><\/span><span class=\"svgicons svg-wprsp-star\"><\/span><\/span><\/span>La Ivana i l&#039;Ante son uns amfitrions de primera, y han fet sentir com a casa ens sap greu nom\u00e9s haver estat una nit. L&#039;apartament \u00e9s perfecte per poder visitar Tribunj i tota la zona. \u00a1Gracias por todo!<\/div><div class='divwprsrdmore' style='opacity:0;'><span class='wprs_rd_more'>Lee mas<\/span><span class='wprs_rd_less' style='display:none;'>Leer menos<\/span><\/div>\t\t\t\t<\/div>\r\n\t\t\t\t\t\t\t\t\t\t\t\t\t\t\t\t<a href=\"https:\/\/www.airbnb.com\/rooms\/16732667\" target=\"_blank\" rel=\"nofollow noreferrer\" class=\"wprevpro_t1_site_logo_a\"><img decoding=\"async\" width=\"30\" height=\"32\" src=\"https:\/\/www.tribunj.biz\/wp-content\/plugins\/wp-review-slider-pro-premium\/public\/partials\/imgs\/airbnb_small_icon.svg?id=1\" alt=\"logo de airbnb\" class=\"wprevpro_t1_site_logo wprevsiteicon\"><\/a>\t\t\t<\/div><span class=\"wprevpro_t1_A_8\"><a href=\"https:\/\/www.airbnb.com\/users\/show\/\" target=\"_blank\" rel=\"nofollow noreferrer\"><img decoding=\"async\" loading=\"lazy\" src=\"https:\/\/a0.muscache.com\/im\/pictures\/user\/9b7dbacf-b950-465b-a52d-e9a2bc328ca7.jpg?aki_policy=profile_x_medium\" alt=\"Laia Avatar\" class=\"wprevpro_t1_IMG_4 wprevpro_avatarimg\" \/><\/a><\/span> <div class=\"wprevpro_t1_SPAN_5 wprev_preview_tcolor2_T1\"><div class=\"wprevpro_t1_rname wprevname\" >Laia<\/div><div class=\"wprev_showdate_T1 wprevdate\">7\/20\/2023<\/div> <\/div>\r\n\t\t\t\r\n\t\t<\/div>\r\n\t\t\r\n\t\t<\/div>\r\n\t<\/li><li>\t\t\t<div class=\"wprevpro_t1_outer_div w3_wprs-row wprevprodiv\">\r\n\t\t\t\t\t<div class=\"wprevpro_t1_DIV_1 w3_wprs-col l12 outerrevdiv\">\r\n\t\t\t<div class=\"indrevdiv wprevpro_t1_DIV_2 wprev_preview_bg1_T1 wprev_preview_bradius_T1\">\r\n\t\t\t\t<div class=\"indrevtxt wprevpro_t1_P_3 wprev_preview_tcolor1_T1\"><div class='readmoretextdiv indrevlineclamp' data-lines='3' data-revid='234'>\t\t\t\t\t<span class=\"wprevpro_star_imgs_T1\"><span class=\"starloc1 wprevpro_star_imgs wprevpro_star_imgsloc1\"><span class=\"svgicons svg-wprsp-star\"><\/span><span class=\"svgicons svg-wprsp-star\"><\/span><span class=\"svgicons svg-wprsp-star\"><\/span><span class=\"svgicons svg-wprsp-star\"><\/span><span class=\"svgicons svg-wprsp-star\"><\/span><\/span><\/span>Sve prema dogovoru ljubazni doma\u0107ini,odli\u010dna lokacija<\/div><div class='divwprsrdmore' style='opacity:0;'><span class='wprs_rd_more'>Lee mas<\/span><span class='wprs_rd_less' style='display:none;'>Leer menos<\/span><\/div>\t\t\t\t<\/div>\r\n\t\t\t\t\t\t\t\t\t\t\t\t\t\t\t\t<a href=\"https:\/\/www.airbnb.com\/rooms\/16732667\" target=\"_blank\" rel=\"nofollow noreferrer\" class=\"wprevpro_t1_site_logo_a\"><img decoding=\"async\" width=\"30\" height=\"32\" src=\"https:\/\/www.tribunj.biz\/wp-content\/plugins\/wp-review-slider-pro-premium\/public\/partials\/imgs\/airbnb_small_icon.svg?id=1\" alt=\"logo de airbnb\" class=\"wprevpro_t1_site_logo wprevsiteicon\"><\/a>\t\t\t<\/div><span class=\"wprevpro_t1_A_8\"><a href=\"https:\/\/www.airbnb.com\/users\/show\/39685785\" target=\"_blank\" rel=\"nofollow noreferrer\"><img decoding=\"async\" loading=\"lazy\" src=\"https:\/\/a0.muscache.com\/im\/pictures\/user\/8115c7a0-399a-4fff-aaf4-2216b2acd97d.jpg?aki_policy=profile_x_medium\" alt=\"Avatar de Tomislav\" class=\"wprevpro_t1_IMG_4 wprevpro_avatarimg\" \/><\/a><\/span> <div class=\"wprevpro_t1_SPAN_5 wprev_preview_tcolor2_T1\"><div class=\"wprevpro_t1_rname wprevname\" >Tomislav<\/div><div class=\"wprev_showdate_T1 wprevdate\">7\/09\/2021<\/div> <\/div>\r\n\t\t\t\r\n\t\t<\/div>\r\n\t\t\r\n\t\t<\/div>\r\n\t<\/li><li>\t\t\t<div class=\"wprevpro_t1_outer_div w3_wprs-row wprevprodiv\">\r\n\t\t\t\t\t<div class=\"wprevpro_t1_DIV_1 w3_wprs-col l12 outerrevdiv\">\r\n\t\t\t<div class=\"indrevdiv wprevpro_t1_DIV_2 wprev_preview_bg1_T1 wprev_preview_bradius_T1\">\r\n\t\t\t\t<div class=\"indrevtxt wprevpro_t1_P_3 wprev_preview_tcolor1_T1\"><div class='readmoretextdiv indrevlineclamp' data-lines='3' data-revid='251'>\t\t\t\t\t<span class=\"wprevpro_star_imgs_T1\"><span class=\"starloc1 wprevpro_star_imgs wprevpro_star_imgsloc1\"><span class=\"svgicons svg-wprsp-star\"><\/span><span class=\"svgicons svg-wprsp-star\"><\/span><span class=\"svgicons svg-wprsp-star\"><\/span><span class=\"svgicons svg-wprsp-star\"><\/span><span class=\"svgicons svg-wprsp-star\"><\/span><\/span><\/span>Sehr nette Gastgeber und eine tolle Unterkunft. Alles war sehr sauber und die Lage ist perfekt. Vom Balkon aus lassen sich sch\u00f6ne Sonnenunterg\u00e4nge genie\u00dfen.<\/div><div class='divwprsrdmore' style='opacity:0;'><span class='wprs_rd_more'>Lee mas<\/span><span class='wprs_rd_less' style='display:none;'>Leer menos<\/span><\/div>\t\t\t\t<\/div>\r\n\t\t\t\t\t\t\t\t\t\t\t\t\t\t\t\t<a href=\"https:\/\/www.airbnb.com\/rooms\/16732667\" target=\"_blank\" rel=\"nofollow noreferrer\" class=\"wprevpro_t1_site_logo_a\"><img decoding=\"async\" width=\"30\" height=\"32\" src=\"https:\/\/www.tribunj.biz\/wp-content\/plugins\/wp-review-slider-pro-premium\/public\/partials\/imgs\/airbnb_small_icon.svg?id=1\" alt=\"logo de airbnb\" class=\"wprevpro_t1_site_logo wprevsiteicon\"><\/a>\t\t\t<\/div><span class=\"wprevpro_t1_A_8\"><a href=\"https:\/\/www.airbnb.com\/users\/show\/\" target=\"_blank\" rel=\"nofollow noreferrer\"><img decoding=\"async\" loading=\"lazy\" src=\"https:\/\/a0.muscache.com\/im\/pictures\/user\/7987025b-d34a-4c55-b9f7-666d32a2cf99.jpg?aki_policy=profile_x_medium\" alt=\"Avatar de Lucas\" class=\"wprevpro_t1_IMG_4 wprevpro_avatarimg\" \/><\/a><\/span> <div class=\"wprevpro_t1_SPAN_5 wprev_preview_tcolor2_T1\"><div class=\"wprevpro_t1_rname wprevname\" >Lucas<\/div><div class=\"wprev_showdate_T1 wprevdate\">9\/18\/2022<\/div> <\/div>\r\n\t\t\t\r\n\t\t<\/div>\r\n\t\t\r\n\t\t<\/div>\r\n\t<\/li><li>\t\t\t<div class=\"wprevpro_t1_outer_div w3_wprs-row wprevprodiv\">\r\n\t\t\t\t\t<div class=\"wprevpro_t1_DIV_1 w3_wprs-col l12 outerrevdiv\">\r\n\t\t\t<div class=\"indrevdiv wprevpro_t1_DIV_2 wprev_preview_bg1_T1 wprev_preview_bradius_T1\">\r\n\t\t\t\t<div class=\"indrevtxt wprevpro_t1_P_3 wprev_preview_tcolor1_T1\"><div class='readmoretextdiv indrevlineclamp' data-lines='3' data-revid='116'>\t\t\t\t\t<span class=\"wprevpro_star_imgs_T1\"><span class=\"starloc1 wprevpro_star_imgs wprevpro_star_imgsloc1\"><span class=\"svgicons svg-wprsp-star\"><\/span><span class=\"svgicons svg-wprsp-star\"><\/span><span class=\"svgicons svg-wprsp-star\"><\/span><span class=\"svgicons svg-wprsp-star\"><\/span><span class=\"svgicons svg-wprsp-star\"><\/span><\/span><\/span><\/div><div class='divwprsrdmore' style='opacity:0;'><span class='wprs_rd_more'>Lee mas<\/span><span class='wprs_rd_less' style='display:none;'>Leer menos<\/span><\/div>\t\t\t\t<\/div>\r\n\t\t\t\t\t\t\t\t\t\t\t\t\t\t\t\t<a href=\"https:\/\/www.facebook.com\/pg\/451509874913315\/reviews\/\" target=\"_blank\" rel=\"nofollow noreferrer\" class=\"wprevpro_t1_site_logo_a\"><img decoding=\"async\" width=\"32\" height=\"32\" src=\"https:\/\/www.tribunj.biz\/wp-content\/plugins\/wp-review-slider-pro-premium\/public\/partials\/imgs\/facebook_small_icon.svg\" alt=\"Logo de Facebook\" class=\"wprevpro_t1_site_logo wprevsiteicon\"><\/a>\t\t\t<\/div><span class=\"wprevpro_t1_A_8\"><a href=\"https:\/\/www.facebook.com\/search\/top\/?q=Silvija+G.\" target=\"_blank\" rel=\"nofollow noreferrer\"><img decoding=\"async\" loading=\"lazy\" src=\"https:\/\/platform-lookaside.fbsbx.com\/platform\/profilepic\/?psid=2511071518909126&height=100&width=100&ext=1549327171&hash=AeR5S3itwGbWzMxb\" alt=\"Silvija g. Avatar\" class=\"wprevpro_t1_IMG_4 wprevpro_avatarimg\" \/><\/a><\/span> <div class=\"wprevpro_t1_SPAN_5 wprev_preview_tcolor2_T1\"><div class=\"wprevpro_t1_rname wprevname\" >Silvija G.<\/div><div class=\"wprev_showdate_T1 wprevdate\">8\/02\/2016<\/div> <\/div>\r\n\t\t\t\r\n\t\t<\/div>\r\n\t\t\r\n\t\t<\/div>\r\n\t<\/li><li>\t\t\t<div class=\"wprevpro_t1_outer_div w3_wprs-row wprevprodiv\">\r\n\t\t\t\t\t<div class=\"wprevpro_t1_DIV_1 w3_wprs-col l12 outerrevdiv\">\r\n\t\t\t<div class=\"indrevdiv wprevpro_t1_DIV_2 wprev_preview_bg1_T1 wprev_preview_bradius_T1\">\r\n\t\t\t\t<div class=\"indrevtxt wprevpro_t1_P_3 wprev_preview_tcolor1_T1\"><div class='readmoretextdiv indrevlineclamp' data-lines='3' data-revid='518'>\t\t\t\t\t<span class=\"wprevpro_star_imgs_T1\"><span class=\"starloc1 wprevpro_star_imgs wprevpro_star_imgsloc1\"><span class=\"svgicons svg-wprsp-star\"><\/span><span class=\"svgicons svg-wprsp-star\"><\/span><span class=\"svgicons svg-wprsp-star\"><\/span><span class=\"svgicons svg-wprsp-star\"><\/span><span class=\"svgicons svg-wprsp-star\"><\/span><\/span><\/span>Odli\u010dan smje\u0161taj i lokacija - sve dostupno pje\u0161ke. Izuzetno ljubazni doma\u0107ini koji su uvijek na raspolaganju. PD \u00a1Vino je bilo super! \ud83d\ude09<\/div><div class='divwprsrdmore' style='opacity:0;'><span class='wprs_rd_more'>Lee mas<\/span><span class='wprs_rd_less' style='display:none;'>Leer menos<\/span><\/div>\t\t\t\t<\/div>\r\n\t\t\t\t\t\t\t\t\t\t\t\t\t\t\t\t<a href=\"https:\/\/www.airbnb.com\/rooms\/16732667\" target=\"_blank\" rel=\"nofollow noreferrer\" class=\"wprevpro_t1_site_logo_a\"><img decoding=\"async\" width=\"30\" height=\"32\" src=\"https:\/\/www.tribunj.biz\/wp-content\/plugins\/wp-review-slider-pro-premium\/public\/partials\/imgs\/airbnb_small_icon.svg?id=1\" alt=\"logo de airbnb\" class=\"wprevpro_t1_site_logo wprevsiteicon\"><\/a>\t\t\t<\/div><span class=\"wprevpro_t1_A_8\"><a href=\"https:\/\/www.airbnb.com\/users\/show\/\" target=\"_blank\" rel=\"nofollow noreferrer\"><img decoding=\"async\" loading=\"lazy\" src=\"https:\/\/a0.muscache.com\/im\/pictures\/user\/User-507009134\/original\/7db5b48f-21e7-453d-9719-92bac4bbfc3b.jpeg?aki_policy=profile_x_medium\" alt=\"Manuela Avatar\" class=\"wprevpro_t1_IMG_4 wprevpro_avatarimg\" \/><\/a><\/span> <div class=\"wprevpro_t1_SPAN_5 wprev_preview_tcolor2_T1\"><div class=\"wprevpro_t1_rname wprevname\" >Manuela<\/div><div class=\"wprev_showdate_T1 wprevdate\">6\/24\/2024<\/div> <\/div>\r\n\t\t\t\r\n\t\t<\/div>\r\n\t\t\r\n\t\t<\/div>\r\n\t<\/li><li>\t\t\t<div class=\"wprevpro_t1_outer_div w3_wprs-row wprevprodiv\">\r\n\t\t\t\t\t<div class=\"wprevpro_t1_DIV_1 w3_wprs-col l12 outerrevdiv\">\r\n\t\t\t<div class=\"indrevdiv wprevpro_t1_DIV_2 wprev_preview_bg1_T1 wprev_preview_bradius_T1\">\r\n\t\t\t\t<div class=\"indrevtxt wprevpro_t1_P_3 wprev_preview_tcolor1_T1\"><div class='readmoretextdiv indrevlineclamp' data-lines='3' data-revid='516'>\t\t\t\t\t<span class=\"wprevpro_star_imgs_T1\"><span class=\"starloc1 wprevpro_star_imgs wprevpro_star_imgsloc1\"><span class=\"svgicons svg-wprsp-star\"><\/span><span class=\"svgicons svg-wprsp-star\"><\/span><span class=\"svgicons svg-wprsp-star\"><\/span><span class=\"svgicons svg-wprsp-star\"><\/span><span class=\"svgicons svg-wprsp-star-o\"><\/span><\/span><\/span>Alles gut und sauber\ud83d\ude42<\/div><div class='divwprsrdmore' style='opacity:0;'><span class='wprs_rd_more'>Lee mas<\/span><span class='wprs_rd_less' style='display:none;'>Leer menos<\/span><\/div>\t\t\t\t<\/div>\r\n\t\t\t\t\t\t\t\t\t\t\t\t\t\t\t\t<a href=\"https:\/\/www.airbnb.com\/rooms\/16732667\" target=\"_blank\" rel=\"nofollow noreferrer\" class=\"wprevpro_t1_site_logo_a\"><img decoding=\"async\" width=\"30\" height=\"32\" src=\"https:\/\/www.tribunj.biz\/wp-content\/plugins\/wp-review-slider-pro-premium\/public\/partials\/imgs\/airbnb_small_icon.svg?id=1\" alt=\"logo de airbnb\" class=\"wprevpro_t1_site_logo wprevsiteicon\"><\/a>\t\t\t<\/div><span class=\"wprevpro_t1_A_8\"><a href=\"https:\/\/www.airbnb.com\/users\/show\/\" target=\"_blank\" rel=\"nofollow noreferrer\"><img decoding=\"async\" loading=\"lazy\" src=\"https:\/\/a0.muscache.com\/im\/pictures\/user\/b7599707-fc12-47f7-ab5d-cfa36a7e10bb.jpg?aki_policy=profile_x_medium\" alt=\"Avatar de Flo\" class=\"wprevpro_t1_IMG_4 wprevpro_avatarimg\" \/><\/a><\/span> <div class=\"wprevpro_t1_SPAN_5 wprev_preview_tcolor2_T1\"><div class=\"wprevpro_t1_rname wprevname\" >Flo<\/div><div class=\"wprev_showdate_T1 wprevdate\">7\/08\/2024<\/div> <\/div>\r\n\t\t\t\r\n\t\t<\/div>\r\n\t\t\r\n\t\t<\/div>\r\n\t<\/li><li>\t\t\t<div class=\"wprevpro_t1_outer_div w3_wprs-row wprevprodiv\">\r\n\t\t\t\t\t<div class=\"wprevpro_t1_DIV_1 w3_wprs-col l12 outerrevdiv\">\r\n\t\t\t<div class=\"indrevdiv wprevpro_t1_DIV_2 wprev_preview_bg1_T1 wprev_preview_bradius_T1\">\r\n\t\t\t\t<div class=\"indrevtxt wprevpro_t1_P_3 wprev_preview_tcolor1_T1\"><div class='readmoretextdiv indrevlineclamp' data-lines='3' data-revid='28'>\t\t\t\t\t<span class=\"wprevpro_star_imgs_T1\"><span class=\"starloc1 wprevpro_star_imgs wprevpro_star_imgsloc1\"><span class=\"svgicons svg-wprsp-star\"><\/span><span class=\"svgicons svg-wprsp-star\"><\/span><span class=\"svgicons svg-wprsp-star\"><\/span><span class=\"svgicons svg-wprsp-star\"><\/span><span class=\"svgicons svg-wprsp-star\"><\/span><\/span><\/span>Meine geliebte zweite Heimat ... Sehr liebe Menschen, sch\u00f6nes St\u00e4dtchen, gutes Essen ... &lt;3<\/div><div class='divwprsrdmore' style='opacity:0;'><span class='wprs_rd_more'>Lee mas<\/span><span class='wprs_rd_less' style='display:none;'>Leer menos<\/span><\/div>\t\t\t\t<\/div>\r\n\t\t\t\t\t\t\t\t\t\t\t\t\t\t\t\t<a href=\"https:\/\/www.facebook.com\/pg\/451509874913315\/reviews\/\" target=\"_blank\" rel=\"nofollow noreferrer\" class=\"wprevpro_t1_site_logo_a\"><img decoding=\"async\" width=\"32\" height=\"32\" src=\"https:\/\/www.tribunj.biz\/wp-content\/plugins\/wp-review-slider-pro-premium\/public\/partials\/imgs\/facebook_small_icon.svg\" alt=\"Logo de Facebook\" class=\"wprevpro_t1_site_logo wprevsiteicon\"><\/a>\t\t\t<\/div><span class=\"wprevpro_t1_A_8\"><a href=\"https:\/\/www.facebook.com\/search\/top\/?q=Mihaela+Grinschgl+Auerbach\" target=\"_blank\" rel=\"nofollow noreferrer\"><img decoding=\"async\" loading=\"lazy\" src=\"https:\/\/scontent-frx5-1.xx.fbcdn.net\/v\/t1.0-1\/p50x50\/22308866_1413968768652063_7620663455440915536_n.jpg?_nc_cat=0&amp;oh=c1ecfd8690307f30ddfab7076e8931f0&amp;oe=5C105B57\" alt=\"Mihaela Grinschgl Auerbach Avatar\" class=\"wprevpro_t1_IMG_4 wprevpro_avatarimg\" \/><\/a><\/span> <div class=\"wprevpro_t1_SPAN_5 wprev_preview_tcolor2_T1\"><div class=\"wprevpro_t1_rname wprevname\" >Mihaela Grinschgl Auerbach<\/div><div class=\"wprev_showdate_T1 wprevdate\">9\/01\/2017<\/div> <\/div>\r\n\t\t\t\r\n\t\t<\/div>\r\n\t\t\r\n\t\t<\/div>\r\n\t<\/li><li>\t\t\t<div class=\"wprevpro_t1_outer_div w3_wprs-row wprevprodiv\">\r\n\t\t\t\t\t<div class=\"wprevpro_t1_DIV_1 w3_wprs-col l12 outerrevdiv\">\r\n\t\t\t<div class=\"indrevdiv wprevpro_t1_DIV_2 wprev_preview_bg1_T1 wprev_preview_bradius_T1\">\r\n\t\t\t\t<div class=\"indrevtxt wprevpro_t1_P_3 wprev_preview_tcolor1_T1\"><div class='readmoretextdiv indrevlineclamp' data-lines='3' data-revid='91'>\t\t\t\t\t<span class=\"wprevpro_star_imgs_T1\"><span class=\"starloc1 wprevpro_star_imgs wprevpro_star_imgsloc1\"><span class=\"svgicons svg-wprsp-star\"><\/span><span class=\"svgicons svg-wprsp-star\"><\/span><span class=\"svgicons svg-wprsp-star\"><\/span><span class=\"svgicons svg-wprsp-star\"><\/span><span class=\"svgicons svg-wprsp-star\"><\/span><\/span><\/span>Fue soll man sagen. Tribunj ist unsere zweite Heimat geworden!<\/div><div class='divwprsrdmore' style='opacity:0;'><span class='wprs_rd_more'>Lee mas<\/span><span class='wprs_rd_less' style='display:none;'>Leer menos<\/span><\/div>\t\t\t\t<\/div>\r\n\t\t\t\t\t\t\t\t\t\t\t\t\t\t\t\t<a href=\"https:\/\/www.facebook.com\/pg\/451509874913315\/reviews\/\" target=\"_blank\" rel=\"nofollow noreferrer\" class=\"wprevpro_t1_site_logo_a\"><img decoding=\"async\" width=\"32\" height=\"32\" src=\"https:\/\/www.tribunj.biz\/wp-content\/plugins\/wp-review-slider-pro-premium\/public\/partials\/imgs\/facebook_small_icon.svg\" alt=\"Logo de Facebook\" class=\"wprevpro_t1_site_logo wprevsiteicon\"><\/a>\t\t\t<\/div><span class=\"wprevpro_t1_A_8\"><a href=\"https:\/\/www.facebook.com\/search\/top\/?q=Hans+G.\" target=\"_blank\" rel=\"nofollow noreferrer\"><img decoding=\"async\" loading=\"lazy\" src=\"https:\/\/platform-lookaside.fbsbx.com\/platform\/profilepic\/?psid=2394188150656142&height=100&width=100&ext=1549327161&hash=AeSNonPW-Qp5z0NA\" alt=\"Hans G. Avatar\" class=\"wprevpro_t1_IMG_4 wprevpro_avatarimg\" \/><\/a><\/span> <div class=\"wprevpro_t1_SPAN_5 wprev_preview_tcolor2_T1\"><div class=\"wprevpro_t1_rname wprevname\" >Hans G.<\/div><div class=\"wprev_showdate_T1 wprevdate\">10\/08\/2017<\/div> <\/div>\r\n\t\t\t\r\n\t\t<\/div>\r\n\t\t\r\n\t\t<\/div>\r\n\t<\/li><li>\t\t\t<div class=\"wprevpro_t1_outer_div w3_wprs-row wprevprodiv\">\r\n\t\t\t\t\t<div class=\"wprevpro_t1_DIV_1 w3_wprs-col l12 outerrevdiv\">\r\n\t\t\t<div class=\"indrevdiv wprevpro_t1_DIV_2 wprev_preview_bg1_T1 wprev_preview_bradius_T1\">\r\n\t\t\t\t<div class=\"indrevtxt wprevpro_t1_P_3 wprev_preview_tcolor1_T1\"><div class='readmoretextdiv indrevlineclamp' data-lines='3' data-revid='70'>\t\t\t\t\t<span class=\"wprevpro_star_imgs_T1\"><span class=\"starloc1 wprevpro_star_imgs wprevpro_star_imgsloc1\"><span class=\"svgicons svg-wprsp-star\"><\/span><span class=\"svgicons svg-wprsp-star\"><\/span><span class=\"svgicons svg-wprsp-star\"><\/span><span class=\"svgicons svg-wprsp-star\"><\/span><span class=\"svgicons svg-wprsp-star\"><\/span><\/span><\/span>Habitaci\u00f3n muy limpia, hermosa vista desde el balc\u00f3n. Los anfitriones son muy amables y serviciales. Esperamos volver. Sinceramente, lo recomendamos a todos! <br>\n<br>\nWszystkim szczerze polecamy, naprawd\u0119 czysto i wspania\u0142y widok z balkonu, gospodarze pomocni, jak dla nas najlepsza miejsc\u00f3wka w Tribunj.<\/div><div class='divwprsrdmore' style='opacity:0;'><span class='wprs_rd_more'>Lee mas<\/span><span class='wprs_rd_less' style='display:none;'>Leer menos<\/span><\/div>\t\t\t\t<\/div>\r\n\t\t\t\t\t\t\t\t\t\t\t\t\t\t\t\t<a href=\"https:\/\/www.airbnb.com\/rooms\/16732667\" target=\"_blank\" rel=\"nofollow noreferrer\" class=\"wprevpro_t1_site_logo_a\"><img decoding=\"async\" width=\"30\" height=\"32\" src=\"https:\/\/www.tribunj.biz\/wp-content\/plugins\/wp-review-slider-pro-premium\/public\/partials\/imgs\/airbnb_small_icon.svg?id=1\" alt=\"logo de airbnb\" class=\"wprevpro_t1_site_logo wprevsiteicon\"><\/a>\t\t\t<\/div><span class=\"wprevpro_t1_A_8\"><a href=\"https:\/\/www.airbnb.com\/users\/show\/68092846\" target=\"_blank\" rel=\"nofollow noreferrer\"><img decoding=\"async\" loading=\"lazy\" src=\"https:\/\/a0.muscache.com\/im\/pictures\/e32ec080-f3cc-4a18-b7dd-6beb76511fad.jpg?aki_policy=profile_x_medium\" alt=\"Dominik avatar\" class=\"wprevpro_t1_IMG_4 wprevpro_avatarimg\" \/><\/a><\/span> <div class=\"wprevpro_t1_SPAN_5 wprev_preview_tcolor2_T1\"><div class=\"wprevpro_t1_rname wprevname\" >Dominik<\/div><div class=\"wprev_showdate_T1 wprevdate\">8\/05\/2018<\/div> <\/div>\r\n\t\t\t\r\n\t\t<\/div>\r\n\t\t\r\n\t\t<\/div>\r\n\t<\/li><li>\t\t\t<div class=\"wprevpro_t1_outer_div w3_wprs-row wprevprodiv\">\r\n\t\t\t\t\t<div class=\"wprevpro_t1_DIV_1 w3_wprs-col l12 outerrevdiv\">\r\n\t\t\t<div class=\"indrevdiv wprevpro_t1_DIV_2 wprev_preview_bg1_T1 wprev_preview_bradius_T1\">\r\n\t\t\t\t<div class=\"indrevtxt wprevpro_t1_P_3 wprev_preview_tcolor1_T1\"><div class='readmoretextdiv indrevlineclamp' data-lines='3' data-revid='4'>\t\t\t\t\t<span class=\"wprevpro_star_imgs_T1\"><span class=\"starloc1 wprevpro_star_imgs wprevpro_star_imgsloc1\"><span class=\"svgicons svg-wprsp-star\"><\/span><span class=\"svgicons svg-wprsp-star\"><\/span><span class=\"svgicons svg-wprsp-star\"><\/span><span class=\"svgicons svg-wprsp-star\"><\/span><span class=\"svgicons svg-wprsp-star\"><\/span><\/span><\/span>Apartamentos limpios con una vista preciosa. Due\u00f1os muy hospitalarios \ud83d\ude42<\/div><div class='divwprsrdmore' style='opacity:0;'><span class='wprs_rd_more'>Lee mas<\/span><span class='wprs_rd_less' style='display:none;'>Leer menos<\/span><\/div>\t\t\t\t<\/div>\r\n\t\t\t\t\t\t\t\t\t\t\t\t\t\t\t\t<a href=\"https:\/\/maps.google.com\/?cid=5921528500927293870\" target=\"_blank\" rel=\"nofollow noreferrer\" class=\"wprevpro_t1_site_logo_a\"><img decoding=\"async\" width=\"32\" height=\"32\" src=\"https:\/\/www.tribunj.biz\/wp-content\/plugins\/wp-review-slider-pro-premium\/public\/partials\/imgs\/google_small_icon.svg\" alt=\"Logotipo de Google\" class=\"wprevpro_t1_site_logo wprevsiteicon\"><\/a>\t\t\t<\/div><span class=\"wprevpro_t1_A_8\"><a href=\"https:\/\/www.google.com\/maps\/contrib\/114230249726984446019\" target=\"_blank\" rel=\"nofollow noreferrer\"><img decoding=\"async\" loading=\"lazy\" src=\"https:\/\/lh4.googleusercontent.com\/-OKPBPsBYOsQ\/AAAAAAAAAAI\/AAAAAAAAAAA\/-ezoOcuUWXA\/s128-c0x00000000-cc-rp-mo\/photo.jpg?sz=100\" alt=\"Marko \u010ci\u010dak Avatar\" class=\"wprevpro_t1_IMG_4 wprevpro_avatarimg\" \/><\/a><\/span> <div class=\"wprevpro_t1_SPAN_5 wprev_preview_tcolor2_T1\"><div class=\"wprevpro_t1_rname wprevname\" >Marko \u010ci\u010dak<\/div><div class=\"wprev_showdate_T1 wprevdate\">1\/19\/2017<\/div> <\/div>\r\n\t\t\t\r\n\t\t<\/div>\r\n\t\t\r\n\t\t<\/div>\r\n\t<\/li><li>\t\t\t<div class=\"wprevpro_t1_outer_div w3_wprs-row wprevprodiv\">\r\n\t\t\t\t\t<div class=\"wprevpro_t1_DIV_1 w3_wprs-col l12 outerrevdiv\">\r\n\t\t\t<div class=\"indrevdiv wprevpro_t1_DIV_2 wprev_preview_bg1_T1 wprev_preview_bradius_T1\">\r\n\t\t\t\t<div class=\"indrevtxt wprevpro_t1_P_3 wprev_preview_tcolor1_T1\"><div class='readmoretextdiv indrevlineclamp' data-lines='3' data-revid='136'>\t\t\t\t\t<span class=\"wprevpro_star_imgs_T1\"><span class=\"starloc1 wprevpro_star_imgs wprevpro_star_imgsloc1\"><span class=\"svgicons svg-wprsp-star\"><\/span><span class=\"svgicons svg-wprsp-star\"><\/span><span class=\"svgicons svg-wprsp-star\"><\/span><span class=\"svgicons svg-wprsp-star\"><\/span><span class=\"svgicons svg-wprsp-star\"><\/span><\/span><\/span>Apartamento superior<\/div><div class='divwprsrdmore' style='opacity:0;'><span class='wprs_rd_more'>Lee mas<\/span><span class='wprs_rd_less' style='display:none;'>Leer menos<\/span><\/div>\t\t\t\t<\/div>\r\n\t\t\t\t\t\t\t\t\t\t\t\t\t\t\t\t<a href=\"https:\/\/www.airbnb.com\/rooms\/8836313\" target=\"_blank\" rel=\"nofollow noreferrer\" class=\"wprevpro_t1_site_logo_a\"><img decoding=\"async\" width=\"30\" height=\"32\" src=\"https:\/\/www.tribunj.biz\/wp-content\/plugins\/wp-review-slider-pro-premium\/public\/partials\/imgs\/airbnb_small_icon.svg?id=1\" alt=\"logo de airbnb\" class=\"wprevpro_t1_site_logo wprevsiteicon\"><\/a>\t\t\t<\/div><span class=\"wprevpro_t1_A_8\"><a href=\"https:\/\/www.airbnb.com\/users\/show\/274946430\" target=\"_blank\" rel=\"nofollow noreferrer\"><img decoding=\"async\" loading=\"lazy\" src=\"https:\/\/a0.muscache.com\/im\/pictures\/user\/393125e4-0cc5-4709-b2f0-774f70b68b3f.jpg?aki_policy=profile_x_medium\" alt=\"Denise Avatar\" class=\"wprevpro_t1_IMG_4 wprevpro_avatarimg\" \/><\/a><\/span> <div class=\"wprevpro_t1_SPAN_5 wprev_preview_tcolor2_T1\"><div class=\"wprevpro_t1_rname wprevname\" >Denise<\/div><div class=\"wprev_showdate_T1 wprevdate\">6\/19\/2020<\/div> <\/div>\r\n\t\t\t\r\n\t\t<\/div>\r\n\t\t\r\n\t\t<\/div>\r\n\t<\/li><li>\t\t\t<div class=\"wprevpro_t1_outer_div w3_wprs-row wprevprodiv\">\r\n\t\t\t\t\t<div class=\"wprevpro_t1_DIV_1 w3_wprs-col l12 outerrevdiv\">\r\n\t\t\t<div class=\"indrevdiv wprevpro_t1_DIV_2 wprev_preview_bg1_T1 wprev_preview_bradius_T1\">\r\n\t\t\t\t<div class=\"indrevtxt wprevpro_t1_P_3 wprev_preview_tcolor1_T1\"><div class='readmoretextdiv indrevlineclamp' data-lines='3' data-revid='231'>\t\t\t\t\t<span class=\"wprevpro_star_imgs_T1\"><span class=\"starloc1 wprevpro_star_imgs wprevpro_star_imgsloc1\"><span class=\"svgicons svg-wprsp-star\"><\/span><span class=\"svgicons svg-wprsp-star\"><\/span><span class=\"svgicons svg-wprsp-star\"><\/span><span class=\"svgicons svg-wprsp-star\"><\/span><span class=\"svgicons svg-wprsp-star\"><\/span><\/span><\/span>diskretni, mladi, ljubazni, profesionalni i proaktivni vlasnici, izvrsna \u010disto\u0107a, solidna opremljenost, jako udoban krevet, mir i dobra lokacija...Preporuka u svakom slu\u010daju<\/div><div class='divwprsrdmore' style='opacity:0;'><span class='wprs_rd_more'>Lee mas<\/span><span class='wprs_rd_less' style='display:none;'>Leer menos<\/span><\/div>\t\t\t\t<\/div>\r\n\t\t\t\t\t\t\t\t\t\t\t\t\t\t\t\t<a href=\"https:\/\/www.airbnb.com\/rooms\/16732667\" target=\"_blank\" rel=\"nofollow noreferrer\" class=\"wprevpro_t1_site_logo_a\"><img decoding=\"async\" width=\"30\" height=\"32\" src=\"https:\/\/www.tribunj.biz\/wp-content\/plugins\/wp-review-slider-pro-premium\/public\/partials\/imgs\/airbnb_small_icon.svg?id=1\" alt=\"logo de airbnb\" class=\"wprevpro_t1_site_logo wprevsiteicon\"><\/a>\t\t\t<\/div><span class=\"wprevpro_t1_A_8\"><a href=\"https:\/\/www.airbnb.com\/users\/show\/408222115\" target=\"_blank\" rel=\"nofollow noreferrer\"><img decoding=\"async\" loading=\"lazy\" src=\"https:\/\/a0.muscache.com\/defaults\/user_pic-225x225.png?v=3\" alt=\"Sandra Avatar\" class=\"wprevpro_t1_IMG_4 wprevpro_avatarimg\" \/><\/a><\/span> <div class=\"wprevpro_t1_SPAN_5 wprev_preview_tcolor2_T1\"><div class=\"wprevpro_t1_rname wprevname\" >Sandra<\/div><div class=\"wprev_showdate_T1 wprevdate\">8\/15\/2021<\/div> <\/div>\r\n\t\t\t\r\n\t\t<\/div>\r\n\t\t\r\n\t\t<\/div>\r\n\t<\/li><li>\t\t\t<div class=\"wprevpro_t1_outer_div w3_wprs-row wprevprodiv\">\r\n\t\t\t\t\t<div class=\"wprevpro_t1_DIV_1 w3_wprs-col l12 outerrevdiv\">\r\n\t\t\t<div class=\"indrevdiv wprevpro_t1_DIV_2 wprev_preview_bg1_T1 wprev_preview_bradius_T1\">\r\n\t\t\t\t<div class=\"indrevtxt wprevpro_t1_P_3 wprev_preview_tcolor1_T1\"><div class='readmoretextdiv indrevlineclamp' data-lines='3' data-revid='78'>\t\t\t\t\t<span class=\"wprevpro_star_imgs_T1\"><span class=\"starloc1 wprevpro_star_imgs wprevpro_star_imgsloc1\"><span class=\"svgicons svg-wprsp-star\"><\/span><span class=\"svgicons svg-wprsp-star\"><\/span><span class=\"svgicons svg-wprsp-star\"><\/span><span class=\"svgicons svg-wprsp-star\"><\/span><span class=\"svgicons svg-wprsp-star-o\"><\/span><\/span><\/span>Das Zimmer hat eine sehr gut Lage direkt am Yachthafen mit Blick auf die Boote. In wenigen Minuten ist man zu Fu\u00df an der gegen\u00fcberleigenden Seite mit den vielen Bars and Restaurant, wo das Nachtleben von Tribunj tobt. La guerra de Toben nos gan\u00f3 3-t\u00e4gigen Aufenthaltes das richtige Wort, denn wir &quot;gerieten&quot; voll in das traditionalelle Eselrennen von Tribunj, ein Volksfest, bei dem bis nachts um 2 die Post abging. Deshalb war is auch im Zimmer recht laut, was uns aber nicht wirklich st\u00f6rte. <br>\nDas Zimmer es uno de ellos, se trata de un esquema de M\u00f6bel, de M\u00f6bel schon etwas betagt, de Aber den sensationellen Preis darf man auch nicht mehr erwarten. F\u00fcr 3 Tage haben wir ca. 90 euros bezahlt - zu zweit. Im Zimmer gab is noch einen K\u00fchlschrank, das Bad war \u00fcbern Flur. Unser Auto konnten wir auf dem Grundst\u00fcck parken. Alles in allem waren wir serh zufrieden, zumal der Ort Tribunj strategisch g\u00fcnstig f\u00fcr Ausfl\u00fcge in die Nationalparks Krka und Kornati liegt.<\/div><div class='divwprsrdmore' style='opacity:0;'><span class='wprs_rd_more'>Lee mas<\/span><span class='wprs_rd_less' style='display:none;'>Leer menos<\/span><\/div>\t\t\t\t<\/div>\r\n\t\t\t\t\t\t\t\t\t\t\t\t\t\t\t\t<a href=\"https:\/\/www.airbnb.com\/rooms\/16732667\" target=\"_blank\" rel=\"nofollow noreferrer\" class=\"wprevpro_t1_site_logo_a\"><img decoding=\"async\" width=\"30\" height=\"32\" src=\"https:\/\/www.tribunj.biz\/wp-content\/plugins\/wp-review-slider-pro-premium\/public\/partials\/imgs\/airbnb_small_icon.svg?id=1\" alt=\"logo de airbnb\" class=\"wprevpro_t1_site_logo wprevsiteicon\"><\/a>\t\t\t<\/div><span class=\"wprevpro_t1_A_8\"><a href=\"https:\/\/www.airbnb.com\/users\/show\/18961095\" target=\"_blank\" rel=\"nofollow noreferrer\"><img decoding=\"async\" loading=\"lazy\" src=\"https:\/\/a0.muscache.com\/im\/users\/18961095\/profile_pic\/1406538804\/original.jpg?aki_policy=profile_x_medium\" alt=\"Frank avatar\" class=\"wprevpro_t1_IMG_4 wprevpro_avatarimg\" \/><\/a><\/span> <div class=\"wprevpro_t1_SPAN_5 wprev_preview_tcolor2_T1\"><div class=\"wprevpro_t1_rname wprevname\" >Franco<\/div><div class=\"wprev_showdate_T1 wprevdate\">8\/03\/2017<\/div> <\/div>\r\n\t\t\t\r\n\t\t<\/div>\r\n\t\t\r\n\t\t<\/div>\r\n\t<\/li><li>\t\t\t<div class=\"wprevpro_t1_outer_div w3_wprs-row wprevprodiv\">\r\n\t\t\t\t\t<div class=\"wprevpro_t1_DIV_1 w3_wprs-col l12 outerrevdiv\">\r\n\t\t\t<div class=\"indrevdiv wprevpro_t1_DIV_2 wprev_preview_bg1_T1 wprev_preview_bradius_T1\">\r\n\t\t\t\t<div class=\"indrevtxt wprevpro_t1_P_3 wprev_preview_tcolor1_T1\"><div class='readmoretextdiv indrevlineclamp' data-lines='3' data-revid='72'>\t\t\t\t\t<span class=\"wprevpro_star_imgs_T1\"><span class=\"starloc1 wprevpro_star_imgs wprevpro_star_imgsloc1\"><span class=\"svgicons svg-wprsp-star\"><\/span><span class=\"svgicons svg-wprsp-star\"><\/span><span class=\"svgicons svg-wprsp-star\"><\/span><span class=\"svgicons svg-wprsp-star\"><\/span><span class=\"svgicons svg-wprsp-star\"><\/span><\/span><\/span>Coole Leute, todo est\u00e1 bien<\/div><div class='divwprsrdmore' style='opacity:0;'><span class='wprs_rd_more'>Lee mas<\/span><span class='wprs_rd_less' style='display:none;'>Leer menos<\/span><\/div>\t\t\t\t<\/div>\r\n\t\t\t\t\t\t\t\t\t\t\t\t\t\t\t\t<a href=\"https:\/\/www.airbnb.com\/rooms\/16732667\" target=\"_blank\" rel=\"nofollow noreferrer\" class=\"wprevpro_t1_site_logo_a\"><img decoding=\"async\" width=\"30\" height=\"32\" src=\"https:\/\/www.tribunj.biz\/wp-content\/plugins\/wp-review-slider-pro-premium\/public\/partials\/imgs\/airbnb_small_icon.svg?id=1\" alt=\"logo de airbnb\" class=\"wprevpro_t1_site_logo wprevsiteicon\"><\/a>\t\t\t<\/div><span class=\"wprevpro_t1_A_8\"><a href=\"https:\/\/www.airbnb.com\/users\/show\/193142938\" target=\"_blank\" rel=\"nofollow noreferrer\"><img decoding=\"async\" loading=\"lazy\" src=\"https:\/\/a0.muscache.com\/im\/pictures\/user\/722bb659-bc53-4296-9d87-2ea495124250.jpg?aki_policy=profile_x_medium\" alt=\"Fredi Avatar\" class=\"wprevpro_t1_IMG_4 wprevpro_avatarimg\" \/><\/a><\/span> <div class=\"wprevpro_t1_SPAN_5 wprev_preview_tcolor2_T1\"><div class=\"wprevpro_t1_rname wprevname\" >Fredi<\/div><div class=\"wprev_showdate_T1 wprevdate\">6\/18\/2018<\/div> <\/div>\r\n\t\t\t\r\n\t\t<\/div>\r\n\t\t\r\n\t\t<\/div>\r\n\t<\/li><li>\t\t\t<div class=\"wprevpro_t1_outer_div w3_wprs-row wprevprodiv\">\r\n\t\t\t\t\t<div class=\"wprevpro_t1_DIV_1 w3_wprs-col l12 outerrevdiv\">\r\n\t\t\t<div class=\"indrevdiv wprevpro_t1_DIV_2 wprev_preview_bg1_T1 wprev_preview_bradius_T1\">\r\n\t\t\t\t<div class=\"indrevtxt wprevpro_t1_P_3 wprev_preview_tcolor1_T1\"><div class='readmoretextdiv indrevlineclamp' data-lines='3' data-revid='517'>\t\t\t\t\t<span class=\"wprevpro_star_imgs_T1\"><span class=\"starloc1 wprevpro_star_imgs wprevpro_star_imgsloc1\"><span class=\"svgicons svg-wprsp-star\"><\/span><span class=\"svgicons svg-wprsp-star\"><\/span><span class=\"svgicons svg-wprsp-star\"><\/span><span class=\"svgicons svg-wprsp-star\"><\/span><span class=\"svgicons svg-wprsp-star\"><\/span><\/span><\/span>Wir haben uns in der Unterkunft direkt sehr wohl gef\u00fchlt. Alles war so wie beschrieben und wir hatten eine sehr sch\u00f6ne Aussicht auf den Hafen. Sch\u00f6ne Str\u00e4nde waren in der Umgebung mit dem Auto gut zu erreichen. Die Gastgeber waren wirklich super freundlich und hilfsbereit! \ud83d\ude0a Bei Fragen immer erreichbar und sehr zuvorkommend. Alles Top\ud83d\udc4d\ud83c\udffb Ich kann es nur weiterempfehlen und wir kommen gerne wieder \u2600\ufe0f\ud83d\ude04<\/div><div class='divwprsrdmore' style='opacity:0;'><span class='wprs_rd_more'>Lee mas<\/span><span class='wprs_rd_less' style='display:none;'>Leer menos<\/span><\/div>\t\t\t\t<\/div>\r\n\t\t\t\t\t\t\t\t\t\t\t\t\t\t\t\t<a href=\"https:\/\/www.airbnb.com\/rooms\/16732667\" target=\"_blank\" rel=\"nofollow noreferrer\" class=\"wprevpro_t1_site_logo_a\"><img decoding=\"async\" width=\"30\" height=\"32\" src=\"https:\/\/www.tribunj.biz\/wp-content\/plugins\/wp-review-slider-pro-premium\/public\/partials\/imgs\/airbnb_small_icon.svg?id=1\" alt=\"logo de airbnb\" class=\"wprevpro_t1_site_logo wprevsiteicon\"><\/a>\t\t\t<\/div><span class=\"wprevpro_t1_A_8\"><a href=\"https:\/\/www.airbnb.com\/users\/show\/\" target=\"_blank\" rel=\"nofollow noreferrer\"><img decoding=\"async\" loading=\"lazy\" src=\"https:\/\/a0.muscache.com\/im\/pictures\/user\/93071fe8-514c-4ef3-95c4-dc41e03eb388.jpg?aki_policy=profile_x_medium\" alt=\"Le\u00f3n Avatar\" class=\"wprevpro_t1_IMG_4 wprevpro_avatarimg\" \/><\/a><\/span> <div class=\"wprevpro_t1_SPAN_5 wprev_preview_tcolor2_T1\"><div class=\"wprevpro_t1_rname wprevname\" >Le\u00f3n<\/div><div class=\"wprev_showdate_T1 wprevdate\">7\/02\/2024<\/div> <\/div>\r\n\t\t\t\r\n\t\t<\/div>\r\n\t\t\r\n\t\t<\/div>\r\n\t<\/li><li>\t\t\t<div class=\"wprevpro_t1_outer_div w3_wprs-row wprevprodiv\">\r\n\t\t\t\t\t<div class=\"wprevpro_t1_DIV_1 w3_wprs-col l12 outerrevdiv\">\r\n\t\t\t<div class=\"indrevdiv wprevpro_t1_DIV_2 wprev_preview_bg1_T1 wprev_preview_bradius_T1\">\r\n\t\t\t\t<div class=\"indrevtxt wprevpro_t1_P_3 wprev_preview_tcolor1_T1\"><div class='readmoretextdiv indrevlineclamp' data-lines='3' data-revid='557'>\t\t\t\t\t<span class=\"wprevpro_star_imgs_T1\"><span class=\"starloc1 wprevpro_star_imgs wprevpro_star_imgsloc1\"><span class=\"svgicons svg-wprsp-star\"><\/span><span class=\"svgicons svg-wprsp-star\"><\/span><span class=\"svgicons svg-wprsp-star\"><\/span><span class=\"svgicons svg-wprsp-star\"><\/span><span class=\"svgicons svg-wprsp-star\"><\/span><\/span><\/span>Alojamiento peque\u00f1o y elegante con magn\u00edficas vistas al puerto y a la peque\u00f1a isla de enfrente. Tiendas, paseos y ba\u00f1os a poca distancia. El propietario es encantador y amable; todo fue muy sencillo.<\/div><div class='divwprsrdmore' style='opacity:0;'><span class='wprs_rd_more'>Lee mas<\/span><span class='wprs_rd_less' style='display:none;'>Leer menos<\/span><\/div>\t\t\t\t<\/div>\r\n\t\t\t\t\t\t\t\t\t\t\t\t\t\t\t\t<a href=\"https:\/\/www.airbnb.com\/rooms\/16732667\" target=\"_blank\" rel=\"nofollow noreferrer\" class=\"wprevpro_t1_site_logo_a\"><img decoding=\"async\" width=\"30\" height=\"32\" src=\"https:\/\/www.tribunj.biz\/wp-content\/plugins\/wp-review-slider-pro-premium\/public\/partials\/imgs\/airbnb_small_icon.svg?id=1\" alt=\"logo de airbnb\" class=\"wprevpro_t1_site_logo wprevsiteicon\"><\/a>\t\t\t<\/div><span class=\"wprevpro_t1_A_8\"><a href=\"https:\/\/www.airbnb.com\/users\/show\/\" target=\"_blank\" rel=\"nofollow noreferrer\"><img decoding=\"async\" loading=\"lazy\" src=\"https:\/\/s3-media0.fl.yelpcdn.com\/assets\/srv0\/yelp_styleguide\/514f6997a318\/assets\/img\/default_avatars\/user_60_square.png\" alt=\"Frank avatar\" class=\"wprevpro_t1_IMG_4 wprevpro_avatarimg\" \/><\/a><\/span> <div class=\"wprevpro_t1_SPAN_5 wprev_preview_tcolor2_T1\"><div class=\"wprevpro_t1_rname wprevname\" >Franco<\/div><div class=\"wprev_showdate_T1 wprevdate\">10\/01\/2023<\/div> <\/div>\r\n\t\t\t\r\n\t\t<\/div>\r\n\t\t\r\n\t\t<\/div>\r\n\t<\/li><li>\t\t\t<div class=\"wprevpro_t1_outer_div w3_wprs-row wprevprodiv\">\r\n\t\t\t\t\t<div class=\"wprevpro_t1_DIV_1 w3_wprs-col l12 outerrevdiv\">\r\n\t\t\t<div class=\"indrevdiv wprevpro_t1_DIV_2 wprev_preview_bg1_T1 wprev_preview_bradius_T1\">\r\n\t\t\t\t<div class=\"indrevtxt wprevpro_t1_P_3 wprev_preview_tcolor1_T1\"><div class='readmoretextdiv indrevlineclamp' data-lines='3' data-revid='168'>\t\t\t\t\t<span class=\"wprevpro_star_imgs_T1\"><span class=\"starloc1 wprevpro_star_imgs wprevpro_star_imgsloc1\"><span class=\"svgicons svg-wprsp-star\"><\/span><span class=\"svgicons svg-wprsp-star\"><\/span><span class=\"svgicons svg-wprsp-star\"><\/span><span class=\"svgicons svg-wprsp-star\"><\/span><span class=\"svgicons svg-wprsp-star\"><\/span><\/span><\/span>Solo nos quedamos una noche para poder ir a las cataratas de Krka por la ma\u00f1ana. Llegamos sobre las 22:00 y fueron muy amables y nos recibieron enseguida. El alojamiento estaba cerca de restaurantes y de la gente local. Estaba limpio y las camas eran c\u00f3modas. Gracias a la anfitriona, que fue muy amable y siempre estuvo disponible.<\/div><div class='divwprsrdmore' style='opacity:0;'><span class='wprs_rd_more'>Lee mas<\/span><span class='wprs_rd_less' style='display:none;'>Leer menos<\/span><\/div>\t\t\t\t<\/div>\r\n\t\t\t\t\t\t\t\t\t\t\t\t\t\t\t\t<a href=\"https:\/\/www.airbnb.com\/rooms\/16732667\" target=\"_blank\" rel=\"nofollow noreferrer\" class=\"wprevpro_t1_site_logo_a\"><img decoding=\"async\" width=\"30\" height=\"32\" src=\"https:\/\/www.tribunj.biz\/wp-content\/plugins\/wp-review-slider-pro-premium\/public\/partials\/imgs\/airbnb_small_icon.svg?id=1\" alt=\"logo de airbnb\" class=\"wprevpro_t1_site_logo wprevsiteicon\"><\/a>\t\t\t<\/div><span class=\"wprevpro_t1_A_8\"><a href=\"https:\/\/www.airbnb.com\/users\/show\/185451482\" target=\"_blank\" rel=\"nofollow noreferrer\"><img decoding=\"async\" loading=\"lazy\" src=\"https:\/\/a0.muscache.com\/im\/pictures\/user\/d5664520-ebd3-4a3e-9e77-89c964045f18.jpg?aki_policy=profile_x_medium\" alt=\"Tina Avatar\" class=\"wprevpro_t1_IMG_4 wprevpro_avatarimg\" \/><\/a><\/span> <div class=\"wprevpro_t1_SPAN_5 wprev_preview_tcolor2_T1\"><div class=\"wprevpro_t1_rname wprevname\" >Tina<\/div><div class=\"wprev_showdate_T1 wprevdate\">6\/23\/2019<\/div> <\/div>\r\n\t\t\t\r\n\t\t<\/div>\r\n\t\t\r\n\t\t<\/div>\r\n\t<\/li><li>\t\t\t<div class=\"wprevpro_t1_outer_div w3_wprs-row wprevprodiv\">\r\n\t\t\t\t\t<div class=\"wprevpro_t1_DIV_1 w3_wprs-col l12 outerrevdiv\">\r\n\t\t\t<div class=\"indrevdiv wprevpro_t1_DIV_2 wprev_preview_bg1_T1 wprev_preview_bradius_T1\">\r\n\t\t\t\t<div class=\"indrevtxt wprevpro_t1_P_3 wprev_preview_tcolor1_T1\"><div class='readmoretextdiv indrevlineclamp' data-lines='3' data-revid='143'>\t\t\t\t\t<span class=\"wprevpro_star_imgs_T1\"><span class=\"starloc1 wprevpro_star_imgs wprevpro_star_imgsloc1\"><span class=\"svgicons svg-wprsp-star\"><\/span><span class=\"svgicons svg-wprsp-star\"><\/span><span class=\"svgicons svg-wprsp-star\"><\/span><span class=\"svgicons svg-wprsp-star\"><\/span><span class=\"svgicons svg-wprsp-star\"><\/span><\/span><\/span>El apartamento estaba en una ubicaci\u00f3n fant\u00e1stica. La habitaci\u00f3n era grande y limpia, con una vista espectacular. No ten\u00eda aire acondicionado, pero con el ventilador se puede manejar. \u00a1Lo recomiendo much\u00edsimo!<\/div><div class='divwprsrdmore' style='opacity:0;'><span class='wprs_rd_more'>Lee mas<\/span><span class='wprs_rd_less' style='display:none;'>Leer menos<\/span><\/div>\t\t\t\t<\/div>\r\n\t\t\t\t\t\t\t\t\t\t\t\t\t\t\t\t<a href=\"https:\/\/www.airbnb.com\/rooms\/16732667\" target=\"_blank\" rel=\"nofollow noreferrer\" class=\"wprevpro_t1_site_logo_a\"><img decoding=\"async\" width=\"30\" height=\"32\" src=\"https:\/\/www.tribunj.biz\/wp-content\/plugins\/wp-review-slider-pro-premium\/public\/partials\/imgs\/airbnb_small_icon.svg?id=1\" alt=\"logo de airbnb\" class=\"wprevpro_t1_site_logo wprevsiteicon\"><\/a>\t\t\t<\/div><span class=\"wprevpro_t1_A_8\"><a href=\"https:\/\/www.airbnb.com\/users\/show\/73703031\" target=\"_blank\" rel=\"nofollow noreferrer\"><img decoding=\"async\" loading=\"lazy\" src=\"https:\/\/a0.muscache.com\/im\/pictures\/user\/851f03d4-5c7b-45cf-9c3c-0d57d20639ee.jpg?aki_policy=profile_x_medium\" alt=\"Melissa Avatar\" class=\"wprevpro_t1_IMG_4 wprevpro_avatarimg\" \/><\/a><\/span> <div class=\"wprevpro_t1_SPAN_5 wprev_preview_tcolor2_T1\"><div class=\"wprevpro_t1_rname wprevname\" >Toronjil<\/div><div class=\"wprev_showdate_T1 wprevdate\">8\/23\/2020<\/div> <\/div>\r\n\t\t\t\r\n\t\t<\/div>\r\n\t\t\r\n\t\t<\/div>\r\n\t<\/li><li>\t\t\t<div class=\"wprevpro_t1_outer_div w3_wprs-row wprevprodiv\">\r\n\t\t\t\t\t<div class=\"wprevpro_t1_DIV_1 w3_wprs-col l12 outerrevdiv\">\r\n\t\t\t<div class=\"indrevdiv wprevpro_t1_DIV_2 wprev_preview_bg1_T1 wprev_preview_bradius_T1\">\r\n\t\t\t\t<div class=\"indrevtxt wprevpro_t1_P_3 wprev_preview_tcolor1_T1\"><div class='readmoretextdiv indrevlineclamp' data-lines='3' data-revid='553'>\t\t\t\t\t<span class=\"wprevpro_star_imgs_T1\"><span class=\"starloc1 wprevpro_star_imgs wprevpro_star_imgsloc1\"><span class=\"svgicons svg-wprsp-star\"><\/span><span class=\"svgicons svg-wprsp-star\"><\/span><span class=\"svgicons svg-wprsp-star\"><\/span><span class=\"svgicons svg-wprsp-star\"><\/span><span class=\"svgicons svg-wprsp-star\"><\/span><\/span><\/span>Nuestra estancia en casa de Ante e Ivana fue maravillosa. \u00a1Volveremos, gracias de nuevo!<\/div><div class='divwprsrdmore' style='opacity:0;'><span class='wprs_rd_more'>Lee mas<\/span><span class='wprs_rd_less' style='display:none;'>Leer menos<\/span><\/div>\t\t\t\t<\/div>\r\n\t\t\t\t\t\t\t\t\t\t\t\t\t\t\t\t<a href=\"https:\/\/www.airbnb.com\/rooms\/16732667\" target=\"_blank\" rel=\"nofollow noreferrer\" class=\"wprevpro_t1_site_logo_a\"><img decoding=\"async\" width=\"30\" height=\"32\" src=\"https:\/\/www.tribunj.biz\/wp-content\/plugins\/wp-review-slider-pro-premium\/public\/partials\/imgs\/airbnb_small_icon.svg?id=1\" alt=\"logo de airbnb\" class=\"wprevpro_t1_site_logo wprevsiteicon\"><\/a>\t\t\t<\/div><span class=\"wprevpro_t1_A_8\"><a href=\"https:\/\/www.airbnb.com\/users\/show\/\" target=\"_blank\" rel=\"nofollow noreferrer\"><img decoding=\"async\" loading=\"lazy\" src=\"https:\/\/s3-media0.fl.yelpcdn.com\/assets\/srv0\/yelp_styleguide\/514f6997a318\/assets\/img\/default_avatars\/user_60_square.png\" alt=\"Lina Avatar\" class=\"wprevpro_t1_IMG_4 wprevpro_avatarimg\" \/><\/a><\/span> <div class=\"wprevpro_t1_SPAN_5 wprev_preview_tcolor2_T1\"><div class=\"wprevpro_t1_rname wprevname\" >Lina<\/div><div class=\"wprev_showdate_T1 wprevdate\">7\/01\/2024<\/div> <\/div>\r\n\t\t\t\r\n\t\t<\/div>\r\n\t\t\r\n\t\t<\/div>\r\n\t<\/li><li>\t\t\t<div class=\"wprevpro_t1_outer_div w3_wprs-row wprevprodiv\">\r\n\t\t\t\t\t<div class=\"wprevpro_t1_DIV_1 w3_wprs-col l12 outerrevdiv\">\r\n\t\t\t<div class=\"indrevdiv wprevpro_t1_DIV_2 wprev_preview_bg1_T1 wprev_preview_bradius_T1\">\r\n\t\t\t\t<div class=\"indrevtxt wprevpro_t1_P_3 wprev_preview_tcolor1_T1\"><div class='readmoretextdiv indrevlineclamp' data-lines='3' data-revid='261'>\t\t\t\t\t<span class=\"wprevpro_star_imgs_T1\"><span class=\"starloc1 wprevpro_star_imgs wprevpro_star_imgsloc1\"><span class=\"svgicons svg-wprsp-star\"><\/span><span class=\"svgicons svg-wprsp-star\"><\/span><span class=\"svgicons svg-wprsp-star\"><\/span><span class=\"svgicons svg-wprsp-star\"><\/span><span class=\"svgicons svg-wprsp-star\"><\/span><\/span><\/span>Ante eso, uns super freundlich empfangen und alles erkl\u00e4rt, wer haben von ihr auch Geschirr f\u00fcr unser Essen bekommen, das wer auf dem Balkon mit einer tollen Aussicht auf den Hafen genie\u00dfen konnten. Sie und ihr Mann waren super zuvorkommend und hilfsbereit, das Zimmer und auch das Bad waren makellos sauber. \u00a1Gerne wieder! \ud83c\udf0a\u2600\ufe0f<\/div><div class='divwprsrdmore' style='opacity:0;'><span class='wprs_rd_more'>Lee mas<\/span><span class='wprs_rd_less' style='display:none;'>Leer menos<\/span><\/div>\t\t\t\t<\/div>\r\n\t\t\t\t\t\t\t\t\t\t\t\t\t\t\t\t<a href=\"https:\/\/www.airbnb.com\/rooms\/16732667\" target=\"_blank\" rel=\"nofollow noreferrer\" class=\"wprevpro_t1_site_logo_a\"><img decoding=\"async\" width=\"30\" height=\"32\" src=\"https:\/\/www.tribunj.biz\/wp-content\/plugins\/wp-review-slider-pro-premium\/public\/partials\/imgs\/airbnb_small_icon.svg?id=1\" alt=\"logo de airbnb\" class=\"wprevpro_t1_site_logo wprevsiteicon\"><\/a>\t\t\t<\/div><span class=\"wprevpro_t1_A_8\"><a href=\"https:\/\/www.airbnb.com\/users\/show\/\" target=\"_blank\" rel=\"nofollow noreferrer\"><img decoding=\"async\" loading=\"lazy\" src=\"https:\/\/a0.muscache.com\/im\/pictures\/user\/53c0c6f0-9594-4794-a2f6-1f8b1d170a62.jpg?aki_policy=profile_x_medium\" alt=\"Avatar de Cristo\" class=\"wprevpro_t1_IMG_4 wprevpro_avatarimg\" \/><\/a><\/span> <div class=\"wprevpro_t1_SPAN_5 wprev_preview_tcolor2_T1\"><div class=\"wprevpro_t1_rname wprevname\" >Christa<\/div><div class=\"wprev_showdate_T1 wprevdate\">4\/18\/2023<\/div> <\/div>\r\n\t\t\t\r\n\t\t<\/div>\r\n\t\t\r\n\t\t<\/div>\r\n\t<\/li><li>\t\t\t<div class=\"wprevpro_t1_outer_div w3_wprs-row wprevprodiv\">\r\n\t\t\t\t\t<div class=\"wprevpro_t1_DIV_1 w3_wprs-col l12 outerrevdiv\">\r\n\t\t\t<div class=\"indrevdiv wprevpro_t1_DIV_2 wprev_preview_bg1_T1 wprev_preview_bradius_T1\">\r\n\t\t\t\t<div class=\"indrevtxt wprevpro_t1_P_3 wprev_preview_tcolor1_T1\"><div class='readmoretextdiv indrevlineclamp' data-lines='3' data-revid='223'>\t\t\t\t\t<span class=\"wprevpro_star_imgs_T1\"><span class=\"starloc1 wprevpro_star_imgs wprevpro_star_imgsloc1\"><span class=\"svgicons svg-wprsp-star\"><\/span><span class=\"svgicons svg-wprsp-star\"><\/span><span class=\"svgicons svg-wprsp-star\"><\/span><span class=\"svgicons svg-wprsp-star\"><\/span><span class=\"svgicons svg-wprsp-star\"><\/span><\/span><\/span>Disfrutamos mucho de nuestra estancia aqu\u00ed. Un lugar muy agradable.<\/div><div class='divwprsrdmore' style='opacity:0;'><span class='wprs_rd_more'>Lee mas<\/span><span class='wprs_rd_less' style='display:none;'>Leer menos<\/span><\/div>\t\t\t\t<\/div>\r\n\t\t\t\t\t\t\t\t\t\t\t\t\t\t\t\t<a href=\"https:\/\/www.airbnb.com\/rooms\/16732667\" target=\"_blank\" rel=\"nofollow noreferrer\" class=\"wprevpro_t1_site_logo_a\"><img decoding=\"async\" width=\"30\" height=\"32\" src=\"https:\/\/www.tribunj.biz\/wp-content\/plugins\/wp-review-slider-pro-premium\/public\/partials\/imgs\/airbnb_small_icon.svg?id=1\" alt=\"logo de airbnb\" class=\"wprevpro_t1_site_logo wprevsiteicon\"><\/a>\t\t\t<\/div><span class=\"wprevpro_t1_A_8\"><a href=\"https:\/\/www.airbnb.com\/users\/show\/89393578\" target=\"_blank\" rel=\"nofollow noreferrer\"><img decoding=\"async\" loading=\"lazy\" src=\"https:\/\/a0.muscache.com\/im\/pictures\/user\/821135b0-2e65-42a9-af53-9155482b540d.jpg?aki_policy=profile_x_medium\" alt=\"Avatar de Lera\" class=\"wprevpro_t1_IMG_4 wprevpro_avatarimg\" \/><\/a><\/span> <div class=\"wprevpro_t1_SPAN_5 wprev_preview_tcolor2_T1\"><div class=\"wprevpro_t1_rname wprevname\" >Lera<\/div><div class=\"wprev_showdate_T1 wprevdate\">6\/24\/2021<\/div> <\/div>\r\n\t\t\t\r\n\t\t<\/div>\r\n\t\t\r\n\t\t<\/div>\r\n\t<\/li><li>\t\t\t<div class=\"wprevpro_t1_outer_div w3_wprs-row wprevprodiv\">\r\n\t\t\t\t\t<div class=\"wprevpro_t1_DIV_1 w3_wprs-col l12 outerrevdiv\">\r\n\t\t\t<div class=\"indrevdiv wprevpro_t1_DIV_2 wprev_preview_bg1_T1 wprev_preview_bradius_T1\">\r\n\t\t\t\t<div class=\"indrevtxt wprevpro_t1_P_3 wprev_preview_tcolor1_T1\"><div class='readmoretextdiv indrevlineclamp' data-lines='3' data-revid='554'>\t\t\t\t\t<span class=\"wprevpro_star_imgs_T1\"><span class=\"starloc1 wprevpro_star_imgs wprevpro_star_imgsloc1\"><span class=\"svgicons svg-wprsp-star\"><\/span><span class=\"svgicons svg-wprsp-star\"><\/span><span class=\"svgicons svg-wprsp-star\"><\/span><span class=\"svgicons svg-wprsp-star\"><\/span><span class=\"svgicons svg-wprsp-star\"><\/span><\/span><\/span>Los anfitriones fueron muy amables, la casa est\u00e1 en una ubicaci\u00f3n privilegiada, con aparcamiento seguro y vistas impresionantes al casco antiguo de Tribunj. Sin duda, lo recomiendo para unas vacaciones relajantes en plena costa d\u00e1lmata. Hay muchos restaurantes y bares en los alrededores, y el paseo hasta \u26f1\ufe0f es corto, todo est\u00e1 a poca distancia. \u00a1Gracias por una experiencia tan incre\u00edble!<\/div><div class='divwprsrdmore' style='opacity:0;'><span class='wprs_rd_more'>Lee mas<\/span><span class='wprs_rd_less' style='display:none;'>Leer menos<\/span><\/div>\t\t\t\t<\/div>\r\n\t\t\t\t\t\t\t\t\t\t\t\t\t\t\t\t<a href=\"https:\/\/www.airbnb.com\/rooms\/16732667\" target=\"_blank\" rel=\"nofollow noreferrer\" class=\"wprevpro_t1_site_logo_a\"><img decoding=\"async\" width=\"30\" height=\"32\" src=\"https:\/\/www.tribunj.biz\/wp-content\/plugins\/wp-review-slider-pro-premium\/public\/partials\/imgs\/airbnb_small_icon.svg?id=1\" alt=\"logo de airbnb\" class=\"wprevpro_t1_site_logo wprevsiteicon\"><\/a>\t\t\t<\/div><span class=\"wprevpro_t1_A_8\"><a href=\"https:\/\/www.airbnb.com\/users\/show\/\" target=\"_blank\" rel=\"nofollow noreferrer\"><img decoding=\"async\" loading=\"lazy\" src=\"https:\/\/s3-media0.fl.yelpcdn.com\/assets\/srv0\/yelp_styleguide\/514f6997a318\/assets\/img\/default_avatars\/user_60_square.png\" alt=\"Avatar de Sanya\" class=\"wprevpro_t1_IMG_4 wprevpro_avatarimg\" \/><\/a><\/span> <div class=\"wprevpro_t1_SPAN_5 wprev_preview_tcolor2_T1\"><div class=\"wprevpro_t1_rname wprevname\" >Sanya<\/div><div class=\"wprev_showdate_T1 wprevdate\">8\/01\/2022<\/div> <\/div>\r\n\t\t\t\r\n\t\t<\/div>\r\n\t\t\r\n\t\t<\/div>\r\n\t<\/li><li>\t\t\t<div class=\"wprevpro_t1_outer_div w3_wprs-row wprevprodiv\">\r\n\t\t\t\t\t<div class=\"wprevpro_t1_DIV_1 w3_wprs-col l12 outerrevdiv\">\r\n\t\t\t<div class=\"indrevdiv wprevpro_t1_DIV_2 wprev_preview_bg1_T1 wprev_preview_bradius_T1\">\r\n\t\t\t\t<div class=\"indrevtxt wprevpro_t1_P_3 wprev_preview_tcolor1_T1\"><div class='readmoretextdiv indrevlineclamp' data-lines='3' data-revid='514'>\t\t\t\t\t<span class=\"wprevpro_star_imgs_T1\"><span class=\"starloc1 wprevpro_star_imgs wprevpro_star_imgsloc1\"><span class=\"svgicons svg-wprsp-star\"><\/span><span class=\"svgicons svg-wprsp-star\"><\/span><span class=\"svgicons svg-wprsp-star\"><\/span><span class=\"svgicons svg-wprsp-star\"><\/span><span class=\"svgicons svg-wprsp-star\"><\/span><\/span><\/span>Nos lo pasamos genial. Ivana y Ante son personas estupendas. Toda la familia es muy amable. Son muy atentos, les encanta hablar con los hu\u00e9spedes y nos hicieron sentir como en casa.<br>\nHemos estado en muchos lugares, pero ninguno de ellos estaba tan limpio como este.<br>\nTenemos pensado volver.<\/div><div class='divwprsrdmore' style='opacity:0;'><span class='wprs_rd_more'>Lee mas<\/span><span class='wprs_rd_less' style='display:none;'>Leer menos<\/span><\/div>\t\t\t\t<\/div>\r\n\t\t\t\t\t\t\t\t\t\t\t\t\t\t\t\t<a href=\"https:\/\/www.airbnb.com\/rooms\/16732667\" target=\"_blank\" rel=\"nofollow noreferrer\" class=\"wprevpro_t1_site_logo_a\"><img decoding=\"async\" width=\"30\" height=\"32\" src=\"https:\/\/www.tribunj.biz\/wp-content\/plugins\/wp-review-slider-pro-premium\/public\/partials\/imgs\/airbnb_small_icon.svg?id=1\" alt=\"logo de airbnb\" class=\"wprevpro_t1_site_logo wprevsiteicon\"><\/a>\t\t\t<\/div><span class=\"wprevpro_t1_A_8\"><a href=\"https:\/\/www.airbnb.com\/users\/show\/\" target=\"_blank\" rel=\"nofollow noreferrer\"><img decoding=\"async\" loading=\"lazy\" src=\"https:\/\/a0.muscache.com\/im\/pictures\/user\/0b33ba08-c28b-41a9-9899-8361aeb5079f.jpg?aki_policy=profile_x_medium\" alt=\"Tam\u00e1s Avatar\" class=\"wprevpro_t1_IMG_4 wprevpro_avatarimg\" \/><\/a><\/span> <div class=\"wprevpro_t1_SPAN_5 wprev_preview_tcolor2_T1\"><div class=\"wprevpro_t1_rname wprevname\" >Tam\u00e1s<\/div><div class=\"wprev_showdate_T1 wprevdate\">7\/19\/2024<\/div> <\/div>\r\n\t\t\t\r\n\t\t<\/div>\r\n\t\t\r\n\t\t<\/div>\r\n\t<\/li><li>\t\t\t<div class=\"wprevpro_t1_outer_div w3_wprs-row wprevprodiv\">\r\n\t\t\t\t\t<div class=\"wprevpro_t1_DIV_1 w3_wprs-col l12 outerrevdiv\">\r\n\t\t\t<div class=\"indrevdiv wprevpro_t1_DIV_2 wprev_preview_bg1_T1 wprev_preview_bradius_T1\">\r\n\t\t\t\t<div class=\"indrevtxt wprevpro_t1_P_3 wprev_preview_tcolor1_T1\"><div class='readmoretextdiv indrevlineclamp' data-lines='3' data-revid='179'>\t\t\t\t\t<span class=\"wprevpro_star_imgs_T1\"><span class=\"starloc1 wprevpro_star_imgs wprevpro_star_imgsloc1\"><span class=\"svgicons svg-wprsp-star\"><\/span><span class=\"svgicons svg-wprsp-star\"><\/span><span class=\"svgicons svg-wprsp-star\"><\/span><span class=\"svgicons svg-wprsp-star\"><\/span><span class=\"svgicons svg-wprsp-star\"><\/span><\/span><\/span>Super appartement, propre tout \u00e9quip\u00e9!<\/div><div class='divwprsrdmore' style='opacity:0;'><span class='wprs_rd_more'>Lee mas<\/span><span class='wprs_rd_less' style='display:none;'>Leer menos<\/span><\/div>\t\t\t\t<\/div>\r\n\t\t\t\t\t\t\t\t\t\t\t\t\t\t\t\t<a href=\"https:\/\/www.airbnb.com\/rooms\/16732667\" target=\"_blank\" rel=\"nofollow noreferrer\" class=\"wprevpro_t1_site_logo_a\"><img decoding=\"async\" width=\"30\" height=\"32\" src=\"https:\/\/www.tribunj.biz\/wp-content\/plugins\/wp-review-slider-pro-premium\/public\/partials\/imgs\/airbnb_small_icon.svg?id=1\" alt=\"logo de airbnb\" class=\"wprevpro_t1_site_logo wprevsiteicon\"><\/a>\t\t\t<\/div><span class=\"wprevpro_t1_A_8\"><a href=\"https:\/\/www.airbnb.com\/users\/show\/74418345\" target=\"_blank\" rel=\"nofollow noreferrer\"><img decoding=\"async\" loading=\"lazy\" src=\"https:\/\/a0.muscache.com\/im\/pictures\/user\/6bf61d08-7076-4458-a322-32baa4f8f734.jpg?aki_policy=profile_x_medium\" alt=\"Avatar de Flavien\" class=\"wprevpro_t1_IMG_4 wprevpro_avatarimg\" \/><\/a><\/span> <div class=\"wprevpro_t1_SPAN_5 wprev_preview_tcolor2_T1\"><div class=\"wprevpro_t1_rname wprevname\" >Flavien<\/div><div class=\"wprev_showdate_T1 wprevdate\">9\/17\/2019<\/div> <\/div>\r\n\t\t\t\r\n\t\t<\/div>\r\n\t\t\r\n\t\t<\/div>\r\n\t<\/li><li>\t\t\t<div class=\"wprevpro_t1_outer_div w3_wprs-row wprevprodiv\">\r\n\t\t\t\t\t<div class=\"wprevpro_t1_DIV_1 w3_wprs-col l12 outerrevdiv\">\r\n\t\t\t<div class=\"indrevdiv wprevpro_t1_DIV_2 wprev_preview_bg1_T1 wprev_preview_bradius_T1\">\r\n\t\t\t\t<div class=\"indrevtxt wprevpro_t1_P_3 wprev_preview_tcolor1_T1\"><div class='readmoretextdiv indrevlineclamp' data-lines='3' data-revid='34'>\t\t\t\t\t<span class=\"wprevpro_star_imgs_T1\"><span class=\"starloc1 wprevpro_star_imgs wprevpro_star_imgsloc1\"><span class=\"svgicons svg-wprsp-star\"><\/span><span class=\"svgicons svg-wprsp-star\"><\/span><span class=\"svgicons svg-wprsp-star\"><\/span><span class=\"svgicons svg-wprsp-star\"><\/span><span class=\"svgicons svg-wprsp-star\"><\/span><\/span><\/span>Gracias por su bienvenida y ayuda. Ante y su esposa fueron muy reactivos y serviciales para una reserva de \u00faltima hora. Bonita vista, muy cerca del centro.<\/div><div class='divwprsrdmore' style='opacity:0;'><span class='wprs_rd_more'>Lee mas<\/span><span class='wprs_rd_less' style='display:none;'>Leer menos<\/span><\/div>\t\t\t\t<\/div>\r\n\t\t\t\t\t\t\t\t\t\t\t\t\t\t\t\t<a href=\"https:\/\/www.airbnb.com\/rooms\/8825408\" target=\"_blank\" rel=\"nofollow noreferrer\" class=\"wprevpro_t1_site_logo_a\"><img decoding=\"async\" width=\"30\" height=\"32\" src=\"https:\/\/www.tribunj.biz\/wp-content\/plugins\/wp-review-slider-pro-premium\/public\/partials\/imgs\/airbnb_small_icon.svg?id=1\" alt=\"logo de airbnb\" class=\"wprevpro_t1_site_logo wprevsiteicon\"><\/a>\t\t\t<\/div><span class=\"wprevpro_t1_A_8\"><a href=\"https:\/\/www.airbnb.com\/users\/show\/67457691\" target=\"_blank\" rel=\"nofollow noreferrer\"><img decoding=\"async\" loading=\"lazy\" src=\"https:\/\/a0.muscache.com\/im\/pictures\/user\/b5674d8d-d674-49e5-aca4-1c4198c8051b.jpg?aki_policy=profile_x_medium\" alt=\"Eva avatar\" class=\"wprevpro_t1_IMG_4 wprevpro_avatarimg\" \/><\/a><\/span> <div class=\"wprevpro_t1_SPAN_5 wprev_preview_tcolor2_T1\"><div class=\"wprevpro_t1_rname wprevname\" >Eva<\/div><div class=\"wprev_showdate_T1 wprevdate\">4\/14\/2018<\/div> <\/div>\r\n\t\t\t\r\n\t\t<\/div>\r\n\t\t\r\n\t\t<\/div>\r\n\t<\/li><li>\t\t\t<div class=\"wprevpro_t1_outer_div w3_wprs-row wprevprodiv\">\r\n\t\t\t\t\t<div class=\"wprevpro_t1_DIV_1 w3_wprs-col l12 outerrevdiv\">\r\n\t\t\t<div class=\"indrevdiv wprevpro_t1_DIV_2 wprev_preview_bg1_T1 wprev_preview_bradius_T1\">\r\n\t\t\t\t<div class=\"indrevtxt wprevpro_t1_P_3 wprev_preview_tcolor1_T1\"><div class='readmoretextdiv indrevlineclamp' data-lines='3' data-revid='37'>\t\t\t\t\t<span class=\"wprevpro_star_imgs_T1\"><span class=\"starloc1 wprevpro_star_imgs wprevpro_star_imgsloc1\"><span class=\"svgicons svg-wprsp-star\"><\/span><span class=\"svgicons svg-wprsp-star\"><\/span><span class=\"svgicons svg-wprsp-star\"><\/span><span class=\"svgicons svg-wprsp-star\"><\/span><span class=\"svgicons svg-wprsp-star\"><\/span><\/span><\/span>Iznimno ljubazan i susretljiv domacin a prostor cist sa sjajnom lokcijom<\/div><div class='divwprsrdmore' style='opacity:0;'><span class='wprs_rd_more'>Lee mas<\/span><span class='wprs_rd_less' style='display:none;'>Leer menos<\/span><\/div>\t\t\t\t<\/div>\r\n\t\t\t\t\t\t\t\t\t\t\t\t\t\t\t\t<a href=\"https:\/\/www.airbnb.com\/rooms\/8825408\" target=\"_blank\" rel=\"nofollow noreferrer\" class=\"wprevpro_t1_site_logo_a\"><img decoding=\"async\" width=\"30\" height=\"32\" src=\"https:\/\/www.tribunj.biz\/wp-content\/plugins\/wp-review-slider-pro-premium\/public\/partials\/imgs\/airbnb_small_icon.svg?id=1\" alt=\"logo de airbnb\" class=\"wprevpro_t1_site_logo wprevsiteicon\"><\/a>\t\t\t<\/div><span class=\"wprevpro_t1_A_8\"><a href=\"https:\/\/www.airbnb.com\/users\/show\/584485\" target=\"_blank\" rel=\"nofollow noreferrer\"><img decoding=\"async\" loading=\"lazy\" src=\"https:\/\/a0.muscache.com\/im\/pictures\/user\/ab64ada9-f30f-49a8-9aca-b6a8d8a5f35d.jpg?aki_policy=profile_x_medium\" alt=\"Avatar de ivana\" class=\"wprevpro_t1_IMG_4 wprevpro_avatarimg\" \/><\/a><\/span> <div class=\"wprevpro_t1_SPAN_5 wprev_preview_tcolor2_T1\"><div class=\"wprevpro_t1_rname wprevname\" >Ivana<\/div><div class=\"wprev_showdate_T1 wprevdate\">10\/09\/2018<\/div> <\/div>\r\n\t\t\t\r\n\t\t<\/div>\r\n\t\t\r\n\t\t<\/div>\r\n\t<\/li><li>\t\t\t<div class=\"wprevpro_t1_outer_div w3_wprs-row wprevprodiv\">\r\n\t\t\t\t\t<div class=\"wprevpro_t1_DIV_1 w3_wprs-col l12 outerrevdiv\">\r\n\t\t\t<div class=\"indrevdiv wprevpro_t1_DIV_2 wprev_preview_bg1_T1 wprev_preview_bradius_T1\">\r\n\t\t\t\t<div class=\"indrevtxt wprevpro_t1_P_3 wprev_preview_tcolor1_T1\"><div class='readmoretextdiv indrevlineclamp' data-lines='3' data-revid='89'>\t\t\t\t\t<span class=\"wprevpro_star_imgs_T1\"><span class=\"starloc1 wprevpro_star_imgs wprevpro_star_imgsloc1\"><span class=\"svgicons svg-wprsp-star\"><\/span><span class=\"svgicons svg-wprsp-star\"><\/span><span class=\"svgicons svg-wprsp-star\"><\/span><span class=\"svgicons svg-wprsp-star\"><\/span><span class=\"svgicons svg-wprsp-star\"><\/span><\/span><\/span><\/div><div class='divwprsrdmore' style='opacity:0;'><span class='wprs_rd_more'>Lee mas<\/span><span class='wprs_rd_less' style='display:none;'>Leer menos<\/span><\/div>\t\t\t\t<\/div>\r\n\t\t\t\t\t\t\t\t\t\t\t\t\t\t\t\t<a href=\"https:\/\/www.facebook.com\/pg\/451509874913315\/reviews\/\" target=\"_blank\" rel=\"nofollow noreferrer\" class=\"wprevpro_t1_site_logo_a\"><img decoding=\"async\" width=\"32\" height=\"32\" src=\"https:\/\/www.tribunj.biz\/wp-content\/plugins\/wp-review-slider-pro-premium\/public\/partials\/imgs\/facebook_small_icon.svg\" alt=\"Logo de Facebook\" class=\"wprevpro_t1_site_logo wprevsiteicon\"><\/a>\t\t\t<\/div><span class=\"wprevpro_t1_A_8\"><a href=\"https:\/\/www.facebook.com\/search\/top\/?q=Igor+C.\" target=\"_blank\" rel=\"nofollow noreferrer\"><img decoding=\"async\" loading=\"lazy\" src=\"https:\/\/platform-lookaside.fbsbx.com\/platform\/profilepic\/?psid=2111534202243237&height=100&width=100&ext=1549327161&hash=AeS3NTplZLNXo1Zn\" alt=\"Igor C. Avatar\" class=\"wprevpro_t1_IMG_4 wprevpro_avatarimg\" \/><\/a><\/span> <div class=\"wprevpro_t1_SPAN_5 wprev_preview_tcolor2_T1\"><div class=\"wprevpro_t1_rname wprevname\" >Igor C.<\/div><div class=\"wprev_showdate_T1 wprevdate\">1\/03\/2018<\/div> <\/div>\r\n\t\t\t\r\n\t\t<\/div>\r\n\t\t\r\n\t\t<\/div>\r\n\t<\/li><li>\t\t\t<div class=\"wprevpro_t1_outer_div w3_wprs-row wprevprodiv\">\r\n\t\t\t\t\t<div class=\"wprevpro_t1_DIV_1 w3_wprs-col l12 outerrevdiv\">\r\n\t\t\t<div class=\"indrevdiv wprevpro_t1_DIV_2 wprev_preview_bg1_T1 wprev_preview_bradius_T1\">\r\n\t\t\t\t<div class=\"indrevtxt wprevpro_t1_P_3 wprev_preview_tcolor1_T1\"><div class='readmoretextdiv indrevlineclamp' data-lines='3' data-revid='576'>\t\t\t\t\t<span class=\"wprevpro_star_imgs_T1\"><span class=\"starloc1 wprevpro_star_imgs wprevpro_star_imgsloc1\"><span class=\"svgicons svg-wprsp-star\"><\/span><span class=\"svgicons svg-wprsp-star\"><\/span><span class=\"svgicons svg-wprsp-star\"><\/span><span class=\"svgicons svg-wprsp-star\"><\/span><span class=\"svgicons svg-wprsp-star\"><\/span><\/span><\/span>Hermoso apartamento con una terraza preciosa. La vista es realmente hermosa. El apartamento est\u00e1 muy bien ubicado. Los anfitriones son muy amables y atentos; incluso nos dan algunos consejos cuando los pedimos. \u00a1Volveremos encantados!<\/div><div class='divwprsrdmore' style='opacity:0;'><span class='wprs_rd_more'>Lee mas<\/span><span class='wprs_rd_less' style='display:none;'>Leer menos<\/span><\/div>\t\t\t\t<\/div>\r\n\t\t\t\t\t\t\t\t\t\t\t\t\t\t\t\t<a href=\"https:\/\/www.airbnb.com\/rooms\/8836313\" target=\"_blank\" rel=\"nofollow noreferrer\" class=\"wprevpro_t1_site_logo_a\"><img decoding=\"async\" width=\"30\" height=\"32\" src=\"https:\/\/www.tribunj.biz\/wp-content\/plugins\/wp-review-slider-pro-premium\/public\/partials\/imgs\/airbnb_small_icon.svg?id=1\" alt=\"logo de airbnb\" class=\"wprevpro_t1_site_logo wprevsiteicon\"><\/a>\t\t\t<\/div><span class=\"wprevpro_t1_A_8\"><a href=\"https:\/\/www.airbnb.com\/users\/show\/\" target=\"_blank\" rel=\"nofollow noreferrer\"><img decoding=\"async\" loading=\"lazy\" src=\"https:\/\/s3-media0.fl.yelpcdn.com\/assets\/srv0\/yelp_styleguide\/514f6997a318\/assets\/img\/default_avatars\/user_60_square.png\" alt=\"Betty Avatar\" class=\"wprevpro_t1_IMG_4 wprevpro_avatarimg\" \/><\/a><\/span> <div class=\"wprevpro_t1_SPAN_5 wprev_preview_tcolor2_T1\"><div class=\"wprevpro_t1_rname wprevname\" >Betty<\/div><div class=\"wprev_showdate_T1 wprevdate\">9\/01\/2020<\/div> <\/div>\r\n\t\t\t\r\n\t\t<\/div>\r\n\t\t\r\n\t\t<\/div>\r\n\t<\/li><li>\t\t\t<div class=\"wprevpro_t1_outer_div w3_wprs-row wprevprodiv\">\r\n\t\t\t\t\t<div class=\"wprevpro_t1_DIV_1 w3_wprs-col l12 outerrevdiv\">\r\n\t\t\t<div class=\"indrevdiv wprevpro_t1_DIV_2 wprev_preview_bg1_T1 wprev_preview_bradius_T1\">\r\n\t\t\t\t<div class=\"indrevtxt wprevpro_t1_P_3 wprev_preview_tcolor1_T1\"><div class='readmoretextdiv indrevlineclamp' data-lines='3' data-revid='145'>\t\t\t\t\t<span class=\"wprevpro_star_imgs_T1\"><span class=\"starloc1 wprevpro_star_imgs wprevpro_star_imgsloc1\"><span class=\"svgicons svg-wprsp-star\"><\/span><span class=\"svgicons svg-wprsp-star\"><\/span><span class=\"svgicons svg-wprsp-star\"><\/span><span class=\"svgicons svg-wprsp-star\"><\/span><span class=\"svgicons svg-wprsp-star\"><\/span><\/span><\/span>La estancia en casa de Ante fue mejor de lo que esper\u00e1bamos. El lugar estaba muy limpio y los anfitriones fueron muy amables y simp\u00e1ticos. El apartamento est\u00e1 cerca del puerto deportivo y la playa est\u00e1 a solo 5 minutos. \u00a1Tuvimos una estancia fant\u00e1stica!<\/div><div class='divwprsrdmore' style='opacity:0;'><span class='wprs_rd_more'>Lee mas<\/span><span class='wprs_rd_less' style='display:none;'>Leer menos<\/span><\/div>\t\t\t\t<\/div>\r\n\t\t\t\t\t\t\t\t\t\t\t\t\t\t\t\t<a href=\"https:\/\/www.airbnb.com\/rooms\/16732667\" target=\"_blank\" rel=\"nofollow noreferrer\" class=\"wprevpro_t1_site_logo_a\"><img decoding=\"async\" width=\"30\" height=\"32\" src=\"https:\/\/www.tribunj.biz\/wp-content\/plugins\/wp-review-slider-pro-premium\/public\/partials\/imgs\/airbnb_small_icon.svg?id=1\" alt=\"logo de airbnb\" class=\"wprevpro_t1_site_logo wprevsiteicon\"><\/a>\t\t\t<\/div><span class=\"wprevpro_t1_A_8\"><a href=\"https:\/\/www.airbnb.com\/users\/show\/70607544\" target=\"_blank\" rel=\"nofollow noreferrer\"><img decoding=\"async\" loading=\"lazy\" src=\"https:\/\/a0.muscache.com\/im\/pictures\/user\/e325b421-ba9c-4780-b1dd-f6f4489ceba5.jpg?aki_policy=profile_x_medium\" alt=\"Avatar de Marko\" class=\"wprevpro_t1_IMG_4 wprevpro_avatarimg\" \/><\/a><\/span> <div class=\"wprevpro_t1_SPAN_5 wprev_preview_tcolor2_T1\"><div class=\"wprevpro_t1_rname wprevname\" >Marco<\/div><div class=\"wprev_showdate_T1 wprevdate\">7\/21\/2020<\/div> <\/div>\r\n\t\t\t\r\n\t\t<\/div>\r\n\t\t\r\n\t\t<\/div>\r\n\t<\/li><li>\t\t\t<div class=\"wprevpro_t1_outer_div w3_wprs-row wprevprodiv\">\r\n\t\t\t\t\t<div class=\"wprevpro_t1_DIV_1 w3_wprs-col l12 outerrevdiv\">\r\n\t\t\t<div class=\"indrevdiv wprevpro_t1_DIV_2 wprev_preview_bg1_T1 wprev_preview_bradius_T1\">\r\n\t\t\t\t<div class=\"indrevtxt wprevpro_t1_P_3 wprev_preview_tcolor1_T1\"><div class='readmoretextdiv indrevlineclamp' data-lines='3' data-revid='32'>\t\t\t\t\t<span class=\"wprevpro_star_imgs_T1\"><span class=\"starloc1 wprevpro_star_imgs wprevpro_star_imgsloc1\"><span class=\"svgicons svg-wprsp-star\"><\/span><span class=\"svgicons svg-wprsp-star\"><\/span><span class=\"svgicons svg-wprsp-star\"><\/span><span class=\"svgicons svg-wprsp-star\"><\/span><span class=\"svgicons svg-wprsp-star-o\"><\/span><\/span><\/span>Lugar agradable, cerca de Marina y restaurantes<\/div><div class='divwprsrdmore' style='opacity:0;'><span class='wprs_rd_more'>Lee mas<\/span><span class='wprs_rd_less' style='display:none;'>Leer menos<\/span><\/div>\t\t\t\t<\/div>\r\n\t\t\t\t\t\t\t\t\t\t\t\t\t\t\t\t<a href=\"https:\/\/www.airbnb.com\/rooms\/8825408\" target=\"_blank\" rel=\"nofollow noreferrer\" class=\"wprevpro_t1_site_logo_a\"><img decoding=\"async\" width=\"30\" height=\"32\" src=\"https:\/\/www.tribunj.biz\/wp-content\/plugins\/wp-review-slider-pro-premium\/public\/partials\/imgs\/airbnb_small_icon.svg?id=1\" alt=\"logo de airbnb\" class=\"wprevpro_t1_site_logo wprevsiteicon\"><\/a>\t\t\t<\/div><span class=\"wprevpro_t1_A_8\"><a href=\"https:\/\/www.airbnb.com\/users\/show\/116060141\" target=\"_blank\" rel=\"nofollow noreferrer\"><img decoding=\"async\" loading=\"lazy\" src=\"https:\/\/a0.muscache.com\/im\/pictures\/user\/b5c6f4fa-8fed-44a7-93a5-631da0c16546.jpg?aki_policy=profile_x_medium\" alt=\"Tim avatar\" class=\"wprevpro_t1_IMG_4 wprevpro_avatarimg\" \/><\/a><\/span> <div class=\"wprevpro_t1_SPAN_5 wprev_preview_tcolor2_T1\"><div class=\"wprevpro_t1_rname wprevname\" >Tim<\/div><div class=\"wprev_showdate_T1 wprevdate\">9\/25\/2017<\/div> <\/div>\r\n\t\t\t\r\n\t\t<\/div>\r\n\t\t\r\n\t\t<\/div>\r\n\t<\/li><li>\t\t\t<div class=\"wprevpro_t1_outer_div w3_wprs-row wprevprodiv\">\r\n\t\t\t\t\t<div class=\"wprevpro_t1_DIV_1 w3_wprs-col l12 outerrevdiv\">\r\n\t\t\t<div class=\"indrevdiv wprevpro_t1_DIV_2 wprev_preview_bg1_T1 wprev_preview_bradius_T1\">\r\n\t\t\t\t<div class=\"indrevtxt wprevpro_t1_P_3 wprev_preview_tcolor1_T1\"><div class='readmoretextdiv indrevlineclamp' data-lines='3' data-revid='112'>\t\t\t\t\t<span class=\"wprevpro_star_imgs_T1\"><span class=\"starloc1 wprevpro_star_imgs wprevpro_star_imgsloc1\"><span class=\"svgicons svg-wprsp-star\"><\/span><span class=\"svgicons svg-wprsp-star\"><\/span><span class=\"svgicons svg-wprsp-star\"><\/span><span class=\"svgicons svg-wprsp-star\"><\/span><span class=\"svgicons svg-wprsp-star\"><\/span><\/span><\/span>Tamo mi je stric. Najbolje mnjesto za odmor.pobjeci od svakodasnjice, i to dnevneee..volim tribun.pozzz trci magaraca ... pozz<\/div><div class='divwprsrdmore' style='opacity:0;'><span class='wprs_rd_more'>Lee mas<\/span><span class='wprs_rd_less' style='display:none;'>Leer menos<\/span><\/div>\t\t\t\t<\/div>\r\n\t\t\t\t\t\t\t\t\t\t\t\t\t\t\t\t<a href=\"https:\/\/www.facebook.com\/pg\/451509874913315\/reviews\/\" target=\"_blank\" rel=\"nofollow noreferrer\" class=\"wprevpro_t1_site_logo_a\"><img decoding=\"async\" width=\"32\" height=\"32\" src=\"https:\/\/www.tribunj.biz\/wp-content\/plugins\/wp-review-slider-pro-premium\/public\/partials\/imgs\/facebook_small_icon.svg\" alt=\"Logo de Facebook\" class=\"wprevpro_t1_site_logo wprevsiteicon\"><\/a>\t\t\t<\/div><span class=\"wprevpro_t1_A_8\"><a href=\"https:\/\/www.facebook.com\/search\/top\/?q=Elvin+K.\" target=\"_blank\" rel=\"nofollow noreferrer\"><img decoding=\"async\" loading=\"lazy\" src=\"https:\/\/platform-lookaside.fbsbx.com\/platform\/profilepic\/?psid=2033315986746607&height=100&width=100&ext=1549327170&hash=AeQc1MFzSZFAmF85\" alt=\"Elvin k avatar\" class=\"wprevpro_t1_IMG_4 wprevpro_avatarimg\" \/><\/a><\/span> <div class=\"wprevpro_t1_SPAN_5 wprev_preview_tcolor2_T1\"><div class=\"wprevpro_t1_rname wprevname\" >Elvin k<\/div><div class=\"wprev_showdate_T1 wprevdate\">8\/05\/2016<\/div> <\/div>\r\n\t\t\t\r\n\t\t<\/div>\r\n\t\t\r\n\t\t<\/div>\r\n\t<\/li><li>\t\t\t<div class=\"wprevpro_t1_outer_div w3_wprs-row wprevprodiv\">\r\n\t\t\t\t\t<div class=\"wprevpro_t1_DIV_1 w3_wprs-col l12 outerrevdiv\">\r\n\t\t\t<div class=\"indrevdiv wprevpro_t1_DIV_2 wprev_preview_bg1_T1 wprev_preview_bradius_T1\">\r\n\t\t\t\t<div class=\"indrevtxt wprevpro_t1_P_3 wprev_preview_tcolor1_T1\"><div class='readmoretextdiv indrevlineclamp' data-lines='3' data-revid='602'>\t\t\t\t\t<span class=\"wprevpro_star_imgs_T1\"><span class=\"starloc1 wprevpro_star_imgs wprevpro_star_imgsloc1\"><span class=\"svgicons svg-wprsp-star\"><\/span><span class=\"svgicons svg-wprsp-star\"><\/span><span class=\"svgicons svg-wprsp-star\"><\/span><span class=\"svgicons svg-wprsp-star\"><\/span><span class=\"svgicons svg-wprsp-star\"><\/span><\/span><\/span>meine Zeit dort war fantastisch, meine Frau und ich haben es dort geliebt, wir hatten so viel Spa\u00df und insgesamt eine fantastische Erfahrung<\/div><div class='divwprsrdmore' style='opacity:0;'><span class='wprs_rd_more'>Lee mas<\/span><span class='wprs_rd_less' style='display:none;'>Leer menos<\/span><\/div>\t\t\t\t<\/div>\r\n\t\t\t\t\t\t\t\t\t\t\t\t\t\t\t\t<a href=\"https:\/\/www.airbnb.com\/rooms\/16732667\" target=\"_blank\" rel=\"nofollow noreferrer\" class=\"wprevpro_t1_site_logo_a\"><img decoding=\"async\" width=\"30\" height=\"32\" src=\"https:\/\/www.tribunj.biz\/wp-content\/plugins\/wp-review-slider-pro-premium\/public\/partials\/imgs\/airbnb_small_icon.svg?id=1\" alt=\"logo de airbnb\" class=\"wprevpro_t1_site_logo wprevsiteicon\"><\/a>\t\t\t<\/div><span class=\"wprevpro_t1_A_8\"><a href=\"https:\/\/www.airbnb.com\/users\/show\/\" target=\"_blank\" rel=\"nofollow noreferrer\"><img decoding=\"async\" loading=\"lazy\" src=\"https:\/\/www.tribunj.biz\/wp-content\/uploads\/wprevslider\/cache\/1754438400_ivica_602_60.jpg\" alt=\"Avatar de Ivica\" class=\"wprevpro_t1_IMG_4 wprevpro_avatarimg\" \/><\/a><\/span> <div class=\"wprevpro_t1_SPAN_5 wprev_preview_tcolor2_T1\"><div class=\"wprevpro_t1_rname wprevname\" >Ivica<\/div><div class=\"wprev_showdate_T1 wprevdate\">8\/06\/2025<\/div> <\/div>\r\n\t\t\t\r\n\t\t<\/div>\r\n\t\t\r\n\t\t<\/div>\r\n\t<\/li><li>\t\t\t<div class=\"wprevpro_t1_outer_div w3_wprs-row wprevprodiv\">\r\n\t\t\t\t\t<div class=\"wprevpro_t1_DIV_1 w3_wprs-col l12 outerrevdiv\">\r\n\t\t\t<div class=\"indrevdiv wprevpro_t1_DIV_2 wprev_preview_bg1_T1 wprev_preview_bradius_T1\">\r\n\t\t\t\t<div class=\"indrevtxt wprevpro_t1_P_3 wprev_preview_tcolor1_T1\"><div class='readmoretextdiv indrevlineclamp' data-lines='3' data-revid='418'>\t\t\t\t\t<span class=\"wprevpro_star_imgs_T1\"><span class=\"starloc1 wprevpro_star_imgs wprevpro_star_imgsloc1\"><span class=\"svgicons svg-wprsp-star\"><\/span><span class=\"svgicons svg-wprsp-star\"><\/span><span class=\"svgicons svg-wprsp-star\"><\/span><span class=\"svgicons svg-wprsp-star\"><\/span><span class=\"svgicons svg-wprsp-star\"><\/span><\/span><\/span>La veille de notre arriv\u00e9e nous \u00e9tions un peu dubitatif sur ce logement au vu du \u00faltimo comentario mencionando la v\u00e9tust\u00e9 du logement, du frigo et de la salle de bain. <br>\nGrand soulagement en arrivant, car comme todos les autres voyageurs nous avons \u00e9t\u00e9 tr\u00e8s satisfaits. <br>\nEl emplazamiento del alojamiento es perfecto. \u00c0 10min \u00e0 pied du pueblo, des restaurantes y glaciares.<br>\nLa chambre est spacieuse et offre tout ce dont on a besoin, un comienzo por una literatura perfecta y s\u00faper c\u00f3moda. <br>\nIl manque certes une porte au congelador mais cela ne nous a absoluement pas derang\u00e9. Et j&#039;ai cherch\u00e9 o\u00f9 est le carrelage cass\u00e9 dans la salle de bain dont le pr\u00e9c\u00e9dent guest parle... mais je cherche encore. <br>\nCe qui nous \u00ab inquietait \u00bb le plus \u00e9tait la salle de bain dont l&#039;acc\u00e8s se fait par les Parties communes. De hecho, la puerta de la sala de ba\u00f1o est\u00e1 abierta frente a la habitaci\u00f3n. Et cela ne gene en rien. Nous n&#039;avons jamais crois\u00e9 personne dans le hall. <br>\nRapport qualite prix imbatible. On ne peu listening plus<\/div><div class='divwprsrdmore' style='opacity:0;'><span class='wprs_rd_more'>Lee mas<\/span><span class='wprs_rd_less' style='display:none;'>Leer menos<\/span><\/div>\t\t\t\t<\/div>\r\n\t\t\t\t\t\t\t\t\t\t\t\t\t\t\t\t<a href=\"https:\/\/www.airbnb.com\/rooms\/16732667\" target=\"_blank\" rel=\"nofollow noreferrer\" class=\"wprevpro_t1_site_logo_a\"><img decoding=\"async\" width=\"30\" height=\"32\" src=\"https:\/\/www.tribunj.biz\/wp-content\/plugins\/wp-review-slider-pro-premium\/public\/partials\/imgs\/airbnb_small_icon.svg?id=1\" alt=\"logo de airbnb\" class=\"wprevpro_t1_site_logo wprevsiteicon\"><\/a>\t\t\t<\/div><span class=\"wprevpro_t1_A_8\"><a href=\"https:\/\/www.airbnb.com\/users\/show\/\" target=\"_blank\" rel=\"nofollow noreferrer\"><img decoding=\"async\" loading=\"lazy\" src=\"https:\/\/a0.muscache.com\/im\/pictures\/user\/4f5892fe-4206-4e6d-8156-bb8bfaf1d658.jpg?aki_policy=profile_x_medium\" alt=\"Avatar de Ang\u00e9lica\" class=\"wprevpro_t1_IMG_4 wprevpro_avatarimg\" \/><\/a><\/span> <div class=\"wprevpro_t1_SPAN_5 wprev_preview_tcolor2_T1\"><div class=\"wprevpro_t1_rname wprevname\" >Ang\u00e9lica<\/div><div class=\"wprev_showdate_T1 wprevdate\">7\/28\/2023<\/div> <\/div>\r\n\t\t\t\r\n\t\t<\/div>\r\n\t\t\r\n\t\t<\/div>\r\n\t<\/li><li>\t\t\t<div class=\"wprevpro_t1_outer_div w3_wprs-row wprevprodiv\">\r\n\t\t\t\t\t<div class=\"wprevpro_t1_DIV_1 w3_wprs-col l12 outerrevdiv\">\r\n\t\t\t<div class=\"indrevdiv wprevpro_t1_DIV_2 wprev_preview_bg1_T1 wprev_preview_bradius_T1\">\r\n\t\t\t\t<div class=\"indrevtxt wprevpro_t1_P_3 wprev_preview_tcolor1_T1\"><div class='readmoretextdiv indrevlineclamp' data-lines='3' data-revid='513'>\t\t\t\t\t<span class=\"wprevpro_star_imgs_T1\"><span class=\"starloc1 wprevpro_star_imgs wprevpro_star_imgsloc1\"><span class=\"svgicons svg-wprsp-star\"><\/span><span class=\"svgicons svg-wprsp-star\"><\/span><span class=\"svgicons svg-wprsp-star\"><\/span><span class=\"svgicons svg-wprsp-star\"><\/span><span class=\"svgicons svg-wprsp-star\"><\/span><\/span><\/span>Llegu\u00e9 muy tarde; mi maleta desapareci\u00f3 en el autob\u00fas. Estaba un poco molesta, cansada y sudada. Empezaron a cuidarme como a una m\u00e1s de la familia: me dieron ropa, cepillo de dientes y todo. Me ofrecieron sentarme a tomar una copa, y cuando les dije que mejor me duchara y reportara la p\u00e9rdida de la maleta, llamaron a la puerta con una botella de vino y un matamosquitos... \u00a1Qu\u00e9 monada! Les deseo mucha suerte y, si quieren ir a Tribunj, ah\u00ed tienen su sitio. Olvid\u00e9 algo: cuando ya no quedaba sitio donde quedarme, buscaron uno nuevo, a un precio que pod\u00eda permitirme. Entonces mi padre me ense\u00f1\u00f3 el lugar, en 34\u00b0, \u00a1qu\u00e9 decir!, \u00a1incre\u00edble!<\/div><div class='divwprsrdmore' style='opacity:0;'><span class='wprs_rd_more'>Lee mas<\/span><span class='wprs_rd_less' style='display:none;'>Leer menos<\/span><\/div>\t\t\t\t<\/div>\r\n\t\t\t\t\t\t\t\t\t\t\t\t\t\t\t\t<a href=\"https:\/\/www.airbnb.com\/rooms\/16732667\" target=\"_blank\" rel=\"nofollow noreferrer\" class=\"wprevpro_t1_site_logo_a\"><img decoding=\"async\" width=\"30\" height=\"32\" src=\"https:\/\/www.tribunj.biz\/wp-content\/plugins\/wp-review-slider-pro-premium\/public\/partials\/imgs\/airbnb_small_icon.svg?id=1\" alt=\"logo de airbnb\" class=\"wprevpro_t1_site_logo wprevsiteicon\"><\/a>\t\t\t<\/div><span class=\"wprevpro_t1_A_8\"><a href=\"https:\/\/www.airbnb.com\/users\/show\/\" target=\"_blank\" rel=\"nofollow noreferrer\"><img decoding=\"async\" loading=\"lazy\" src=\"https:\/\/a0.muscache.com\/im\/pictures\/user\/127fa43e-1fa5-466a-aa36-c9f0ac3b2786.jpg?aki_policy=profile_x_medium\" alt=\"Avatar de Ritva\" class=\"wprevpro_t1_IMG_4 wprevpro_avatarimg\" \/><\/a><\/span> <div class=\"wprevpro_t1_SPAN_5 wprev_preview_tcolor2_T1\"><div class=\"wprevpro_t1_rname wprevname\" >Ritva<\/div><div class=\"wprev_showdate_T1 wprevdate\">7\/21\/2024<\/div> <\/div>\r\n\t\t\t\r\n\t\t<\/div>\r\n\t\t\r\n\t\t<\/div>\r\n\t<\/li><li>\t\t\t<div class=\"wprevpro_t1_outer_div w3_wprs-row wprevprodiv\">\r\n\t\t\t\t\t<div class=\"wprevpro_t1_DIV_1 w3_wprs-col l12 outerrevdiv\">\r\n\t\t\t<div class=\"indrevdiv wprevpro_t1_DIV_2 wprev_preview_bg1_T1 wprev_preview_bradius_T1\">\r\n\t\t\t\t<div class=\"indrevtxt wprevpro_t1_P_3 wprev_preview_tcolor1_T1\"><div class='readmoretextdiv indrevlineclamp' data-lines='3' data-revid='55'>\t\t\t\t\t<span class=\"wprevpro_star_imgs_T1\"><span class=\"starloc1 wprevpro_star_imgs wprevpro_star_imgsloc1\"><span class=\"svgicons svg-wprsp-star\"><\/span><span class=\"svgicons svg-wprsp-star\"><\/span><span class=\"svgicons svg-wprsp-star\"><\/span><span class=\"svgicons svg-wprsp-star\"><\/span><span class=\"svgicons svg-wprsp-star\"><\/span><\/span><\/span>Ante e Ivana son personas incre\u00edblemente acogedoras. Cuando llegamos, Ivana nos mostr\u00f3 nuestra habitaci\u00f3n con una vista incre\u00edble del puerto. La habitaci\u00f3n tiene todo lo que necesit\u00e1bamos y el balc\u00f3n ofrec\u00eda una mesa y sillas donde podr\u00edamos desayunar. El apartamento se encuentra en una ubicaci\u00f3n privilegiada junto al puerto, muy cerca de la playa y del supermercado. Un restaurante realmente agradable est\u00e1 justo en el lado opuesto de la calle. <br>\nIvana incluso nos permiti\u00f3 lavar nuestra ropa en su lavadora y nos dio una rejilla de secado para que pudi\u00e9ramos secar nuestra ropa en el balc\u00f3n. <br>\nTribunj y el apartamento que se muestra fueron, con mucho, nuestro lugar favorito que visitamos en nuestro viaje por Croacia y sin duda volveremos.<\/div><div class='divwprsrdmore' style='opacity:0;'><span class='wprs_rd_more'>Lee mas<\/span><span class='wprs_rd_less' style='display:none;'>Leer menos<\/span><\/div>\t\t\t\t<\/div>\r\n\t\t\t\t\t\t\t\t\t\t\t\t\t\t\t\t<a href=\"https:\/\/www.airbnb.com\/rooms\/16732667\" target=\"_blank\" rel=\"nofollow noreferrer\" class=\"wprevpro_t1_site_logo_a\"><img decoding=\"async\" width=\"30\" height=\"32\" src=\"https:\/\/www.tribunj.biz\/wp-content\/plugins\/wp-review-slider-pro-premium\/public\/partials\/imgs\/airbnb_small_icon.svg?id=1\" alt=\"logo de airbnb\" class=\"wprevpro_t1_site_logo wprevsiteicon\"><\/a>\t\t\t<\/div><span class=\"wprevpro_t1_A_8\"><a href=\"https:\/\/www.airbnb.com\/users\/show\/171632296\" target=\"_blank\" rel=\"nofollow noreferrer\"><img decoding=\"async\" loading=\"lazy\" src=\"https:\/\/a0.muscache.com\/im\/pictures\/user\/293b618f-2d0c-4e86-9dd9-f2910ef2e094.jpg?aki_policy=profile_x_medium\" alt=\"Imke Avatar\" class=\"wprevpro_t1_IMG_4 wprevpro_avatarimg\" \/><\/a><\/span> <div class=\"wprevpro_t1_SPAN_5 wprev_preview_tcolor2_T1\"><div class=\"wprevpro_t1_rname wprevname\" >Imke<\/div><div class=\"wprev_showdate_T1 wprevdate\">7\/27\/2018<\/div> <\/div>\r\n\t\t\t\r\n\t\t<\/div>\r\n\t\t\r\n\t\t<\/div>\r\n\t<\/li><li>\t\t\t<div class=\"wprevpro_t1_outer_div w3_wprs-row wprevprodiv\">\r\n\t\t\t\t\t<div class=\"wprevpro_t1_DIV_1 w3_wprs-col l12 outerrevdiv\">\r\n\t\t\t<div class=\"indrevdiv wprevpro_t1_DIV_2 wprev_preview_bg1_T1 wprev_preview_bradius_T1\">\r\n\t\t\t\t<div class=\"indrevtxt wprevpro_t1_P_3 wprev_preview_tcolor1_T1\"><div class='readmoretextdiv indrevlineclamp' data-lines='3' data-revid='178'>\t\t\t\t\t<span class=\"wprevpro_star_imgs_T1\"><span class=\"starloc1 wprevpro_star_imgs wprevpro_star_imgsloc1\"><span class=\"svgicons svg-wprsp-star\"><\/span><span class=\"svgicons svg-wprsp-star\"><\/span><span class=\"svgicons svg-wprsp-star\"><\/span><span class=\"svgicons svg-wprsp-star\"><\/span><span class=\"svgicons svg-wprsp-star\"><\/span><\/span><\/span>Wir waren sehr zufrieden mit der Unterkunft von Ante e Ivana. Ein kleines Zimmer aber es fehlt an nichts und ein Balkon mit einem wundersch\u00f6nen Ausblick auf den Hafen. Ante e Ivana sind sehr gastfreundlich. Y tambi\u00e9n el Vater von Ante war jederzeit hilfsbereit. Tribunj ist eine Reise Wert und es ist nicht weit von den Krka Wasserf\u00e4llen. Wir k\u00f6nnen estas Unterkunft nur weiter empfehlen. \u00a1Gracias por el tiempo de peaje en Tribunj!<\/div><div class='divwprsrdmore' style='opacity:0;'><span class='wprs_rd_more'>Lee mas<\/span><span class='wprs_rd_less' style='display:none;'>Leer menos<\/span><\/div>\t\t\t\t<\/div>\r\n\t\t\t\t\t\t\t\t\t\t\t\t\t\t\t\t<a href=\"https:\/\/www.airbnb.com\/rooms\/16732667\" target=\"_blank\" rel=\"nofollow noreferrer\" class=\"wprevpro_t1_site_logo_a\"><img decoding=\"async\" width=\"30\" height=\"32\" src=\"https:\/\/www.tribunj.biz\/wp-content\/plugins\/wp-review-slider-pro-premium\/public\/partials\/imgs\/airbnb_small_icon.svg?id=1\" alt=\"logo de airbnb\" class=\"wprevpro_t1_site_logo wprevsiteicon\"><\/a>\t\t\t<\/div><span class=\"wprevpro_t1_A_8\"><a href=\"https:\/\/www.airbnb.com\/users\/show\/267064271\" target=\"_blank\" rel=\"nofollow noreferrer\"><img decoding=\"async\" loading=\"lazy\" src=\"https:\/\/a0.muscache.com\/im\/pictures\/user\/20331013-f7ea-4389-a57f-96fca4aec6f2.jpg?aki_policy=profile_x_medium\" alt=\"Avatar de Omar\" class=\"wprevpro_t1_IMG_4 wprevpro_avatarimg\" \/><\/a><\/span> <div class=\"wprevpro_t1_SPAN_5 wprev_preview_tcolor2_T1\"><div class=\"wprevpro_t1_rname wprevname\" >Omar<\/div><div class=\"wprev_showdate_T1 wprevdate\">6\/15\/2020<\/div> <\/div>\r\n\t\t\t\r\n\t\t<\/div>\r\n\t\t\r\n\t\t<\/div>\r\n\t<\/li><li>\t\t\t<div class=\"wprevpro_t1_outer_div w3_wprs-row wprevprodiv\">\r\n\t\t\t\t\t<div class=\"wprevpro_t1_DIV_1 w3_wprs-col l12 outerrevdiv\">\r\n\t\t\t<div class=\"indrevdiv wprevpro_t1_DIV_2 wprev_preview_bg1_T1 wprev_preview_bradius_T1\">\r\n\t\t\t\t<div class=\"indrevtxt wprevpro_t1_P_3 wprev_preview_tcolor1_T1\"><div class='readmoretextdiv indrevlineclamp' data-lines='3' data-revid='527'>\t\t\t\t\t<span class=\"wprevpro_star_imgs_T1\"><span class=\"starloc1 wprevpro_star_imgs wprevpro_star_imgsloc1\"><span class=\"svgicons svg-wprsp-star\"><\/span><span class=\"svgicons svg-wprsp-star\"><\/span><span class=\"svgicons svg-wprsp-star\"><\/span><span class=\"svgicons svg-wprsp-star\"><\/span><span class=\"svgicons svg-wprsp-star\"><\/span><\/span><\/span>Apartament disponuje przepi\u0119knym tarasem z kt\u00f3rego nie chcia\u0142o si\u0119 schodzi\u0107. Jest wygodny i bardzo czysty. C\u00e1mara de polea.<\/div><div class='divwprsrdmore' style='opacity:0;'><span class='wprs_rd_more'>Lee mas<\/span><span class='wprs_rd_less' style='display:none;'>Leer menos<\/span><\/div>\t\t\t\t<\/div>\r\n\t\t\t\t\t\t\t\t\t\t\t\t\t\t\t\t<a href=\"https:\/\/www.airbnb.com\/rooms\/8837098\" target=\"_blank\" rel=\"nofollow noreferrer\" class=\"wprevpro_t1_site_logo_a\"><img decoding=\"async\" width=\"30\" height=\"32\" src=\"https:\/\/www.tribunj.biz\/wp-content\/plugins\/wp-review-slider-pro-premium\/public\/partials\/imgs\/airbnb_small_icon.svg?id=1\" alt=\"logo de airbnb\" class=\"wprevpro_t1_site_logo wprevsiteicon\"><\/a>\t\t\t<\/div><span class=\"wprevpro_t1_A_8\"><a href=\"https:\/\/www.airbnb.com\/users\/show\/\" target=\"_blank\" rel=\"nofollow noreferrer\"><img decoding=\"async\" loading=\"lazy\" src=\"https:\/\/a0.muscache.com\/im\/pictures\/user\/8a36d80c-963a-4c6c-87bd-96c9b556161f.jpg?aki_policy=profile_x_medium\" alt=\"Avatar de Maciej\" class=\"wprevpro_t1_IMG_4 wprevpro_avatarimg\" \/><\/a><\/span> <div class=\"wprevpro_t1_SPAN_5 wprev_preview_tcolor2_T1\"><div class=\"wprevpro_t1_rname wprevname\" >Maciej<\/div><div class=\"wprev_showdate_T1 wprevdate\">5\/27\/2024<\/div> <\/div>\r\n\t\t\t\r\n\t\t<\/div>\r\n\t\t\r\n\t\t<\/div>\r\n\t<\/li><li>\t\t\t<div class=\"wprevpro_t1_outer_div w3_wprs-row wprevprodiv\">\r\n\t\t\t\t\t<div class=\"wprevpro_t1_DIV_1 w3_wprs-col l12 outerrevdiv\">\r\n\t\t\t<div class=\"indrevdiv wprevpro_t1_DIV_2 wprev_preview_bg1_T1 wprev_preview_bradius_T1\">\r\n\t\t\t\t<div class=\"indrevtxt wprevpro_t1_P_3 wprev_preview_tcolor1_T1\"><div class='readmoretextdiv indrevlineclamp' data-lines='3' data-revid='97'>\t\t\t\t\t<span class=\"wprevpro_star_imgs_T1\"><span class=\"starloc1 wprevpro_star_imgs wprevpro_star_imgsloc1\"><span class=\"svgicons svg-wprsp-star\"><\/span><span class=\"svgicons svg-wprsp-star\"><\/span><span class=\"svgicons svg-wprsp-star\"><\/span><span class=\"svgicons svg-wprsp-star\"><\/span><span class=\"svgicons svg-wprsp-star-o\"><\/span><\/span><\/span>Tribunj sme si zamilovali \u2764 ve\u013emi radi sa tam vraciame je tam prekr\u00e1sne \ud83d\ude42<\/div><div class='divwprsrdmore' style='opacity:0;'><span class='wprs_rd_more'>Lee mas<\/span><span class='wprs_rd_less' style='display:none;'>Leer menos<\/span><\/div>\t\t\t\t<\/div>\r\n\t\t\t\t\t\t\t\t\t\t\t\t\t\t\t\t<a href=\"https:\/\/www.facebook.com\/pg\/451509874913315\/reviews\/\" target=\"_blank\" rel=\"nofollow noreferrer\" class=\"wprevpro_t1_site_logo_a\"><img decoding=\"async\" width=\"32\" height=\"32\" src=\"https:\/\/www.tribunj.biz\/wp-content\/plugins\/wp-review-slider-pro-premium\/public\/partials\/imgs\/facebook_small_icon.svg\" alt=\"Logo de Facebook\" class=\"wprevpro_t1_site_logo wprevsiteicon\"><\/a>\t\t\t<\/div><span class=\"wprevpro_t1_A_8\"><a href=\"https:\/\/www.facebook.com\/search\/top\/?q=Dana+G.\" target=\"_blank\" rel=\"nofollow noreferrer\"><img decoding=\"async\" loading=\"lazy\" src=\"https:\/\/platform-lookaside.fbsbx.com\/platform\/profilepic\/?psid=2326936160674144&height=100&width=100&ext=1549327163&hash=AeTzfV2ldhO0VxQU\" alt=\"Dana G. Avatar\" class=\"wprevpro_t1_IMG_4 wprevpro_avatarimg\" \/><\/a><\/span> <div class=\"wprevpro_t1_SPAN_5 wprev_preview_tcolor2_T1\"><div class=\"wprevpro_t1_rname wprevname\" >Dana G.<\/div><div class=\"wprev_showdate_T1 wprevdate\">5\/28\/2017<\/div> <\/div>\r\n\t\t\t\r\n\t\t<\/div>\r\n\t\t\r\n\t\t<\/div>\r\n\t<\/li><li>\t\t\t<div class=\"wprevpro_t1_outer_div w3_wprs-row wprevprodiv\">\r\n\t\t\t\t\t<div class=\"wprevpro_t1_DIV_1 w3_wprs-col l12 outerrevdiv\">\r\n\t\t\t<div class=\"indrevdiv wprevpro_t1_DIV_2 wprev_preview_bg1_T1 wprev_preview_bradius_T1\">\r\n\t\t\t\t<div class=\"indrevtxt wprevpro_t1_P_3 wprev_preview_tcolor1_T1\"><div class='readmoretextdiv indrevlineclamp' data-lines='3' data-revid='23'>\t\t\t\t\t<span class=\"wprevpro_star_imgs_T1\"><span class=\"starloc1 wprevpro_star_imgs wprevpro_star_imgsloc1\"><span class=\"svgicons svg-wprsp-star\"><\/span><span class=\"svgicons svg-wprsp-star\"><\/span><span class=\"svgicons svg-wprsp-star\"><\/span><span class=\"svgicons svg-wprsp-star-o\"><\/span><span class=\"svgicons svg-wprsp-star-o\"><\/span><\/span><\/span>Sch\u00f6ne Aussicht, hilfsbereite, nette Vermieter<\/div><div class='divwprsrdmore' style='opacity:0;'><span class='wprs_rd_more'>Lee mas<\/span><span class='wprs_rd_less' style='display:none;'>Leer menos<\/span><\/div>\t\t\t\t<\/div>\r\n\t\t\t\t\t\t\t\t\t\t\t\t\t\t\t\t<a href=\"https:\/\/www.google.com\/maps\/contrib\/113647832150023614609\/reviews?hl=hr-HR&sa=X&ved=2ahUKEwin2KOa2tvbAhWN-KQKHTKHCBYQvfQBegQIARAe\" target=\"_blank\" rel=\"nofollow noreferrer\" class=\"wprevpro_t1_site_logo_a\"><img decoding=\"async\" width=\"32\" height=\"32\" src=\"https:\/\/www.tribunj.biz\/wp-content\/plugins\/wp-review-slider-pro-premium\/public\/partials\/imgs\/google_small_icon.png\" alt=\"logotipo de google\" class=\"wprevpro_t1_site_logo wprevsiteicon\"><\/a>\t\t\t<\/div><span class=\"wprevpro_t1_A_8\"><a href=\"https:\/\/www.google.com\/maps\/contrib\/113647832150023614609\/reviews?hl=hr-HR&sa=X&ved=2ahUKEwin2KOa2tvbAhWN-KQKHTKHCBYQvfQBegQIARAe\" target=\"_blank\" rel=\"nofollow noreferrer\"><img decoding=\"async\" loading=\"lazy\" src=\"https:\/\/lh3.googleusercontent.com\/-6m5sGhmrLUg\/AAAAAAAAAAI\/AAAAAAAAAAA\/AB6qoq2YNeovmfcUsZj3Al0E2vtj_5r1mQ\/s40-c0x00000000-cc-rp-mo\/photo.jpg\" alt=\"Sandra Niemczyk Avatar\" class=\"wprevpro_t1_IMG_4 wprevpro_avatarimg\" \/><\/a><\/span> <div class=\"wprevpro_t1_SPAN_5 wprev_preview_tcolor2_T1\"><div class=\"wprevpro_t1_rname wprevname\" >Sandra Niemczyk<\/div><div class=\"wprev_showdate_T1 wprevdate\">8\/20\/2017<\/div> <\/div>\r\n\t\t\t\r\n\t\t<\/div>\r\n\t\t\r\n\t\t<\/div>\r\n\t<\/li><li>\t\t\t<div class=\"wprevpro_t1_outer_div w3_wprs-row wprevprodiv\">\r\n\t\t\t\t\t<div class=\"wprevpro_t1_DIV_1 w3_wprs-col l12 outerrevdiv\">\r\n\t\t\t<div class=\"indrevdiv wprevpro_t1_DIV_2 wprev_preview_bg1_T1 wprev_preview_bradius_T1\">\r\n\t\t\t\t<div class=\"indrevtxt wprevpro_t1_P_3 wprev_preview_tcolor1_T1\"><div class='readmoretextdiv indrevlineclamp' data-lines='3' data-revid='205'>\t\t\t\t\t<span class=\"wprevpro_star_imgs_T1\"><span class=\"starloc1 wprevpro_star_imgs wprevpro_star_imgsloc1\"><span class=\"svgicons svg-wprsp-star\"><\/span><span class=\"svgicons svg-wprsp-star\"><\/span><span class=\"svgicons svg-wprsp-star\"><\/span><span class=\"svgicons svg-wprsp-star\"><\/span><span class=\"svgicons svg-wprsp-star\"><\/span><\/span><\/span>Disfrut\u00e9 de mi estancia. Un pueblo bonito con buena comida y el encanto de un pueblo peque\u00f1o.<\/div><div class='divwprsrdmore' style='opacity:0;'><span class='wprs_rd_more'>Lee mas<\/span><span class='wprs_rd_less' style='display:none;'>Leer menos<\/span><\/div>\t\t\t\t<\/div>\r\n\t\t\t\t\t\t\t\t\t\t\t\t\t\t\t\t<a href=\"https:\/\/www.airbnb.com\/rooms\/16732667\" target=\"_blank\" rel=\"nofollow noreferrer\" class=\"wprevpro_t1_site_logo_a\"><img decoding=\"async\" width=\"30\" height=\"32\" src=\"https:\/\/www.tribunj.biz\/wp-content\/plugins\/wp-review-slider-pro-premium\/public\/partials\/imgs\/airbnb_small_icon.svg?id=1\" alt=\"logo de airbnb\" class=\"wprevpro_t1_site_logo wprevsiteicon\"><\/a>\t\t\t<\/div><span class=\"wprevpro_t1_A_8\"><a href=\"https:\/\/www.airbnb.com\/users\/show\/125429068\" target=\"_blank\" rel=\"nofollow noreferrer\"><img decoding=\"async\" loading=\"lazy\" src=\"https:\/\/a0.muscache.com\/im\/pictures\/user\/5a714cb8-6776-4bfc-8c03-c6d83a41ea0b.jpg?aki_policy=profile_x_medium\" alt=\"Dan avatar\" class=\"wprevpro_t1_IMG_4 wprevpro_avatarimg\" \/><\/a><\/span> <div class=\"wprevpro_t1_SPAN_5 wprev_preview_tcolor2_T1\"><div class=\"wprevpro_t1_rname wprevname\" >Dan<\/div><div class=\"wprev_showdate_T1 wprevdate\">6\/29\/2022<\/div> <\/div>\r\n\t\t\t\r\n\t\t<\/div>\r\n\t\t\r\n\t\t<\/div>\r\n\t<\/li><li>\t\t\t<div class=\"wprevpro_t1_outer_div w3_wprs-row wprevprodiv\">\r\n\t\t\t\t\t<div class=\"wprevpro_t1_DIV_1 w3_wprs-col l12 outerrevdiv\">\r\n\t\t\t<div class=\"indrevdiv wprevpro_t1_DIV_2 wprev_preview_bg1_T1 wprev_preview_bradius_T1\">\r\n\t\t\t\t<div class=\"indrevtxt wprevpro_t1_P_3 wprev_preview_tcolor1_T1\"><div class='readmoretextdiv indrevlineclamp' data-lines='3' data-revid='412'>\t\t\t\t\t<span class=\"wprevpro_star_imgs_T1\"><span class=\"starloc1 wprevpro_star_imgs wprevpro_star_imgsloc1\"><span class=\"svgicons svg-wprsp-star\"><\/span><span class=\"svgicons svg-wprsp-star\"><\/span><span class=\"svgicons svg-wprsp-star\"><\/span><span class=\"svgicons svg-wprsp-star\"><\/span><span class=\"svgicons svg-wprsp-star\"><\/span><\/span><\/span>Nous y avons pass\u00e9 una noche perfecta<\/div><div class='divwprsrdmore' style='opacity:0;'><span class='wprs_rd_more'>Lee mas<\/span><span class='wprs_rd_less' style='display:none;'>Leer menos<\/span><\/div>\t\t\t\t<\/div>\r\n\t\t\t\t\t\t\t\t\t\t\t\t\t\t\t\t<a href=\"https:\/\/www.airbnb.com\/rooms\/16732667\" target=\"_blank\" rel=\"nofollow noreferrer\" class=\"wprevpro_t1_site_logo_a\"><img decoding=\"async\" width=\"30\" height=\"32\" src=\"https:\/\/www.tribunj.biz\/wp-content\/plugins\/wp-review-slider-pro-premium\/public\/partials\/imgs\/airbnb_small_icon.svg?id=1\" alt=\"logo de airbnb\" class=\"wprevpro_t1_site_logo wprevsiteicon\"><\/a>\t\t\t<\/div><span class=\"wprevpro_t1_A_8\"><a href=\"https:\/\/www.airbnb.com\/users\/show\/\" target=\"_blank\" rel=\"nofollow noreferrer\"><img decoding=\"async\" loading=\"lazy\" src=\"https:\/\/a0.muscache.com\/im\/pictures\/user\/fc757e17-9baf-496c-a7b6-a81b09b1c4ca.jpg?aki_policy=profile_x_medium\" alt=\"C\u00e9cile Avatar\" class=\"wprevpro_t1_IMG_4 wprevpro_avatarimg\" \/><\/a><\/span> <div class=\"wprevpro_t1_SPAN_5 wprev_preview_tcolor2_T1\"><div class=\"wprevpro_t1_rname wprevname\" >C\u00e9cile<\/div><div class=\"wprev_showdate_T1 wprevdate\">8\/12\/2023<\/div> <\/div>\r\n\t\t\t\r\n\t\t<\/div>\r\n\t\t\r\n\t\t<\/div>\r\n\t<\/li><li>\t\t\t<div class=\"wprevpro_t1_outer_div w3_wprs-row wprevprodiv\">\r\n\t\t\t\t\t<div class=\"wprevpro_t1_DIV_1 w3_wprs-col l12 outerrevdiv\">\r\n\t\t\t<div class=\"indrevdiv wprevpro_t1_DIV_2 wprev_preview_bg1_T1 wprev_preview_bradius_T1\">\r\n\t\t\t\t<div class=\"indrevtxt wprevpro_t1_P_3 wprev_preview_tcolor1_T1\"><div class='readmoretextdiv indrevlineclamp' data-lines='3' data-revid='162'>\t\t\t\t\t<span class=\"wprevpro_star_imgs_T1\"><span class=\"starloc1 wprevpro_star_imgs wprevpro_star_imgsloc1\"><span class=\"svgicons svg-wprsp-star\"><\/span><span class=\"svgicons svg-wprsp-star\"><\/span><span class=\"svgicons svg-wprsp-star\"><\/span><span class=\"svgicons svg-wprsp-star\"><\/span><span class=\"svgicons svg-wprsp-star\"><\/span><\/span><\/span>Muy buen alojamiento, anfitri\u00f3n muy amable y servicial.<\/div><div class='divwprsrdmore' style='opacity:0;'><span class='wprs_rd_more'>Lee mas<\/span><span class='wprs_rd_less' style='display:none;'>Leer menos<\/span><\/div>\t\t\t\t<\/div>\r\n\t\t\t\t\t\t\t\t\t\t\t\t\t\t\t\t<a href=\"https:\/\/www.airbnb.com\/rooms\/16732667\" target=\"_blank\" rel=\"nofollow noreferrer\" class=\"wprevpro_t1_site_logo_a\"><img decoding=\"async\" width=\"30\" height=\"32\" src=\"https:\/\/www.tribunj.biz\/wp-content\/plugins\/wp-review-slider-pro-premium\/public\/partials\/imgs\/airbnb_small_icon.svg?id=1\" alt=\"logo de airbnb\" class=\"wprevpro_t1_site_logo wprevsiteicon\"><\/a>\t\t\t<\/div><span class=\"wprevpro_t1_A_8\"><a href=\"https:\/\/www.airbnb.com\/users\/show\/62490938\" target=\"_blank\" rel=\"nofollow noreferrer\"><img decoding=\"async\" loading=\"lazy\" src=\"https:\/\/a0.muscache.com\/im\/pictures\/user\/c55890c2-c6c1-43eb-981e-0d61b01f4dd2.jpg?aki_policy=profile_x_medium\" alt=\"Melanie Avatar\" class=\"wprevpro_t1_IMG_4 wprevpro_avatarimg\" \/><\/a><\/span> <div class=\"wprevpro_t1_SPAN_5 wprev_preview_tcolor2_T1\"><div class=\"wprevpro_t1_rname wprevname\" >Melanie<\/div><div class=\"wprev_showdate_T1 wprevdate\">7\/19\/2019<\/div> <\/div>\r\n\t\t\t\r\n\t\t<\/div>\r\n\t\t\r\n\t\t<\/div>\r\n\t<\/li><li>\t\t\t<div class=\"wprevpro_t1_outer_div w3_wprs-row wprevprodiv\">\r\n\t\t\t\t\t<div class=\"wprevpro_t1_DIV_1 w3_wprs-col l12 outerrevdiv\">\r\n\t\t\t<div class=\"indrevdiv wprevpro_t1_DIV_2 wprev_preview_bg1_T1 wprev_preview_bradius_T1\">\r\n\t\t\t\t<div class=\"indrevtxt wprevpro_t1_P_3 wprev_preview_tcolor1_T1\"><div class='readmoretextdiv indrevlineclamp' data-lines='3' data-revid='171'>\t\t\t\t\t<span class=\"wprevpro_star_imgs_T1\"><span class=\"starloc1 wprevpro_star_imgs wprevpro_star_imgsloc1\"><span class=\"svgicons svg-wprsp-star\"><\/span><span class=\"svgicons svg-wprsp-star\"><\/span><span class=\"svgicons svg-wprsp-star\"><\/span><span class=\"svgicons svg-wprsp-star\"><\/span><span class=\"svgicons svg-wprsp-star-o\"><\/span><\/span><\/span>Excelentes anfitriones, linda vista, todo como se esperaba. Perfecto para pasar la noche.<\/div><div class='divwprsrdmore' style='opacity:0;'><span class='wprs_rd_more'>Lee mas<\/span><span class='wprs_rd_less' style='display:none;'>Leer menos<\/span><\/div>\t\t\t\t<\/div>\r\n\t\t\t\t\t\t\t\t\t\t\t\t\t\t\t\t<a href=\"https:\/\/www.airbnb.com\/rooms\/16732667\" target=\"_blank\" rel=\"nofollow noreferrer\" class=\"wprevpro_t1_site_logo_a\"><img decoding=\"async\" width=\"30\" height=\"32\" src=\"https:\/\/www.tribunj.biz\/wp-content\/plugins\/wp-review-slider-pro-premium\/public\/partials\/imgs\/airbnb_small_icon.svg?id=1\" alt=\"logo de airbnb\" class=\"wprevpro_t1_site_logo wprevsiteicon\"><\/a>\t\t\t<\/div><span class=\"wprevpro_t1_A_8\"><a href=\"https:\/\/www.airbnb.com\/users\/show\/60323823\" target=\"_blank\" rel=\"nofollow noreferrer\"><img decoding=\"async\" loading=\"lazy\" src=\"https:\/\/a0.muscache.com\/im\/pictures\/user\/472c1e74-5331-44ab-8176-395efda9550e.jpg?aki_policy=profile_x_medium\" alt=\"Avatar de Vaida\" class=\"wprevpro_t1_IMG_4 wprevpro_avatarimg\" \/><\/a><\/span> <div class=\"wprevpro_t1_SPAN_5 wprev_preview_tcolor2_T1\"><div class=\"wprevpro_t1_rname wprevname\" >Vaida<\/div><div class=\"wprev_showdate_T1 wprevdate\">6\/01\/2019<\/div> <\/div>\r\n\t\t\t\r\n\t\t<\/div>\r\n\t\t\r\n\t\t<\/div>\r\n\t<\/li><li>\t\t\t<div class=\"wprevpro_t1_outer_div w3_wprs-row wprevprodiv\">\r\n\t\t\t\t\t<div class=\"wprevpro_t1_DIV_1 w3_wprs-col l12 outerrevdiv\">\r\n\t\t\t<div class=\"indrevdiv wprevpro_t1_DIV_2 wprev_preview_bg1_T1 wprev_preview_bradius_T1\">\r\n\t\t\t\t<div class=\"indrevtxt wprevpro_t1_P_3 wprev_preview_tcolor1_T1\"><div class='readmoretextdiv indrevlineclamp' data-lines='3' data-revid='176'>\t\t\t\t\t<span class=\"wprevpro_star_imgs_T1\"><span class=\"starloc1 wprevpro_star_imgs wprevpro_star_imgsloc1\"><span class=\"svgicons svg-wprsp-star\"><\/span><span class=\"svgicons svg-wprsp-star\"><\/span><span class=\"svgicons svg-wprsp-star\"><\/span><span class=\"svgicons svg-wprsp-star\"><\/span><span class=\"svgicons svg-wprsp-star\"><\/span><\/span><\/span>\u00a1Diese Unterkunft ist absolut zu empfehlen! F\u00fcr uns war es das Beste, was uns passieren konnte. Unsere Erwartungen wurden deutlich \u00fcbertroffen! Die Gastfreundschaft ist nicht zu \u00fcberbieten, die Gastgeber einfach herzlich. <br>\nDie Unterkunft ist super gelegen, alles ist fu\u00dfl\u00e4ugig erreichbar - der Strand, die Restaurants, die L\u00e4den...<br>\n\u00a1Vuelve pronto!<\/div><div class='divwprsrdmore' style='opacity:0;'><span class='wprs_rd_more'>Lee mas<\/span><span class='wprs_rd_less' style='display:none;'>Leer menos<\/span><\/div>\t\t\t\t<\/div>\r\n\t\t\t\t\t\t\t\t\t\t\t\t\t\t\t\t<a href=\"https:\/\/www.airbnb.com\/rooms\/16732667\" target=\"_blank\" rel=\"nofollow noreferrer\" class=\"wprevpro_t1_site_logo_a\"><img decoding=\"async\" width=\"30\" height=\"32\" src=\"https:\/\/www.tribunj.biz\/wp-content\/plugins\/wp-review-slider-pro-premium\/public\/partials\/imgs\/airbnb_small_icon.svg?id=1\" alt=\"logo de airbnb\" class=\"wprevpro_t1_site_logo wprevsiteicon\"><\/a>\t\t\t<\/div><span class=\"wprevpro_t1_A_8\"><a href=\"https:\/\/www.airbnb.com\/users\/show\/82156842\" target=\"_blank\" rel=\"nofollow noreferrer\"><img decoding=\"async\" loading=\"lazy\" src=\"https:\/\/a0.muscache.com\/im\/pictures\/user\/b4d4b2a3-9796-4aa4-a3d5-de0d29388921.jpg?aki_policy=profile_x_medium\" alt=\"Avatar griego\" class=\"wprevpro_t1_IMG_4 wprevpro_avatarimg\" \/><\/a><\/span> <div class=\"wprevpro_t1_SPAN_5 wprev_preview_tcolor2_T1\"><div class=\"wprevpro_t1_rname wprevname\" >griego<\/div><div class=\"wprev_showdate_T1 wprevdate\">8\/01\/2020<\/div> <\/div>\r\n\t\t\t\r\n\t\t<\/div>\r\n\t\t\r\n\t\t<\/div>\r\n\t<\/li><li>\t\t\t<div class=\"wprevpro_t1_outer_div w3_wprs-row wprevprodiv\">\r\n\t\t\t\t\t<div class=\"wprevpro_t1_DIV_1 w3_wprs-col l12 outerrevdiv\">\r\n\t\t\t<div class=\"indrevdiv wprevpro_t1_DIV_2 wprev_preview_bg1_T1 wprev_preview_bradius_T1\">\r\n\t\t\t\t<div class=\"indrevtxt wprevpro_t1_P_3 wprev_preview_tcolor1_T1\"><div class='readmoretextdiv indrevlineclamp' data-lines='3' data-revid='142'>\t\t\t\t\t<span class=\"wprevpro_star_imgs_T1\"><span class=\"starloc1 wprevpro_star_imgs wprevpro_star_imgsloc1\"><span class=\"svgicons svg-wprsp-star\"><\/span><span class=\"svgicons svg-wprsp-star\"><\/span><span class=\"svgicons svg-wprsp-star\"><\/span><span class=\"svgicons svg-wprsp-star\"><\/span><span class=\"svgicons svg-wprsp-star\"><\/span><\/span><\/span>Este es un lugar encantador para pasar unos d\u00edas y adem\u00e1s Ante es un tipo muy agradable, servicial y atento.<br>\nDisfrut\u00e9 mucho mi tiempo en su lugar y definitivamente puedo recomendarlo a todos aquellos que solo quieran pasar un tiempo en esta hermosa peque\u00f1a ciudad.<\/div><div class='divwprsrdmore' style='opacity:0;'><span class='wprs_rd_more'>Lee mas<\/span><span class='wprs_rd_less' style='display:none;'>Leer menos<\/span><\/div>\t\t\t\t<\/div>\r\n\t\t\t\t\t\t\t\t\t\t\t\t\t\t\t\t<a href=\"https:\/\/www.airbnb.com\/rooms\/16732667\" target=\"_blank\" rel=\"nofollow noreferrer\" class=\"wprevpro_t1_site_logo_a\"><img decoding=\"async\" width=\"30\" height=\"32\" src=\"https:\/\/www.tribunj.biz\/wp-content\/plugins\/wp-review-slider-pro-premium\/public\/partials\/imgs\/airbnb_small_icon.svg?id=1\" alt=\"logo de airbnb\" class=\"wprevpro_t1_site_logo wprevsiteicon\"><\/a>\t\t\t<\/div><span class=\"wprevpro_t1_A_8\"><a href=\"https:\/\/www.airbnb.com\/users\/show\/184161185\" target=\"_blank\" rel=\"nofollow noreferrer\"><img decoding=\"async\" loading=\"lazy\" src=\"https:\/\/a0.muscache.com\/im\/pictures\/user\/9e17fc6b-03df-4a8b-a248-b3e7eee493f3.jpg?aki_policy=profile_x_medium\" alt=\"Tim avatar\" class=\"wprevpro_t1_IMG_4 wprevpro_avatarimg\" \/><\/a><\/span> <div class=\"wprevpro_t1_SPAN_5 wprev_preview_tcolor2_T1\"><div class=\"wprevpro_t1_rname wprevname\" >Tim<\/div><div class=\"wprev_showdate_T1 wprevdate\">9\/01\/2020<\/div> <\/div>\r\n\t\t\t\r\n\t\t<\/div>\r\n\t\t\r\n\t\t<\/div>\r\n\t<\/li><li>\t\t\t<div class=\"wprevpro_t1_outer_div w3_wprs-row wprevprodiv\">\r\n\t\t\t\t\t<div class=\"wprevpro_t1_DIV_1 w3_wprs-col l12 outerrevdiv\">\r\n\t\t\t<div class=\"indrevdiv wprevpro_t1_DIV_2 wprev_preview_bg1_T1 wprev_preview_bradius_T1\">\r\n\t\t\t\t<div class=\"indrevtxt wprevpro_t1_P_3 wprev_preview_tcolor1_T1\"><div class='readmoretextdiv indrevlineclamp' data-lines='3' data-revid='133'>\t\t\t\t\t<span class=\"wprevpro_star_imgs_T1\"><span class=\"starloc1 wprevpro_star_imgs wprevpro_star_imgsloc1\"><span class=\"svgicons svg-wprsp-star\"><\/span><span class=\"svgicons svg-wprsp-star\"><\/span><span class=\"svgicons svg-wprsp-star\"><\/span><span class=\"svgicons svg-wprsp-star\"><\/span><span class=\"svgicons svg-wprsp-star\"><\/span><\/span><\/span>Ubicaci\u00f3n perfecta, casa muy limpia. Lo pasamos genial, gracias por todo.<\/div><div class='divwprsrdmore' style='opacity:0;'><span class='wprs_rd_more'>Lee mas<\/span><span class='wprs_rd_less' style='display:none;'>Leer menos<\/span><\/div>\t\t\t\t<\/div>\r\n\t\t\t\t\t\t\t\t\t\t\t\t\t\t\t\t<a href=\"https:\/\/www.airbnb.com\/rooms\/8834417\" target=\"_blank\" rel=\"nofollow noreferrer\" class=\"wprevpro_t1_site_logo_a\"><img decoding=\"async\" width=\"30\" height=\"32\" src=\"https:\/\/www.tribunj.biz\/wp-content\/plugins\/wp-review-slider-pro-premium\/public\/partials\/imgs\/airbnb_small_icon.svg?id=1\" alt=\"logo de airbnb\" class=\"wprevpro_t1_site_logo wprevsiteicon\"><\/a>\t\t\t<\/div><span class=\"wprevpro_t1_A_8\"><a href=\"https:\/\/www.airbnb.com\/users\/show\/124375280\" target=\"_blank\" rel=\"nofollow noreferrer\"><img decoding=\"async\" loading=\"lazy\" src=\"https:\/\/a0.muscache.com\/im\/pictures\/user\/1ed9a41d-507f-415e-a399-d4bc2d28327e.jpg?aki_policy=profile_x_medium\" alt=\"Avatar de Mikl\u00f3s\" class=\"wprevpro_t1_IMG_4 wprevpro_avatarimg\" \/><\/a><\/span> <div class=\"wprevpro_t1_SPAN_5 wprev_preview_tcolor2_T1\"><div class=\"wprevpro_t1_rname wprevname\" >Mikl\u00f3s<\/div><div class=\"wprev_showdate_T1 wprevdate\">10\/20\/2019<\/div> <\/div>\r\n\t\t\t\r\n\t\t<\/div>\r\n\t\t\r\n\t\t<\/div>\r\n\t<\/li><li>\t\t\t<div class=\"wprevpro_t1_outer_div w3_wprs-row wprevprodiv\">\r\n\t\t\t\t\t<div class=\"wprevpro_t1_DIV_1 w3_wprs-col l12 outerrevdiv\">\r\n\t\t\t<div class=\"indrevdiv wprevpro_t1_DIV_2 wprev_preview_bg1_T1 wprev_preview_bradius_T1\">\r\n\t\t\t\t<div class=\"indrevtxt wprevpro_t1_P_3 wprev_preview_tcolor1_T1\"><div class='readmoretextdiv indrevlineclamp' data-lines='3' data-revid='195'>\t\t\t\t\t<span class=\"wprevpro_star_imgs_T1\"><span class=\"starloc1 wprevpro_star_imgs wprevpro_star_imgsloc1\"><span class=\"svgicons svg-wprsp-star\"><\/span><span class=\"svgicons svg-wprsp-star\"><\/span><span class=\"svgicons svg-wprsp-star\"><\/span><span class=\"svgicons svg-wprsp-star\"><\/span><span class=\"svgicons svg-wprsp-star\"><\/span><\/span><\/span>Recomendamos much\u00edsimo este lugar. Estaba muy limpio y la vista desde el balc\u00f3n es maravillosa. Comimos all\u00ed y le\u00edmos libros. La ubicaci\u00f3n tambi\u00e9n es muy buena: la casa es f\u00e1cil de encontrar, a solo 5 minutos de la tienda y a 10 minutos de la playa. En el apartamento encontramos todo lo necesario. Tambi\u00e9n ten\u00edamos plaza de aparcamiento. Los due\u00f1os fueron muy amables y serviciales, respondieron r\u00e1pidamente a nuestras preguntas. \u00a1Gracias!<\/div><div class='divwprsrdmore' style='opacity:0;'><span class='wprs_rd_more'>Lee mas<\/span><span class='wprs_rd_less' style='display:none;'>Leer menos<\/span><\/div>\t\t\t\t<\/div>\r\n\t\t\t\t\t\t\t\t\t\t\t\t\t\t\t\t<a href=\"https:\/\/www.airbnb.com\/rooms\/8825408\" target=\"_blank\" rel=\"nofollow noreferrer\" class=\"wprevpro_t1_site_logo_a\"><img decoding=\"async\" width=\"30\" height=\"32\" src=\"https:\/\/www.tribunj.biz\/wp-content\/plugins\/wp-review-slider-pro-premium\/public\/partials\/imgs\/airbnb_small_icon.svg?id=1\" alt=\"logo de airbnb\" class=\"wprevpro_t1_site_logo wprevsiteicon\"><\/a>\t\t\t<\/div><span class=\"wprevpro_t1_A_8\"><a href=\"https:\/\/www.airbnb.com\/users\/show\/140723625\" target=\"_blank\" rel=\"nofollow noreferrer\"><img decoding=\"async\" loading=\"lazy\" src=\"https:\/\/a0.muscache.com\/im\/pictures\/user\/938ed2fe-3ce1-4cee-bbb9-8303fd1e07e3.jpg?aki_policy=profile_x_medium\" alt=\"Sara Avatar\" class=\"wprevpro_t1_IMG_4 wprevpro_avatarimg\" \/><\/a><\/span> <div class=\"wprevpro_t1_SPAN_5 wprev_preview_tcolor2_T1\"><div class=\"wprevpro_t1_rname wprevname\" >Sara<\/div><div class=\"wprev_showdate_T1 wprevdate\">8\/07\/2022<\/div> <\/div>\r\n\t\t\t\r\n\t\t<\/div>\r\n\t\t\r\n\t\t<\/div>\r\n\t<\/li><li>\t\t\t<div class=\"wprevpro_t1_outer_div w3_wprs-row wprevprodiv\">\r\n\t\t\t\t\t<div class=\"wprevpro_t1_DIV_1 w3_wprs-col l12 outerrevdiv\">\r\n\t\t\t<div class=\"indrevdiv wprevpro_t1_DIV_2 wprev_preview_bg1_T1 wprev_preview_bradius_T1\">\r\n\t\t\t\t<div class=\"indrevtxt wprevpro_t1_P_3 wprev_preview_tcolor1_T1\"><div class='readmoretextdiv indrevlineclamp' data-lines='3' data-revid='102'>\t\t\t\t\t<span class=\"wprevpro_star_imgs_T1\"><span class=\"starloc1 wprevpro_star_imgs wprevpro_star_imgsloc1\"><span class=\"svgicons svg-wprsp-star\"><\/span><span class=\"svgicons svg-wprsp-star\"><\/span><span class=\"svgicons svg-wprsp-star\"><\/span><span class=\"svgicons svg-wprsp-star\"><\/span><span class=\"svgicons svg-wprsp-star\"><\/span><\/span><\/span>RAJ NA ZEMLJI!<\/div><div class='divwprsrdmore' style='opacity:0;'><span class='wprs_rd_more'>Lee mas<\/span><span class='wprs_rd_less' style='display:none;'>Leer menos<\/span><\/div>\t\t\t\t<\/div>\r\n\t\t\t\t\t\t\t\t\t\t\t\t\t\t\t\t<a href=\"https:\/\/www.facebook.com\/pg\/451509874913315\/reviews\/\" target=\"_blank\" rel=\"nofollow noreferrer\" class=\"wprevpro_t1_site_logo_a\"><img decoding=\"async\" width=\"32\" height=\"32\" src=\"https:\/\/www.tribunj.biz\/wp-content\/plugins\/wp-review-slider-pro-premium\/public\/partials\/imgs\/facebook_small_icon.svg\" alt=\"Logo de Facebook\" class=\"wprevpro_t1_site_logo wprevsiteicon\"><\/a>\t\t\t<\/div><span class=\"wprevpro_t1_A_8\"><a href=\"https:\/\/www.facebook.com\/search\/top\/?q=Stjepan+D.\" target=\"_blank\" rel=\"nofollow noreferrer\"><img decoding=\"async\" loading=\"lazy\" src=\"https:\/\/platform-lookaside.fbsbx.com\/platform\/profilepic\/?psid=1064395126997240&height=100&width=100&ext=1549327165&hash=AeQcBCOPIe1bV7I8\" alt=\"Stjepan D. Avatar\" class=\"wprevpro_t1_IMG_4 wprevpro_avatarimg\" \/><\/a><\/span> <div class=\"wprevpro_t1_SPAN_5 wprev_preview_tcolor2_T1\"><div class=\"wprevpro_t1_rname wprevname\" >Stjepan D.<\/div><div class=\"wprev_showdate_T1 wprevdate\">12\/26\/2016<\/div> <\/div>\r\n\t\t\t\r\n\t\t<\/div>\r\n\t\t\r\n\t\t<\/div>\r\n\t<\/li><li>\t\t\t<div class=\"wprevpro_t1_outer_div w3_wprs-row wprevprodiv\">\r\n\t\t\t\t\t<div class=\"wprevpro_t1_DIV_1 w3_wprs-col l12 outerrevdiv\">\r\n\t\t\t<div class=\"indrevdiv wprevpro_t1_DIV_2 wprev_preview_bg1_T1 wprev_preview_bradius_T1\">\r\n\t\t\t\t<div class=\"indrevtxt wprevpro_t1_P_3 wprev_preview_tcolor1_T1\"><div class='readmoretextdiv indrevlineclamp' data-lines='3' data-revid='58'>\t\t\t\t\t<span class=\"wprevpro_star_imgs_T1\"><span class=\"starloc1 wprevpro_star_imgs wprevpro_star_imgsloc1\"><span class=\"svgicons svg-wprsp-star\"><\/span><span class=\"svgicons svg-wprsp-star\"><\/span><span class=\"svgicons svg-wprsp-star\"><\/span><span class=\"svgicons svg-wprsp-star\"><\/span><span class=\"svgicons svg-wprsp-star\"><\/span><\/span><\/span>Una habitaci\u00f3n tranquila y agradable con una vista incre\u00edble desde el balc\u00f3n. Cerca del apartamento hay muchos restaurantes, tambi\u00e9n Vodice est\u00e1 a pocos kil\u00f3metros de distancia, por lo que tiene una excelente ubicaci\u00f3n. Ante e Ivana son unos anfitriones maravillosos, realmente recomiendo su lugar.<\/div><div class='divwprsrdmore' style='opacity:0;'><span class='wprs_rd_more'>Lee mas<\/span><span class='wprs_rd_less' style='display:none;'>Leer menos<\/span><\/div>\t\t\t\t<\/div>\r\n\t\t\t\t\t\t\t\t\t\t\t\t\t\t\t\t<a href=\"https:\/\/www.airbnb.com\/rooms\/16732667\" target=\"_blank\" rel=\"nofollow noreferrer\" class=\"wprevpro_t1_site_logo_a\"><img decoding=\"async\" width=\"30\" height=\"32\" src=\"https:\/\/www.tribunj.biz\/wp-content\/plugins\/wp-review-slider-pro-premium\/public\/partials\/imgs\/airbnb_small_icon.svg?id=1\" alt=\"logo de airbnb\" class=\"wprevpro_t1_site_logo wprevsiteicon\"><\/a>\t\t\t<\/div><span class=\"wprevpro_t1_A_8\"><a href=\"https:\/\/www.airbnb.com\/users\/show\/154253394\" target=\"_blank\" rel=\"nofollow noreferrer\"><img decoding=\"async\" loading=\"lazy\" src=\"https:\/\/a0.muscache.com\/im\/pictures\/user\/288d0fec-00a5-4db2-93f6-7cfbc27a3f66.jpg?aki_policy=profile_x_medium\" alt=\"B\u00e1rbara avatar\" class=\"wprevpro_t1_IMG_4 wprevpro_avatarimg\" \/><\/a><\/span> <div class=\"wprevpro_t1_SPAN_5 wprev_preview_tcolor2_T1\"><div class=\"wprevpro_t1_rname wprevname\" >B\u00e1rbara<\/div><div class=\"wprev_showdate_T1 wprevdate\">7\/20\/2018<\/div> <\/div>\r\n\t\t\t\r\n\t\t<\/div>\r\n\t\t\r\n\t\t<\/div>\r\n\t<\/li><li>\t\t\t<div class=\"wprevpro_t1_outer_div w3_wprs-row wprevprodiv\">\r\n\t\t\t\t\t<div class=\"wprevpro_t1_DIV_1 w3_wprs-col l12 outerrevdiv\">\r\n\t\t\t<div class=\"indrevdiv wprevpro_t1_DIV_2 wprev_preview_bg1_T1 wprev_preview_bradius_T1\">\r\n\t\t\t\t<div class=\"indrevtxt wprevpro_t1_P_3 wprev_preview_tcolor1_T1\"><div class='readmoretextdiv indrevlineclamp' data-lines='3' data-revid='111'>\t\t\t\t\t<span class=\"wprevpro_star_imgs_T1\"><span class=\"starloc1 wprevpro_star_imgs wprevpro_star_imgsloc1\"><span class=\"svgicons svg-wprsp-star\"><\/span><span class=\"svgicons svg-wprsp-star\"><\/span><span class=\"svgicons svg-wprsp-star\"><\/span><span class=\"svgicons svg-wprsp-star-o\"><\/span><span class=\"svgicons svg-wprsp-star-o\"><\/span><\/span><\/span><\/div><div class='divwprsrdmore' style='opacity:0;'><span class='wprs_rd_more'>Lee mas<\/span><span class='wprs_rd_less' style='display:none;'>Leer menos<\/span><\/div>\t\t\t\t<\/div>\r\n\t\t\t\t\t\t\t\t\t\t\t\t\t\t\t\t<a href=\"https:\/\/www.facebook.com\/pg\/451509874913315\/reviews\/\" target=\"_blank\" rel=\"nofollow noreferrer\" class=\"wprevpro_t1_site_logo_a\"><img decoding=\"async\" width=\"32\" height=\"32\" src=\"https:\/\/www.tribunj.biz\/wp-content\/plugins\/wp-review-slider-pro-premium\/public\/partials\/imgs\/facebook_small_icon.svg\" alt=\"Logo de Facebook\" class=\"wprevpro_t1_site_logo wprevsiteicon\"><\/a>\t\t\t<\/div><span class=\"wprevpro_t1_A_8\"><a href=\"https:\/\/www.facebook.com\/search\/top\/?q=Bodran+M.\" target=\"_blank\" rel=\"nofollow noreferrer\"><img decoding=\"async\" loading=\"lazy\" src=\"https:\/\/platform-lookaside.fbsbx.com\/platform\/profilepic\/?psid=1988582954557529&height=100&width=100&ext=1549327170&hash=AeTUT2lAWtP2jzfZ\" alt=\"Bodran m. Avatar\" class=\"wprevpro_t1_IMG_4 wprevpro_avatarimg\" \/><\/a><\/span> <div class=\"wprevpro_t1_SPAN_5 wprev_preview_tcolor2_T1\"><div class=\"wprevpro_t1_rname wprevname\" >Bodran M.<\/div><div class=\"wprev_showdate_T1 wprevdate\">8\/07\/2016<\/div> <\/div>\r\n\t\t\t\r\n\t\t<\/div>\r\n\t\t\r\n\t\t<\/div>\r\n\t<\/li><li>\t\t\t<div class=\"wprevpro_t1_outer_div w3_wprs-row wprevprodiv\">\r\n\t\t\t\t\t<div class=\"wprevpro_t1_DIV_1 w3_wprs-col l12 outerrevdiv\">\r\n\t\t\t<div class=\"indrevdiv wprevpro_t1_DIV_2 wprev_preview_bg1_T1 wprev_preview_bradius_T1\">\r\n\t\t\t\t<div class=\"indrevtxt wprevpro_t1_P_3 wprev_preview_tcolor1_T1\"><div class='readmoretextdiv indrevlineclamp' data-lines='3' data-revid='217'>\t\t\t\t\t<span class=\"wprevpro_star_imgs_T1\"><span class=\"starloc1 wprevpro_star_imgs wprevpro_star_imgsloc1\"><span class=\"svgicons svg-wprsp-star\"><\/span><span class=\"svgicons svg-wprsp-star\"><\/span><span class=\"svgicons svg-wprsp-star\"><\/span><span class=\"svgicons svg-wprsp-star\"><\/span><span class=\"svgicons svg-wprsp-star\"><\/span><\/span><\/span>Un gran lugar para quedarse<\/div><div class='divwprsrdmore' style='opacity:0;'><span class='wprs_rd_more'>Lee mas<\/span><span class='wprs_rd_less' style='display:none;'>Leer menos<\/span><\/div>\t\t\t\t<\/div>\r\n\t\t\t\t\t\t\t\t\t\t\t\t\t\t\t\t<a href=\"https:\/\/www.airbnb.com\/rooms\/16732667\" target=\"_blank\" rel=\"nofollow noreferrer\" class=\"wprevpro_t1_site_logo_a\"><img decoding=\"async\" width=\"30\" height=\"32\" src=\"https:\/\/www.tribunj.biz\/wp-content\/plugins\/wp-review-slider-pro-premium\/public\/partials\/imgs\/airbnb_small_icon.svg?id=1\" alt=\"logo de airbnb\" class=\"wprevpro_t1_site_logo wprevsiteicon\"><\/a>\t\t\t<\/div><span class=\"wprevpro_t1_A_8\"><a href=\"https:\/\/www.airbnb.com\/users\/show\/160627326\" target=\"_blank\" rel=\"nofollow noreferrer\"><img decoding=\"async\" loading=\"lazy\" src=\"https:\/\/a0.muscache.com\/im\/pictures\/user\/4ce19c82-6857-46de-a7d4-2618936ed2ce.jpg?aki_policy=profile_x_medium\" alt=\"Robin avatar\" class=\"wprevpro_t1_IMG_4 wprevpro_avatarimg\" \/><\/a><\/span> <div class=\"wprevpro_t1_SPAN_5 wprev_preview_tcolor2_T1\"><div class=\"wprevpro_t1_rname wprevname\" >Robin<\/div><div class=\"wprev_showdate_T1 wprevdate\">8\/16\/2021<\/div> <\/div>\r\n\t\t\t\r\n\t\t<\/div>\r\n\t\t\r\n\t\t<\/div>\r\n\t<\/li><li>\t\t\t<div class=\"wprevpro_t1_outer_div w3_wprs-row wprevprodiv\">\r\n\t\t\t\t\t<div class=\"wprevpro_t1_DIV_1 w3_wprs-col l12 outerrevdiv\">\r\n\t\t\t<div class=\"indrevdiv wprevpro_t1_DIV_2 wprev_preview_bg1_T1 wprev_preview_bradius_T1\">\r\n\t\t\t\t<div class=\"indrevtxt wprevpro_t1_P_3 wprev_preview_tcolor1_T1\"><div class='readmoretextdiv indrevlineclamp' data-lines='3' data-revid='71'>\t\t\t\t\t<span class=\"wprevpro_star_imgs_T1\"><span class=\"starloc1 wprevpro_star_imgs wprevpro_star_imgsloc1\"><span class=\"svgicons svg-wprsp-star\"><\/span><span class=\"svgicons svg-wprsp-star\"><\/span><span class=\"svgicons svg-wprsp-star\"><\/span><span class=\"svgicons svg-wprsp-star\"><\/span><span class=\"svgicons svg-wprsp-star\"><\/span><\/span><\/span>Tr\u00e8s chouette chambre avec vue sur la mer. Ante todo por parte de la relaci\u00f3n. Famille tr\u00e8s accueillante. Logement \u00e0. Vivement Conseiller<\/div><div class='divwprsrdmore' style='opacity:0;'><span class='wprs_rd_more'>Lee mas<\/span><span class='wprs_rd_less' style='display:none;'>Leer menos<\/span><\/div>\t\t\t\t<\/div>\r\n\t\t\t\t\t\t\t\t\t\t\t\t\t\t\t\t<a href=\"https:\/\/www.airbnb.com\/rooms\/16732667\" target=\"_blank\" rel=\"nofollow noreferrer\" class=\"wprevpro_t1_site_logo_a\"><img decoding=\"async\" width=\"30\" height=\"32\" src=\"https:\/\/www.tribunj.biz\/wp-content\/plugins\/wp-review-slider-pro-premium\/public\/partials\/imgs\/airbnb_small_icon.svg?id=1\" alt=\"logo de airbnb\" class=\"wprevpro_t1_site_logo wprevsiteicon\"><\/a>\t\t\t<\/div><span class=\"wprevpro_t1_A_8\"><a href=\"https:\/\/www.airbnb.com\/users\/show\/44549578\" target=\"_blank\" rel=\"nofollow noreferrer\"><img decoding=\"async\" loading=\"lazy\" src=\"https:\/\/a0.muscache.com\/im\/users\/44549578\/profile_pic\/1442859519\/original.jpg?aki_policy=profile_x_medium\" alt=\"Avatar de manon\" class=\"wprevpro_t1_IMG_4 wprevpro_avatarimg\" \/><\/a><\/span> <div class=\"wprevpro_t1_SPAN_5 wprev_preview_tcolor2_T1\"><div class=\"wprevpro_t1_rname wprevname\" >Manon<\/div><div class=\"wprev_showdate_T1 wprevdate\">7\/09\/2018<\/div> <\/div>\r\n\t\t\t\r\n\t\t<\/div>\r\n\t\t\r\n\t\t<\/div>\r\n\t<\/li><li>\t\t\t<div class=\"wprevpro_t1_outer_div w3_wprs-row wprevprodiv\">\r\n\t\t\t\t\t<div class=\"wprevpro_t1_DIV_1 w3_wprs-col l12 outerrevdiv\">\r\n\t\t\t<div class=\"indrevdiv wprevpro_t1_DIV_2 wprev_preview_bg1_T1 wprev_preview_bradius_T1\">\r\n\t\t\t\t<div class=\"indrevtxt wprevpro_t1_P_3 wprev_preview_tcolor1_T1\"><div class='readmoretextdiv indrevlineclamp' data-lines='3' data-revid='432'>\t\t\t\t\t<span class=\"wprevpro_star_imgs_T1\"><span class=\"starloc1 wprevpro_star_imgs wprevpro_star_imgsloc1\"><span class=\"svgicons svg-wprsp-star\"><\/span><span class=\"svgicons svg-wprsp-star\"><\/span><span class=\"svgicons svg-wprsp-star\"><\/span><span class=\"svgicons svg-wprsp-star\"><\/span><span class=\"svgicons svg-wprsp-star\"><\/span><\/span><\/span>Wir hatten einen super Aufenthalt, w\u00fcrden jederzeit wieder kommen\u263a\ufe0f Sehr liebe und nette Gastgeberin\u263a\ufe0f<\/div><div class='divwprsrdmore' style='opacity:0;'><span class='wprs_rd_more'>Lee mas<\/span><span class='wprs_rd_less' style='display:none;'>Leer menos<\/span><\/div>\t\t\t\t<\/div>\r\n\t\t\t\t\t\t\t\t\t\t\t\t\t\t\t\t<a href=\"https:\/\/www.airbnb.com\/rooms\/16732667\" target=\"_blank\" rel=\"nofollow noreferrer\" class=\"wprevpro_t1_site_logo_a\"><img decoding=\"async\" width=\"30\" height=\"32\" src=\"https:\/\/www.tribunj.biz\/wp-content\/plugins\/wp-review-slider-pro-premium\/public\/partials\/imgs\/airbnb_small_icon.svg?id=1\" alt=\"logo de airbnb\" class=\"wprevpro_t1_site_logo wprevsiteicon\"><\/a>\t\t\t<\/div><span class=\"wprevpro_t1_A_8\"><a href=\"https:\/\/www.airbnb.com\/users\/show\/\" target=\"_blank\" rel=\"nofollow noreferrer\"><img decoding=\"async\" loading=\"lazy\" src=\"https:\/\/a0.muscache.com\/im\/pictures\/user\/91bcdf91-1286-40c8-8314-1427e1c39251.jpg?aki_policy=profile_x_medium\" alt=\"Daniel Avatar\" class=\"wprevpro_t1_IMG_4 wprevpro_avatarimg\" \/><\/a><\/span> <div class=\"wprevpro_t1_SPAN_5 wprev_preview_tcolor2_T1\"><div class=\"wprevpro_t1_rname wprevname\" >Daniel<\/div><div class=\"wprev_showdate_T1 wprevdate\">6\/22\/2023<\/div> <\/div>\r\n\t\t\t\r\n\t\t<\/div>\r\n\t\t\r\n\t\t<\/div>\r\n\t<\/li><li>\t\t\t<div class=\"wprevpro_t1_outer_div w3_wprs-row wprevprodiv\">\r\n\t\t\t\t\t<div class=\"wprevpro_t1_DIV_1 w3_wprs-col l12 outerrevdiv\">\r\n\t\t\t<div class=\"indrevdiv wprevpro_t1_DIV_2 wprev_preview_bg1_T1 wprev_preview_bradius_T1\">\r\n\t\t\t\t<div class=\"indrevtxt wprevpro_t1_P_3 wprev_preview_tcolor1_T1\"><div class='readmoretextdiv indrevlineclamp' data-lines='3' data-revid='100'>\t\t\t\t\t<span class=\"wprevpro_star_imgs_T1\"><span class=\"starloc1 wprevpro_star_imgs wprevpro_star_imgsloc1\"><span class=\"svgicons svg-wprsp-star\"><\/span><span class=\"svgicons svg-wprsp-star\"><\/span><span class=\"svgicons svg-wprsp-star\"><\/span><span class=\"svgicons svg-wprsp-star\"><\/span><span class=\"svgicons svg-wprsp-star\"><\/span><\/span><\/span><\/div><div class='divwprsrdmore' style='opacity:0;'><span class='wprs_rd_more'>Lee mas<\/span><span class='wprs_rd_less' style='display:none;'>Leer menos<\/span><\/div>\t\t\t\t<\/div>\r\n\t\t\t\t\t\t\t\t\t\t\t\t\t\t\t\t<a href=\"https:\/\/www.facebook.com\/pg\/451509874913315\/reviews\/\" target=\"_blank\" rel=\"nofollow noreferrer\" class=\"wprevpro_t1_site_logo_a\"><img decoding=\"async\" width=\"32\" height=\"32\" src=\"https:\/\/www.tribunj.biz\/wp-content\/plugins\/wp-review-slider-pro-premium\/public\/partials\/imgs\/facebook_small_icon.svg\" alt=\"Logo de Facebook\" class=\"wprevpro_t1_site_logo wprevsiteicon\"><\/a>\t\t\t<\/div><span class=\"wprevpro_t1_A_8\"><a href=\"https:\/\/www.facebook.com\/search\/top\/?q=Mala+B.\" target=\"_blank\" rel=\"nofollow noreferrer\"><img decoding=\"async\" loading=\"lazy\" src=\"https:\/\/platform-lookaside.fbsbx.com\/platform\/profilepic\/?psid=2343336892361475&height=100&width=100&ext=1549327164&hash=AeRXElfQzqY0PeAj\" alt=\"Mala b. Avatar\" class=\"wprevpro_t1_IMG_4 wprevpro_avatarimg\" \/><\/a><\/span> <div class=\"wprevpro_t1_SPAN_5 wprev_preview_tcolor2_T1\"><div class=\"wprevpro_t1_rname wprevname\" >Mala b.<\/div><div class=\"wprev_showdate_T1 wprevdate\">1\/24\/2017<\/div> <\/div>\r\n\t\t\t\r\n\t\t<\/div>\r\n\t\t\r\n\t\t<\/div>\r\n\t<\/li><li>\t\t\t<div class=\"wprevpro_t1_outer_div w3_wprs-row wprevprodiv\">\r\n\t\t\t\t\t<div class=\"wprevpro_t1_DIV_1 w3_wprs-col l12 outerrevdiv\">\r\n\t\t\t<div class=\"indrevdiv wprevpro_t1_DIV_2 wprev_preview_bg1_T1 wprev_preview_bradius_T1\">\r\n\t\t\t\t<div class=\"indrevtxt wprevpro_t1_P_3 wprev_preview_tcolor1_T1\"><div class='readmoretextdiv indrevlineclamp' data-lines='3' data-revid='114'>\t\t\t\t\t<span class=\"wprevpro_star_imgs_T1\"><span class=\"starloc1 wprevpro_star_imgs wprevpro_star_imgsloc1\"><span class=\"svgicons svg-wprsp-star\"><\/span><span class=\"svgicons svg-wprsp-star\"><\/span><span class=\"svgicons svg-wprsp-star\"><\/span><span class=\"svgicons svg-wprsp-star\"><\/span><span class=\"svgicons svg-wprsp-star\"><\/span><\/span><\/span>Jako lijepo mjesto za odmor.<\/div><div class='divwprsrdmore' style='opacity:0;'><span class='wprs_rd_more'>Lee mas<\/span><span class='wprs_rd_less' style='display:none;'>Leer menos<\/span><\/div>\t\t\t\t<\/div>\r\n\t\t\t\t\t\t\t\t\t\t\t\t\t\t\t\t<a href=\"https:\/\/www.facebook.com\/pg\/451509874913315\/reviews\/\" target=\"_blank\" rel=\"nofollow noreferrer\" class=\"wprevpro_t1_site_logo_a\"><img decoding=\"async\" width=\"32\" height=\"32\" src=\"https:\/\/www.tribunj.biz\/wp-content\/plugins\/wp-review-slider-pro-premium\/public\/partials\/imgs\/facebook_small_icon.svg\" alt=\"Logo de Facebook\" class=\"wprevpro_t1_site_logo wprevsiteicon\"><\/a>\t\t\t<\/div><span class=\"wprevpro_t1_A_8\"><a href=\"https:\/\/www.facebook.com\/search\/top\/?q=Terezija+G.\" target=\"_blank\" rel=\"nofollow noreferrer\"><img decoding=\"async\" loading=\"lazy\" src=\"https:\/\/platform-lookaside.fbsbx.com\/platform\/profilepic\/?psid=2397670190305392&height=100&width=100&ext=1549327171&hash=AeQx9DNAdNrWD-ot\" alt=\"Terezija G. Avatar\" class=\"wprevpro_t1_IMG_4 wprevpro_avatarimg\" \/><\/a><\/span> <div class=\"wprevpro_t1_SPAN_5 wprev_preview_tcolor2_T1\"><div class=\"wprevpro_t1_rname wprevname\" >Terezija g.<\/div><div class=\"wprev_showdate_T1 wprevdate\">8\/03\/2016<\/div> <\/div>\r\n\t\t\t\r\n\t\t<\/div>\r\n\t\t\r\n\t\t<\/div>\r\n\t<\/li><li>\t\t\t<div class=\"wprevpro_t1_outer_div w3_wprs-row wprevprodiv\">\r\n\t\t\t\t\t<div class=\"wprevpro_t1_DIV_1 w3_wprs-col l12 outerrevdiv\">\r\n\t\t\t<div class=\"indrevdiv wprevpro_t1_DIV_2 wprev_preview_bg1_T1 wprev_preview_bradius_T1\">\r\n\t\t\t\t<div class=\"indrevtxt wprevpro_t1_P_3 wprev_preview_tcolor1_T1\"><div class='readmoretextdiv indrevlineclamp' data-lines='3' data-revid='263'>\t\t\t\t\t<span class=\"wprevpro_star_imgs_T1\"><span class=\"starloc1 wprevpro_star_imgs wprevpro_star_imgsloc1\"><span class=\"svgicons svg-wprsp-star\"><\/span><span class=\"svgicons svg-wprsp-star\"><\/span><span class=\"svgicons svg-wprsp-star\"><\/span><span class=\"svgicons svg-wprsp-star\"><\/span><span class=\"svgicons svg-wprsp-star\"><\/span><\/span><\/span>Anfitri\u00f3n muy amable, lo recomendar\u00eda a todos!<\/div><div class='divwprsrdmore' style='opacity:0;'><span class='wprs_rd_more'>Lee mas<\/span><span class='wprs_rd_less' style='display:none;'>Leer menos<\/span><\/div>\t\t\t\t<\/div>\r\n\t\t\t\t\t\t\t\t\t\t\t\t\t\t\t\t<a href=\"https:\/\/www.airbnb.com\/rooms\/16732667\" target=\"_blank\" rel=\"nofollow noreferrer\" class=\"wprevpro_t1_site_logo_a\"><img decoding=\"async\" width=\"30\" height=\"32\" src=\"https:\/\/www.tribunj.biz\/wp-content\/plugins\/wp-review-slider-pro-premium\/public\/partials\/imgs\/airbnb_small_icon.svg?id=1\" alt=\"logo de airbnb\" class=\"wprevpro_t1_site_logo wprevsiteicon\"><\/a>\t\t\t<\/div><span class=\"wprevpro_t1_A_8\"><a href=\"https:\/\/www.airbnb.com\/users\/show\/\" target=\"_blank\" rel=\"nofollow noreferrer\"><img decoding=\"async\" loading=\"lazy\" src=\"https:\/\/a0.muscache.com\/im\/pictures\/user\/585f4d1e-8d46-4af0-9850-bae55a2ff771.jpg?aki_policy=profile_x_medium\" alt=\"Nele Avatar\" class=\"wprevpro_t1_IMG_4 wprevpro_avatarimg\" \/><\/a><\/span> <div class=\"wprevpro_t1_SPAN_5 wprev_preview_tcolor2_T1\"><div class=\"wprevpro_t1_rname wprevname\" >Nele<\/div><div class=\"wprev_showdate_T1 wprevdate\">4\/12\/2023<\/div> <\/div>\r\n\t\t\t\r\n\t\t<\/div>\r\n\t\t\r\n\t\t<\/div>\r\n\t<\/li><li>\t\t\t<div class=\"wprevpro_t1_outer_div w3_wprs-row wprevprodiv\">\r\n\t\t\t\t\t<div class=\"wprevpro_t1_DIV_1 w3_wprs-col l12 outerrevdiv\">\r\n\t\t\t<div class=\"indrevdiv wprevpro_t1_DIV_2 wprev_preview_bg1_T1 wprev_preview_bradius_T1\">\r\n\t\t\t\t<div class=\"indrevtxt wprevpro_t1_P_3 wprev_preview_tcolor1_T1\"><div class='readmoretextdiv indrevlineclamp' data-lines='3' data-revid='161'>\t\t\t\t\t<span class=\"wprevpro_star_imgs_T1\"><span class=\"starloc1 wprevpro_star_imgs wprevpro_star_imgsloc1\"><span class=\"svgicons svg-wprsp-star\"><\/span><span class=\"svgicons svg-wprsp-star\"><\/span><span class=\"svgicons svg-wprsp-star\"><\/span><span class=\"svgicons svg-wprsp-star\"><\/span><span class=\"svgicons svg-wprsp-star\"><\/span><\/span><\/span>Gente estupenda, lugar estupendo<\/div><div class='divwprsrdmore' style='opacity:0;'><span class='wprs_rd_more'>Lee mas<\/span><span class='wprs_rd_less' style='display:none;'>Leer menos<\/span><\/div>\t\t\t\t<\/div>\r\n\t\t\t\t\t\t\t\t\t\t\t\t\t\t\t\t<a href=\"https:\/\/www.airbnb.com\/rooms\/16732667\" target=\"_blank\" rel=\"nofollow noreferrer\" class=\"wprevpro_t1_site_logo_a\"><img decoding=\"async\" width=\"30\" height=\"32\" src=\"https:\/\/www.tribunj.biz\/wp-content\/plugins\/wp-review-slider-pro-premium\/public\/partials\/imgs\/airbnb_small_icon.svg?id=1\" alt=\"logo de airbnb\" class=\"wprevpro_t1_site_logo wprevsiteicon\"><\/a>\t\t\t<\/div><span class=\"wprevpro_t1_A_8\"><a href=\"https:\/\/www.airbnb.com\/users\/show\/277278212\" target=\"_blank\" rel=\"nofollow noreferrer\"><img decoding=\"async\" loading=\"lazy\" src=\"https:\/\/a0.muscache.com\/im\/pictures\/user\/640dd3f4-f5b3-4258-a572-5b1e3b522414.jpg?aki_policy=profile_x_medium\" alt=\"Iv\u00e1n Avatar\" class=\"wprevpro_t1_IMG_4 wprevpro_avatarimg\" \/><\/a><\/span> <div class=\"wprevpro_t1_SPAN_5 wprev_preview_tcolor2_T1\"><div class=\"wprevpro_t1_rname wprevname\" >Iv\u00e1n<\/div><div class=\"wprev_showdate_T1 wprevdate\">8\/05\/2019<\/div> <\/div>\r\n\t\t\t\r\n\t\t<\/div>\r\n\t\t\r\n\t\t<\/div>\r\n\t<\/li><li>\t\t\t<div class=\"wprevpro_t1_outer_div w3_wprs-row wprevprodiv\">\r\n\t\t\t\t\t<div class=\"wprevpro_t1_DIV_1 w3_wprs-col l12 outerrevdiv\">\r\n\t\t\t<div class=\"indrevdiv wprevpro_t1_DIV_2 wprev_preview_bg1_T1 wprev_preview_bradius_T1\">\r\n\t\t\t\t<div class=\"indrevtxt wprevpro_t1_P_3 wprev_preview_tcolor1_T1\"><div class='readmoretextdiv indrevlineclamp' data-lines='3' data-revid='18'>\t\t\t\t\t<span class=\"wprevpro_star_imgs_T1\"><span class=\"starloc1 wprevpro_star_imgs wprevpro_star_imgsloc1\"><span class=\"svgicons svg-wprsp-star\"><\/span><span class=\"svgicons svg-wprsp-star\"><\/span><span class=\"svgicons svg-wprsp-star\"><\/span><span class=\"svgicons svg-wprsp-star\"><\/span><span class=\"svgicons svg-wprsp-star\"><\/span><\/span><\/span><span class=\"wprevpro_t1_DIV_title wprevreviewtitle\">Rese\u00f1a de booking.com <\/span>Muy buenos anfitriones comunicatve, excelente vista sobre el puerto deportivo y la ciudad vieja. Valking distancia a la ciudad y muchos lugares asequibles para tener una buena comida con una vista incre\u00edble.<\/div><div class='divwprsrdmore' style='opacity:0;'><span class='wprs_rd_more'>Lee mas<\/span><span class='wprs_rd_less' style='display:none;'>Leer menos<\/span><\/div>\t\t\t\t<\/div>\r\n\t\t\t\t\t\t\t\t\t\t\t\t\t\t\t\t<a href=\"\" target=\"_blank\" rel=\"nofollow noreferrer\" class=\"wprevpro_t1_site_logo_a\"><img decoding=\"async\" width=\"32\" height=\"32\" src=\"https:\/\/www.tribunj.biz\/wp-content\/uploads\/2018\/06\/download.png\" alt=\"Logo\" class=\"wprevpro_t1_site_logo wprevsiteicon\"><\/a>\t\t\t<\/div><span class=\"wprevpro_t1_A_8\"><img decoding=\"async\" loading=\"lazy\" src=\"https:\/\/www.tribunj.biz\/wp-content\/uploads\/2018\/06\/download.png\" alt=\"Tomi Avatar\" class=\"wprevpro_t1_IMG_4 wprevpro_avatarimg\" \/><\/span> <div class=\"wprevpro_t1_SPAN_5 wprev_preview_tcolor2_T1\"><div class=\"wprevpro_t1_rname wprevname\" >Tomi<\/div><div class=\"wprev_showdate_T1 wprevdate\">6\/17\/2018<\/div> <\/div>\r\n\t\t\t\r\n\t\t<\/div>\r\n\t\t\r\n\t\t<\/div>\r\n\t<\/li><li>\t\t\t<div class=\"wprevpro_t1_outer_div w3_wprs-row wprevprodiv\">\r\n\t\t\t\t\t<div class=\"wprevpro_t1_DIV_1 w3_wprs-col l12 outerrevdiv\">\r\n\t\t\t<div class=\"indrevdiv wprevpro_t1_DIV_2 wprev_preview_bg1_T1 wprev_preview_bradius_T1\">\r\n\t\t\t\t<div class=\"indrevtxt wprevpro_t1_P_3 wprev_preview_tcolor1_T1\"><div class='readmoretextdiv indrevlineclamp' data-lines='3' data-revid='5'>\t\t\t\t\t<span class=\"wprevpro_star_imgs_T1\"><span class=\"starloc1 wprevpro_star_imgs wprevpro_star_imgsloc1\"><span class=\"svgicons svg-wprsp-star\"><\/span><span class=\"svgicons svg-wprsp-star\"><\/span><span class=\"svgicons svg-wprsp-star\"><\/span><span class=\"svgicons svg-wprsp-star\"><\/span><span class=\"svgicons svg-wprsp-star\"><\/span><\/span><\/span>Un lugar muy agradable con gente muy amable! \ud83d\ude09 \u00a1Recomendaci\u00f3n!<\/div><div class='divwprsrdmore' style='opacity:0;'><span class='wprs_rd_more'>Lee mas<\/span><span class='wprs_rd_less' style='display:none;'>Leer menos<\/span><\/div>\t\t\t\t<\/div>\r\n\t\t\t\t\t\t\t\t\t\t\t\t\t\t\t\t<a href=\"https:\/\/maps.google.com\/?cid=5921528500927293870\" target=\"_blank\" rel=\"nofollow noreferrer\" class=\"wprevpro_t1_site_logo_a\"><img decoding=\"async\" width=\"32\" height=\"32\" src=\"https:\/\/www.tribunj.biz\/wp-content\/plugins\/wp-review-slider-pro-premium\/public\/partials\/imgs\/google_small_icon.svg\" alt=\"Logotipo de Google\" class=\"wprevpro_t1_site_logo wprevsiteicon\"><\/a>\t\t\t<\/div><span class=\"wprevpro_t1_A_8\"><a href=\"https:\/\/www.google.com\/maps\/contrib\/104537775559513932196\" target=\"_blank\" rel=\"nofollow noreferrer\"><img decoding=\"async\" loading=\"lazy\" src=\"https:\/\/lh5.googleusercontent.com\/-KoMRft1E7Qk\/AAAAAAAAAAI\/AAAAAAAAAAA\/AB6qoq2qYqeR2DdDufgf0ydRwOzAT7s2-g\/s128-c0x00000000-cc-rp-mo\/photo.jpg?sz=100\" alt=\"Marko Hosni Avatar\" class=\"wprevpro_t1_IMG_4 wprevpro_avatarimg\" \/><\/a><\/span> <div class=\"wprevpro_t1_SPAN_5 wprev_preview_tcolor2_T1\"><div class=\"wprevpro_t1_rname wprevname\" >Marko Hosni<\/div><div class=\"wprev_showdate_T1 wprevdate\">1\/19\/2017<\/div> <\/div>\r\n\t\t\t\r\n\t\t<\/div>\r\n\t\t\r\n\t\t<\/div>\r\n\t<\/li><li>\t\t\t<div class=\"wprevpro_t1_outer_div w3_wprs-row wprevprodiv\">\r\n\t\t\t\t\t<div class=\"wprevpro_t1_DIV_1 w3_wprs-col l12 outerrevdiv\">\r\n\t\t\t<div class=\"indrevdiv wprevpro_t1_DIV_2 wprev_preview_bg1_T1 wprev_preview_bradius_T1\">\r\n\t\t\t\t<div class=\"indrevtxt wprevpro_t1_P_3 wprev_preview_tcolor1_T1\"><div class='readmoretextdiv indrevlineclamp' data-lines='3' data-revid='130'>\t\t\t\t\t<span class=\"wprevpro_star_imgs_T1\"><span class=\"starloc1 wprevpro_star_imgs wprevpro_star_imgsloc1\"><span class=\"svgicons svg-wprsp-star\"><\/span><span class=\"svgicons svg-wprsp-star\"><\/span><span class=\"svgicons svg-wprsp-star\"><\/span><span class=\"svgicons svg-wprsp-star\"><\/span><span class=\"svgicons svg-wprsp-star\"><\/span><\/span><\/span>Un lugar genial, \u00a1una vista preciosa desde el balc\u00f3n! Estaba impecablemente limpio y ten\u00eda todo lo necesario. Nos recibieron y nos atendieron muy bien durante nuestra estancia. Gracias.<\/div><div class='divwprsrdmore' style='opacity:0;'><span class='wprs_rd_more'>Lee mas<\/span><span class='wprs_rd_less' style='display:none;'>Leer menos<\/span><\/div>\t\t\t\t<\/div>\r\n\t\t\t\t\t\t\t\t\t\t\t\t\t\t\t\t<a href=\"https:\/\/www.airbnb.com\/rooms\/8825408\" target=\"_blank\" rel=\"nofollow noreferrer\" class=\"wprevpro_t1_site_logo_a\"><img decoding=\"async\" width=\"30\" height=\"32\" src=\"https:\/\/www.tribunj.biz\/wp-content\/plugins\/wp-review-slider-pro-premium\/public\/partials\/imgs\/airbnb_small_icon.svg?id=1\" alt=\"logo de airbnb\" class=\"wprevpro_t1_site_logo wprevsiteicon\"><\/a>\t\t\t<\/div><span class=\"wprevpro_t1_A_8\"><a href=\"https:\/\/www.airbnb.com\/users\/show\/195748541\" target=\"_blank\" rel=\"nofollow noreferrer\"><img decoding=\"async\" loading=\"lazy\" src=\"https:\/\/a0.muscache.com\/im\/pictures\/user\/88996bea-3474-4043-843c-c83e738d70eb.jpg?aki_policy=profile_x_medium\" alt=\"Avatar de Ellinor\" class=\"wprevpro_t1_IMG_4 wprevpro_avatarimg\" \/><\/a><\/span> <div class=\"wprevpro_t1_SPAN_5 wprev_preview_tcolor2_T1\"><div class=\"wprevpro_t1_rname wprevname\" >Ellinor<\/div><div class=\"wprev_showdate_T1 wprevdate\">4\/27\/2019<\/div> <\/div>\r\n\t\t\t\r\n\t\t<\/div>\r\n\t\t\r\n\t\t<\/div>\r\n\t<\/li><li>\t\t\t<div class=\"wprevpro_t1_outer_div w3_wprs-row wprevprodiv\">\r\n\t\t\t\t\t<div class=\"wprevpro_t1_DIV_1 w3_wprs-col l12 outerrevdiv\">\r\n\t\t\t<div class=\"indrevdiv wprevpro_t1_DIV_2 wprev_preview_bg1_T1 wprev_preview_bradius_T1\">\r\n\t\t\t\t<div class=\"indrevtxt wprevpro_t1_P_3 wprev_preview_tcolor1_T1\"><div class='readmoretextdiv indrevlineclamp' data-lines='3' data-revid='520'>\t\t\t\t\t<span class=\"wprevpro_star_imgs_T1\"><span class=\"starloc1 wprevpro_star_imgs wprevpro_star_imgsloc1\"><span class=\"svgicons svg-wprsp-star\"><\/span><span class=\"svgicons svg-wprsp-star\"><\/span><span class=\"svgicons svg-wprsp-star\"><\/span><span class=\"svgicons svg-wprsp-star\"><\/span><span class=\"svgicons svg-wprsp-star\"><\/span><\/span><\/span>Bonito apartamento con vistas espectaculares al casco antiguo. Ivana fue muy amable. El puerto deportivo est\u00e1 justo enfrente y hay muchos restaurantes, bares y cafeter\u00edas a poca distancia. \u00a1Gracias!<\/div><div class='divwprsrdmore' style='opacity:0;'><span class='wprs_rd_more'>Lee mas<\/span><span class='wprs_rd_less' style='display:none;'>Leer menos<\/span><\/div>\t\t\t\t<\/div>\r\n\t\t\t\t\t\t\t\t\t\t\t\t\t\t\t\t<a href=\"https:\/\/www.airbnb.com\/rooms\/16732667\" target=\"_blank\" rel=\"nofollow noreferrer\" class=\"wprevpro_t1_site_logo_a\"><img decoding=\"async\" width=\"30\" height=\"32\" src=\"https:\/\/www.tribunj.biz\/wp-content\/plugins\/wp-review-slider-pro-premium\/public\/partials\/imgs\/airbnb_small_icon.svg?id=1\" alt=\"logo de airbnb\" class=\"wprevpro_t1_site_logo wprevsiteicon\"><\/a>\t\t\t<\/div><span class=\"wprevpro_t1_A_8\"><a href=\"https:\/\/www.airbnb.com\/users\/show\/\" target=\"_blank\" rel=\"nofollow noreferrer\"><img decoding=\"async\" loading=\"lazy\" src=\"https:\/\/a0.muscache.com\/im\/pictures\/user\/User-289997544\/original\/97cdf4a9-5d13-40b7-843c-ba32380c6b86.jpeg?aki_policy=profile_x_medium\" alt=\"Dan avatar\" class=\"wprevpro_t1_IMG_4 wprevpro_avatarimg\" \/><\/a><\/span> <div class=\"wprevpro_t1_SPAN_5 wprev_preview_tcolor2_T1\"><div class=\"wprevpro_t1_rname wprevname\" >Dan<\/div><div class=\"wprev_showdate_T1 wprevdate\">6\/15\/2024<\/div> <\/div>\r\n\t\t\t\r\n\t\t<\/div>\r\n\t\t\r\n\t\t<\/div>\r\n\t<\/li><li>\t\t\t<div class=\"wprevpro_t1_outer_div w3_wprs-row wprevprodiv\">\r\n\t\t\t\t\t<div class=\"wprevpro_t1_DIV_1 w3_wprs-col l12 outerrevdiv\">\r\n\t\t\t<div class=\"indrevdiv wprevpro_t1_DIV_2 wprev_preview_bg1_T1 wprev_preview_bradius_T1\">\r\n\t\t\t\t<div class=\"indrevtxt wprevpro_t1_P_3 wprev_preview_tcolor1_T1\"><div class='readmoretextdiv indrevlineclamp' data-lines='3' data-revid='552'>\t\t\t\t\t<span class=\"wprevpro_star_imgs_T1\"><span class=\"starloc1 wprevpro_star_imgs wprevpro_star_imgsloc1\"><span class=\"svgicons svg-wprsp-star\"><\/span><span class=\"svgicons svg-wprsp-star\"><\/span><span class=\"svgicons svg-wprsp-star\"><\/span><span class=\"svgicons svg-wprsp-star\"><\/span><span class=\"svgicons svg-wprsp-star\"><\/span><\/span><\/span>Fue una estancia genial. Sin problemas. Muy buena ubicaci\u00f3n. Muy limpio. Muchas gracias.<\/div><div class='divwprsrdmore' style='opacity:0;'><span class='wprs_rd_more'>Lee mas<\/span><span class='wprs_rd_less' style='display:none;'>Leer menos<\/span><\/div>\t\t\t\t<\/div>\r\n\t\t\t\t\t\t\t\t\t\t\t\t\t\t\t\t<a href=\"https:\/\/www.airbnb.com\/rooms\/16732667\" target=\"_blank\" rel=\"nofollow noreferrer\" class=\"wprevpro_t1_site_logo_a\"><img decoding=\"async\" width=\"30\" height=\"32\" src=\"https:\/\/www.tribunj.biz\/wp-content\/plugins\/wp-review-slider-pro-premium\/public\/partials\/imgs\/airbnb_small_icon.svg?id=1\" alt=\"logo de airbnb\" class=\"wprevpro_t1_site_logo wprevsiteicon\"><\/a>\t\t\t<\/div><span class=\"wprevpro_t1_A_8\"><a href=\"https:\/\/www.airbnb.com\/users\/show\/\" target=\"_blank\" rel=\"nofollow noreferrer\"><img decoding=\"async\" loading=\"lazy\" src=\"https:\/\/s3-media0.fl.yelpcdn.com\/assets\/srv0\/yelp_styleguide\/514f6997a318\/assets\/img\/default_avatars\/user_60_square.png\" alt=\"Avatar de Kristian\" class=\"wprevpro_t1_IMG_4 wprevpro_avatarimg\" \/><\/a><\/span> <div class=\"wprevpro_t1_SPAN_5 wprev_preview_tcolor2_T1\"><div class=\"wprevpro_t1_rname wprevname\" >Kristian<\/div><div class=\"wprev_showdate_T1 wprevdate\">10\/01\/2024<\/div> <\/div>\r\n\t\t\t\r\n\t\t<\/div>\r\n\t\t\r\n\t\t<\/div>\r\n\t<\/li><li>\t\t\t<div class=\"wprevpro_t1_outer_div w3_wprs-row wprevprodiv\">\r\n\t\t\t\t\t<div class=\"wprevpro_t1_DIV_1 w3_wprs-col l12 outerrevdiv\">\r\n\t\t\t<div class=\"indrevdiv wprevpro_t1_DIV_2 wprev_preview_bg1_T1 wprev_preview_bradius_T1\">\r\n\t\t\t\t<div class=\"indrevtxt wprevpro_t1_P_3 wprev_preview_tcolor1_T1\"><div class='readmoretextdiv indrevlineclamp' data-lines='3' data-revid='51'>\t\t\t\t\t<span class=\"wprevpro_star_imgs_T1\"><span class=\"starloc1 wprevpro_star_imgs wprevpro_star_imgsloc1\"><span class=\"svgicons svg-wprsp-star\"><\/span><span class=\"svgicons svg-wprsp-star\"><\/span><span class=\"svgicons svg-wprsp-star\"><\/span><span class=\"svgicons svg-wprsp-star\"><\/span><span class=\"svgicons svg-wprsp-star\"><\/span><\/span><\/span>Bonito y espacioso apartamento con ba\u00f1o privado frente al puerto deportivo y muy cerca del mar. Tambi\u00e9n hay tiendas de comestibles a la vuelta de la esquina. Muy amigable y flexible de acuerdo a la hora de llegada. Comunicaci\u00f3n muy r\u00e1pida y amigable. Definitivamente podemos recomendar este lugar a todos.<\/div><div class='divwprsrdmore' style='opacity:0;'><span class='wprs_rd_more'>Lee mas<\/span><span class='wprs_rd_less' style='display:none;'>Leer menos<\/span><\/div>\t\t\t\t<\/div>\r\n\t\t\t\t\t\t\t\t\t\t\t\t\t\t\t\t<a href=\"https:\/\/www.airbnb.com\/rooms\/16732667\" target=\"_blank\" rel=\"nofollow noreferrer\" class=\"wprevpro_t1_site_logo_a\"><img decoding=\"async\" width=\"30\" height=\"32\" src=\"https:\/\/www.tribunj.biz\/wp-content\/plugins\/wp-review-slider-pro-premium\/public\/partials\/imgs\/airbnb_small_icon.svg?id=1\" alt=\"logo de airbnb\" class=\"wprevpro_t1_site_logo wprevsiteicon\"><\/a>\t\t\t<\/div><span class=\"wprevpro_t1_A_8\"><a href=\"https:\/\/www.airbnb.com\/users\/show\/57040358\" target=\"_blank\" rel=\"nofollow noreferrer\"><img decoding=\"async\" loading=\"lazy\" src=\"https:\/\/a0.muscache.com\/im\/pictures\/a26e491e-9294-4320-948a-be61b4f319b9.jpg?aki_policy=profile_x_medium\" alt=\"Alicia avatar\" class=\"wprevpro_t1_IMG_4 wprevpro_avatarimg\" \/><\/a><\/span> <div class=\"wprevpro_t1_SPAN_5 wprev_preview_tcolor2_T1\"><div class=\"wprevpro_t1_rname wprevname\" >Alicia<\/div><div class=\"wprev_showdate_T1 wprevdate\">8\/10\/2018<\/div> <\/div>\r\n\t\t\t\r\n\t\t<\/div>\r\n\t\t\r\n\t\t<\/div>\r\n\t<\/li><li>\t\t\t<div class=\"wprevpro_t1_outer_div w3_wprs-row wprevprodiv\">\r\n\t\t\t\t\t<div class=\"wprevpro_t1_DIV_1 w3_wprs-col l12 outerrevdiv\">\r\n\t\t\t<div class=\"indrevdiv wprevpro_t1_DIV_2 wprev_preview_bg1_T1 wprev_preview_bradius_T1\">\r\n\t\t\t\t<div class=\"indrevtxt wprevpro_t1_P_3 wprev_preview_tcolor1_T1\"><div class='readmoretextdiv indrevlineclamp' data-lines='3' data-revid='83'>\t\t\t\t\t<span class=\"wprevpro_star_imgs_T1\"><span class=\"starloc1 wprevpro_star_imgs wprevpro_star_imgsloc1\"><span class=\"svgicons svg-wprsp-star\"><\/span><span class=\"svgicons svg-wprsp-star\"><\/span><span class=\"svgicons svg-wprsp-star\"><\/span><span class=\"svgicons svg-wprsp-star\"><\/span><span class=\"svgicons svg-wprsp-star\"><\/span><\/span><\/span>Nagyon sz\u00e9p telep\u00fcl\u00e9s!<\/div><div class='divwprsrdmore' style='opacity:0;'><span class='wprs_rd_more'>Lee mas<\/span><span class='wprs_rd_less' style='display:none;'>Leer menos<\/span><\/div>\t\t\t\t<\/div>\r\n\t\t\t\t\t\t\t\t\t\t\t\t\t\t\t\t<a href=\"https:\/\/www.facebook.com\/pg\/451509874913315\/reviews\/\" target=\"_blank\" rel=\"nofollow noreferrer\" class=\"wprevpro_t1_site_logo_a\"><img decoding=\"async\" width=\"32\" height=\"32\" src=\"https:\/\/www.tribunj.biz\/wp-content\/plugins\/wp-review-slider-pro-premium\/public\/partials\/imgs\/facebook_small_icon.svg\" alt=\"Logo de Facebook\" class=\"wprevpro_t1_site_logo wprevsiteicon\"><\/a>\t\t\t<\/div><span class=\"wprevpro_t1_A_8\"><a href=\"https:\/\/www.facebook.com\/search\/top\/?q=Attila+A.\" target=\"_blank\" rel=\"nofollow noreferrer\"><img decoding=\"async\" loading=\"lazy\" src=\"https:\/\/platform-lookaside.fbsbx.com\/platform\/profilepic\/?psid=2132913850101236&height=100&width=100&ext=1549327158&hash=AeSDIDuU2o8OZQjv\" alt=\"Atila A. Avatar\" class=\"wprevpro_t1_IMG_4 wprevpro_avatarimg\" \/><\/a><\/span> <div class=\"wprevpro_t1_SPAN_5 wprev_preview_tcolor2_T1\"><div class=\"wprevpro_t1_rname wprevname\" >Atila A.<\/div><div class=\"wprev_showdate_T1 wprevdate\">6\/30\/2018<\/div> <\/div>\r\n\t\t\t\r\n\t\t<\/div>\r\n\t\t\r\n\t\t<\/div>\r\n\t<\/li><li>\t\t\t<div class=\"wprevpro_t1_outer_div w3_wprs-row wprevprodiv\">\r\n\t\t\t\t\t<div class=\"wprevpro_t1_DIV_1 w3_wprs-col l12 outerrevdiv\">\r\n\t\t\t<div class=\"indrevdiv wprevpro_t1_DIV_2 wprev_preview_bg1_T1 wprev_preview_bradius_T1\">\r\n\t\t\t\t<div class=\"indrevtxt wprevpro_t1_P_3 wprev_preview_tcolor1_T1\"><div class='readmoretextdiv indrevlineclamp' data-lines='3' data-revid='243'>\t\t\t\t\t<span class=\"wprevpro_star_imgs_T1\"><span class=\"starloc1 wprevpro_star_imgs wprevpro_star_imgsloc1\"><span class=\"svgicons svg-wprsp-star\"><\/span><span class=\"svgicons svg-wprsp-star\"><\/span><span class=\"svgicons svg-wprsp-star\"><\/span><span class=\"svgicons svg-wprsp-star\"><\/span><span class=\"svgicons svg-wprsp-star\"><\/span><\/span><\/span>Wir wurden herzlichst nach einer spontanen Buchung auch noch am sp\u00e4ten Abend empfangen. <br>\nDas Zimmer und Badezimmer waren sehr gepflegt und sauber. <br>\nDas Bett war sehr bequem und man hatte eine tolle Aussicht \u00fcber den direkt abgrenzenden Hafen. <br>\nDie Gastgeber waren sehr aufmerksam, freundlich und immer hilfsbereit. <br>\n\u00a1Wir werden definitiv wieder kommen! <br>\nMuchas gracias <br>\nSaludos de amor <br>\nS\u00f6ren y Lisa<\/div><div class='divwprsrdmore' style='opacity:0;'><span class='wprs_rd_more'>Lee mas<\/span><span class='wprs_rd_less' style='display:none;'>Leer menos<\/span><\/div>\t\t\t\t<\/div>\r\n\t\t\t\t\t\t\t\t\t\t\t\t\t\t\t\t<a href=\"https:\/\/www.airbnb.com\/rooms\/16732667\" target=\"_blank\" rel=\"nofollow noreferrer\" class=\"wprevpro_t1_site_logo_a\"><img decoding=\"async\" width=\"30\" height=\"32\" src=\"https:\/\/www.tribunj.biz\/wp-content\/plugins\/wp-review-slider-pro-premium\/public\/partials\/imgs\/airbnb_small_icon.svg?id=1\" alt=\"logo de airbnb\" class=\"wprevpro_t1_site_logo wprevsiteicon\"><\/a>\t\t\t<\/div><span class=\"wprevpro_t1_A_8\"><a href=\"https:\/\/www.airbnb.com\/users\/show\/\" target=\"_blank\" rel=\"nofollow noreferrer\"><img decoding=\"async\" loading=\"lazy\" src=\"https:\/\/a0.muscache.com\/im\/pictures\/user\/c2a35430-4cc1-4011-871a-f5110665a1b9.jpg?aki_policy=profile_x_medium\" alt=\"Lisa Avatar\" class=\"wprevpro_t1_IMG_4 wprevpro_avatarimg\" \/><\/a><\/span> <div class=\"wprevpro_t1_SPAN_5 wprev_preview_tcolor2_T1\"><div class=\"wprevpro_t1_rname wprevname\" >Lisa<\/div><div class=\"wprev_showdate_T1 wprevdate\">4\/04\/2023<\/div> <\/div>\r\n\t\t\t\r\n\t\t<\/div>\r\n\t\t\r\n\t\t<\/div>\r\n\t<\/li><li>\t\t\t<div class=\"wprevpro_t1_outer_div w3_wprs-row wprevprodiv\">\r\n\t\t\t\t\t<div class=\"wprevpro_t1_DIV_1 w3_wprs-col l12 outerrevdiv\">\r\n\t\t\t<div class=\"indrevdiv wprevpro_t1_DIV_2 wprev_preview_bg1_T1 wprev_preview_bradius_T1\">\r\n\t\t\t\t<div class=\"indrevtxt wprevpro_t1_P_3 wprev_preview_tcolor1_T1\"><div class='readmoretextdiv indrevlineclamp' data-lines='3' data-revid='53'>\t\t\t\t\t<span class=\"wprevpro_star_imgs_T1\"><span class=\"starloc1 wprevpro_star_imgs wprevpro_star_imgsloc1\"><span class=\"svgicons svg-wprsp-star\"><\/span><span class=\"svgicons svg-wprsp-star\"><\/span><span class=\"svgicons svg-wprsp-star\"><\/span><span class=\"svgicons svg-wprsp-star\"><\/span><span class=\"svgicons svg-wprsp-star\"><\/span><\/span><\/span>Bonita habitaci\u00f3n con balc\u00f3n y ba\u00f1o privado en una buena ubicaci\u00f3n.<\/div><div class='divwprsrdmore' style='opacity:0;'><span class='wprs_rd_more'>Lee mas<\/span><span class='wprs_rd_less' style='display:none;'>Leer menos<\/span><\/div>\t\t\t\t<\/div>\r\n\t\t\t\t\t\t\t\t\t\t\t\t\t\t\t\t<a href=\"https:\/\/www.airbnb.com\/rooms\/16732667\" target=\"_blank\" rel=\"nofollow noreferrer\" class=\"wprevpro_t1_site_logo_a\"><img decoding=\"async\" width=\"30\" height=\"32\" src=\"https:\/\/www.tribunj.biz\/wp-content\/plugins\/wp-review-slider-pro-premium\/public\/partials\/imgs\/airbnb_small_icon.svg?id=1\" alt=\"logo de airbnb\" class=\"wprevpro_t1_site_logo wprevsiteicon\"><\/a>\t\t\t<\/div><span class=\"wprevpro_t1_A_8\"><a href=\"https:\/\/www.airbnb.com\/users\/show\/86047014\" target=\"_blank\" rel=\"nofollow noreferrer\"><img decoding=\"async\" loading=\"lazy\" src=\"https:\/\/a0.muscache.com\/im\/pictures\/cb8ef216-061b-4186-9a6e-70ebe1122ce4.jpg?aki_policy=profile_x_medium\" alt=\"David avatar\" class=\"wprevpro_t1_IMG_4 wprevpro_avatarimg\" \/><\/a><\/span> <div class=\"wprevpro_t1_SPAN_5 wprev_preview_tcolor2_T1\"><div class=\"wprevpro_t1_rname wprevname\" >David<\/div><div class=\"wprev_showdate_T1 wprevdate\">8\/08\/2018<\/div> <\/div>\r\n\t\t\t\r\n\t\t<\/div>\r\n\t\t\r\n\t\t<\/div>\r\n\t<\/li><li>\t\t\t<div class=\"wprevpro_t1_outer_div w3_wprs-row wprevprodiv\">\r\n\t\t\t\t\t<div class=\"wprevpro_t1_DIV_1 w3_wprs-col l12 outerrevdiv\">\r\n\t\t\t<div class=\"indrevdiv wprevpro_t1_DIV_2 wprev_preview_bg1_T1 wprev_preview_bradius_T1\">\r\n\t\t\t\t<div class=\"indrevtxt wprevpro_t1_P_3 wprev_preview_tcolor1_T1\"><div class='readmoretextdiv indrevlineclamp' data-lines='3' data-revid='190'>\t\t\t\t\t<span class=\"wprevpro_star_imgs_T1\"><span class=\"starloc1 wprevpro_star_imgs wprevpro_star_imgsloc1\"><span class=\"svgicons svg-wprsp-star\"><\/span><span class=\"svgicons svg-wprsp-star\"><\/span><span class=\"svgicons svg-wprsp-star\"><\/span><span class=\"svgicons svg-wprsp-star\"><\/span><span class=\"svgicons svg-wprsp-star\"><\/span><\/span><\/span>Petite ville qui vaut le d\u00e9tour ! Ubicaci\u00f3n ideal para aprovechar un d\u00eda y una velada<\/div><div class='divwprsrdmore' style='opacity:0;'><span class='wprs_rd_more'>Lee mas<\/span><span class='wprs_rd_less' style='display:none;'>Leer menos<\/span><\/div>\t\t\t\t<\/div>\r\n\t\t\t\t\t\t\t\t\t\t\t\t\t\t\t\t<a href=\"https:\/\/www.airbnb.com\/rooms\/16732667\" target=\"_blank\" rel=\"nofollow noreferrer\" class=\"wprevpro_t1_site_logo_a\"><img decoding=\"async\" width=\"30\" height=\"32\" src=\"https:\/\/www.tribunj.biz\/wp-content\/plugins\/wp-review-slider-pro-premium\/public\/partials\/imgs\/airbnb_small_icon.svg?id=1\" alt=\"logo de airbnb\" class=\"wprevpro_t1_site_logo wprevsiteicon\"><\/a>\t\t\t<\/div><span class=\"wprevpro_t1_A_8\"><a href=\"https:\/\/www.airbnb.com\/users\/show\/45595646\" target=\"_blank\" rel=\"nofollow noreferrer\"><img decoding=\"async\" loading=\"lazy\" src=\"https:\/\/a0.muscache.com\/im\/users\/45595646\/profile_pic\/1443801322\/original.jpg?aki_policy=profile_x_medium\" alt=\"Timoth\u00e9e Avatar\" class=\"wprevpro_t1_IMG_4 wprevpro_avatarimg\" \/><\/a><\/span> <div class=\"wprevpro_t1_SPAN_5 wprev_preview_tcolor2_T1\"><div class=\"wprevpro_t1_rname wprevname\" >Timoteo<\/div><div class=\"wprev_showdate_T1 wprevdate\">6\/03\/2019<\/div> <\/div>\r\n\t\t\t\r\n\t\t<\/div>\r\n\t\t\r\n\t\t<\/div>\r\n\t<\/li><li>\t\t\t<div class=\"wprevpro_t1_outer_div w3_wprs-row wprevprodiv\">\r\n\t\t\t\t\t<div class=\"wprevpro_t1_DIV_1 w3_wprs-col l12 outerrevdiv\">\r\n\t\t\t<div class=\"indrevdiv wprevpro_t1_DIV_2 wprev_preview_bg1_T1 wprev_preview_bradius_T1\">\r\n\t\t\t\t<div class=\"indrevtxt wprevpro_t1_P_3 wprev_preview_tcolor1_T1\"><div class='readmoretextdiv indrevlineclamp' data-lines='3' data-revid='236'>\t\t\t\t\t<span class=\"wprevpro_star_imgs_T1\"><span class=\"starloc1 wprevpro_star_imgs wprevpro_star_imgsloc1\"><span class=\"svgicons svg-wprsp-star\"><\/span><span class=\"svgicons svg-wprsp-star\"><\/span><span class=\"svgicons svg-wprsp-star\"><\/span><span class=\"svgicons svg-wprsp-star\"><\/span><span class=\"svgicons svg-wprsp-star\"><\/span><\/span><\/span>Los anfitriones fueron muy amables, la casa est\u00e1 en una ubicaci\u00f3n privilegiada, con aparcamiento seguro y vistas impresionantes al casco antiguo de Tribunj. Sin duda, lo recomiendo para unas vacaciones relajantes en plena costa d\u00e1lmata. Hay muchos restaurantes y bares en los alrededores, y el paseo hasta \u26f1\ufe0f es corto, todo est\u00e1 a poca distancia. \u00a1Gracias por una experiencia tan incre\u00edble!<\/div><div class='divwprsrdmore' style='opacity:0;'><span class='wprs_rd_more'>Lee mas<\/span><span class='wprs_rd_less' style='display:none;'>Leer menos<\/span><\/div>\t\t\t\t<\/div>\r\n\t\t\t\t\t\t\t\t\t\t\t\t\t\t\t\t<a href=\"https:\/\/www.airbnb.com\/rooms\/16732667\" target=\"_blank\" rel=\"nofollow noreferrer\" class=\"wprevpro_t1_site_logo_a\"><img decoding=\"async\" width=\"30\" height=\"32\" src=\"https:\/\/www.tribunj.biz\/wp-content\/plugins\/wp-review-slider-pro-premium\/public\/partials\/imgs\/airbnb_small_icon.svg?id=1\" alt=\"logo de airbnb\" class=\"wprevpro_t1_site_logo wprevsiteicon\"><\/a>\t\t\t<\/div><span class=\"wprevpro_t1_A_8\"><a href=\"https:\/\/www.airbnb.com\/users\/show\/474941453\" target=\"_blank\" rel=\"nofollow noreferrer\"><img decoding=\"async\" loading=\"lazy\" src=\"https:\/\/a0.muscache.com\/defaults\/user_pic-225x225.png?v=3\" alt=\"Avatar de Sanja\" class=\"wprevpro_t1_IMG_4 wprevpro_avatarimg\" \/><\/a><\/span> <div class=\"wprevpro_t1_SPAN_5 wprev_preview_tcolor2_T1\"><div class=\"wprevpro_t1_rname wprevname\" >Sanja<\/div><div class=\"wprev_showdate_T1 wprevdate\">8\/19\/2022<\/div> <\/div>\r\n\t\t\t\r\n\t\t<\/div>\r\n\t\t\r\n\t\t<\/div>\r\n\t<\/li><li>\t\t\t<div class=\"wprevpro_t1_outer_div w3_wprs-row wprevprodiv\">\r\n\t\t\t\t\t<div class=\"wprevpro_t1_DIV_1 w3_wprs-col l12 outerrevdiv\">\r\n\t\t\t<div class=\"indrevdiv wprevpro_t1_DIV_2 wprev_preview_bg1_T1 wprev_preview_bradius_T1\">\r\n\t\t\t\t<div class=\"indrevtxt wprevpro_t1_P_3 wprev_preview_tcolor1_T1\"><div class='readmoretextdiv indrevlineclamp' data-lines='3' data-revid='11'>\t\t\t\t\t<span class=\"wprevpro_star_imgs_T1\"><span class=\"starloc1 wprevpro_star_imgs wprevpro_star_imgsloc1\"><span class=\"svgicons svg-wprsp-star\"><\/span><span class=\"svgicons svg-wprsp-star\"><\/span><span class=\"svgicons svg-wprsp-star\"><\/span><span class=\"svgicons svg-wprsp-star\"><\/span><span class=\"svgicons svg-wprsp-star\"><\/span><\/span><\/span>Fue soll man sagen. Tribunj ist unsere zweite Heimat geworden!<\/div><div class='divwprsrdmore' style='opacity:0;'><span class='wprs_rd_more'>Lee mas<\/span><span class='wprs_rd_less' style='display:none;'>Leer menos<\/span><\/div>\t\t\t\t<\/div>\r\n\t\t\t\t\t\t\t\t\t\t\t\t\t\t\t\t<a href=\"https:\/\/www.facebook.com\/pg\/451509874913315\/reviews\/\" target=\"_blank\" rel=\"nofollow noreferrer\" class=\"wprevpro_t1_site_logo_a\"><img decoding=\"async\" width=\"32\" height=\"32\" src=\"https:\/\/www.tribunj.biz\/wp-content\/plugins\/wp-review-slider-pro-premium\/public\/partials\/imgs\/facebook_small_icon.svg\" alt=\"Logo de Facebook\" class=\"wprevpro_t1_site_logo wprevsiteicon\"><\/a>\t\t\t<\/div><span class=\"wprevpro_t1_A_8\"><a href=\"https:\/\/www.facebook.com\/search\/top\/?q=Hans+Grinschgl\" target=\"_blank\" rel=\"nofollow noreferrer\"><img decoding=\"async\" loading=\"lazy\" src=\"https:\/\/scontent-frx5-1.xx.fbcdn.net\/v\/t1.0-1\/p50x50\/21762228_1564606480262207_1245101279820339526_n.jpg?_nc_cat=0&amp;oh=4cb6737062783f42efdd03eab744e24f&amp;oe=5BB20B78\" alt=\"Hans Grinschgl Avatar\" class=\"wprevpro_t1_IMG_4 wprevpro_avatarimg\" \/><\/a><\/span> <div class=\"wprevpro_t1_SPAN_5 wprev_preview_tcolor2_T1\"><div class=\"wprevpro_t1_rname wprevname\" >Hans Grinschgl<\/div><div class=\"wprev_showdate_T1 wprevdate\">10\/08\/2017<\/div> <\/div>\r\n\t\t\t\r\n\t\t<\/div>\r\n\t\t\r\n\t\t<\/div>\r\n\t<\/li><li>\t\t\t<div class=\"wprevpro_t1_outer_div w3_wprs-row wprevprodiv\">\r\n\t\t\t\t\t<div class=\"wprevpro_t1_DIV_1 w3_wprs-col l12 outerrevdiv\">\r\n\t\t\t<div class=\"indrevdiv wprevpro_t1_DIV_2 wprev_preview_bg1_T1 wprev_preview_bradius_T1\">\r\n\t\t\t\t<div class=\"indrevtxt wprevpro_t1_P_3 wprev_preview_tcolor1_T1\"><div class='readmoretextdiv indrevlineclamp' data-lines='3' data-revid='27'>\t\t\t\t\t<span class=\"wprevpro_star_imgs_T1\"><span class=\"starloc1 wprevpro_star_imgs wprevpro_star_imgsloc1\"><span class=\"svgicons svg-wprsp-star\"><\/span><span class=\"svgicons svg-wprsp-star\"><\/span><span class=\"svgicons svg-wprsp-star\"><\/span><span class=\"svgicons svg-wprsp-star\"><\/span><span class=\"svgicons svg-wprsp-star\"><\/span><\/span><\/span>Limpio, bonitas habitaciones con vistas al mar, amable anfitri\u00f3n, cerca de la playa ...<\/div><div class='divwprsrdmore' style='opacity:0;'><span class='wprs_rd_more'>Lee mas<\/span><span class='wprs_rd_less' style='display:none;'>Leer menos<\/span><\/div>\t\t\t\t<\/div>\r\n\t\t\t\t\t\t\t\t\t\t\t\t\t\t\t\t<a href=\"https:\/\/maps.google.com\/?cid=5921528500927293870\" target=\"_blank\" rel=\"nofollow noreferrer\" class=\"wprevpro_t1_site_logo_a\"><img decoding=\"async\" width=\"32\" height=\"32\" src=\"https:\/\/www.tribunj.biz\/wp-content\/plugins\/wp-review-slider-pro-premium\/public\/partials\/imgs\/google_small_icon.svg\" alt=\"Logotipo de Google\" class=\"wprevpro_t1_site_logo wprevsiteicon\"><\/a>\t\t\t<\/div><span class=\"wprevpro_t1_A_8\"><a href=\"https:\/\/www.google.com\/maps\/contrib\/106426271146080070083\" target=\"_blank\" rel=\"nofollow noreferrer\"><img decoding=\"async\" loading=\"lazy\" src=\"https:\/\/lh3.googleusercontent.com\/-E-zL6gqLOtc\/AAAAAAAAAAI\/AAAAAAAAAEE\/eaLOIF7XbQY\/s128-c0x00000000-cc-rp-mo-ba3\/photo.jpg?sz=100\" alt=\"Maja \u0160areni\u0107 Avatar\" class=\"wprevpro_t1_IMG_4 wprevpro_avatarimg\" \/><\/a><\/span> <div class=\"wprevpro_t1_SPAN_5 wprev_preview_tcolor2_T1\"><div class=\"wprevpro_t1_rname wprevname\" >Maja \u0160areni\u0107<\/div><div class=\"wprev_showdate_T1 wprevdate\">8\/16\/2017<\/div> <\/div>\r\n\t\t\t\r\n\t\t<\/div>\r\n\t\t\r\n\t\t<\/div>\r\n\t<\/li><li>\t\t\t<div class=\"wprevpro_t1_outer_div w3_wprs-row wprevprodiv\">\r\n\t\t\t\t\t<div class=\"wprevpro_t1_DIV_1 w3_wprs-col l12 outerrevdiv\">\r\n\t\t\t<div class=\"indrevdiv wprevpro_t1_DIV_2 wprev_preview_bg1_T1 wprev_preview_bradius_T1\">\r\n\t\t\t\t<div class=\"indrevtxt wprevpro_t1_P_3 wprev_preview_tcolor1_T1\"><div class='readmoretextdiv indrevlineclamp' data-lines='3' data-revid='587'>\t\t\t\t\t<span class=\"wprevpro_star_imgs_T1\"><span class=\"starloc1 wprevpro_star_imgs wprevpro_star_imgsloc1\"><span class=\"svgicons svg-wprsp-star\"><\/span><span class=\"svgicons svg-wprsp-star\"><\/span><span class=\"svgicons svg-wprsp-star\"><\/span><span class=\"svgicons svg-wprsp-star\"><\/span><span class=\"svgicons svg-wprsp-star\"><\/span><\/span><\/span>Ante es genial. Llegamos a las 2 de la madrugada, pero no tuvimos problema para registrarnos. La habitaci\u00f3n estaba limpia y bonita, la cama muy c\u00f3moda.<\/div><div class='divwprsrdmore' style='opacity:0;'><span class='wprs_rd_more'>Lee mas<\/span><span class='wprs_rd_less' style='display:none;'>Leer menos<\/span><\/div>\t\t\t\t<\/div>\r\n\t\t\t\t\t\t\t\t\t\t\t\t\t\t\t\t<a href=\"https:\/\/www.airbnb.com\/rooms\/16732667\" target=\"_blank\" rel=\"nofollow noreferrer\" class=\"wprevpro_t1_site_logo_a\"><img decoding=\"async\" width=\"30\" height=\"32\" src=\"https:\/\/www.tribunj.biz\/wp-content\/plugins\/wp-review-slider-pro-premium\/public\/partials\/imgs\/airbnb_small_icon.svg?id=1\" alt=\"logo de airbnb\" class=\"wprevpro_t1_site_logo wprevsiteicon\"><\/a>\t\t\t<\/div><span class=\"wprevpro_t1_A_8\"><a href=\"https:\/\/www.airbnb.com\/users\/show\/\" target=\"_blank\" rel=\"nofollow noreferrer\"><img decoding=\"async\" loading=\"lazy\" src=\"https:\/\/www.tribunj.biz\/wp-content\/uploads\/wprevslider\/cache\/1755475200_kristjan_587_60.jpg\" alt=\"Avatar de Kristjan\" class=\"wprevpro_t1_IMG_4 wprevpro_avatarimg\" \/><\/a><\/span> <div class=\"wprevpro_t1_SPAN_5 wprev_preview_tcolor2_T1\"><div class=\"wprevpro_t1_rname wprevname\" >Kristjan<\/div><div class=\"wprev_showdate_T1 wprevdate\">8\/18\/2025<\/div> <\/div>\r\n\t\t\t\r\n\t\t<\/div>\r\n\t\t\r\n\t\t<\/div>\r\n\t<\/li><li>\t\t\t<div class=\"wprevpro_t1_outer_div w3_wprs-row wprevprodiv\">\r\n\t\t\t\t\t<div class=\"wprevpro_t1_DIV_1 w3_wprs-col l12 outerrevdiv\">\r\n\t\t\t<div class=\"indrevdiv wprevpro_t1_DIV_2 wprev_preview_bg1_T1 wprev_preview_bradius_T1\">\r\n\t\t\t\t<div class=\"indrevtxt wprevpro_t1_P_3 wprev_preview_tcolor1_T1\"><div class='readmoretextdiv indrevlineclamp' data-lines='3' data-revid='196'>\t\t\t\t\t<span class=\"wprevpro_star_imgs_T1\"><span class=\"starloc1 wprevpro_star_imgs wprevpro_star_imgsloc1\"><span class=\"svgicons svg-wprsp-star\"><\/span><span class=\"svgicons svg-wprsp-star\"><\/span><span class=\"svgicons svg-wprsp-star\"><\/span><span class=\"svgicons svg-wprsp-star\"><\/span><span class=\"svgicons svg-wprsp-star\"><\/span><\/span><\/span>Aunque nuestra estancia fue solo de una noche, la disfrutamos much\u00edsimo. El apartamento era espacioso, de f\u00e1cil acceso y ten\u00eda unas vistas preciosas desde el balc\u00f3n (\u00a1no me cansar\u00e9 de repetirlo!). La anfitriona fue muy comunicativa y siempre respond\u00eda en pocos minutos. Nos dio muchos consejos para visitar el Parque Nacional de Krka, que seguimos y pasamos un d\u00eda estupendo.<\/div><div class='divwprsrdmore' style='opacity:0;'><span class='wprs_rd_more'>Lee mas<\/span><span class='wprs_rd_less' style='display:none;'>Leer menos<\/span><\/div>\t\t\t\t<\/div>\r\n\t\t\t\t\t\t\t\t\t\t\t\t\t\t\t\t<a href=\"https:\/\/www.airbnb.com\/rooms\/8836313\" target=\"_blank\" rel=\"nofollow noreferrer\" class=\"wprevpro_t1_site_logo_a\"><img decoding=\"async\" width=\"30\" height=\"32\" src=\"https:\/\/www.tribunj.biz\/wp-content\/plugins\/wp-review-slider-pro-premium\/public\/partials\/imgs\/airbnb_small_icon.svg?id=1\" alt=\"logo de airbnb\" class=\"wprevpro_t1_site_logo wprevsiteicon\"><\/a>\t\t\t<\/div><span class=\"wprevpro_t1_A_8\"><a href=\"https:\/\/www.airbnb.com\/users\/show\/310191238\" target=\"_blank\" rel=\"nofollow noreferrer\"><img decoding=\"async\" loading=\"lazy\" src=\"https:\/\/a0.muscache.com\/im\/pictures\/user\/be62f792-a71a-4946-8b24-8591a1a692c9.jpg?aki_policy=profile_x_medium\" alt=\"David avatar\" class=\"wprevpro_t1_IMG_4 wprevpro_avatarimg\" \/><\/a><\/span> <div class=\"wprevpro_t1_SPAN_5 wprev_preview_tcolor2_T1\"><div class=\"wprevpro_t1_rname wprevname\" >David<\/div><div class=\"wprev_showdate_T1 wprevdate\">7\/31\/2022<\/div> <\/div>\r\n\t\t\t\r\n\t\t<\/div>\r\n\t\t\r\n\t\t<\/div>\r\n\t<\/li><li>\t\t\t<div class=\"wprevpro_t1_outer_div w3_wprs-row wprevprodiv\">\r\n\t\t\t\t\t<div class=\"wprevpro_t1_DIV_1 w3_wprs-col l12 outerrevdiv\">\r\n\t\t\t<div class=\"indrevdiv wprevpro_t1_DIV_2 wprev_preview_bg1_T1 wprev_preview_bradius_T1\">\r\n\t\t\t\t<div class=\"indrevtxt wprevpro_t1_P_3 wprev_preview_tcolor1_T1\"><div class='readmoretextdiv indrevlineclamp' data-lines='3' data-revid='104'>\t\t\t\t\t<span class=\"wprevpro_star_imgs_T1\"><span class=\"starloc1 wprevpro_star_imgs wprevpro_star_imgsloc1\"><span class=\"svgicons svg-wprsp-star\"><\/span><span class=\"svgicons svg-wprsp-star\"><\/span><span class=\"svgicons svg-wprsp-star\"><\/span><span class=\"svgicons svg-wprsp-star\"><\/span><span class=\"svgicons svg-wprsp-star\"><\/span><\/span><\/span>Tranquilo pero siempre hay algo que hacer y ver. El agua m\u00e1s limpia y las vistas m\u00e1s bonitas. \u2764\ufe0f El mejor verano de mi vida pasado en esta ciudad.<\/div><div class='divwprsrdmore' style='opacity:0;'><span class='wprs_rd_more'>Lee mas<\/span><span class='wprs_rd_less' style='display:none;'>Leer menos<\/span><\/div>\t\t\t\t<\/div>\r\n\t\t\t\t\t\t\t\t\t\t\t\t\t\t\t\t<a href=\"https:\/\/www.facebook.com\/pg\/451509874913315\/reviews\/\" target=\"_blank\" rel=\"nofollow noreferrer\" class=\"wprevpro_t1_site_logo_a\"><img decoding=\"async\" width=\"32\" height=\"32\" src=\"https:\/\/www.tribunj.biz\/wp-content\/plugins\/wp-review-slider-pro-premium\/public\/partials\/imgs\/facebook_small_icon.svg\" alt=\"Logo de Facebook\" class=\"wprevpro_t1_site_logo wprevsiteicon\"><\/a>\t\t\t<\/div><span class=\"wprevpro_t1_A_8\"><a href=\"https:\/\/www.facebook.com\/search\/top\/?q=Ava+B.\" target=\"_blank\" rel=\"nofollow noreferrer\"><img decoding=\"async\" loading=\"lazy\" src=\"https:\/\/platform-lookaside.fbsbx.com\/platform\/profilepic\/?psid=1889088794550158&height=100&width=100&ext=1549327168&hash=AeRb6SqLISzp-rm4\" alt=\"Ava B. Avatar\" class=\"wprevpro_t1_IMG_4 wprevpro_avatarimg\" \/><\/a><\/span> <div class=\"wprevpro_t1_SPAN_5 wprev_preview_tcolor2_T1\"><div class=\"wprevpro_t1_rname wprevname\" >Ava B.<\/div><div class=\"wprev_showdate_T1 wprevdate\">10\/03\/2016<\/div> <\/div>\r\n\t\t\t\r\n\t\t<\/div>\r\n\t\t\r\n\t\t<\/div>\r\n\t<\/li><li>\t\t\t<div class=\"wprevpro_t1_outer_div w3_wprs-row wprevprodiv\">\r\n\t\t\t\t\t<div class=\"wprevpro_t1_DIV_1 w3_wprs-col l12 outerrevdiv\">\r\n\t\t\t<div class=\"indrevdiv wprevpro_t1_DIV_2 wprev_preview_bg1_T1 wprev_preview_bradius_T1\">\r\n\t\t\t\t<div class=\"indrevtxt wprevpro_t1_P_3 wprev_preview_tcolor1_T1\"><div class='readmoretextdiv indrevlineclamp' data-lines='3' data-revid='595'>\t\t\t\t\t<span class=\"wprevpro_star_imgs_T1\"><span class=\"starloc1 wprevpro_star_imgs wprevpro_star_imgsloc1\"><span class=\"svgicons svg-wprsp-star\"><\/span><span class=\"svgicons svg-wprsp-star\"><\/span><span class=\"svgicons svg-wprsp-star\"><\/span><span class=\"svgicons svg-wprsp-star\"><\/span><span class=\"svgicons svg-wprsp-star\"><\/span><\/span><\/span>Das Haus war leicht zu finden \u2013 direkt an der Hauptstra\u00dfe gelegen, mit eigenem Hof und ausreichend Parkpl\u00e4tzen.Das Zimmer entsprach genau der Beschreibung. Wir wurden bei unserer Ankunft herzlich empfangen und bekamen sogar etwas K\u00fcchenausstattung, um unser Abendessen zuzubereiten.Absolut empfehlenswert \u2013 wer kommen gerne wieder! \ud83d\ude4c\ud83c\udffb\ud83d\ude4c\ud83c\udffb<\/div><div class='divwprsrdmore' style='opacity:0;'><span class='wprs_rd_more'>Lee mas<\/span><span class='wprs_rd_less' style='display:none;'>Leer menos<\/span><\/div>\t\t\t\t<\/div>\r\n\t\t\t\t\t\t\t\t\t\t\t\t\t\t\t\t<a href=\"https:\/\/www.airbnb.com\/rooms\/16732667\" target=\"_blank\" rel=\"nofollow noreferrer\" class=\"wprevpro_t1_site_logo_a\"><img decoding=\"async\" width=\"30\" height=\"32\" src=\"https:\/\/www.tribunj.biz\/wp-content\/plugins\/wp-review-slider-pro-premium\/public\/partials\/imgs\/airbnb_small_icon.svg?id=1\" alt=\"logo de airbnb\" class=\"wprevpro_t1_site_logo wprevsiteicon\"><\/a>\t\t\t<\/div><span class=\"wprevpro_t1_A_8\"><a href=\"https:\/\/www.airbnb.com\/users\/show\/\" target=\"_blank\" rel=\"nofollow noreferrer\"><img decoding=\"async\" loading=\"lazy\" src=\"https:\/\/www.tribunj.biz\/wp-content\/uploads\/wprevslider\/cache\/1751500800_josip_595_60.png\" alt=\"Josip Avatar\" class=\"wprevpro_t1_IMG_4 wprevpro_avatarimg\" \/><\/a><\/span> <div class=\"wprevpro_t1_SPAN_5 wprev_preview_tcolor2_T1\"><div class=\"wprevpro_t1_rname wprevname\" >Josip<\/div><div class=\"wprev_showdate_T1 wprevdate\">7\/03\/2025<\/div> <\/div>\r\n\t\t\t\r\n\t\t<\/div>\r\n\t\t\r\n\t\t<\/div>\r\n\t<\/li><li>\t\t\t<div class=\"wprevpro_t1_outer_div w3_wprs-row wprevprodiv\">\r\n\t\t\t\t\t<div class=\"wprevpro_t1_DIV_1 w3_wprs-col l12 outerrevdiv\">\r\n\t\t\t<div class=\"indrevdiv wprevpro_t1_DIV_2 wprev_preview_bg1_T1 wprev_preview_bradius_T1\">\r\n\t\t\t\t<div class=\"indrevtxt wprevpro_t1_P_3 wprev_preview_tcolor1_T1\"><div class='readmoretextdiv indrevlineclamp' data-lines='3' data-revid='90'>\t\t\t\t\t<span class=\"wprevpro_star_imgs_T1\"><span class=\"starloc1 wprevpro_star_imgs wprevpro_star_imgsloc1\"><span class=\"svgicons svg-wprsp-star\"><\/span><span class=\"svgicons svg-wprsp-star\"><\/span><span class=\"svgicons svg-wprsp-star\"><\/span><span class=\"svgicons svg-wprsp-star\"><\/span><span class=\"svgicons svg-wprsp-star\"><\/span><\/span><\/span><\/div><div class='divwprsrdmore' style='opacity:0;'><span class='wprs_rd_more'>Lee mas<\/span><span class='wprs_rd_less' style='display:none;'>Leer menos<\/span><\/div>\t\t\t\t<\/div>\r\n\t\t\t\t\t\t\t\t\t\t\t\t\t\t\t\t<a href=\"https:\/\/www.facebook.com\/pg\/451509874913315\/reviews\/\" target=\"_blank\" rel=\"nofollow noreferrer\" class=\"wprevpro_t1_site_logo_a\"><img decoding=\"async\" width=\"32\" height=\"32\" src=\"https:\/\/www.tribunj.biz\/wp-content\/plugins\/wp-review-slider-pro-premium\/public\/partials\/imgs\/facebook_small_icon.svg\" alt=\"Logo de Facebook\" class=\"wprevpro_t1_site_logo wprevsiteicon\"><\/a>\t\t\t<\/div><span class=\"wprevpro_t1_A_8\"><a href=\"https:\/\/www.facebook.com\/search\/top\/?q=Niko+V.\" target=\"_blank\" rel=\"nofollow noreferrer\"><img decoding=\"async\" loading=\"lazy\" src=\"https:\/\/platform-lookaside.fbsbx.com\/platform\/profilepic\/?psid=2200388649991826&height=100&width=100&ext=1549327161&hash=AeSrMURlYS1d1AMH\" alt=\"Niko V. Avatar\" class=\"wprevpro_t1_IMG_4 wprevpro_avatarimg\" \/><\/a><\/span> <div class=\"wprevpro_t1_SPAN_5 wprev_preview_tcolor2_T1\"><div class=\"wprevpro_t1_rname wprevname\" >Niko V.<\/div><div class=\"wprev_showdate_T1 wprevdate\">12\/24\/2017<\/div> <\/div>\r\n\t\t\t\r\n\t\t<\/div>\r\n\t\t\r\n\t\t<\/div>\r\n\t<\/li><li>\t\t\t<div class=\"wprevpro_t1_outer_div w3_wprs-row wprevprodiv\">\r\n\t\t\t\t\t<div class=\"wprevpro_t1_DIV_1 w3_wprs-col l12 outerrevdiv\">\r\n\t\t\t<div class=\"indrevdiv wprevpro_t1_DIV_2 wprev_preview_bg1_T1 wprev_preview_bradius_T1\">\r\n\t\t\t\t<div class=\"indrevtxt wprevpro_t1_P_3 wprev_preview_tcolor1_T1\"><div class='readmoretextdiv indrevlineclamp' data-lines='3' data-revid='404'>\t\t\t\t\t<span class=\"wprevpro_star_imgs_T1\"><span class=\"starloc1 wprevpro_star_imgs wprevpro_star_imgsloc1\"><span class=\"svgicons svg-wprsp-star\"><\/span><span class=\"svgicons svg-wprsp-star\"><\/span><span class=\"svgicons svg-wprsp-star\"><\/span><span class=\"svgicons svg-wprsp-star\"><\/span><span class=\"svgicons svg-wprsp-star\"><\/span><\/span><\/span>Habitaci\u00f3n muy limpia y acogedora con un ba\u00f1o amplio. Los due\u00f1os son muy amables. \u00a1No recomiendo en absoluto a este anfitri\u00f3n! \ud83d\ude42<\/div><div class='divwprsrdmore' style='opacity:0;'><span class='wprs_rd_more'>Lee mas<\/span><span class='wprs_rd_less' style='display:none;'>Leer menos<\/span><\/div>\t\t\t\t<\/div>\r\n\t\t\t\t\t\t\t\t\t\t\t\t\t\t\t\t<a href=\"https:\/\/www.airbnb.com\/rooms\/16732667\" target=\"_blank\" rel=\"nofollow noreferrer\" class=\"wprevpro_t1_site_logo_a\"><img decoding=\"async\" width=\"30\" height=\"32\" src=\"https:\/\/www.tribunj.biz\/wp-content\/plugins\/wp-review-slider-pro-premium\/public\/partials\/imgs\/airbnb_small_icon.svg?id=1\" alt=\"logo de airbnb\" class=\"wprevpro_t1_site_logo wprevsiteicon\"><\/a>\t\t\t<\/div><span class=\"wprevpro_t1_A_8\"><a href=\"https:\/\/www.airbnb.com\/users\/show\/\" target=\"_blank\" rel=\"nofollow noreferrer\"><img decoding=\"async\" loading=\"lazy\" src=\"https:\/\/a0.muscache.com\/im\/pictures\/user\/9695c3f9-e8ae-4828-942d-3dd78ee7af43.jpg?aki_policy=profile_x_medium\" alt=\"Maria avatar\" class=\"wprevpro_t1_IMG_4 wprevpro_avatarimg\" \/><\/a><\/span> <div class=\"wprevpro_t1_SPAN_5 wprev_preview_tcolor2_T1\"><div class=\"wprevpro_t1_rname wprevname\" >Maria<\/div><div class=\"wprev_showdate_T1 wprevdate\">5\/16\/2023<\/div> <\/div>\r\n\t\t\t\r\n\t\t<\/div>\r\n\t\t\r\n\t\t<\/div>\r\n\t<\/li><li>\t\t\t<div class=\"wprevpro_t1_outer_div w3_wprs-row wprevprodiv\">\r\n\t\t\t\t\t<div class=\"wprevpro_t1_DIV_1 w3_wprs-col l12 outerrevdiv\">\r\n\t\t\t<div class=\"indrevdiv wprevpro_t1_DIV_2 wprev_preview_bg1_T1 wprev_preview_bradius_T1\">\r\n\t\t\t\t<div class=\"indrevtxt wprevpro_t1_P_3 wprev_preview_tcolor1_T1\"><div class='readmoretextdiv indrevlineclamp' data-lines='3' data-revid='512'>\t\t\t\t\t<span class=\"wprevpro_star_imgs_T1\"><span class=\"starloc1 wprevpro_star_imgs wprevpro_star_imgsloc1\"><span class=\"svgicons svg-wprsp-star\"><\/span><span class=\"svgicons svg-wprsp-star\"><\/span><span class=\"svgicons svg-wprsp-star\"><\/span><span class=\"svgicons svg-wprsp-star\"><\/span><span class=\"svgicons svg-wprsp-star\"><\/span><\/span><\/span>Notre s\u00e9jour chez Ante et Ivana s&#039;est merveilleusement bien pass\u00e9. \u00a1Nous reviendrons, merci encore!<\/div><div class='divwprsrdmore' style='opacity:0;'><span class='wprs_rd_more'>Lee mas<\/span><span class='wprs_rd_less' style='display:none;'>Leer menos<\/span><\/div>\t\t\t\t<\/div>\r\n\t\t\t\t\t\t\t\t\t\t\t\t\t\t\t\t<a href=\"https:\/\/www.airbnb.com\/rooms\/16732667\" target=\"_blank\" rel=\"nofollow noreferrer\" class=\"wprevpro_t1_site_logo_a\"><img decoding=\"async\" width=\"30\" height=\"32\" src=\"https:\/\/www.tribunj.biz\/wp-content\/plugins\/wp-review-slider-pro-premium\/public\/partials\/imgs\/airbnb_small_icon.svg?id=1\" alt=\"logo de airbnb\" class=\"wprevpro_t1_site_logo wprevsiteicon\"><\/a>\t\t\t<\/div><span class=\"wprevpro_t1_A_8\"><a href=\"https:\/\/www.airbnb.com\/users\/show\/\" target=\"_blank\" rel=\"nofollow noreferrer\"><img decoding=\"async\" loading=\"lazy\" src=\"https:\/\/a0.muscache.com\/im\/pictures\/user\/1a180dd6-991a-466f-81d6-3b7890136fed.jpg?aki_policy=profile_x_medium\" alt=\"Lina Avatar\" class=\"wprevpro_t1_IMG_4 wprevpro_avatarimg\" \/><\/a><\/span> <div class=\"wprevpro_t1_SPAN_5 wprev_preview_tcolor2_T1\"><div class=\"wprevpro_t1_rname wprevname\" >Lina<\/div><div class=\"wprev_showdate_T1 wprevdate\">7\/24\/2024<\/div> <\/div>\r\n\t\t\t\r\n\t\t<\/div>\r\n\t\t\r\n\t\t<\/div>\r\n\t<\/li><li>\t\t\t<div class=\"wprevpro_t1_outer_div w3_wprs-row wprevprodiv\">\r\n\t\t\t\t\t<div class=\"wprevpro_t1_DIV_1 w3_wprs-col l12 outerrevdiv\">\r\n\t\t\t<div class=\"indrevdiv wprevpro_t1_DIV_2 wprev_preview_bg1_T1 wprev_preview_bradius_T1\">\r\n\t\t\t\t<div class=\"indrevtxt wprevpro_t1_P_3 wprev_preview_tcolor1_T1\"><div class='readmoretextdiv indrevlineclamp' data-lines='3' data-revid='561'>\t\t\t\t\t<span class=\"wprevpro_star_imgs_T1\"><span class=\"starloc1 wprevpro_star_imgs wprevpro_star_imgsloc1\"><span class=\"svgicons svg-wprsp-star\"><\/span><span class=\"svgicons svg-wprsp-star\"><\/span><span class=\"svgicons svg-wprsp-star\"><\/span><span class=\"svgicons svg-wprsp-star\"><\/span><span class=\"svgicons svg-wprsp-star-o\"><\/span><\/span><\/span>Mi estancia fue bien; Ante e Ivana estaban disponibles. La habitaci\u00f3n es espaciosa y limpia. Tiene una hermosa vista del puerto deportivo, desde donde pude ver la puesta de sol.<br>\r\nEl \u00fanico problema, para m\u00ed (puede que no lo sea para todos) fue el ba\u00f1o que no est\u00e1 conectado a la habitaci\u00f3n, sino en la puerta de entrada con vistas a un atrio con otras dos habitaciones. <br>\r\nLos alrededores son muy bonitos y se come muy bien.<br>\r\n\u00a1Pas\u00e9 dos noches all\u00ed y definitivamente volver\u00e9!<\/div><div class='divwprsrdmore' style='opacity:0;'><span class='wprs_rd_more'>Lee mas<\/span><span class='wprs_rd_less' style='display:none;'>Leer menos<\/span><\/div>\t\t\t\t<\/div>\r\n\t\t\t\t\t\t\t\t\t\t\t\t\t\t\t\t<a href=\"https:\/\/www.airbnb.com\/rooms\/16732667\" target=\"_blank\" rel=\"nofollow noreferrer\" class=\"wprevpro_t1_site_logo_a\"><img decoding=\"async\" width=\"30\" height=\"32\" src=\"https:\/\/www.tribunj.biz\/wp-content\/plugins\/wp-review-slider-pro-premium\/public\/partials\/imgs\/airbnb_small_icon.svg?id=1\" alt=\"logo de airbnb\" class=\"wprevpro_t1_site_logo wprevsiteicon\"><\/a>\t\t\t<\/div><span class=\"wprevpro_t1_A_8\"><a href=\"https:\/\/www.airbnb.com\/users\/show\/\" target=\"_blank\" rel=\"nofollow noreferrer\"><img decoding=\"async\" loading=\"lazy\" src=\"https:\/\/s3-media0.fl.yelpcdn.com\/assets\/srv0\/yelp_styleguide\/514f6997a318\/assets\/img\/default_avatars\/user_60_square.png\" alt=\"Mariachiara Avatar\" class=\"wprevpro_t1_IMG_4 wprevpro_avatarimg\" \/><\/a><\/span> <div class=\"wprevpro_t1_SPAN_5 wprev_preview_tcolor2_T1\"><div class=\"wprevpro_t1_rname wprevname\" >Mariachiara<\/div><div class=\"wprev_showdate_T1 wprevdate\">8\/01\/2023<\/div> <\/div>\r\n\t\t\t\r\n\t\t<\/div>\r\n\t\t\r\n\t\t<\/div>\r\n\t<\/li><li>\t\t\t<div class=\"wprevpro_t1_outer_div w3_wprs-row wprevprodiv\">\r\n\t\t\t\t\t<div class=\"wprevpro_t1_DIV_1 w3_wprs-col l12 outerrevdiv\">\r\n\t\t\t<div class=\"indrevdiv wprevpro_t1_DIV_2 wprev_preview_bg1_T1 wprev_preview_bradius_T1\">\r\n\t\t\t\t<div class=\"indrevtxt wprevpro_t1_P_3 wprev_preview_tcolor1_T1\"><div class='readmoretextdiv indrevlineclamp' data-lines='3' data-revid='445'>\t\t\t\t\t<span class=\"wprevpro_star_imgs_T1\"><span class=\"starloc1 wprevpro_star_imgs wprevpro_star_imgsloc1\"><span class=\"svgicons svg-wprsp-star\"><\/span><span class=\"svgicons svg-wprsp-star\"><\/span><span class=\"svgicons svg-wprsp-star\"><\/span><span class=\"svgicons svg-wprsp-star\"><\/span><span class=\"svgicons svg-wprsp-star\"><\/span><\/span><\/span>Fant\u00e1stico. Das Zimmer hat eine wundersch\u00f6ne Aussicht auf den Hafen und aufs Meer. Ist alles f\u00fcssl\u00e4ufig gut erreichbar. Und Ante wie seine ganze Familie ist\/sind sehr freundlich und hilfsbereit... Danke f\u00fcr die tolle Zeit..<\/div><div class='divwprsrdmore' style='opacity:0;'><span class='wprs_rd_more'>Lee mas<\/span><span class='wprs_rd_less' style='display:none;'>Leer menos<\/span><\/div>\t\t\t\t<\/div>\r\n\t\t\t\t\t\t\t\t\t\t\t\t\t\t\t\t<a href=\"https:\/\/www.airbnb.com\/rooms\/16732667\" target=\"_blank\" rel=\"nofollow noreferrer\" class=\"wprevpro_t1_site_logo_a\"><img decoding=\"async\" width=\"30\" height=\"32\" src=\"https:\/\/www.tribunj.biz\/wp-content\/plugins\/wp-review-slider-pro-premium\/public\/partials\/imgs\/airbnb_small_icon.svg?id=1\" alt=\"logo de airbnb\" class=\"wprevpro_t1_site_logo wprevsiteicon\"><\/a>\t\t\t<\/div><span class=\"wprevpro_t1_A_8\"><a href=\"https:\/\/www.airbnb.com\/users\/show\/\" target=\"_blank\" rel=\"nofollow noreferrer\"><img decoding=\"async\" loading=\"lazy\" src=\"https:\/\/a0.muscache.com\/im\/pictures\/user\/User-348877823\/original\/f2985684-a2ee-40cd-8345-ea9a5ca5bf87.jpeg?aki_policy=profile_x_medium\" alt=\"Stefan Avatar\" class=\"wprevpro_t1_IMG_4 wprevpro_avatarimg\" \/><\/a><\/span> <div class=\"wprevpro_t1_SPAN_5 wprev_preview_tcolor2_T1\"><div class=\"wprevpro_t1_rname wprevname\" >Stefan<\/div><div class=\"wprev_showdate_T1 wprevdate\">10\/30\/2023<\/div> <\/div>\r\n\t\t\t\r\n\t\t<\/div>\r\n\t\t\r\n\t\t<\/div>\r\n\t<\/li><li>\t\t\t<div class=\"wprevpro_t1_outer_div w3_wprs-row wprevprodiv\">\r\n\t\t\t\t\t<div class=\"wprevpro_t1_DIV_1 w3_wprs-col l12 outerrevdiv\">\r\n\t\t\t<div class=\"indrevdiv wprevpro_t1_DIV_2 wprev_preview_bg1_T1 wprev_preview_bradius_T1\">\r\n\t\t\t\t<div class=\"indrevtxt wprevpro_t1_P_3 wprev_preview_tcolor1_T1\"><div class='readmoretextdiv indrevlineclamp' data-lines='3' data-revid='548'>\t\t\t\t\t<span class=\"wprevpro_star_imgs_T1\"><span class=\"starloc1 wprevpro_star_imgs wprevpro_star_imgsloc1\"><span class=\"svgicons svg-wprsp-star\"><\/span><span class=\"svgicons svg-wprsp-star\"><\/span><span class=\"svgicons svg-wprsp-star\"><\/span><span class=\"svgicons svg-wprsp-star\"><\/span><span class=\"svgicons svg-wprsp-star-o\"><\/span><\/span><\/span>Solo quer\u00edamos quedarnos en Tribunj un rato durante nuestra estancia. Pero nos gust\u00f3 tanto el lugar y la ubicaci\u00f3n que ampliamos la estancia dos noches m\u00e1s. Gracias por la encantadora estancia, la flexibilidad y la comunicaci\u00f3n tan amable. Estaremos encantados de volver.<\/div><div class='divwprsrdmore' style='opacity:0;'><span class='wprs_rd_more'>Lee mas<\/span><span class='wprs_rd_less' style='display:none;'>Leer menos<\/span><\/div>\t\t\t\t<\/div>\r\n\t\t\t\t\t\t\t\t\t\t\t\t\t\t\t\t<a href=\"https:\/\/www.airbnb.com\/rooms\/16732667\" target=\"_blank\" rel=\"nofollow noreferrer\" class=\"wprevpro_t1_site_logo_a\"><img decoding=\"async\" width=\"30\" height=\"32\" src=\"https:\/\/www.tribunj.biz\/wp-content\/plugins\/wp-review-slider-pro-premium\/public\/partials\/imgs\/airbnb_small_icon.svg?id=1\" alt=\"logo de airbnb\" class=\"wprevpro_t1_site_logo wprevsiteicon\"><\/a>\t\t\t<\/div><span class=\"wprevpro_t1_A_8\"><a href=\"https:\/\/www.airbnb.com\/users\/show\/\" target=\"_blank\" rel=\"nofollow noreferrer\"><img decoding=\"async\" loading=\"lazy\" src=\"https:\/\/s3-media0.fl.yelpcdn.com\/assets\/srv0\/yelp_styleguide\/514f6997a318\/assets\/img\/default_avatars\/user_60_square.png\" alt=\"Selina Avatar\" class=\"wprevpro_t1_IMG_4 wprevpro_avatarimg\" \/><\/a><\/span> <div class=\"wprevpro_t1_SPAN_5 wprev_preview_tcolor2_T1\"><div class=\"wprevpro_t1_rname wprevname\" >Selina<\/div><div class=\"wprev_showdate_T1 wprevdate\">9\/01\/2024<\/div> <\/div>\r\n\t\t\t\r\n\t\t<\/div>\r\n\t\t\r\n\t\t<\/div>\r\n\t<\/li><li>\t\t\t<div class=\"wprevpro_t1_outer_div w3_wprs-row wprevprodiv\">\r\n\t\t\t\t\t<div class=\"wprevpro_t1_DIV_1 w3_wprs-col l12 outerrevdiv\">\r\n\t\t\t<div class=\"indrevdiv wprevpro_t1_DIV_2 wprev_preview_bg1_T1 wprev_preview_bradius_T1\">\r\n\t\t\t\t<div class=\"indrevtxt wprevpro_t1_P_3 wprev_preview_tcolor1_T1\"><div class='readmoretextdiv indrevlineclamp' data-lines='3' data-revid='160'>\t\t\t\t\t<span class=\"wprevpro_star_imgs_T1\"><span class=\"starloc1 wprevpro_star_imgs wprevpro_star_imgsloc1\"><span class=\"svgicons svg-wprsp-star\"><\/span><span class=\"svgicons svg-wprsp-star\"><\/span><span class=\"svgicons svg-wprsp-star\"><\/span><span class=\"svgicons svg-wprsp-star\"><\/span><span class=\"svgicons svg-wprsp-star\"><\/span><\/span><\/span>Lo recomiendo mucho<\/div><div class='divwprsrdmore' style='opacity:0;'><span class='wprs_rd_more'>Lee mas<\/span><span class='wprs_rd_less' style='display:none;'>Leer menos<\/span><\/div>\t\t\t\t<\/div>\r\n\t\t\t\t\t\t\t\t\t\t\t\t\t\t\t\t<a href=\"https:\/\/www.airbnb.com\/rooms\/16732667\" target=\"_blank\" rel=\"nofollow noreferrer\" class=\"wprevpro_t1_site_logo_a\"><img decoding=\"async\" width=\"30\" height=\"32\" src=\"https:\/\/www.tribunj.biz\/wp-content\/plugins\/wp-review-slider-pro-premium\/public\/partials\/imgs\/airbnb_small_icon.svg?id=1\" alt=\"logo de airbnb\" class=\"wprevpro_t1_site_logo wprevsiteicon\"><\/a>\t\t\t<\/div><span class=\"wprevpro_t1_A_8\"><a href=\"https:\/\/www.airbnb.com\/users\/show\/226709433\" target=\"_blank\" rel=\"nofollow noreferrer\"><img decoding=\"async\" loading=\"lazy\" src=\"https:\/\/a0.muscache.com\/im\/pictures\/user\/d87f8adb-dbae-4c62-a8d7-b3d6b240c88a.jpg?aki_policy=profile_x_medium\" alt=\"Avatar de B\u00e1lint\" class=\"wprevpro_t1_IMG_4 wprevpro_avatarimg\" \/><\/a><\/span> <div class=\"wprevpro_t1_SPAN_5 wprev_preview_tcolor2_T1\"><div class=\"wprevpro_t1_rname wprevname\" >Balint<\/div><div class=\"wprev_showdate_T1 wprevdate\">8\/19\/2019<\/div> <\/div>\r\n\t\t\t\r\n\t\t<\/div>\r\n\t\t\r\n\t\t<\/div>\r\n\t<\/li><li>\t\t\t<div class=\"wprevpro_t1_outer_div w3_wprs-row wprevprodiv\">\r\n\t\t\t\t\t<div class=\"wprevpro_t1_DIV_1 w3_wprs-col l12 outerrevdiv\">\r\n\t\t\t<div class=\"indrevdiv wprevpro_t1_DIV_2 wprev_preview_bg1_T1 wprev_preview_bradius_T1\">\r\n\t\t\t\t<div class=\"indrevtxt wprevpro_t1_P_3 wprev_preview_tcolor1_T1\"><div class='readmoretextdiv indrevlineclamp' data-lines='3' data-revid='184'>\t\t\t\t\t<span class=\"wprevpro_star_imgs_T1\"><span class=\"starloc1 wprevpro_star_imgs wprevpro_star_imgsloc1\"><span class=\"svgicons svg-wprsp-star\"><\/span><span class=\"svgicons svg-wprsp-star\"><\/span><span class=\"svgicons svg-wprsp-star\"><\/span><span class=\"svgicons svg-wprsp-star\"><\/span><span class=\"svgicons svg-wprsp-star\"><\/span><\/span><\/span>Ubicaci\u00f3n privilegiada, con muchas vistas al puerto y a 5 min. abra la hebra. Lieve attente mensen, toen we aankwamen werden we heel warm ontvangen met koffie en een stuk Kroatische vlaai, ze waren net klaar met het middageten \ud83d\ude42  <br>\nEscuela verder, cama lekker y je kan je auto voor deur parkeren, alleen geen airco. \u00a1Zeker een aanrader!<\/div><div class='divwprsrdmore' style='opacity:0;'><span class='wprs_rd_more'>Lee mas<\/span><span class='wprs_rd_less' style='display:none;'>Leer menos<\/span><\/div>\t\t\t\t<\/div>\r\n\t\t\t\t\t\t\t\t\t\t\t\t\t\t\t\t<a href=\"https:\/\/www.airbnb.com\/rooms\/16732667\" target=\"_blank\" rel=\"nofollow noreferrer\" class=\"wprevpro_t1_site_logo_a\"><img decoding=\"async\" width=\"30\" height=\"32\" src=\"https:\/\/www.tribunj.biz\/wp-content\/plugins\/wp-review-slider-pro-premium\/public\/partials\/imgs\/airbnb_small_icon.svg?id=1\" alt=\"logo de airbnb\" class=\"wprevpro_t1_site_logo wprevsiteicon\"><\/a>\t\t\t<\/div><span class=\"wprevpro_t1_A_8\"><a href=\"https:\/\/www.airbnb.com\/users\/show\/26998894\" target=\"_blank\" rel=\"nofollow noreferrer\"><img decoding=\"async\" loading=\"lazy\" src=\"https:\/\/a0.muscache.com\/im\/users\/26998894\/profile_pic\/1422725452\/original.jpg?aki_policy=profile_x_medium\" alt=\"Vera Avatar\" class=\"wprevpro_t1_IMG_4 wprevpro_avatarimg\" \/><\/a><\/span> <div class=\"wprevpro_t1_SPAN_5 wprev_preview_tcolor2_T1\"><div class=\"wprevpro_t1_rname wprevname\" >Vera<\/div><div class=\"wprev_showdate_T1 wprevdate\">7\/27\/2019<\/div> <\/div>\r\n\t\t\t\r\n\t\t<\/div>\r\n\t\t\r\n\t\t<\/div>\r\n\t<\/li><li>\t\t\t<div class=\"wprevpro_t1_outer_div w3_wprs-row wprevprodiv\">\r\n\t\t\t\t\t<div class=\"wprevpro_t1_DIV_1 w3_wprs-col l12 outerrevdiv\">\r\n\t\t\t<div class=\"indrevdiv wprevpro_t1_DIV_2 wprev_preview_bg1_T1 wprev_preview_bradius_T1\">\r\n\t\t\t\t<div class=\"indrevtxt wprevpro_t1_P_3 wprev_preview_tcolor1_T1\"><div class='readmoretextdiv indrevlineclamp' data-lines='3' data-revid='177'>\t\t\t\t\t<span class=\"wprevpro_star_imgs_T1\"><span class=\"starloc1 wprevpro_star_imgs wprevpro_star_imgsloc1\"><span class=\"svgicons svg-wprsp-star\"><\/span><span class=\"svgicons svg-wprsp-star\"><\/span><span class=\"svgicons svg-wprsp-star\"><\/span><span class=\"svgicons svg-wprsp-star\"><\/span><span class=\"svgicons svg-wprsp-star\"><\/span><\/span><\/span>Sehr nette Gastgeberin, sauberes Zimmer, top Lage mit sehr sch\u00f6nem Ausblick, gerne wieder, nur zum empfehlen f\u00fcr ein par Tage!<\/div><div class='divwprsrdmore' style='opacity:0;'><span class='wprs_rd_more'>Lee mas<\/span><span class='wprs_rd_less' style='display:none;'>Leer menos<\/span><\/div>\t\t\t\t<\/div>\r\n\t\t\t\t\t\t\t\t\t\t\t\t\t\t\t\t<a href=\"https:\/\/www.airbnb.com\/rooms\/16732667\" target=\"_blank\" rel=\"nofollow noreferrer\" class=\"wprevpro_t1_site_logo_a\"><img decoding=\"async\" width=\"30\" height=\"32\" src=\"https:\/\/www.tribunj.biz\/wp-content\/plugins\/wp-review-slider-pro-premium\/public\/partials\/imgs\/airbnb_small_icon.svg?id=1\" alt=\"logo de airbnb\" class=\"wprevpro_t1_site_logo wprevsiteicon\"><\/a>\t\t\t<\/div><span class=\"wprevpro_t1_A_8\"><a href=\"https:\/\/www.airbnb.com\/users\/show\/107975006\" target=\"_blank\" rel=\"nofollow noreferrer\"><img decoding=\"async\" loading=\"lazy\" src=\"https:\/\/a0.muscache.com\/im\/pictures\/user\/061c6c10-0eba-4e07-9733-3b011487a7e7.jpg?aki_policy=profile_x_medium\" alt=\"Avatar de Magdalena\" class=\"wprevpro_t1_IMG_4 wprevpro_avatarimg\" \/><\/a><\/span> <div class=\"wprevpro_t1_SPAN_5 wprev_preview_tcolor2_T1\"><div class=\"wprevpro_t1_rname wprevname\" >Magdalena<\/div><div class=\"wprev_showdate_T1 wprevdate\">7\/25\/2020<\/div> <\/div>\r\n\t\t\t\r\n\t\t<\/div>\r\n\t\t\r\n\t\t<\/div>\r\n\t<\/li><li>\t\t\t<div class=\"wprevpro_t1_outer_div w3_wprs-row wprevprodiv\">\r\n\t\t\t\t\t<div class=\"wprevpro_t1_DIV_1 w3_wprs-col l12 outerrevdiv\">\r\n\t\t\t<div class=\"indrevdiv wprevpro_t1_DIV_2 wprev_preview_bg1_T1 wprev_preview_bradius_T1\">\r\n\t\t\t\t<div class=\"indrevtxt wprevpro_t1_P_3 wprev_preview_tcolor1_T1\"><div class='readmoretextdiv indrevlineclamp' data-lines='3' data-revid='502'>\t\t\t\t\t<span class=\"wprevpro_star_imgs_T1\"><span class=\"starloc1 wprevpro_star_imgs wprevpro_star_imgsloc1\"><span class=\"svgicons svg-wprsp-star\"><\/span><span class=\"svgicons svg-wprsp-star\"><\/span><span class=\"svgicons svg-wprsp-star\"><\/span><span class=\"svgicons svg-wprsp-star\"><\/span><span class=\"svgicons svg-wprsp-star\"><\/span><\/span><\/span>Ante es una anfitriona maravillosa. Es muy atenta y amable. Nos encant\u00f3 nuestra estancia en su casa. La vista desde el balc\u00f3n es impresionante, \u00a1y tenemos muchas ganas de volver pronto! <br>\n\u00a1Gracias de nuevo Ante!<\/div><div class='divwprsrdmore' style='opacity:0;'><span class='wprs_rd_more'>Lee mas<\/span><span class='wprs_rd_less' style='display:none;'>Leer menos<\/span><\/div>\t\t\t\t<\/div>\r\n\t\t\t\t\t\t\t\t\t\t\t\t\t\t\t\t<a href=\"https:\/\/www.airbnb.com\/rooms\/16732667\" target=\"_blank\" rel=\"nofollow noreferrer\" class=\"wprevpro_t1_site_logo_a\"><img decoding=\"async\" width=\"30\" height=\"32\" src=\"https:\/\/www.tribunj.biz\/wp-content\/plugins\/wp-review-slider-pro-premium\/public\/partials\/imgs\/airbnb_small_icon.svg?id=1\" alt=\"logo de airbnb\" class=\"wprevpro_t1_site_logo wprevsiteicon\"><\/a>\t\t\t<\/div><span class=\"wprevpro_t1_A_8\"><a href=\"https:\/\/www.airbnb.com\/users\/show\/\" target=\"_blank\" rel=\"nofollow noreferrer\"><img decoding=\"async\" loading=\"lazy\" src=\"https:\/\/a0.muscache.com\/im\/pictures\/user\/f1e53c12-d50d-476d-9fee-055533ebdda0.jpg?aki_policy=profile_x_medium\" alt=\"Emma Avatar\" class=\"wprevpro_t1_IMG_4 wprevpro_avatarimg\" \/><\/a><\/span> <div class=\"wprevpro_t1_SPAN_5 wprev_preview_tcolor2_T1\"><div class=\"wprevpro_t1_rname wprevname\" >Emma<\/div><div class=\"wprev_showdate_T1 wprevdate\">9\/10\/2024<\/div> <\/div>\r\n\t\t\t\r\n\t\t<\/div>\r\n\t\t\r\n\t\t<\/div>\r\n\t<\/li><li>\t\t\t<div class=\"wprevpro_t1_outer_div w3_wprs-row wprevprodiv\">\r\n\t\t\t\t\t<div class=\"wprevpro_t1_DIV_1 w3_wprs-col l12 outerrevdiv\">\r\n\t\t\t<div class=\"indrevdiv wprevpro_t1_DIV_2 wprev_preview_bg1_T1 wprev_preview_bradius_T1\">\r\n\t\t\t\t<div class=\"indrevtxt wprevpro_t1_P_3 wprev_preview_tcolor1_T1\"><div class='readmoretextdiv indrevlineclamp' data-lines='3' data-revid='86'>\t\t\t\t\t<span class=\"wprevpro_star_imgs_T1\"><span class=\"starloc1 wprevpro_star_imgs wprevpro_star_imgsloc1\"><span class=\"svgicons svg-wprsp-star\"><\/span><span class=\"svgicons svg-wprsp-star\"><\/span><span class=\"svgicons svg-wprsp-star\"><\/span><span class=\"svgicons svg-wprsp-star\"><\/span><span class=\"svgicons svg-wprsp-star\"><\/span><\/span><\/span><\/div><div class='divwprsrdmore' style='opacity:0;'><span class='wprs_rd_more'>Lee mas<\/span><span class='wprs_rd_less' style='display:none;'>Leer menos<\/span><\/div>\t\t\t\t<\/div>\r\n\t\t\t\t\t\t\t\t\t\t\t\t\t\t\t\t<a href=\"https:\/\/www.facebook.com\/pg\/451509874913315\/reviews\/\" target=\"_blank\" rel=\"nofollow noreferrer\" class=\"wprevpro_t1_site_logo_a\"><img decoding=\"async\" width=\"32\" height=\"32\" src=\"https:\/\/www.tribunj.biz\/wp-content\/plugins\/wp-review-slider-pro-premium\/public\/partials\/imgs\/facebook_small_icon.svg\" alt=\"Logo de Facebook\" class=\"wprevpro_t1_site_logo wprevsiteicon\"><\/a>\t\t\t<\/div><span class=\"wprevpro_t1_A_8\"><a href=\"https:\/\/www.facebook.com\/search\/top\/?q=Vahida+S.\" target=\"_blank\" rel=\"nofollow noreferrer\"><img decoding=\"async\" loading=\"lazy\" src=\"https:\/\/platform-lookaside.fbsbx.com\/platform\/profilepic\/?psid=1935178619926676&height=100&width=100&ext=1549327159&hash=AeS5lh9HIKRnArWd\" alt=\"Vahida S. Avatar\" class=\"wprevpro_t1_IMG_4 wprevpro_avatarimg\" \/><\/a><\/span> <div class=\"wprevpro_t1_SPAN_5 wprev_preview_tcolor2_T1\"><div class=\"wprevpro_t1_rname wprevname\" >Vahida S.<\/div><div class=\"wprev_showdate_T1 wprevdate\">4\/19\/2018<\/div> <\/div>\r\n\t\t\t\r\n\t\t<\/div>\r\n\t\t\r\n\t\t<\/div>\r\n\t<\/li><li>\t\t\t<div class=\"wprevpro_t1_outer_div w3_wprs-row wprevprodiv\">\r\n\t\t\t\t\t<div class=\"wprevpro_t1_DIV_1 w3_wprs-col l12 outerrevdiv\">\r\n\t\t\t<div class=\"indrevdiv wprevpro_t1_DIV_2 wprev_preview_bg1_T1 wprev_preview_bradius_T1\">\r\n\t\t\t\t<div class=\"indrevtxt wprevpro_t1_P_3 wprev_preview_tcolor1_T1\"><div class='readmoretextdiv indrevlineclamp' data-lines='3' data-revid='20'>\t\t\t\t\t<span class=\"wprevpro_star_imgs_T1\"><span class=\"starloc1 wprevpro_star_imgs wprevpro_star_imgsloc1\"><span class=\"svgicons svg-wprsp-star\"><\/span><span class=\"svgicons svg-wprsp-star\"><\/span><span class=\"svgicons svg-wprsp-star\"><\/span><span class=\"svgicons svg-wprsp-star\"><\/span><span class=\"svgicons svg-wprsp-star\"><\/span><\/span><\/span><span class=\"wprevpro_t1_DIV_title wprevreviewtitle\">Rese\u00f1a de booking.com <\/span>Die Aussicht war super!<\/div><div class='divwprsrdmore' style='opacity:0;'><span class='wprs_rd_more'>Lee mas<\/span><span class='wprs_rd_less' style='display:none;'>Leer menos<\/span><\/div>\t\t\t\t<\/div>\r\n\t\t\t\t\t\t\t\t\t\t\t\t\t\t\t\t<a href=\"\" target=\"_blank\" rel=\"nofollow noreferrer\" class=\"wprevpro_t1_site_logo_a\"><img decoding=\"async\" width=\"32\" height=\"32\" src=\"https:\/\/www.tribunj.biz\/wp-content\/uploads\/2018\/06\/download.png\" alt=\"Logo\" class=\"wprevpro_t1_site_logo wprevsiteicon\"><\/a>\t\t\t<\/div><span class=\"wprevpro_t1_A_8\"><img decoding=\"async\" loading=\"lazy\" src=\"https:\/\/www.tribunj.biz\/wp-content\/uploads\/2018\/06\/download.png\" alt=\"Avatar de los invitados\" class=\"wprevpro_t1_IMG_4 wprevpro_avatarimg\" \/><\/span> <div class=\"wprevpro_t1_SPAN_5 wprev_preview_tcolor2_T1\"><div class=\"wprevpro_t1_rname wprevname\" >Hu\u00e9sped<\/div><div class=\"wprev_showdate_T1 wprevdate\">6\/17\/2018<\/div> <\/div>\r\n\t\t\t\r\n\t\t<\/div>\r\n\t\t\r\n\t\t<\/div>\r\n\t<\/li><li>\t\t\t<div class=\"wprevpro_t1_outer_div w3_wprs-row wprevprodiv\">\r\n\t\t\t\t\t<div class=\"wprevpro_t1_DIV_1 w3_wprs-col l12 outerrevdiv\">\r\n\t\t\t<div class=\"indrevdiv wprevpro_t1_DIV_2 wprev_preview_bg1_T1 wprev_preview_bradius_T1\">\r\n\t\t\t\t<div class=\"indrevtxt wprevpro_t1_P_3 wprev_preview_tcolor1_T1\"><div class='readmoretextdiv indrevlineclamp' data-lines='3' data-revid='250'>\t\t\t\t\t<span class=\"wprevpro_star_imgs_T1\"><span class=\"starloc1 wprevpro_star_imgs wprevpro_star_imgsloc1\"><span class=\"svgicons svg-wprsp-star\"><\/span><span class=\"svgicons svg-wprsp-star\"><\/span><span class=\"svgicons svg-wprsp-star\"><\/span><span class=\"svgicons svg-wprsp-star\"><\/span><span class=\"svgicons svg-wprsp-star\"><\/span><\/span><\/span>Sch\u00f6nes Zimmer mit tollem Ausblick auf den Hafen. Ivana war sehr nett und wir konnten sehr flexibel und spontan einchecken da es angefangen hat zu Gewittern. Ich w\u00fcrde es immer wieder buchen. gracias<\/div><div class='divwprsrdmore' style='opacity:0;'><span class='wprs_rd_more'>Lee mas<\/span><span class='wprs_rd_less' style='display:none;'>Leer menos<\/span><\/div>\t\t\t\t<\/div>\r\n\t\t\t\t\t\t\t\t\t\t\t\t\t\t\t\t<a href=\"https:\/\/www.airbnb.com\/rooms\/16732667\" target=\"_blank\" rel=\"nofollow noreferrer\" class=\"wprevpro_t1_site_logo_a\"><img decoding=\"async\" width=\"30\" height=\"32\" src=\"https:\/\/www.tribunj.biz\/wp-content\/plugins\/wp-review-slider-pro-premium\/public\/partials\/imgs\/airbnb_small_icon.svg?id=1\" alt=\"logo de airbnb\" class=\"wprevpro_t1_site_logo wprevsiteicon\"><\/a>\t\t\t<\/div><span class=\"wprevpro_t1_A_8\"><a href=\"https:\/\/www.airbnb.com\/users\/show\/\" target=\"_blank\" rel=\"nofollow noreferrer\"><img decoding=\"async\" loading=\"lazy\" src=\"https:\/\/a0.muscache.com\/im\/pictures\/user\/0f549fa5-884f-4191-bd77-dff318d6f045.jpg?aki_policy=profile_x_medium\" alt=\"Avatar de Fabi\u00e1n\" class=\"wprevpro_t1_IMG_4 wprevpro_avatarimg\" \/><\/a><\/span> <div class=\"wprevpro_t1_SPAN_5 wprev_preview_tcolor2_T1\"><div class=\"wprevpro_t1_rname wprevname\" >fabianista<\/div><div class=\"wprev_showdate_T1 wprevdate\">9\/20\/2022<\/div> <\/div>\r\n\t\t\t\r\n\t\t<\/div>\r\n\t\t\r\n\t\t<\/div>\r\n\t<\/li><li>\t\t\t<div class=\"wprevpro_t1_outer_div w3_wprs-row wprevprodiv\">\r\n\t\t\t\t\t<div class=\"wprevpro_t1_DIV_1 w3_wprs-col l12 outerrevdiv\">\r\n\t\t\t<div class=\"indrevdiv wprevpro_t1_DIV_2 wprev_preview_bg1_T1 wprev_preview_bradius_T1\">\r\n\t\t\t\t<div class=\"indrevtxt wprevpro_t1_P_3 wprev_preview_tcolor1_T1\"><div class='readmoretextdiv indrevlineclamp' data-lines='3' data-revid='254'>\t\t\t\t\t<span class=\"wprevpro_star_imgs_T1\"><span class=\"starloc1 wprevpro_star_imgs wprevpro_star_imgsloc1\"><span class=\"svgicons svg-wprsp-star\"><\/span><span class=\"svgicons svg-wprsp-star\"><\/span><span class=\"svgicons svg-wprsp-star\"><\/span><span class=\"svgicons svg-wprsp-star\"><\/span><span class=\"svgicons svg-wprsp-star\"><\/span><\/span><\/span>\u0141adny pok\u00f3j z widokiem na marin\u0119. Mili gospodarze. Bardzo blisko do pla\u017cy oraz do zabytkowej cz\u0119\u015bci miasteczka. W okolicy du\u017co restauracji serwuj\u0105cych lokalne produkty zw\u0142aszcza ryby i owoce morza.<\/div><div class='divwprsrdmore' style='opacity:0;'><span class='wprs_rd_more'>Lee mas<\/span><span class='wprs_rd_less' style='display:none;'>Leer menos<\/span><\/div>\t\t\t\t<\/div>\r\n\t\t\t\t\t\t\t\t\t\t\t\t\t\t\t\t<a href=\"https:\/\/www.airbnb.com\/rooms\/16732667\" target=\"_blank\" rel=\"nofollow noreferrer\" class=\"wprevpro_t1_site_logo_a\"><img decoding=\"async\" width=\"30\" height=\"32\" src=\"https:\/\/www.tribunj.biz\/wp-content\/plugins\/wp-review-slider-pro-premium\/public\/partials\/imgs\/airbnb_small_icon.svg?id=1\" alt=\"logo de airbnb\" class=\"wprevpro_t1_site_logo wprevsiteicon\"><\/a>\t\t\t<\/div><span class=\"wprevpro_t1_A_8\"><a href=\"https:\/\/www.airbnb.com\/users\/show\/\" target=\"_blank\" rel=\"nofollow noreferrer\"><img decoding=\"async\" loading=\"lazy\" src=\"https:\/\/a0.muscache.com\/im\/pictures\/user\/ad9ecd3e-617b-4813-8ccb-bfa4276490a3.jpg?aki_policy=profile_x_medium\" alt=\"Avatar de piotr\" class=\"wprevpro_t1_IMG_4 wprevpro_avatarimg\" \/><\/a><\/span> <div class=\"wprevpro_t1_SPAN_5 wprev_preview_tcolor2_T1\"><div class=\"wprevpro_t1_rname wprevname\" >Piotr<\/div><div class=\"wprev_showdate_T1 wprevdate\">8\/27\/2022<\/div> <\/div>\r\n\t\t\t\r\n\t\t<\/div>\r\n\t\t\r\n\t\t<\/div>\r\n\t<\/li><li>\t\t\t<div class=\"wprevpro_t1_outer_div w3_wprs-row wprevprodiv\">\r\n\t\t\t\t\t<div class=\"wprevpro_t1_DIV_1 w3_wprs-col l12 outerrevdiv\">\r\n\t\t\t<div class=\"indrevdiv wprevpro_t1_DIV_2 wprev_preview_bg1_T1 wprev_preview_bradius_T1\">\r\n\t\t\t\t<div class=\"indrevtxt wprevpro_t1_P_3 wprev_preview_tcolor1_T1\"><div class='readmoretextdiv indrevlineclamp' data-lines='3' data-revid='115'>\t\t\t\t\t<span class=\"wprevpro_star_imgs_T1\"><span class=\"starloc1 wprevpro_star_imgs wprevpro_star_imgsloc1\"><span class=\"svgicons svg-wprsp-star\"><\/span><span class=\"svgicons svg-wprsp-star\"><\/span><span class=\"svgicons svg-wprsp-star\"><\/span><span class=\"svgicons svg-wprsp-star\"><\/span><span class=\"svgicons svg-wprsp-star\"><\/span><\/span><\/span><\/div><div class='divwprsrdmore' style='opacity:0;'><span class='wprs_rd_more'>Lee mas<\/span><span class='wprs_rd_less' style='display:none;'>Leer menos<\/span><\/div>\t\t\t\t<\/div>\r\n\t\t\t\t\t\t\t\t\t\t\t\t\t\t\t\t<a href=\"https:\/\/www.facebook.com\/pg\/451509874913315\/reviews\/\" target=\"_blank\" rel=\"nofollow noreferrer\" class=\"wprevpro_t1_site_logo_a\"><img decoding=\"async\" width=\"32\" height=\"32\" src=\"https:\/\/www.tribunj.biz\/wp-content\/plugins\/wp-review-slider-pro-premium\/public\/partials\/imgs\/facebook_small_icon.svg\" alt=\"Logo de Facebook\" class=\"wprevpro_t1_site_logo wprevsiteicon\"><\/a>\t\t\t<\/div><span class=\"wprevpro_t1_A_8\"><a href=\"https:\/\/www.facebook.com\/search\/top\/?q=Daaca+V.\" target=\"_blank\" rel=\"nofollow noreferrer\"><img decoding=\"async\" loading=\"lazy\" src=\"https:\/\/platform-lookaside.fbsbx.com\/platform\/profilepic\/?psid=2913727931986017&height=100&width=100&ext=1549327171&hash=AeSmK4S05XPReIOX\" alt=\"Daaca V. Avatar\" class=\"wprevpro_t1_IMG_4 wprevpro_avatarimg\" \/><\/a><\/span> <div class=\"wprevpro_t1_SPAN_5 wprev_preview_tcolor2_T1\"><div class=\"wprevpro_t1_rname wprevname\" >Daaca V.<\/div><div class=\"wprev_showdate_T1 wprevdate\">8\/02\/2016<\/div> <\/div>\r\n\t\t\t\r\n\t\t<\/div>\r\n\t\t\r\n\t\t<\/div>\r\n\t<\/li><li>\t\t\t<div class=\"wprevpro_t1_outer_div w3_wprs-row wprevprodiv\">\r\n\t\t\t\t\t<div class=\"wprevpro_t1_DIV_1 w3_wprs-col l12 outerrevdiv\">\r\n\t\t\t<div class=\"indrevdiv wprevpro_t1_DIV_2 wprev_preview_bg1_T1 wprev_preview_bradius_T1\">\r\n\t\t\t\t<div class=\"indrevtxt wprevpro_t1_P_3 wprev_preview_tcolor1_T1\"><div class='readmoretextdiv indrevlineclamp' data-lines='3' data-revid='227'>\t\t\t\t\t<span class=\"wprevpro_star_imgs_T1\"><span class=\"starloc1 wprevpro_star_imgs wprevpro_star_imgsloc1\"><span class=\"svgicons svg-wprsp-star\"><\/span><span class=\"svgicons svg-wprsp-star\"><\/span><span class=\"svgicons svg-wprsp-star\"><\/span><span class=\"svgicons svg-wprsp-star\"><\/span><span class=\"svgicons svg-wprsp-star\"><\/span><\/span><\/span>merci pour votre accueil !!<\/div><div class='divwprsrdmore' style='opacity:0;'><span class='wprs_rd_more'>Lee mas<\/span><span class='wprs_rd_less' style='display:none;'>Leer menos<\/span><\/div>\t\t\t\t<\/div>\r\n\t\t\t\t\t\t\t\t\t\t\t\t\t\t\t\t<a href=\"https:\/\/www.airbnb.com\/rooms\/16732667\" target=\"_blank\" rel=\"nofollow noreferrer\" class=\"wprevpro_t1_site_logo_a\"><img decoding=\"async\" width=\"30\" height=\"32\" src=\"https:\/\/www.tribunj.biz\/wp-content\/plugins\/wp-review-slider-pro-premium\/public\/partials\/imgs\/airbnb_small_icon.svg?id=1\" alt=\"logo de airbnb\" class=\"wprevpro_t1_site_logo wprevsiteicon\"><\/a>\t\t\t<\/div><span class=\"wprevpro_t1_A_8\"><a href=\"https:\/\/www.airbnb.com\/users\/show\/85330956\" target=\"_blank\" rel=\"nofollow noreferrer\"><img decoding=\"async\" loading=\"lazy\" src=\"https:\/\/a0.muscache.com\/im\/pictures\/user\/ee5a7ff6-7d67-444f-ba56-5e44ad4e6d90.jpg?aki_policy=profile_x_medium\" alt=\"Avatar de Olivier\" class=\"wprevpro_t1_IMG_4 wprevpro_avatarimg\" \/><\/a><\/span> <div class=\"wprevpro_t1_SPAN_5 wprev_preview_tcolor2_T1\"><div class=\"wprevpro_t1_rname wprevname\" >Oliverio<\/div><div class=\"wprev_showdate_T1 wprevdate\">4\/15\/2022<\/div> <\/div>\r\n\t\t\t\r\n\t\t<\/div>\r\n\t\t\r\n\t\t<\/div>\r\n\t<\/li><li>\t\t\t<div class=\"wprevpro_t1_outer_div w3_wprs-row wprevprodiv\">\r\n\t\t\t\t\t<div class=\"wprevpro_t1_DIV_1 w3_wprs-col l12 outerrevdiv\">\r\n\t\t\t<div class=\"indrevdiv wprevpro_t1_DIV_2 wprev_preview_bg1_T1 wprev_preview_bradius_T1\">\r\n\t\t\t\t<div class=\"indrevtxt wprevpro_t1_P_3 wprev_preview_tcolor1_T1\"><div class='readmoretextdiv indrevlineclamp' data-lines='3' data-revid='232'>\t\t\t\t\t<span class=\"wprevpro_star_imgs_T1\"><span class=\"starloc1 wprevpro_star_imgs wprevpro_star_imgsloc1\"><span class=\"svgicons svg-wprsp-star\"><\/span><span class=\"svgicons svg-wprsp-star\"><\/span><span class=\"svgicons svg-wprsp-star\"><\/span><span class=\"svgicons svg-wprsp-star\"><\/span><span class=\"svgicons svg-wprsp-star\"><\/span><\/span><\/span>Posto molto carino e accogliente a due passi dalla spiaggia e con una vista molto rilassante sul molo.<\/div><div class='divwprsrdmore' style='opacity:0;'><span class='wprs_rd_more'>Lee mas<\/span><span class='wprs_rd_less' style='display:none;'>Leer menos<\/span><\/div>\t\t\t\t<\/div>\r\n\t\t\t\t\t\t\t\t\t\t\t\t\t\t\t\t<a href=\"https:\/\/www.airbnb.com\/rooms\/16732667\" target=\"_blank\" rel=\"nofollow noreferrer\" class=\"wprevpro_t1_site_logo_a\"><img decoding=\"async\" width=\"30\" height=\"32\" src=\"https:\/\/www.tribunj.biz\/wp-content\/plugins\/wp-review-slider-pro-premium\/public\/partials\/imgs\/airbnb_small_icon.svg?id=1\" alt=\"logo de airbnb\" class=\"wprevpro_t1_site_logo wprevsiteicon\"><\/a>\t\t\t<\/div><span class=\"wprevpro_t1_A_8\"><a href=\"https:\/\/www.airbnb.com\/users\/show\/9380322\" target=\"_blank\" rel=\"nofollow noreferrer\"><img decoding=\"async\" loading=\"lazy\" src=\"https:\/\/a0.muscache.com\/im\/users\/9380322\/profile_pic\/1381576309\/original.jpg?aki_policy=profile_x_medium\" alt=\"Simone Avatar\" class=\"wprevpro_t1_IMG_4 wprevpro_avatarimg\" \/><\/a><\/span> <div class=\"wprevpro_t1_SPAN_5 wprev_preview_tcolor2_T1\"><div class=\"wprevpro_t1_rname wprevname\" >Simone<\/div><div class=\"wprev_showdate_T1 wprevdate\">8\/06\/2021<\/div> <\/div>\r\n\t\t\t\r\n\t\t<\/div>\r\n\t\t\r\n\t\t<\/div>\r\n\t<\/li><li>\t\t\t<div class=\"wprevpro_t1_outer_div w3_wprs-row wprevprodiv\">\r\n\t\t\t\t\t<div class=\"wprevpro_t1_DIV_1 w3_wprs-col l12 outerrevdiv\">\r\n\t\t\t<div class=\"indrevdiv wprevpro_t1_DIV_2 wprev_preview_bg1_T1 wprev_preview_bradius_T1\">\r\n\t\t\t\t<div class=\"indrevtxt wprevpro_t1_P_3 wprev_preview_tcolor1_T1\"><div class='readmoretextdiv indrevlineclamp' data-lines='3' data-revid='128'>\t\t\t\t\t<span class=\"wprevpro_star_imgs_T1\"><span class=\"starloc1 wprevpro_star_imgs wprevpro_star_imgsloc1\"><span class=\"svgicons svg-wprsp-star\"><\/span><span class=\"svgicons svg-wprsp-star\"><\/span><span class=\"svgicons svg-wprsp-star\"><\/span><span class=\"svgicons svg-wprsp-star\"><\/span><span class=\"svgicons svg-wprsp-star\"><\/span><\/span><\/span>Tuvimos una estancia estupenda en este encantador apartamento. La hospitalidad fue excepcional y quedamos impresionados por la amabilidad de los anfitriones.<\/div><div class='divwprsrdmore' style='opacity:0;'><span class='wprs_rd_more'>Lee mas<\/span><span class='wprs_rd_less' style='display:none;'>Leer menos<\/span><\/div>\t\t\t\t<\/div>\r\n\t\t\t\t\t\t\t\t\t\t\t\t\t\t\t\t<a href=\"https:\/\/www.airbnb.com\/rooms\/8825408\" target=\"_blank\" rel=\"nofollow noreferrer\" class=\"wprevpro_t1_site_logo_a\"><img decoding=\"async\" width=\"30\" height=\"32\" src=\"https:\/\/www.tribunj.biz\/wp-content\/plugins\/wp-review-slider-pro-premium\/public\/partials\/imgs\/airbnb_small_icon.svg?id=1\" alt=\"logo de airbnb\" class=\"wprevpro_t1_site_logo wprevsiteicon\"><\/a>\t\t\t<\/div><span class=\"wprevpro_t1_A_8\"><a href=\"https:\/\/www.airbnb.com\/users\/show\/199671560\" target=\"_blank\" rel=\"nofollow noreferrer\"><img decoding=\"async\" loading=\"lazy\" src=\"https:\/\/a0.muscache.com\/im\/pictures\/user\/53510381-f4c9-409a-a2c6-6f9ad266e783.jpg?aki_policy=profile_x_medium\" alt=\"Avatar feo\" class=\"wprevpro_t1_IMG_4 wprevpro_avatarimg\" \/><\/a><\/span> <div class=\"wprevpro_t1_SPAN_5 wprev_preview_tcolor2_T1\"><div class=\"wprevpro_t1_rname wprevname\" >Feo<\/div><div class=\"wprev_showdate_T1 wprevdate\">1\/19\/2019<\/div> <\/div>\r\n\t\t\t\r\n\t\t<\/div>\r\n\t\t\r\n\t\t<\/div>\r\n\t<\/li><li>\t\t\t<div class=\"wprevpro_t1_outer_div w3_wprs-row wprevprodiv\">\r\n\t\t\t\t\t<div class=\"wprevpro_t1_DIV_1 w3_wprs-col l12 outerrevdiv\">\r\n\t\t\t<div class=\"indrevdiv wprevpro_t1_DIV_2 wprev_preview_bg1_T1 wprev_preview_bradius_T1\">\r\n\t\t\t\t<div class=\"indrevtxt wprevpro_t1_P_3 wprev_preview_tcolor1_T1\"><div class='readmoretextdiv indrevlineclamp' data-lines='3' data-revid='59'>\t\t\t\t\t<span class=\"wprevpro_star_imgs_T1\"><span class=\"starloc1 wprevpro_star_imgs wprevpro_star_imgsloc1\"><span class=\"svgicons svg-wprsp-star\"><\/span><span class=\"svgicons svg-wprsp-star\"><\/span><span class=\"svgicons svg-wprsp-star\"><\/span><span class=\"svgicons svg-wprsp-star\"><\/span><span class=\"svgicons svg-wprsp-star\"><\/span><\/span><\/span>Apartamento perfecto. Cama grande. Hermosa ciudad con muchos restaurantes y bares a solo 5 minutos a pie.<\/div><div class='divwprsrdmore' style='opacity:0;'><span class='wprs_rd_more'>Lee mas<\/span><span class='wprs_rd_less' style='display:none;'>Leer menos<\/span><\/div>\t\t\t\t<\/div>\r\n\t\t\t\t\t\t\t\t\t\t\t\t\t\t\t\t<a href=\"https:\/\/www.airbnb.com\/rooms\/16732667\" target=\"_blank\" rel=\"nofollow noreferrer\" class=\"wprevpro_t1_site_logo_a\"><img decoding=\"async\" width=\"30\" height=\"32\" src=\"https:\/\/www.tribunj.biz\/wp-content\/plugins\/wp-review-slider-pro-premium\/public\/partials\/imgs\/airbnb_small_icon.svg?id=1\" alt=\"logo de airbnb\" class=\"wprevpro_t1_site_logo wprevsiteicon\"><\/a>\t\t\t<\/div><span class=\"wprevpro_t1_A_8\"><a href=\"https:\/\/www.airbnb.com\/users\/show\/154047112\" target=\"_blank\" rel=\"nofollow noreferrer\"><img decoding=\"async\" loading=\"lazy\" src=\"https:\/\/a0.muscache.com\/im\/pictures\/user\/07c1f378-cba0-4018-b73f-6e57d06e7c54.jpg?aki_policy=profile_x_medium\" alt=\"Yoann avatar\" class=\"wprevpro_t1_IMG_4 wprevpro_avatarimg\" \/><\/a><\/span> <div class=\"wprevpro_t1_SPAN_5 wprev_preview_tcolor2_T1\"><div class=\"wprevpro_t1_rname wprevname\" >Yoann<\/div><div class=\"wprev_showdate_T1 wprevdate\">7\/15\/2018<\/div> <\/div>\r\n\t\t\t\r\n\t\t<\/div>\r\n\t\t\r\n\t\t<\/div>\r\n\t<\/li><li>\t\t\t<div class=\"wprevpro_t1_outer_div w3_wprs-row wprevprodiv\">\r\n\t\t\t\t\t<div class=\"wprevpro_t1_DIV_1 w3_wprs-col l12 outerrevdiv\">\r\n\t\t\t<div class=\"indrevdiv wprevpro_t1_DIV_2 wprev_preview_bg1_T1 wprev_preview_bradius_T1\">\r\n\t\t\t\t<div class=\"indrevtxt wprevpro_t1_P_3 wprev_preview_tcolor1_T1\"><div class='readmoretextdiv indrevlineclamp' data-lines='3' data-revid='186'>\t\t\t\t\t<span class=\"wprevpro_star_imgs_T1\"><span class=\"starloc1 wprevpro_star_imgs wprevpro_star_imgsloc1\"><span class=\"svgicons svg-wprsp-star\"><\/span><span class=\"svgicons svg-wprsp-star\"><\/span><span class=\"svgicons svg-wprsp-star\"><\/span><span class=\"svgicons svg-wprsp-star\"><\/span><span class=\"svgicons svg-wprsp-star\"><\/span><\/span><\/span>Conforme a la descripci\u00f3n, magn\u00edfica vista al puerto, tr\u00e8s bon s\u00e9jour<\/div><div class='divwprsrdmore' style='opacity:0;'><span class='wprs_rd_more'>Lee mas<\/span><span class='wprs_rd_less' style='display:none;'>Leer menos<\/span><\/div>\t\t\t\t<\/div>\r\n\t\t\t\t\t\t\t\t\t\t\t\t\t\t\t\t<a href=\"https:\/\/www.airbnb.com\/rooms\/16732667\" target=\"_blank\" rel=\"nofollow noreferrer\" class=\"wprevpro_t1_site_logo_a\"><img decoding=\"async\" width=\"30\" height=\"32\" src=\"https:\/\/www.tribunj.biz\/wp-content\/plugins\/wp-review-slider-pro-premium\/public\/partials\/imgs\/airbnb_small_icon.svg?id=1\" alt=\"logo de airbnb\" class=\"wprevpro_t1_site_logo wprevsiteicon\"><\/a>\t\t\t<\/div><span class=\"wprevpro_t1_A_8\"><a href=\"https:\/\/www.airbnb.com\/users\/show\/260789344\" target=\"_blank\" rel=\"nofollow noreferrer\"><img decoding=\"async\" loading=\"lazy\" src=\"https:\/\/a0.muscache.com\/im\/pictures\/user\/1967a736-3399-4dbb-ad42-8981dc9a0588.jpg?aki_policy=profile_x_medium\" alt=\"Avatar de Margaux\" class=\"wprevpro_t1_IMG_4 wprevpro_avatarimg\" \/><\/a><\/span> <div class=\"wprevpro_t1_SPAN_5 wprev_preview_tcolor2_T1\"><div class=\"wprevpro_t1_rname wprevname\" >Margaux<\/div><div class=\"wprev_showdate_T1 wprevdate\">7\/13\/2019<\/div> <\/div>\r\n\t\t\t\r\n\t\t<\/div>\r\n\t\t\r\n\t\t<\/div>\r\n\t<\/li><li>\t\t\t<div class=\"wprevpro_t1_outer_div w3_wprs-row wprevprodiv\">\r\n\t\t\t\t\t<div class=\"wprevpro_t1_DIV_1 w3_wprs-col l12 outerrevdiv\">\r\n\t\t\t<div class=\"indrevdiv wprevpro_t1_DIV_2 wprev_preview_bg1_T1 wprev_preview_bradius_T1\">\r\n\t\t\t\t<div class=\"indrevtxt wprevpro_t1_P_3 wprev_preview_tcolor1_T1\"><div class='readmoretextdiv indrevlineclamp' data-lines='3' data-revid='172'>\t\t\t\t\t<span class=\"wprevpro_star_imgs_T1\"><span class=\"starloc1 wprevpro_star_imgs wprevpro_star_imgsloc1\"><span class=\"svgicons svg-wprsp-star\"><\/span><span class=\"svgicons svg-wprsp-star\"><\/span><span class=\"svgicons svg-wprsp-star\"><\/span><span class=\"svgicons svg-wprsp-star\"><\/span><span class=\"svgicons svg-wprsp-star\"><\/span><\/span><\/span>\u00a1Todo fue perfecto! Est\u00e1 impecablemente limpio y Tribunj es el pueblo m\u00e1s bonito de la zona. La vista es incre\u00edble y los anfitriones fueron muy serviciales y siempre estuvieron disponibles cuando necesitaba algo. \u00a1La cama tambi\u00e9n era s\u00faper c\u00f3moda! Fue una estancia estupenda; sin duda, lo recomendar\u00eda y volver\u00e9 cuando est\u00e9 por la zona.<\/div><div class='divwprsrdmore' style='opacity:0;'><span class='wprs_rd_more'>Lee mas<\/span><span class='wprs_rd_less' style='display:none;'>Leer menos<\/span><\/div>\t\t\t\t<\/div>\r\n\t\t\t\t\t\t\t\t\t\t\t\t\t\t\t\t<a href=\"https:\/\/www.airbnb.com\/rooms\/16732667\" target=\"_blank\" rel=\"nofollow noreferrer\" class=\"wprevpro_t1_site_logo_a\"><img decoding=\"async\" width=\"30\" height=\"32\" src=\"https:\/\/www.tribunj.biz\/wp-content\/plugins\/wp-review-slider-pro-premium\/public\/partials\/imgs\/airbnb_small_icon.svg?id=1\" alt=\"logo de airbnb\" class=\"wprevpro_t1_site_logo wprevsiteicon\"><\/a>\t\t\t<\/div><span class=\"wprevpro_t1_A_8\"><a href=\"https:\/\/www.airbnb.com\/users\/show\/11254856\" target=\"_blank\" rel=\"nofollow noreferrer\"><img decoding=\"async\" loading=\"lazy\" src=\"https:\/\/a0.muscache.com\/im\/pictures\/user\/c0dedcc8-b5b8-4365-979c-a43cad4caa02.jpg?aki_policy=profile_x_medium\" alt=\"Stefanie Avatar\" class=\"wprevpro_t1_IMG_4 wprevpro_avatarimg\" \/><\/a><\/span> <div class=\"wprevpro_t1_SPAN_5 wprev_preview_tcolor2_T1\"><div class=\"wprevpro_t1_rname wprevname\" >Stefanie<\/div><div class=\"wprev_showdate_T1 wprevdate\">5\/29\/2019<\/div> <\/div>\r\n\t\t\t\r\n\t\t<\/div>\r\n\t\t\r\n\t\t<\/div>\r\n\t<\/li><li>\t\t\t<div class=\"wprevpro_t1_outer_div w3_wprs-row wprevprodiv\">\r\n\t\t\t\t\t<div class=\"wprevpro_t1_DIV_1 w3_wprs-col l12 outerrevdiv\">\r\n\t\t\t<div class=\"indrevdiv wprevpro_t1_DIV_2 wprev_preview_bg1_T1 wprev_preview_bradius_T1\">\r\n\t\t\t\t<div class=\"indrevtxt wprevpro_t1_P_3 wprev_preview_tcolor1_T1\"><div class='readmoretextdiv indrevlineclamp' data-lines='3' data-revid='33'>\t\t\t\t\t<span class=\"wprevpro_star_imgs_T1\"><span class=\"starloc1 wprevpro_star_imgs wprevpro_star_imgsloc1\"><span class=\"svgicons svg-wprsp-star\"><\/span><span class=\"svgicons svg-wprsp-star\"><\/span><span class=\"svgicons svg-wprsp-star\"><\/span><span class=\"svgicons svg-wprsp-star\"><\/span><span class=\"svgicons svg-wprsp-star\"><\/span><\/span><\/span>Este es un excelente apartamento con todo lo que necesita en una excelente ubicaci\u00f3n cerca del mar en una parte encantadora de la ciudad. Ante y su familia fueron unos anfitriones fant\u00e1sticos y muy atentos.<\/div><div class='divwprsrdmore' style='opacity:0;'><span class='wprs_rd_more'>Lee mas<\/span><span class='wprs_rd_less' style='display:none;'>Leer menos<\/span><\/div>\t\t\t\t<\/div>\r\n\t\t\t\t\t\t\t\t\t\t\t\t\t\t\t\t<a href=\"https:\/\/www.airbnb.com\/rooms\/8825408\" target=\"_blank\" rel=\"nofollow noreferrer\" class=\"wprevpro_t1_site_logo_a\"><img decoding=\"async\" width=\"30\" height=\"32\" src=\"https:\/\/www.tribunj.biz\/wp-content\/plugins\/wp-review-slider-pro-premium\/public\/partials\/imgs\/airbnb_small_icon.svg?id=1\" alt=\"logo de airbnb\" class=\"wprevpro_t1_site_logo wprevsiteicon\"><\/a>\t\t\t<\/div><span class=\"wprevpro_t1_A_8\"><a href=\"https:\/\/www.airbnb.com\/users\/show\/54688928\" target=\"_blank\" rel=\"nofollow noreferrer\"><img decoding=\"async\" loading=\"lazy\" src=\"https:\/\/a0.muscache.com\/im\/pictures\/74e6bf60-2f1a-4989-b43c-5671d1552a0c.jpg?aki_policy=profile_x_medium\" alt=\"Donna y paul avatar\" class=\"wprevpro_t1_IMG_4 wprevpro_avatarimg\" \/><\/a><\/span> <div class=\"wprevpro_t1_SPAN_5 wprev_preview_tcolor2_T1\"><div class=\"wprevpro_t1_rname wprevname\" >Donna y paul<\/div><div class=\"wprev_showdate_T1 wprevdate\">9\/26\/2018<\/div> <\/div>\r\n\t\t\t\r\n\t\t<\/div>\r\n\t\t\r\n\t\t<\/div>\r\n\t<\/li><li>\t\t\t<div class=\"wprevpro_t1_outer_div w3_wprs-row wprevprodiv\">\r\n\t\t\t\t\t<div class=\"wprevpro_t1_DIV_1 w3_wprs-col l12 outerrevdiv\">\r\n\t\t\t<div class=\"indrevdiv wprevpro_t1_DIV_2 wprev_preview_bg1_T1 wprev_preview_bradius_T1\">\r\n\t\t\t\t<div class=\"indrevtxt wprevpro_t1_P_3 wprev_preview_tcolor1_T1\"><div class='readmoretextdiv indrevlineclamp' data-lines='3' data-revid='64'>\t\t\t\t\t<span class=\"wprevpro_star_imgs_T1\"><span class=\"starloc1 wprevpro_star_imgs wprevpro_star_imgsloc1\"><span class=\"svgicons svg-wprsp-star\"><\/span><span class=\"svgicons svg-wprsp-star\"><\/span><span class=\"svgicons svg-wprsp-star\"><\/span><span class=\"svgicons svg-wprsp-star\"><\/span><span class=\"svgicons svg-wprsp-star\"><\/span><\/span><\/span>Gran habitaci\u00f3n, bonitas vistas y cerca de algunos buenos restaurantes.<\/div><div class='divwprsrdmore' style='opacity:0;'><span class='wprs_rd_more'>Lee mas<\/span><span class='wprs_rd_less' style='display:none;'>Leer menos<\/span><\/div>\t\t\t\t<\/div>\r\n\t\t\t\t\t\t\t\t\t\t\t\t\t\t\t\t<a href=\"https:\/\/www.airbnb.com\/rooms\/16732667\" target=\"_blank\" rel=\"nofollow noreferrer\" class=\"wprevpro_t1_site_logo_a\"><img decoding=\"async\" width=\"30\" height=\"32\" src=\"https:\/\/www.tribunj.biz\/wp-content\/plugins\/wp-review-slider-pro-premium\/public\/partials\/imgs\/airbnb_small_icon.svg?id=1\" alt=\"logo de airbnb\" class=\"wprevpro_t1_site_logo wprevsiteicon\"><\/a>\t\t\t<\/div><span class=\"wprevpro_t1_A_8\"><a href=\"https:\/\/www.airbnb.com\/users\/show\/122235255\" target=\"_blank\" rel=\"nofollow noreferrer\"><img decoding=\"async\" loading=\"lazy\" src=\"https:\/\/a0.muscache.com\/im\/pictures\/e2e1f3a2-732c-4c54-bf0a-dd03a2397a40.jpg?aki_policy=profile_x_medium\" alt=\"Avatar de timor\" class=\"wprevpro_t1_IMG_4 wprevpro_avatarimg\" \/><\/a><\/span> <div class=\"wprevpro_t1_SPAN_5 wprev_preview_tcolor2_T1\"><div class=\"wprevpro_t1_rname wprevname\" >Timor<\/div><div class=\"wprev_showdate_T1 wprevdate\">7\/23\/2017<\/div> <\/div>\r\n\t\t\t\r\n\t\t<\/div>\r\n\t\t\r\n\t\t<\/div>\r\n\t<\/li><li>\t\t\t<div class=\"wprevpro_t1_outer_div w3_wprs-row wprevprodiv\">\r\n\t\t\t\t\t<div class=\"wprevpro_t1_DIV_1 w3_wprs-col l12 outerrevdiv\">\r\n\t\t\t<div class=\"indrevdiv wprevpro_t1_DIV_2 wprev_preview_bg1_T1 wprev_preview_bradius_T1\">\r\n\t\t\t\t<div class=\"indrevtxt wprevpro_t1_P_3 wprev_preview_tcolor1_T1\"><div class='readmoretextdiv indrevlineclamp' data-lines='3' data-revid='54'>\t\t\t\t\t<span class=\"wprevpro_star_imgs_T1\"><span class=\"starloc1 wprevpro_star_imgs wprevpro_star_imgsloc1\"><span class=\"svgicons svg-wprsp-star\"><\/span><span class=\"svgicons svg-wprsp-star\"><\/span><span class=\"svgicons svg-wprsp-star\"><\/span><span class=\"svgicons svg-wprsp-star\"><\/span><span class=\"svgicons svg-wprsp-star\"><\/span><\/span><\/span>\u00a1Todo funcion\u00f3 perfectamente! \u00a1Muchas gracias!<\/div><div class='divwprsrdmore' style='opacity:0;'><span class='wprs_rd_more'>Lee mas<\/span><span class='wprs_rd_less' style='display:none;'>Leer menos<\/span><\/div>\t\t\t\t<\/div>\r\n\t\t\t\t\t\t\t\t\t\t\t\t\t\t\t\t<a href=\"https:\/\/www.airbnb.com\/rooms\/16732667\" target=\"_blank\" rel=\"nofollow noreferrer\" class=\"wprevpro_t1_site_logo_a\"><img decoding=\"async\" width=\"30\" height=\"32\" src=\"https:\/\/www.tribunj.biz\/wp-content\/plugins\/wp-review-slider-pro-premium\/public\/partials\/imgs\/airbnb_small_icon.svg?id=1\" alt=\"logo de airbnb\" class=\"wprevpro_t1_site_logo wprevsiteicon\"><\/a>\t\t\t<\/div><span class=\"wprevpro_t1_A_8\"><a href=\"https:\/\/www.airbnb.com\/users\/show\/138939985\" target=\"_blank\" rel=\"nofollow noreferrer\"><img decoding=\"async\" loading=\"lazy\" src=\"https:\/\/a0.muscache.com\/im\/pictures\/c5b78157-4ad3-4a79-910d-c4acf43d8160.jpg?aki_policy=profile_x_medium\" alt=\"Avatar de maximilian\" class=\"wprevpro_t1_IMG_4 wprevpro_avatarimg\" \/><\/a><\/span> <div class=\"wprevpro_t1_SPAN_5 wprev_preview_tcolor2_T1\"><div class=\"wprevpro_t1_rname wprevname\" >Maximiliano<\/div><div class=\"wprev_showdate_T1 wprevdate\">8\/06\/2018<\/div> <\/div>\r\n\t\t\t\r\n\t\t<\/div>\r\n\t\t\r\n\t\t<\/div>\r\n\t<\/li><li>\t\t\t<div class=\"wprevpro_t1_outer_div w3_wprs-row wprevprodiv\">\r\n\t\t\t\t\t<div class=\"wprevpro_t1_DIV_1 w3_wprs-col l12 outerrevdiv\">\r\n\t\t\t<div class=\"indrevdiv wprevpro_t1_DIV_2 wprev_preview_bg1_T1 wprev_preview_bradius_T1\">\r\n\t\t\t\t<div class=\"indrevtxt wprevpro_t1_P_3 wprev_preview_tcolor1_T1\"><div class='readmoretextdiv indrevlineclamp' data-lines='3' data-revid='52'>\t\t\t\t\t<span class=\"wprevpro_star_imgs_T1\"><span class=\"starloc1 wprevpro_star_imgs wprevpro_star_imgsloc1\"><span class=\"svgicons svg-wprsp-star\"><\/span><span class=\"svgicons svg-wprsp-star\"><\/span><span class=\"svgicons svg-wprsp-star\"><\/span><span class=\"svgicons svg-wprsp-star\"><\/span><span class=\"svgicons svg-wprsp-star\"><\/span><\/span><\/span>Realmente disfrut\u00e9 de nuestra estancia en el lugar de Ante. Todo estaba muy limpio, y la ubicaci\u00f3n es excelente. \u00a1Muy recomendable!<\/div><div class='divwprsrdmore' style='opacity:0;'><span class='wprs_rd_more'>Lee mas<\/span><span class='wprs_rd_less' style='display:none;'>Leer menos<\/span><\/div>\t\t\t\t<\/div>\r\n\t\t\t\t\t\t\t\t\t\t\t\t\t\t\t\t<a href=\"https:\/\/www.airbnb.com\/rooms\/16732667\" target=\"_blank\" rel=\"nofollow noreferrer\" class=\"wprevpro_t1_site_logo_a\"><img decoding=\"async\" width=\"30\" height=\"32\" src=\"https:\/\/www.tribunj.biz\/wp-content\/plugins\/wp-review-slider-pro-premium\/public\/partials\/imgs\/airbnb_small_icon.svg?id=1\" alt=\"logo de airbnb\" class=\"wprevpro_t1_site_logo wprevsiteicon\"><\/a>\t\t\t<\/div><span class=\"wprevpro_t1_A_8\"><a href=\"https:\/\/www.airbnb.com\/users\/show\/64060209\" target=\"_blank\" rel=\"nofollow noreferrer\"><img decoding=\"async\" loading=\"lazy\" src=\"https:\/\/a0.muscache.com\/im\/pictures\/d1b67912-ba26-4aa8-8127-c559bdf26c23.jpg?aki_policy=profile_x_medium\" alt=\"P. avatar\" class=\"wprevpro_t1_IMG_4 wprevpro_avatarimg\" \/><\/a><\/span> <div class=\"wprevpro_t1_SPAN_5 wprev_preview_tcolor2_T1\"><div class=\"wprevpro_t1_rname wprevname\" >pag.<\/div><div class=\"wprev_showdate_T1 wprevdate\">8\/09\/2018<\/div> <\/div>\r\n\t\t\t\r\n\t\t<\/div>\r\n\t\t\r\n\t\t<\/div>\r\n\t<\/li><li>\t\t\t<div class=\"wprevpro_t1_outer_div w3_wprs-row wprevprodiv\">\r\n\t\t\t\t\t<div class=\"wprevpro_t1_DIV_1 w3_wprs-col l12 outerrevdiv\">\r\n\t\t\t<div class=\"indrevdiv wprevpro_t1_DIV_2 wprev_preview_bg1_T1 wprev_preview_bradius_T1\">\r\n\t\t\t\t<div class=\"indrevtxt wprevpro_t1_P_3 wprev_preview_tcolor1_T1\"><div class='readmoretextdiv indrevlineclamp' data-lines='3' data-revid='214'>\t\t\t\t\t<span class=\"wprevpro_star_imgs_T1\"><span class=\"starloc1 wprevpro_star_imgs wprevpro_star_imgsloc1\"><span class=\"svgicons svg-wprsp-star\"><\/span><span class=\"svgicons svg-wprsp-star\"><\/span><span class=\"svgicons svg-wprsp-star\"><\/span><span class=\"svgicons svg-wprsp-star\"><\/span><span class=\"svgicons svg-wprsp-star\"><\/span><\/span><\/span>Gente agradable<\/div><div class='divwprsrdmore' style='opacity:0;'><span class='wprs_rd_more'>Lee mas<\/span><span class='wprs_rd_less' style='display:none;'>Leer menos<\/span><\/div>\t\t\t\t<\/div>\r\n\t\t\t\t\t\t\t\t\t\t\t\t\t\t\t\t<a href=\"https:\/\/www.airbnb.com\/rooms\/16732667\" target=\"_blank\" rel=\"nofollow noreferrer\" class=\"wprevpro_t1_site_logo_a\"><img decoding=\"async\" width=\"30\" height=\"32\" src=\"https:\/\/www.tribunj.biz\/wp-content\/plugins\/wp-review-slider-pro-premium\/public\/partials\/imgs\/airbnb_small_icon.svg?id=1\" alt=\"logo de airbnb\" class=\"wprevpro_t1_site_logo wprevsiteicon\"><\/a>\t\t\t<\/div><span class=\"wprevpro_t1_A_8\"><a href=\"https:\/\/www.airbnb.com\/users\/show\/20516004\" target=\"_blank\" rel=\"nofollow noreferrer\"><img decoding=\"async\" loading=\"lazy\" src=\"https:\/\/a0.muscache.com\/im\/users\/20516004\/profile_pic\/1440834674\/original.jpg?aki_policy=profile_x_medium\" alt=\"Florian Avatar\" class=\"wprevpro_t1_IMG_4 wprevpro_avatarimg\" \/><\/a><\/span> <div class=\"wprevpro_t1_SPAN_5 wprev_preview_tcolor2_T1\"><div class=\"wprevpro_t1_rname wprevname\" >Flori\u00e1n<\/div><div class=\"wprev_showdate_T1 wprevdate\">10\/07\/2021<\/div> <\/div>\r\n\t\t\t\r\n\t\t<\/div>\r\n\t\t\r\n\t\t<\/div>\r\n\t<\/li><li>\t\t\t<div class=\"wprevpro_t1_outer_div w3_wprs-row wprevprodiv\">\r\n\t\t\t\t\t<div class=\"wprevpro_t1_DIV_1 w3_wprs-col l12 outerrevdiv\">\r\n\t\t\t<div class=\"indrevdiv wprevpro_t1_DIV_2 wprev_preview_bg1_T1 wprev_preview_bradius_T1\">\r\n\t\t\t\t<div class=\"indrevtxt wprevpro_t1_P_3 wprev_preview_tcolor1_T1\"><div class='readmoretextdiv indrevlineclamp' data-lines='3' data-revid='98'>\t\t\t\t\t<span class=\"wprevpro_star_imgs_T1\"><span class=\"starloc1 wprevpro_star_imgs wprevpro_star_imgsloc1\"><span class=\"svgicons svg-wprsp-star\"><\/span><span class=\"svgicons svg-wprsp-star\"><\/span><span class=\"svgicons svg-wprsp-star\"><\/span><span class=\"svgicons svg-wprsp-star\"><\/span><span class=\"svgicons svg-wprsp-star\"><\/span><\/span><\/span><\/div><div class='divwprsrdmore' style='opacity:0;'><span class='wprs_rd_more'>Lee mas<\/span><span class='wprs_rd_less' style='display:none;'>Leer menos<\/span><\/div>\t\t\t\t<\/div>\r\n\t\t\t\t\t\t\t\t\t\t\t\t\t\t\t\t<a href=\"https:\/\/www.facebook.com\/pg\/451509874913315\/reviews\/\" target=\"_blank\" rel=\"nofollow noreferrer\" class=\"wprevpro_t1_site_logo_a\"><img decoding=\"async\" width=\"32\" height=\"32\" src=\"https:\/\/www.tribunj.biz\/wp-content\/plugins\/wp-review-slider-pro-premium\/public\/partials\/imgs\/facebook_small_icon.svg\" alt=\"Logo de Facebook\" class=\"wprevpro_t1_site_logo wprevsiteicon\"><\/a>\t\t\t<\/div><span class=\"wprevpro_t1_A_8\"><a href=\"https:\/\/www.facebook.com\/search\/top\/?q=Elisabeta+N.\" target=\"_blank\" rel=\"nofollow noreferrer\"><img decoding=\"async\" loading=\"lazy\" src=\"https:\/\/platform-lookaside.fbsbx.com\/platform\/profilepic\/?psid=2114293775272726&height=100&width=100&ext=1549327163&hash=AeQ9pJome-c-b8MF\" alt=\"Elisabeta N. Avatar\" class=\"wprevpro_t1_IMG_4 wprevpro_avatarimg\" \/><\/a><\/span> <div class=\"wprevpro_t1_SPAN_5 wprev_preview_tcolor2_T1\"><div class=\"wprevpro_t1_rname wprevname\" >Elisabeta N.<\/div><div class=\"wprev_showdate_T1 wprevdate\">5\/18\/2017<\/div> <\/div>\r\n\t\t\t\r\n\t\t<\/div>\r\n\t\t\r\n\t\t<\/div>\r\n\t<\/li><li>\t\t\t<div class=\"wprevpro_t1_outer_div w3_wprs-row wprevprodiv\">\r\n\t\t\t\t\t<div class=\"wprevpro_t1_DIV_1 w3_wprs-col l12 outerrevdiv\">\r\n\t\t\t<div class=\"indrevdiv wprevpro_t1_DIV_2 wprev_preview_bg1_T1 wprev_preview_bradius_T1\">\r\n\t\t\t\t<div class=\"indrevtxt wprevpro_t1_P_3 wprev_preview_tcolor1_T1\"><div class='readmoretextdiv indrevlineclamp' data-lines='3' data-revid='140'>\t\t\t\t\t<span class=\"wprevpro_star_imgs_T1\"><span class=\"starloc1 wprevpro_star_imgs wprevpro_star_imgsloc1\"><span class=\"svgicons svg-wprsp-star\"><\/span><span class=\"svgicons svg-wprsp-star\"><\/span><span class=\"svgicons svg-wprsp-star\"><\/span><span class=\"svgicons svg-wprsp-star\"><\/span><span class=\"svgicons svg-wprsp-star\"><\/span><\/span><\/span>Si est\u00e1 buscando un lugar con una excelente vista, cerca del casco antiguo y la playa, un anfitri\u00f3n muy amable, visite Ante House.<\/div><div class='divwprsrdmore' style='opacity:0;'><span class='wprs_rd_more'>Lee mas<\/span><span class='wprs_rd_less' style='display:none;'>Leer menos<\/span><\/div>\t\t\t\t<\/div>\r\n\t\t\t\t\t\t\t\t\t\t\t\t\t\t\t\t<a href=\"https:\/\/www.airbnb.com\/rooms\/16732667\" target=\"_blank\" rel=\"nofollow noreferrer\" class=\"wprevpro_t1_site_logo_a\"><img decoding=\"async\" width=\"30\" height=\"32\" src=\"https:\/\/www.tribunj.biz\/wp-content\/plugins\/wp-review-slider-pro-premium\/public\/partials\/imgs\/airbnb_small_icon.svg?id=1\" alt=\"logo de airbnb\" class=\"wprevpro_t1_site_logo wprevsiteicon\"><\/a>\t\t\t<\/div><span class=\"wprevpro_t1_A_8\"><a href=\"https:\/\/www.airbnb.com\/users\/show\/48156659\" target=\"_blank\" rel=\"nofollow noreferrer\"><img decoding=\"async\" loading=\"lazy\" src=\"https:\/\/a0.muscache.com\/im\/pictures\/user\/c109011d-857e-4ea0-8efe-36b3ca83cb50.jpg?aki_policy=profile_x_medium\" alt=\"Avatar de Agnieszka\" class=\"wprevpro_t1_IMG_4 wprevpro_avatarimg\" \/><\/a><\/span> <div class=\"wprevpro_t1_SPAN_5 wprev_preview_tcolor2_T1\"><div class=\"wprevpro_t1_rname wprevname\" >Agnieszka<\/div><div class=\"wprev_showdate_T1 wprevdate\">9\/23\/2020<\/div> <\/div>\r\n\t\t\t\r\n\t\t<\/div>\r\n\t\t\r\n\t\t<\/div>\r\n\t<\/li><li>\t\t\t<div class=\"wprevpro_t1_outer_div w3_wprs-row wprevprodiv\">\r\n\t\t\t\t\t<div class=\"wprevpro_t1_DIV_1 w3_wprs-col l12 outerrevdiv\">\r\n\t\t\t<div class=\"indrevdiv wprevpro_t1_DIV_2 wprev_preview_bg1_T1 wprev_preview_bradius_T1\">\r\n\t\t\t\t<div class=\"indrevtxt wprevpro_t1_P_3 wprev_preview_tcolor1_T1\"><div class='readmoretextdiv indrevlineclamp' data-lines='3' data-revid='526'>\t\t\t\t\t<span class=\"wprevpro_star_imgs_T1\"><span class=\"starloc1 wprevpro_star_imgs wprevpro_star_imgsloc1\"><span class=\"svgicons svg-wprsp-star\"><\/span><span class=\"svgicons svg-wprsp-star\"><\/span><span class=\"svgicons svg-wprsp-star\"><\/span><span class=\"svgicons svg-wprsp-star\"><\/span><span class=\"svgicons svg-wprsp-star\"><\/span><\/span><\/span>Nous avons \u00e9t\u00e9 tr\u00e8s bien re\u00e7u par nos h\u00f4tes. Parfait ingl\u00e9s para comunicado. <br>\n\u00a1Le petit vin local d&#039;accueil est le bienvenu! <br>\n\u00a1L&#039;appartement est bien situado, tr\u00e8s propre et bien \u00e9quip\u00e9! Nous avons pass\u00e9 un bon s\u00e9jour. merci<\/div><div class='divwprsrdmore' style='opacity:0;'><span class='wprs_rd_more'>Lee mas<\/span><span class='wprs_rd_less' style='display:none;'>Leer menos<\/span><\/div>\t\t\t\t<\/div>\r\n\t\t\t\t\t\t\t\t\t\t\t\t\t\t\t\t<a href=\"https:\/\/www.airbnb.com\/rooms\/8837098\" target=\"_blank\" rel=\"nofollow noreferrer\" class=\"wprevpro_t1_site_logo_a\"><img decoding=\"async\" width=\"30\" height=\"32\" src=\"https:\/\/www.tribunj.biz\/wp-content\/plugins\/wp-review-slider-pro-premium\/public\/partials\/imgs\/airbnb_small_icon.svg?id=1\" alt=\"logo de airbnb\" class=\"wprevpro_t1_site_logo wprevsiteicon\"><\/a>\t\t\t<\/div><span class=\"wprevpro_t1_A_8\"><a href=\"https:\/\/www.airbnb.com\/users\/show\/\" target=\"_blank\" rel=\"nofollow noreferrer\"><img decoding=\"async\" loading=\"lazy\" src=\"https:\/\/a0.muscache.com\/im\/pictures\/user\/User-278288539\/original\/c4042764-1efe-4d5b-8be4-39b2a18d7df3.jpeg?aki_policy=profile_x_medium\" alt=\"Daniel Avatar\" class=\"wprevpro_t1_IMG_4 wprevpro_avatarimg\" \/><\/a><\/span> <div class=\"wprevpro_t1_SPAN_5 wprev_preview_tcolor2_T1\"><div class=\"wprevpro_t1_rname wprevname\" >Daniel<\/div><div class=\"wprev_showdate_T1 wprevdate\">5\/31\/2024<\/div> <\/div>\r\n\t\t\t\r\n\t\t<\/div>\r\n\t\t\r\n\t\t<\/div>\r\n\t<\/li><li>\t\t\t<div class=\"wprevpro_t1_outer_div w3_wprs-row wprevprodiv\">\r\n\t\t\t\t\t<div class=\"wprevpro_t1_DIV_1 w3_wprs-col l12 outerrevdiv\">\r\n\t\t\t<div class=\"indrevdiv wprevpro_t1_DIV_2 wprev_preview_bg1_T1 wprev_preview_bradius_T1\">\r\n\t\t\t\t<div class=\"indrevtxt wprevpro_t1_P_3 wprev_preview_tcolor1_T1\"><div class='readmoretextdiv indrevlineclamp' data-lines='3' data-revid='155'>\t\t\t\t\t<span class=\"wprevpro_star_imgs_T1\"><span class=\"starloc1 wprevpro_star_imgs wprevpro_star_imgsloc1\"><span class=\"svgicons svg-wprsp-star\"><\/span><span class=\"svgicons svg-wprsp-star\"><\/span><span class=\"svgicons svg-wprsp-star\"><\/span><span class=\"svgicons svg-wprsp-star\"><\/span><span class=\"svgicons svg-wprsp-star-o\"><\/span><\/span><\/span>Tuvimos una estancia encantadora en Antes. Es el lugar perfecto para una escapada a un peque\u00f1o pueblo croata. <br>\nUsamos su parrilla para una cena encantadora y disfrutamos de poder usar dos bicicletas para explorar. <br>\nMuy recomendable.<\/div><div class='divwprsrdmore' style='opacity:0;'><span class='wprs_rd_more'>Lee mas<\/span><span class='wprs_rd_less' style='display:none;'>Leer menos<\/span><\/div>\t\t\t\t<\/div>\r\n\t\t\t\t\t\t\t\t\t\t\t\t\t\t\t\t<a href=\"https:\/\/www.airbnb.com\/rooms\/16732667\" target=\"_blank\" rel=\"nofollow noreferrer\" class=\"wprevpro_t1_site_logo_a\"><img decoding=\"async\" width=\"30\" height=\"32\" src=\"https:\/\/www.tribunj.biz\/wp-content\/plugins\/wp-review-slider-pro-premium\/public\/partials\/imgs\/airbnb_small_icon.svg?id=1\" alt=\"logo de airbnb\" class=\"wprevpro_t1_site_logo wprevsiteicon\"><\/a>\t\t\t<\/div><span class=\"wprevpro_t1_A_8\"><a href=\"https:\/\/www.airbnb.com\/users\/show\/20918151\" target=\"_blank\" rel=\"nofollow noreferrer\"><img decoding=\"async\" loading=\"lazy\" src=\"https:\/\/a0.muscache.com\/im\/pictures\/user\/64884a44-a999-4c82-8c00-bc494d5317d0.jpg?aki_policy=profile_x_medium\" alt=\"\u00bfSer\u00e1 Avatar?\" class=\"wprevpro_t1_IMG_4 wprevpro_avatarimg\" \/><\/a><\/span> <div class=\"wprevpro_t1_SPAN_5 wprev_preview_tcolor2_T1\"><div class=\"wprevpro_t1_rname wprevname\" >Voluntad<\/div><div class=\"wprev_showdate_T1 wprevdate\">9\/20\/2019<\/div> <\/div>\r\n\t\t\t\r\n\t\t<\/div>\r\n\t\t\r\n\t\t<\/div>\r\n\t<\/li><li>\t\t\t<div class=\"wprevpro_t1_outer_div w3_wprs-row wprevprodiv\">\r\n\t\t\t\t\t<div class=\"wprevpro_t1_DIV_1 w3_wprs-col l12 outerrevdiv\">\r\n\t\t\t<div class=\"indrevdiv wprevpro_t1_DIV_2 wprev_preview_bg1_T1 wprev_preview_bradius_T1\">\r\n\t\t\t\t<div class=\"indrevtxt wprevpro_t1_P_3 wprev_preview_tcolor1_T1\"><div class='readmoretextdiv indrevlineclamp' data-lines='3' data-revid='105'>\t\t\t\t\t<span class=\"wprevpro_star_imgs_T1\"><span class=\"starloc1 wprevpro_star_imgs wprevpro_star_imgsloc1\"><span class=\"svgicons svg-wprsp-star\"><\/span><span class=\"svgicons svg-wprsp-star\"><\/span><span class=\"svgicons svg-wprsp-star\"><\/span><span class=\"svgicons svg-wprsp-star\"><\/span><span class=\"svgicons svg-wprsp-star\"><\/span><\/span><\/span>Tribunj ist Weltklasse. Traumhaftes St\u00e4dtchen.Str\u00e4nde sind nicht so voll.Essen und Eis meistens lecker.Sch\u00f6ner Hafen, gem\u00fctlich f\u00fcr Abendspazierg\u00e4nge.Nette Menschen<\/div><div class='divwprsrdmore' style='opacity:0;'><span class='wprs_rd_more'>Lee mas<\/span><span class='wprs_rd_less' style='display:none;'>Leer menos<\/span><\/div>\t\t\t\t<\/div>\r\n\t\t\t\t\t\t\t\t\t\t\t\t\t\t\t\t<a href=\"https:\/\/www.facebook.com\/pg\/451509874913315\/reviews\/\" target=\"_blank\" rel=\"nofollow noreferrer\" class=\"wprevpro_t1_site_logo_a\"><img decoding=\"async\" width=\"32\" height=\"32\" src=\"https:\/\/www.tribunj.biz\/wp-content\/plugins\/wp-review-slider-pro-premium\/public\/partials\/imgs\/facebook_small_icon.svg\" alt=\"Logo de Facebook\" class=\"wprevpro_t1_site_logo wprevsiteicon\"><\/a>\t\t\t<\/div><span class=\"wprevpro_t1_A_8\"><a href=\"https:\/\/www.facebook.com\/search\/top\/?q=Dagmar+K.\" target=\"_blank\" rel=\"nofollow noreferrer\"><img decoding=\"async\" loading=\"lazy\" src=\"https:\/\/platform-lookaside.fbsbx.com\/platform\/profilepic\/?psid=2121019127951152&height=100&width=100&ext=1549327169&hash=AeTuWn80nAiZ2E6S\" alt=\"Dagmar K. Avatar\" class=\"wprevpro_t1_IMG_4 wprevpro_avatarimg\" \/><\/a><\/span> <div class=\"wprevpro_t1_SPAN_5 wprev_preview_tcolor2_T1\"><div class=\"wprevpro_t1_rname wprevname\" >Dagmar K.<\/div><div class=\"wprev_showdate_T1 wprevdate\">8\/31\/2016<\/div> <\/div>\r\n\t\t\t\r\n\t\t<\/div>\r\n\t\t\r\n\t\t<\/div>\r\n\t<\/li><li>\t\t\t<div class=\"wprevpro_t1_outer_div w3_wprs-row wprevprodiv\">\r\n\t\t\t\t\t<div class=\"wprevpro_t1_DIV_1 w3_wprs-col l12 outerrevdiv\">\r\n\t\t\t<div class=\"indrevdiv wprevpro_t1_DIV_2 wprev_preview_bg1_T1 wprev_preview_bradius_T1\">\r\n\t\t\t\t<div class=\"indrevtxt wprevpro_t1_P_3 wprev_preview_tcolor1_T1\"><div class='readmoretextdiv indrevlineclamp' data-lines='3' data-revid='410'>\t\t\t\t\t<span class=\"wprevpro_star_imgs_T1\"><span class=\"starloc1 wprevpro_star_imgs wprevpro_star_imgsloc1\"><span class=\"svgicons svg-wprsp-star\"><\/span><span class=\"svgicons svg-wprsp-star\"><\/span><span class=\"svgicons svg-wprsp-star\"><\/span><span class=\"svgicons svg-wprsp-star\"><\/span><span class=\"svgicons svg-wprsp-star\"><\/span><\/span><\/span>Nagyon meg voltunk el\u00e9gedve a sz\u00e1ll\u00e1ssal. J\u00f3l felszerelt, tiszta, j\u00f3 a parkol\u00e1s, gy\u00f6ny\u00f6r\u0171 kil\u00e1t\u00e1s a kik\u00f6t\u0151re. Ha legk\u00f6zelebb erre j\u00e1runk is itt sz\u00e1llunk meg.<br>\nCsak aj\u00e1nlani tudjuk!<\/div><div class='divwprsrdmore' style='opacity:0;'><span class='wprs_rd_more'>Lee mas<\/span><span class='wprs_rd_less' style='display:none;'>Leer menos<\/span><\/div>\t\t\t\t<\/div>\r\n\t\t\t\t\t\t\t\t\t\t\t\t\t\t\t\t<a href=\"https:\/\/www.airbnb.com\/rooms\/8837098\" target=\"_blank\" rel=\"nofollow noreferrer\" class=\"wprevpro_t1_site_logo_a\"><img decoding=\"async\" width=\"30\" height=\"32\" src=\"https:\/\/www.tribunj.biz\/wp-content\/plugins\/wp-review-slider-pro-premium\/public\/partials\/imgs\/airbnb_small_icon.svg?id=1\" alt=\"logo de airbnb\" class=\"wprevpro_t1_site_logo wprevsiteicon\"><\/a>\t\t\t<\/div><span class=\"wprevpro_t1_A_8\"><a href=\"https:\/\/www.airbnb.com\/users\/show\/\" target=\"_blank\" rel=\"nofollow noreferrer\"><img decoding=\"async\" loading=\"lazy\" src=\"https:\/\/a0.muscache.com\/im\/pictures\/user\/3298770d-7357-415e-aa6e-71e41d67d32a.jpg?aki_policy=profile_x_medium\" alt=\"Avatar de Bal\u00e1z\" class=\"wprevpro_t1_IMG_4 wprevpro_avatarimg\" \/><\/a><\/span> <div class=\"wprevpro_t1_SPAN_5 wprev_preview_tcolor2_T1\"><div class=\"wprevpro_t1_rname wprevname\" >Bal\u00e1zs<\/div><div class=\"wprev_showdate_T1 wprevdate\">5\/21\/2023<\/div> <\/div>\r\n\t\t\t\r\n\t\t<\/div>\r\n\t\t\r\n\t\t<\/div>\r\n\t<\/li><li>\t\t\t<div class=\"wprevpro_t1_outer_div w3_wprs-row wprevprodiv\">\r\n\t\t\t\t\t<div class=\"wprevpro_t1_DIV_1 w3_wprs-col l12 outerrevdiv\">\r\n\t\t\t<div class=\"indrevdiv wprevpro_t1_DIV_2 wprev_preview_bg1_T1 wprev_preview_bradius_T1\">\r\n\t\t\t\t<div class=\"indrevtxt wprevpro_t1_P_3 wprev_preview_tcolor1_T1\"><div class='readmoretextdiv indrevlineclamp' data-lines='3' data-revid='199'>\t\t\t\t\t<span class=\"wprevpro_star_imgs_T1\"><span class=\"starloc1 wprevpro_star_imgs wprevpro_star_imgsloc1\"><span class=\"svgicons svg-wprsp-star\"><\/span><span class=\"svgicons svg-wprsp-star\"><\/span><span class=\"svgicons svg-wprsp-star\"><\/span><span class=\"svgicons svg-wprsp-star\"><\/span><span class=\"svgicons svg-wprsp-star\"><\/span><\/span><\/span>Ante e Ivana sind tolle und herzliche Gastgeber. <br>\nDie Aussicht des Zimmers auf den Hafen es una maravilla. Auch die Lichter der vorgelagerten Insel machen die Abende hier wundersch\u00f6n. <br>\nKlare Empfehlung!<br>\nGracias a euch und eure Familie<\/div><div class='divwprsrdmore' style='opacity:0;'><span class='wprs_rd_more'>Lee mas<\/span><span class='wprs_rd_less' style='display:none;'>Leer menos<\/span><\/div>\t\t\t\t<\/div>\r\n\t\t\t\t\t\t\t\t\t\t\t\t\t\t\t\t<a href=\"https:\/\/www.airbnb.com\/rooms\/8836313\" target=\"_blank\" rel=\"nofollow noreferrer\" class=\"wprevpro_t1_site_logo_a\"><img decoding=\"async\" width=\"30\" height=\"32\" src=\"https:\/\/www.tribunj.biz\/wp-content\/plugins\/wp-review-slider-pro-premium\/public\/partials\/imgs\/airbnb_small_icon.svg?id=1\" alt=\"logo de airbnb\" class=\"wprevpro_t1_site_logo wprevsiteicon\"><\/a>\t\t\t<\/div><span class=\"wprevpro_t1_A_8\"><a href=\"https:\/\/www.airbnb.com\/users\/show\/19249418\" target=\"_blank\" rel=\"nofollow noreferrer\"><img decoding=\"async\" loading=\"lazy\" src=\"https:\/\/a0.muscache.com\/im\/pictures\/user\/ba6c4a91-b1b4-43f8-ada6-f75624bb8373.jpg?aki_policy=profile_x_medium\" alt=\"Sebasti\u00e1n Avatar\" class=\"wprevpro_t1_IMG_4 wprevpro_avatarimg\" \/><\/a><\/span> <div class=\"wprevpro_t1_SPAN_5 wprev_preview_tcolor2_T1\"><div class=\"wprevpro_t1_rname wprevname\" >Sebasti\u00e1n<\/div><div class=\"wprev_showdate_T1 wprevdate\">8\/14\/2022<\/div> <\/div>\r\n\t\t\t\r\n\t\t<\/div>\r\n\t\t\r\n\t\t<\/div>\r\n\t<\/li><li>\t\t\t<div class=\"wprevpro_t1_outer_div w3_wprs-row wprevprodiv\">\r\n\t\t\t\t\t<div class=\"wprevpro_t1_DIV_1 w3_wprs-col l12 outerrevdiv\">\r\n\t\t\t<div class=\"indrevdiv wprevpro_t1_DIV_2 wprev_preview_bg1_T1 wprev_preview_bradius_T1\">\r\n\t\t\t\t<div class=\"indrevtxt wprevpro_t1_P_3 wprev_preview_tcolor1_T1\"><div class='readmoretextdiv indrevlineclamp' data-lines='3' data-revid='95'>\t\t\t\t\t<span class=\"wprevpro_star_imgs_T1\"><span class=\"starloc1 wprevpro_star_imgs wprevpro_star_imgsloc1\"><span class=\"svgicons svg-wprsp-star\"><\/span><span class=\"svgicons svg-wprsp-star\"><\/span><span class=\"svgicons svg-wprsp-star\"><\/span><span class=\"svgicons svg-wprsp-star\"><\/span><span class=\"svgicons svg-wprsp-star\"><\/span><\/span><\/span>Meine geliebte zweite Heimat ... sehr liebe Menschen, sch\u00f6nes St\u00e4dtchen, gutes Essen ... <3<\/div><div class='divwprsrdmore' style='opacity:0;'><span class='wprs_rd_more'>Lee mas<\/span><span class='wprs_rd_less' style='display:none;'>Leer menos<\/span><\/div>\t\t\t\t<\/div>\r\n\t\t\t\t\t\t\t\t\t\t\t\t\t\t\t\t<a href=\"https:\/\/www.facebook.com\/pg\/451509874913315\/reviews\/\" target=\"_blank\" rel=\"nofollow noreferrer\" class=\"wprevpro_t1_site_logo_a\"><img decoding=\"async\" width=\"32\" height=\"32\" src=\"https:\/\/www.tribunj.biz\/wp-content\/plugins\/wp-review-slider-pro-premium\/public\/partials\/imgs\/facebook_small_icon.svg\" alt=\"Logo de Facebook\" class=\"wprevpro_t1_site_logo wprevsiteicon\"><\/a>\t\t\t<\/div><span class=\"wprevpro_t1_A_8\"><a href=\"https:\/\/www.facebook.com\/search\/top\/?q=Mihaela+G.\" target=\"_blank\" rel=\"nofollow noreferrer\"><img decoding=\"async\" loading=\"lazy\" src=\"https:\/\/platform-lookaside.fbsbx.com\/platform\/profilepic\/?psid=1428494987226286&height=100&width=100&ext=1549327162&hash=AeS6S1Ydga2R1lnJ\" alt=\"Mihaela g. Avatar\" class=\"wprevpro_t1_IMG_4 wprevpro_avatarimg\" \/><\/a><\/span> <div class=\"wprevpro_t1_SPAN_5 wprev_preview_tcolor2_T1\"><div class=\"wprevpro_t1_rname wprevname\" >Mihaela g.<\/div><div class=\"wprev_showdate_T1 wprevdate\">9\/01\/2017<\/div> <\/div>\r\n\t\t\t\r\n\t\t<\/div>\r\n\t\t\r\n\t\t<\/div>\r\n\t<\/li><li>\t\t\t<div class=\"wprevpro_t1_outer_div w3_wprs-row wprevprodiv\">\r\n\t\t\t\t\t<div class=\"wprevpro_t1_DIV_1 w3_wprs-col l12 outerrevdiv\">\r\n\t\t\t<div class=\"indrevdiv wprevpro_t1_DIV_2 wprev_preview_bg1_T1 wprev_preview_bradius_T1\">\r\n\t\t\t\t<div class=\"indrevtxt wprevpro_t1_P_3 wprev_preview_tcolor1_T1\"><div class='readmoretextdiv indrevlineclamp' data-lines='3' data-revid='427'>\t\t\t\t\t<span class=\"wprevpro_star_imgs_T1\"><span class=\"starloc1 wprevpro_star_imgs wprevpro_star_imgsloc1\"><span class=\"svgicons svg-wprsp-star\"><\/span><span class=\"svgicons svg-wprsp-star\"><\/span><span class=\"svgicons svg-wprsp-star\"><\/span><span class=\"svgicons svg-wprsp-star\"><\/span><span class=\"svgicons svg-wprsp-star\"><\/span><\/span><\/span>Sehr gute Location mit einem wundersch\u00f6nen Ausblick vom Balkon auf den Yachthafen und Berge\ud83d\ude0d Alles ist zu Fu\u00df erreichbar\ud83d\udc4d mit gutem Gewissen empfehle ich das Apartment weiter\ud83d\udd25<\/div><div class='divwprsrdmore' style='opacity:0;'><span class='wprs_rd_more'>Lee mas<\/span><span class='wprs_rd_less' style='display:none;'>Leer menos<\/span><\/div>\t\t\t\t<\/div>\r\n\t\t\t\t\t\t\t\t\t\t\t\t\t\t\t\t<a href=\"https:\/\/www.airbnb.com\/rooms\/16732667\" target=\"_blank\" rel=\"nofollow noreferrer\" class=\"wprevpro_t1_site_logo_a\"><img decoding=\"async\" width=\"30\" height=\"32\" src=\"https:\/\/www.tribunj.biz\/wp-content\/plugins\/wp-review-slider-pro-premium\/public\/partials\/imgs\/airbnb_small_icon.svg?id=1\" alt=\"logo de airbnb\" class=\"wprevpro_t1_site_logo wprevsiteicon\"><\/a>\t\t\t<\/div><span class=\"wprevpro_t1_A_8\"><a href=\"https:\/\/www.airbnb.com\/users\/show\/\" target=\"_blank\" rel=\"nofollow noreferrer\"><img decoding=\"async\" loading=\"lazy\" src=\"https:\/\/a0.muscache.com\/im\/pictures\/user\/cbde7df3-6e0f-4009-8405-e55b5e6eb9f8.jpg?aki_policy=profile_x_medium\" alt=\"Anastasia Avatar\" class=\"wprevpro_t1_IMG_4 wprevpro_avatarimg\" \/><\/a><\/span> <div class=\"wprevpro_t1_SPAN_5 wprev_preview_tcolor2_T1\"><div class=\"wprevpro_t1_rname wprevname\" >Anastasia<\/div><div class=\"wprev_showdate_T1 wprevdate\">7\/06\/2023<\/div> <\/div>\r\n\t\t\t\r\n\t\t<\/div>\r\n\t\t\r\n\t\t<\/div>\r\n\t<\/li><li>\t\t\t<div class=\"wprevpro_t1_outer_div w3_wprs-row wprevprodiv\">\r\n\t\t\t\t\t<div class=\"wprevpro_t1_DIV_1 w3_wprs-col l12 outerrevdiv\">\r\n\t\t\t<div class=\"indrevdiv wprevpro_t1_DIV_2 wprev_preview_bg1_T1 wprev_preview_bradius_T1\">\r\n\t\t\t\t<div class=\"indrevtxt wprevpro_t1_P_3 wprev_preview_tcolor1_T1\"><div class='readmoretextdiv indrevlineclamp' data-lines='3' data-revid='151'>\t\t\t\t\t<span class=\"wprevpro_star_imgs_T1\"><span class=\"starloc1 wprevpro_star_imgs wprevpro_star_imgsloc1\"><span class=\"svgicons svg-wprsp-star\"><\/span><span class=\"svgicons svg-wprsp-star\"><\/span><span class=\"svgicons svg-wprsp-star\"><\/span><span class=\"svgicons svg-wprsp-star\"><\/span><span class=\"svgicons svg-wprsp-star-o\"><\/span><\/span><\/span>Una peque\u00f1a y agradable habitaci\u00f3n con una hermosa vista del atardecer desde el balc\u00f3n. Fue perfecta como base para explorar el pueblo.<\/div><div class='divwprsrdmore' style='opacity:0;'><span class='wprs_rd_more'>Lee mas<\/span><span class='wprs_rd_less' style='display:none;'>Leer menos<\/span><\/div>\t\t\t\t<\/div>\r\n\t\t\t\t\t\t\t\t\t\t\t\t\t\t\t\t<a href=\"https:\/\/www.airbnb.com\/rooms\/16732667\" target=\"_blank\" rel=\"nofollow noreferrer\" class=\"wprevpro_t1_site_logo_a\"><img decoding=\"async\" width=\"30\" height=\"32\" src=\"https:\/\/www.tribunj.biz\/wp-content\/plugins\/wp-review-slider-pro-premium\/public\/partials\/imgs\/airbnb_small_icon.svg?id=1\" alt=\"logo de airbnb\" class=\"wprevpro_t1_site_logo wprevsiteicon\"><\/a>\t\t\t<\/div><span class=\"wprevpro_t1_A_8\"><a href=\"https:\/\/www.airbnb.com\/users\/show\/29232244\" target=\"_blank\" rel=\"nofollow noreferrer\"><img decoding=\"async\" loading=\"lazy\" src=\"https:\/\/a0.muscache.com\/im\/pictures\/user\/870cb1a9-6bb2-4657-9adb-1e63cc5f1063.jpg?aki_policy=profile_x_medium\" alt=\"Avatar de Dami\u00e1n\" class=\"wprevpro_t1_IMG_4 wprevpro_avatarimg\" \/><\/a><\/span> <div class=\"wprevpro_t1_SPAN_5 wprev_preview_tcolor2_T1\"><div class=\"wprevpro_t1_rname wprevname\" >Dami\u00e1n<\/div><div class=\"wprev_showdate_T1 wprevdate\">9\/28\/2019<\/div> <\/div>\r\n\t\t\t\r\n\t\t<\/div>\r\n\t\t\r\n\t\t<\/div>\r\n\t<\/li><li>\t\t\t<div class=\"wprevpro_t1_outer_div w3_wprs-row wprevprodiv\">\r\n\t\t\t\t\t<div class=\"wprevpro_t1_DIV_1 w3_wprs-col l12 outerrevdiv\">\r\n\t\t\t<div class=\"indrevdiv wprevpro_t1_DIV_2 wprev_preview_bg1_T1 wprev_preview_bradius_T1\">\r\n\t\t\t\t<div class=\"indrevtxt wprevpro_t1_P_3 wprev_preview_tcolor1_T1\"><div class='readmoretextdiv indrevlineclamp' data-lines='3' data-revid='600'>\t\t\t\t\t<span class=\"wprevpro_star_imgs_T1\"><span class=\"starloc1 wprevpro_star_imgs wprevpro_star_imgsloc1\"><span class=\"svgicons svg-wprsp-star\"><\/span><span class=\"svgicons svg-wprsp-star\"><\/span><span class=\"svgicons svg-wprsp-star\"><\/span><span class=\"svgicons svg-wprsp-star\"><\/span><span class=\"svgicons svg-wprsp-star\"><\/span><\/span><\/span>Ein sch\u00f6nes Zimmer mit wunderbarer Aussicht. Para una guerra perfecta. Ante ist eine sehr aufmerksame Gastgeberin.<\/div><div class='divwprsrdmore' style='opacity:0;'><span class='wprs_rd_more'>Lee mas<\/span><span class='wprs_rd_less' style='display:none;'>Leer menos<\/span><\/div>\t\t\t\t<\/div>\r\n\t\t\t\t\t\t\t\t\t\t\t\t\t\t\t\t<a href=\"https:\/\/www.airbnb.com\/rooms\/16732667\" target=\"_blank\" rel=\"nofollow noreferrer\" class=\"wprevpro_t1_site_logo_a\"><img decoding=\"async\" width=\"30\" height=\"32\" src=\"https:\/\/www.tribunj.biz\/wp-content\/plugins\/wp-review-slider-pro-premium\/public\/partials\/imgs\/airbnb_small_icon.svg?id=1\" alt=\"logo de airbnb\" class=\"wprevpro_t1_site_logo wprevsiteicon\"><\/a>\t\t\t<\/div><span class=\"wprevpro_t1_A_8\"><a href=\"https:\/\/www.airbnb.com\/users\/show\/\" target=\"_blank\" rel=\"nofollow noreferrer\"><img decoding=\"async\" loading=\"lazy\" src=\"https:\/\/www.tribunj.biz\/wp-content\/uploads\/wprevslider\/cache\/1748908800_natascha_600_60.jpg\" alt=\"Natascha Avatar\" class=\"wprevpro_t1_IMG_4 wprevpro_avatarimg\" \/><\/a><\/span> <div class=\"wprevpro_t1_SPAN_5 wprev_preview_tcolor2_T1\"><div class=\"wprevpro_t1_rname wprevname\" >Natascha<\/div><div class=\"wprev_showdate_T1 wprevdate\">6\/03\/2025<\/div> <\/div>\r\n\t\t\t\r\n\t\t<\/div>\r\n\t\t\r\n\t\t<\/div>\r\n\t<\/li><li>\t\t\t<div class=\"wprevpro_t1_outer_div w3_wprs-row wprevprodiv\">\r\n\t\t\t\t\t<div class=\"wprevpro_t1_DIV_1 w3_wprs-col l12 outerrevdiv\">\r\n\t\t\t<div class=\"indrevdiv wprevpro_t1_DIV_2 wprev_preview_bg1_T1 wprev_preview_bradius_T1\">\r\n\t\t\t\t<div class=\"indrevtxt wprevpro_t1_P_3 wprev_preview_tcolor1_T1\"><div class='readmoretextdiv indrevlineclamp' data-lines='3' data-revid='423'>\t\t\t\t\t<span class=\"wprevpro_star_imgs_T1\"><span class=\"starloc1 wprevpro_star_imgs wprevpro_star_imgsloc1\"><span class=\"svgicons svg-wprsp-star\"><\/span><span class=\"svgicons svg-wprsp-star\"><\/span><span class=\"svgicons svg-wprsp-star\"><\/span><span class=\"svgicons svg-wprsp-star\"><\/span><span class=\"svgicons svg-wprsp-star\"><\/span><\/span><\/span>Es un lugar encantador para alojarse en Tribunj, a solo unos minutos a pie del centro y de la playa.<br>\nEl lugar de Ivana estaba limpio y ella respondi\u00f3 muy bien a cualquier consulta.<\/div><div class='divwprsrdmore' style='opacity:0;'><span class='wprs_rd_more'>Lee mas<\/span><span class='wprs_rd_less' style='display:none;'>Leer menos<\/span><\/div>\t\t\t\t<\/div>\r\n\t\t\t\t\t\t\t\t\t\t\t\t\t\t\t\t<a href=\"https:\/\/www.airbnb.com\/rooms\/16732667\" target=\"_blank\" rel=\"nofollow noreferrer\" class=\"wprevpro_t1_site_logo_a\"><img decoding=\"async\" width=\"30\" height=\"32\" src=\"https:\/\/www.tribunj.biz\/wp-content\/plugins\/wp-review-slider-pro-premium\/public\/partials\/imgs\/airbnb_small_icon.svg?id=1\" alt=\"logo de airbnb\" class=\"wprevpro_t1_site_logo wprevsiteicon\"><\/a>\t\t\t<\/div><span class=\"wprevpro_t1_A_8\"><a href=\"https:\/\/www.airbnb.com\/users\/show\/\" target=\"_blank\" rel=\"nofollow noreferrer\"><img decoding=\"async\" loading=\"lazy\" src=\"https:\/\/a0.muscache.com\/im\/pictures\/user\/d03ce5e0-8d09-40c8-b838-e9a8b00c22a2.jpg?aki_policy=profile_x_medium\" alt=\"Johanna Avatar\" class=\"wprevpro_t1_IMG_4 wprevpro_avatarimg\" \/><\/a><\/span> <div class=\"wprevpro_t1_SPAN_5 wprev_preview_tcolor2_T1\"><div class=\"wprevpro_t1_rname wprevname\" >Juana<\/div><div class=\"wprev_showdate_T1 wprevdate\">7\/17\/2023<\/div> <\/div>\r\n\t\t\t\r\n\t\t<\/div>\r\n\t\t\r\n\t\t<\/div>\r\n\t<\/li><li>\t\t\t<div class=\"wprevpro_t1_outer_div w3_wprs-row wprevprodiv\">\r\n\t\t\t\t\t<div class=\"wprevpro_t1_DIV_1 w3_wprs-col l12 outerrevdiv\">\r\n\t\t\t<div class=\"indrevdiv wprevpro_t1_DIV_2 wprev_preview_bg1_T1 wprev_preview_bradius_T1\">\r\n\t\t\t\t<div class=\"indrevtxt wprevpro_t1_P_3 wprev_preview_tcolor1_T1\"><div class='readmoretextdiv indrevlineclamp' data-lines='3' data-revid='30'>\t\t\t\t\t<span class=\"wprevpro_star_imgs_T1\"><span class=\"starloc1 wprevpro_star_imgs wprevpro_star_imgsloc1\"><span class=\"svgicons svg-wprsp-star\"><\/span><span class=\"svgicons svg-wprsp-star\"><\/span><span class=\"svgicons svg-wprsp-star\"><\/span><span class=\"svgicons svg-wprsp-star\"><\/span><span class=\"svgicons svg-wprsp-star\"><\/span><\/span><\/span>Tribunj ljepota za odmor i dusu, Ribarska noc neopisivo ljepo.<\/div><div class='divwprsrdmore' style='opacity:0;'><span class='wprs_rd_more'>Lee mas<\/span><span class='wprs_rd_less' style='display:none;'>Leer menos<\/span><\/div>\t\t\t\t<\/div>\r\n\t\t\t\t\t\t\t\t\t\t\t\t\t\t\t\t<a href=\"https:\/\/www.facebook.com\/pg\/451509874913315\/reviews\/\" target=\"_blank\" rel=\"nofollow noreferrer\" class=\"wprevpro_t1_site_logo_a\"><img decoding=\"async\" width=\"32\" height=\"32\" src=\"https:\/\/www.tribunj.biz\/wp-content\/plugins\/wp-review-slider-pro-premium\/public\/partials\/imgs\/facebook_small_icon.svg\" alt=\"Logo de Facebook\" class=\"wprevpro_t1_site_logo wprevsiteicon\"><\/a>\t\t\t<\/div><span class=\"wprevpro_t1_A_8\"><a href=\"https:\/\/www.facebook.com\/search\/top\/?q=Vlado+%26Scaron%3Btefica+Ptujec\" target=\"_blank\" rel=\"nofollow noreferrer\"><img decoding=\"async\" loading=\"lazy\" src=\"https:\/\/scontent-frx5-1.xx.fbcdn.net\/v\/t1.0-1\/p50x50\/37594986_271837340215855_3654869121373306880_n.jpg?_nc_cat=0&amp;oh=04c40d6fac9fd3c7267a1ec1bdf1f5d4&amp;oe=5BFD30DD\" alt=\"Vlado \u0160tefica Ptujec Avatar\" class=\"wprevpro_t1_IMG_4 wprevpro_avatarimg\" \/><\/a><\/span> <div class=\"wprevpro_t1_SPAN_5 wprev_preview_tcolor2_T1\"><div class=\"wprevpro_t1_rname wprevname\" >Vlado \u0160tefica Ptujec<\/div><div class=\"wprev_showdate_T1 wprevdate\">7\/24\/2018<\/div> <\/div>\r\n\t\t\t\r\n\t\t<\/div>\r\n\t\t\r\n\t\t<\/div>\r\n\t<\/li><li>\t\t\t<div class=\"wprevpro_t1_outer_div w3_wprs-row wprevprodiv\">\r\n\t\t\t\t\t<div class=\"wprevpro_t1_DIV_1 w3_wprs-col l12 outerrevdiv\">\r\n\t\t\t<div class=\"indrevdiv wprevpro_t1_DIV_2 wprev_preview_bg1_T1 wprev_preview_bradius_T1\">\r\n\t\t\t\t<div class=\"indrevtxt wprevpro_t1_P_3 wprev_preview_tcolor1_T1\"><div class='readmoretextdiv indrevlineclamp' data-lines='3' data-revid='73'>\t\t\t\t\t<span class=\"wprevpro_star_imgs_T1\"><span class=\"starloc1 wprevpro_star_imgs wprevpro_star_imgsloc1\"><span class=\"svgicons svg-wprsp-star\"><\/span><span class=\"svgicons svg-wprsp-star\"><\/span><span class=\"svgicons svg-wprsp-star\"><\/span><span class=\"svgicons svg-wprsp-star\"><\/span><span class=\"svgicons svg-wprsp-star-o\"><\/span><\/span><\/span>Chambre grande et clair, le mobilier is a peu d\u00e9pass\u00e9 mais en bon \u00e9tat. La sdb se situe de l&#039;autre c\u00f4t\u00e9 du couloir, ce qui n&#039;est pas trop d\u00e9rangeant pour un court s\u00e9jour. La propiedad de la propiedad y la arquitectura, no avons pu faire notre machine \u00e0 laver facilement. Il manque juste un peu de vaiselle pour pouvoir prendre son petit dej dans la chambre (couvert, bol et ustensiles de nettoyage)<\/div><div class='divwprsrdmore' style='opacity:0;'><span class='wprs_rd_more'>Lee mas<\/span><span class='wprs_rd_less' style='display:none;'>Leer menos<\/span><\/div>\t\t\t\t<\/div>\r\n\t\t\t\t\t\t\t\t\t\t\t\t\t\t\t\t<a href=\"https:\/\/www.airbnb.com\/rooms\/16732667\" target=\"_blank\" rel=\"nofollow noreferrer\" class=\"wprevpro_t1_site_logo_a\"><img decoding=\"async\" width=\"30\" height=\"32\" src=\"https:\/\/www.tribunj.biz\/wp-content\/plugins\/wp-review-slider-pro-premium\/public\/partials\/imgs\/airbnb_small_icon.svg?id=1\" alt=\"logo de airbnb\" class=\"wprevpro_t1_site_logo wprevsiteicon\"><\/a>\t\t\t<\/div><span class=\"wprevpro_t1_A_8\"><a href=\"https:\/\/www.airbnb.com\/users\/show\/115693777\" target=\"_blank\" rel=\"nofollow noreferrer\"><img decoding=\"async\" loading=\"lazy\" src=\"https:\/\/a0.muscache.com\/im\/pictures\/a2846f49-5a93-4b4e-b392-47b3bb8f6a8c.jpg?aki_policy=profile_x_medium\" alt=\"Thomas Avatar\" class=\"wprevpro_t1_IMG_4 wprevpro_avatarimg\" \/><\/a><\/span> <div class=\"wprevpro_t1_SPAN_5 wprev_preview_tcolor2_T1\"><div class=\"wprevpro_t1_rname wprevname\" >Thomas<\/div><div class=\"wprev_showdate_T1 wprevdate\">6\/10\/2018<\/div> <\/div>\r\n\t\t\t\r\n\t\t<\/div>\r\n\t\t\r\n\t\t<\/div>\r\n\t<\/li><li>\t\t\t<div class=\"wprevpro_t1_outer_div w3_wprs-row wprevprodiv\">\r\n\t\t\t\t\t<div class=\"wprevpro_t1_DIV_1 w3_wprs-col l12 outerrevdiv\">\r\n\t\t\t<div class=\"indrevdiv wprevpro_t1_DIV_2 wprev_preview_bg1_T1 wprev_preview_bradius_T1\">\r\n\t\t\t\t<div class=\"indrevtxt wprevpro_t1_P_3 wprev_preview_tcolor1_T1\"><div class='readmoretextdiv indrevlineclamp' data-lines='3' data-revid='408'>\t\t\t\t\t<span class=\"wprevpro_star_imgs_T1\"><span class=\"starloc1 wprevpro_star_imgs wprevpro_star_imgsloc1\"><span class=\"svgicons svg-wprsp-star\"><\/span><span class=\"svgicons svg-wprsp-star\"><\/span><span class=\"svgicons svg-wprsp-star\"><\/span><span class=\"svgicons svg-wprsp-star\"><\/span><span class=\"svgicons svg-wprsp-star\"><\/span><\/span><\/span>gerne wieder<\/div><div class='divwprsrdmore' style='opacity:0;'><span class='wprs_rd_more'>Lee mas<\/span><span class='wprs_rd_less' style='display:none;'>Leer menos<\/span><\/div>\t\t\t\t<\/div>\r\n\t\t\t\t\t\t\t\t\t\t\t\t\t\t\t\t<a href=\"https:\/\/www.airbnb.com\/rooms\/16732667\" target=\"_blank\" rel=\"nofollow noreferrer\" class=\"wprevpro_t1_site_logo_a\"><img decoding=\"async\" width=\"30\" height=\"32\" src=\"https:\/\/www.tribunj.biz\/wp-content\/plugins\/wp-review-slider-pro-premium\/public\/partials\/imgs\/airbnb_small_icon.svg?id=1\" alt=\"logo de airbnb\" class=\"wprevpro_t1_site_logo wprevsiteicon\"><\/a>\t\t\t<\/div><span class=\"wprevpro_t1_A_8\"><a href=\"https:\/\/www.airbnb.com\/users\/show\/\" target=\"_blank\" rel=\"nofollow noreferrer\"><img decoding=\"async\" loading=\"lazy\" src=\"https:\/\/a0.muscache.com\/im\/pictures\/user\/d98127df-d322-437b-85b9-90d35f169e33.jpg?aki_policy=profile_x_medium\" alt=\"Avatar de Lennard\" class=\"wprevpro_t1_IMG_4 wprevpro_avatarimg\" \/><\/a><\/span> <div class=\"wprevpro_t1_SPAN_5 wprev_preview_tcolor2_T1\"><div class=\"wprevpro_t1_rname wprevname\" >Lennard<\/div><div class=\"wprev_showdate_T1 wprevdate\">5\/07\/2023<\/div> <\/div>\r\n\t\t\t\r\n\t\t<\/div>\r\n\t\t\r\n\t\t<\/div>\r\n\t<\/li><li>\t\t\t<div class=\"wprevpro_t1_outer_div w3_wprs-row wprevprodiv\">\r\n\t\t\t\t\t<div class=\"wprevpro_t1_DIV_1 w3_wprs-col l12 outerrevdiv\">\r\n\t\t\t<div class=\"indrevdiv wprevpro_t1_DIV_2 wprev_preview_bg1_T1 wprev_preview_bradius_T1\">\r\n\t\t\t\t<div class=\"indrevtxt wprevpro_t1_P_3 wprev_preview_tcolor1_T1\"><div class='readmoretextdiv indrevlineclamp' data-lines='3' data-revid='568'>\t\t\t\t\t<span class=\"wprevpro_star_imgs_T1\"><span class=\"starloc1 wprevpro_star_imgs wprevpro_star_imgsloc1\"><span class=\"svgicons svg-wprsp-star\"><\/span><span class=\"svgicons svg-wprsp-star\"><\/span><span class=\"svgicons svg-wprsp-star\"><\/span><span class=\"svgicons svg-wprsp-star\"><\/span><span class=\"svgicons svg-wprsp-star\"><\/span><\/span><\/span>Alojamiento c\u00f3modo, con comodidades y muebles antiguos, pero no faltaba de nada. La terraza de Balkon ofrec\u00eda una vista espectacular y un amplio espacio. <br>\r\nEl apartamento est\u00e1 muy cerca de paseos, tiendas, restaurantes, centro.<br>\r\nDefinitivamente no hemos estado aqu\u00ed por \u00faltima vez, Tribunj es una ciudad hermosa y tranquila.<br>\r\nIvana y Ante fueron muy amables, serviciales y amigables\u2026<\/div><div class='divwprsrdmore' style='opacity:0;'><span class='wprs_rd_more'>Lee mas<\/span><span class='wprs_rd_less' style='display:none;'>Leer menos<\/span><\/div>\t\t\t\t<\/div>\r\n\t\t\t\t\t\t\t\t\t\t\t\t\t\t\t\t<a href=\"https:\/\/www.airbnb.com\/rooms\/8837098\" target=\"_blank\" rel=\"nofollow noreferrer\" class=\"wprevpro_t1_site_logo_a\"><img decoding=\"async\" width=\"30\" height=\"32\" src=\"https:\/\/www.tribunj.biz\/wp-content\/plugins\/wp-review-slider-pro-premium\/public\/partials\/imgs\/airbnb_small_icon.svg?id=1\" alt=\"logo de airbnb\" class=\"wprevpro_t1_site_logo wprevsiteicon\"><\/a>\t\t\t<\/div><span class=\"wprevpro_t1_A_8\"><a href=\"https:\/\/www.airbnb.com\/users\/show\/\" target=\"_blank\" rel=\"nofollow noreferrer\"><img decoding=\"async\" loading=\"lazy\" src=\"https:\/\/s3-media0.fl.yelpcdn.com\/assets\/srv0\/yelp_styleguide\/514f6997a318\/assets\/img\/default_avatars\/user_60_square.png\" alt=\"Iv\u00e1n Avatar\" class=\"wprevpro_t1_IMG_4 wprevpro_avatarimg\" \/><\/a><\/span> <div class=\"wprevpro_t1_SPAN_5 wprev_preview_tcolor2_T1\"><div class=\"wprevpro_t1_rname wprevname\" >Iv\u00e1n<\/div><div class=\"wprev_showdate_T1 wprevdate\">7\/01\/2024<\/div> <\/div>\r\n\t\t\t\r\n\t\t<\/div>\r\n\t\t\r\n\t\t<\/div>\r\n\t<\/li><li>\t\t\t<div class=\"wprevpro_t1_outer_div w3_wprs-row wprevprodiv\">\r\n\t\t\t\t\t<div class=\"wprevpro_t1_DIV_1 w3_wprs-col l12 outerrevdiv\">\r\n\t\t\t<div class=\"indrevdiv wprevpro_t1_DIV_2 wprev_preview_bg1_T1 wprev_preview_bradius_T1\">\r\n\t\t\t\t<div class=\"indrevtxt wprevpro_t1_P_3 wprev_preview_tcolor1_T1\"><div class='readmoretextdiv indrevlineclamp' data-lines='3' data-revid='103'>\t\t\t\t\t<span class=\"wprevpro_star_imgs_T1\"><span class=\"starloc1 wprevpro_star_imgs wprevpro_star_imgsloc1\"><span class=\"svgicons svg-wprsp-star\"><\/span><span class=\"svgicons svg-wprsp-star\"><\/span><span class=\"svgicons svg-wprsp-star-o\"><\/span><span class=\"svgicons svg-wprsp-star-o\"><\/span><span class=\"svgicons svg-wprsp-star-o\"><\/span><\/span><\/span>Tribunj mi se svi\u0111a ljetovali\u0161te koje pamtim iz svoje mladosti prekrasno<\/div><div class='divwprsrdmore' style='opacity:0;'><span class='wprs_rd_more'>Lee mas<\/span><span class='wprs_rd_less' style='display:none;'>Leer menos<\/span><\/div>\t\t\t\t<\/div>\r\n\t\t\t\t\t\t\t\t\t\t\t\t\t\t\t\t<a href=\"https:\/\/www.facebook.com\/pg\/451509874913315\/reviews\/\" target=\"_blank\" rel=\"nofollow noreferrer\" class=\"wprevpro_t1_site_logo_a\"><img decoding=\"async\" width=\"32\" height=\"32\" src=\"https:\/\/www.tribunj.biz\/wp-content\/plugins\/wp-review-slider-pro-premium\/public\/partials\/imgs\/facebook_small_icon.svg\" alt=\"Logo de Facebook\" class=\"wprevpro_t1_site_logo wprevsiteicon\"><\/a>\t\t\t<\/div><span class=\"wprevpro_t1_A_8\"><a href=\"https:\/\/www.facebook.com\/search\/top\/?q=Katica+K.\" target=\"_blank\" rel=\"nofollow noreferrer\"><img decoding=\"async\" loading=\"lazy\" src=\"https:\/\/platform-lookaside.fbsbx.com\/platform\/profilepic\/?psid=2242693452416044&height=100&width=100&ext=1549327165&hash=AeSkJCfKggxlvK_0\" alt=\"Katica K. Avatar\" class=\"wprevpro_t1_IMG_4 wprevpro_avatarimg\" \/><\/a><\/span> <div class=\"wprevpro_t1_SPAN_5 wprev_preview_tcolor2_T1\"><div class=\"wprevpro_t1_rname wprevname\" >Katica K.<\/div><div class=\"wprev_showdate_T1 wprevdate\">10\/14\/2016<\/div> <\/div>\r\n\t\t\t\r\n\t\t<\/div>\r\n\t\t\r\n\t\t<\/div>\r\n\t<\/li><li>\t\t\t<div class=\"wprevpro_t1_outer_div w3_wprs-row wprevprodiv\">\r\n\t\t\t\t\t<div class=\"wprevpro_t1_DIV_1 w3_wprs-col l12 outerrevdiv\">\r\n\t\t\t<div class=\"indrevdiv wprevpro_t1_DIV_2 wprev_preview_bg1_T1 wprev_preview_bradius_T1\">\r\n\t\t\t\t<div class=\"indrevtxt wprevpro_t1_P_3 wprev_preview_tcolor1_T1\"><div class='readmoretextdiv indrevlineclamp' data-lines='3' data-revid='453'>\t\t\t\t\t<span class=\"wprevpro_star_imgs_T1\"><span class=\"starloc1 wprevpro_star_imgs wprevpro_star_imgsloc1\"><span class=\"svgicons svg-wprsp-star\"><\/span><span class=\"svgicons svg-wprsp-star\"><\/span><span class=\"svgicons svg-wprsp-star\"><\/span><span class=\"svgicons svg-wprsp-star\"><\/span><span class=\"svgicons svg-wprsp-star-o\"><\/span><\/span><\/span>We hebben genoten van Tribunj, een mooie en rustige omgeving. El alojamiento era ok erg fijn met een mooi uitzicht.<\/div><div class='divwprsrdmore' style='opacity:0;'><span class='wprs_rd_more'>Lee mas<\/span><span class='wprs_rd_less' style='display:none;'>Leer menos<\/span><\/div>\t\t\t\t<\/div>\r\n\t\t\t\t\t\t\t\t\t\t\t\t\t\t\t\t<a href=\"https:\/\/www.airbnb.com\/rooms\/16732667\" target=\"_blank\" rel=\"nofollow noreferrer\" class=\"wprevpro_t1_site_logo_a\"><img decoding=\"async\" width=\"30\" height=\"32\" src=\"https:\/\/www.tribunj.biz\/wp-content\/plugins\/wp-review-slider-pro-premium\/public\/partials\/imgs\/airbnb_small_icon.svg?id=1\" alt=\"logo de airbnb\" class=\"wprevpro_t1_site_logo wprevsiteicon\"><\/a>\t\t\t<\/div><span class=\"wprevpro_t1_A_8\"><a href=\"https:\/\/www.airbnb.com\/users\/show\/\" target=\"_blank\" rel=\"nofollow noreferrer\"><img decoding=\"async\" loading=\"lazy\" src=\"https:\/\/a0.muscache.com\/im\/pictures\/user\/4c3418f3-105d-411a-a206-d65c02ea7ff4.jpg?aki_policy=profile_x_medium\" alt=\"\u00c1ngela Avatar\" class=\"wprevpro_t1_IMG_4 wprevpro_avatarimg\" \/><\/a><\/span> <div class=\"wprevpro_t1_SPAN_5 wprev_preview_tcolor2_T1\"><div class=\"wprevpro_t1_rname wprevname\" >\u00c1ngela<\/div><div class=\"wprev_showdate_T1 wprevdate\">8\/30\/2023<\/div> <\/div>\r\n\t\t\t\r\n\t\t<\/div>\r\n\t\t\r\n\t\t<\/div>\r\n\t<\/li><li>\t\t\t<div class=\"wprevpro_t1_outer_div w3_wprs-row wprevprodiv\">\r\n\t\t\t\t\t<div class=\"wprevpro_t1_DIV_1 w3_wprs-col l12 outerrevdiv\">\r\n\t\t\t<div class=\"indrevdiv wprevpro_t1_DIV_2 wprev_preview_bg1_T1 wprev_preview_bradius_T1\">\r\n\t\t\t\t<div class=\"indrevtxt wprevpro_t1_P_3 wprev_preview_tcolor1_T1\"><div class='readmoretextdiv indrevlineclamp' data-lines='3' data-revid='235'>\t\t\t\t\t<span class=\"wprevpro_star_imgs_T1\"><span class=\"starloc1 wprevpro_star_imgs wprevpro_star_imgsloc1\"><span class=\"svgicons svg-wprsp-star\"><\/span><span class=\"svgicons svg-wprsp-star\"><\/span><span class=\"svgicons svg-wprsp-star\"><\/span><span class=\"svgicons svg-wprsp-star\"><\/span><span class=\"svgicons svg-wprsp-star-o\"><\/span><\/span><\/span>\u00a1\u00a1Super herzlicher Empfang!! Alles war wie in der Anzeige beschrieben - Top Lage &amp; top Unterkunft. Eine Klimaanlage hat anfangs gefehlt, doch die abk\u00fchlende Abendbrise am Hafen hat dies wieder wett gemacht.<\/div><div class='divwprsrdmore' style='opacity:0;'><span class='wprs_rd_more'>Lee mas<\/span><span class='wprs_rd_less' style='display:none;'>Leer menos<\/span><\/div>\t\t\t\t<\/div>\r\n\t\t\t\t\t\t\t\t\t\t\t\t\t\t\t\t<a href=\"https:\/\/www.airbnb.com\/rooms\/16732667\" target=\"_blank\" rel=\"nofollow noreferrer\" class=\"wprevpro_t1_site_logo_a\"><img decoding=\"async\" width=\"30\" height=\"32\" src=\"https:\/\/www.tribunj.biz\/wp-content\/plugins\/wp-review-slider-pro-premium\/public\/partials\/imgs\/airbnb_small_icon.svg?id=1\" alt=\"logo de airbnb\" class=\"wprevpro_t1_site_logo wprevsiteicon\"><\/a>\t\t\t<\/div><span class=\"wprevpro_t1_A_8\"><a href=\"https:\/\/www.airbnb.com\/users\/show\/364762448\" target=\"_blank\" rel=\"nofollow noreferrer\"><img decoding=\"async\" loading=\"lazy\" src=\"https:\/\/a0.muscache.com\/im\/pictures\/user\/f789eba4-4c61-4d82-b71c-b544c42b4f5e.jpg?aki_policy=profile_x_medium\" alt=\"Kevin Avatar\" class=\"wprevpro_t1_IMG_4 wprevpro_avatarimg\" \/><\/a><\/span> <div class=\"wprevpro_t1_SPAN_5 wprev_preview_tcolor2_T1\"><div class=\"wprevpro_t1_rname wprevname\" >Kevin<\/div><div class=\"wprev_showdate_T1 wprevdate\">6\/29\/2021<\/div> <\/div>\r\n\t\t\t\r\n\t\t<\/div>\r\n\t\t\r\n\t\t<\/div>\r\n\t<\/li><li>\t\t\t<div class=\"wprevpro_t1_outer_div w3_wprs-row wprevprodiv\">\r\n\t\t\t\t\t<div class=\"wprevpro_t1_DIV_1 w3_wprs-col l12 outerrevdiv\">\r\n\t\t\t<div class=\"indrevdiv wprevpro_t1_DIV_2 wprev_preview_bg1_T1 wprev_preview_bradius_T1\">\r\n\t\t\t\t<div class=\"indrevtxt wprevpro_t1_P_3 wprev_preview_tcolor1_T1\"><div class='readmoretextdiv indrevlineclamp' data-lines='3' data-revid='519'>\t\t\t\t\t<span class=\"wprevpro_star_imgs_T1\"><span class=\"starloc1 wprevpro_star_imgs wprevpro_star_imgsloc1\"><span class=\"svgicons svg-wprsp-star\"><\/span><span class=\"svgicons svg-wprsp-star\"><\/span><span class=\"svgicons svg-wprsp-star\"><\/span><span class=\"svgicons svg-wprsp-star\"><\/span><span class=\"svgicons svg-wprsp-star\"><\/span><\/span><\/span>Alles war sehr sch\u00f6n und gepflegt danke<\/div><div class='divwprsrdmore' style='opacity:0;'><span class='wprs_rd_more'>Lee mas<\/span><span class='wprs_rd_less' style='display:none;'>Leer menos<\/span><\/div>\t\t\t\t<\/div>\r\n\t\t\t\t\t\t\t\t\t\t\t\t\t\t\t\t<a href=\"https:\/\/www.airbnb.com\/rooms\/16732667\" target=\"_blank\" rel=\"nofollow noreferrer\" class=\"wprevpro_t1_site_logo_a\"><img decoding=\"async\" width=\"30\" height=\"32\" src=\"https:\/\/www.tribunj.biz\/wp-content\/plugins\/wp-review-slider-pro-premium\/public\/partials\/imgs\/airbnb_small_icon.svg?id=1\" alt=\"logo de airbnb\" class=\"wprevpro_t1_site_logo wprevsiteicon\"><\/a>\t\t\t<\/div><span class=\"wprevpro_t1_A_8\"><a href=\"https:\/\/www.airbnb.com\/users\/show\/\" target=\"_blank\" rel=\"nofollow noreferrer\"><img decoding=\"async\" loading=\"lazy\" src=\"https:\/\/a0.muscache.com\/im\/pictures\/user\/587bdffe-b3d3-47a5-b4e2-25530f4a279c.jpg?aki_policy=profile_x_medium\" alt=\"Avatar de Shaho\" class=\"wprevpro_t1_IMG_4 wprevpro_avatarimg\" \/><\/a><\/span> <div class=\"wprevpro_t1_SPAN_5 wprev_preview_tcolor2_T1\"><div class=\"wprevpro_t1_rname wprevname\" >Shaho<\/div><div class=\"wprev_showdate_T1 wprevdate\">6\/20\/2024<\/div> <\/div>\r\n\t\t\t\r\n\t\t<\/div>\r\n\t\t\r\n\t\t<\/div>\r\n\t<\/li><li>\t\t\t<div class=\"wprevpro_t1_outer_div w3_wprs-row wprevprodiv\">\r\n\t\t\t\t\t<div class=\"wprevpro_t1_DIV_1 w3_wprs-col l12 outerrevdiv\">\r\n\t\t\t<div class=\"indrevdiv wprevpro_t1_DIV_2 wprev_preview_bg1_T1 wprev_preview_bradius_T1\">\r\n\t\t\t\t<div class=\"indrevtxt wprevpro_t1_P_3 wprev_preview_tcolor1_T1\"><div class='readmoretextdiv indrevlineclamp' data-lines='3' data-revid='132'>\t\t\t\t\t<span class=\"wprevpro_star_imgs_T1\"><span class=\"starloc1 wprevpro_star_imgs wprevpro_star_imgsloc1\"><span class=\"svgicons svg-wprsp-star\"><\/span><span class=\"svgicons svg-wprsp-star\"><\/span><span class=\"svgicons svg-wprsp-star\"><\/span><span class=\"svgicons svg-wprsp-star\"><\/span><span class=\"svgicons svg-wprsp-star\"><\/span><\/span><\/span>Rzadko zdarza si\u0119, aby gospodarz by\u0142 tak uczciwy jak Ante. Bardzo go\u015bcinni i przemili gospodarze. Z czystym sumieniem polecam ka\u017cdemu apartamenty Ante je\u015bli cenicie sobie bezpiecze\u0144stwo i spok\u00f3j. Mo\u017cna zostawi\u0107 wsztstkie rzeczy nawet te cenne i nic nie zginie<\/div><div class='divwprsrdmore' style='opacity:0;'><span class='wprs_rd_more'>Lee mas<\/span><span class='wprs_rd_less' style='display:none;'>Leer menos<\/span><\/div>\t\t\t\t<\/div>\r\n\t\t\t\t\t\t\t\t\t\t\t\t\t\t\t\t<a href=\"https:\/\/www.airbnb.com\/rooms\/8825408\" target=\"_blank\" rel=\"nofollow noreferrer\" class=\"wprevpro_t1_site_logo_a\"><img decoding=\"async\" width=\"30\" height=\"32\" src=\"https:\/\/www.tribunj.biz\/wp-content\/plugins\/wp-review-slider-pro-premium\/public\/partials\/imgs\/airbnb_small_icon.svg?id=1\" alt=\"logo de airbnb\" class=\"wprevpro_t1_site_logo wprevsiteicon\"><\/a>\t\t\t<\/div><span class=\"wprevpro_t1_A_8\"><a href=\"https:\/\/www.airbnb.com\/users\/show\/358835845\" target=\"_blank\" rel=\"nofollow noreferrer\"><img decoding=\"async\" loading=\"lazy\" src=\"https:\/\/a0.muscache.com\/im\/pictures\/user\/1986f99f-9e3a-4c80-ac79-30c4f52be3bc.jpg?aki_policy=profile_x_medium\" alt=\"Kamil Avatar\" class=\"wprevpro_t1_IMG_4 wprevpro_avatarimg\" \/><\/a><\/span> <div class=\"wprevpro_t1_SPAN_5 wprev_preview_tcolor2_T1\"><div class=\"wprevpro_t1_rname wprevname\" >Kamil<\/div><div class=\"wprev_showdate_T1 wprevdate\">8\/11\/2020<\/div> <\/div>\r\n\t\t\t\r\n\t\t<\/div>\r\n\t\t\r\n\t\t<\/div>\r\n\t<\/li><li>\t\t\t<div class=\"wprevpro_t1_outer_div w3_wprs-row wprevprodiv\">\r\n\t\t\t\t\t<div class=\"wprevpro_t1_DIV_1 w3_wprs-col l12 outerrevdiv\">\r\n\t\t\t<div class=\"indrevdiv wprevpro_t1_DIV_2 wprev_preview_bg1_T1 wprev_preview_bradius_T1\">\r\n\t\t\t\t<div class=\"indrevtxt wprevpro_t1_P_3 wprev_preview_tcolor1_T1\"><div class='readmoretextdiv indrevlineclamp' data-lines='3' data-revid='165'>\t\t\t\t\t<span class=\"wprevpro_star_imgs_T1\"><span class=\"starloc1 wprevpro_star_imgs wprevpro_star_imgsloc1\"><span class=\"svgicons svg-wprsp-star\"><\/span><span class=\"svgicons svg-wprsp-star\"><\/span><span class=\"svgicons svg-wprsp-star\"><\/span><span class=\"svgicons svg-wprsp-star\"><\/span><span class=\"svgicons svg-wprsp-star\"><\/span><\/span><\/span>\u00a1Vale la pena quedarse! \u00a1Vista perfecta y la cama m\u00e1s c\u00f3moda en la que he dormido!<\/div><div class='divwprsrdmore' style='opacity:0;'><span class='wprs_rd_more'>Lee mas<\/span><span class='wprs_rd_less' style='display:none;'>Leer menos<\/span><\/div>\t\t\t\t<\/div>\r\n\t\t\t\t\t\t\t\t\t\t\t\t\t\t\t\t<a href=\"https:\/\/www.airbnb.com\/rooms\/16732667\" target=\"_blank\" rel=\"nofollow noreferrer\" class=\"wprevpro_t1_site_logo_a\"><img decoding=\"async\" width=\"30\" height=\"32\" src=\"https:\/\/www.tribunj.biz\/wp-content\/plugins\/wp-review-slider-pro-premium\/public\/partials\/imgs\/airbnb_small_icon.svg?id=1\" alt=\"logo de airbnb\" class=\"wprevpro_t1_site_logo wprevsiteicon\"><\/a>\t\t\t<\/div><span class=\"wprevpro_t1_A_8\"><a href=\"https:\/\/www.airbnb.com\/users\/show\/219910785\" target=\"_blank\" rel=\"nofollow noreferrer\"><img decoding=\"async\" loading=\"lazy\" src=\"https:\/\/a0.muscache.com\/im\/pictures\/user\/90225b26-c71a-4ddc-90dd-e8f3723129f2.jpg?aki_policy=profile_x_medium\" alt=\"Avatar de Ania\" class=\"wprevpro_t1_IMG_4 wprevpro_avatarimg\" \/><\/a><\/span> <div class=\"wprevpro_t1_SPAN_5 wprev_preview_tcolor2_T1\"><div class=\"wprevpro_t1_rname wprevname\" >Ania<\/div><div class=\"wprev_showdate_T1 wprevdate\">7\/14\/2019<\/div> <\/div>\r\n\t\t\t\r\n\t\t<\/div>\r\n\t\t\r\n\t\t<\/div>\r\n\t<\/li><li>\t\t\t<div class=\"wprevpro_t1_outer_div w3_wprs-row wprevprodiv\">\r\n\t\t\t\t\t<div class=\"wprevpro_t1_DIV_1 w3_wprs-col l12 outerrevdiv\">\r\n\t\t\t<div class=\"indrevdiv wprevpro_t1_DIV_2 wprev_preview_bg1_T1 wprev_preview_bradius_T1\">\r\n\t\t\t\t<div class=\"indrevtxt wprevpro_t1_P_3 wprev_preview_tcolor1_T1\"><div class='readmoretextdiv indrevlineclamp' data-lines='3' data-revid='455'>\t\t\t\t\t<span class=\"wprevpro_star_imgs_T1\"><span class=\"starloc1 wprevpro_star_imgs wprevpro_star_imgsloc1\"><span class=\"svgicons svg-wprsp-star\"><\/span><span class=\"svgicons svg-wprsp-star\"><\/span><span class=\"svgicons svg-wprsp-star\"><\/span><span class=\"svgicons svg-wprsp-star\"><\/span><span class=\"svgicons svg-wprsp-star\"><\/span><\/span><\/span>H\u00f4tes r\u00e9actifs et tr\u00e8s serviables, \u00e0 l&#039;\u00e9coute et helpants s&#039;ils peuvent. Chambre et terrasse paisibles et sympathiques.<\/div><div class='divwprsrdmore' style='opacity:0;'><span class='wprs_rd_more'>Lee mas<\/span><span class='wprs_rd_less' style='display:none;'>Leer menos<\/span><\/div>\t\t\t\t<\/div>\r\n\t\t\t\t\t\t\t\t\t\t\t\t\t\t\t\t<a href=\"https:\/\/www.airbnb.com\/rooms\/16732667\" target=\"_blank\" rel=\"nofollow noreferrer\" class=\"wprevpro_t1_site_logo_a\"><img decoding=\"async\" width=\"30\" height=\"32\" src=\"https:\/\/www.tribunj.biz\/wp-content\/plugins\/wp-review-slider-pro-premium\/public\/partials\/imgs\/airbnb_small_icon.svg?id=1\" alt=\"logo de airbnb\" class=\"wprevpro_t1_site_logo wprevsiteicon\"><\/a>\t\t\t<\/div><span class=\"wprevpro_t1_A_8\"><a href=\"https:\/\/www.airbnb.com\/users\/show\/\" target=\"_blank\" rel=\"nofollow noreferrer\"><img decoding=\"async\" loading=\"lazy\" src=\"https:\/\/a0.muscache.com\/im\/pictures\/user\/7839a80f-f1fd-4633-a228-c33134a71f78.jpg?aki_policy=profile_x_medium\" alt=\"Adel Avatar\" class=\"wprevpro_t1_IMG_4 wprevpro_avatarimg\" \/><\/a><\/span> <div class=\"wprevpro_t1_SPAN_5 wprev_preview_tcolor2_T1\"><div class=\"wprevpro_t1_rname wprevname\" >Adel<\/div><div class=\"wprev_showdate_T1 wprevdate\">8\/23\/2023<\/div> <\/div>\r\n\t\t\t\r\n\t\t<\/div>\r\n\t\t\r\n\t\t<\/div>\r\n\t<\/li><li>\t\t\t<div class=\"wprevpro_t1_outer_div w3_wprs-row wprevprodiv\">\r\n\t\t\t\t\t<div class=\"wprevpro_t1_DIV_1 w3_wprs-col l12 outerrevdiv\">\r\n\t\t\t<div class=\"indrevdiv wprevpro_t1_DIV_2 wprev_preview_bg1_T1 wprev_preview_bradius_T1\">\r\n\t\t\t\t<div class=\"indrevtxt wprevpro_t1_P_3 wprev_preview_tcolor1_T1\"><div class='readmoretextdiv indrevlineclamp' data-lines='3' data-revid='409'>\t\t\t\t\t<span class=\"wprevpro_star_imgs_T1\"><span class=\"starloc1 wprevpro_star_imgs wprevpro_star_imgsloc1\"><span class=\"svgicons svg-wprsp-star\"><\/span><span class=\"svgicons svg-wprsp-star\"><\/span><span class=\"svgicons svg-wprsp-star\"><\/span><span class=\"svgicons svg-wprsp-star\"><\/span><span class=\"svgicons svg-wprsp-star\"><\/span><\/span><\/span>Estupenda habitaci\u00f3n en un apartamento en un pintoresco pueblo croata junto al mar. Muchos restaurantes para elegir y menos de 5 minutos del mar para nadar.<\/div><div class='divwprsrdmore' style='opacity:0;'><span class='wprs_rd_more'>Lee mas<\/span><span class='wprs_rd_less' style='display:none;'>Leer menos<\/span><\/div>\t\t\t\t<\/div>\r\n\t\t\t\t\t\t\t\t\t\t\t\t\t\t\t\t<a href=\"https:\/\/www.airbnb.com\/rooms\/16732667\" target=\"_blank\" rel=\"nofollow noreferrer\" class=\"wprevpro_t1_site_logo_a\"><img decoding=\"async\" width=\"30\" height=\"32\" src=\"https:\/\/www.tribunj.biz\/wp-content\/plugins\/wp-review-slider-pro-premium\/public\/partials\/imgs\/airbnb_small_icon.svg?id=1\" alt=\"logo de airbnb\" class=\"wprevpro_t1_site_logo wprevsiteicon\"><\/a>\t\t\t<\/div><span class=\"wprevpro_t1_A_8\"><a href=\"https:\/\/www.airbnb.com\/users\/show\/\" target=\"_blank\" rel=\"nofollow noreferrer\"><img decoding=\"async\" loading=\"lazy\" src=\"https:\/\/a0.muscache.com\/im\/users\/39709673\/profile_pic\/1438010856\/original.jpg?aki_policy=profile_x_medium\" alt=\"Matt Avatar\" class=\"wprevpro_t1_IMG_4 wprevpro_avatarimg\" \/><\/a><\/span> <div class=\"wprevpro_t1_SPAN_5 wprev_preview_tcolor2_T1\"><div class=\"wprevpro_t1_rname wprevname\" >Mate<\/div><div class=\"wprev_showdate_T1 wprevdate\">7\/03\/2017<\/div> <\/div>\r\n\t\t\t\r\n\t\t<\/div>\r\n\t\t\r\n\t\t<\/div>\r\n\t<\/li><li>\t\t\t<div class=\"wprevpro_t1_outer_div w3_wprs-row wprevprodiv\">\r\n\t\t\t\t\t<div class=\"wprevpro_t1_DIV_1 w3_wprs-col l12 outerrevdiv\">\r\n\t\t\t<div class=\"indrevdiv wprevpro_t1_DIV_2 wprev_preview_bg1_T1 wprev_preview_bradius_T1\">\r\n\t\t\t\t<div class=\"indrevtxt wprevpro_t1_P_3 wprev_preview_tcolor1_T1\"><div class='readmoretextdiv indrevlineclamp' data-lines='3' data-revid='21'>\t\t\t\t\t<span class=\"wprevpro_star_imgs_T1\"><span class=\"starloc1 wprevpro_star_imgs wprevpro_star_imgsloc1\"><span class=\"svgicons svg-wprsp-star\"><\/span><span class=\"svgicons svg-wprsp-star\"><\/span><span class=\"svgicons svg-wprsp-star\"><\/span><span class=\"svgicons svg-wprsp-star\"><\/span><span class=\"svgicons svg-wprsp-star\"><\/span><\/span><\/span>Tr\u00e8s beaux apartamentos, confortables. Celui du dernier \u00e9tage a une grande terrasse avec une vue magnifique sur le port de Tribunj. En y mange \u00e0 tous les repas !!! La familia Cvitan est tr\u00e8s sympatique et serviable<\/div><div class='divwprsrdmore' style='opacity:0;'><span class='wprs_rd_more'>Lee mas<\/span><span class='wprs_rd_less' style='display:none;'>Leer menos<\/span><\/div>\t\t\t\t<\/div>\r\n\t\t\t\t\t\t\t\t\t\t\t\t\t\t\t\t<a href=\"https:\/\/www.google.com\/maps\/contrib\/110470368084481911719\/reviews?hl=hr-HR&sa=X&ved=2ahUKEwjOqLzG19vbAhXOLFAKHR73BEAQvvQBegQIARA1\" target=\"_blank\" rel=\"nofollow noreferrer\" class=\"wprevpro_t1_site_logo_a\"><img decoding=\"async\" width=\"32\" height=\"32\" src=\"https:\/\/www.tribunj.biz\/wp-content\/plugins\/wp-review-slider-pro-premium\/public\/partials\/imgs\/google_small_icon.png\" alt=\"logotipo de google\" class=\"wprevpro_t1_site_logo wprevsiteicon\"><\/a>\t\t\t<\/div><span class=\"wprevpro_t1_A_8\"><a href=\"https:\/\/www.google.com\/maps\/contrib\/110470368084481911719\/reviews?hl=hr-HR&sa=X&ved=2ahUKEwjOqLzG19vbAhXOLFAKHR73BEAQvvQBegQIARA1\" target=\"_blank\" rel=\"nofollow noreferrer\"><img decoding=\"async\" loading=\"lazy\" src=\"https:\/\/lh6.googleusercontent.com\/-lONIw17sy_Q\/AAAAAAAAAAI\/AAAAAAAAAds\/oS-_gp8hXYE\/s40-c0x00000000-cc-rp-mo\/photo.jpg\" alt=\"Fran\u00e7oise MAR-MACSAY Avatar\" class=\"wprevpro_t1_IMG_4 wprevpro_avatarimg\" \/><\/a><\/span> <div class=\"wprevpro_t1_SPAN_5 wprev_preview_tcolor2_T1\"><div class=\"wprevpro_t1_rname wprevname\" >Fran\u00e7oise MAR-MACSAY<\/div><div class=\"wprev_showdate_T1 wprevdate\">7\/20\/2017<\/div> <\/div>\r\n\t\t\t\r\n\t\t<\/div>\r\n\t\t\r\n\t\t<\/div>\r\n\t<\/li><li>\t\t\t<div class=\"wprevpro_t1_outer_div w3_wprs-row wprevprodiv\">\r\n\t\t\t\t\t<div class=\"wprevpro_t1_DIV_1 w3_wprs-col l12 outerrevdiv\">\r\n\t\t\t<div class=\"indrevdiv wprevpro_t1_DIV_2 wprev_preview_bg1_T1 wprev_preview_bradius_T1\">\r\n\t\t\t\t<div class=\"indrevtxt wprevpro_t1_P_3 wprev_preview_tcolor1_T1\"><div class='readmoretextdiv indrevlineclamp' data-lines='3' data-revid='426'>\t\t\t\t\t<span class=\"wprevpro_star_imgs_T1\"><span class=\"starloc1 wprevpro_star_imgs wprevpro_star_imgsloc1\"><span class=\"svgicons svg-wprsp-star\"><\/span><span class=\"svgicons svg-wprsp-star\"><\/span><span class=\"svgicons svg-wprsp-star\"><\/span><span class=\"svgicons svg-wprsp-star\"><\/span><span class=\"svgicons svg-wprsp-star\"><\/span><\/span><\/span>\u00a1Qu\u00e9 unidad tan incre\u00edble, justo enfrente del puerto deportivo y el oc\u00e9ano! La vista desde el segundo piso es ideal, hay muchos lugares para caminar, espacio para estacionar el auto y la unidad tiene su propio ba\u00f1o, lo cual fue genial, e incluso ten\u00eda ba\u00f1era, algo poco com\u00fan. Ojal\u00e1 nos hubi\u00e9ramos quedado m\u00e1s tiempo, pero planeamos volver.<\/div><div class='divwprsrdmore' style='opacity:0;'><span class='wprs_rd_more'>Lee mas<\/span><span class='wprs_rd_less' style='display:none;'>Leer menos<\/span><\/div>\t\t\t\t<\/div>\r\n\t\t\t\t\t\t\t\t\t\t\t\t\t\t\t\t<a href=\"https:\/\/www.airbnb.com\/rooms\/16732667\" target=\"_blank\" rel=\"nofollow noreferrer\" class=\"wprevpro_t1_site_logo_a\"><img decoding=\"async\" width=\"30\" height=\"32\" src=\"https:\/\/www.tribunj.biz\/wp-content\/plugins\/wp-review-slider-pro-premium\/public\/partials\/imgs\/airbnb_small_icon.svg?id=1\" alt=\"logo de airbnb\" class=\"wprevpro_t1_site_logo wprevsiteicon\"><\/a>\t\t\t<\/div><span class=\"wprevpro_t1_A_8\"><a href=\"https:\/\/www.airbnb.com\/users\/show\/\" target=\"_blank\" rel=\"nofollow noreferrer\"><img decoding=\"async\" loading=\"lazy\" src=\"https:\/\/a0.muscache.com\/im\/pictures\/user\/3f921cc8-ad4a-4941-b791-ce08dd038cab.jpg?aki_policy=profile_x_medium\" alt=\"Avatar de Norm\" class=\"wprevpro_t1_IMG_4 wprevpro_avatarimg\" \/><\/a><\/span> <div class=\"wprevpro_t1_SPAN_5 wprev_preview_tcolor2_T1\"><div class=\"wprevpro_t1_rname wprevname\" >Norma<\/div><div class=\"wprev_showdate_T1 wprevdate\">7\/07\/2023<\/div> <\/div>\r\n\t\t\t\r\n\t\t<\/div>\r\n\t\t\r\n\t\t<\/div>\r\n\t<\/li><li>\t\t\t<div class=\"wprevpro_t1_outer_div w3_wprs-row wprevprodiv\">\r\n\t\t\t\t\t<div class=\"wprevpro_t1_DIV_1 w3_wprs-col l12 outerrevdiv\">\r\n\t\t\t<div class=\"indrevdiv wprevpro_t1_DIV_2 wprev_preview_bg1_T1 wprev_preview_bradius_T1\">\r\n\t\t\t\t<div class=\"indrevtxt wprevpro_t1_P_3 wprev_preview_tcolor1_T1\"><div class='readmoretextdiv indrevlineclamp' data-lines='3' data-revid='187'>\t\t\t\t\t<span class=\"wprevpro_star_imgs_T1\"><span class=\"starloc1 wprevpro_star_imgs wprevpro_star_imgsloc1\"><span class=\"svgicons svg-wprsp-star\"><\/span><span class=\"svgicons svg-wprsp-star\"><\/span><span class=\"svgicons svg-wprsp-star\"><\/span><span class=\"svgicons svg-wprsp-star\"><\/span><span class=\"svgicons svg-wprsp-star-o\"><\/span><\/span><\/span>Sve super. Odlicna lokacija.<\/div><div class='divwprsrdmore' style='opacity:0;'><span class='wprs_rd_more'>Lee mas<\/span><span class='wprs_rd_less' style='display:none;'>Leer menos<\/span><\/div>\t\t\t\t<\/div>\r\n\t\t\t\t\t\t\t\t\t\t\t\t\t\t\t\t<a href=\"https:\/\/www.airbnb.com\/rooms\/16732667\" target=\"_blank\" rel=\"nofollow noreferrer\" class=\"wprevpro_t1_site_logo_a\"><img decoding=\"async\" width=\"30\" height=\"32\" src=\"https:\/\/www.tribunj.biz\/wp-content\/plugins\/wp-review-slider-pro-premium\/public\/partials\/imgs\/airbnb_small_icon.svg?id=1\" alt=\"logo de airbnb\" class=\"wprevpro_t1_site_logo wprevsiteicon\"><\/a>\t\t\t<\/div><span class=\"wprevpro_t1_A_8\"><a href=\"https:\/\/www.airbnb.com\/users\/show\/132935578\" target=\"_blank\" rel=\"nofollow noreferrer\"><img decoding=\"async\" loading=\"lazy\" src=\"https:\/\/a0.muscache.com\/im\/pictures\/user\/113aad2b-c2d2-459b-8bf7-a3320c7ab9bc.jpg?aki_policy=profile_x_medium\" alt=\"Kristina Avatar\" class=\"wprevpro_t1_IMG_4 wprevpro_avatarimg\" \/><\/a><\/span> <div class=\"wprevpro_t1_SPAN_5 wprev_preview_tcolor2_T1\"><div class=\"wprevpro_t1_rname wprevname\" >Cristina<\/div><div class=\"wprev_showdate_T1 wprevdate\">6\/26\/2019<\/div> <\/div>\r\n\t\t\t\r\n\t\t<\/div>\r\n\t\t\r\n\t\t<\/div>\r\n\t<\/li><li>\t\t\t<div class=\"wprevpro_t1_outer_div w3_wprs-row wprevprodiv\">\r\n\t\t\t\t\t<div class=\"wprevpro_t1_DIV_1 w3_wprs-col l12 outerrevdiv\">\r\n\t\t\t<div class=\"indrevdiv wprevpro_t1_DIV_2 wprev_preview_bg1_T1 wprev_preview_bradius_T1\">\r\n\t\t\t\t<div class=\"indrevtxt wprevpro_t1_P_3 wprev_preview_tcolor1_T1\"><div class='readmoretextdiv indrevlineclamp' data-lines='3' data-revid='48'>\t\t\t\t\t<span class=\"wprevpro_star_imgs_T1\"><span class=\"starloc1 wprevpro_star_imgs wprevpro_star_imgsloc1\"><span class=\"svgicons svg-wprsp-star\"><\/span><span class=\"svgicons svg-wprsp-star\"><\/span><span class=\"svgicons svg-wprsp-star\"><\/span><span class=\"svgicons svg-wprsp-star\"><\/span><span class=\"svgicons svg-wprsp-star-o\"><\/span><\/span><\/span>Ante e Ivana fueron anfitriones muy abiertos y agradables, que siempre respondieron con rapidez y nos ayudaron con todas las cosas que se nos ocurrieron.<br>\n<br>\nEl apartamento en s\u00ed es exactamente como lo anuncian, con la vista desde el balc\u00f3n, \u00a1tal vez sea incluso mejor que en las fotos!<br>\nDefinitivamente una recomendaci\u00f3n, especialmente porque Tribunj est\u00e1 extremadamente bien ubicado para explorar la hermosa Split-Dalmacia.<\/div><div class='divwprsrdmore' style='opacity:0;'><span class='wprs_rd_more'>Lee mas<\/span><span class='wprs_rd_less' style='display:none;'>Leer menos<\/span><\/div>\t\t\t\t<\/div>\r\n\t\t\t\t\t\t\t\t\t\t\t\t\t\t\t\t<a href=\"https:\/\/www.airbnb.com\/rooms\/16732667\" target=\"_blank\" rel=\"nofollow noreferrer\" class=\"wprevpro_t1_site_logo_a\"><img decoding=\"async\" width=\"30\" height=\"32\" src=\"https:\/\/www.tribunj.biz\/wp-content\/plugins\/wp-review-slider-pro-premium\/public\/partials\/imgs\/airbnb_small_icon.svg?id=1\" alt=\"logo de airbnb\" class=\"wprevpro_t1_site_logo wprevsiteicon\"><\/a>\t\t\t<\/div><span class=\"wprevpro_t1_A_8\"><a href=\"https:\/\/www.airbnb.com\/users\/show\/67594086\" target=\"_blank\" rel=\"nofollow noreferrer\"><img decoding=\"async\" loading=\"lazy\" src=\"https:\/\/a0.muscache.com\/im\/pictures\/547fde18-a679-4c4e-b95b-3c435953484b.jpg?aki_policy=profile_x_medium\" alt=\"Avatar de oskar\" class=\"wprevpro_t1_IMG_4 wprevpro_avatarimg\" \/><\/a><\/span> <div class=\"wprevpro_t1_SPAN_5 wprev_preview_tcolor2_T1\"><div class=\"wprevpro_t1_rname wprevname\" >Oskar<\/div><div class=\"wprev_showdate_T1 wprevdate\">9\/17\/2018<\/div> <\/div>\r\n\t\t\t\r\n\t\t<\/div>\r\n\t\t\r\n\t\t<\/div>\r\n\t<\/li><li>\t\t\t<div class=\"wprevpro_t1_outer_div w3_wprs-row wprevprodiv\">\r\n\t\t\t\t\t<div class=\"wprevpro_t1_DIV_1 w3_wprs-col l12 outerrevdiv\">\r\n\t\t\t<div class=\"indrevdiv wprevpro_t1_DIV_2 wprev_preview_bg1_T1 wprev_preview_bradius_T1\">\r\n\t\t\t\t<div class=\"indrevtxt wprevpro_t1_P_3 wprev_preview_tcolor1_T1\"><div class='readmoretextdiv indrevlineclamp' data-lines='3' data-revid='577'>\t\t\t\t\t<span class=\"wprevpro_star_imgs_T1\"><span class=\"starloc1 wprevpro_star_imgs wprevpro_star_imgsloc1\"><span class=\"svgicons svg-wprsp-star\"><\/span><span class=\"svgicons svg-wprsp-star\"><\/span><span class=\"svgicons svg-wprsp-star\"><\/span><span class=\"svgicons svg-wprsp-star\"><\/span><span class=\"svgicons svg-wprsp-star\"><\/span><\/span><\/span>Ante es una anfitriona muy amable y atenta. Las vistas del puerto deportivo, el cielo nocturno y la ciudad son muy rom\u00e1nticas. Todo estaba muy tranquilo.<\/div><div class='divwprsrdmore' style='opacity:0;'><span class='wprs_rd_more'>Lee mas<\/span><span class='wprs_rd_less' style='display:none;'>Leer menos<\/span><\/div>\t\t\t\t<\/div>\r\n\t\t\t\t\t\t\t\t\t\t\t\t\t\t\t\t<a href=\"https:\/\/www.airbnb.com\/rooms\/8836313\" target=\"_blank\" rel=\"nofollow noreferrer\" class=\"wprevpro_t1_site_logo_a\"><img decoding=\"async\" width=\"30\" height=\"32\" src=\"https:\/\/www.tribunj.biz\/wp-content\/plugins\/wp-review-slider-pro-premium\/public\/partials\/imgs\/airbnb_small_icon.svg?id=1\" alt=\"logo de airbnb\" class=\"wprevpro_t1_site_logo wprevsiteicon\"><\/a>\t\t\t<\/div><span class=\"wprevpro_t1_A_8\"><a href=\"https:\/\/www.airbnb.com\/users\/show\/\" target=\"_blank\" rel=\"nofollow noreferrer\"><img decoding=\"async\" loading=\"lazy\" src=\"https:\/\/s3-media0.fl.yelpcdn.com\/assets\/srv0\/yelp_styleguide\/514f6997a318\/assets\/img\/default_avatars\/user_60_square.png\" alt=\"Avatar de Frank + Virginia + Eva-Marie\" class=\"wprevpro_t1_IMG_4 wprevpro_avatarimg\" \/><\/a><\/span> <div class=\"wprevpro_t1_SPAN_5 wprev_preview_tcolor2_T1\"><div class=\"wprevpro_t1_rname wprevname\" >Frank + Virginia + Eva-Marie<\/div><div class=\"wprev_showdate_T1 wprevdate\">10\/01\/2021<\/div> <\/div>\r\n\t\t\t\r\n\t\t<\/div>\r\n\t\t\r\n\t\t<\/div>\r\n\t<\/li><li>\t\t\t<div class=\"wprevpro_t1_outer_div w3_wprs-row wprevprodiv\">\r\n\t\t\t\t\t<div class=\"wprevpro_t1_DIV_1 w3_wprs-col l12 outerrevdiv\">\r\n\t\t\t<div class=\"indrevdiv wprevpro_t1_DIV_2 wprev_preview_bg1_T1 wprev_preview_bradius_T1\">\r\n\t\t\t\t<div class=\"indrevtxt wprevpro_t1_P_3 wprev_preview_tcolor1_T1\"><div class='readmoretextdiv indrevlineclamp' data-lines='3' data-revid='456'>\t\t\t\t\t<span class=\"wprevpro_star_imgs_T1\"><span class=\"starloc1 wprevpro_star_imgs wprevpro_star_imgsloc1\"><span class=\"svgicons svg-wprsp-star\"><\/span><span class=\"svgicons svg-wprsp-star\"><\/span><span class=\"svgicons svg-wprsp-star\"><\/span><span class=\"svgicons svg-wprsp-star\"><\/span><span class=\"svgicons svg-wprsp-star-o\"><\/span><\/span><\/span>Il mio soggiorno \u00e8 andato bene, Ante e Ivana sono stati disponibili. La c\u00e1mara es amplia y pulita. Ha una bellissima vista sul porticciolo dove ho potuto vedere il tramonto.<br>\nL&#039;unico problema, per me (potrebbe non esserlo per tutti) \u00e8 stato il bagno che non \u00e8 collegato alla camera, ma nella porta di fronte che affaccia su un atrio con altre due camere. <br>\nLa zona circundante \u00e8 molto bella e si mangia davvero bene.<br>\n\u00a1Ci ho passato due notti e torner\u00f2 sicuramente!<\/div><div class='divwprsrdmore' style='opacity:0;'><span class='wprs_rd_more'>Lee mas<\/span><span class='wprs_rd_less' style='display:none;'>Leer menos<\/span><\/div>\t\t\t\t<\/div>\r\n\t\t\t\t\t\t\t\t\t\t\t\t\t\t\t\t<a href=\"https:\/\/www.airbnb.com\/rooms\/16732667\" target=\"_blank\" rel=\"nofollow noreferrer\" class=\"wprevpro_t1_site_logo_a\"><img decoding=\"async\" width=\"30\" height=\"32\" src=\"https:\/\/www.tribunj.biz\/wp-content\/plugins\/wp-review-slider-pro-premium\/public\/partials\/imgs\/airbnb_small_icon.svg?id=1\" alt=\"logo de airbnb\" class=\"wprevpro_t1_site_logo wprevsiteicon\"><\/a>\t\t\t<\/div><span class=\"wprevpro_t1_A_8\"><a href=\"https:\/\/www.airbnb.com\/users\/show\/\" target=\"_blank\" rel=\"nofollow noreferrer\"><img decoding=\"async\" loading=\"lazy\" src=\"https:\/\/a0.muscache.com\/im\/pictures\/user\/User-70506860\/original\/52d19ee0-b23c-4e66-abf3-bdcd6291d542.jpeg?aki_policy=profile_x_medium\" alt=\"Mariachiara Avatar\" class=\"wprevpro_t1_IMG_4 wprevpro_avatarimg\" \/><\/a><\/span> <div class=\"wprevpro_t1_SPAN_5 wprev_preview_tcolor2_T1\"><div class=\"wprevpro_t1_rname wprevname\" >Mariachiara<\/div><div class=\"wprev_showdate_T1 wprevdate\">8\/21\/2023<\/div> <\/div>\r\n\t\t\t\r\n\t\t<\/div>\r\n\t\t\r\n\t\t<\/div>\r\n\t<\/li><li>\t\t\t<div class=\"wprevpro_t1_outer_div w3_wprs-row wprevprodiv\">\r\n\t\t\t\t\t<div class=\"wprevpro_t1_DIV_1 w3_wprs-col l12 outerrevdiv\">\r\n\t\t\t<div class=\"indrevdiv wprevpro_t1_DIV_2 wprev_preview_bg1_T1 wprev_preview_bradius_T1\">\r\n\t\t\t\t<div class=\"indrevtxt wprevpro_t1_P_3 wprev_preview_tcolor1_T1\"><div class='readmoretextdiv indrevlineclamp' data-lines='3' data-revid='106'>\t\t\t\t\t<span class=\"wprevpro_star_imgs_T1\"><span class=\"starloc1 wprevpro_star_imgs wprevpro_star_imgsloc1\"><span class=\"svgicons svg-wprsp-star\"><\/span><span class=\"svgicons svg-wprsp-star\"><\/span><span class=\"svgicons svg-wprsp-star\"><\/span><span class=\"svgicons svg-wprsp-star\"><\/span><span class=\"svgicons svg-wprsp-star\"><\/span><\/span><\/span><\/div><div class='divwprsrdmore' style='opacity:0;'><span class='wprs_rd_more'>Lee mas<\/span><span class='wprs_rd_less' style='display:none;'>Leer menos<\/span><\/div>\t\t\t\t<\/div>\r\n\t\t\t\t\t\t\t\t\t\t\t\t\t\t\t\t<a href=\"https:\/\/www.facebook.com\/pg\/451509874913315\/reviews\/\" target=\"_blank\" rel=\"nofollow noreferrer\" class=\"wprevpro_t1_site_logo_a\"><img decoding=\"async\" width=\"32\" height=\"32\" src=\"https:\/\/www.tribunj.biz\/wp-content\/plugins\/wp-review-slider-pro-premium\/public\/partials\/imgs\/facebook_small_icon.svg\" alt=\"Logo de Facebook\" class=\"wprevpro_t1_site_logo wprevsiteicon\"><\/a>\t\t\t<\/div><span class=\"wprevpro_t1_A_8\"><a href=\"https:\/\/www.facebook.com\/search\/top\/?q=Vlado+M.\" target=\"_blank\" rel=\"nofollow noreferrer\"><img decoding=\"async\" loading=\"lazy\" src=\"https:\/\/platform-lookaside.fbsbx.com\/platform\/profilepic\/?psid=2201218733230209&height=100&width=100&ext=1549327169&hash=AeS2Ujd8OU8yJ8YQ\" alt=\"Vlado M. Avatar\" class=\"wprevpro_t1_IMG_4 wprevpro_avatarimg\" \/><\/a><\/span> <div class=\"wprevpro_t1_SPAN_5 wprev_preview_tcolor2_T1\"><div class=\"wprevpro_t1_rname wprevname\" >Vlado M.<\/div><div class=\"wprev_showdate_T1 wprevdate\">8\/30\/2016<\/div> <\/div>\r\n\t\t\t\r\n\t\t<\/div>\r\n\t\t\r\n\t\t<\/div>\r\n\t<\/li><li>\t\t\t<div class=\"wprevpro_t1_outer_div w3_wprs-row wprevprodiv\">\r\n\t\t\t\t\t<div class=\"wprevpro_t1_DIV_1 w3_wprs-col l12 outerrevdiv\">\r\n\t\t\t<div class=\"indrevdiv wprevpro_t1_DIV_2 wprev_preview_bg1_T1 wprev_preview_bradius_T1\">\r\n\t\t\t\t<div class=\"indrevtxt wprevpro_t1_P_3 wprev_preview_tcolor1_T1\"><div class='readmoretextdiv indrevlineclamp' data-lines='3' data-revid='213'>\t\t\t\t\t<span class=\"wprevpro_star_imgs_T1\"><span class=\"starloc1 wprevpro_star_imgs wprevpro_star_imgsloc1\"><span class=\"svgicons svg-wprsp-star\"><\/span><span class=\"svgicons svg-wprsp-star\"><\/span><span class=\"svgicons svg-wprsp-star\"><\/span><span class=\"svgicons svg-wprsp-star\"><\/span><span class=\"svgicons svg-wprsp-star-o\"><\/span><\/span><\/span>Bonito y c\u00e9ntrico<\/div><div class='divwprsrdmore' style='opacity:0;'><span class='wprs_rd_more'>Lee mas<\/span><span class='wprs_rd_less' style='display:none;'>Leer menos<\/span><\/div>\t\t\t\t<\/div>\r\n\t\t\t\t\t\t\t\t\t\t\t\t\t\t\t\t<a href=\"https:\/\/www.airbnb.com\/rooms\/16732667\" target=\"_blank\" rel=\"nofollow noreferrer\" class=\"wprevpro_t1_site_logo_a\"><img decoding=\"async\" width=\"30\" height=\"32\" src=\"https:\/\/www.tribunj.biz\/wp-content\/plugins\/wp-review-slider-pro-premium\/public\/partials\/imgs\/airbnb_small_icon.svg?id=1\" alt=\"logo de airbnb\" class=\"wprevpro_t1_site_logo wprevsiteicon\"><\/a>\t\t\t<\/div><span class=\"wprevpro_t1_A_8\"><a href=\"https:\/\/www.airbnb.com\/users\/show\/120052931\" target=\"_blank\" rel=\"nofollow noreferrer\"><img decoding=\"async\" loading=\"lazy\" src=\"https:\/\/a0.muscache.com\/im\/pictures\/user\/93d5a0a6-e541-4a6f-97ee-31b3efeac3bf.jpg?aki_policy=profile_x_medium\" alt=\"Michelle Avatar\" class=\"wprevpro_t1_IMG_4 wprevpro_avatarimg\" \/><\/a><\/span> <div class=\"wprevpro_t1_SPAN_5 wprev_preview_tcolor2_T1\"><div class=\"wprevpro_t1_rname wprevname\" >Michelle<\/div><div class=\"wprev_showdate_T1 wprevdate\">10\/08\/2021<\/div> <\/div>\r\n\t\t\t\r\n\t\t<\/div>\r\n\t\t\r\n\t\t<\/div>\r\n\t<\/li><li>\t\t\t<div class=\"wprevpro_t1_outer_div w3_wprs-row wprevprodiv\">\r\n\t\t\t\t\t<div class=\"wprevpro_t1_DIV_1 w3_wprs-col l12 outerrevdiv\">\r\n\t\t\t<div class=\"indrevdiv wprevpro_t1_DIV_2 wprev_preview_bg1_T1 wprev_preview_bradius_T1\">\r\n\t\t\t\t<div class=\"indrevtxt wprevpro_t1_P_3 wprev_preview_tcolor1_T1\"><div class='readmoretextdiv indrevlineclamp' data-lines='3' data-revid='120'>\t\t\t\t\t<span class=\"wprevpro_star_imgs_T1\"><span class=\"starloc1 wprevpro_star_imgs wprevpro_star_imgsloc1\"><span class=\"svgicons svg-wprsp-star\"><\/span><span class=\"svgicons svg-wprsp-star\"><\/span><span class=\"svgicons svg-wprsp-star\"><\/span><span class=\"svgicons svg-wprsp-star\"><\/span><span class=\"svgicons svg-wprsp-star\"><\/span><\/span><\/span><\/div><div class='divwprsrdmore' style='opacity:0;'><span class='wprs_rd_more'>Lee mas<\/span><span class='wprs_rd_less' style='display:none;'>Leer menos<\/span><\/div>\t\t\t\t<\/div>\r\n\t\t\t\t\t\t\t\t\t\t\t\t\t\t\t\t<a href=\"https:\/\/www.facebook.com\/pg\/451509874913315\/reviews\/\" target=\"_blank\" rel=\"nofollow noreferrer\" class=\"wprevpro_t1_site_logo_a\"><img decoding=\"async\" width=\"32\" height=\"32\" src=\"https:\/\/www.tribunj.biz\/wp-content\/plugins\/wp-review-slider-pro-premium\/public\/partials\/imgs\/facebook_small_icon.svg\" alt=\"Logo de Facebook\" class=\"wprevpro_t1_site_logo wprevsiteicon\"><\/a>\t\t\t<\/div><span class=\"wprevpro_t1_A_8\"><a href=\"https:\/\/www.facebook.com\/search\/top\/?q=Dora+M.\" target=\"_blank\" rel=\"nofollow noreferrer\"><img decoding=\"async\" loading=\"lazy\" src=\"https:\/\/platform-lookaside.fbsbx.com\/platform\/profilepic\/?psid=2910016719023750&height=100&width=100&ext=1549327172&hash=AeTbJd_Z7M9xW-_3\" alt=\"Dora m. Avatar\" class=\"wprevpro_t1_IMG_4 wprevpro_avatarimg\" \/><\/a><\/span> <div class=\"wprevpro_t1_SPAN_5 wprev_preview_tcolor2_T1\"><div class=\"wprevpro_t1_rname wprevname\" >Dora m.<\/div><div class=\"wprev_showdate_T1 wprevdate\">7\/25\/2016<\/div> <\/div>\r\n\t\t\t\r\n\t\t<\/div>\r\n\t\t\r\n\t\t<\/div>\r\n\t<\/li><li>\t\t\t<div class=\"wprevpro_t1_outer_div w3_wprs-row wprevprodiv\">\r\n\t\t\t\t\t<div class=\"wprevpro_t1_DIV_1 w3_wprs-col l12 outerrevdiv\">\r\n\t\t\t<div class=\"indrevdiv wprevpro_t1_DIV_2 wprev_preview_bg1_T1 wprev_preview_bradius_T1\">\r\n\t\t\t\t<div class=\"indrevtxt wprevpro_t1_P_3 wprev_preview_tcolor1_T1\"><div class='readmoretextdiv indrevlineclamp' data-lines='3' data-revid='69'>\t\t\t\t\t<span class=\"wprevpro_star_imgs_T1\"><span class=\"starloc1 wprevpro_star_imgs wprevpro_star_imgsloc1\"><span class=\"svgicons svg-wprsp-star\"><\/span><span class=\"svgicons svg-wprsp-star\"><\/span><span class=\"svgicons svg-wprsp-star\"><\/span><span class=\"svgicons svg-wprsp-star-o\"><\/span><span class=\"svgicons svg-wprsp-star-o\"><\/span><\/span><\/span>appartement propre, et pour le prix nous n&#039;avons rien \u00e0 dire<\/div><div class='divwprsrdmore' style='opacity:0;'><span class='wprs_rd_more'>Lee mas<\/span><span class='wprs_rd_less' style='display:none;'>Leer menos<\/span><\/div>\t\t\t\t<\/div>\r\n\t\t\t\t\t\t\t\t\t\t\t\t\t\t\t\t<a href=\"https:\/\/www.airbnb.com\/rooms\/16732667\" target=\"_blank\" rel=\"nofollow noreferrer\" class=\"wprevpro_t1_site_logo_a\"><img decoding=\"async\" width=\"30\" height=\"32\" src=\"https:\/\/www.tribunj.biz\/wp-content\/plugins\/wp-review-slider-pro-premium\/public\/partials\/imgs\/airbnb_small_icon.svg?id=1\" alt=\"logo de airbnb\" class=\"wprevpro_t1_site_logo wprevsiteicon\"><\/a>\t\t\t<\/div><span class=\"wprevpro_t1_A_8\"><a href=\"https:\/\/www.airbnb.com\/users\/show\/77726132\" target=\"_blank\" rel=\"nofollow noreferrer\"><img decoding=\"async\" loading=\"lazy\" src=\"https:\/\/a0.muscache.com\/im\/pictures\/aa9d2a71-057e-436a-9075-b7e055c9e154.jpg?aki_policy=profile_x_medium\" alt=\"Marc avatar\" class=\"wprevpro_t1_IMG_4 wprevpro_avatarimg\" \/><\/a><\/span> <div class=\"wprevpro_t1_SPAN_5 wprev_preview_tcolor2_T1\"><div class=\"wprevpro_t1_rname wprevname\" >Bagazo<\/div><div class=\"wprev_showdate_T1 wprevdate\">8\/30\/2018<\/div> <\/div>\r\n\t\t\t\r\n\t\t<\/div>\r\n\t\t\r\n\t\t<\/div>\r\n\t<\/li><li>\t\t\t<div class=\"wprevpro_t1_outer_div w3_wprs-row wprevprodiv\">\r\n\t\t\t\t\t<div class=\"wprevpro_t1_DIV_1 w3_wprs-col l12 outerrevdiv\">\r\n\t\t\t<div class=\"indrevdiv wprevpro_t1_DIV_2 wprev_preview_bg1_T1 wprev_preview_bradius_T1\">\r\n\t\t\t\t<div class=\"indrevtxt wprevpro_t1_P_3 wprev_preview_tcolor1_T1\"><div class='readmoretextdiv indrevlineclamp' data-lines='3' data-revid='147'>\t\t\t\t\t<span class=\"wprevpro_star_imgs_T1\"><span class=\"starloc1 wprevpro_star_imgs wprevpro_star_imgsloc1\"><span class=\"svgicons svg-wprsp-star\"><\/span><span class=\"svgicons svg-wprsp-star\"><\/span><span class=\"svgicons svg-wprsp-star\"><\/span><span class=\"svgicons svg-wprsp-star\"><\/span><span class=\"svgicons svg-wprsp-star\"><\/span><\/span><\/span>Ante e Ivana son unos anfitriones excepcionales. Muy amables y atentos. El lugar est\u00e1 impecable y la vista es espectacular, justo lo que prometieron al presentarnos. Este peque\u00f1o pueblo es precioso y la gente es muy amable y acogedora.<br>\nGracias por permitirnos quedarnos en su casa.<\/div><div class='divwprsrdmore' style='opacity:0;'><span class='wprs_rd_more'>Lee mas<\/span><span class='wprs_rd_less' style='display:none;'>Leer menos<\/span><\/div>\t\t\t\t<\/div>\r\n\t\t\t\t\t\t\t\t\t\t\t\t\t\t\t\t<a href=\"https:\/\/www.airbnb.com\/rooms\/16732667\" target=\"_blank\" rel=\"nofollow noreferrer\" class=\"wprevpro_t1_site_logo_a\"><img decoding=\"async\" width=\"30\" height=\"32\" src=\"https:\/\/www.tribunj.biz\/wp-content\/plugins\/wp-review-slider-pro-premium\/public\/partials\/imgs\/airbnb_small_icon.svg?id=1\" alt=\"logo de airbnb\" class=\"wprevpro_t1_site_logo wprevsiteicon\"><\/a>\t\t\t<\/div><span class=\"wprevpro_t1_A_8\"><a href=\"https:\/\/www.airbnb.com\/users\/show\/198040156\" target=\"_blank\" rel=\"nofollow noreferrer\"><img decoding=\"async\" loading=\"lazy\" src=\"https:\/\/a0.muscache.com\/im\/pictures\/user\/29946048-c371-42c6-91c3-098289b43c74.jpg?aki_policy=profile_x_medium\" alt=\"Avatar de Kalev\" class=\"wprevpro_t1_IMG_4 wprevpro_avatarimg\" \/><\/a><\/span> <div class=\"wprevpro_t1_SPAN_5 wprev_preview_tcolor2_T1\"><div class=\"wprevpro_t1_rname wprevname\" >Kalev<\/div><div class=\"wprev_showdate_T1 wprevdate\">6\/21\/2020<\/div> <\/div>\r\n\t\t\t\r\n\t\t<\/div>\r\n\t\t\r\n\t\t<\/div>\r\n\t<\/li><li>\t\t\t<div class=\"wprevpro_t1_outer_div w3_wprs-row wprevprodiv\">\r\n\t\t\t\t\t<div class=\"wprevpro_t1_DIV_1 w3_wprs-col l12 outerrevdiv\">\r\n\t\t\t<div class=\"indrevdiv wprevpro_t1_DIV_2 wprev_preview_bg1_T1 wprev_preview_bradius_T1\">\r\n\t\t\t\t<div class=\"indrevtxt wprevpro_t1_P_3 wprev_preview_tcolor1_T1\"><div class='readmoretextdiv indrevlineclamp' data-lines='3' data-revid='10'>\t\t\t\t\t<span class=\"wprevpro_star_imgs_T1\"><span class=\"starloc1 wprevpro_star_imgs wprevpro_star_imgsloc1\"><span class=\"svgicons svg-wprsp-star\"><\/span><span class=\"svgicons svg-wprsp-star\"><\/span><span class=\"svgicons svg-wprsp-star\"><\/span><span class=\"svgicons svg-wprsp-star\"><\/span><span class=\"svgicons svg-wprsp-star-o\"><\/span><\/span><\/span>9<\/div><div class='divwprsrdmore' style='opacity:0;'><span class='wprs_rd_more'>Lee mas<\/span><span class='wprs_rd_less' style='display:none;'>Leer menos<\/span><\/div>\t\t\t\t<\/div>\r\n\t\t\t\t\t\t\t\t\t\t\t\t\t\t\t\t<a href=\"https:\/\/www.facebook.com\/pg\/451509874913315\/reviews\/\" target=\"_blank\" rel=\"nofollow noreferrer\" class=\"wprevpro_t1_site_logo_a\"><img decoding=\"async\" width=\"32\" height=\"32\" src=\"https:\/\/www.tribunj.biz\/wp-content\/plugins\/wp-review-slider-pro-premium\/public\/partials\/imgs\/facebook_small_icon.svg\" alt=\"Logo de Facebook\" class=\"wprevpro_t1_site_logo wprevsiteicon\"><\/a>\t\t\t<\/div><span class=\"wprevpro_t1_A_8\"><a href=\"https:\/\/www.facebook.com\/search\/top\/?q=Bo%26%23382%3Bica+Rus\" target=\"_blank\" rel=\"nofollow noreferrer\"><img decoding=\"async\" loading=\"lazy\" src=\"https:\/\/scontent-frx5-1.xx.fbcdn.net\/v\/t1.0-1\/c19.0.50.50\/p50x50\/15966326_1808301116107677_8654605004757840740_n.jpg?_nc_cat=0&amp;oh=dcb24de9191b2c7b1fc70347a2434dff&amp;oe=5BAA0666\" alt=\"Bo\u017eica Rus Avatar\" class=\"wprevpro_t1_IMG_4 wprevpro_avatarimg\" \/><\/a><\/span> <div class=\"wprevpro_t1_SPAN_5 wprev_preview_tcolor2_T1\"><div class=\"wprevpro_t1_rname wprevname\" >Bo\u017eica Rus<\/div><div class=\"wprev_showdate_T1 wprevdate\">4\/11\/2018<\/div> <\/div>\r\n\t\t\t\r\n\t\t<\/div>\r\n\t\t\r\n\t\t<\/div>\r\n\t<\/li><li>\t\t\t<div class=\"wprevpro_t1_outer_div w3_wprs-row wprevprodiv\">\r\n\t\t\t\t\t<div class=\"wprevpro_t1_DIV_1 w3_wprs-col l12 outerrevdiv\">\r\n\t\t\t<div class=\"indrevdiv wprevpro_t1_DIV_2 wprev_preview_bg1_T1 wprev_preview_bradius_T1\">\r\n\t\t\t\t<div class=\"indrevtxt wprevpro_t1_P_3 wprev_preview_tcolor1_T1\"><div class='readmoretextdiv indrevlineclamp' data-lines='3' data-revid='139'>\t\t\t\t\t<span class=\"wprevpro_star_imgs_T1\"><span class=\"starloc1 wprevpro_star_imgs wprevpro_star_imgsloc1\"><span class=\"svgicons svg-wprsp-star\"><\/span><span class=\"svgicons svg-wprsp-star\"><\/span><span class=\"svgicons svg-wprsp-star\"><\/span><span class=\"svgicons svg-wprsp-star\"><\/span><span class=\"svgicons svg-wprsp-star\"><\/span><\/span><\/span>Ante fue muy servicial tanto con el check-in como con el check-out. En ambos casos, no estaba seguro de c\u00f3mo llegar al hotel, pero Ante me llev\u00f3 en ambos viajes. Agradec\u00ed mucho toda su ayuda. La cama era muy c\u00f3moda y estaba cerca de la playa p\u00fablica. Disfrut\u00e9 de su ubicaci\u00f3n y agradec\u00ed todo su esfuerzo.<\/div><div class='divwprsrdmore' style='opacity:0;'><span class='wprs_rd_more'>Lee mas<\/span><span class='wprs_rd_less' style='display:none;'>Leer menos<\/span><\/div>\t\t\t\t<\/div>\r\n\t\t\t\t\t\t\t\t\t\t\t\t\t\t\t\t<a href=\"https:\/\/www.airbnb.com\/rooms\/16732667\" target=\"_blank\" rel=\"nofollow noreferrer\" class=\"wprevpro_t1_site_logo_a\"><img decoding=\"async\" width=\"30\" height=\"32\" src=\"https:\/\/www.tribunj.biz\/wp-content\/plugins\/wp-review-slider-pro-premium\/public\/partials\/imgs\/airbnb_small_icon.svg?id=1\" alt=\"logo de airbnb\" class=\"wprevpro_t1_site_logo wprevsiteicon\"><\/a>\t\t\t<\/div><span class=\"wprevpro_t1_A_8\"><a href=\"https:\/\/www.airbnb.com\/users\/show\/145592720\" target=\"_blank\" rel=\"nofollow noreferrer\"><img decoding=\"async\" loading=\"lazy\" src=\"https:\/\/a0.muscache.com\/im\/pictures\/user\/c54a0cd3-2c86-4112-8225-9469f34fa989.jpg?aki_policy=profile_x_medium\" alt=\"Avatar de Brinley\" class=\"wprevpro_t1_IMG_4 wprevpro_avatarimg\" \/><\/a><\/span> <div class=\"wprevpro_t1_SPAN_5 wprev_preview_tcolor2_T1\"><div class=\"wprevpro_t1_rname wprevname\" >Brinley<\/div><div class=\"wprev_showdate_T1 wprevdate\">9\/14\/2019<\/div> <\/div>\r\n\t\t\t\r\n\t\t<\/div>\r\n\t\t\r\n\t\t<\/div>\r\n\t<\/li><li>\t\t\t<div class=\"wprevpro_t1_outer_div w3_wprs-row wprevprodiv\">\r\n\t\t\t\t\t<div class=\"wprevpro_t1_DIV_1 w3_wprs-col l12 outerrevdiv\">\r\n\t\t\t<div class=\"indrevdiv wprevpro_t1_DIV_2 wprev_preview_bg1_T1 wprev_preview_bradius_T1\">\r\n\t\t\t\t<div class=\"indrevtxt wprevpro_t1_P_3 wprev_preview_tcolor1_T1\"><div class='readmoretextdiv indrevlineclamp' data-lines='3' data-revid='174'>\t\t\t\t\t<span class=\"wprevpro_star_imgs_T1\"><span class=\"starloc1 wprevpro_star_imgs wprevpro_star_imgsloc1\"><span class=\"svgicons svg-wprsp-star\"><\/span><span class=\"svgicons svg-wprsp-star\"><\/span><span class=\"svgicons svg-wprsp-star\"><\/span><span class=\"svgicons svg-wprsp-star\"><\/span><span class=\"svgicons svg-wprsp-star\"><\/span><\/span><\/span>Anfitriones muy amables y serviciales, y excelente comunicaci\u00f3n. El apartamento estaba limpio y todo como se esperaba.<\/div><div class='divwprsrdmore' style='opacity:0;'><span class='wprs_rd_more'>Lee mas<\/span><span class='wprs_rd_less' style='display:none;'>Leer menos<\/span><\/div>\t\t\t\t<\/div>\r\n\t\t\t\t\t\t\t\t\t\t\t\t\t\t\t\t<a href=\"https:\/\/www.airbnb.com\/rooms\/16732667\" target=\"_blank\" rel=\"nofollow noreferrer\" class=\"wprevpro_t1_site_logo_a\"><img decoding=\"async\" width=\"30\" height=\"32\" src=\"https:\/\/www.tribunj.biz\/wp-content\/plugins\/wp-review-slider-pro-premium\/public\/partials\/imgs\/airbnb_small_icon.svg?id=1\" alt=\"logo de airbnb\" class=\"wprevpro_t1_site_logo wprevsiteicon\"><\/a>\t\t\t<\/div><span class=\"wprevpro_t1_A_8\"><a href=\"https:\/\/www.airbnb.com\/users\/show\/66917163\" target=\"_blank\" rel=\"nofollow noreferrer\"><img decoding=\"async\" loading=\"lazy\" src=\"https:\/\/a0.muscache.com\/im\/pictures\/user\/1e5364e7-f6e3-447f-b949-22f87ca8eb76.jpg?aki_policy=profile_x_medium\" alt=\"Avatar de Levent\" class=\"wprevpro_t1_IMG_4 wprevpro_avatarimg\" \/><\/a><\/span> <div class=\"wprevpro_t1_SPAN_5 wprev_preview_tcolor2_T1\"><div class=\"wprevpro_t1_rname wprevname\" >Levent<\/div><div class=\"wprev_showdate_T1 wprevdate\">5\/03\/2019<\/div> <\/div>\r\n\t\t\t\r\n\t\t<\/div>\r\n\t\t\r\n\t\t<\/div>\r\n\t<\/li><li>\t\t\t<div class=\"wprevpro_t1_outer_div w3_wprs-row wprevprodiv\">\r\n\t\t\t\t\t<div class=\"wprevpro_t1_DIV_1 w3_wprs-col l12 outerrevdiv\">\r\n\t\t\t<div class=\"indrevdiv wprevpro_t1_DIV_2 wprev_preview_bg1_T1 wprev_preview_bradius_T1\">\r\n\t\t\t\t<div class=\"indrevtxt wprevpro_t1_P_3 wprev_preview_tcolor1_T1\"><div class='readmoretextdiv indrevlineclamp' data-lines='3' data-revid='152'>\t\t\t\t\t<span class=\"wprevpro_star_imgs_T1\"><span class=\"starloc1 wprevpro_star_imgs wprevpro_star_imgsloc1\"><span class=\"svgicons svg-wprsp-star\"><\/span><span class=\"svgicons svg-wprsp-star\"><\/span><span class=\"svgicons svg-wprsp-star\"><\/span><span class=\"svgicons svg-wprsp-star\"><\/span><span class=\"svgicons svg-wprsp-star\"><\/span><\/span><\/span>Preciosa habitaci\u00f3n en un apartamento compartido. Anfitriones muy atentos. Reservamos a \u00faltima hora y respondieron enseguida. Estaban listos para nuestra llegada :).<br>\nLindo y peque\u00f1o pueblo sobre el agua.<\/div><div class='divwprsrdmore' style='opacity:0;'><span class='wprs_rd_more'>Lee mas<\/span><span class='wprs_rd_less' style='display:none;'>Leer menos<\/span><\/div>\t\t\t\t<\/div>\r\n\t\t\t\t\t\t\t\t\t\t\t\t\t\t\t\t<a href=\"https:\/\/www.airbnb.com\/rooms\/16732667\" target=\"_blank\" rel=\"nofollow noreferrer\" class=\"wprevpro_t1_site_logo_a\"><img decoding=\"async\" width=\"30\" height=\"32\" src=\"https:\/\/www.tribunj.biz\/wp-content\/plugins\/wp-review-slider-pro-premium\/public\/partials\/imgs\/airbnb_small_icon.svg?id=1\" alt=\"logo de airbnb\" class=\"wprevpro_t1_site_logo wprevsiteicon\"><\/a>\t\t\t<\/div><span class=\"wprevpro_t1_A_8\"><a href=\"https:\/\/www.airbnb.com\/users\/show\/153942378\" target=\"_blank\" rel=\"nofollow noreferrer\"><img decoding=\"async\" loading=\"lazy\" src=\"https:\/\/a0.muscache.com\/im\/pictures\/user\/9ad6c517-7d21-4550-ab89-96c8b6d91a5f.jpg?aki_policy=profile_x_medium\" alt=\"Avatar de Kayla\" class=\"wprevpro_t1_IMG_4 wprevpro_avatarimg\" \/><\/a><\/span> <div class=\"wprevpro_t1_SPAN_5 wprev_preview_tcolor2_T1\"><div class=\"wprevpro_t1_rname wprevname\" >Kayla<\/div><div class=\"wprev_showdate_T1 wprevdate\">9\/27\/2019<\/div> <\/div>\r\n\t\t\t\r\n\t\t<\/div>\r\n\t\t\r\n\t\t<\/div>\r\n\t<\/li><li>\t\t\t<div class=\"wprevpro_t1_outer_div w3_wprs-row wprevprodiv\">\r\n\t\t\t\t\t<div class=\"wprevpro_t1_DIV_1 w3_wprs-col l12 outerrevdiv\">\r\n\t\t\t<div class=\"indrevdiv wprevpro_t1_DIV_2 wprev_preview_bg1_T1 wprev_preview_bradius_T1\">\r\n\t\t\t\t<div class=\"indrevtxt wprevpro_t1_P_3 wprev_preview_tcolor1_T1\"><div class='readmoretextdiv indrevlineclamp' data-lines='3' data-revid='506'>\t\t\t\t\t<span class=\"wprevpro_star_imgs_T1\"><span class=\"starloc1 wprevpro_star_imgs wprevpro_star_imgsloc1\"><span class=\"svgicons svg-wprsp-star\"><\/span><span class=\"svgicons svg-wprsp-star\"><\/span><span class=\"svgicons svg-wprsp-star\"><\/span><span class=\"svgicons svg-wprsp-star\"><\/span><span class=\"svgicons svg-wprsp-star\"><\/span><\/span><\/span>\u00a1Totalmente magn\u00edfico!<\/div><div class='divwprsrdmore' style='opacity:0;'><span class='wprs_rd_more'>Lee mas<\/span><span class='wprs_rd_less' style='display:none;'>Leer menos<\/span><\/div>\t\t\t\t<\/div>\r\n\t\t\t\t\t\t\t\t\t\t\t\t\t\t\t\t<a href=\"https:\/\/www.airbnb.com\/rooms\/16732667\" target=\"_blank\" rel=\"nofollow noreferrer\" class=\"wprevpro_t1_site_logo_a\"><img decoding=\"async\" width=\"30\" height=\"32\" src=\"https:\/\/www.tribunj.biz\/wp-content\/plugins\/wp-review-slider-pro-premium\/public\/partials\/imgs\/airbnb_small_icon.svg?id=1\" alt=\"logo de airbnb\" class=\"wprevpro_t1_site_logo wprevsiteicon\"><\/a>\t\t\t<\/div><span class=\"wprevpro_t1_A_8\"><a href=\"https:\/\/www.airbnb.com\/users\/show\/\" target=\"_blank\" rel=\"nofollow noreferrer\"><img decoding=\"async\" loading=\"lazy\" src=\"https:\/\/a0.muscache.com\/im\/pictures\/user\/2a288b8d-15a4-4821-8763-3f143b5149de.jpg?aki_policy=profile_x_medium\" alt=\"Cristina Avatar\" class=\"wprevpro_t1_IMG_4 wprevpro_avatarimg\" \/><\/a><\/span> <div class=\"wprevpro_t1_SPAN_5 wprev_preview_tcolor2_T1\"><div class=\"wprevpro_t1_rname wprevname\" >Cristina<\/div><div class=\"wprev_showdate_T1 wprevdate\">8\/17\/2024<\/div> <\/div>\r\n\t\t\t\r\n\t\t<\/div>\r\n\t\t\r\n\t\t<\/div>\r\n\t<\/li><li>\t\t\t<div class=\"wprevpro_t1_outer_div w3_wprs-row wprevprodiv\">\r\n\t\t\t\t\t<div class=\"wprevpro_t1_DIV_1 w3_wprs-col l12 outerrevdiv\">\r\n\t\t\t<div class=\"indrevdiv wprevpro_t1_DIV_2 wprev_preview_bg1_T1 wprev_preview_bradius_T1\">\r\n\t\t\t\t<div class=\"indrevtxt wprevpro_t1_P_3 wprev_preview_tcolor1_T1\"><div class='readmoretextdiv indrevlineclamp' data-lines='3' data-revid='249'>\t\t\t\t\t<span class=\"wprevpro_star_imgs_T1\"><span class=\"starloc1 wprevpro_star_imgs wprevpro_star_imgsloc1\"><span class=\"svgicons svg-wprsp-star\"><\/span><span class=\"svgicons svg-wprsp-star\"><\/span><span class=\"svgicons svg-wprsp-star\"><\/span><span class=\"svgicons svg-wprsp-star\"><\/span><span class=\"svgicons svg-wprsp-star\"><\/span><\/span><\/span>\u00a1Super Lage, Privater Parkplatz und sauberes Zimmer, perfecto para Kurzaufenthalt!<\/div><div class='divwprsrdmore' style='opacity:0;'><span class='wprs_rd_more'>Lee mas<\/span><span class='wprs_rd_less' style='display:none;'>Leer menos<\/span><\/div>\t\t\t\t<\/div>\r\n\t\t\t\t\t\t\t\t\t\t\t\t\t\t\t\t<a href=\"https:\/\/www.airbnb.com\/rooms\/16732667\" target=\"_blank\" rel=\"nofollow noreferrer\" class=\"wprevpro_t1_site_logo_a\"><img decoding=\"async\" width=\"30\" height=\"32\" src=\"https:\/\/www.tribunj.biz\/wp-content\/plugins\/wp-review-slider-pro-premium\/public\/partials\/imgs\/airbnb_small_icon.svg?id=1\" alt=\"logo de airbnb\" class=\"wprevpro_t1_site_logo wprevsiteicon\"><\/a>\t\t\t<\/div><span class=\"wprevpro_t1_A_8\"><a href=\"https:\/\/www.airbnb.com\/users\/show\/\" target=\"_blank\" rel=\"nofollow noreferrer\"><img decoding=\"async\" loading=\"lazy\" src=\"https:\/\/a0.muscache.com\/im\/pictures\/user\/d4e291e0-fc9a-4a80-ab29-7e42bc4efb6f.jpg?aki_policy=profile_x_medium\" alt=\"Avatar de Beatriz\" class=\"wprevpro_t1_IMG_4 wprevpro_avatarimg\" \/><\/a><\/span> <div class=\"wprevpro_t1_SPAN_5 wprev_preview_tcolor2_T1\"><div class=\"wprevpro_t1_rname wprevname\" >Beatriz<\/div><div class=\"wprev_showdate_T1 wprevdate\">9\/25\/2022<\/div> <\/div>\r\n\t\t\t\r\n\t\t<\/div>\r\n\t\t\r\n\t\t<\/div>\r\n\t<\/li><li>\t\t\t<div class=\"wprevpro_t1_outer_div w3_wprs-row wprevprodiv\">\r\n\t\t\t\t\t<div class=\"wprevpro_t1_DIV_1 w3_wprs-col l12 outerrevdiv\">\r\n\t\t\t<div class=\"indrevdiv wprevpro_t1_DIV_2 wprev_preview_bg1_T1 wprev_preview_bradius_T1\">\r\n\t\t\t\t<div class=\"indrevtxt wprevpro_t1_P_3 wprev_preview_tcolor1_T1\"><div class='readmoretextdiv indrevlineclamp' data-lines='3' data-revid='156'>\t\t\t\t\t<span class=\"wprevpro_star_imgs_T1\"><span class=\"starloc1 wprevpro_star_imgs wprevpro_star_imgsloc1\"><span class=\"svgicons svg-wprsp-star\"><\/span><span class=\"svgicons svg-wprsp-star\"><\/span><span class=\"svgicons svg-wprsp-star\"><\/span><span class=\"svgicons svg-wprsp-star\"><\/span><span class=\"svgicons svg-wprsp-star-o\"><\/span><\/span><\/span>Habitaci\u00f3n muy limpia y tranquila, incluido estacionamiento. \u00a1Disfrutamos nuestra estad\u00eda!<\/div><div class='divwprsrdmore' style='opacity:0;'><span class='wprs_rd_more'>Lee mas<\/span><span class='wprs_rd_less' style='display:none;'>Leer menos<\/span><\/div>\t\t\t\t<\/div>\r\n\t\t\t\t\t\t\t\t\t\t\t\t\t\t\t\t<a href=\"https:\/\/www.airbnb.com\/rooms\/16732667\" target=\"_blank\" rel=\"nofollow noreferrer\" class=\"wprevpro_t1_site_logo_a\"><img decoding=\"async\" width=\"30\" height=\"32\" src=\"https:\/\/www.tribunj.biz\/wp-content\/plugins\/wp-review-slider-pro-premium\/public\/partials\/imgs\/airbnb_small_icon.svg?id=1\" alt=\"logo de airbnb\" class=\"wprevpro_t1_site_logo wprevsiteicon\"><\/a>\t\t\t<\/div><span class=\"wprevpro_t1_A_8\"><a href=\"https:\/\/www.airbnb.com\/users\/show\/2425430\" target=\"_blank\" rel=\"nofollow noreferrer\"><img decoding=\"async\" loading=\"lazy\" src=\"https:\/\/a0.muscache.com\/im\/pictures\/user\/e1bc21fe-bb57-4bf7-949d-c6ea6915fa06.jpg?aki_policy=profile_x_medium\" alt=\"Pascal Avatar\" class=\"wprevpro_t1_IMG_4 wprevpro_avatarimg\" \/><\/a><\/span> <div class=\"wprevpro_t1_SPAN_5 wprev_preview_tcolor2_T1\"><div class=\"wprevpro_t1_rname wprevname\" >Pascal<\/div><div class=\"wprev_showdate_T1 wprevdate\">9\/19\/2019<\/div> <\/div>\r\n\t\t\t\r\n\t\t<\/div>\r\n\t\t\r\n\t\t<\/div>\r\n\t<\/li><li>\t\t\t<div class=\"wprevpro_t1_outer_div w3_wprs-row wprevprodiv\">\r\n\t\t\t\t\t<div class=\"wprevpro_t1_DIV_1 w3_wprs-col l12 outerrevdiv\">\r\n\t\t\t<div class=\"indrevdiv wprevpro_t1_DIV_2 wprev_preview_bg1_T1 wprev_preview_bradius_T1\">\r\n\t\t\t\t<div class=\"indrevtxt wprevpro_t1_P_3 wprev_preview_tcolor1_T1\"><div class='readmoretextdiv indrevlineclamp' data-lines='3' data-revid='94'>\t\t\t\t\t<span class=\"wprevpro_star_imgs_T1\"><span class=\"starloc1 wprevpro_star_imgs wprevpro_star_imgsloc1\"><span class=\"svgicons svg-wprsp-star\"><\/span><span class=\"svgicons svg-wprsp-star\"><\/span><span class=\"svgicons svg-wprsp-star\"><\/span><span class=\"svgicons svg-wprsp-star\"><\/span><span class=\"svgicons svg-wprsp-star\"><\/span><\/span><\/span><\/div><div class='divwprsrdmore' style='opacity:0;'><span class='wprs_rd_more'>Lee mas<\/span><span class='wprs_rd_less' style='display:none;'>Leer menos<\/span><\/div>\t\t\t\t<\/div>\r\n\t\t\t\t\t\t\t\t\t\t\t\t\t\t\t\t<a href=\"https:\/\/www.facebook.com\/pg\/451509874913315\/reviews\/\" target=\"_blank\" rel=\"nofollow noreferrer\" class=\"wprevpro_t1_site_logo_a\"><img decoding=\"async\" width=\"32\" height=\"32\" src=\"https:\/\/www.tribunj.biz\/wp-content\/plugins\/wp-review-slider-pro-premium\/public\/partials\/imgs\/facebook_small_icon.svg\" alt=\"Logo de Facebook\" class=\"wprevpro_t1_site_logo wprevsiteicon\"><\/a>\t\t\t<\/div><span class=\"wprevpro_t1_A_8\"><a href=\"https:\/\/www.facebook.com\/search\/top\/?q=Jan+H.\" target=\"_blank\" rel=\"nofollow noreferrer\"><img decoding=\"async\" loading=\"lazy\" src=\"https:\/\/platform-lookaside.fbsbx.com\/platform\/profilepic\/?psid=2135746373114582&height=100&width=100&ext=1549327162&hash=AeQ9ATJDh4bnr_-M\" alt=\"Jan H. Avatar\" class=\"wprevpro_t1_IMG_4 wprevpro_avatarimg\" \/><\/a><\/span> <div class=\"wprevpro_t1_SPAN_5 wprev_preview_tcolor2_T1\"><div class=\"wprevpro_t1_rname wprevname\" >Jan H.<\/div><div class=\"wprev_showdate_T1 wprevdate\">9\/01\/2017<\/div> <\/div>\r\n\t\t\t\r\n\t\t<\/div>\r\n\t\t\r\n\t\t<\/div>\r\n\t<\/li><li>\t\t\t<div class=\"wprevpro_t1_outer_div w3_wprs-row wprevprodiv\">\r\n\t\t\t\t\t<div class=\"wprevpro_t1_DIV_1 w3_wprs-col l12 outerrevdiv\">\r\n\t\t\t<div class=\"indrevdiv wprevpro_t1_DIV_2 wprev_preview_bg1_T1 wprev_preview_bradius_T1\">\r\n\t\t\t\t<div class=\"indrevtxt wprevpro_t1_P_3 wprev_preview_tcolor1_T1\"><div class='readmoretextdiv indrevlineclamp' data-lines='3' data-revid='264'>\t\t\t\t\t<span class=\"wprevpro_star_imgs_T1\"><span class=\"starloc1 wprevpro_star_imgs wprevpro_star_imgsloc1\"><span class=\"svgicons svg-wprsp-star\"><\/span><span class=\"svgicons svg-wprsp-star\"><\/span><span class=\"svgicons svg-wprsp-star\"><\/span><span class=\"svgicons svg-wprsp-star\"><\/span><span class=\"svgicons svg-wprsp-star\"><\/span><\/span><\/span>\u00a1Tuvimos una estancia fant\u00e1stica! La comunicaci\u00f3n fue perfecta, fue f\u00e1cil encontrar el alojamiento, aparcamiento gratuito, anfitriones amables y atentos, un apartamento bonito y superlimpio con unas vistas espectaculares. A pocos minutos a pie del precioso casco antiguo y de las tiendas.<\/div><div class='divwprsrdmore' style='opacity:0;'><span class='wprs_rd_more'>Lee mas<\/span><span class='wprs_rd_less' style='display:none;'>Leer menos<\/span><\/div>\t\t\t\t<\/div>\r\n\t\t\t\t\t\t\t\t\t\t\t\t\t\t\t\t<a href=\"https:\/\/www.airbnb.com\/rooms\/8837098\" target=\"_blank\" rel=\"nofollow noreferrer\" class=\"wprevpro_t1_site_logo_a\"><img decoding=\"async\" width=\"30\" height=\"32\" src=\"https:\/\/www.tribunj.biz\/wp-content\/plugins\/wp-review-slider-pro-premium\/public\/partials\/imgs\/airbnb_small_icon.svg?id=1\" alt=\"logo de airbnb\" class=\"wprevpro_t1_site_logo wprevsiteicon\"><\/a>\t\t\t<\/div><span class=\"wprevpro_t1_A_8\"><a href=\"https:\/\/www.airbnb.com\/users\/show\/\" target=\"_blank\" rel=\"nofollow noreferrer\"><img decoding=\"async\" loading=\"lazy\" src=\"https:\/\/a0.muscache.com\/im\/pictures\/user\/5a4775ca-d765-4cf3-b441-8e9754fa6bfc.jpg?aki_policy=profile_x_medium\" alt=\"Maxime Avatar\" class=\"wprevpro_t1_IMG_4 wprevpro_avatarimg\" \/><\/a><\/span> <div class=\"wprevpro_t1_SPAN_5 wprev_preview_tcolor2_T1\"><div class=\"wprevpro_t1_rname wprevname\" >M\u00e1ximo<\/div><div class=\"wprev_showdate_T1 wprevdate\">4\/13\/2023<\/div> <\/div>\r\n\t\t\t\r\n\t\t<\/div>\r\n\t\t\r\n\t\t<\/div>\r\n\t<\/li><li>\t\t\t<div class=\"wprevpro_t1_outer_div w3_wprs-row wprevprodiv\">\r\n\t\t\t\t\t<div class=\"wprevpro_t1_DIV_1 w3_wprs-col l12 outerrevdiv\">\r\n\t\t\t<div class=\"indrevdiv wprevpro_t1_DIV_2 wprev_preview_bg1_T1 wprev_preview_bradius_T1\">\r\n\t\t\t\t<div class=\"indrevtxt wprevpro_t1_P_3 wprev_preview_tcolor1_T1\"><div class='readmoretextdiv indrevlineclamp' data-lines='3' data-revid='7'>\t\t\t\t\t<span class=\"wprevpro_star_imgs_T1\"><span class=\"starloc1 wprevpro_star_imgs wprevpro_star_imgsloc1\"><span class=\"svgicons svg-wprsp-star\"><\/span><span class=\"svgicons svg-wprsp-star\"><\/span><span class=\"svgicons svg-wprsp-star\"><\/span><span class=\"svgicons svg-wprsp-star\"><\/span><span class=\"svgicons svg-wprsp-star\"><\/span><\/span><\/span>Hermosa !<\/div><div class='divwprsrdmore' style='opacity:0;'><span class='wprs_rd_more'>Lee mas<\/span><span class='wprs_rd_less' style='display:none;'>Leer menos<\/span><\/div>\t\t\t\t<\/div>\r\n\t\t\t\t\t\t\t\t\t\t\t\t\t\t\t\t<a href=\"https:\/\/www.facebook.com\/pg\/451509874913315\/reviews\/\" target=\"_blank\" rel=\"nofollow noreferrer\" class=\"wprevpro_t1_site_logo_a\"><img decoding=\"async\" width=\"32\" height=\"32\" src=\"https:\/\/www.tribunj.biz\/wp-content\/plugins\/wp-review-slider-pro-premium\/public\/partials\/imgs\/facebook_small_icon.svg\" alt=\"Logo de Facebook\" class=\"wprevpro_t1_site_logo wprevsiteicon\"><\/a>\t\t\t<\/div><span class=\"wprevpro_t1_A_8\"><a href=\"https:\/\/www.facebook.com\/search\/top\/?q=Alexander+Macedon\" target=\"_blank\" rel=\"nofollow noreferrer\"><img decoding=\"async\" loading=\"lazy\" src=\"https:\/\/scontent-frx5-1.xx.fbcdn.net\/v\/t1.0-1\/c14.0.50.50\/p50x50\/28059435_373951929681947_290574353014926297_n.jpg?_nc_cat=0&amp;oh=33fdcc6f875b4dfb2b3da93f2287068c&amp;oe=5BBB8FC3\" alt=\"Alexander Macedon Avatar\" class=\"wprevpro_t1_IMG_4 wprevpro_avatarimg\" \/><\/a><\/span> <div class=\"wprevpro_t1_SPAN_5 wprev_preview_tcolor2_T1\"><div class=\"wprevpro_t1_rname wprevname\" >Alexander Macedon<\/div><div class=\"wprev_showdate_T1 wprevdate\">4\/11\/2018<\/div> <\/div>\r\n\t\t\t\r\n\t\t<\/div>\r\n\t\t\r\n\t\t<\/div>\r\n\t<\/li><li>\t\t\t<div class=\"wprevpro_t1_outer_div w3_wprs-row wprevprodiv\">\r\n\t\t\t\t\t<div class=\"wprevpro_t1_DIV_1 w3_wprs-col l12 outerrevdiv\">\r\n\t\t\t<div class=\"indrevdiv wprevpro_t1_DIV_2 wprev_preview_bg1_T1 wprev_preview_bradius_T1\">\r\n\t\t\t\t<div class=\"indrevtxt wprevpro_t1_P_3 wprev_preview_tcolor1_T1\"><div class='readmoretextdiv indrevlineclamp' data-lines='3' data-revid='87'>\t\t\t\t\t<span class=\"wprevpro_star_imgs_T1\"><span class=\"starloc1 wprevpro_star_imgs wprevpro_star_imgsloc1\"><span class=\"svgicons svg-wprsp-star\"><\/span><span class=\"svgicons svg-wprsp-star\"><\/span><span class=\"svgicons svg-wprsp-star\"><\/span><span class=\"svgicons svg-wprsp-star\"><\/span><span class=\"svgicons svg-wprsp-star-o\"><\/span><\/span><\/span>9<\/div><div class='divwprsrdmore' style='opacity:0;'><span class='wprs_rd_more'>Lee mas<\/span><span class='wprs_rd_less' style='display:none;'>Leer menos<\/span><\/div>\t\t\t\t<\/div>\r\n\t\t\t\t\t\t\t\t\t\t\t\t\t\t\t\t<a href=\"https:\/\/www.facebook.com\/pg\/451509874913315\/reviews\/\" target=\"_blank\" rel=\"nofollow noreferrer\" class=\"wprevpro_t1_site_logo_a\"><img decoding=\"async\" width=\"32\" height=\"32\" src=\"https:\/\/www.tribunj.biz\/wp-content\/plugins\/wp-review-slider-pro-premium\/public\/partials\/imgs\/facebook_small_icon.svg\" alt=\"Logo de Facebook\" class=\"wprevpro_t1_site_logo wprevsiteicon\"><\/a>\t\t\t<\/div><span class=\"wprevpro_t1_A_8\"><a href=\"https:\/\/www.facebook.com\/search\/top\/?q=Bo%C5%BEica+R.\" target=\"_blank\" rel=\"nofollow noreferrer\"><img decoding=\"async\" loading=\"lazy\" src=\"https:\/\/platform-lookaside.fbsbx.com\/platform\/profilepic\/?psid=2130133837077085&height=100&width=100&ext=1549327160&hash=AeQkfY7wiJ-2UxeX\" alt=\"Bo\u017eica R. Avatar\" class=\"wprevpro_t1_IMG_4 wprevpro_avatarimg\" \/><\/a><\/span> <div class=\"wprevpro_t1_SPAN_5 wprev_preview_tcolor2_T1\"><div class=\"wprevpro_t1_rname wprevname\" >Bo\u017eica R.<\/div><div class=\"wprev_showdate_T1 wprevdate\">4\/11\/2018<\/div> <\/div>\r\n\t\t\t\r\n\t\t<\/div>\r\n\t\t\r\n\t\t<\/div>\r\n\t<\/li><li>\t\t\t<div class=\"wprevpro_t1_outer_div w3_wprs-row wprevprodiv\">\r\n\t\t\t\t\t<div class=\"wprevpro_t1_DIV_1 w3_wprs-col l12 outerrevdiv\">\r\n\t\t\t<div class=\"indrevdiv wprevpro_t1_DIV_2 wprev_preview_bg1_T1 wprev_preview_bradius_T1\">\r\n\t\t\t\t<div class=\"indrevtxt wprevpro_t1_P_3 wprev_preview_tcolor1_T1\"><div class='readmoretextdiv indrevlineclamp' data-lines='3' data-revid='79'>\t\t\t\t\t<span class=\"wprevpro_star_imgs_T1\"><span class=\"starloc1 wprevpro_star_imgs wprevpro_star_imgsloc1\"><span class=\"svgicons svg-wprsp-star\"><\/span><span class=\"svgicons svg-wprsp-star\"><\/span><span class=\"svgicons svg-wprsp-star\"><\/span><span class=\"svgicons svg-wprsp-star\"><\/span><span class=\"svgicons svg-wprsp-star-o\"><\/span><\/span><\/span>Logement tres propre et bien \u00e9quip\u00e9. Un peu bruyant car donne sur le le port. Pas loin du centre ville. Dommage pas de clim. Mais \u00e0 recommander.<\/div><div class='divwprsrdmore' style='opacity:0;'><span class='wprs_rd_more'>Lee mas<\/span><span class='wprs_rd_less' style='display:none;'>Leer menos<\/span><\/div>\t\t\t\t<\/div>\r\n\t\t\t\t\t\t\t\t\t\t\t\t\t\t\t\t<a href=\"https:\/\/www.airbnb.com\/rooms\/16732667\" target=\"_blank\" rel=\"nofollow noreferrer\" class=\"wprevpro_t1_site_logo_a\"><img decoding=\"async\" width=\"30\" height=\"32\" src=\"https:\/\/www.tribunj.biz\/wp-content\/plugins\/wp-review-slider-pro-premium\/public\/partials\/imgs\/airbnb_small_icon.svg?id=1\" alt=\"logo de airbnb\" class=\"wprevpro_t1_site_logo wprevsiteicon\"><\/a>\t\t\t<\/div><span class=\"wprevpro_t1_A_8\"><a href=\"https:\/\/www.airbnb.com\/users\/show\/119567704\" target=\"_blank\" rel=\"nofollow noreferrer\"><img decoding=\"async\" loading=\"lazy\" src=\"https:\/\/a0.muscache.com\/im\/pictures\/445e988d-23a2-4594-aadb-203fa9b61d21.jpg?aki_policy=profile_x_medium\" alt=\"Anne Marie Avatar\" class=\"wprevpro_t1_IMG_4 wprevpro_avatarimg\" \/><\/a><\/span> <div class=\"wprevpro_t1_SPAN_5 wprev_preview_tcolor2_T1\"><div class=\"wprevpro_t1_rname wprevname\" >Ana Mar\u00eda<\/div><div class=\"wprev_showdate_T1 wprevdate\">6\/28\/2017<\/div> <\/div>\r\n\t\t\t\r\n\t\t<\/div>\r\n\t\t\r\n\t\t<\/div>\r\n\t<\/li><li>\t\t\t<div class=\"wprevpro_t1_outer_div w3_wprs-row wprevprodiv\">\r\n\t\t\t\t\t<div class=\"wprevpro_t1_DIV_1 w3_wprs-col l12 outerrevdiv\">\r\n\t\t\t<div class=\"indrevdiv wprevpro_t1_DIV_2 wprev_preview_bg1_T1 wprev_preview_bradius_T1\">\r\n\t\t\t\t<div class=\"indrevtxt wprevpro_t1_P_3 wprev_preview_tcolor1_T1\"><div class='readmoretextdiv indrevlineclamp' data-lines='3' data-revid='508'>\t\t\t\t\t<span class=\"wprevpro_star_imgs_T1\"><span class=\"starloc1 wprevpro_star_imgs wprevpro_star_imgsloc1\"><span class=\"svgicons svg-wprsp-star\"><\/span><span class=\"svgicons svg-wprsp-star\"><\/span><span class=\"svgicons svg-wprsp-star\"><\/span><span class=\"svgicons svg-wprsp-star\"><\/span><span class=\"svgicons svg-wprsp-star\"><\/span><\/span><\/span>Ante e Ivana son tres simpat\u00edas, en la escucha, disponibles. Ante nosotros, recomendamos algunos restaurantes y lugares para visitar. Ivana un ensayo de nous parler fran\u00e7ais, c&#039;\u00e9tait tr\u00e8s sympa! Logement identique aux fotos, paisible. Rien \u00e0 dire hormis: continuez comme \u00e7a! \u263a\ufe0f<\/div><div class='divwprsrdmore' style='opacity:0;'><span class='wprs_rd_more'>Lee mas<\/span><span class='wprs_rd_less' style='display:none;'>Leer menos<\/span><\/div>\t\t\t\t<\/div>\r\n\t\t\t\t\t\t\t\t\t\t\t\t\t\t\t\t<a href=\"https:\/\/www.airbnb.com\/rooms\/16732667\" target=\"_blank\" rel=\"nofollow noreferrer\" class=\"wprevpro_t1_site_logo_a\"><img decoding=\"async\" width=\"30\" height=\"32\" src=\"https:\/\/www.tribunj.biz\/wp-content\/plugins\/wp-review-slider-pro-premium\/public\/partials\/imgs\/airbnb_small_icon.svg?id=1\" alt=\"logo de airbnb\" class=\"wprevpro_t1_site_logo wprevsiteicon\"><\/a>\t\t\t<\/div><span class=\"wprevpro_t1_A_8\"><a href=\"https:\/\/www.airbnb.com\/users\/show\/\" target=\"_blank\" rel=\"nofollow noreferrer\"><img decoding=\"async\" loading=\"lazy\" src=\"https:\/\/a0.muscache.com\/im\/pictures\/user\/User-354845230\/original\/3ed74b1b-a725-4ede-96fb-3c8f6ee98266.jpeg?aki_policy=profile_x_medium\" alt=\"Orfelia Avatar\" class=\"wprevpro_t1_IMG_4 wprevpro_avatarimg\" \/><\/a><\/span> <div class=\"wprevpro_t1_SPAN_5 wprev_preview_tcolor2_T1\"><div class=\"wprevpro_t1_rname wprevname\" >Orfelia<\/div><div class=\"wprev_showdate_T1 wprevdate\">8\/12\/2024<\/div> <\/div>\r\n\t\t\t\r\n\t\t<\/div>\r\n\t\t\r\n\t\t<\/div>\r\n\t<\/li><li>\t\t\t<div class=\"wprevpro_t1_outer_div w3_wprs-row wprevprodiv\">\r\n\t\t\t\t\t<div class=\"wprevpro_t1_DIV_1 w3_wprs-col l12 outerrevdiv\">\r\n\t\t\t<div class=\"indrevdiv wprevpro_t1_DIV_2 wprev_preview_bg1_T1 wprev_preview_bradius_T1\">\r\n\t\t\t\t<div class=\"indrevtxt wprevpro_t1_P_3 wprev_preview_tcolor1_T1\"><div class='readmoretextdiv indrevlineclamp' data-lines='3' data-revid='92'>\t\t\t\t\t<span class=\"wprevpro_star_imgs_T1\"><span class=\"starloc1 wprevpro_star_imgs wprevpro_star_imgsloc1\"><span class=\"svgicons svg-wprsp-star\"><\/span><span class=\"svgicons svg-wprsp-star\"><\/span><span class=\"svgicons svg-wprsp-star\"><\/span><span class=\"svgicons svg-wprsp-star\"><\/span><span class=\"svgicons svg-wprsp-star\"><\/span><\/span><\/span>Najbolje mesto za odmor setnju i naravno plazu<\/div><div class='divwprsrdmore' style='opacity:0;'><span class='wprs_rd_more'>Lee mas<\/span><span class='wprs_rd_less' style='display:none;'>Leer menos<\/span><\/div>\t\t\t\t<\/div>\r\n\t\t\t\t\t\t\t\t\t\t\t\t\t\t\t\t<a href=\"https:\/\/www.facebook.com\/pg\/451509874913315\/reviews\/\" target=\"_blank\" rel=\"nofollow noreferrer\" class=\"wprevpro_t1_site_logo_a\"><img decoding=\"async\" width=\"32\" height=\"32\" src=\"https:\/\/www.tribunj.biz\/wp-content\/plugins\/wp-review-slider-pro-premium\/public\/partials\/imgs\/facebook_small_icon.svg\" alt=\"Logo de Facebook\" class=\"wprevpro_t1_site_logo wprevsiteicon\"><\/a>\t\t\t<\/div><span class=\"wprevpro_t1_A_8\"><a href=\"https:\/\/www.facebook.com\/search\/top\/?q=Milena+R.\" target=\"_blank\" rel=\"nofollow noreferrer\"><img decoding=\"async\" loading=\"lazy\" src=\"https:\/\/platform-lookaside.fbsbx.com\/platform\/profilepic\/?psid=2162448437127189&height=100&width=100&ext=1549327162&hash=AeRtOtHrKVQzSKqF\" alt=\"Milena r. Avatar\" class=\"wprevpro_t1_IMG_4 wprevpro_avatarimg\" \/><\/a><\/span> <div class=\"wprevpro_t1_SPAN_5 wprev_preview_tcolor2_T1\"><div class=\"wprevpro_t1_rname wprevname\" >Milena r.<\/div><div class=\"wprev_showdate_T1 wprevdate\">9\/11\/2017<\/div> <\/div>\r\n\t\t\t\r\n\t\t<\/div>\r\n\t\t\r\n\t\t<\/div>\r\n\t<\/li><li>\t\t\t<div class=\"wprevpro_t1_outer_div w3_wprs-row wprevprodiv\">\r\n\t\t\t\t\t<div class=\"wprevpro_t1_DIV_1 w3_wprs-col l12 outerrevdiv\">\r\n\t\t\t<div class=\"indrevdiv wprevpro_t1_DIV_2 wprev_preview_bg1_T1 wprev_preview_bradius_T1\">\r\n\t\t\t\t<div class=\"indrevtxt wprevpro_t1_P_3 wprev_preview_tcolor1_T1\"><div class='readmoretextdiv indrevlineclamp' data-lines='3' data-revid='238'>\t\t\t\t\t<span class=\"wprevpro_star_imgs_T1\"><span class=\"starloc1 wprevpro_star_imgs wprevpro_star_imgsloc1\"><span class=\"svgicons svg-wprsp-star\"><\/span><span class=\"svgicons svg-wprsp-star\"><\/span><span class=\"svgicons svg-wprsp-star\"><\/span><span class=\"svgicons svg-wprsp-star\"><\/span><span class=\"svgicons svg-wprsp-star\"><\/span><\/span><\/span>Excelente lugar !!!<br>\n<br>\nLos anfitriones son muy amables,<br>\n<br>\ndescanso para el cuerpo y el alma,<br>\n<br>\n\u00a1\u00a1\u00a1Lo recomiendo mucho!!!<\/div><div class='divwprsrdmore' style='opacity:0;'><span class='wprs_rd_more'>Lee mas<\/span><span class='wprs_rd_less' style='display:none;'>Leer menos<\/span><\/div>\t\t\t\t<\/div>\r\n\t\t\t\t\t\t\t\t\t\t\t\t\t\t\t\t<a href=\"https:\/\/maps.google.com\/?cid=5921528500927293870\" target=\"_blank\" rel=\"nofollow noreferrer\" class=\"wprevpro_t1_site_logo_a\"><img decoding=\"async\" width=\"32\" height=\"32\" src=\"https:\/\/www.tribunj.biz\/wp-content\/plugins\/wp-review-slider-pro-premium\/public\/partials\/imgs\/google_small_icon.svg\" alt=\"Logotipo de Google\" class=\"wprevpro_t1_site_logo wprevsiteicon\"><\/a>\t\t\t<\/div><span class=\"wprevpro_t1_A_8\"><a href=\"https:\/\/www.google.com\/maps\/contrib\/101711061117998190996\" target=\"_blank\" rel=\"nofollow noreferrer\"><img decoding=\"async\" loading=\"lazy\" src=\"https:\/\/lh3.googleusercontent.com\/a\/AItbvmn8y5iEMsHg41vcld3gn0x2wpd4yVaP0JFeGSVe=s128-c0x00000000-cc-rp-mo?sz=100\" alt=\"Avatar de LSvemir Ls\" class=\"wprevpro_t1_IMG_4 wprevpro_avatarimg\" \/><\/a><\/span> <div class=\"wprevpro_t1_SPAN_5 wprev_preview_tcolor2_T1\"><div class=\"wprevpro_t1_rname wprevname\" >L. S. Vemir Ls<\/div><div class=\"wprev_showdate_T1 wprevdate\">8\/06\/2022<\/div> <\/div>\r\n\t\t\t\r\n\t\t<\/div>\r\n\t\t\r\n\t\t<\/div>\r\n\t<\/li><li>\t\t\t<div class=\"wprevpro_t1_outer_div w3_wprs-row wprevprodiv\">\r\n\t\t\t\t\t<div class=\"wprevpro_t1_DIV_1 w3_wprs-col l12 outerrevdiv\">\r\n\t\t\t<div class=\"indrevdiv wprevpro_t1_DIV_2 wprev_preview_bg1_T1 wprev_preview_bradius_T1\">\r\n\t\t\t\t<div class=\"indrevtxt wprevpro_t1_P_3 wprev_preview_tcolor1_T1\"><div class='readmoretextdiv indrevlineclamp' data-lines='3' data-revid='259'>\t\t\t\t\t<span class=\"wprevpro_star_imgs_T1\"><span class=\"starloc1 wprevpro_star_imgs wprevpro_star_imgsloc1\"><span class=\"svgicons svg-wprsp-star\"><\/span><span class=\"svgicons svg-wprsp-star\"><\/span><span class=\"svgicons svg-wprsp-star\"><\/span><span class=\"svgicons svg-wprsp-star\"><\/span><span class=\"svgicons svg-wprsp-star\"><\/span><\/span><\/span>\u00a1Guau, un lugar incre\u00edble! El entorno es precioso y la familia fue encantadora y acogedora. Impresionante de principio a fin.<\/div><div class='divwprsrdmore' style='opacity:0;'><span class='wprs_rd_more'>Lee mas<\/span><span class='wprs_rd_less' style='display:none;'>Leer menos<\/span><\/div>\t\t\t\t<\/div>\r\n\t\t\t\t\t\t\t\t\t\t\t\t\t\t\t\t<a href=\"https:\/\/www.airbnb.com\/rooms\/16732667\" target=\"_blank\" rel=\"nofollow noreferrer\" class=\"wprevpro_t1_site_logo_a\"><img decoding=\"async\" width=\"30\" height=\"32\" src=\"https:\/\/www.tribunj.biz\/wp-content\/plugins\/wp-review-slider-pro-premium\/public\/partials\/imgs\/airbnb_small_icon.svg?id=1\" alt=\"logo de airbnb\" class=\"wprevpro_t1_site_logo wprevsiteicon\"><\/a>\t\t\t<\/div><span class=\"wprevpro_t1_A_8\"><a href=\"https:\/\/www.airbnb.com\/users\/show\/\" target=\"_blank\" rel=\"nofollow noreferrer\"><img decoding=\"async\" loading=\"lazy\" src=\"https:\/\/a0.muscache.com\/im\/pictures\/user\/9cae7eb1-9354-4c75-9ece-9b267b3c61e5.jpg?aki_policy=profile_x_medium\" alt=\"Mujer Avatar\" class=\"wprevpro_t1_IMG_4 wprevpro_avatarimg\" \/><\/a><\/span> <div class=\"wprevpro_t1_SPAN_5 wprev_preview_tcolor2_T1\"><div class=\"wprevpro_t1_rname wprevname\" >Donna<\/div><div class=\"wprev_showdate_T1 wprevdate\">4\/27\/2023<\/div> <\/div>\r\n\t\t\t\r\n\t\t<\/div>\r\n\t\t\r\n\t\t<\/div>\r\n\t<\/li><li>\t\t\t<div class=\"wprevpro_t1_outer_div w3_wprs-row wprevprodiv\">\r\n\t\t\t\t\t<div class=\"wprevpro_t1_DIV_1 w3_wprs-col l12 outerrevdiv\">\r\n\t\t\t<div class=\"indrevdiv wprevpro_t1_DIV_2 wprev_preview_bg1_T1 wprev_preview_bradius_T1\">\r\n\t\t\t\t<div class=\"indrevtxt wprevpro_t1_P_3 wprev_preview_tcolor1_T1\"><div class='readmoretextdiv indrevlineclamp' data-lines='3' data-revid='198'>\t\t\t\t\t<span class=\"wprevpro_star_imgs_T1\"><span class=\"starloc1 wprevpro_star_imgs wprevpro_star_imgsloc1\"><span class=\"svgicons svg-wprsp-star\"><\/span><span class=\"svgicons svg-wprsp-star\"><\/span><span class=\"svgicons svg-wprsp-star\"><\/span><span class=\"svgicons svg-wprsp-star\"><\/span><span class=\"svgicons svg-wprsp-star\"><\/span><\/span><\/span>Alojamiento muy bonito y gente super amable y espont\u00e1nea como anfitriones \ud83d\ude42 El balc\u00f3n es super grande y con mucho sol para ma\u00f1anas y tardes perfectas.<\/div><div class='divwprsrdmore' style='opacity:0;'><span class='wprs_rd_more'>Lee mas<\/span><span class='wprs_rd_less' style='display:none;'>Leer menos<\/span><\/div>\t\t\t\t<\/div>\r\n\t\t\t\t\t\t\t\t\t\t\t\t\t\t\t\t<a href=\"https:\/\/www.airbnb.com\/rooms\/8836313\" target=\"_blank\" rel=\"nofollow noreferrer\" class=\"wprevpro_t1_site_logo_a\"><img decoding=\"async\" width=\"30\" height=\"32\" src=\"https:\/\/www.tribunj.biz\/wp-content\/plugins\/wp-review-slider-pro-premium\/public\/partials\/imgs\/airbnb_small_icon.svg?id=1\" alt=\"logo de airbnb\" class=\"wprevpro_t1_site_logo wprevsiteicon\"><\/a>\t\t\t<\/div><span class=\"wprevpro_t1_A_8\"><a href=\"https:\/\/www.airbnb.com\/users\/show\/220259017\" target=\"_blank\" rel=\"nofollow noreferrer\"><img decoding=\"async\" loading=\"lazy\" src=\"https:\/\/a0.muscache.com\/im\/pictures\/user\/4cdba293-1322-451f-8fb8-826c113b71de.jpg?aki_policy=profile_x_medium\" alt=\"Franziska Avatar\" class=\"wprevpro_t1_IMG_4 wprevpro_avatarimg\" \/><\/a><\/span> <div class=\"wprevpro_t1_SPAN_5 wprev_preview_tcolor2_T1\"><div class=\"wprevpro_t1_rname wprevname\" >Franziska<\/div><div class=\"wprev_showdate_T1 wprevdate\">4\/18\/2022<\/div> <\/div>\r\n\t\t\t\r\n\t\t<\/div>\r\n\t\t\r\n\t\t<\/div>\r\n\t<\/li><li>\t\t\t<div class=\"wprevpro_t1_outer_div w3_wprs-row wprevprodiv\">\r\n\t\t\t\t\t<div class=\"wprevpro_t1_DIV_1 w3_wprs-col l12 outerrevdiv\">\r\n\t\t\t<div class=\"indrevdiv wprevpro_t1_DIV_2 wprev_preview_bg1_T1 wprev_preview_bradius_T1\">\r\n\t\t\t\t<div class=\"indrevtxt wprevpro_t1_P_3 wprev_preview_tcolor1_T1\"><div class='readmoretextdiv indrevlineclamp' data-lines='3' data-revid='452'>\t\t\t\t\t<span class=\"wprevpro_star_imgs_T1\"><span class=\"starloc1 wprevpro_star_imgs wprevpro_star_imgsloc1\"><span class=\"svgicons svg-wprsp-star\"><\/span><span class=\"svgicons svg-wprsp-star\"><\/span><span class=\"svgicons svg-wprsp-star\"><\/span><span class=\"svgicons svg-wprsp-star\"><\/span><span class=\"svgicons svg-wprsp-star\"><\/span><\/span><\/span>Excelente estancia. Ubicaci\u00f3n perfecta, tienes todo lo necesario a un paso. Vistas espectaculares desde la ventana. Habitaci\u00f3n limpia. Anfitriones muy amables y serviciales.<\/div><div class='divwprsrdmore' style='opacity:0;'><span class='wprs_rd_more'>Lee mas<\/span><span class='wprs_rd_less' style='display:none;'>Leer menos<\/span><\/div>\t\t\t\t<\/div>\r\n\t\t\t\t\t\t\t\t\t\t\t\t\t\t\t\t<a href=\"https:\/\/www.airbnb.com\/rooms\/16732667\" target=\"_blank\" rel=\"nofollow noreferrer\" class=\"wprevpro_t1_site_logo_a\"><img decoding=\"async\" width=\"30\" height=\"32\" src=\"https:\/\/www.tribunj.biz\/wp-content\/plugins\/wp-review-slider-pro-premium\/public\/partials\/imgs\/airbnb_small_icon.svg?id=1\" alt=\"logo de airbnb\" class=\"wprevpro_t1_site_logo wprevsiteicon\"><\/a>\t\t\t<\/div><span class=\"wprevpro_t1_A_8\"><a href=\"https:\/\/www.airbnb.com\/users\/show\/\" target=\"_blank\" rel=\"nofollow noreferrer\"><img decoding=\"async\" loading=\"lazy\" src=\"https:\/\/a0.muscache.com\/im\/pictures\/user\/User-145330300\/original\/ac032067-933b-4f2e-b039-1fdc8070c644.jpeg?aki_policy=profile_x_medium\" alt=\"Yevgeniya Avatar\" class=\"wprevpro_t1_IMG_4 wprevpro_avatarimg\" \/><\/a><\/span> <div class=\"wprevpro_t1_SPAN_5 wprev_preview_tcolor2_T1\"><div class=\"wprevpro_t1_rname wprevname\" >Eugenia<\/div><div class=\"wprev_showdate_T1 wprevdate\">9\/08\/2023<\/div> <\/div>\r\n\t\t\t\r\n\t\t<\/div>\r\n\t\t\r\n\t\t<\/div>\r\n\t<\/li><li>\t\t\t<div class=\"wprevpro_t1_outer_div w3_wprs-row wprevprodiv\">\r\n\t\t\t\t\t<div class=\"wprevpro_t1_DIV_1 w3_wprs-col l12 outerrevdiv\">\r\n\t\t\t<div class=\"indrevdiv wprevpro_t1_DIV_2 wprev_preview_bg1_T1 wprev_preview_bradius_T1\">\r\n\t\t\t\t<div class=\"indrevtxt wprevpro_t1_P_3 wprev_preview_tcolor1_T1\"><div class='readmoretextdiv indrevlineclamp' data-lines='3' data-revid='88'>\t\t\t\t\t<span class=\"wprevpro_star_imgs_T1\"><span class=\"starloc1 wprevpro_star_imgs wprevpro_star_imgsloc1\"><span class=\"svgicons svg-wprsp-star\"><\/span><span class=\"svgicons svg-wprsp-star\"><\/span><span class=\"svgicons svg-wprsp-star\"><\/span><span class=\"svgicons svg-wprsp-star\"><\/span><span class=\"svgicons svg-wprsp-star\"><\/span><\/span><\/span><\/div><div class='divwprsrdmore' style='opacity:0;'><span class='wprs_rd_more'>Lee mas<\/span><span class='wprs_rd_less' style='display:none;'>Leer menos<\/span><\/div>\t\t\t\t<\/div>\r\n\t\t\t\t\t\t\t\t\t\t\t\t\t\t\t\t<a href=\"https:\/\/www.facebook.com\/pg\/451509874913315\/reviews\/\" target=\"_blank\" rel=\"nofollow noreferrer\" class=\"wprevpro_t1_site_logo_a\"><img decoding=\"async\" width=\"32\" height=\"32\" src=\"https:\/\/www.tribunj.biz\/wp-content\/plugins\/wp-review-slider-pro-premium\/public\/partials\/imgs\/facebook_small_icon.svg\" alt=\"Logo de Facebook\" class=\"wprevpro_t1_site_logo wprevsiteicon\"><\/a>\t\t\t<\/div><span class=\"wprevpro_t1_A_8\"><a href=\"https:\/\/www.facebook.com\/search\/top\/?q=Nikki+B.\" target=\"_blank\" rel=\"nofollow noreferrer\"><img decoding=\"async\" loading=\"lazy\" src=\"https:\/\/platform-lookaside.fbsbx.com\/platform\/profilepic\/?psid=2044652812266416&height=100&width=100&ext=1549327160&hash=AeS-2HXPDFzf3PJW\" alt=\"Nikki B. Avatar\" class=\"wprevpro_t1_IMG_4 wprevpro_avatarimg\" \/><\/a><\/span> <div class=\"wprevpro_t1_SPAN_5 wprev_preview_tcolor2_T1\"><div class=\"wprevpro_t1_rname wprevname\" >Nikki B.<\/div><div class=\"wprev_showdate_T1 wprevdate\">2\/27\/2018<\/div> <\/div>\r\n\t\t\t\r\n\t\t<\/div>\r\n\t\t\r\n\t\t<\/div>\r\n\t<\/li><li>\t\t\t<div class=\"wprevpro_t1_outer_div w3_wprs-row wprevprodiv\">\r\n\t\t\t\t\t<div class=\"wprevpro_t1_DIV_1 w3_wprs-col l12 outerrevdiv\">\r\n\t\t\t<div class=\"indrevdiv wprevpro_t1_DIV_2 wprev_preview_bg1_T1 wprev_preview_bradius_T1\">\r\n\t\t\t\t<div class=\"indrevtxt wprevpro_t1_P_3 wprev_preview_tcolor1_T1\"><div class='readmoretextdiv indrevlineclamp' data-lines='3' data-revid='204'>\t\t\t\t\t<span class=\"wprevpro_star_imgs_T1\"><span class=\"starloc1 wprevpro_star_imgs wprevpro_star_imgsloc1\"><span class=\"svgicons svg-wprsp-star\"><\/span><span class=\"svgicons svg-wprsp-star\"><\/span><span class=\"svgicons svg-wprsp-star\"><\/span><span class=\"svgicons svg-wprsp-star\"><\/span><span class=\"svgicons svg-wprsp-star\"><\/span><\/span><\/span>Het uitzicht is prachtig op de Haven. Communicatie verliep heel snel en duidelijk. \u00a1El anfitri\u00f3n es erg behulpzaam! Alleen de badkamer deur kon niet op slot, dit hebben we niet aangegeven want we vonden het geen problem. Het stadje in de Haven is wel prijzig (echt een jacht Haven) fue perfecto para incluso recompensarme con la casa. Zelf koken kan prima in het appartement y een supermarkt zit vlakbij (tambi\u00e9n die heeft hogere prijzen). Het allerleukste aan dit appartement is well: beach op 5min lopen afstand! Bedankt voor alles we hebben genoten!<\/div><div class='divwprsrdmore' style='opacity:0;'><span class='wprs_rd_more'>Lee mas<\/span><span class='wprs_rd_less' style='display:none;'>Leer menos<\/span><\/div>\t\t\t\t<\/div>\r\n\t\t\t\t\t\t\t\t\t\t\t\t\t\t\t\t<a href=\"https:\/\/www.airbnb.com\/rooms\/8837098\" target=\"_blank\" rel=\"nofollow noreferrer\" class=\"wprevpro_t1_site_logo_a\"><img decoding=\"async\" width=\"30\" height=\"32\" src=\"https:\/\/www.tribunj.biz\/wp-content\/plugins\/wp-review-slider-pro-premium\/public\/partials\/imgs\/airbnb_small_icon.svg?id=1\" alt=\"logo de airbnb\" class=\"wprevpro_t1_site_logo wprevsiteicon\"><\/a>\t\t\t<\/div><span class=\"wprevpro_t1_A_8\"><a href=\"https:\/\/www.airbnb.com\/users\/show\/393721518\" target=\"_blank\" rel=\"nofollow noreferrer\"><img decoding=\"async\" loading=\"lazy\" src=\"https:\/\/a0.muscache.com\/im\/pictures\/user\/318c868e-35b4-4293-9b91-a5a0a92c5d1c.jpg?aki_policy=profile_x_medium\" alt=\"Avatar de Harma\" class=\"wprevpro_t1_IMG_4 wprevpro_avatarimg\" \/><\/a><\/span> <div class=\"wprevpro_t1_SPAN_5 wprev_preview_tcolor2_T1\"><div class=\"wprevpro_t1_rname wprevname\" >Harma<\/div><div class=\"wprev_showdate_T1 wprevdate\">8\/11\/2022<\/div> <\/div>\r\n\t\t\t\r\n\t\t<\/div>\r\n\t\t\r\n\t\t<\/div>\r\n\t<\/li><li>\t\t\t<div class=\"wprevpro_t1_outer_div w3_wprs-row wprevprodiv\">\r\n\t\t\t\t\t<div class=\"wprevpro_t1_DIV_1 w3_wprs-col l12 outerrevdiv\">\r\n\t\t\t<div class=\"indrevdiv wprevpro_t1_DIV_2 wprev_preview_bg1_T1 wprev_preview_bradius_T1\">\r\n\t\t\t\t<div class=\"indrevtxt wprevpro_t1_P_3 wprev_preview_tcolor1_T1\"><div class='readmoretextdiv indrevlineclamp' data-lines='3' data-revid='29'>\t\t\t\t\t<span class=\"wprevpro_star_imgs_T1\"><span class=\"starloc1 wprevpro_star_imgs wprevpro_star_imgsloc1\"><span class=\"svgicons svg-wprsp-star\"><\/span><span class=\"svgicons svg-wprsp-star\"><\/span><span class=\"svgicons svg-wprsp-star\"><\/span><span class=\"svgicons svg-wprsp-star\"><\/span><span class=\"svgicons svg-wprsp-star\"><\/span><\/span><\/span>Traumhaft. Immer wieder ein Erlebnis. Bis n\u00e4chstes Jahr.<\/div><div class='divwprsrdmore' style='opacity:0;'><span class='wprs_rd_more'>Lee mas<\/span><span class='wprs_rd_less' style='display:none;'>Leer menos<\/span><\/div>\t\t\t\t<\/div>\r\n\t\t\t\t\t\t\t\t\t\t\t\t\t\t\t\t<a href=\"https:\/\/www.facebook.com\/pg\/451509874913315\/reviews\/\" target=\"_blank\" rel=\"nofollow noreferrer\" class=\"wprevpro_t1_site_logo_a\"><img decoding=\"async\" width=\"32\" height=\"32\" src=\"https:\/\/www.tribunj.biz\/wp-content\/plugins\/wp-review-slider-pro-premium\/public\/partials\/imgs\/facebook_small_icon.svg\" alt=\"Logo de Facebook\" class=\"wprevpro_t1_site_logo wprevsiteicon\"><\/a>\t\t\t<\/div><span class=\"wprevpro_t1_A_8\"><a href=\"https:\/\/www.facebook.com\/search\/top\/?q=Stefanie+Werneburg\" target=\"_blank\" rel=\"nofollow noreferrer\"><img decoding=\"async\" loading=\"lazy\" src=\"https:\/\/scontent-frx5-1.xx.fbcdn.net\/v\/t1.0-1\/p50x50\/36847969_2346606965357044_8087915256547901440_n.jpg?_nc_cat=0&amp;oh=780c79973f7ea910aa4f824ce783e59b&amp;oe=5C0E2BB9\" alt=\"Stefanie Werneburg Avatar\" class=\"wprevpro_t1_IMG_4 wprevpro_avatarimg\" \/><\/a><\/span> <div class=\"wprevpro_t1_SPAN_5 wprev_preview_tcolor2_T1\"><div class=\"wprevpro_t1_rname wprevname\" >Stefanie Werneburg<\/div><div class=\"wprev_showdate_T1 wprevdate\">8\/23\/2016<\/div> <\/div>\r\n\t\t\t\r\n\t\t<\/div>\r\n\t\t\r\n\t\t<\/div>\r\n\t<\/li><li>\t\t\t<div class=\"wprevpro_t1_outer_div w3_wprs-row wprevprodiv\">\r\n\t\t\t\t\t<div class=\"wprevpro_t1_DIV_1 w3_wprs-col l12 outerrevdiv\">\r\n\t\t\t<div class=\"indrevdiv wprevpro_t1_DIV_2 wprev_preview_bg1_T1 wprev_preview_bradius_T1\">\r\n\t\t\t\t<div class=\"indrevtxt wprevpro_t1_P_3 wprev_preview_tcolor1_T1\"><div class='readmoretextdiv indrevlineclamp' data-lines='3' data-revid='68'>\t\t\t\t\t<span class=\"wprevpro_star_imgs_T1\"><span class=\"starloc1 wprevpro_star_imgs wprevpro_star_imgsloc1\"><span class=\"svgicons svg-wprsp-star\"><\/span><span class=\"svgicons svg-wprsp-star\"><\/span><span class=\"svgicons svg-wprsp-star\"><\/span><span class=\"svgicons svg-wprsp-star\"><\/span><span class=\"svgicons svg-wprsp-star\"><\/span><\/span><\/span>Apartamento tr\u00e8s bien situ\u00e9! Nous avons eu un peu de mal \u00e0 trouver l&#039;immeuble mais Ante un nuevo tema para su orientaci\u00f3n. <br>\nTr\u00e8s propre. <br>\nLes h\u00f4tes sont toujours disponibles. <br>\n<br>\nJe recommande!<\/div><div class='divwprsrdmore' style='opacity:0;'><span class='wprs_rd_more'>Lee mas<\/span><span class='wprs_rd_less' style='display:none;'>Leer menos<\/span><\/div>\t\t\t\t<\/div>\r\n\t\t\t\t\t\t\t\t\t\t\t\t\t\t\t\t<a href=\"https:\/\/www.airbnb.com\/rooms\/16732667\" target=\"_blank\" rel=\"nofollow noreferrer\" class=\"wprevpro_t1_site_logo_a\"><img decoding=\"async\" width=\"30\" height=\"32\" src=\"https:\/\/www.tribunj.biz\/wp-content\/plugins\/wp-review-slider-pro-premium\/public\/partials\/imgs\/airbnb_small_icon.svg?id=1\" alt=\"logo de airbnb\" class=\"wprevpro_t1_site_logo wprevsiteicon\"><\/a>\t\t\t<\/div><span class=\"wprevpro_t1_A_8\"><a href=\"https:\/\/www.airbnb.com\/users\/show\/65778389\" target=\"_blank\" rel=\"nofollow noreferrer\"><img decoding=\"async\" loading=\"lazy\" src=\"https:\/\/a0.muscache.com\/im\/pictures\/user\/a3c686f2-0d9a-4078-aff1-f71ed2159716.jpg?aki_policy=profile_x_medium\" alt=\"Benjamin Avatar\" class=\"wprevpro_t1_IMG_4 wprevpro_avatarimg\" \/><\/a><\/span> <div class=\"wprevpro_t1_SPAN_5 wprev_preview_tcolor2_T1\"><div class=\"wprevpro_t1_rname wprevname\" >Benjam\u00edn<\/div><div class=\"wprev_showdate_T1 wprevdate\">9\/21\/2018<\/div> <\/div>\r\n\t\t\t\r\n\t\t<\/div>\r\n\t\t\r\n\t\t<\/div>\r\n\t<\/li><li>\t\t\t<div class=\"wprevpro_t1_outer_div w3_wprs-row wprevprodiv\">\r\n\t\t\t\t\t<div class=\"wprevpro_t1_DIV_1 w3_wprs-col l12 outerrevdiv\">\r\n\t\t\t<div class=\"indrevdiv wprevpro_t1_DIV_2 wprev_preview_bg1_T1 wprev_preview_bradius_T1\">\r\n\t\t\t\t<div class=\"indrevtxt wprevpro_t1_P_3 wprev_preview_tcolor1_T1\"><div class='readmoretextdiv indrevlineclamp' data-lines='3' data-revid='12'>\t\t\t\t\t<span class=\"wprevpro_star_imgs_T1\"><span class=\"starloc1 wprevpro_star_imgs wprevpro_star_imgsloc1\"><span class=\"svgicons svg-wprsp-star\"><\/span><span class=\"svgicons svg-wprsp-star\"><\/span><span class=\"svgicons svg-wprsp-star\"><\/span><span class=\"svgicons svg-wprsp-star\"><\/span><span class=\"svgicons svg-wprsp-star\"><\/span><\/span><\/span>Tribunj ist Weltklasse. Traumhaftes St\u00e4dtchen.Str\u00e4nde sind nicht so voll.Essen und Eis meistens lecker.Sch\u00f6ner Hafen, gem\u00fctlich f\u00fcr Abendspazierg\u00e4nge.Nette Menschen<\/div><div class='divwprsrdmore' style='opacity:0;'><span class='wprs_rd_more'>Lee mas<\/span><span class='wprs_rd_less' style='display:none;'>Leer menos<\/span><\/div>\t\t\t\t<\/div>\r\n\t\t\t\t\t\t\t\t\t\t\t\t\t\t\t\t<a href=\"https:\/\/www.facebook.com\/pg\/451509874913315\/reviews\/\" target=\"_blank\" rel=\"nofollow noreferrer\" class=\"wprevpro_t1_site_logo_a\"><img decoding=\"async\" width=\"32\" height=\"32\" src=\"https:\/\/www.tribunj.biz\/wp-content\/plugins\/wp-review-slider-pro-premium\/public\/partials\/imgs\/facebook_small_icon.svg\" alt=\"Logo de Facebook\" class=\"wprevpro_t1_site_logo wprevsiteicon\"><\/a>\t\t\t<\/div><span class=\"wprevpro_t1_A_8\"><a href=\"https:\/\/www.facebook.com\/search\/top\/?q=Dagmar+Kofler\" target=\"_blank\" rel=\"nofollow noreferrer\"><img decoding=\"async\" loading=\"lazy\" src=\"https:\/\/scontent-frx5-1.xx.fbcdn.net\/v\/t1.0-1\/p50x50\/34306557_10217018799249167_406997208412454912_n.jpg?_nc_cat=0&amp;oh=a9bf8740c6b8fd3d67ea3b7ac105c1eb&amp;oe=5BA60B5C\" alt=\"Dagmar Kofler Avatar\" class=\"wprevpro_t1_IMG_4 wprevpro_avatarimg\" \/><\/a><\/span> <div class=\"wprevpro_t1_SPAN_5 wprev_preview_tcolor2_T1\"><div class=\"wprevpro_t1_rname wprevname\" >Dagmar Kofler<\/div><div class=\"wprev_showdate_T1 wprevdate\">8\/31\/2016<\/div> <\/div>\r\n\t\t\t\r\n\t\t<\/div>\r\n\t\t\r\n\t\t<\/div>\r\n\t<\/li><li>\t\t\t<div class=\"wprevpro_t1_outer_div w3_wprs-row wprevprodiv\">\r\n\t\t\t\t\t<div class=\"wprevpro_t1_DIV_1 w3_wprs-col l12 outerrevdiv\">\r\n\t\t\t<div class=\"indrevdiv wprevpro_t1_DIV_2 wprev_preview_bg1_T1 wprev_preview_bradius_T1\">\r\n\t\t\t\t<div class=\"indrevtxt wprevpro_t1_P_3 wprev_preview_tcolor1_T1\"><div class='readmoretextdiv indrevlineclamp' data-lines='3' data-revid='422'>\t\t\t\t\t<span class=\"wprevpro_star_imgs_T1\"><span class=\"starloc1 wprevpro_star_imgs wprevpro_star_imgsloc1\"><span class=\"svgicons svg-wprsp-star\"><\/span><span class=\"svgicons svg-wprsp-star\"><\/span><span class=\"svgicons svg-wprsp-star\"><\/span><span class=\"svgicons svg-wprsp-star\"><\/span><span class=\"svgicons svg-wprsp-star\"><\/span><\/span><\/span>Lijepa soba,uredna i cista.Dobra lokacija, lijep pogled s balkona. Dragi domacini. Preporucujem.<\/div><div class='divwprsrdmore' style='opacity:0;'><span class='wprs_rd_more'>Lee mas<\/span><span class='wprs_rd_less' style='display:none;'>Leer menos<\/span><\/div>\t\t\t\t<\/div>\r\n\t\t\t\t\t\t\t\t\t\t\t\t\t\t\t\t<a href=\"https:\/\/www.airbnb.com\/rooms\/16732667\" target=\"_blank\" rel=\"nofollow noreferrer\" class=\"wprevpro_t1_site_logo_a\"><img decoding=\"async\" width=\"30\" height=\"32\" src=\"https:\/\/www.tribunj.biz\/wp-content\/plugins\/wp-review-slider-pro-premium\/public\/partials\/imgs\/airbnb_small_icon.svg?id=1\" alt=\"logo de airbnb\" class=\"wprevpro_t1_site_logo wprevsiteicon\"><\/a>\t\t\t<\/div><span class=\"wprevpro_t1_A_8\"><a href=\"https:\/\/www.airbnb.com\/users\/show\/\" target=\"_blank\" rel=\"nofollow noreferrer\"><img decoding=\"async\" loading=\"lazy\" src=\"https:\/\/a0.muscache.com\/im\/pictures\/user\/9e6a6bf1-9a75-4c70-97f6-2b15128291cd.jpg?aki_policy=profile_x_medium\" alt=\"Avatar de Zorana\" class=\"wprevpro_t1_IMG_4 wprevpro_avatarimg\" \/><\/a><\/span> <div class=\"wprevpro_t1_SPAN_5 wprev_preview_tcolor2_T1\"><div class=\"wprevpro_t1_rname wprevname\" >Zorana<\/div><div class=\"wprev_showdate_T1 wprevdate\">7\/19\/2023<\/div> <\/div>\r\n\t\t\t\r\n\t\t<\/div>\r\n\t\t\r\n\t\t<\/div>\r\n\t<\/li><li>\t\t\t<div class=\"wprevpro_t1_outer_div w3_wprs-row wprevprodiv\">\r\n\t\t\t\t\t<div class=\"wprevpro_t1_DIV_1 w3_wprs-col l12 outerrevdiv\">\r\n\t\t\t<div class=\"indrevdiv wprevpro_t1_DIV_2 wprev_preview_bg1_T1 wprev_preview_bradius_T1\">\r\n\t\t\t\t<div class=\"indrevtxt wprevpro_t1_P_3 wprev_preview_tcolor1_T1\"><div class='readmoretextdiv indrevlineclamp' data-lines='3' data-revid='559'>\t\t\t\t\t<span class=\"wprevpro_star_imgs_T1\"><span class=\"starloc1 wprevpro_star_imgs wprevpro_star_imgsloc1\"><span class=\"svgicons svg-wprsp-star\"><\/span><span class=\"svgicons svg-wprsp-star\"><\/span><span class=\"svgicons svg-wprsp-star\"><\/span><span class=\"svgicons svg-wprsp-star\"><\/span><span class=\"svgicons svg-wprsp-star\"><\/span><\/span><\/span>\u00a1Gracias por una estancia estupenda!:-)<\/div><div class='divwprsrdmore' style='opacity:0;'><span class='wprs_rd_more'>Lee mas<\/span><span class='wprs_rd_less' style='display:none;'>Leer menos<\/span><\/div>\t\t\t\t<\/div>\r\n\t\t\t\t\t\t\t\t\t\t\t\t\t\t\t\t<a href=\"https:\/\/www.airbnb.com\/rooms\/16732667\" target=\"_blank\" rel=\"nofollow noreferrer\" class=\"wprevpro_t1_site_logo_a\"><img decoding=\"async\" width=\"30\" height=\"32\" src=\"https:\/\/www.tribunj.biz\/wp-content\/plugins\/wp-review-slider-pro-premium\/public\/partials\/imgs\/airbnb_small_icon.svg?id=1\" alt=\"logo de airbnb\" class=\"wprevpro_t1_site_logo wprevsiteicon\"><\/a>\t\t\t<\/div><span class=\"wprevpro_t1_A_8\"><a href=\"https:\/\/www.airbnb.com\/users\/show\/\" target=\"_blank\" rel=\"nofollow noreferrer\"><img decoding=\"async\" loading=\"lazy\" src=\"https:\/\/s3-media0.fl.yelpcdn.com\/assets\/srv0\/yelp_styleguide\/514f6997a318\/assets\/img\/default_avatars\/user_60_square.png\" alt=\"Nat\u00e1lia Avatar\" class=\"wprevpro_t1_IMG_4 wprevpro_avatarimg\" \/><\/a><\/span> <div class=\"wprevpro_t1_SPAN_5 wprev_preview_tcolor2_T1\"><div class=\"wprevpro_t1_rname wprevname\" >Nat\u00e1lia<\/div><div class=\"wprev_showdate_T1 wprevdate\">8\/01\/2024<\/div> <\/div>\r\n\t\t\t\r\n\t\t<\/div>\r\n\t\t\r\n\t\t<\/div>\r\n\t<\/li><li>\t\t\t<div class=\"wprevpro_t1_outer_div w3_wprs-row wprevprodiv\">\r\n\t\t\t\t\t<div class=\"wprevpro_t1_DIV_1 w3_wprs-col l12 outerrevdiv\">\r\n\t\t\t<div class=\"indrevdiv wprevpro_t1_DIV_2 wprev_preview_bg1_T1 wprev_preview_bradius_T1\">\r\n\t\t\t\t<div class=\"indrevtxt wprevpro_t1_P_3 wprev_preview_tcolor1_T1\"><div class='readmoretextdiv indrevlineclamp' data-lines='3' data-revid='449'>\t\t\t\t\t<span class=\"wprevpro_star_imgs_T1\"><span class=\"starloc1 wprevpro_star_imgs wprevpro_star_imgsloc1\"><span class=\"svgicons svg-wprsp-star\"><\/span><span class=\"svgicons svg-wprsp-star\"><\/span><span class=\"svgicons svg-wprsp-star\"><\/span><span class=\"svgicons svg-wprsp-star\"><\/span><span class=\"svgicons svg-wprsp-star\"><\/span><\/span><\/span>\u00a1Tuvimos una estancia fant\u00e1stica! Ivana y Ante fueron amables y acogedores, y la ubicaci\u00f3n era maravillosa. Desde el balc\u00f3n ten\u00edamos una hermosa vista del puerto y estaba a un corto paseo de restaurantes, tiendas y la playa. Adem\u00e1s, estaba impecablemente limpio. \u00a1Lo recomendar\u00edamos sin dudarlo y esperamos volver alg\u00fan d\u00eda!<\/div><div class='divwprsrdmore' style='opacity:0;'><span class='wprs_rd_more'>Lee mas<\/span><span class='wprs_rd_less' style='display:none;'>Leer menos<\/span><\/div>\t\t\t\t<\/div>\r\n\t\t\t\t\t\t\t\t\t\t\t\t\t\t\t\t<a href=\"https:\/\/www.airbnb.com\/rooms\/16732667\" target=\"_blank\" rel=\"nofollow noreferrer\" class=\"wprevpro_t1_site_logo_a\"><img decoding=\"async\" width=\"30\" height=\"32\" src=\"https:\/\/www.tribunj.biz\/wp-content\/plugins\/wp-review-slider-pro-premium\/public\/partials\/imgs\/airbnb_small_icon.svg?id=1\" alt=\"logo de airbnb\" class=\"wprevpro_t1_site_logo wprevsiteicon\"><\/a>\t\t\t<\/div><span class=\"wprevpro_t1_A_8\"><a href=\"https:\/\/www.airbnb.com\/users\/show\/\" target=\"_blank\" rel=\"nofollow noreferrer\"><img decoding=\"async\" loading=\"lazy\" src=\"https:\/\/a0.muscache.com\/im\/pictures\/user\/f6d2fe0d-8eea-43a0-8068-0db75eb35865.jpg?aki_policy=profile_x_medium\" alt=\"Jennifer Avatar\" class=\"wprevpro_t1_IMG_4 wprevpro_avatarimg\" \/><\/a><\/span> <div class=\"wprevpro_t1_SPAN_5 wprev_preview_tcolor2_T1\"><div class=\"wprevpro_t1_rname wprevname\" >Jennifer<\/div><div class=\"wprev_showdate_T1 wprevdate\">9\/16\/2023<\/div> <\/div>\r\n\t\t\t\r\n\t\t<\/div>\r\n\t\t\r\n\t\t<\/div>\r\n\t<\/li><li>\t\t\t<div class=\"wprevpro_t1_outer_div w3_wprs-row wprevprodiv\">\r\n\t\t\t\t\t<div class=\"wprevpro_t1_DIV_1 w3_wprs-col l12 outerrevdiv\">\r\n\t\t\t<div class=\"indrevdiv wprevpro_t1_DIV_2 wprev_preview_bg1_T1 wprev_preview_bradius_T1\">\r\n\t\t\t\t<div class=\"indrevtxt wprevpro_t1_P_3 wprev_preview_tcolor1_T1\"><div class='readmoretextdiv indrevlineclamp' data-lines='3' data-revid='523'>\t\t\t\t\t<span class=\"wprevpro_star_imgs_T1\"><span class=\"starloc1 wprevpro_star_imgs wprevpro_star_imgsloc1\"><span class=\"svgicons svg-wprsp-star\"><\/span><span class=\"svgicons svg-wprsp-star\"><\/span><span class=\"svgicons svg-wprsp-star\"><\/span><span class=\"svgicons svg-wprsp-star\"><\/span><span class=\"svgicons svg-wprsp-star\"><\/span><\/span><\/span>La ubicaci\u00f3n era perfecta, frente al puerto deportivo donde comenzamos nuestro viaje en velero. La habitaci\u00f3n era luminosa y soleada, con una cama c\u00f3moda.<br>\nExcelente vista del puerto deportivo desde el balc\u00f3n. Tranquilo y apacible. F\u00e1cil acceso a pie a playas y restaurantes. Excelente anfitri\u00f3n.<\/div><div class='divwprsrdmore' style='opacity:0;'><span class='wprs_rd_more'>Lee mas<\/span><span class='wprs_rd_less' style='display:none;'>Leer menos<\/span><\/div>\t\t\t\t<\/div>\r\n\t\t\t\t\t\t\t\t\t\t\t\t\t\t\t\t<a href=\"https:\/\/www.airbnb.com\/rooms\/16732667\" target=\"_blank\" rel=\"nofollow noreferrer\" class=\"wprevpro_t1_site_logo_a\"><img decoding=\"async\" width=\"30\" height=\"32\" src=\"https:\/\/www.tribunj.biz\/wp-content\/plugins\/wp-review-slider-pro-premium\/public\/partials\/imgs\/airbnb_small_icon.svg?id=1\" alt=\"logo de airbnb\" class=\"wprevpro_t1_site_logo wprevsiteicon\"><\/a>\t\t\t<\/div><span class=\"wprevpro_t1_A_8\"><a href=\"https:\/\/www.airbnb.com\/users\/show\/\" target=\"_blank\" rel=\"nofollow noreferrer\"><img decoding=\"async\" loading=\"lazy\" src=\"https:\/\/a0.muscache.com\/im\/pictures\/user\/83286cd5-4e12-4926-a9a9-b5e70fa7f1fa.jpg?aki_policy=profile_x_medium\" alt=\"Avatar de Karen\" class=\"wprevpro_t1_IMG_4 wprevpro_avatarimg\" \/><\/a><\/span> <div class=\"wprevpro_t1_SPAN_5 wprev_preview_tcolor2_T1\"><div class=\"wprevpro_t1_rname wprevname\" >Karen<\/div><div class=\"wprev_showdate_T1 wprevdate\">6\/01\/2024<\/div> <\/div>\r\n\t\t\t\r\n\t\t<\/div>\r\n\t\t\r\n\t\t<\/div>\r\n\t<\/li><li>\t\t\t<div class=\"wprevpro_t1_outer_div w3_wprs-row wprevprodiv\">\r\n\t\t\t\t\t<div class=\"wprevpro_t1_DIV_1 w3_wprs-col l12 outerrevdiv\">\r\n\t\t\t<div class=\"indrevdiv wprevpro_t1_DIV_2 wprev_preview_bg1_T1 wprev_preview_bradius_T1\">\r\n\t\t\t\t<div class=\"indrevtxt wprevpro_t1_P_3 wprev_preview_tcolor1_T1\"><div class='readmoretextdiv indrevlineclamp' data-lines='3' data-revid='60'>\t\t\t\t\t<span class=\"wprevpro_star_imgs_T1\"><span class=\"starloc1 wprevpro_star_imgs wprevpro_star_imgsloc1\"><span class=\"svgicons svg-wprsp-star\"><\/span><span class=\"svgicons svg-wprsp-star\"><\/span><span class=\"svgicons svg-wprsp-star\"><\/span><span class=\"svgicons svg-wprsp-star\"><\/span><span class=\"svgicons svg-wprsp-star\"><\/span><\/span><\/span>La casa era hermosa y el balc\u00f3n hace que toda la estancia sea m\u00e1gica. No incluye la incre\u00edble peque\u00f1a ciudad a pocos pasos del lugar. Tuvimos una estancia maravillosa y muy recomendable!<\/div><div class='divwprsrdmore' style='opacity:0;'><span class='wprs_rd_more'>Lee mas<\/span><span class='wprs_rd_less' style='display:none;'>Leer menos<\/span><\/div>\t\t\t\t<\/div>\r\n\t\t\t\t\t\t\t\t\t\t\t\t\t\t\t\t<a href=\"https:\/\/www.airbnb.com\/rooms\/16732667\" target=\"_blank\" rel=\"nofollow noreferrer\" class=\"wprevpro_t1_site_logo_a\"><img decoding=\"async\" width=\"30\" height=\"32\" src=\"https:\/\/www.tribunj.biz\/wp-content\/plugins\/wp-review-slider-pro-premium\/public\/partials\/imgs\/airbnb_small_icon.svg?id=1\" alt=\"logo de airbnb\" class=\"wprevpro_t1_site_logo wprevsiteicon\"><\/a>\t\t\t<\/div><span class=\"wprevpro_t1_A_8\"><a href=\"https:\/\/www.airbnb.com\/users\/show\/163315850\" target=\"_blank\" rel=\"nofollow noreferrer\"><img decoding=\"async\" loading=\"lazy\" src=\"https:\/\/a0.muscache.com\/im\/pictures\/user\/dca97916-3758-41fc-914f-81644847ca6b.jpg?aki_policy=profile_x_medium\" alt=\"Raquel avatar\" class=\"wprevpro_t1_IMG_4 wprevpro_avatarimg\" \/><\/a><\/span> <div class=\"wprevpro_t1_SPAN_5 wprev_preview_tcolor2_T1\"><div class=\"wprevpro_t1_rname wprevname\" >Rachel<\/div><div class=\"wprev_showdate_T1 wprevdate\">7\/13\/2018<\/div> <\/div>\r\n\t\t\t\r\n\t\t<\/div>\r\n\t\t\r\n\t\t<\/div>\r\n\t<\/li><li>\t\t\t<div class=\"wprevpro_t1_outer_div w3_wprs-row wprevprodiv\">\r\n\t\t\t\t\t<div class=\"wprevpro_t1_DIV_1 w3_wprs-col l12 outerrevdiv\">\r\n\t\t\t<div class=\"indrevdiv wprevpro_t1_DIV_2 wprev_preview_bg1_T1 wprev_preview_bradius_T1\">\r\n\t\t\t\t<div class=\"indrevtxt wprevpro_t1_P_3 wprev_preview_tcolor1_T1\"><div class='readmoretextdiv indrevlineclamp' data-lines='3' data-revid='425'>\t\t\t\t\t<span class=\"wprevpro_star_imgs_T1\"><span class=\"starloc1 wprevpro_star_imgs wprevpro_star_imgsloc1\"><span class=\"svgicons svg-wprsp-star\"><\/span><span class=\"svgicons svg-wprsp-star\"><\/span><span class=\"svgicons svg-wprsp-star\"><\/span><span class=\"svgicons svg-wprsp-star\"><\/span><span class=\"svgicons svg-wprsp-star\"><\/span><\/span><\/span>Quer\u00eda compartir mi muy positiva experiencia en un Airbnb con Ante e Ivana. Nuestra estancia fue simplemente incre\u00edble. En primer lugar, la ubicaci\u00f3n era perfecta para lo que busc\u00e1bamos, permiti\u00e9ndonos explorar f\u00e1cilmente los alrededores y sumergirnos en la cultura local.<br>\n<br>\nEl Airbnb estaba limpio, c\u00f3modo y contaba con todas las comodidades que necesit\u00e1bamos. Ante e Ivana fueron unos anfitriones excepcionales, asegur\u00e1ndose de que nos sinti\u00e9ramos bienvenidos y bien atendidos durante toda nuestra estancia. <br>\n<br>\nUno de los momentos m\u00e1s destacados de nuestro viaje fue la oportunidad de conversar con Ivana, Ante e incluso con su padre en el hermoso patio trasero. Pasamos una tarde encantadora disfrutando de una copa del vino casero de su padre mientras compart\u00edamos historias. <br>\n<br>\nAgradecemos la maravillosa hospitalidad que recibimos de Ivana, Ante y su padre. La combinaci\u00f3n de la ubicaci\u00f3n perfecta, el excelente Airbnb y la calidez de su compa\u00f1\u00eda hicieron que nuestro viaje fuera inolvidable.<\/div><div class='divwprsrdmore' style='opacity:0;'><span class='wprs_rd_more'>Lee mas<\/span><span class='wprs_rd_less' style='display:none;'>Leer menos<\/span><\/div>\t\t\t\t<\/div>\r\n\t\t\t\t\t\t\t\t\t\t\t\t\t\t\t\t<a href=\"https:\/\/www.airbnb.com\/rooms\/16732667\" target=\"_blank\" rel=\"nofollow noreferrer\" class=\"wprevpro_t1_site_logo_a\"><img decoding=\"async\" width=\"30\" height=\"32\" src=\"https:\/\/www.tribunj.biz\/wp-content\/plugins\/wp-review-slider-pro-premium\/public\/partials\/imgs\/airbnb_small_icon.svg?id=1\" alt=\"logo de airbnb\" class=\"wprevpro_t1_site_logo wprevsiteicon\"><\/a>\t\t\t<\/div><span class=\"wprevpro_t1_A_8\"><a href=\"https:\/\/www.airbnb.com\/users\/show\/\" target=\"_blank\" rel=\"nofollow noreferrer\"><img decoding=\"async\" loading=\"lazy\" src=\"https:\/\/a0.muscache.com\/im\/pictures\/user\/3ef9d711-b8d8-4a40-aa98-97e28a1527cb.jpg?aki_policy=profile_x_medium\" alt=\"Jos\u00e9 Avatar\" class=\"wprevpro_t1_IMG_4 wprevpro_avatarimg\" \/><\/a><\/span> <div class=\"wprevpro_t1_SPAN_5 wprev_preview_tcolor2_T1\"><div class=\"wprevpro_t1_rname wprevname\" >Jos\u00e9<\/div><div class=\"wprev_showdate_T1 wprevdate\">7\/14\/2023<\/div> <\/div>\r\n\t\t\t\r\n\t\t<\/div>\r\n\t\t\r\n\t\t<\/div>\r\n\t<\/li><li>\t\t\t<div class=\"wprevpro_t1_outer_div w3_wprs-row wprevprodiv\">\r\n\t\t\t\t\t<div class=\"wprevpro_t1_DIV_1 w3_wprs-col l12 outerrevdiv\">\r\n\t\t\t<div class=\"indrevdiv wprevpro_t1_DIV_2 wprev_preview_bg1_T1 wprev_preview_bradius_T1\">\r\n\t\t\t\t<div class=\"indrevtxt wprevpro_t1_P_3 wprev_preview_tcolor1_T1\"><div class='readmoretextdiv indrevlineclamp' data-lines='3' data-revid='108'>\t\t\t\t\t<span class=\"wprevpro_star_imgs_T1\"><span class=\"starloc1 wprevpro_star_imgs wprevpro_star_imgsloc1\"><span class=\"svgicons svg-wprsp-star\"><\/span><span class=\"svgicons svg-wprsp-star\"><\/span><span class=\"svgicons svg-wprsp-star\"><\/span><span class=\"svgicons svg-wprsp-star\"><\/span><span class=\"svgicons svg-wprsp-star\"><\/span><\/span><\/span>Tribunj je predivan, bila sam i rado se sjetim<\/div><div class='divwprsrdmore' style='opacity:0;'><span class='wprs_rd_more'>Lee mas<\/span><span class='wprs_rd_less' style='display:none;'>Leer menos<\/span><\/div>\t\t\t\t<\/div>\r\n\t\t\t\t\t\t\t\t\t\t\t\t\t\t\t\t<a href=\"https:\/\/www.facebook.com\/pg\/451509874913315\/reviews\/\" target=\"_blank\" rel=\"nofollow noreferrer\" class=\"wprevpro_t1_site_logo_a\"><img decoding=\"async\" width=\"32\" height=\"32\" src=\"https:\/\/www.tribunj.biz\/wp-content\/plugins\/wp-review-slider-pro-premium\/public\/partials\/imgs\/facebook_small_icon.svg\" alt=\"Logo de Facebook\" class=\"wprevpro_t1_site_logo wprevsiteicon\"><\/a>\t\t\t<\/div><span class=\"wprevpro_t1_A_8\"><a href=\"https:\/\/www.facebook.com\/search\/top\/?q=Liana+D.\" target=\"_blank\" rel=\"nofollow noreferrer\"><img decoding=\"async\" loading=\"lazy\" src=\"https:\/\/platform-lookaside.fbsbx.com\/platform\/profilepic\/?psid=1852151941550548&height=100&width=100&ext=1549327169&hash=AeQQRm4GmqF7Bxfp\" alt=\"Liana D. Avatar\" class=\"wprevpro_t1_IMG_4 wprevpro_avatarimg\" \/><\/a><\/span> <div class=\"wprevpro_t1_SPAN_5 wprev_preview_tcolor2_T1\"><div class=\"wprevpro_t1_rname wprevname\" >Liana D.<\/div><div class=\"wprev_showdate_T1 wprevdate\">8\/14\/2016<\/div> <\/div>\r\n\t\t\t\r\n\t\t<\/div>\r\n\t\t\r\n\t\t<\/div>\r\n\t<\/li><li>\t\t\t<div class=\"wprevpro_t1_outer_div w3_wprs-row wprevprodiv\">\r\n\t\t\t\t\t<div class=\"wprevpro_t1_DIV_1 w3_wprs-col l12 outerrevdiv\">\r\n\t\t\t<div class=\"indrevdiv wprevpro_t1_DIV_2 wprev_preview_bg1_T1 wprev_preview_bradius_T1\">\r\n\t\t\t\t<div class=\"indrevtxt wprevpro_t1_P_3 wprev_preview_tcolor1_T1\"><div class='readmoretextdiv indrevlineclamp' data-lines='3' data-revid='415'>\t\t\t\t\t<span class=\"wprevpro_star_imgs_T1\"><span class=\"starloc1 wprevpro_star_imgs wprevpro_star_imgsloc1\"><span class=\"svgicons svg-wprsp-star\"><\/span><span class=\"svgicons svg-wprsp-star\"><\/span><span class=\"svgicons svg-wprsp-star\"><\/span><span class=\"svgicons svg-wprsp-star\"><\/span><span class=\"svgicons svg-wprsp-star\"><\/span><\/span><\/span>Muy buen anfitri\u00f3n y muy linda familia.<\/div><div class='divwprsrdmore' style='opacity:0;'><span class='wprs_rd_more'>Lee mas<\/span><span class='wprs_rd_less' style='display:none;'>Leer menos<\/span><\/div>\t\t\t\t<\/div>\r\n\t\t\t\t\t\t\t\t\t\t\t\t\t\t\t\t<a href=\"https:\/\/www.airbnb.com\/rooms\/16732667\" target=\"_blank\" rel=\"nofollow noreferrer\" class=\"wprevpro_t1_site_logo_a\"><img decoding=\"async\" width=\"30\" height=\"32\" src=\"https:\/\/www.tribunj.biz\/wp-content\/plugins\/wp-review-slider-pro-premium\/public\/partials\/imgs\/airbnb_small_icon.svg?id=1\" alt=\"logo de airbnb\" class=\"wprevpro_t1_site_logo wprevsiteicon\"><\/a>\t\t\t<\/div><span class=\"wprevpro_t1_A_8\"><a href=\"https:\/\/www.airbnb.com\/users\/show\/\" target=\"_blank\" rel=\"nofollow noreferrer\"><img decoding=\"async\" loading=\"lazy\" src=\"https:\/\/a0.muscache.com\/im\/pictures\/user\/User-437646530\/original\/e103a53c-fd21-4994-8df8-928bcc461294.jpeg?aki_policy=profile_x_medium\" alt=\"Avatar de Yacoub\" class=\"wprevpro_t1_IMG_4 wprevpro_avatarimg\" \/><\/a><\/span> <div class=\"wprevpro_t1_SPAN_5 wprev_preview_tcolor2_T1\"><div class=\"wprevpro_t1_rname wprevname\" >Yacub<\/div><div class=\"wprev_showdate_T1 wprevdate\">8\/02\/2023<\/div> <\/div>\r\n\t\t\t\r\n\t\t<\/div>\r\n\t\t\r\n\t\t<\/div>\r\n\t<\/li><li>\t\t\t<div class=\"wprevpro_t1_outer_div w3_wprs-row wprevprodiv\">\r\n\t\t\t\t\t<div class=\"wprevpro_t1_DIV_1 w3_wprs-col l12 outerrevdiv\">\r\n\t\t\t<div class=\"indrevdiv wprevpro_t1_DIV_2 wprev_preview_bg1_T1 wprev_preview_bradius_T1\">\r\n\t\t\t\t<div class=\"indrevtxt wprevpro_t1_P_3 wprev_preview_tcolor1_T1\"><div class='readmoretextdiv indrevlineclamp' data-lines='3' data-revid='599'>\t\t\t\t\t<span class=\"wprevpro_star_imgs_T1\"><span class=\"starloc1 wprevpro_star_imgs wprevpro_star_imgsloc1\"><span class=\"svgicons svg-wprsp-star\"><\/span><span class=\"svgicons svg-wprsp-star\"><\/span><span class=\"svgicons svg-wprsp-star\"><\/span><span class=\"svgicons svg-wprsp-star\"><\/span><span class=\"svgicons svg-wprsp-star-o\"><\/span><\/span><\/span>Sch\u00f6ne Aussicht vom Balkon. Direkte Lage zum Hafen. Lokalit\u00e4ten gut zu Fu\u00df zu erreichen. Bad und Zimmer sehr sauber.<\/div><div class='divwprsrdmore' style='opacity:0;'><span class='wprs_rd_more'>Lee mas<\/span><span class='wprs_rd_less' style='display:none;'>Leer menos<\/span><\/div>\t\t\t\t<\/div>\r\n\t\t\t\t\t\t\t\t\t\t\t\t\t\t\t\t<a href=\"https:\/\/www.airbnb.com\/rooms\/16732667\" target=\"_blank\" rel=\"nofollow noreferrer\" class=\"wprevpro_t1_site_logo_a\"><img decoding=\"async\" width=\"30\" height=\"32\" src=\"https:\/\/www.tribunj.biz\/wp-content\/plugins\/wp-review-slider-pro-premium\/public\/partials\/imgs\/airbnb_small_icon.svg?id=1\" alt=\"logo de airbnb\" class=\"wprevpro_t1_site_logo wprevsiteicon\"><\/a>\t\t\t<\/div><span class=\"wprevpro_t1_A_8\"><a href=\"https:\/\/www.airbnb.com\/users\/show\/\" target=\"_blank\" rel=\"nofollow noreferrer\"><img decoding=\"async\" loading=\"lazy\" src=\"https:\/\/www.tribunj.biz\/wp-content\/uploads\/wprevslider\/cache\/1753228800_johanna_599_60.jpg\" alt=\"Johanna Avatar\" class=\"wprevpro_t1_IMG_4 wprevpro_avatarimg\" \/><\/a><\/span> <div class=\"wprevpro_t1_SPAN_5 wprev_preview_tcolor2_T1\"><div class=\"wprevpro_t1_rname wprevname\" >Juana<\/div><div class=\"wprev_showdate_T1 wprevdate\">7\/23\/2025<\/div> <\/div>\r\n\t\t\t\r\n\t\t<\/div>\r\n\t\t\r\n\t\t<\/div>\r\n\t<\/li><li>\t\t\t<div class=\"wprevpro_t1_outer_div w3_wprs-row wprevprodiv\">\r\n\t\t\t\t\t<div class=\"wprevpro_t1_DIV_1 w3_wprs-col l12 outerrevdiv\">\r\n\t\t\t<div class=\"indrevdiv wprevpro_t1_DIV_2 wprev_preview_bg1_T1 wprev_preview_bradius_T1\">\r\n\t\t\t\t<div class=\"indrevtxt wprevpro_t1_P_3 wprev_preview_tcolor1_T1\"><div class='readmoretextdiv indrevlineclamp' data-lines='3' data-revid='42'>\t\t\t\t\t<span class=\"wprevpro_star_imgs_T1\"><span class=\"starloc1 wprevpro_star_imgs wprevpro_star_imgsloc1\"><span class=\"svgicons svg-wprsp-star\"><\/span><span class=\"svgicons svg-wprsp-star\"><\/span><span class=\"svgicons svg-wprsp-star\"><\/span><span class=\"svgicons svg-wprsp-star\"><\/span><span class=\"svgicons svg-wprsp-star-o\"><\/span><\/span><\/span>Bonito apartamento, excelente ubicaci\u00f3n, c\u00e1lido (era invierno).<\/div><div class='divwprsrdmore' style='opacity:0;'><span class='wprs_rd_more'>Lee mas<\/span><span class='wprs_rd_less' style='display:none;'>Leer menos<\/span><\/div>\t\t\t\t<\/div>\r\n\t\t\t\t\t\t\t\t\t\t\t\t\t\t\t\t<a href=\"https:\/\/www.airbnb.com\/rooms\/8834417\" target=\"_blank\" rel=\"nofollow noreferrer\" class=\"wprevpro_t1_site_logo_a\"><img decoding=\"async\" width=\"30\" height=\"32\" src=\"https:\/\/www.tribunj.biz\/wp-content\/plugins\/wp-review-slider-pro-premium\/public\/partials\/imgs\/airbnb_small_icon.svg?id=1\" alt=\"logo de airbnb\" class=\"wprevpro_t1_site_logo wprevsiteicon\"><\/a>\t\t\t<\/div><span class=\"wprevpro_t1_A_8\"><a href=\"https:\/\/www.airbnb.com\/users\/show\/11258519\" target=\"_blank\" rel=\"nofollow noreferrer\"><img decoding=\"async\" loading=\"lazy\" src=\"https:\/\/a0.muscache.com\/im\/pictures\/55e21c71-0a95-46c6-9457-c412f5f4a52e.jpg?aki_policy=profile_x_medium\" alt=\"Simona avatar\" class=\"wprevpro_t1_IMG_4 wprevpro_avatarimg\" \/><\/a><\/span> <div class=\"wprevpro_t1_SPAN_5 wprev_preview_tcolor2_T1\"><div class=\"wprevpro_t1_rname wprevname\" >Simona<\/div><div class=\"wprev_showdate_T1 wprevdate\">1\/02\/2018<\/div> <\/div>\r\n\t\t\t\r\n\t\t<\/div>\r\n\t\t\r\n\t\t<\/div>\r\n\t<\/li><li>\t\t\t<div class=\"wprevpro_t1_outer_div w3_wprs-row wprevprodiv\">\r\n\t\t\t\t\t<div class=\"wprevpro_t1_DIV_1 w3_wprs-col l12 outerrevdiv\">\r\n\t\t\t<div class=\"indrevdiv wprevpro_t1_DIV_2 wprev_preview_bg1_T1 wprev_preview_bradius_T1\">\r\n\t\t\t\t<div class=\"indrevtxt wprevpro_t1_P_3 wprev_preview_tcolor1_T1\"><div class='readmoretextdiv indrevlineclamp' data-lines='3' data-revid='460'>\t\t\t\t\t<span class=\"wprevpro_star_imgs_T1\"><span class=\"starloc1 wprevpro_star_imgs wprevpro_star_imgsloc1\"><span class=\"svgicons svg-wprsp-star\"><\/span><span class=\"svgicons svg-wprsp-star\"><\/span><span class=\"svgicons svg-wprsp-star\"><\/span><span class=\"svgicons svg-wprsp-star\"><\/span><span class=\"svgicons svg-wprsp-star\"><\/span><\/span><\/span>Tuvimos una estancia fant\u00e1stica. Ante e Ivana son muy amables y simp\u00e1ticos. Al llegar, estaban almorzando con su familia y nos invitaron a unirnos a ellos. Les dijimos: \u00abNo, es su tiempo en familia y tendremos que deshacer las maletas\u00bb. Ivana trajo pescado reci\u00e9n hecho, con pan, tomate y pepino; \u00a1una delicia!.<br>\nApartamento muy espacioso, con amplio balc\u00f3n, con estupendas vistas al puerto deportivo.<br>\nEstancia agradable, tranquila y relajante, totalmente recomendable. Si vienes a Tribunj, qu\u00e9date aqu\u00ed con ellos \ud83d\ude0e\ud83d\udc4d\ud83d\ude42<\/div><div class='divwprsrdmore' style='opacity:0;'><span class='wprs_rd_more'>Lee mas<\/span><span class='wprs_rd_less' style='display:none;'>Leer menos<\/span><\/div>\t\t\t\t<\/div>\r\n\t\t\t\t\t\t\t\t\t\t\t\t\t\t\t\t<a href=\"https:\/\/www.airbnb.com\/rooms\/8837098\" target=\"_blank\" rel=\"nofollow noreferrer\" class=\"wprevpro_t1_site_logo_a\"><img decoding=\"async\" width=\"30\" height=\"32\" src=\"https:\/\/www.tribunj.biz\/wp-content\/plugins\/wp-review-slider-pro-premium\/public\/partials\/imgs\/airbnb_small_icon.svg?id=1\" alt=\"logo de airbnb\" class=\"wprevpro_t1_site_logo wprevsiteicon\"><\/a>\t\t\t<\/div><span class=\"wprevpro_t1_A_8\"><a href=\"https:\/\/www.airbnb.com\/users\/show\/\" target=\"_blank\" rel=\"nofollow noreferrer\"><img decoding=\"async\" loading=\"lazy\" src=\"https:\/\/a0.muscache.com\/im\/pictures\/user\/c1955483-f617-4596-b44f-5d7e96b4d1f7.jpg?aki_policy=profile_x_medium\" alt=\"Decano Avatar\" class=\"wprevpro_t1_IMG_4 wprevpro_avatarimg\" \/><\/a><\/span> <div class=\"wprevpro_t1_SPAN_5 wprev_preview_tcolor2_T1\"><div class=\"wprevpro_t1_rname wprevname\" >Decano<\/div><div class=\"wprev_showdate_T1 wprevdate\">9\/16\/2023<\/div> <\/div>\r\n\t\t\t\r\n\t\t<\/div>\r\n\t\t\r\n\t\t<\/div>\r\n\t<\/li><li>\t\t\t<div class=\"wprevpro_t1_outer_div w3_wprs-row wprevprodiv\">\r\n\t\t\t\t\t<div class=\"wprevpro_t1_DIV_1 w3_wprs-col l12 outerrevdiv\">\r\n\t\t\t<div class=\"indrevdiv wprevpro_t1_DIV_2 wprev_preview_bg1_T1 wprev_preview_bradius_T1\">\r\n\t\t\t\t<div class=\"indrevtxt wprevpro_t1_P_3 wprev_preview_tcolor1_T1\"><div class='readmoretextdiv indrevlineclamp' data-lines='3' data-revid='207'>\t\t\t\t\t<span class=\"wprevpro_star_imgs_T1\"><span class=\"starloc1 wprevpro_star_imgs wprevpro_star_imgsloc1\"><span class=\"svgicons svg-wprsp-star\"><\/span><span class=\"svgicons svg-wprsp-star\"><\/span><span class=\"svgicons svg-wprsp-star\"><\/span><span class=\"svgicons svg-wprsp-star\"><\/span><span class=\"svgicons svg-wprsp-star\"><\/span><\/span><\/span>Pasamos una semana en este lugar incre\u00edble. La habitaci\u00f3n estaba limpia y bonita, con una hermosa vista al mar desde el balc\u00f3n. \u00a1La ubicaci\u00f3n es perfecta! \u00a1Muy recomendable!<\/div><div class='divwprsrdmore' style='opacity:0;'><span class='wprs_rd_more'>Lee mas<\/span><span class='wprs_rd_less' style='display:none;'>Leer menos<\/span><\/div>\t\t\t\t<\/div>\r\n\t\t\t\t\t\t\t\t\t\t\t\t\t\t\t\t<a href=\"https:\/\/www.airbnb.com\/rooms\/16732667\" target=\"_blank\" rel=\"nofollow noreferrer\" class=\"wprevpro_t1_site_logo_a\"><img decoding=\"async\" width=\"30\" height=\"32\" src=\"https:\/\/www.tribunj.biz\/wp-content\/plugins\/wp-review-slider-pro-premium\/public\/partials\/imgs\/airbnb_small_icon.svg?id=1\" alt=\"logo de airbnb\" class=\"wprevpro_t1_site_logo wprevsiteicon\"><\/a>\t\t\t<\/div><span class=\"wprevpro_t1_A_8\"><a href=\"https:\/\/www.airbnb.com\/users\/show\/467387957\" target=\"_blank\" rel=\"nofollow noreferrer\"><img decoding=\"async\" loading=\"lazy\" src=\"https:\/\/a0.muscache.com\/im\/pictures\/user\/eb743f78-997b-40f4-b9a7-59842679d03d.jpg?aki_policy=profile_x_medium\" alt=\"Avatar en blanco\" class=\"wprevpro_t1_IMG_4 wprevpro_avatarimg\" \/><\/a><\/span> <div class=\"wprevpro_t1_SPAN_5 wprev_preview_tcolor2_T1\"><div class=\"wprevpro_t1_rname wprevname\" >Blanka<\/div><div class=\"wprev_showdate_T1 wprevdate\">8\/09\/2022<\/div> <\/div>\r\n\t\t\t\r\n\t\t<\/div>\r\n\t\t\r\n\t\t<\/div>\r\n\t<\/li><li>\t\t\t<div class=\"wprevpro_t1_outer_div w3_wprs-row wprevprodiv\">\r\n\t\t\t\t\t<div class=\"wprevpro_t1_DIV_1 w3_wprs-col l12 outerrevdiv\">\r\n\t\t\t<div class=\"indrevdiv wprevpro_t1_DIV_2 wprev_preview_bg1_T1 wprev_preview_bradius_T1\">\r\n\t\t\t\t<div class=\"indrevtxt wprevpro_t1_P_3 wprev_preview_tcolor1_T1\"><div class='readmoretextdiv indrevlineclamp' data-lines='3' data-revid='438'>\t\t\t\t\t<span class=\"wprevpro_star_imgs_T1\"><span class=\"starloc1 wprevpro_star_imgs wprevpro_star_imgsloc1\"><span class=\"svgicons svg-wprsp-star\"><\/span><span class=\"svgicons svg-wprsp-star\"><\/span><span class=\"svgicons svg-wprsp-star\"><\/span><span class=\"svgicons svg-wprsp-star\"><\/span><span class=\"svgicons svg-wprsp-star\"><\/span><\/span><\/span>Wir, P\u00e4rchen mit Baby, waren eine Nacht bei Ante und waren super zufrieden. Das Zimmer ist ausreichend gro\u00df, die Aussicht vom Balkon - besonders der Sonnenuntergang traumhaft!, Parkplatz directamente auf dem Grundst\u00fcck und fu\u00dfl\u00e4ufig ist man in 5 Minuten im Zentrum.<\/div><div class='divwprsrdmore' style='opacity:0;'><span class='wprs_rd_more'>Lee mas<\/span><span class='wprs_rd_less' style='display:none;'>Leer menos<\/span><\/div>\t\t\t\t<\/div>\r\n\t\t\t\t\t\t\t\t\t\t\t\t\t\t\t\t<a href=\"https:\/\/www.airbnb.com\/rooms\/16732667\" target=\"_blank\" rel=\"nofollow noreferrer\" class=\"wprevpro_t1_site_logo_a\"><img decoding=\"async\" width=\"30\" height=\"32\" src=\"https:\/\/www.tribunj.biz\/wp-content\/plugins\/wp-review-slider-pro-premium\/public\/partials\/imgs\/airbnb_small_icon.svg?id=1\" alt=\"logo de airbnb\" class=\"wprevpro_t1_site_logo wprevsiteicon\"><\/a>\t\t\t<\/div><span class=\"wprevpro_t1_A_8\"><a href=\"https:\/\/www.airbnb.com\/users\/show\/\" target=\"_blank\" rel=\"nofollow noreferrer\"><img decoding=\"async\" loading=\"lazy\" src=\"https:\/\/a0.muscache.com\/im\/pictures\/user\/27e3157d-50cb-4b14-9730-d1e8b2418263.jpg?aki_policy=profile_x_medium\" alt=\"Avatar de Chrissi\" class=\"wprevpro_t1_IMG_4 wprevpro_avatarimg\" \/><\/a><\/span> <div class=\"wprevpro_t1_SPAN_5 wprev_preview_tcolor2_T1\"><div class=\"wprevpro_t1_rname wprevname\" >Chrissi<\/div><div class=\"wprev_showdate_T1 wprevdate\">5\/27\/2024<\/div> <\/div>\r\n\t\t\t\r\n\t\t<\/div>\r\n\t\t\r\n\t\t<\/div>\r\n\t<\/li><li>\t\t\t<div class=\"wprevpro_t1_outer_div w3_wprs-row wprevprodiv\">\r\n\t\t\t\t\t<div class=\"wprevpro_t1_DIV_1 w3_wprs-col l12 outerrevdiv\">\r\n\t\t\t<div class=\"indrevdiv wprevpro_t1_DIV_2 wprev_preview_bg1_T1 wprev_preview_bradius_T1\">\r\n\t\t\t\t<div class=\"indrevtxt wprevpro_t1_P_3 wprev_preview_tcolor1_T1\"><div class='readmoretextdiv indrevlineclamp' data-lines='3' data-revid='239'>\t\t\t\t\t<span class=\"wprevpro_star_imgs_T1\"><span class=\"starloc1 wprevpro_star_imgs wprevpro_star_imgsloc1\"><span class=\"svgicons svg-wprsp-star\"><\/span><span class=\"svgicons svg-wprsp-star\"><\/span><span class=\"svgicons svg-wprsp-star\"><\/span><span class=\"svgicons svg-wprsp-star\"><\/span><span class=\"svgicons svg-wprsp-star\"><\/span><\/span><\/span>De acuerdo<\/div><div class='divwprsrdmore' style='opacity:0;'><span class='wprs_rd_more'>Lee mas<\/span><span class='wprs_rd_less' style='display:none;'>Leer menos<\/span><\/div>\t\t\t\t<\/div>\r\n\t\t\t\t\t\t\t\t\t\t\t\t\t\t\t\t<a href=\"https:\/\/maps.google.com\/?cid=5921528500927293870\" target=\"_blank\" rel=\"nofollow noreferrer\" class=\"wprevpro_t1_site_logo_a\"><img decoding=\"async\" width=\"32\" height=\"32\" src=\"https:\/\/www.tribunj.biz\/wp-content\/plugins\/wp-review-slider-pro-premium\/public\/partials\/imgs\/google_small_icon.svg\" alt=\"Logotipo de Google\" class=\"wprevpro_t1_site_logo wprevsiteicon\"><\/a>\t\t\t<\/div><span class=\"wprevpro_t1_A_8\"><a href=\"https:\/\/www.google.com\/maps\/contrib\/104873052787739806258\" target=\"_blank\" rel=\"nofollow noreferrer\"><img decoding=\"async\" loading=\"lazy\" src=\"https:\/\/lh3.googleusercontent.com\/a\/AItbvmmAvQsClMjNOoiOFNOdi7GCw5-Ay3fPMysiv2gR=s128-c0x00000000-cc-rp-mo-ba4?sz=100\" alt=\"Avatar de Velimir Tunjic\" class=\"wprevpro_t1_IMG_4 wprevpro_avatarimg\" \/><\/a><\/span> <div class=\"wprevpro_t1_SPAN_5 wprev_preview_tcolor2_T1\"><div class=\"wprevpro_t1_rname wprevname\" >Velimir Tunjic<\/div><div class=\"wprev_showdate_T1 wprevdate\">3\/17\/2022<\/div> <\/div>\r\n\t\t\t\r\n\t\t<\/div>\r\n\t\t\r\n\t\t<\/div>\r\n\t<\/li><li>\t\t\t<div class=\"wprevpro_t1_outer_div w3_wprs-row wprevprodiv\">\r\n\t\t\t\t\t<div class=\"wprevpro_t1_DIV_1 w3_wprs-col l12 outerrevdiv\">\r\n\t\t\t<div class=\"indrevdiv wprevpro_t1_DIV_2 wprev_preview_bg1_T1 wprev_preview_bradius_T1\">\r\n\t\t\t\t<div class=\"indrevtxt wprevpro_t1_P_3 wprev_preview_tcolor1_T1\"><div class='readmoretextdiv indrevlineclamp' data-lines='3' data-revid='414'>\t\t\t\t\t<span class=\"wprevpro_star_imgs_T1\"><span class=\"starloc1 wprevpro_star_imgs wprevpro_star_imgsloc1\"><span class=\"svgicons svg-wprsp-star\"><\/span><span class=\"svgicons svg-wprsp-star\"><\/span><span class=\"svgicons svg-wprsp-star\"><\/span><span class=\"svgicons svg-wprsp-star\"><\/span><span class=\"svgicons svg-wprsp-star\"><\/span><\/span><\/span>Pi\u0119kny widok z balkonu, w pokoju by\u0142o czysto i pachn\u0105co, gospodarze bardzo mili, mo\u017cna si\u0119 poczu\u0107 jak w domu:) Mam nadziej\u0119, \u017ce kiedy\u015b jeszcze wr\u00f3cimy:)<\/div><div class='divwprsrdmore' style='opacity:0;'><span class='wprs_rd_more'>Lee mas<\/span><span class='wprs_rd_less' style='display:none;'>Leer menos<\/span><\/div>\t\t\t\t<\/div>\r\n\t\t\t\t\t\t\t\t\t\t\t\t\t\t\t\t<a href=\"https:\/\/www.airbnb.com\/rooms\/16732667\" target=\"_blank\" rel=\"nofollow noreferrer\" class=\"wprevpro_t1_site_logo_a\"><img decoding=\"async\" width=\"30\" height=\"32\" src=\"https:\/\/www.tribunj.biz\/wp-content\/plugins\/wp-review-slider-pro-premium\/public\/partials\/imgs\/airbnb_small_icon.svg?id=1\" alt=\"logo de airbnb\" class=\"wprevpro_t1_site_logo wprevsiteicon\"><\/a>\t\t\t<\/div><span class=\"wprevpro_t1_A_8\"><a href=\"https:\/\/www.airbnb.com\/users\/show\/\" target=\"_blank\" rel=\"nofollow noreferrer\"><img decoding=\"async\" loading=\"lazy\" src=\"https:\/\/a0.muscache.com\/im\/pictures\/user\/332e88b1-66f2-4c82-93f4-90f9c913e1d9.jpg?aki_policy=profile_x_medium\" alt=\"Sebasti\u00e1n Avatar\" class=\"wprevpro_t1_IMG_4 wprevpro_avatarimg\" \/><\/a><\/span> <div class=\"wprevpro_t1_SPAN_5 wprev_preview_tcolor2_T1\"><div class=\"wprevpro_t1_rname wprevname\" >Sebasti\u00e1n<\/div><div class=\"wprev_showdate_T1 wprevdate\">8\/04\/2023<\/div> <\/div>\r\n\t\t\t\r\n\t\t<\/div>\r\n\t\t\r\n\t\t<\/div>\r\n\t<\/li><li>\t\t\t<div class=\"wprevpro_t1_outer_div w3_wprs-row wprevprodiv\">\r\n\t\t\t\t\t<div class=\"wprevpro_t1_DIV_1 w3_wprs-col l12 outerrevdiv\">\r\n\t\t\t<div class=\"indrevdiv wprevpro_t1_DIV_2 wprev_preview_bg1_T1 wprev_preview_bradius_T1\">\r\n\t\t\t\t<div class=\"indrevtxt wprevpro_t1_P_3 wprev_preview_tcolor1_T1\"><div class='readmoretextdiv indrevlineclamp' data-lines='3' data-revid='228'>\t\t\t\t\t<span class=\"wprevpro_star_imgs_T1\"><span class=\"starloc1 wprevpro_star_imgs wprevpro_star_imgsloc1\"><span class=\"svgicons svg-wprsp-star\"><\/span><span class=\"svgicons svg-wprsp-star\"><\/span><span class=\"svgicons svg-wprsp-star\"><\/span><span class=\"svgicons svg-wprsp-star\"><\/span><span class=\"svgicons svg-wprsp-star-o\"><\/span><\/span><\/span>Buena comunicaci\u00f3n con ante par messagerie. Elle n&#039;\u00e9tant pas presente sur place, j&#039;ai \u00e9t\u00e9 accueilli par son grand-p\u00e8re qui ne parle pas un mot d&#039;anglais (uniquement l&#039;allemand).<br>\nLa habitaci\u00f3n y la sala de ba\u00f1o son muy correctas. Il manque une couette adapt\u00e9e au grand lit, et la vue donne plus sur la route et le parking \u00e0 b\u00e2teaux que sur le vieux port.<\/div><div class='divwprsrdmore' style='opacity:0;'><span class='wprs_rd_more'>Lee mas<\/span><span class='wprs_rd_less' style='display:none;'>Leer menos<\/span><\/div>\t\t\t\t<\/div>\r\n\t\t\t\t\t\t\t\t\t\t\t\t\t\t\t\t<a href=\"https:\/\/www.airbnb.com\/rooms\/16732667\" target=\"_blank\" rel=\"nofollow noreferrer\" class=\"wprevpro_t1_site_logo_a\"><img decoding=\"async\" width=\"30\" height=\"32\" src=\"https:\/\/www.tribunj.biz\/wp-content\/plugins\/wp-review-slider-pro-premium\/public\/partials\/imgs\/airbnb_small_icon.svg?id=1\" alt=\"logo de airbnb\" class=\"wprevpro_t1_site_logo wprevsiteicon\"><\/a>\t\t\t<\/div><span class=\"wprevpro_t1_A_8\"><a href=\"https:\/\/www.airbnb.com\/users\/show\/150959478\" target=\"_blank\" rel=\"nofollow noreferrer\"><img decoding=\"async\" loading=\"lazy\" src=\"https:\/\/a0.muscache.com\/im\/pictures\/user\/635b296d-77c3-45f0-b0c7-6a6c4eee1fc6.jpg?aki_policy=profile_x_medium\" alt=\"Herv\u00e9 Avatar\" class=\"wprevpro_t1_IMG_4 wprevpro_avatarimg\" \/><\/a><\/span> <div class=\"wprevpro_t1_SPAN_5 wprev_preview_tcolor2_T1\"><div class=\"wprevpro_t1_rname wprevname\" >Herv\u00e9<\/div><div class=\"wprev_showdate_T1 wprevdate\">11\/22\/2021<\/div> <\/div>\r\n\t\t\t\r\n\t\t<\/div>\r\n\t\t\r\n\t\t<\/div>\r\n\t<\/li><li>\t\t\t<div class=\"wprevpro_t1_outer_div w3_wprs-row wprevprodiv\">\r\n\t\t\t\t\t<div class=\"wprevpro_t1_DIV_1 w3_wprs-col l12 outerrevdiv\">\r\n\t\t\t<div class=\"indrevdiv wprevpro_t1_DIV_2 wprev_preview_bg1_T1 wprev_preview_bradius_T1\">\r\n\t\t\t\t<div class=\"indrevtxt wprevpro_t1_P_3 wprev_preview_tcolor1_T1\"><div class='readmoretextdiv indrevlineclamp' data-lines='3' data-revid='578'>\t\t\t\t\t<span class=\"wprevpro_star_imgs_T1\"><span class=\"starloc1 wprevpro_star_imgs wprevpro_star_imgsloc1\"><span class=\"svgicons svg-wprsp-star\"><\/span><span class=\"svgicons svg-wprsp-star\"><\/span><span class=\"svgicons svg-wprsp-star\"><\/span><span class=\"svgicons svg-wprsp-star\"><\/span><span class=\"svgicons svg-wprsp-star\"><\/span><\/span><\/span>Una ubicaci\u00f3n preciosa. Vistas \u00fanicas del pueblo y del puerto deportivo. Cerca de la playa y restaurantes.<\/div><div class='divwprsrdmore' style='opacity:0;'><span class='wprs_rd_more'>Lee mas<\/span><span class='wprs_rd_less' style='display:none;'>Leer menos<\/span><\/div>\t\t\t\t<\/div>\r\n\t\t\t\t\t\t\t\t\t\t\t\t\t\t\t\t<a href=\"https:\/\/www.airbnb.com\/rooms\/8836313\" target=\"_blank\" rel=\"nofollow noreferrer\" class=\"wprevpro_t1_site_logo_a\"><img decoding=\"async\" width=\"30\" height=\"32\" src=\"https:\/\/www.tribunj.biz\/wp-content\/plugins\/wp-review-slider-pro-premium\/public\/partials\/imgs\/airbnb_small_icon.svg?id=1\" alt=\"logo de airbnb\" class=\"wprevpro_t1_site_logo wprevsiteicon\"><\/a>\t\t\t<\/div><span class=\"wprevpro_t1_A_8\"><a href=\"https:\/\/www.airbnb.com\/users\/show\/\" target=\"_blank\" rel=\"nofollow noreferrer\"><img decoding=\"async\" loading=\"lazy\" src=\"https:\/\/s3-media0.fl.yelpcdn.com\/assets\/srv0\/yelp_styleguide\/514f6997a318\/assets\/img\/default_avatars\/user_60_square.png\" alt=\"Laurence Avatar\" class=\"wprevpro_t1_IMG_4 wprevpro_avatarimg\" \/><\/a><\/span> <div class=\"wprevpro_t1_SPAN_5 wprev_preview_tcolor2_T1\"><div class=\"wprevpro_t1_rname wprevname\" >Laurence<\/div><div class=\"wprev_showdate_T1 wprevdate\">8\/01\/2019<\/div> <\/div>\r\n\t\t\t\r\n\t\t<\/div>\r\n\t\t\r\n\t\t<\/div>\r\n\t<\/li><li>\t\t\t<div class=\"wprevpro_t1_outer_div w3_wprs-row wprevprodiv\">\r\n\t\t\t\t\t<div class=\"wprevpro_t1_DIV_1 w3_wprs-col l12 outerrevdiv\">\r\n\t\t\t<div class=\"indrevdiv wprevpro_t1_DIV_2 wprev_preview_bg1_T1 wprev_preview_bradius_T1\">\r\n\t\t\t\t<div class=\"indrevtxt wprevpro_t1_P_3 wprev_preview_tcolor1_T1\"><div class='readmoretextdiv indrevlineclamp' data-lines='3' data-revid='219'>\t\t\t\t\t<span class=\"wprevpro_star_imgs_T1\"><span class=\"starloc1 wprevpro_star_imgs wprevpro_star_imgsloc1\"><span class=\"svgicons svg-wprsp-star\"><\/span><span class=\"svgicons svg-wprsp-star\"><\/span><span class=\"svgicons svg-wprsp-star\"><\/span><span class=\"svgicons svg-wprsp-star\"><\/span><span class=\"svgicons svg-wprsp-star\"><\/span><\/span><\/span>Anfitri\u00f3n s\u00faper agradable, con un ni\u00f1o lindo, muy recomendable.<\/div><div class='divwprsrdmore' style='opacity:0;'><span class='wprs_rd_more'>Lee mas<\/span><span class='wprs_rd_less' style='display:none;'>Leer menos<\/span><\/div>\t\t\t\t<\/div>\r\n\t\t\t\t\t\t\t\t\t\t\t\t\t\t\t\t<a href=\"https:\/\/www.airbnb.com\/rooms\/16732667\" target=\"_blank\" rel=\"nofollow noreferrer\" class=\"wprevpro_t1_site_logo_a\"><img decoding=\"async\" width=\"30\" height=\"32\" src=\"https:\/\/www.tribunj.biz\/wp-content\/plugins\/wp-review-slider-pro-premium\/public\/partials\/imgs\/airbnb_small_icon.svg?id=1\" alt=\"logo de airbnb\" class=\"wprevpro_t1_site_logo wprevsiteicon\"><\/a>\t\t\t<\/div><span class=\"wprevpro_t1_A_8\"><a href=\"https:\/\/www.airbnb.com\/users\/show\/21942290\" target=\"_blank\" rel=\"nofollow noreferrer\"><img decoding=\"async\" loading=\"lazy\" src=\"https:\/\/a0.muscache.com\/im\/pictures\/user\/d34240f6-3524-482c-8391-2502287c4130.jpg?aki_policy=profile_x_medium\" alt=\"Avatar de rub\u00ed\" class=\"wprevpro_t1_IMG_4 wprevpro_avatarimg\" \/><\/a><\/span> <div class=\"wprevpro_t1_SPAN_5 wprev_preview_tcolor2_T1\"><div class=\"wprevpro_t1_rname wprevname\" >Rub\u00ed<\/div><div class=\"wprev_showdate_T1 wprevdate\">7\/17\/2021<\/div> <\/div>\r\n\t\t\t\r\n\t\t<\/div>\r\n\t\t\r\n\t\t<\/div>\r\n\t<\/li><li>\t\t\t<div class=\"wprevpro_t1_outer_div w3_wprs-row wprevprodiv\">\r\n\t\t\t\t\t<div class=\"wprevpro_t1_DIV_1 w3_wprs-col l12 outerrevdiv\">\r\n\t\t\t<div class=\"indrevdiv wprevpro_t1_DIV_2 wprev_preview_bg1_T1 wprev_preview_bradius_T1\">\r\n\t\t\t\t<div class=\"indrevtxt wprevpro_t1_P_3 wprev_preview_tcolor1_T1\"><div class='readmoretextdiv indrevlineclamp' data-lines='3' data-revid='211'>\t\t\t\t\t<span class=\"wprevpro_star_imgs_T1\"><span class=\"starloc1 wprevpro_star_imgs wprevpro_star_imgsloc1\"><span class=\"svgicons svg-wprsp-star\"><\/span><span class=\"svgicons svg-wprsp-star\"><\/span><span class=\"svgicons svg-wprsp-star\"><\/span><span class=\"svgicons svg-wprsp-star\"><\/span><span class=\"svgicons svg-wprsp-star\"><\/span><\/span><\/span>La estancia fue genial \ud83d\ude0a<\/div><div class='divwprsrdmore' style='opacity:0;'><span class='wprs_rd_more'>Lee mas<\/span><span class='wprs_rd_less' style='display:none;'>Leer menos<\/span><\/div>\t\t\t\t<\/div>\r\n\t\t\t\t\t\t\t\t\t\t\t\t\t\t\t\t<a href=\"https:\/\/www.airbnb.com\/rooms\/16732667\" target=\"_blank\" rel=\"nofollow noreferrer\" class=\"wprevpro_t1_site_logo_a\"><img decoding=\"async\" width=\"30\" height=\"32\" src=\"https:\/\/www.tribunj.biz\/wp-content\/plugins\/wp-review-slider-pro-premium\/public\/partials\/imgs\/airbnb_small_icon.svg?id=1\" alt=\"logo de airbnb\" class=\"wprevpro_t1_site_logo wprevsiteicon\"><\/a>\t\t\t<\/div><span class=\"wprevpro_t1_A_8\"><a href=\"https:\/\/www.airbnb.com\/users\/show\/81173364\" target=\"_blank\" rel=\"nofollow noreferrer\"><img decoding=\"async\" loading=\"lazy\" src=\"https:\/\/a0.muscache.com\/im\/pictures\/user\/ebd5bb21-6241-4650-a8cc-8c2bcfc973b0.jpg?aki_policy=profile_x_medium\" alt=\"Ana Fl\u00e1via Avatar\" class=\"wprevpro_t1_IMG_4 wprevpro_avatarimg\" \/><\/a><\/span> <div class=\"wprevpro_t1_SPAN_5 wprev_preview_tcolor2_T1\"><div class=\"wprevpro_t1_rname wprevname\" >Ana Fl\u00e1via<\/div><div class=\"wprev_showdate_T1 wprevdate\">6\/25\/2022<\/div> <\/div>\r\n\t\t\t\r\n\t\t<\/div>\r\n\t\t\r\n\t\t<\/div>\r\n\t<\/li><li>\t\t\t<div class=\"wprevpro_t1_outer_div w3_wprs-row wprevprodiv\">\r\n\t\t\t\t\t<div class=\"wprevpro_t1_DIV_1 w3_wprs-col l12 outerrevdiv\">\r\n\t\t\t<div class=\"indrevdiv wprevpro_t1_DIV_2 wprev_preview_bg1_T1 wprev_preview_bradius_T1\">\r\n\t\t\t\t<div class=\"indrevtxt wprevpro_t1_P_3 wprev_preview_tcolor1_T1\"><div class='readmoretextdiv indrevlineclamp' data-lines='3' data-revid='593'>\t\t\t\t\t<span class=\"wprevpro_star_imgs_T1\"><span class=\"starloc1 wprevpro_star_imgs wprevpro_star_imgsloc1\"><span class=\"svgicons svg-wprsp-star\"><\/span><span class=\"svgicons svg-wprsp-star\"><\/span><span class=\"svgicons svg-wprsp-star\"><\/span><span class=\"svgicons svg-wprsp-star\"><\/span><span class=\"svgicons svg-wprsp-star\"><\/span><\/span><\/span>Ivana \u00e8 stata gentile e reattiva sempre.La sistemazione corrispondeva alla descrizione, ampia luminosa e pulita.Con un balcone che da su una meravigliosa vista.Assolutamente consigliato, soggiorno molto gradito!<\/div><div class='divwprsrdmore' style='opacity:0;'><span class='wprs_rd_more'>Lee mas<\/span><span class='wprs_rd_less' style='display:none;'>Leer menos<\/span><\/div>\t\t\t\t<\/div>\r\n\t\t\t\t\t\t\t\t\t\t\t\t\t\t\t\t<a href=\"https:\/\/www.airbnb.com\/rooms\/16732667\" target=\"_blank\" rel=\"nofollow noreferrer\" class=\"wprevpro_t1_site_logo_a\"><img decoding=\"async\" width=\"30\" height=\"32\" src=\"https:\/\/www.tribunj.biz\/wp-content\/plugins\/wp-review-slider-pro-premium\/public\/partials\/imgs\/airbnb_small_icon.svg?id=1\" alt=\"logo de airbnb\" class=\"wprevpro_t1_site_logo wprevsiteicon\"><\/a>\t\t\t<\/div><span class=\"wprevpro_t1_A_8\"><a href=\"https:\/\/www.airbnb.com\/users\/show\/\" target=\"_blank\" rel=\"nofollow noreferrer\"><img decoding=\"async\" loading=\"lazy\" src=\"https:\/\/www.tribunj.biz\/wp-content\/uploads\/wprevslider\/cache\/1755561600_valeria_593_60.png\" alt=\"Valeria Avatar\" class=\"wprevpro_t1_IMG_4 wprevpro_avatarimg\" \/><\/a><\/span> <div class=\"wprevpro_t1_SPAN_5 wprev_preview_tcolor2_T1\"><div class=\"wprevpro_t1_rname wprevname\" >Valeria<\/div><div class=\"wprev_showdate_T1 wprevdate\">8\/19\/2025<\/div> <\/div>\r\n\t\t\t\r\n\t\t<\/div>\r\n\t\t\r\n\t\t<\/div>\r\n\t<\/li><li>\t\t\t<div class=\"wprevpro_t1_outer_div w3_wprs-row wprevprodiv\">\r\n\t\t\t\t\t<div class=\"wprevpro_t1_DIV_1 w3_wprs-col l12 outerrevdiv\">\r\n\t\t\t<div class=\"indrevdiv wprevpro_t1_DIV_2 wprev_preview_bg1_T1 wprev_preview_bradius_T1\">\r\n\t\t\t\t<div class=\"indrevtxt wprevpro_t1_P_3 wprev_preview_tcolor1_T1\"><div class='readmoretextdiv indrevlineclamp' data-lines='3' data-revid='77'>\t\t\t\t\t<span class=\"wprevpro_star_imgs_T1\"><span class=\"starloc1 wprevpro_star_imgs wprevpro_star_imgsloc1\"><span class=\"svgicons svg-wprsp-star\"><\/span><span class=\"svgicons svg-wprsp-star\"><\/span><span class=\"svgicons svg-wprsp-star\"><\/span><span class=\"svgicons svg-wprsp-star\"><\/span><span class=\"svgicons svg-wprsp-star\"><\/span><\/span><\/span>bardzo mili i opieku\u0144czy ludzie dom i miejsce godne polecenia.<\/div><div class='divwprsrdmore' style='opacity:0;'><span class='wprs_rd_more'>Lee mas<\/span><span class='wprs_rd_less' style='display:none;'>Leer menos<\/span><\/div>\t\t\t\t<\/div>\r\n\t\t\t\t\t\t\t\t\t\t\t\t\t\t\t\t<a href=\"https:\/\/www.airbnb.com\/rooms\/16732667\" target=\"_blank\" rel=\"nofollow noreferrer\" class=\"wprevpro_t1_site_logo_a\"><img decoding=\"async\" width=\"30\" height=\"32\" src=\"https:\/\/www.tribunj.biz\/wp-content\/plugins\/wp-review-slider-pro-premium\/public\/partials\/imgs\/airbnb_small_icon.svg?id=1\" alt=\"logo de airbnb\" class=\"wprevpro_t1_site_logo wprevsiteicon\"><\/a>\t\t\t<\/div><span class=\"wprevpro_t1_A_8\"><a href=\"https:\/\/www.airbnb.com\/users\/show\/143852849\" target=\"_blank\" rel=\"nofollow noreferrer\"><img decoding=\"async\" loading=\"lazy\" src=\"https:\/\/a0.muscache.com\/im\/pictures\/3ff38190-d38c-43a5-8094-fe50c28ce2c4.jpg?aki_policy=profile_x_medium\" alt=\"Avatar de piotr\" class=\"wprevpro_t1_IMG_4 wprevpro_avatarimg\" \/><\/a><\/span> <div class=\"wprevpro_t1_SPAN_5 wprev_preview_tcolor2_T1\"><div class=\"wprevpro_t1_rname wprevname\" >Piotr<\/div><div class=\"wprev_showdate_T1 wprevdate\">9\/09\/2017<\/div> <\/div>\r\n\t\t\t\r\n\t\t<\/div>\r\n\t\t\r\n\t\t<\/div>\r\n\t<\/li><li>\t\t\t<div class=\"wprevpro_t1_outer_div w3_wprs-row wprevprodiv\">\r\n\t\t\t\t\t<div class=\"wprevpro_t1_DIV_1 w3_wprs-col l12 outerrevdiv\">\r\n\t\t\t<div class=\"indrevdiv wprevpro_t1_DIV_2 wprev_preview_bg1_T1 wprev_preview_bradius_T1\">\r\n\t\t\t\t<div class=\"indrevtxt wprevpro_t1_P_3 wprev_preview_tcolor1_T1\"><div class='readmoretextdiv indrevlineclamp' data-lines='3' data-revid='429'>\t\t\t\t\t<span class=\"wprevpro_star_imgs_T1\"><span class=\"starloc1 wprevpro_star_imgs wprevpro_star_imgsloc1\"><span class=\"svgicons svg-wprsp-star\"><\/span><span class=\"svgicons svg-wprsp-star\"><\/span><span class=\"svgicons svg-wprsp-star\"><\/span><span class=\"svgicons svg-wprsp-star\"><\/span><span class=\"svgicons svg-wprsp-star-o\"><\/span><\/span><\/span>h\u00f4tes accueillant et gentils<\/div><div class='divwprsrdmore' style='opacity:0;'><span class='wprs_rd_more'>Lee mas<\/span><span class='wprs_rd_less' style='display:none;'>Leer menos<\/span><\/div>\t\t\t\t<\/div>\r\n\t\t\t\t\t\t\t\t\t\t\t\t\t\t\t\t<a href=\"https:\/\/www.airbnb.com\/rooms\/16732667\" target=\"_blank\" rel=\"nofollow noreferrer\" class=\"wprevpro_t1_site_logo_a\"><img decoding=\"async\" width=\"30\" height=\"32\" src=\"https:\/\/www.tribunj.biz\/wp-content\/plugins\/wp-review-slider-pro-premium\/public\/partials\/imgs\/airbnb_small_icon.svg?id=1\" alt=\"logo de airbnb\" class=\"wprevpro_t1_site_logo wprevsiteicon\"><\/a>\t\t\t<\/div><span class=\"wprevpro_t1_A_8\"><a href=\"https:\/\/www.airbnb.com\/users\/show\/\" target=\"_blank\" rel=\"nofollow noreferrer\"><img decoding=\"async\" loading=\"lazy\" src=\"https:\/\/a0.muscache.com\/im\/pictures\/user\/f860d8ef-4e80-42a1-a5b0-42697f9782ec.jpg?aki_policy=profile_x_medium\" alt=\"Dalila Avatar\" class=\"wprevpro_t1_IMG_4 wprevpro_avatarimg\" \/><\/a><\/span> <div class=\"wprevpro_t1_SPAN_5 wprev_preview_tcolor2_T1\"><div class=\"wprevpro_t1_rname wprevname\" >Dalila<\/div><div class=\"wprev_showdate_T1 wprevdate\">6\/30\/2023<\/div> <\/div>\r\n\t\t\t\r\n\t\t<\/div>\r\n\t\t\r\n\t\t<\/div>\r\n\t<\/li><li>\t\t\t<div class=\"wprevpro_t1_outer_div w3_wprs-row wprevprodiv\">\r\n\t\t\t\t\t<div class=\"wprevpro_t1_DIV_1 w3_wprs-col l12 outerrevdiv\">\r\n\t\t\t<div class=\"indrevdiv wprevpro_t1_DIV_2 wprev_preview_bg1_T1 wprev_preview_bradius_T1\">\r\n\t\t\t\t<div class=\"indrevtxt wprevpro_t1_P_3 wprev_preview_tcolor1_T1\"><div class='readmoretextdiv indrevlineclamp' data-lines='3' data-revid='6'>\t\t\t\t\t<span class=\"wprevpro_star_imgs_T1\"><span class=\"starloc1 wprevpro_star_imgs wprevpro_star_imgsloc1\"><span class=\"svgicons svg-wprsp-star\"><\/span><span class=\"svgicons svg-wprsp-star\"><\/span><span class=\"svgicons svg-wprsp-star\"><\/span><span class=\"svgicons svg-wprsp-star\"><\/span><span class=\"svgicons svg-wprsp-star\"><\/span><\/span><\/span>Tranquilo pero siempre hay algo que hacer y ver. El agua m\u00e1s limpia y las vistas m\u00e1s bonitas. \u2764\ufe0f El mejor verano de mi vida pasado en esta ciudad.<\/div><div class='divwprsrdmore' style='opacity:0;'><span class='wprs_rd_more'>Lee mas<\/span><span class='wprs_rd_less' style='display:none;'>Leer menos<\/span><\/div>\t\t\t\t<\/div>\r\n\t\t\t\t\t\t\t\t\t\t\t\t\t\t\t\t<a href=\"https:\/\/www.facebook.com\/pg\/451509874913315\/reviews\/\" target=\"_blank\" rel=\"nofollow noreferrer\" class=\"wprevpro_t1_site_logo_a\"><img decoding=\"async\" width=\"32\" height=\"32\" src=\"https:\/\/www.tribunj.biz\/wp-content\/plugins\/wp-review-slider-pro-premium\/public\/partials\/imgs\/facebook_small_icon.svg\" alt=\"Logo de Facebook\" class=\"wprevpro_t1_site_logo wprevsiteicon\"><\/a>\t\t\t<\/div><span class=\"wprevpro_t1_A_8\"><a href=\"https:\/\/www.facebook.com\/search\/top\/?q=Ava+Bene\" target=\"_blank\" rel=\"nofollow noreferrer\"><img decoding=\"async\" loading=\"lazy\" src=\"https:\/\/scontent-frx5-1.xx.fbcdn.net\/v\/t1.0-1\/p50x50\/29365467_10108030766961112_5287637442114937729_n.jpg?_nc_cat=0&amp;oh=ee2c8e15c812de733eda18b5ea2d695c&amp;oe=5BA4A1B5\" alt=\"Ava Bene Avatar\" class=\"wprevpro_t1_IMG_4 wprevpro_avatarimg\" \/><\/a><\/span> <div class=\"wprevpro_t1_SPAN_5 wprev_preview_tcolor2_T1\"><div class=\"wprevpro_t1_rname wprevname\" >Ava Bene<\/div><div class=\"wprev_showdate_T1 wprevdate\">10\/03\/2016<\/div> <\/div>\r\n\t\t\t\r\n\t\t<\/div>\r\n\t\t\r\n\t\t<\/div>\r\n\t<\/li><li>\t\t\t<div class=\"wprevpro_t1_outer_div w3_wprs-row wprevprodiv\">\r\n\t\t\t\t\t<div class=\"wprevpro_t1_DIV_1 w3_wprs-col l12 outerrevdiv\">\r\n\t\t\t<div class=\"indrevdiv wprevpro_t1_DIV_2 wprev_preview_bg1_T1 wprev_preview_bradius_T1\">\r\n\t\t\t\t<div class=\"indrevtxt wprevpro_t1_P_3 wprev_preview_tcolor1_T1\"><div class='readmoretextdiv indrevlineclamp' data-lines='3' data-revid='144'>\t\t\t\t\t<span class=\"wprevpro_star_imgs_T1\"><span class=\"starloc1 wprevpro_star_imgs wprevpro_star_imgsloc1\"><span class=\"svgicons svg-wprsp-star\"><\/span><span class=\"svgicons svg-wprsp-star\"><\/span><span class=\"svgicons svg-wprsp-star\"><\/span><span class=\"svgicons svg-wprsp-star\"><\/span><span class=\"svgicons svg-wprsp-star\"><\/span><\/span><\/span>Habitaci\u00f3n muy c\u00f3moda y acogedora con un hermoso balc\u00f3n y una vista preciosa. Unos anfitriones estupendos. \u00a1Lo recomiendo much\u00edsimo! \ud83d\ude09<\/div><div class='divwprsrdmore' style='opacity:0;'><span class='wprs_rd_more'>Lee mas<\/span><span class='wprs_rd_less' style='display:none;'>Leer menos<\/span><\/div>\t\t\t\t<\/div>\r\n\t\t\t\t\t\t\t\t\t\t\t\t\t\t\t\t<a href=\"https:\/\/www.airbnb.com\/rooms\/16732667\" target=\"_blank\" rel=\"nofollow noreferrer\" class=\"wprevpro_t1_site_logo_a\"><img decoding=\"async\" width=\"30\" height=\"32\" src=\"https:\/\/www.tribunj.biz\/wp-content\/plugins\/wp-review-slider-pro-premium\/public\/partials\/imgs\/airbnb_small_icon.svg?id=1\" alt=\"logo de airbnb\" class=\"wprevpro_t1_site_logo wprevsiteicon\"><\/a>\t\t\t<\/div><span class=\"wprevpro_t1_A_8\"><a href=\"https:\/\/www.airbnb.com\/users\/show\/216390893\" target=\"_blank\" rel=\"nofollow noreferrer\"><img decoding=\"async\" loading=\"lazy\" src=\"https:\/\/a0.muscache.com\/im\/pictures\/user\/e6740103-fb56-432f-ac4d-7027da2acc0d.jpg?aki_policy=profile_x_medium\" alt=\"Julia Avatar\" class=\"wprevpro_t1_IMG_4 wprevpro_avatarimg\" \/><\/a><\/span> <div class=\"wprevpro_t1_SPAN_5 wprev_preview_tcolor2_T1\"><div class=\"wprevpro_t1_rname wprevname\" >Julia<\/div><div class=\"wprev_showdate_T1 wprevdate\">8\/14\/2020<\/div> <\/div>\r\n\t\t\t\r\n\t\t<\/div>\r\n\t\t\r\n\t\t<\/div>\r\n\t<\/li><li>\t\t\t<div class=\"wprevpro_t1_outer_div w3_wprs-row wprevprodiv\">\r\n\t\t\t\t\t<div class=\"wprevpro_t1_DIV_1 w3_wprs-col l12 outerrevdiv\">\r\n\t\t\t<div class=\"indrevdiv wprevpro_t1_DIV_2 wprev_preview_bg1_T1 wprev_preview_bradius_T1\">\r\n\t\t\t\t<div class=\"indrevtxt wprevpro_t1_P_3 wprev_preview_tcolor1_T1\"><div class='readmoretextdiv indrevlineclamp' data-lines='3' data-revid='36'>\t\t\t\t\t<span class=\"wprevpro_star_imgs_T1\"><span class=\"starloc1 wprevpro_star_imgs wprevpro_star_imgsloc1\"><span class=\"svgicons svg-wprsp-star\"><\/span><span class=\"svgicons svg-wprsp-star\"><\/span><span class=\"svgicons svg-wprsp-star\"><\/span><span class=\"svgicons svg-wprsp-star\"><\/span><span class=\"svgicons svg-wprsp-star\"><\/span><\/span><\/span>Nuestra estancia en el lugar de Ante fue maravillosa en todos los sentidos. Probablemente fue incluso mejor de lo anunciado; Muy espaciosas, limpias y confortables y en una excelente ubicaci\u00f3n para nuestras necesidades. Tambi\u00e9n disfrutamos de tener una cocina para preparar algunas de nuestras propias comidas cuando quer\u00edamos, para variar.<br>\nDisfrutamos del encantador pueblo pesquero de Tribunj y Ante y su familia fueron m\u00e1s que serviciales al asesorarnos sobre lugares para visitar y transportar desde y hacia el pueblo; incluso ofreci\u00e9ndonos que nos recojan en la estaci\u00f3n de autobuses y nos saquen de nuevo cuando nos vayamos.<br>\nUna estancia muy agradable y recomendamos encarecidamente alojarse con Ante y su encantadora familia.<\/div><div class='divwprsrdmore' style='opacity:0;'><span class='wprs_rd_more'>Lee mas<\/span><span class='wprs_rd_less' style='display:none;'>Leer menos<\/span><\/div>\t\t\t\t<\/div>\r\n\t\t\t\t\t\t\t\t\t\t\t\t\t\t\t\t<a href=\"https:\/\/www.airbnb.com\/rooms\/8825408\" target=\"_blank\" rel=\"nofollow noreferrer\" class=\"wprevpro_t1_site_logo_a\"><img decoding=\"async\" width=\"30\" height=\"32\" src=\"https:\/\/www.tribunj.biz\/wp-content\/plugins\/wp-review-slider-pro-premium\/public\/partials\/imgs\/airbnb_small_icon.svg?id=1\" alt=\"logo de airbnb\" class=\"wprevpro_t1_site_logo wprevsiteicon\"><\/a>\t\t\t<\/div><span class=\"wprevpro_t1_A_8\"><a href=\"https:\/\/www.airbnb.com\/users\/show\/88074201\" target=\"_blank\" rel=\"nofollow noreferrer\"><img decoding=\"async\" loading=\"lazy\" src=\"https:\/\/a0.muscache.com\/im\/pictures\/532327c0-8c9e-4be7-aa5c-6ee077173a3a.jpg?aki_policy=profile_x_medium\" alt=\"Avatar de marlene\" class=\"wprevpro_t1_IMG_4 wprevpro_avatarimg\" \/><\/a><\/span> <div class=\"wprevpro_t1_SPAN_5 wprev_preview_tcolor2_T1\"><div class=\"wprevpro_t1_rname wprevname\" >Marlene<\/div><div class=\"wprev_showdate_T1 wprevdate\">10\/16\/2016<\/div> <\/div>\r\n\t\t\t\r\n\t\t<\/div>\r\n\t\t\r\n\t\t<\/div>\r\n\t<\/li><li><div  class=\"wprevpro_load_more_div\" ><button data-notinstring=\"581,247,441,163,226,542,167,13,403,45,230,126,444,107,580,549,41,421,234,251,116,518,516,28,91,70,4,136,231,78,72,517,557,168,143,553,261,223,554,514,179,34,37,89,576,145,32,112,602,418,513,55,178,527,97,23,205,412,162,171,176,142,133,195,102,58,111,217,71,432,100,114,263,161,18,5,130,520,552,51,83,243,53,190,236,11,27,587,196,104,595,90,404,512,561,445,548,160,184,177,502,86,20,250,254,115,227,232,128,59,186,172,33,64,54,52,214,98,140,526,155,105,410,199,95,427,151,600,423,30,73,408,568,103,453,235,519,132,165,455,409,21,426,187,48,577,456,106,213,120,69,147,10,139,174,152,506,249,156,94,264,7,87,79,508,92,238,259,198,452,88,204,29,68,12,422,559,449,523,60,425,108,415,599,42,460,207,438,239,414,228,578,219,211,593,77,429,6,144,36\" data-onemobil=\"no\" data-revsameheight=\"yes\"  data-callnum=\"1\" data-ismasonry=\"no\" data-slideshow=\"yes\" data-tid=\"1\" data-nrows=\"1\" data-perrow=\"1\" data-cpostid=\"295\" data-shortcodepageid=\"\" data-shortcodelang=\"\" data-shortcodetag=\"\" class=\"wprevpro_load_more_btn brnprevclass\" id=\"wprev_load_more_btn_1\" style=\"display:none;\">load more<\/button><img decoding=\"async\" loading=\"lazy\" src=\"https:\/\/www.tribunj.biz\/wp-content\/plugins\/wp-review-slider-pro-premium\/public\/partials\/imgs\/loading_ripple.gif\" class=\"wprploadmore_loading_image isinslideshowloadingimg\" alt=\"Bot\u00f3n para cargar m\u00e1s rese\u00f1as de clientes\" style=\"display:none;\"><\/div><\/li><\/ul><\/div><script type=\"application\/ld+json\">{\n    \"@context\": \"http:\\\/\\\/schema.org\\\/\",\n    \"@type\": \"LocalBusiness\",\n    \"name\": \"Apartments Cvitan (Tiho&Marija)\",\n    \"description\": \"Holiday apartments in Tribunj Croatia\",\n    \"aggregateRating\": {\n        \"@type\": \"AggregateRating\",\n        \"ratingValue\": \"4.9\",\n        \"ratingCount\": \"412\",\n        \"bestRating\": \"5\",\n        \"worstRating\": \"1\"\n    },\n    \"image\": \"http:\\\/\\\/www.tribunj.biz\\\/house-tribunj\\\/DSC01094-t.jpg\",\n    \"address\": {\n        \"@type\": \"PostalAddress\",\n        \"addressLocality\": \"Tribunj\",\n        \"addressRegion\": \"\\u0160ibenik-Knin\",\n        \"postalCode\": \"22212\",\n        \"addressCountry\": \"\",\n        \"streetAddress\": \"Jurjevgradska 25\"\n    },\n    \"telephone\": \"+ 385 (0) 98 130 4181\"\n}<\/script><\/div>\n\n\n<p><\/p>","protected":false},"excerpt":{"rendered":"<p>Region of \u0160ibenik:Area with 2 National parks, 14 medieval fortresses, 230 cultural monuments, 300 islands\u00a0and\u00a0600 archaeological localities.National park Krka (Krka waterfalls)\u00a0and\u00a0National park Kornati, natural parks\u00a0Lake Vrana and\u00a0South Velebit;\u00a0cities and little Mediterranean tourist destinations:\u00a0Skradin, Vodice, Primo\u0161ten, Rogoznica, Tribunj, Murter\u2026Small islands and Dalmatian villages: Prvi\u0107, Zlarin, Krapanj, Kaprije, \u017dirje<\/p>","protected":false},"author":1,"featured_media":0,"parent":0,"menu_order":0,"comment_status":"closed","ping_status":"closed","template":"template-front-page.php","meta":{"advanced_seo_description":"","jetpack_seo_html_title":"","jetpack_seo_noindex":false,"footnotes":""},"class_list":["post-248","page","type-page","status-publish","hentry"],"jetpack_sharing_enabled":false,"jetpack_likes_enabled":false,"_links":{"self":[{"href":"https:\/\/www.tribunj.biz\/es_es\/wp-json\/wp\/v2\/pages\/248","targetHints":{"allow":["GET"]}}],"collection":[{"href":"https:\/\/www.tribunj.biz\/es_es\/wp-json\/wp\/v2\/pages"}],"about":[{"href":"https:\/\/www.tribunj.biz\/es_es\/wp-json\/wp\/v2\/types\/page"}],"author":[{"embeddable":true,"href":"https:\/\/www.tribunj.biz\/es_es\/wp-json\/wp\/v2\/users\/1"}],"replies":[{"embeddable":true,"href":"https:\/\/www.tribunj.biz\/es_es\/wp-json\/wp\/v2\/comments?post=248"}],"version-history":[{"count":0,"href":"https:\/\/www.tribunj.biz\/es_es\/wp-json\/wp\/v2\/pages\/248\/revisions"}],"wp:attachment":[{"href":"https:\/\/www.tribunj.biz\/es_es\/wp-json\/wp\/v2\/media?parent=248"}],"curies":[{"name":"wp","href":"https:\/\/api.w.org\/{rel}","templated":true}]}}