{"id":486,"date":"2018-04-21T13:13:05","date_gmt":"2018-04-21T11:13:05","guid":{"rendered":"https:\/\/www.tribunj.biz\/?page_id=486"},"modified":"2024-01-11T01:44:57","modified_gmt":"2024-01-11T00:44:57","slug":"altalanos-berbeadasi-feltetelek","status":"publish","type":"page","link":"https:\/\/www.tribunj.biz\/hu\/general-letting-conditions\/","title":{"rendered":"\u00c1ltal\u00e1nos b\u00e9rleti felt\u00e9telek \u00e9s foglal\u00e1si inform\u00e1ci\u00f3k"},"content":{"rendered":"<ul>\n<li>\u00a0FIZET\u00c9SI<br \/>Az el\u0151leget a foglal\u00e1st k\u00f6vet\u0151 24 \u00f3r\u00e1n bel\u00fcl kell befizetni (vagy m\u00e1s esetben, ha a tulajdonos beleegyezett a foglal\u00e1s sor\u00e1n).<br \/>K\u00e9rj\u00fck, jelezze fel\u00e9nk, ha \u00e9s mikor fizet <em>K\u00f6zvetlen banki \u00e1tutal\u00e1s<\/em> \u00e9s v\u00e1laszolunk, amikor megkapjuk (mert \u00e1ltal\u00e1ban n\u00e9h\u00e1ny napra van sz\u00fcks\u00e9ge a k\u00e9zhezv\u00e9telhez).<br \/>A fennmarad\u00f3 \u00f6sszeget az \u00e9rkez\u00e9s napj\u00e1n kell kifizetni.<br \/>Ha \u00fagy szeretn\u00e9, a teljes \u00e1rat a foglal\u00e1si folyamat sor\u00e1n kifizetheti.\u00a0<\/li>\n<li>HOGYAN KIFIZET\u00c9S &amp; K\u00f6nyv\n<ul>\n<li><strong>BANKI \u00c1TUTAL\u00c1S<\/strong>\n<ul>\n<li>Bank: Erste &amp; Steierm\u00e4rkische Bank dd (Jadranski trg 3a, 51000 Rijeka)<br \/>Tulajdonos: Ante Cvitan<br \/>Tulajdonos c\u00edme: Jurjevgradska 25, Tribunj 22212, Horv\u00e1torsz\u00e1g<br \/>IBAN: HR0624020063103192686<br \/>Swift (BIC): ESBCHR22<\/li>\n<\/ul>\n<\/li>\n<li>\u00a0<label class=\"mphb-gateway-title mphb-radio-label\" for=\"mphb_gateway_stripe\"><strong>Fizet\u00e9s k\u00e1rty\u00e1val (cs\u00edkos)<\/strong><\/label>\n<p class=\"mphb-gateway-description\">Fizessen k\u00e1rty\u00e1j\u00e1val vagy m\u00e1s, a Stripe-on kereszt\u00fcl el\u00e9rhet\u0151 fizet\u00e9si lehet\u0151s\u00e9ggel<\/p>\n<\/li>\n<\/ul>\n<\/li>\n<li>\u00c9rkez\u00e9s \u00e9s t\u00e1voz\u00e1s\n<ul>\n<li>\u00c9rkez\u00e9s: 14:00 - 20:00 (ha k\u00e9s\u0151bb \u00e9rkezik, nincs probl\u00e9ma, de k\u00e9rj\u00fck, \u00e9rtes\u00edtsen minket).<br \/>Az \u00e9rkez\u00e9si nap v\u00e9ge ut\u00e1n, ha semmilyen m\u00f3don nem \u00e9rtes\u00edtett benn\u00fcnket arr\u00f3l, hogy k\u00e9sni fog, joggal tekinthetj\u00fck visszavontnak. <br \/>\u00c9rkez\u00e9skor a vend\u00e9geknek \u00fatlevelet vagy szem\u00e9lyi igazolv\u00e1nyt kell bemutatniuk a tulajdonosnak vagy annak k\u00e9pvisel\u0151j\u00e9nek, hogy lehet\u0151v\u00e9 tegy\u00e9k sz\u00e1mukra a nyilv\u00e1ntart\u00e1sba v\u00e9tel folytat\u00e1s\u00e1t a horv\u00e1t jogi el\u0151\u00edr\u00e1soknak megfelel\u0151en.<\/li>\n<li>Indul\u00e1s: 10:00 \u00f3r\u00e1ig (ha hamarabb: nincs probl\u00e9ma, ha k\u00e9s\u0151bb: konzult\u00e1lnia kell vel\u00fcnk.<\/li>\n<\/ul>\n<\/li>\n<li>SZEM\u00c9LYEK \u00c9S KEDVEZM\u00c9NYEK SZ\u00c1MA<br \/>A szem\u00e9lyek (feln\u0151ttek \u00e9s gyermekek) sz\u00e1ma nem haladhatja meg az alv\u00f3helyek sz\u00e1m\u00e1t, kiv\u00e9ve csecsem\u0151k eset\u00e9ben (legfeljebb 2 \u00e9ves korig).<br \/>Lak\u00e1sonk\u00e9nt csak egy h\u00e1zi\u00e1llat ker\u00fcl befogad\u00e1sra (t\u00f6bbet kell k\u00e9rnie a tulajdonost\u00f3l).<br \/>A vend\u00e9geknek k\u00e9nyelmesen fel\u00fcgyelni\u00fck kell a sz\u00e1ll\u00e1s k\u00f6z\u00f6s ter\u00fcletein elhelyezett kedvtel\u00e9sb\u0151l tartott \u00e1llatokat.<\/li>\n<li>V\u00c1LTOZ\u00c1SOK - T\u00d6RL\u00c9SI D\u00cdJOK<br \/>Ha szeretne lemondni egy foglal\u00e1st, k\u00e9rj\u00fck, vegye fel vel\u00fcnk a kapcsolatot.\n<ul>\n<li>Ha megt\u00f6rt\u00e9nik a lemond\u00e1s<strong> kevesebb, mint 30 nap<\/strong> a b\u00e9rleti id\u0151szak kezdete el\u0151tt elvesz\u00edti a kauci\u00f3t<\/li>\n<li>Ha megt\u00f6rt\u00e9nik a lemond\u00e1s <strong>t\u00f6bb mint 30 nap<\/strong> a b\u00e9rleti id\u0151szak kezdete el\u0151tt visszautaljuk a befizetett \u00f6sszeget az \u00e1tutal\u00e1s k\u00f6lts\u00e9geivel cs\u00f6kkentve (\u00e1ltal\u00e1ban 10 \u20ac k\u00f6r\u00fcl)<\/li>\n<\/ul>\n<\/li>\n<\/ul>\n<p><em>K\u00e9rj\u00fck, hogy lemond\u00e1s eset\u00e9n mindig vegye fel vel\u00fcnk a kapcsolatot, \u00e9s esetleg \u00d6nnek\/nek\u00fcnk lesz n\u00e9h\u00e1ny javaslata.<\/em><\/p>\n<ul>\n<li>H\u00c1ZIREND<br \/>Nincs p\u00e1rt vagy esem\u00e9ny.<br \/>K\u00e9rj\u00fck, tartsa tiszteletben a helyet, amilyen a saj\u00e1t.<br \/>Nagyon k\u00f6nny\u0171 vagy, k\u00e9rem, tisztelj\u00fck a t\u00f6bbi vend\u00e9get.<br \/>Ha \u00fagy gondoljuk, hogy rendszeresen f\u00e9kezz\u00fck a h\u00e1z szab\u00e1lyait, \u00e9s figyelmeztet\u00e9sek ut\u00e1n nem viselked\u00fcnk tisztess\u00e9gesen, akkor jogunk van arra, hogy lemondjunk a foglal\u00e1sr\u00f3l, \u00e9s ne vess\u00fcnk b\u00fcntet\u00e9st sz\u00e1munkra.<\/li>\n<li>MAG\u00c1N\u00c9LET<br \/>A szem\u00e9lyes adatok v\u00e9delme nagyon fontos sz\u00e1munkra. Ami az \u00d6n \u00e1ltal ny\u00fajtott szolg\u00e1ltat\u00e1sok r\u00e9szek\u00e9nt gy\u0171jti \u00f6ssze, dolgozza fel vagy haszn\u00e1lja fel szem\u00e9lyes adatait, ezt a vonatkoz\u00f3 eur\u00f3pai adatv\u00e9delmi t\u00f6rv\u00e9nyekkel \u00f6sszhangban v\u00e9gezz\u00fck. R\u00e9szletes adatv\u00e9delmi ir\u00e1nyelvek ellen\u0151rz\u00e9s\u00e9hez <a href=\"https:\/\/www.tribunj.biz\/hu\/adatvedelmi-szabalyzat\/\" target=\"_blank\" rel=\"noopener noreferrer\">itt<\/a>. (Ha elfogadod <a href=\"https:\/\/www.tribunj.biz\/hu\/altalanos-berbeadasi-feltetelek\/\">\u00c1ltal\u00e1nos b\u00e9rleti felt\u00e9telek<\/a> dokumentumot, akkor is egyet\u00e9rt\u00fcnk <a href=\"https:\/\/www.tribunj.biz\/hu\/adatvedelmi-szabalyzat\/\" target=\"_blank\" rel=\"noopener noreferrer\">Adatv\u00e9delmi ir\u00e1nyelvek<\/a>)<\/li>\n<\/ul>\n\n\n<p><\/p>","protected":false},"excerpt":{"rendered":"<p>\u00a0FIZET\u00c9S Az el\u0151leget a foglal\u00e1st k\u00f6vet\u0151 24 \u00f3r\u00e1n bel\u00fcl kell kifizetni (vagy egy\u00e9bk\u00e9nt, ha a tulajdonos beleegyezett a foglal\u00e1si folyamatba). K\u00e9rj\u00fck, t\u00e1j\u00e9koztasson minket, ha \u00e9s mikor fizet k\u00f6zvetlen banki \u00e1tutal\u00e1ssal, \u00e9s v\u00e1laszolunk, amikor megkapjuk (mert \u00e1ltal\u00e1ban n\u00e9h\u00e1ny napra van sz\u00fcks\u00e9ge a k\u00e9zhezv\u00e9telhez). A fennmarad\u00f3 egyenleget az \u00e9rkez\u00e9s napj\u00e1n kell kifizetni. Ha \u00fagy szeretn\u00e9\u2026 <a href=\"https:\/\/www.tribunj.biz\/hu\/general-letting-conditions\/\" class=\"more-link\">olvasson tov\u00e1bb<span class=\"screen-reader-text\"> \u201e\u00c1ltal\u00e1nos b\u00e9rbead\u00e1si felt\u00e9telek \u00e9s foglal\u00e1si inform\u00e1ci\u00f3k\u201d<\/span><\/a><\/p>","protected":false},"author":1,"featured_media":0,"parent":0,"menu_order":0,"comment_status":"closed","ping_status":"closed","template":"template-wide-screen-page.php","meta":{"advanced_seo_description":"","jetpack_seo_html_title":"","jetpack_seo_noindex":false,"footnotes":""},"class_list":["post-486","page","type-page","status-publish","hentry"],"jetpack_sharing_enabled":false,"jetpack_likes_enabled":false,"_links":{"self":[{"href":"https:\/\/www.tribunj.biz\/hu\/wp-json\/wp\/v2\/pages\/486","targetHints":{"allow":["GET"]}}],"collection":[{"href":"https:\/\/www.tribunj.biz\/hu\/wp-json\/wp\/v2\/pages"}],"about":[{"href":"https:\/\/www.tribunj.biz\/hu\/wp-json\/wp\/v2\/types\/page"}],"author":[{"embeddable":true,"href":"https:\/\/www.tribunj.biz\/hu\/wp-json\/wp\/v2\/users\/1"}],"replies":[{"embeddable":true,"href":"https:\/\/www.tribunj.biz\/hu\/wp-json\/wp\/v2\/comments?post=486"}],"version-history":[{"count":0,"href":"https:\/\/www.tribunj.biz\/hu\/wp-json\/wp\/v2\/pages\/486\/revisions"}],"wp:attachment":[{"href":"https:\/\/www.tribunj.biz\/hu\/wp-json\/wp\/v2\/media?parent=486"}],"curies":[{"name":"wp","href":"https:\/\/api.w.org\/{rel}","templated":true}]}}